{"id":6057,"date":"2020-06-09T10:47:39","date_gmt":"2020-06-09T08:47:39","guid":{"rendered":"http:\/\/rau.kundendemo.com\/?post_type=produkt&#038;p=6057"},"modified":"2021-12-10T14:02:31","modified_gmt":"2021-12-10T13:02:31","slug":"rau-rock-extensiv-zajvedo-fal-max-epitesi-magassag-10-meter","status":"publish","type":"produkt","link":"https:\/\/rau.de\/hu\/produkt\/rau-rock-extensiv-zajvedo-fal-max-epitesi-magassag-10-meter\/","title":{"rendered":"RAU Rock Extensiv zajv\u00e9d\u0151 fal \u2013 max. \u00e9p\u00edt\u00e9si magass\u00e1g 10 m\u00e9ter"},"content":{"rendered":"<section class=\"l-section wpb_row height_medium full_height valign_center with_img\" id=\"kontakt\"><div class=\"l-section-img\" role=\"img\" data-img-width=\"2000\" data-img-height=\"1122\" style=\"background-image: url(https:\/\/rau.de\/wp-content\/uploads\/bg.jpg);\"><\/div><div class=\"l-section-h i-cf\"><div class=\"g-cols vc_row via_flex valign_top type_default stacking_default\"><div class=\"vc_col-sm-12 wpb_column vc_column_container\"><div class=\"vc_column-inner\"><div class=\"wpb_wrapper\"><div class=\"g-cols wpb_row content_top via_flex valign_top type_default stacking_default\"><div class=\"vc_col-sm-12 wpb_column vc_column_container\"><div class=\"vc_column-inner\"><div class=\"wpb_wrapper\"><h1 class=\"w-post-elm post_title entry-title color_link_inherit\">RAU Rock Extensiv zajv\u00e9d\u0151 fal \u2013 max. \u00e9p\u00edt\u00e9si magass\u00e1g 10 m\u00e9ter<\/h1><\/div><\/div><\/div><\/div><div class=\"g-cols wpb_row us_custom_4fb9e5a3 content_text via_flex valign_top type_default stacking_default\"><div class=\"vc_col-sm-6 wpb_column vc_column_container\"><div class=\"vc_column-inner\"><div class=\"wpb_wrapper\"><div class=\"w-image align_none\"><div class=\"w-image-h\"><img loading=\"lazy\" decoding=\"async\" width=\"550\" height=\"645\" src=\"https:\/\/rau.de\/wp-content\/uploads\/rau-de-rock_extensiv-typ_e.png\" class=\"attachment-large size-large\" alt=\"\" srcset=\"https:\/\/rau.de\/wp-content\/uploads\/rau-de-rock_extensiv-typ_e.png 550w, https:\/\/rau.de\/wp-content\/uploads\/rau-de-rock_extensiv-typ_e-256x300.png 256w\" sizes=\"auto, (max-width: 550px) 100vw, 550px\" \/><\/div><\/div><\/div><\/div><\/div><div class=\"vc_col-sm-6 wpb_column vc_column_container\"><div class=\"vc_column-inner\"><div class=\"wpb_wrapper\"><div class=\"wpb_text_column\"><div class=\"wpb_wrapper\"><h2>Minim\u00e1lis helyig\u00e9ny<\/h2>\n<p>A v\u00e9kony RAU ROCK EXTENSIV zajv\u00e9d\u0151 fal eset\u00e9ben egy k\u00e9szre el\u0151szerelt elem sz\u00e1ll\u00edt\u00e1sa t\u00f6rt\u00e9nik a felhaszn\u00e1l\u00e1s hely\u00e9re, majd mint egy kereskedelemben is kaphat\u00f3 fa vagy alum\u00ednium elem ker\u00fcl elhelyez\u00e9sre a megl\u00e9v\u0151 ac\u00e9lt tart\u00f3kon. Az elemek fel\u00fclete nem k\u00fcl\u00f6nb\u00f6zik m\u00e1s v\u00e1ltozatok egyik\u00e9t\u0151l sem. Csup\u00e1n a v\u00edzszintesen fut\u00f3 fekv\u0151h\u00e9zagok miatt \u00e1ll fenn jelent\u0151s k\u00fcl\u00f6nbs\u00e9g.<\/p>\n<p>Ez a modell ak\u00e1r minim\u00e1lisan 16 cm-es \u00e9p\u00edt\u00e9si sz\u00e9less\u00e9get is lehet\u0151v\u00e9 tesz, \u00edgy rendk\u00edv\u00fcl sokoldal\u00faan felhaszn\u00e1lhat\u00f3. M\u00e1s falakkal egy\u00fctt t\u00f6rt\u00e9n\u0151 haszn\u00e1lata b\u00e1rmikor lehets\u00e9ges.<\/p>\n<\/div><\/div><div class=\"w-separator size_medium\"><\/div><div class=\"w-btn-wrapper align_none\"><a class=\"w-btn us-btn-style_1 icon_atleft\" href=\"\/downloads\/larmschutzwande_rau_rock_extensiv-typ_e.pdf\"><i class=\"fas fa-file\"><\/i><span class=\"w-btn-label\">RAU Rock Extensiv &#8211; Download<\/span><\/a><\/div><div class=\"w-btn-wrapper align_none\"><a class=\"w-btn us-btn-style_1 icon_atleft\" href=\"https:\/\/rau.de\/hu\/galerie\/rau-rock-extensiv\/\"><i class=\"fas fa-image\"><\/i><span class=\"w-btn-label\">N\u00e9zze meg term\u00e9k\u00fcnket a gal\u00e9ri\u00e1ban<\/span><\/a><\/div><div class=\"w-btn-wrapper align_none\"><a class=\"w-btn us-btn-style_1 icon_atleft\" href=\"https:\/\/rau.de\/hu\/termekek\/\"><i class=\"fas fa-chevron-right\"><\/i><span class=\"w-btn-label\">Az \u00f6sszes term\u00e9k<\/span><\/a><\/div><\/div><\/div><\/div><\/div><\/div><\/div><\/div><\/div><\/div><\/section>\n","protected":false},"excerpt":{"rendered":"RAU Rock Extensiv zajv\u00e9d\u0151 fal \u2013 max. \u00e9p\u00edt\u00e9si magass\u00e1g 10 m\u00e9terMinim\u00e1lis helyig\u00e9ny A v\u00e9kony RAU ROCK EXTENSIV zajv\u00e9d\u0151 fal eset\u00e9ben egy k\u00e9szre el\u0151szerelt elem sz\u00e1ll\u00edt\u00e1sa t\u00f6rt\u00e9nik a felhaszn\u00e1l\u00e1s hely\u00e9re, majd mint egy kereskedelemben is kaphat\u00f3 fa vagy alum\u00ednium elem ker\u00fcl elhelyez\u00e9sre a megl\u00e9v\u0151 ac\u00e9lt tart\u00f3kon. Az elemek fel\u00fclete nem k\u00fcl\u00f6nb\u00f6zik m\u00e1s v\u00e1ltozatok egyik\u00e9t\u0151l sem. Csup\u00e1n...","protected":false},"featured_media":13897,"template":"","class_list":["post-6057","produkt","type-produkt","status-publish","has-post-thumbnail","hentry"],"yoast_head":"<!-- This site is optimized with the Yoast SEO plugin v27.4 - https:\/\/yoast.com\/product\/yoast-seo-wordpress\/ -->\n<title>RAU Rock Extensiv zajv\u00e9d\u0151 fal \u2013 max. \u00e9p\u00edt\u00e9si magass\u00e1g 10 m\u00e9ter \ud83c\udf31<\/title>\n<meta name=\"description\" content=\"Minim\u00e1lis helyig\u00e9ny \ud83c\udf33 Ez a modell ak\u00e1r minim\u00e1lisan 13 cm-es \u00e9p\u00edt\u00e9si sz\u00e9less\u00e9get is lehet\u0151v\u00e9 tesz, \u00edgy rendk\u00edv\u00fcl sokoldal\u00faan felhaszn\u00e1lhat\u00f3.\" \/>\n<meta name=\"robots\" content=\"index, follow, max-snippet:-1, max-image-preview:large, max-video-preview:-1\" \/>\n<link rel=\"canonical\" href=\"https:\/\/rau.de\/hu\/produkt\/rau-rock-extensiv-zajvedo-fal-max-epitesi-magassag-10-meter\/\" \/>\n<meta property=\"og:locale\" content=\"hu_HU\" \/>\n<meta property=\"og:type\" content=\"article\" \/>\n<meta property=\"og:title\" content=\"RAU Rock Extensiv zajv\u00e9d\u0151 fal \u2013 max. \u00e9p\u00edt\u00e9si magass\u00e1g 10 m\u00e9ter \ud83c\udf31\" \/>\n<meta property=\"og:description\" content=\"Minim\u00e1lis helyig\u00e9ny \ud83c\udf33 Ez a modell ak\u00e1r minim\u00e1lisan 13 cm-es \u00e9p\u00edt\u00e9si sz\u00e9less\u00e9get is lehet\u0151v\u00e9 tesz, \u00edgy rendk\u00edv\u00fcl sokoldal\u00faan felhaszn\u00e1lhat\u00f3.\" \/>\n<meta property=\"og:url\" content=\"https:\/\/rau.de\/hu\/produkt\/rau-rock-extensiv-zajvedo-fal-max-epitesi-magassag-10-meter\/\" \/>\n<meta property=\"og:site_name\" content=\"Rau | L\u00e4rmschutzw\u00e4nde\" \/>\n<meta property=\"article:modified_time\" content=\"2021-12-10T13:02:31+00:00\" \/>\n<meta property=\"og:image\" content=\"https:\/\/rau.de\/wp-content\/uploads\/Design-ohne-Titel-1jk-1.jpg\" \/>\n\t<meta property=\"og:image:width\" content=\"825\" \/>\n\t<meta property=\"og:image:height\" content=\"1014\" \/>\n\t<meta property=\"og:image:type\" content=\"image\/jpeg\" \/>\n<meta name=\"twitter:card\" content=\"summary_large_image\" \/>\n<meta name=\"twitter:label1\" content=\"Becs\u00fclt olvas\u00e1si id\u0151\" \/>\n\t<meta name=\"twitter:data1\" content=\"1 perc\" \/>\n<script type=\"application\/ld+json\" class=\"yoast-schema-graph\">{\"@context\":\"https:\\\/\\\/schema.org\",\"@graph\":[{\"@type\":\"WebPage\",\"@id\":\"https:\\\/\\\/rau.de\\\/hu\\\/produkt\\\/rau-rock-extensiv-zajvedo-fal-max-epitesi-magassag-10-meter\\\/\",\"url\":\"https:\\\/\\\/rau.de\\\/hu\\\/produkt\\\/rau-rock-extensiv-zajvedo-fal-max-epitesi-magassag-10-meter\\\/\",\"name\":\"RAU Rock Extensiv zajv\u00e9d\u0151 fal \u2013 max. \u00e9p\u00edt\u00e9si magass\u00e1g 10 m\u00e9ter \ud83c\udf31\",\"isPartOf\":{\"@id\":\"https:\\\/\\\/rau.de\\\/hu\\\/#website\"},\"primaryImageOfPage\":{\"@id\":\"https:\\\/\\\/rau.de\\\/hu\\\/produkt\\\/rau-rock-extensiv-zajvedo-fal-max-epitesi-magassag-10-meter\\\/#primaryimage\"},\"image\":{\"@id\":\"https:\\\/\\\/rau.de\\\/hu\\\/produkt\\\/rau-rock-extensiv-zajvedo-fal-max-epitesi-magassag-10-meter\\\/#primaryimage\"},\"thumbnailUrl\":\"https:\\\/\\\/rau.de\\\/wp-content\\\/uploads\\\/Design-ohne-Titel-1jk-1.jpg\",\"datePublished\":\"2020-06-09T08:47:39+00:00\",\"dateModified\":\"2021-12-10T13:02:31+00:00\",\"description\":\"Minim\u00e1lis helyig\u00e9ny \ud83c\udf33 Ez a modell ak\u00e1r minim\u00e1lisan 13 cm-es \u00e9p\u00edt\u00e9si sz\u00e9less\u00e9get is lehet\u0151v\u00e9 tesz, \u00edgy rendk\u00edv\u00fcl sokoldal\u00faan felhaszn\u00e1lhat\u00f3.\",\"breadcrumb\":{\"@id\":\"https:\\\/\\\/rau.de\\\/hu\\\/produkt\\\/rau-rock-extensiv-zajvedo-fal-max-epitesi-magassag-10-meter\\\/#breadcrumb\"},\"inLanguage\":\"hu\",\"potentialAction\":[{\"@type\":\"ReadAction\",\"target\":[\"https:\\\/\\\/rau.de\\\/hu\\\/produkt\\\/rau-rock-extensiv-zajvedo-fal-max-epitesi-magassag-10-meter\\\/\"]}]},{\"@type\":\"ImageObject\",\"inLanguage\":\"hu\",\"@id\":\"https:\\\/\\\/rau.de\\\/hu\\\/produkt\\\/rau-rock-extensiv-zajvedo-fal-max-epitesi-magassag-10-meter\\\/#primaryimage\",\"url\":\"https:\\\/\\\/rau.de\\\/wp-content\\\/uploads\\\/Design-ohne-Titel-1jk-1.jpg\",\"contentUrl\":\"https:\\\/\\\/rau.de\\\/wp-content\\\/uploads\\\/Design-ohne-Titel-1jk-1.jpg\",\"width\":825,\"height\":1014},{\"@type\":\"BreadcrumbList\",\"@id\":\"https:\\\/\\\/rau.de\\\/hu\\\/produkt\\\/rau-rock-extensiv-zajvedo-fal-max-epitesi-magassag-10-meter\\\/#breadcrumb\",\"itemListElement\":[{\"@type\":\"ListItem\",\"position\":1,\"name\":\"Startseite\",\"item\":\"https:\\\/\\\/rau.de\\\/hu\\\/\"},{\"@type\":\"ListItem\",\"position\":2,\"name\":\"RAU Rock Extensiv zajv\u00e9d\u0151 fal \u2013 max. \u00e9p\u00edt\u00e9si magass\u00e1g 10 m\u00e9ter\"}]},{\"@type\":\"WebSite\",\"@id\":\"https:\\\/\\\/rau.de\\\/hu\\\/#website\",\"url\":\"https:\\\/\\\/rau.de\\\/hu\\\/\",\"name\":\"Rau | L\u00e4rmschutzw\u00e4nde\",\"description\":\"Entwicklung und Umsetzung von L\u00e4rmschutzwand und Schallschutzwand\",\"publisher\":{\"@id\":\"https:\\\/\\\/rau.de\\\/hu\\\/#organization\"},\"potentialAction\":[{\"@type\":\"SearchAction\",\"target\":{\"@type\":\"EntryPoint\",\"urlTemplate\":\"https:\\\/\\\/rau.de\\\/hu\\\/?s={search_term_string}\"},\"query-input\":{\"@type\":\"PropertyValueSpecification\",\"valueRequired\":true,\"valueName\":\"search_term_string\"}}],\"inLanguage\":\"hu\"},{\"@type\":\"Organization\",\"@id\":\"https:\\\/\\\/rau.de\\\/hu\\\/#organization\",\"name\":\"RAU L\u00e4rmschutzw\u00e4nde \u2013 Geosystem GBK GmbH\",\"url\":\"https:\\\/\\\/rau.de\\\/hu\\\/\",\"logo\":{\"@type\":\"ImageObject\",\"inLanguage\":\"hu\",\"@id\":\"https:\\\/\\\/rau.de\\\/hu\\\/#\\\/schema\\\/logo\\\/image\\\/\",\"url\":\"https:\\\/\\\/rau.de\\\/wp-content\\\/uploads\\\/web_logo.png\",\"contentUrl\":\"https:\\\/\\\/rau.de\\\/wp-content\\\/uploads\\\/web_logo.png\",\"width\":249,\"height\":127,\"caption\":\"RAU L\u00e4rmschutzw\u00e4nde \u2013 Geosystem GBK GmbH\"},\"image\":{\"@id\":\"https:\\\/\\\/rau.de\\\/hu\\\/#\\\/schema\\\/logo\\\/image\\\/\"}}]}<\/script>\n<!-- \/ Yoast SEO plugin. -->","yoast_head_json":{"title":"RAU Rock Extensiv zajv\u00e9d\u0151 fal \u2013 max. \u00e9p\u00edt\u00e9si magass\u00e1g 10 m\u00e9ter \ud83c\udf31","description":"Minim\u00e1lis helyig\u00e9ny \ud83c\udf33 Ez a modell ak\u00e1r minim\u00e1lisan 13 cm-es \u00e9p\u00edt\u00e9si sz\u00e9less\u00e9get is lehet\u0151v\u00e9 tesz, \u00edgy rendk\u00edv\u00fcl sokoldal\u00faan felhaszn\u00e1lhat\u00f3.","robots":{"index":"index","follow":"follow","max-snippet":"max-snippet:-1","max-image-preview":"max-image-preview:large","max-video-preview":"max-video-preview:-1"},"canonical":"https:\/\/rau.de\/hu\/produkt\/rau-rock-extensiv-zajvedo-fal-max-epitesi-magassag-10-meter\/","og_locale":"hu_HU","og_type":"article","og_title":"RAU Rock Extensiv zajv\u00e9d\u0151 fal \u2013 max. \u00e9p\u00edt\u00e9si magass\u00e1g 10 m\u00e9ter \ud83c\udf31","og_description":"Minim\u00e1lis helyig\u00e9ny \ud83c\udf33 Ez a modell ak\u00e1r minim\u00e1lisan 13 cm-es \u00e9p\u00edt\u00e9si sz\u00e9less\u00e9get is lehet\u0151v\u00e9 tesz, \u00edgy rendk\u00edv\u00fcl sokoldal\u00faan felhaszn\u00e1lhat\u00f3.","og_url":"https:\/\/rau.de\/hu\/produkt\/rau-rock-extensiv-zajvedo-fal-max-epitesi-magassag-10-meter\/","og_site_name":"Rau | L\u00e4rmschutzw\u00e4nde","article_modified_time":"2021-12-10T13:02:31+00:00","og_image":[{"width":825,"height":1014,"url":"https:\/\/rau.de\/wp-content\/uploads\/Design-ohne-Titel-1jk-1.jpg","type":"image\/jpeg"}],"twitter_card":"summary_large_image","twitter_misc":{"Becs\u00fclt olvas\u00e1si id\u0151":"1 perc"},"schema":{"@context":"https:\/\/schema.org","@graph":[{"@type":"WebPage","@id":"https:\/\/rau.de\/hu\/produkt\/rau-rock-extensiv-zajvedo-fal-max-epitesi-magassag-10-meter\/","url":"https:\/\/rau.de\/hu\/produkt\/rau-rock-extensiv-zajvedo-fal-max-epitesi-magassag-10-meter\/","name":"RAU Rock Extensiv zajv\u00e9d\u0151 fal \u2013 max. \u00e9p\u00edt\u00e9si magass\u00e1g 10 m\u00e9ter \ud83c\udf31","isPartOf":{"@id":"https:\/\/rau.de\/hu\/#website"},"primaryImageOfPage":{"@id":"https:\/\/rau.de\/hu\/produkt\/rau-rock-extensiv-zajvedo-fal-max-epitesi-magassag-10-meter\/#primaryimage"},"image":{"@id":"https:\/\/rau.de\/hu\/produkt\/rau-rock-extensiv-zajvedo-fal-max-epitesi-magassag-10-meter\/#primaryimage"},"thumbnailUrl":"https:\/\/rau.de\/wp-content\/uploads\/Design-ohne-Titel-1jk-1.jpg","datePublished":"2020-06-09T08:47:39+00:00","dateModified":"2021-12-10T13:02:31+00:00","description":"Minim\u00e1lis helyig\u00e9ny \ud83c\udf33 Ez a modell ak\u00e1r minim\u00e1lisan 13 cm-es \u00e9p\u00edt\u00e9si sz\u00e9less\u00e9get is lehet\u0151v\u00e9 tesz, \u00edgy rendk\u00edv\u00fcl sokoldal\u00faan felhaszn\u00e1lhat\u00f3.","breadcrumb":{"@id":"https:\/\/rau.de\/hu\/produkt\/rau-rock-extensiv-zajvedo-fal-max-epitesi-magassag-10-meter\/#breadcrumb"},"inLanguage":"hu","potentialAction":[{"@type":"ReadAction","target":["https:\/\/rau.de\/hu\/produkt\/rau-rock-extensiv-zajvedo-fal-max-epitesi-magassag-10-meter\/"]}]},{"@type":"ImageObject","inLanguage":"hu","@id":"https:\/\/rau.de\/hu\/produkt\/rau-rock-extensiv-zajvedo-fal-max-epitesi-magassag-10-meter\/#primaryimage","url":"https:\/\/rau.de\/wp-content\/uploads\/Design-ohne-Titel-1jk-1.jpg","contentUrl":"https:\/\/rau.de\/wp-content\/uploads\/Design-ohne-Titel-1jk-1.jpg","width":825,"height":1014},{"@type":"BreadcrumbList","@id":"https:\/\/rau.de\/hu\/produkt\/rau-rock-extensiv-zajvedo-fal-max-epitesi-magassag-10-meter\/#breadcrumb","itemListElement":[{"@type":"ListItem","position":1,"name":"Startseite","item":"https:\/\/rau.de\/hu\/"},{"@type":"ListItem","position":2,"name":"RAU Rock Extensiv zajv\u00e9d\u0151 fal \u2013 max. \u00e9p\u00edt\u00e9si magass\u00e1g 10 m\u00e9ter"}]},{"@type":"WebSite","@id":"https:\/\/rau.de\/hu\/#website","url":"https:\/\/rau.de\/hu\/","name":"Rau | L\u00e4rmschutzw\u00e4nde","description":"Entwicklung und Umsetzung von L\u00e4rmschutzwand und Schallschutzwand","publisher":{"@id":"https:\/\/rau.de\/hu\/#organization"},"potentialAction":[{"@type":"SearchAction","target":{"@type":"EntryPoint","urlTemplate":"https:\/\/rau.de\/hu\/?s={search_term_string}"},"query-input":{"@type":"PropertyValueSpecification","valueRequired":true,"valueName":"search_term_string"}}],"inLanguage":"hu"},{"@type":"Organization","@id":"https:\/\/rau.de\/hu\/#organization","name":"RAU L\u00e4rmschutzw\u00e4nde \u2013 Geosystem GBK GmbH","url":"https:\/\/rau.de\/hu\/","logo":{"@type":"ImageObject","inLanguage":"hu","@id":"https:\/\/rau.de\/hu\/#\/schema\/logo\/image\/","url":"https:\/\/rau.de\/wp-content\/uploads\/web_logo.png","contentUrl":"https:\/\/rau.de\/wp-content\/uploads\/web_logo.png","width":249,"height":127,"caption":"RAU L\u00e4rmschutzw\u00e4nde \u2013 Geosystem GBK GmbH"},"image":{"@id":"https:\/\/rau.de\/hu\/#\/schema\/logo\/image\/"}}]}},"_links":{"self":[{"href":"https:\/\/rau.de\/hu\/wp-json\/wp\/v2\/produkt\/6057","targetHints":{"allow":["GET"]}}],"collection":[{"href":"https:\/\/rau.de\/hu\/wp-json\/wp\/v2\/produkt"}],"about":[{"href":"https:\/\/rau.de\/hu\/wp-json\/wp\/v2\/types\/produkt"}],"version-history":[{"count":10,"href":"https:\/\/rau.de\/hu\/wp-json\/wp\/v2\/produkt\/6057\/revisions"}],"predecessor-version":[{"id":22686,"href":"https:\/\/rau.de\/hu\/wp-json\/wp\/v2\/produkt\/6057\/revisions\/22686"}],"wp:featuredmedia":[{"embeddable":true,"href":"https:\/\/rau.de\/hu\/wp-json\/wp\/v2\/media\/13897"}],"wp:attachment":[{"href":"https:\/\/rau.de\/hu\/wp-json\/wp\/v2\/media?parent=6057"}],"curies":[{"name":"wp","href":"https:\/\/api.w.org\/{rel}","templated":true}]}}