{"id":5935,"date":"2020-06-09T10:28:40","date_gmt":"2020-06-09T08:28:40","guid":{"rendered":"http:\/\/rau.kundendemo.com\/?post_type=produkt&#038;p=5935"},"modified":"2021-10-01T11:49:43","modified_gmt":"2021-10-01T09:49:43","slug":"rau-alpin-epitesi-magassag-max-10-meter","status":"publish","type":"produkt","link":"https:\/\/rau.de\/hu\/produkt\/rau-alpin-epitesi-magassag-max-10-meter\/","title":{"rendered":"RAU Alpin \u2013 \u00c9p\u00edt\u00e9si magass\u00e1g max. 12 m\u00e9ter"},"content":{"rendered":"<section class=\"l-section wpb_row height_medium full_height valign_center with_img\" id=\"kontakt\"><div class=\"l-section-img\" role=\"img\" data-img-width=\"2000\" data-img-height=\"1122\" style=\"background-image: url(https:\/\/rau.de\/wp-content\/uploads\/bg.jpg);\"><\/div><div class=\"l-section-h i-cf\"><div class=\"g-cols vc_row via_flex valign_top type_default stacking_default\"><div class=\"vc_col-sm-12 wpb_column vc_column_container\"><div class=\"vc_column-inner\"><div class=\"wpb_wrapper\"><div class=\"g-cols wpb_row content_top via_flex valign_top type_default stacking_default\"><div class=\"vc_col-sm-12 wpb_column vc_column_container\"><div class=\"vc_column-inner\"><div class=\"wpb_wrapper\"><h1 class=\"w-post-elm post_title entry-title color_link_inherit\">RAU Alpin \u2013 \u00c9p\u00edt\u00e9si magass\u00e1g max. 12 m\u00e9ter<\/h1><\/div><\/div><\/div><\/div><div class=\"g-cols wpb_row us_custom_4fb9e5a3 content_text via_flex valign_top type_default stacking_default\"><div class=\"vc_col-sm-6 wpb_column vc_column_container\"><div class=\"vc_column-inner\"><div class=\"wpb_wrapper\"><div class=\"w-image align_none\"><div class=\"w-image-h\"><img loading=\"lazy\" decoding=\"async\" width=\"550\" height=\"662\" src=\"https:\/\/rau.de\/wp-content\/uploads\/rau-alpin-height-up-to-10-metres-1.gif\" class=\"attachment-large size-large\" alt=\"\" \/><\/div><\/div><\/div><\/div><\/div><div class=\"vc_col-sm-6 wpb_column vc_column_container\"><div class=\"vc_column-inner\"><div class=\"wpb_wrapper\"><div class=\"wpb_text_column\"><div class=\"wpb_wrapper\"><p>A RAU \u201eAlpin\u201d rendszere, term\u00e9sk\u0151 kos\u00e1r monolit homokmaggal, magass\u00e1ga 300 cm<\/p>\n<\/div><\/div><div class=\"w-separator size_medium\"><\/div><div class=\"w-btn-wrapper align_none\"><a class=\"w-btn us-btn-style_1 icon_atleft\" href=\"\/downloads\/schnitt-rau-alpin-2017-03-15.pdf\"><i class=\"fas fa-file\"><\/i><span class=\"w-btn-label\">RAU Alpin &#8211; Download<\/span><\/a><\/div><div class=\"w-btn-wrapper align_none\"><a class=\"w-btn us-btn-style_1 icon_atleft\" href=\"https:\/\/rau.de\/hu\/galerie\/alpin\/\"><i class=\"fas fa-image\"><\/i><span class=\"w-btn-label\">N\u00e9zze meg term\u00e9k\u00fcnket a gal\u00e9ri\u00e1ban<\/span><\/a><\/div><div class=\"w-btn-wrapper align_none\"><a class=\"w-btn us-btn-style_1 icon_atleft\" href=\"https:\/\/rau.de\/hu\/termekek\/\"><i class=\"fas fa-chevron-right\"><\/i><span class=\"w-btn-label\">Az \u00f6sszes term\u00e9k<\/span><\/a><\/div><\/div><\/div><\/div><\/div><\/div><\/div><\/div><\/div><\/div><\/section>\n","protected":false},"excerpt":{"rendered":"RAU Alpin \u2013 \u00c9p\u00edt\u00e9si magass\u00e1g max. 12 m\u00e9terA RAU \u201eAlpin\u201d rendszere, term\u00e9sk\u0151 kos\u00e1r monolit homokmaggal, magass\u00e1ga 300 cm RAU Alpin &#8211; DownloadN\u00e9zze meg term\u00e9k\u00fcnket a gal\u00e9ri\u00e1banAz \u00f6sszes term\u00e9k","protected":false},"featured_media":26927,"template":"","class_list":["post-5935","produkt","type-produkt","status-publish","has-post-thumbnail","hentry"],"yoast_head":"<!-- This site is optimized with the Yoast SEO plugin v27.5 - https:\/\/yoast.com\/product\/yoast-seo-wordpress\/ -->\n<title>\ud83d\udd14 RAU Alpin \u2013 \u00c9p\u00edt\u00e9si magass\u00e1g max. 12 m\u00e9ter \u2705<\/title>\n<meta name=\"description\" content=\"\ud83c\udf31 A RAU R3 Extensiv zajv\u00e9d\u0151 fal\u00e1hoz hasonl\u00f3an az aut\u00f3p\u00e1ly\u00e1k \u00e9s utak RAU Alpin zajv\u00e9d\u0151 fal\u00e1nak is van ac\u00e9l ketrece. \ud83c\udf33\" \/>\n<meta name=\"robots\" content=\"index, follow, max-snippet:-1, max-image-preview:large, max-video-preview:-1\" \/>\n<link rel=\"canonical\" href=\"https:\/\/rau.de\/hu\/produkt\/rau-alpin-epitesi-magassag-max-10-meter\/\" \/>\n<meta property=\"og:locale\" content=\"hu_HU\" \/>\n<meta property=\"og:type\" content=\"article\" \/>\n<meta property=\"og:title\" content=\"\ud83d\udd14 RAU Alpin \u2013 \u00c9p\u00edt\u00e9si magass\u00e1g max. 12 m\u00e9ter \u2705\" \/>\n<meta property=\"og:description\" content=\"\ud83c\udf31 A RAU R3 Extensiv zajv\u00e9d\u0151 fal\u00e1hoz hasonl\u00f3an az aut\u00f3p\u00e1ly\u00e1k \u00e9s utak RAU Alpin zajv\u00e9d\u0151 fal\u00e1nak is van ac\u00e9l ketrece. \ud83c\udf33\" \/>\n<meta property=\"og:url\" content=\"https:\/\/rau.de\/hu\/produkt\/rau-alpin-epitesi-magassag-max-10-meter\/\" \/>\n<meta property=\"og:site_name\" content=\"Rau | L\u00e4rmschutzw\u00e4nde\" \/>\n<meta property=\"article:modified_time\" content=\"2021-10-01T09:49:43+00:00\" \/>\n<meta property=\"og:image\" content=\"https:\/\/rau.de\/wp-content\/uploads\/laermschutzwand-schallschutzwand-rau-alpin.jpg\" \/>\n\t<meta property=\"og:image:width\" content=\"882\" \/>\n\t<meta property=\"og:image:height\" content=\"1024\" \/>\n\t<meta property=\"og:image:type\" content=\"image\/jpeg\" \/>\n<meta name=\"twitter:card\" content=\"summary_large_image\" \/>\n<meta name=\"twitter:label1\" content=\"Becs\u00fclt olvas\u00e1si id\u0151\" \/>\n\t<meta name=\"twitter:data1\" content=\"1 perc\" \/>\n<script type=\"application\/ld+json\" class=\"yoast-schema-graph\">{\"@context\":\"https:\\\/\\\/schema.org\",\"@graph\":[{\"@type\":\"WebPage\",\"@id\":\"https:\\\/\\\/rau.de\\\/hu\\\/produkt\\\/rau-alpin-epitesi-magassag-max-10-meter\\\/\",\"url\":\"https:\\\/\\\/rau.de\\\/hu\\\/produkt\\\/rau-alpin-epitesi-magassag-max-10-meter\\\/\",\"name\":\"\ud83d\udd14 RAU Alpin \u2013 \u00c9p\u00edt\u00e9si magass\u00e1g max. 12 m\u00e9ter \u2705\",\"isPartOf\":{\"@id\":\"https:\\\/\\\/rau.de\\\/hu\\\/#website\"},\"primaryImageOfPage\":{\"@id\":\"https:\\\/\\\/rau.de\\\/hu\\\/produkt\\\/rau-alpin-epitesi-magassag-max-10-meter\\\/#primaryimage\"},\"image\":{\"@id\":\"https:\\\/\\\/rau.de\\\/hu\\\/produkt\\\/rau-alpin-epitesi-magassag-max-10-meter\\\/#primaryimage\"},\"thumbnailUrl\":\"https:\\\/\\\/rau.de\\\/wp-content\\\/uploads\\\/laermschutzwand-schallschutzwand-rau-alpin.jpg\",\"datePublished\":\"2020-06-09T08:28:40+00:00\",\"dateModified\":\"2021-10-01T09:49:43+00:00\",\"description\":\"\ud83c\udf31 A RAU R3 Extensiv zajv\u00e9d\u0151 fal\u00e1hoz hasonl\u00f3an az aut\u00f3p\u00e1ly\u00e1k \u00e9s utak RAU Alpin zajv\u00e9d\u0151 fal\u00e1nak is van ac\u00e9l ketrece. \ud83c\udf33\",\"breadcrumb\":{\"@id\":\"https:\\\/\\\/rau.de\\\/hu\\\/produkt\\\/rau-alpin-epitesi-magassag-max-10-meter\\\/#breadcrumb\"},\"inLanguage\":\"hu\",\"potentialAction\":[{\"@type\":\"ReadAction\",\"target\":[\"https:\\\/\\\/rau.de\\\/hu\\\/produkt\\\/rau-alpin-epitesi-magassag-max-10-meter\\\/\"]}]},{\"@type\":\"ImageObject\",\"inLanguage\":\"hu\",\"@id\":\"https:\\\/\\\/rau.de\\\/hu\\\/produkt\\\/rau-alpin-epitesi-magassag-max-10-meter\\\/#primaryimage\",\"url\":\"https:\\\/\\\/rau.de\\\/wp-content\\\/uploads\\\/laermschutzwand-schallschutzwand-rau-alpin.jpg\",\"contentUrl\":\"https:\\\/\\\/rau.de\\\/wp-content\\\/uploads\\\/laermschutzwand-schallschutzwand-rau-alpin.jpg\",\"width\":882,\"height\":1024,\"caption\":\"L\u00e4rmschutzwand RAU Alpin, Natursteinkorb mit monolithischem Sandkern\"},{\"@type\":\"BreadcrumbList\",\"@id\":\"https:\\\/\\\/rau.de\\\/hu\\\/produkt\\\/rau-alpin-epitesi-magassag-max-10-meter\\\/#breadcrumb\",\"itemListElement\":[{\"@type\":\"ListItem\",\"position\":1,\"name\":\"Startseite\",\"item\":\"https:\\\/\\\/rau.de\\\/hu\\\/\"},{\"@type\":\"ListItem\",\"position\":2,\"name\":\"RAU Alpin \u2013 \u00c9p\u00edt\u00e9si magass\u00e1g max. 12 m\u00e9ter\"}]},{\"@type\":\"WebSite\",\"@id\":\"https:\\\/\\\/rau.de\\\/hu\\\/#website\",\"url\":\"https:\\\/\\\/rau.de\\\/hu\\\/\",\"name\":\"Rau | L\u00e4rmschutzw\u00e4nde\",\"description\":\"Entwicklung und Umsetzung von L\u00e4rmschutzwand und Schallschutzwand\",\"publisher\":{\"@id\":\"https:\\\/\\\/rau.de\\\/hu\\\/#organization\"},\"potentialAction\":[{\"@type\":\"SearchAction\",\"target\":{\"@type\":\"EntryPoint\",\"urlTemplate\":\"https:\\\/\\\/rau.de\\\/hu\\\/?s={search_term_string}\"},\"query-input\":{\"@type\":\"PropertyValueSpecification\",\"valueRequired\":true,\"valueName\":\"search_term_string\"}}],\"inLanguage\":\"hu\"},{\"@type\":\"Organization\",\"@id\":\"https:\\\/\\\/rau.de\\\/hu\\\/#organization\",\"name\":\"RAU L\u00e4rmschutzw\u00e4nde \u2013 Geosystem GBK GmbH\",\"url\":\"https:\\\/\\\/rau.de\\\/hu\\\/\",\"logo\":{\"@type\":\"ImageObject\",\"inLanguage\":\"hu\",\"@id\":\"https:\\\/\\\/rau.de\\\/hu\\\/#\\\/schema\\\/logo\\\/image\\\/\",\"url\":\"https:\\\/\\\/rau.de\\\/wp-content\\\/uploads\\\/web_logo.png\",\"contentUrl\":\"https:\\\/\\\/rau.de\\\/wp-content\\\/uploads\\\/web_logo.png\",\"width\":249,\"height\":127,\"caption\":\"RAU L\u00e4rmschutzw\u00e4nde \u2013 Geosystem GBK GmbH\"},\"image\":{\"@id\":\"https:\\\/\\\/rau.de\\\/hu\\\/#\\\/schema\\\/logo\\\/image\\\/\"}}]}<\/script>\n<!-- \/ Yoast SEO plugin. -->","yoast_head_json":{"title":"\ud83d\udd14 RAU Alpin \u2013 \u00c9p\u00edt\u00e9si magass\u00e1g max. 12 m\u00e9ter \u2705","description":"\ud83c\udf31 A RAU R3 Extensiv zajv\u00e9d\u0151 fal\u00e1hoz hasonl\u00f3an az aut\u00f3p\u00e1ly\u00e1k \u00e9s utak RAU Alpin zajv\u00e9d\u0151 fal\u00e1nak is van ac\u00e9l ketrece. \ud83c\udf33","robots":{"index":"index","follow":"follow","max-snippet":"max-snippet:-1","max-image-preview":"max-image-preview:large","max-video-preview":"max-video-preview:-1"},"canonical":"https:\/\/rau.de\/hu\/produkt\/rau-alpin-epitesi-magassag-max-10-meter\/","og_locale":"hu_HU","og_type":"article","og_title":"\ud83d\udd14 RAU Alpin \u2013 \u00c9p\u00edt\u00e9si magass\u00e1g max. 12 m\u00e9ter \u2705","og_description":"\ud83c\udf31 A RAU R3 Extensiv zajv\u00e9d\u0151 fal\u00e1hoz hasonl\u00f3an az aut\u00f3p\u00e1ly\u00e1k \u00e9s utak RAU Alpin zajv\u00e9d\u0151 fal\u00e1nak is van ac\u00e9l ketrece. \ud83c\udf33","og_url":"https:\/\/rau.de\/hu\/produkt\/rau-alpin-epitesi-magassag-max-10-meter\/","og_site_name":"Rau | L\u00e4rmschutzw\u00e4nde","article_modified_time":"2021-10-01T09:49:43+00:00","og_image":[{"width":882,"height":1024,"url":"https:\/\/rau.de\/wp-content\/uploads\/laermschutzwand-schallschutzwand-rau-alpin.jpg","type":"image\/jpeg"}],"twitter_card":"summary_large_image","twitter_misc":{"Becs\u00fclt olvas\u00e1si id\u0151":"1 perc"},"schema":{"@context":"https:\/\/schema.org","@graph":[{"@type":"WebPage","@id":"https:\/\/rau.de\/hu\/produkt\/rau-alpin-epitesi-magassag-max-10-meter\/","url":"https:\/\/rau.de\/hu\/produkt\/rau-alpin-epitesi-magassag-max-10-meter\/","name":"\ud83d\udd14 RAU Alpin \u2013 \u00c9p\u00edt\u00e9si magass\u00e1g max. 12 m\u00e9ter \u2705","isPartOf":{"@id":"https:\/\/rau.de\/hu\/#website"},"primaryImageOfPage":{"@id":"https:\/\/rau.de\/hu\/produkt\/rau-alpin-epitesi-magassag-max-10-meter\/#primaryimage"},"image":{"@id":"https:\/\/rau.de\/hu\/produkt\/rau-alpin-epitesi-magassag-max-10-meter\/#primaryimage"},"thumbnailUrl":"https:\/\/rau.de\/wp-content\/uploads\/laermschutzwand-schallschutzwand-rau-alpin.jpg","datePublished":"2020-06-09T08:28:40+00:00","dateModified":"2021-10-01T09:49:43+00:00","description":"\ud83c\udf31 A RAU R3 Extensiv zajv\u00e9d\u0151 fal\u00e1hoz hasonl\u00f3an az aut\u00f3p\u00e1ly\u00e1k \u00e9s utak RAU Alpin zajv\u00e9d\u0151 fal\u00e1nak is van ac\u00e9l ketrece. \ud83c\udf33","breadcrumb":{"@id":"https:\/\/rau.de\/hu\/produkt\/rau-alpin-epitesi-magassag-max-10-meter\/#breadcrumb"},"inLanguage":"hu","potentialAction":[{"@type":"ReadAction","target":["https:\/\/rau.de\/hu\/produkt\/rau-alpin-epitesi-magassag-max-10-meter\/"]}]},{"@type":"ImageObject","inLanguage":"hu","@id":"https:\/\/rau.de\/hu\/produkt\/rau-alpin-epitesi-magassag-max-10-meter\/#primaryimage","url":"https:\/\/rau.de\/wp-content\/uploads\/laermschutzwand-schallschutzwand-rau-alpin.jpg","contentUrl":"https:\/\/rau.de\/wp-content\/uploads\/laermschutzwand-schallschutzwand-rau-alpin.jpg","width":882,"height":1024,"caption":"L\u00e4rmschutzwand RAU Alpin, Natursteinkorb mit monolithischem Sandkern"},{"@type":"BreadcrumbList","@id":"https:\/\/rau.de\/hu\/produkt\/rau-alpin-epitesi-magassag-max-10-meter\/#breadcrumb","itemListElement":[{"@type":"ListItem","position":1,"name":"Startseite","item":"https:\/\/rau.de\/hu\/"},{"@type":"ListItem","position":2,"name":"RAU Alpin \u2013 \u00c9p\u00edt\u00e9si magass\u00e1g max. 12 m\u00e9ter"}]},{"@type":"WebSite","@id":"https:\/\/rau.de\/hu\/#website","url":"https:\/\/rau.de\/hu\/","name":"Rau | L\u00e4rmschutzw\u00e4nde","description":"Entwicklung und Umsetzung von L\u00e4rmschutzwand und Schallschutzwand","publisher":{"@id":"https:\/\/rau.de\/hu\/#organization"},"potentialAction":[{"@type":"SearchAction","target":{"@type":"EntryPoint","urlTemplate":"https:\/\/rau.de\/hu\/?s={search_term_string}"},"query-input":{"@type":"PropertyValueSpecification","valueRequired":true,"valueName":"search_term_string"}}],"inLanguage":"hu"},{"@type":"Organization","@id":"https:\/\/rau.de\/hu\/#organization","name":"RAU L\u00e4rmschutzw\u00e4nde \u2013 Geosystem GBK GmbH","url":"https:\/\/rau.de\/hu\/","logo":{"@type":"ImageObject","inLanguage":"hu","@id":"https:\/\/rau.de\/hu\/#\/schema\/logo\/image\/","url":"https:\/\/rau.de\/wp-content\/uploads\/web_logo.png","contentUrl":"https:\/\/rau.de\/wp-content\/uploads\/web_logo.png","width":249,"height":127,"caption":"RAU L\u00e4rmschutzw\u00e4nde \u2013 Geosystem GBK GmbH"},"image":{"@id":"https:\/\/rau.de\/hu\/#\/schema\/logo\/image\/"}}]}},"_links":{"self":[{"href":"https:\/\/rau.de\/hu\/wp-json\/wp\/v2\/produkt\/5935","targetHints":{"allow":["GET"]}}],"collection":[{"href":"https:\/\/rau.de\/hu\/wp-json\/wp\/v2\/produkt"}],"about":[{"href":"https:\/\/rau.de\/hu\/wp-json\/wp\/v2\/types\/produkt"}],"version-history":[{"count":7,"href":"https:\/\/rau.de\/hu\/wp-json\/wp\/v2\/produkt\/5935\/revisions"}],"predecessor-version":[{"id":22294,"href":"https:\/\/rau.de\/hu\/wp-json\/wp\/v2\/produkt\/5935\/revisions\/22294"}],"wp:featuredmedia":[{"embeddable":true,"href":"https:\/\/rau.de\/hu\/wp-json\/wp\/v2\/media\/26927"}],"wp:attachment":[{"href":"https:\/\/rau.de\/hu\/wp-json\/wp\/v2\/media?parent=5935"}],"curies":[{"name":"wp","href":"https:\/\/api.w.org\/{rel}","templated":true}]}}