{"id":5813,"date":"2020-06-09T10:09:07","date_gmt":"2020-06-09T08:09:07","guid":{"rendered":"http:\/\/rau.kundendemo.com\/?post_type=produkt&#038;p=5813"},"modified":"2024-07-26T18:20:32","modified_gmt":"2024-07-26T16:20:32","slug":"rau-r3-extensiv-zajvedo-fal-max-epitesi-magassag-12-meter","status":"publish","type":"produkt","link":"https:\/\/rau.de\/hu\/produkt\/rau-r3-extensiv-zajvedo-fal-max-epitesi-magassag-12-meter\/","title":{"rendered":"RAU R3 Extensiv zajv\u00e9d\u0151 fal \u2013 max. \u00e9p\u00edt\u00e9si magass\u00e1g 12 m\u00e9ter"},"content":{"rendered":"<section class=\"l-section wpb_row height_medium full_height valign_center with_img\" id=\"kontakt\"><div class=\"l-section-img\" role=\"img\" data-img-width=\"2000\" data-img-height=\"1122\" style=\"background-image: url(https:\/\/rau.de\/wp-content\/uploads\/bg.jpg);\"><\/div><div class=\"l-section-h i-cf\"><div class=\"g-cols vc_row via_flex valign_top type_default stacking_default\"><div class=\"vc_col-sm-12 wpb_column vc_column_container\"><div class=\"vc_column-inner\"><div class=\"wpb_wrapper\"><div class=\"g-cols wpb_row content_top via_flex valign_top type_default stacking_default\"><div class=\"vc_col-sm-12 wpb_column vc_column_container\"><div class=\"vc_column-inner\"><div class=\"wpb_wrapper\"><h1 class=\"w-post-elm post_title entry-title color_link_inherit\">RAU R3 Extensiv zajv\u00e9d\u0151 fal \u2013 max. \u00e9p\u00edt\u00e9si magass\u00e1g 12 m\u00e9ter<\/h1><\/div><\/div><\/div><\/div><div class=\"g-cols wpb_row us_custom_4fb9e5a3 content_text via_flex valign_top type_default stacking_default\"><div class=\"vc_col-sm-6 wpb_column vc_column_container\"><div class=\"vc_column-inner\"><div class=\"wpb_wrapper\"><div class=\"w-image align_none\"><div class=\"w-image-h\"><img loading=\"lazy\" decoding=\"async\" width=\"550\" height=\"671\" src=\"https:\/\/rau.de\/wp-content\/uploads\/Bauzeichnung-mit-Elementbezeichnung-einer-Laermschutzwand.gif\" class=\"attachment-large size-large\" alt=\"Bauzeichnung mit Elementbezeichnung einer L\u00e4rmschutzwand\" \/><\/div><\/div><\/div><\/div><\/div><div class=\"vc_col-sm-6 wpb_column vc_column_container\"><div class=\"vc_column-inner\"><div class=\"wpb_wrapper\"><div class=\"wpb_text_column\"><div class=\"wpb_wrapper\"><h2>Optim\u00e1lis k\u00f6lts\u00e9g\/nyeres\u00e9g ar\u00e1ny<\/h2>\n<p>Az egyszer\u0171en egym\u00e1shoz csatlakoztathat\u00f3, rendk\u00edv\u00fcl stabil kosarak kiz\u00e1r\u00f3lag tart\u00f3profilokb\u00f3l, f\u00fcgg\u0151leges csapokb\u00f3l \u00e9s k\u00fcls\u0151 bor\u00edt\u00e1sb\u00f3l \u00e1llnak. A telep\u00edt\u00e9sre k\u00f6lts\u00e9ges alapoz\u00e1s n\u00e9lk\u00fcl, ennek eredm\u00e9nyek\u00e9nt gyorsan \u00e9s gazdas\u00e1gosan t\u00f6rt\u00e9nik. Minden \u00f6mleszthet\u0151 talajfajta alkalmas a felt\u00f6lt\u00e9shez.<\/p>\n<p>A RAU R3 EXTENSIV zajv\u00e9d\u0151 fal eset\u00e9ben m\u00e9g a kisebb ir\u00e1nyv\u00e1lt\u00e1sok a legkisebb helyig\u00e9nnyel, magass\u00e1gk\u00fcl\u00f6nbs\u00e9gekkel vagy felt\u00f6lt\u00e9sekkel is nagyobb r\u00e1ford\u00edt\u00e1s n\u00e9lk\u00fcl kivitelezhet\u0151k. A szok\u00e1sos profilt\u00f3l (60 cm koronasz\u00e9less\u00e9g\u0171 \u00e9s mindk\u00e9t oldalon 10%-os lejt\u00e9s\u0171 trap\u00e9z) val\u00f3 elt\u00e9r\u00e9sek a legt\u00f6bb esetben k\u00fcl\u00f6n k\u00f6lts\u00e9g n\u00e9lk\u00fcl val\u00f3s\u00edthat\u00f3k meg.<\/p>\n<\/div><\/div><div class=\"w-separator size_medium\"><\/div><div class=\"w-btn-wrapper align_none\"><a class=\"w-btn us-btn-style_1 icon_atleft\" href=\"\/downloads\/system-rau-r3-laermschutzwand-2020-05-12.pdf\"><i class=\"fas fa-file\"><\/i><span class=\"w-btn-label\">RAU R3 &#8211; Download<\/span><\/a><\/div><div class=\"w-btn-wrapper align_none\"><a class=\"w-btn us-btn-style_1 icon_atleft\" href=\"https:\/\/rau.de\/hu\/galerie\/rau-r3-extensiv-zajvedo-fal-max-epitesi-magassag-12-me\/\"><i class=\"fas fa-image\"><\/i><span class=\"w-btn-label\">N\u00e9zze meg term\u00e9k\u00fcnket a gal\u00e9ri\u00e1ban<\/span><\/a><\/div><div class=\"w-btn-wrapper align_none\"><a class=\"w-btn us-btn-style_1 icon_atleft\" href=\"https:\/\/rau.de\/hu\/termekek\/\"><i class=\"fas fa-chevron-right\"><\/i><span class=\"w-btn-label\">Az \u00f6sszes term\u00e9k<\/span><\/a><\/div><\/div><\/div><\/div><\/div><\/div><\/div><\/div><\/div><\/div><\/section>\n","protected":false},"excerpt":{"rendered":"RAU R3 Extensiv zajv\u00e9d\u0151 fal \u2013 max. \u00e9p\u00edt\u00e9si magass\u00e1g 12 m\u00e9terOptim\u00e1lis k\u00f6lts\u00e9g\/nyeres\u00e9g ar\u00e1ny Az egyszer\u0171en egym\u00e1shoz csatlakoztathat\u00f3, rendk\u00edv\u00fcl stabil kosarak kiz\u00e1r\u00f3lag tart\u00f3profilokb\u00f3l, f\u00fcgg\u0151leges csapokb\u00f3l \u00e9s k\u00fcls\u0151 bor\u00edt\u00e1sb\u00f3l \u00e1llnak. A telep\u00edt\u00e9sre k\u00f6lts\u00e9ges alapoz\u00e1s n\u00e9lk\u00fcl, ennek eredm\u00e9nyek\u00e9nt gyorsan \u00e9s gazdas\u00e1gosan t\u00f6rt\u00e9nik. Minden \u00f6mleszthet\u0151 talajfajta alkalmas a felt\u00f6lt\u00e9shez. A RAU R3 EXTENSIV zajv\u00e9d\u0151 fal eset\u00e9ben m\u00e9g a kisebb...","protected":false},"featured_media":7817,"template":"","class_list":["post-5813","produkt","type-produkt","status-publish","has-post-thumbnail","hentry"],"yoast_head":"<!-- This site is optimized with the Yoast SEO plugin v27.4 - https:\/\/yoast.com\/product\/yoast-seo-wordpress\/ -->\n<title>RAU R3 Extensiv zajv\u00e9d\u0151 fal \ud83c\udf33<\/title>\n<meta name=\"description\" content=\"Optim\u00e1lis k\u00f6lts\u00e9g\/nyeres\u00e9g ar\u00e1ny \u2747 RAU R3 Extensiv zajv\u00e9d\u0151 fal \u2013 max. \u00e9p\u00edt\u00e9si magass\u00e1g 12 m\u00e9ter \ud83c\udfc6\" \/>\n<meta name=\"robots\" content=\"index, follow, max-snippet:-1, max-image-preview:large, max-video-preview:-1\" \/>\n<link rel=\"canonical\" href=\"https:\/\/rau.de\/hu\/produkt\/rau-r3-extensiv-zajvedo-fal-max-epitesi-magassag-12-meter\/\" \/>\n<meta property=\"og:locale\" content=\"hu_HU\" \/>\n<meta property=\"og:type\" content=\"article\" \/>\n<meta property=\"og:title\" content=\"RAU R3 Extensiv zajv\u00e9d\u0151 fal \ud83c\udf33\" \/>\n<meta property=\"og:description\" content=\"Optim\u00e1lis k\u00f6lts\u00e9g\/nyeres\u00e9g ar\u00e1ny \u2747 RAU R3 Extensiv zajv\u00e9d\u0151 fal \u2013 max. \u00e9p\u00edt\u00e9si magass\u00e1g 12 m\u00e9ter \ud83c\udfc6\" \/>\n<meta property=\"og:url\" content=\"https:\/\/rau.de\/hu\/produkt\/rau-r3-extensiv-zajvedo-fal-max-epitesi-magassag-12-meter\/\" \/>\n<meta property=\"og:site_name\" content=\"Rau | L\u00e4rmschutzw\u00e4nde\" \/>\n<meta property=\"article:modified_time\" content=\"2024-07-26T16:20:32+00:00\" \/>\n<meta property=\"og:image\" content=\"https:\/\/rau.de\/wp-content\/uploads\/system-rau-r3-laermschutzwand-2020-05-12.png\" \/>\n\t<meta property=\"og:image:width\" content=\"550\" \/>\n\t<meta property=\"og:image:height\" content=\"638\" \/>\n\t<meta property=\"og:image:type\" content=\"image\/jpeg\" \/>\n<meta name=\"twitter:card\" content=\"summary_large_image\" \/>\n<meta name=\"twitter:label1\" content=\"Becs\u00fclt olvas\u00e1si id\u0151\" \/>\n\t<meta name=\"twitter:data1\" content=\"1 perc\" \/>\n<script type=\"application\/ld+json\" class=\"yoast-schema-graph\">{\"@context\":\"https:\\\/\\\/schema.org\",\"@graph\":[{\"@type\":\"WebPage\",\"@id\":\"https:\\\/\\\/rau.de\\\/hu\\\/produkt\\\/rau-r3-extensiv-zajvedo-fal-max-epitesi-magassag-12-meter\\\/\",\"url\":\"https:\\\/\\\/rau.de\\\/hu\\\/produkt\\\/rau-r3-extensiv-zajvedo-fal-max-epitesi-magassag-12-meter\\\/\",\"name\":\"RAU R3 Extensiv zajv\u00e9d\u0151 fal \ud83c\udf33\",\"isPartOf\":{\"@id\":\"https:\\\/\\\/rau.de\\\/hu\\\/#website\"},\"primaryImageOfPage\":{\"@id\":\"https:\\\/\\\/rau.de\\\/hu\\\/produkt\\\/rau-r3-extensiv-zajvedo-fal-max-epitesi-magassag-12-meter\\\/#primaryimage\"},\"image\":{\"@id\":\"https:\\\/\\\/rau.de\\\/hu\\\/produkt\\\/rau-r3-extensiv-zajvedo-fal-max-epitesi-magassag-12-meter\\\/#primaryimage\"},\"thumbnailUrl\":\"https:\\\/\\\/rau.de\\\/wp-content\\\/uploads\\\/system-rau-r3-laermschutzwand-2020-05-12.png\",\"datePublished\":\"2020-06-09T08:09:07+00:00\",\"dateModified\":\"2024-07-26T16:20:32+00:00\",\"description\":\"Optim\u00e1lis k\u00f6lts\u00e9g\\\/nyeres\u00e9g ar\u00e1ny \u2747 RAU R3 Extensiv zajv\u00e9d\u0151 fal \u2013 max. \u00e9p\u00edt\u00e9si magass\u00e1g 12 m\u00e9ter \ud83c\udfc6\",\"breadcrumb\":{\"@id\":\"https:\\\/\\\/rau.de\\\/hu\\\/produkt\\\/rau-r3-extensiv-zajvedo-fal-max-epitesi-magassag-12-meter\\\/#breadcrumb\"},\"inLanguage\":\"hu\",\"potentialAction\":[{\"@type\":\"ReadAction\",\"target\":[\"https:\\\/\\\/rau.de\\\/hu\\\/produkt\\\/rau-r3-extensiv-zajvedo-fal-max-epitesi-magassag-12-meter\\\/\"]}]},{\"@type\":\"ImageObject\",\"inLanguage\":\"hu\",\"@id\":\"https:\\\/\\\/rau.de\\\/hu\\\/produkt\\\/rau-r3-extensiv-zajvedo-fal-max-epitesi-magassag-12-meter\\\/#primaryimage\",\"url\":\"https:\\\/\\\/rau.de\\\/wp-content\\\/uploads\\\/system-rau-r3-laermschutzwand-2020-05-12.png\",\"contentUrl\":\"https:\\\/\\\/rau.de\\\/wp-content\\\/uploads\\\/system-rau-r3-laermschutzwand-2020-05-12.png\",\"width\":550,\"height\":638,\"caption\":\"Grundriss der R3 L\u00e4rmschutzwand von RAU\"},{\"@type\":\"BreadcrumbList\",\"@id\":\"https:\\\/\\\/rau.de\\\/hu\\\/produkt\\\/rau-r3-extensiv-zajvedo-fal-max-epitesi-magassag-12-meter\\\/#breadcrumb\",\"itemListElement\":[{\"@type\":\"ListItem\",\"position\":1,\"name\":\"Startseite\",\"item\":\"https:\\\/\\\/rau.de\\\/hu\\\/\"},{\"@type\":\"ListItem\",\"position\":2,\"name\":\"RAU R3 Extensiv zajv\u00e9d\u0151 fal \u2013 max. \u00e9p\u00edt\u00e9si magass\u00e1g 12 m\u00e9ter\"}]},{\"@type\":\"WebSite\",\"@id\":\"https:\\\/\\\/rau.de\\\/hu\\\/#website\",\"url\":\"https:\\\/\\\/rau.de\\\/hu\\\/\",\"name\":\"Rau | L\u00e4rmschutzw\u00e4nde\",\"description\":\"Entwicklung und Umsetzung von L\u00e4rmschutzwand und Schallschutzwand\",\"publisher\":{\"@id\":\"https:\\\/\\\/rau.de\\\/hu\\\/#organization\"},\"potentialAction\":[{\"@type\":\"SearchAction\",\"target\":{\"@type\":\"EntryPoint\",\"urlTemplate\":\"https:\\\/\\\/rau.de\\\/hu\\\/?s={search_term_string}\"},\"query-input\":{\"@type\":\"PropertyValueSpecification\",\"valueRequired\":true,\"valueName\":\"search_term_string\"}}],\"inLanguage\":\"hu\"},{\"@type\":\"Organization\",\"@id\":\"https:\\\/\\\/rau.de\\\/hu\\\/#organization\",\"name\":\"RAU L\u00e4rmschutzw\u00e4nde \u2013 Geosystem GBK GmbH\",\"url\":\"https:\\\/\\\/rau.de\\\/hu\\\/\",\"logo\":{\"@type\":\"ImageObject\",\"inLanguage\":\"hu\",\"@id\":\"https:\\\/\\\/rau.de\\\/hu\\\/#\\\/schema\\\/logo\\\/image\\\/\",\"url\":\"https:\\\/\\\/rau.de\\\/wp-content\\\/uploads\\\/web_logo.png\",\"contentUrl\":\"https:\\\/\\\/rau.de\\\/wp-content\\\/uploads\\\/web_logo.png\",\"width\":249,\"height\":127,\"caption\":\"RAU L\u00e4rmschutzw\u00e4nde \u2013 Geosystem GBK GmbH\"},\"image\":{\"@id\":\"https:\\\/\\\/rau.de\\\/hu\\\/#\\\/schema\\\/logo\\\/image\\\/\"}}]}<\/script>\n<!-- \/ Yoast SEO plugin. -->","yoast_head_json":{"title":"RAU R3 Extensiv zajv\u00e9d\u0151 fal \ud83c\udf33","description":"Optim\u00e1lis k\u00f6lts\u00e9g\/nyeres\u00e9g ar\u00e1ny \u2747 RAU R3 Extensiv zajv\u00e9d\u0151 fal \u2013 max. \u00e9p\u00edt\u00e9si magass\u00e1g 12 m\u00e9ter \ud83c\udfc6","robots":{"index":"index","follow":"follow","max-snippet":"max-snippet:-1","max-image-preview":"max-image-preview:large","max-video-preview":"max-video-preview:-1"},"canonical":"https:\/\/rau.de\/hu\/produkt\/rau-r3-extensiv-zajvedo-fal-max-epitesi-magassag-12-meter\/","og_locale":"hu_HU","og_type":"article","og_title":"RAU R3 Extensiv zajv\u00e9d\u0151 fal \ud83c\udf33","og_description":"Optim\u00e1lis k\u00f6lts\u00e9g\/nyeres\u00e9g ar\u00e1ny \u2747 RAU R3 Extensiv zajv\u00e9d\u0151 fal \u2013 max. \u00e9p\u00edt\u00e9si magass\u00e1g 12 m\u00e9ter \ud83c\udfc6","og_url":"https:\/\/rau.de\/hu\/produkt\/rau-r3-extensiv-zajvedo-fal-max-epitesi-magassag-12-meter\/","og_site_name":"Rau | L\u00e4rmschutzw\u00e4nde","article_modified_time":"2024-07-26T16:20:32+00:00","og_image":[{"width":550,"height":638,"url":"https:\/\/rau.de\/wp-content\/uploads\/system-rau-r3-laermschutzwand-2020-05-12.png","type":"image\/jpeg"}],"twitter_card":"summary_large_image","twitter_misc":{"Becs\u00fclt olvas\u00e1si id\u0151":"1 perc"},"schema":{"@context":"https:\/\/schema.org","@graph":[{"@type":"WebPage","@id":"https:\/\/rau.de\/hu\/produkt\/rau-r3-extensiv-zajvedo-fal-max-epitesi-magassag-12-meter\/","url":"https:\/\/rau.de\/hu\/produkt\/rau-r3-extensiv-zajvedo-fal-max-epitesi-magassag-12-meter\/","name":"RAU R3 Extensiv zajv\u00e9d\u0151 fal \ud83c\udf33","isPartOf":{"@id":"https:\/\/rau.de\/hu\/#website"},"primaryImageOfPage":{"@id":"https:\/\/rau.de\/hu\/produkt\/rau-r3-extensiv-zajvedo-fal-max-epitesi-magassag-12-meter\/#primaryimage"},"image":{"@id":"https:\/\/rau.de\/hu\/produkt\/rau-r3-extensiv-zajvedo-fal-max-epitesi-magassag-12-meter\/#primaryimage"},"thumbnailUrl":"https:\/\/rau.de\/wp-content\/uploads\/system-rau-r3-laermschutzwand-2020-05-12.png","datePublished":"2020-06-09T08:09:07+00:00","dateModified":"2024-07-26T16:20:32+00:00","description":"Optim\u00e1lis k\u00f6lts\u00e9g\/nyeres\u00e9g ar\u00e1ny \u2747 RAU R3 Extensiv zajv\u00e9d\u0151 fal \u2013 max. \u00e9p\u00edt\u00e9si magass\u00e1g 12 m\u00e9ter \ud83c\udfc6","breadcrumb":{"@id":"https:\/\/rau.de\/hu\/produkt\/rau-r3-extensiv-zajvedo-fal-max-epitesi-magassag-12-meter\/#breadcrumb"},"inLanguage":"hu","potentialAction":[{"@type":"ReadAction","target":["https:\/\/rau.de\/hu\/produkt\/rau-r3-extensiv-zajvedo-fal-max-epitesi-magassag-12-meter\/"]}]},{"@type":"ImageObject","inLanguage":"hu","@id":"https:\/\/rau.de\/hu\/produkt\/rau-r3-extensiv-zajvedo-fal-max-epitesi-magassag-12-meter\/#primaryimage","url":"https:\/\/rau.de\/wp-content\/uploads\/system-rau-r3-laermschutzwand-2020-05-12.png","contentUrl":"https:\/\/rau.de\/wp-content\/uploads\/system-rau-r3-laermschutzwand-2020-05-12.png","width":550,"height":638,"caption":"Grundriss der R3 L\u00e4rmschutzwand von RAU"},{"@type":"BreadcrumbList","@id":"https:\/\/rau.de\/hu\/produkt\/rau-r3-extensiv-zajvedo-fal-max-epitesi-magassag-12-meter\/#breadcrumb","itemListElement":[{"@type":"ListItem","position":1,"name":"Startseite","item":"https:\/\/rau.de\/hu\/"},{"@type":"ListItem","position":2,"name":"RAU R3 Extensiv zajv\u00e9d\u0151 fal \u2013 max. \u00e9p\u00edt\u00e9si magass\u00e1g 12 m\u00e9ter"}]},{"@type":"WebSite","@id":"https:\/\/rau.de\/hu\/#website","url":"https:\/\/rau.de\/hu\/","name":"Rau | L\u00e4rmschutzw\u00e4nde","description":"Entwicklung und Umsetzung von L\u00e4rmschutzwand und Schallschutzwand","publisher":{"@id":"https:\/\/rau.de\/hu\/#organization"},"potentialAction":[{"@type":"SearchAction","target":{"@type":"EntryPoint","urlTemplate":"https:\/\/rau.de\/hu\/?s={search_term_string}"},"query-input":{"@type":"PropertyValueSpecification","valueRequired":true,"valueName":"search_term_string"}}],"inLanguage":"hu"},{"@type":"Organization","@id":"https:\/\/rau.de\/hu\/#organization","name":"RAU L\u00e4rmschutzw\u00e4nde \u2013 Geosystem GBK GmbH","url":"https:\/\/rau.de\/hu\/","logo":{"@type":"ImageObject","inLanguage":"hu","@id":"https:\/\/rau.de\/hu\/#\/schema\/logo\/image\/","url":"https:\/\/rau.de\/wp-content\/uploads\/web_logo.png","contentUrl":"https:\/\/rau.de\/wp-content\/uploads\/web_logo.png","width":249,"height":127,"caption":"RAU L\u00e4rmschutzw\u00e4nde \u2013 Geosystem GBK GmbH"},"image":{"@id":"https:\/\/rau.de\/hu\/#\/schema\/logo\/image\/"}}]}},"_links":{"self":[{"href":"https:\/\/rau.de\/hu\/wp-json\/wp\/v2\/produkt\/5813","targetHints":{"allow":["GET"]}}],"collection":[{"href":"https:\/\/rau.de\/hu\/wp-json\/wp\/v2\/produkt"}],"about":[{"href":"https:\/\/rau.de\/hu\/wp-json\/wp\/v2\/types\/produkt"}],"version-history":[{"count":7,"href":"https:\/\/rau.de\/hu\/wp-json\/wp\/v2\/produkt\/5813\/revisions"}],"predecessor-version":[{"id":27805,"href":"https:\/\/rau.de\/hu\/wp-json\/wp\/v2\/produkt\/5813\/revisions\/27805"}],"wp:featuredmedia":[{"embeddable":true,"href":"https:\/\/rau.de\/hu\/wp-json\/wp\/v2\/media\/7817"}],"wp:attachment":[{"href":"https:\/\/rau.de\/hu\/wp-json\/wp\/v2\/media?parent=5813"}],"curies":[{"name":"wp","href":"https:\/\/api.w.org\/{rel}","templated":true}]}}