{"id":9609,"date":"2020-08-25T16:42:37","date_gmt":"2020-08-25T14:42:37","guid":{"rendered":"https:\/\/rau.de\/?page_id=9609"},"modified":"2021-08-19T17:00:58","modified_gmt":"2021-08-19T15:00:58","slug":"zajvedelem-a-varosok-oenkormanyzatok-a-kereskedelem-es-az-ipar-szamara","status":"publish","type":"page","link":"https:\/\/rau.de\/hu\/zajvedelem-a-varosok-oenkormanyzatok-a-kereskedelem-es-az-ipar-szamara\/","title":{"rendered":"Zajv\u00e9delem a v\u00e1rosok, \u00f6nkorm\u00e1nyzatok, a kereskedelem \u00e9s az ipar sz\u00e1m\u00e1ra"},"content":{"rendered":"<section class=\"l-section wpb_row height_medium full_height valign_center with_img\" id=\"kontakt\"><div class=\"l-section-img\" role=\"img\" data-img-width=\"2000\" data-img-height=\"1122\" style=\"background-image: url(https:\/\/rau.de\/wp-content\/uploads\/bg.jpg);\"><\/div><div class=\"l-section-h i-cf\"><div class=\"g-cols vc_row via_flex valign_top type_default stacking_default\"><div class=\"vc_col-sm-12 wpb_column vc_column_container\"><div class=\"vc_column-inner\"><div class=\"wpb_wrapper\"><div class=\"g-cols wpb_row content_top via_flex valign_top type_default stacking_default\"><div class=\"vc_col-sm-12 wpb_column vc_column_container\"><div class=\"vc_column-inner\"><div class=\"wpb_wrapper\"><h1 class=\"w-post-elm post_title entry-title color_link_inherit\">Zajv\u00e9delem a v\u00e1rosok, \u00f6nkorm\u00e1nyzatok, a kereskedelem \u00e9s az ipar sz\u00e1m\u00e1ra<\/h1><\/div><\/div><\/div><\/div><div class=\"g-cols wpb_row us_custom_4fb9e5a3 content_text via_flex valign_top type_default stacking_default\"><div class=\"vc_col-sm-12 wpb_column vc_column_container\"><div class=\"vc_column-inner\"><div class=\"wpb_wrapper\"><div class=\"wpb_text_column\"><div class=\"wpb_wrapper\"><p><span lang=\"HU\">\u00daj fejleszt\u00e9si ter\u00fcleteket \u00e9p\u00edt\u00fcnk egyre k\u00f6zelebb a megl\u00e9v\u0151 zajforr\u00e1sokhoz. Zajv\u00e9d\u0151 falak seg\u00edts\u00e9g\u00e9vel ez a zaj jelent\u0151sen cs\u00f6kkenthet\u0151. N\u00e9h\u00e1ny \u00faj fejleszt\u00e9si ter\u00fcletn\u00e9l elegend\u0151 a megl\u00e9v\u0151 talaj felhalmoz\u00e1sa zajv\u00e9d\u0151 falnak. Elegend\u0151 be\u00e9p\u00edt\u00e9si hellyel rendelkez\u0151 ter\u00fcleteken egy meredek fal alkalmas nagy teherb\u00edr\u00e1s\u00fa fal megtart\u00e1s\u00e1ra, m\u00e9ly alapoz\u00e1s n\u00e9lk\u00fcl. A v\u00e1rosi ter\u00fcleteken azonban sz\u0171k, m\u00e9ly alapokkal rendelkez\u0151 rendszerekre van sz\u00fcks\u00e9g. A Rau.de \u00f6sszes rendszere betelep\u00edthet\u0151 n\u00f6v\u00e9nyekkel. Egyr\u00e9szt a n\u00f6v\u00e9nyekkel t\u00f6rt\u00e9n\u0151 betelep\u00edt\u00e9s el\u0151ny\u00f6ket k\u00edn\u00e1l, ill. megk\u00f6nny\u00edti a karbantart\u00e1st \u00e9s k\u00f6lts\u00e9gmegtakar\u00edt\u00e1st is jelent. A zajv\u00e9d\u0151 falakkal kapcsolatban sokf\u00e9le v\u00e1ltozat lehets\u00e9ges. K\u00fcl\u00f6nb\u00f6z\u0151 t\u00edpus\u00fa falak \u00e9s falfajt\u00e1k vannak, valamint k\u00fcl\u00f6nf\u00e9le anyagok, amelyek egyedi ig\u00e9nyek szerint kombin\u00e1lhat\u00f3k.<\/span><\/p>\n<\/div><\/div><\/div><\/div><\/div><\/div><div class=\"g-cols wpb_row us_custom_4fb9e5a3 content_text via_flex valign_top type_default stacking_default\"><div class=\"vc_col-sm-4 wpb_column vc_column_container\"><div class=\"vc_column-inner\"><div class=\"wpb_wrapper\"><div class=\"w-image align_none\"><div class=\"w-image-h\"><img loading=\"lazy\" decoding=\"async\" width=\"600\" height=\"400\" src=\"https:\/\/rau.de\/wp-content\/uploads\/oekologische_laermschutzwand_rau_r3_frankfurt_am_main.jpg\" class=\"attachment-large size-large\" alt=\"Begr\u00fcnte L\" srcset=\"https:\/\/rau.de\/wp-content\/uploads\/oekologische_laermschutzwand_rau_r3_frankfurt_am_main.jpg 600w, https:\/\/rau.de\/wp-content\/uploads\/oekologische_laermschutzwand_rau_r3_frankfurt_am_main-300x200.jpg 300w\" sizes=\"auto, (max-width: 600px) 100vw, 600px\" \/><\/div><\/div><div class=\"w-separator size_medium\"><\/div><div class=\"w-btn-wrapper align_none\"><a class=\"w-btn us-btn-style_1\" title=\"Produkte\" href=\"https:\/\/rau.de\/hu\/termekek\/\"><span class=\"w-btn-label\">A term\u00e9kr\u0151l<\/span><\/a><\/div><\/div><\/div><\/div><div class=\"vc_col-sm-4 wpb_column vc_column_container\"><div class=\"vc_column-inner\"><div class=\"wpb_wrapper\"><div class=\"w-image align_none\"><div class=\"w-image-h\"><img loading=\"lazy\" decoding=\"async\" width=\"600\" height=\"400\" src=\"https:\/\/rau.de\/wp-content\/uploads\/steinfurt-oekologische-laermschutzwand.jpg\" class=\"attachment-large size-large\" alt=\"Begr\u00fcnte L\u00e4rmschutzwand an einem Wohngebiet in Steinfurt\" srcset=\"https:\/\/rau.de\/wp-content\/uploads\/steinfurt-oekologische-laermschutzwand.jpg 600w, https:\/\/rau.de\/wp-content\/uploads\/steinfurt-oekologische-laermschutzwand-300x200.jpg 300w\" sizes=\"auto, (max-width: 600px) 100vw, 600px\" \/><\/div><\/div><\/div><\/div><\/div><div class=\"vc_col-sm-4 wpb_column vc_column_container\"><div class=\"vc_column-inner\"><div class=\"wpb_wrapper\"><div class=\"w-image align_none\"><div class=\"w-image-h\"><img loading=\"lazy\" decoding=\"async\" width=\"1024\" height=\"683\" src=\"https:\/\/rau.de\/wp-content\/uploads\/oldenburg2-1-1024x683.jpg\" class=\"attachment-large size-large\" alt=\"\u00d6kologischer L\u00e4rmschutz f\u00fcr St\u00e4dte und Kommunen - RAU\" srcset=\"https:\/\/rau.de\/wp-content\/uploads\/oldenburg2-1.jpg 1024w, https:\/\/rau.de\/wp-content\/uploads\/oldenburg2-1-300x200.jpg 300w\" sizes=\"auto, (max-width: 1024px) 100vw, 1024px\" \/><\/div><\/div><\/div><\/div><\/div><\/div><\/div><\/div><\/div><\/div><\/div><\/section>\n","protected":false},"excerpt":{"rendered":"Zajv\u00e9delem a v\u00e1rosok, \u00f6nkorm\u00e1nyzatok, a kereskedelem \u00e9s az ipar sz\u00e1m\u00e1ra\u00daj fejleszt\u00e9si ter\u00fcleteket \u00e9p\u00edt\u00fcnk egyre k\u00f6zelebb a megl\u00e9v\u0151 zajforr\u00e1sokhoz. Zajv\u00e9d\u0151 falak seg\u00edts\u00e9g\u00e9vel ez a zaj jelent\u0151sen cs\u00f6kkenthet\u0151. N\u00e9h\u00e1ny \u00faj fejleszt\u00e9si ter\u00fcletn\u00e9l elegend\u0151 a megl\u00e9v\u0151 talaj felhalmoz\u00e1sa zajv\u00e9d\u0151 falnak. Elegend\u0151 be\u00e9p\u00edt\u00e9si hellyel rendelkez\u0151 ter\u00fcleteken egy meredek fal alkalmas nagy teherb\u00edr\u00e1s\u00fa fal megtart\u00e1s\u00e1ra, m\u00e9ly alapoz\u00e1s n\u00e9lk\u00fcl. A v\u00e1rosi...","protected":false},"author":2,"featured_media":20419,"parent":0,"menu_order":0,"comment_status":"closed","ping_status":"closed","template":"","meta":{"footnotes":""},"class_list":["post-9609","page","type-page","status-publish","has-post-thumbnail","hentry"],"yoast_head":"<!-- This site is optimized with the Yoast SEO plugin v27.5 - https:\/\/yoast.com\/product\/yoast-seo-wordpress\/ -->\n<title>\ud83c\udf32 Zajv\u00e9delem a v\u00e1rosok, a kereskedelem \u00e9s az ipar sz\u00e1m\u00e1ra\u2705<\/title>\n<meta name=\"description\" content=\"\u25b6\u00daj fejleszt\u00e9si ter\u00fcleteket \u00e9p\u00edt\u00fcnk egyre k\u00f6zelebb a megl\u00e9v\u0151 zajforr\u00e1sokhoz.\ud83c\udfc6 \u00c9rdekelt? B\u00edzunk benne, hogy hallani fogunk \u00f6nr\u0151l.\" \/>\n<meta name=\"robots\" content=\"index, follow, max-snippet:-1, max-image-preview:large, max-video-preview:-1\" \/>\n<link rel=\"canonical\" href=\"https:\/\/rau.de\/hu\/zajvedelem-a-varosok-oenkormanyzatok-a-kereskedelem-es-az-ipar-szamara\/\" \/>\n<meta property=\"og:locale\" content=\"hu_HU\" \/>\n<meta property=\"og:type\" content=\"article\" \/>\n<meta property=\"og:title\" content=\"\ud83c\udf32 Zajv\u00e9delem a v\u00e1rosok, a kereskedelem \u00e9s az ipar sz\u00e1m\u00e1ra\u2705\" \/>\n<meta property=\"og:description\" content=\"\u25b6\u00daj fejleszt\u00e9si ter\u00fcleteket \u00e9p\u00edt\u00fcnk egyre k\u00f6zelebb a megl\u00e9v\u0151 zajforr\u00e1sokhoz.\ud83c\udfc6 \u00c9rdekelt? B\u00edzunk benne, hogy hallani fogunk \u00f6nr\u0151l.\" \/>\n<meta property=\"og:url\" content=\"https:\/\/rau.de\/hu\/zajvedelem-a-varosok-oenkormanyzatok-a-kereskedelem-es-az-ipar-szamara\/\" \/>\n<meta property=\"og:site_name\" content=\"Rau | L\u00e4rmschutzw\u00e4nde\" \/>\n<meta property=\"article:modified_time\" content=\"2021-08-19T15:00:58+00:00\" \/>\n<meta property=\"og:image\" content=\"https:\/\/rau.de\/wp-content\/uploads\/R3Gruen16.jpg\" \/>\n\t<meta property=\"og:image:width\" content=\"1024\" \/>\n\t<meta property=\"og:image:height\" content=\"534\" \/>\n\t<meta property=\"og:image:type\" content=\"image\/jpeg\" \/>\n<meta name=\"twitter:card\" content=\"summary_large_image\" \/>\n<meta name=\"twitter:label1\" content=\"Becs\u00fclt olvas\u00e1si id\u0151\" \/>\n\t<meta name=\"twitter:data1\" content=\"2 perc\" \/>\n<script type=\"application\/ld+json\" class=\"yoast-schema-graph\">{\"@context\":\"https:\\\/\\\/schema.org\",\"@graph\":[{\"@type\":\"WebPage\",\"@id\":\"https:\\\/\\\/rau.de\\\/hu\\\/zajvedelem-a-varosok-oenkormanyzatok-a-kereskedelem-es-az-ipar-szamara\\\/\",\"url\":\"https:\\\/\\\/rau.de\\\/hu\\\/zajvedelem-a-varosok-oenkormanyzatok-a-kereskedelem-es-az-ipar-szamara\\\/\",\"name\":\"\ud83c\udf32 Zajv\u00e9delem a v\u00e1rosok, a kereskedelem \u00e9s az ipar sz\u00e1m\u00e1ra\u2705\",\"isPartOf\":{\"@id\":\"https:\\\/\\\/rau.de\\\/hu\\\/#website\"},\"primaryImageOfPage\":{\"@id\":\"https:\\\/\\\/rau.de\\\/hu\\\/zajvedelem-a-varosok-oenkormanyzatok-a-kereskedelem-es-az-ipar-szamara\\\/#primaryimage\"},\"image\":{\"@id\":\"https:\\\/\\\/rau.de\\\/hu\\\/zajvedelem-a-varosok-oenkormanyzatok-a-kereskedelem-es-az-ipar-szamara\\\/#primaryimage\"},\"thumbnailUrl\":\"https:\\\/\\\/rau.de\\\/wp-content\\\/uploads\\\/R3Gruen16.jpg\",\"datePublished\":\"2020-08-25T14:42:37+00:00\",\"dateModified\":\"2021-08-19T15:00:58+00:00\",\"description\":\"\u25b6\u00daj fejleszt\u00e9si ter\u00fcleteket \u00e9p\u00edt\u00fcnk egyre k\u00f6zelebb a megl\u00e9v\u0151 zajforr\u00e1sokhoz.\ud83c\udfc6 \u00c9rdekelt? B\u00edzunk benne, hogy hallani fogunk \u00f6nr\u0151l.\",\"breadcrumb\":{\"@id\":\"https:\\\/\\\/rau.de\\\/hu\\\/zajvedelem-a-varosok-oenkormanyzatok-a-kereskedelem-es-az-ipar-szamara\\\/#breadcrumb\"},\"inLanguage\":\"hu\",\"potentialAction\":[{\"@type\":\"ReadAction\",\"target\":[\"https:\\\/\\\/rau.de\\\/hu\\\/zajvedelem-a-varosok-oenkormanyzatok-a-kereskedelem-es-az-ipar-szamara\\\/\"]}]},{\"@type\":\"ImageObject\",\"inLanguage\":\"hu\",\"@id\":\"https:\\\/\\\/rau.de\\\/hu\\\/zajvedelem-a-varosok-oenkormanyzatok-a-kereskedelem-es-az-ipar-szamara\\\/#primaryimage\",\"url\":\"https:\\\/\\\/rau.de\\\/wp-content\\\/uploads\\\/R3Gruen16.jpg\",\"contentUrl\":\"https:\\\/\\\/rau.de\\\/wp-content\\\/uploads\\\/R3Gruen16.jpg\",\"width\":1024,\"height\":534,\"caption\":\"Green noise protection wall along the road\"},{\"@type\":\"BreadcrumbList\",\"@id\":\"https:\\\/\\\/rau.de\\\/hu\\\/zajvedelem-a-varosok-oenkormanyzatok-a-kereskedelem-es-az-ipar-szamara\\\/#breadcrumb\",\"itemListElement\":[{\"@type\":\"ListItem\",\"position\":1,\"name\":\"Startseite\",\"item\":\"https:\\\/\\\/rau.de\\\/hu\\\/\"},{\"@type\":\"ListItem\",\"position\":2,\"name\":\"Zajv\u00e9delem a v\u00e1rosok, \u00f6nkorm\u00e1nyzatok, a kereskedelem \u00e9s az ipar sz\u00e1m\u00e1ra\"}]},{\"@type\":\"WebSite\",\"@id\":\"https:\\\/\\\/rau.de\\\/hu\\\/#website\",\"url\":\"https:\\\/\\\/rau.de\\\/hu\\\/\",\"name\":\"Rau | L\u00e4rmschutzw\u00e4nde\",\"description\":\"Entwicklung und Umsetzung von L\u00e4rmschutzwand und Schallschutzwand\",\"publisher\":{\"@id\":\"https:\\\/\\\/rau.de\\\/hu\\\/#organization\"},\"potentialAction\":[{\"@type\":\"SearchAction\",\"target\":{\"@type\":\"EntryPoint\",\"urlTemplate\":\"https:\\\/\\\/rau.de\\\/hu\\\/?s={search_term_string}\"},\"query-input\":{\"@type\":\"PropertyValueSpecification\",\"valueRequired\":true,\"valueName\":\"search_term_string\"}}],\"inLanguage\":\"hu\"},{\"@type\":\"Organization\",\"@id\":\"https:\\\/\\\/rau.de\\\/hu\\\/#organization\",\"name\":\"RAU L\u00e4rmschutzw\u00e4nde \u2013 Geosystem GBK GmbH\",\"url\":\"https:\\\/\\\/rau.de\\\/hu\\\/\",\"logo\":{\"@type\":\"ImageObject\",\"inLanguage\":\"hu\",\"@id\":\"https:\\\/\\\/rau.de\\\/hu\\\/#\\\/schema\\\/logo\\\/image\\\/\",\"url\":\"https:\\\/\\\/rau.de\\\/wp-content\\\/uploads\\\/web_logo.png\",\"contentUrl\":\"https:\\\/\\\/rau.de\\\/wp-content\\\/uploads\\\/web_logo.png\",\"width\":249,\"height\":127,\"caption\":\"RAU L\u00e4rmschutzw\u00e4nde \u2013 Geosystem GBK GmbH\"},\"image\":{\"@id\":\"https:\\\/\\\/rau.de\\\/hu\\\/#\\\/schema\\\/logo\\\/image\\\/\"}}]}<\/script>\n<!-- \/ Yoast SEO plugin. -->","yoast_head_json":{"title":"\ud83c\udf32 Zajv\u00e9delem a v\u00e1rosok, a kereskedelem \u00e9s az ipar sz\u00e1m\u00e1ra\u2705","description":"\u25b6\u00daj fejleszt\u00e9si ter\u00fcleteket \u00e9p\u00edt\u00fcnk egyre k\u00f6zelebb a megl\u00e9v\u0151 zajforr\u00e1sokhoz.\ud83c\udfc6 \u00c9rdekelt? B\u00edzunk benne, hogy hallani fogunk \u00f6nr\u0151l.","robots":{"index":"index","follow":"follow","max-snippet":"max-snippet:-1","max-image-preview":"max-image-preview:large","max-video-preview":"max-video-preview:-1"},"canonical":"https:\/\/rau.de\/hu\/zajvedelem-a-varosok-oenkormanyzatok-a-kereskedelem-es-az-ipar-szamara\/","og_locale":"hu_HU","og_type":"article","og_title":"\ud83c\udf32 Zajv\u00e9delem a v\u00e1rosok, a kereskedelem \u00e9s az ipar sz\u00e1m\u00e1ra\u2705","og_description":"\u25b6\u00daj fejleszt\u00e9si ter\u00fcleteket \u00e9p\u00edt\u00fcnk egyre k\u00f6zelebb a megl\u00e9v\u0151 zajforr\u00e1sokhoz.\ud83c\udfc6 \u00c9rdekelt? B\u00edzunk benne, hogy hallani fogunk \u00f6nr\u0151l.","og_url":"https:\/\/rau.de\/hu\/zajvedelem-a-varosok-oenkormanyzatok-a-kereskedelem-es-az-ipar-szamara\/","og_site_name":"Rau | L\u00e4rmschutzw\u00e4nde","article_modified_time":"2021-08-19T15:00:58+00:00","og_image":[{"width":1024,"height":534,"url":"https:\/\/rau.de\/wp-content\/uploads\/R3Gruen16.jpg","type":"image\/jpeg"}],"twitter_card":"summary_large_image","twitter_misc":{"Becs\u00fclt olvas\u00e1si id\u0151":"2 perc"},"schema":{"@context":"https:\/\/schema.org","@graph":[{"@type":"WebPage","@id":"https:\/\/rau.de\/hu\/zajvedelem-a-varosok-oenkormanyzatok-a-kereskedelem-es-az-ipar-szamara\/","url":"https:\/\/rau.de\/hu\/zajvedelem-a-varosok-oenkormanyzatok-a-kereskedelem-es-az-ipar-szamara\/","name":"\ud83c\udf32 Zajv\u00e9delem a v\u00e1rosok, a kereskedelem \u00e9s az ipar sz\u00e1m\u00e1ra\u2705","isPartOf":{"@id":"https:\/\/rau.de\/hu\/#website"},"primaryImageOfPage":{"@id":"https:\/\/rau.de\/hu\/zajvedelem-a-varosok-oenkormanyzatok-a-kereskedelem-es-az-ipar-szamara\/#primaryimage"},"image":{"@id":"https:\/\/rau.de\/hu\/zajvedelem-a-varosok-oenkormanyzatok-a-kereskedelem-es-az-ipar-szamara\/#primaryimage"},"thumbnailUrl":"https:\/\/rau.de\/wp-content\/uploads\/R3Gruen16.jpg","datePublished":"2020-08-25T14:42:37+00:00","dateModified":"2021-08-19T15:00:58+00:00","description":"\u25b6\u00daj fejleszt\u00e9si ter\u00fcleteket \u00e9p\u00edt\u00fcnk egyre k\u00f6zelebb a megl\u00e9v\u0151 zajforr\u00e1sokhoz.\ud83c\udfc6 \u00c9rdekelt? B\u00edzunk benne, hogy hallani fogunk \u00f6nr\u0151l.","breadcrumb":{"@id":"https:\/\/rau.de\/hu\/zajvedelem-a-varosok-oenkormanyzatok-a-kereskedelem-es-az-ipar-szamara\/#breadcrumb"},"inLanguage":"hu","potentialAction":[{"@type":"ReadAction","target":["https:\/\/rau.de\/hu\/zajvedelem-a-varosok-oenkormanyzatok-a-kereskedelem-es-az-ipar-szamara\/"]}]},{"@type":"ImageObject","inLanguage":"hu","@id":"https:\/\/rau.de\/hu\/zajvedelem-a-varosok-oenkormanyzatok-a-kereskedelem-es-az-ipar-szamara\/#primaryimage","url":"https:\/\/rau.de\/wp-content\/uploads\/R3Gruen16.jpg","contentUrl":"https:\/\/rau.de\/wp-content\/uploads\/R3Gruen16.jpg","width":1024,"height":534,"caption":"Green noise protection wall along the road"},{"@type":"BreadcrumbList","@id":"https:\/\/rau.de\/hu\/zajvedelem-a-varosok-oenkormanyzatok-a-kereskedelem-es-az-ipar-szamara\/#breadcrumb","itemListElement":[{"@type":"ListItem","position":1,"name":"Startseite","item":"https:\/\/rau.de\/hu\/"},{"@type":"ListItem","position":2,"name":"Zajv\u00e9delem a v\u00e1rosok, \u00f6nkorm\u00e1nyzatok, a kereskedelem \u00e9s az ipar sz\u00e1m\u00e1ra"}]},{"@type":"WebSite","@id":"https:\/\/rau.de\/hu\/#website","url":"https:\/\/rau.de\/hu\/","name":"Rau | L\u00e4rmschutzw\u00e4nde","description":"Entwicklung und Umsetzung von L\u00e4rmschutzwand und Schallschutzwand","publisher":{"@id":"https:\/\/rau.de\/hu\/#organization"},"potentialAction":[{"@type":"SearchAction","target":{"@type":"EntryPoint","urlTemplate":"https:\/\/rau.de\/hu\/?s={search_term_string}"},"query-input":{"@type":"PropertyValueSpecification","valueRequired":true,"valueName":"search_term_string"}}],"inLanguage":"hu"},{"@type":"Organization","@id":"https:\/\/rau.de\/hu\/#organization","name":"RAU L\u00e4rmschutzw\u00e4nde \u2013 Geosystem GBK GmbH","url":"https:\/\/rau.de\/hu\/","logo":{"@type":"ImageObject","inLanguage":"hu","@id":"https:\/\/rau.de\/hu\/#\/schema\/logo\/image\/","url":"https:\/\/rau.de\/wp-content\/uploads\/web_logo.png","contentUrl":"https:\/\/rau.de\/wp-content\/uploads\/web_logo.png","width":249,"height":127,"caption":"RAU L\u00e4rmschutzw\u00e4nde \u2013 Geosystem GBK GmbH"},"image":{"@id":"https:\/\/rau.de\/hu\/#\/schema\/logo\/image\/"}}]}},"_links":{"self":[{"href":"https:\/\/rau.de\/hu\/wp-json\/wp\/v2\/pages\/9609","targetHints":{"allow":["GET"]}}],"collection":[{"href":"https:\/\/rau.de\/hu\/wp-json\/wp\/v2\/pages"}],"about":[{"href":"https:\/\/rau.de\/hu\/wp-json\/wp\/v2\/types\/page"}],"author":[{"embeddable":true,"href":"https:\/\/rau.de\/hu\/wp-json\/wp\/v2\/users\/2"}],"replies":[{"embeddable":true,"href":"https:\/\/rau.de\/hu\/wp-json\/wp\/v2\/comments?post=9609"}],"version-history":[{"count":1,"href":"https:\/\/rau.de\/hu\/wp-json\/wp\/v2\/pages\/9609\/revisions"}],"predecessor-version":[{"id":9610,"href":"https:\/\/rau.de\/hu\/wp-json\/wp\/v2\/pages\/9609\/revisions\/9610"}],"wp:featuredmedia":[{"embeddable":true,"href":"https:\/\/rau.de\/hu\/wp-json\/wp\/v2\/media\/20419"}],"wp:attachment":[{"href":"https:\/\/rau.de\/hu\/wp-json\/wp\/v2\/media?parent=9609"}],"curies":[{"name":"wp","href":"https:\/\/api.w.org\/{rel}","templated":true}]}}