{"id":9575,"date":"2020-08-25T15:59:55","date_gmt":"2020-08-25T13:59:55","guid":{"rendered":"https:\/\/rau.de\/?page_id=9575"},"modified":"2022-01-20T14:08:16","modified_gmt":"2022-01-20T13:08:16","slug":"zajvedo-falak","status":"publish","type":"page","link":"https:\/\/rau.de\/hu\/zajvedo-falak\/","title":{"rendered":"Zajv\u00e9d\u0151 falak"},"content":{"rendered":"<section class=\"l-section wpb_row height_medium full_height valign_center with_img parallax_fixed\" id=\"kontakt\"><div class=\"l-section-img\" role=\"img\" data-img-width=\"2000\" data-img-height=\"1122\" style=\"background-image: url(https:\/\/rau.de\/wp-content\/uploads\/bg.jpg);\"><\/div><div class=\"l-section-h i-cf\"><div class=\"g-cols vc_row via_flex valign_top type_default stacking_default\"><div class=\"vc_col-sm-12 wpb_column vc_column_container\"><div class=\"vc_column-inner\"><div class=\"wpb_wrapper\"><div class=\"g-cols wpb_row content_top via_flex valign_top type_default stacking_default\"><div class=\"vc_col-sm-12 wpb_column vc_column_container\"><div class=\"vc_column-inner\"><div class=\"wpb_wrapper\"><h1 class=\"w-post-elm post_title entry-title color_link_inherit\">Zajv\u00e9d\u0151 falak<\/h1><\/div><\/div><\/div><\/div><div class=\"g-cols wpb_row us_custom_4fb9e5a3 content_text via_flex valign_top type_default stacking_default\"><div class=\"vc_col-sm-12 wpb_column vc_column_container\"><div class=\"vc_column-inner\"><div class=\"wpb_wrapper\"><div class=\"wpb_text_column\"><div class=\"wpb_wrapper\"><h2><span lang=\"HU\">Z\u00f6ld zajv\u00e9delem az utakon: k\u00f6rnyezetbar\u00e1t, fenntarthat\u00f3 \u00e9s k\u00f6nnyen gondozhat\u00f3<\/span><\/h2>\n<p><span lang=\"HU\">A n\u00f6v\u00e9nyekkel befuttatott zajv\u00e9d\u0151 falak sz\u00e9les k\u00f6r\u0171 felhaszn\u00e1l\u00e1si lehet\u0151s\u00e9geket k\u00edn\u00e1lnak: Nemcsak \u00f6kol\u00f3giai \u00e9s k\u00f6rnyezetbar\u00e1tok, hanem harmonikusan beilleszkednek a t\u00e1jba is. Ahol a betonfalak csupasznak \u00e9s ridegnek t\u0171nnek, az utc\u00e1k n\u00f6v\u00e9nyekkel befuttatott zajv\u00e9d\u0151 falai term\u00e9szetes elemk\u00e9nt jelennek meg, amelyek le\u00e1rny\u00e9kolj\u00e1k a zajt \u00e9s a hangot, \u00e9s \u00e9szrev\u00e9tlen\u00fcl integr\u00e1l\u00f3dnak a k\u00f6rnyezetbe.<\/span><\/p>\n<p><span lang=\"HU\">A sz\u00f6vets\u00e9gi aut\u00f3p\u00e1ly\u00e1k vagy f\u0151utak k\u00f6zel\u00e9ben a lak\u00f3\u00f6vezeteket \u00e9s term\u00e9szetes ter\u00fcleteket \u00e1ltal\u00e1ban magas zajszint \u00e9rinti. A Sz\u00f6vets\u00e9gi K\u00f6rnyezetv\u00e9delmi \u00dcgyn\u00f6ks\u00e9g felm\u00e9r\u00e9sei azt mutatj\u00e1k, hogy sok polg\u00e1rt zavar \u00e9s korl\u00e1toz a motorok \u00e9s a menetzajok \u00e1lland\u00f3 zajszennyez\u00e9se. Az aut\u00f3p\u00e1ly\u00e1k \u00e9s a nagyobb utak zajv\u00e9d\u0151 falai ez\u00e9rt fontos eszk\u00f6zei a lakoss\u00e1g, de a term\u00e9szetben \u00e9l\u0151 \u00e9l\u0151l\u00e9nyek \u00e9letmin\u0151s\u00e9g\u00e9nek jav\u00edt\u00e1s\u00e1hoz.<\/span><\/p>\n<h2><span lang=\"HU\">Mi\u00e9rt a RAU z\u00f6ld zajv\u00e9d\u0151 falait \u00e9p\u00edts\u00e9k az utakra \u00e9s az aut\u00f3p\u00e1ly\u00e1kra?<\/span><\/h2>\n<p><span lang=\"HU\">K\u00fcl\u00f6nb\u00f6z\u0151 szerkezeti int\u00e9zked\u00e9sek, p\u00e9ld\u00e1ul a suttog\u00f3 aszfalt vagy a hangszigetel\u0151 falak fenntarthat\u00f3 m\u00f3don cs\u00f6kkenthetik a kulcsfontoss\u00e1g\u00fa forr\u00e1sok zavar\u00f3 hat\u00e1sait. K\u00fcl\u00f6n\u00f6sen a n\u00f6v\u00e9nyekkel befuttatott zajv\u00e9d\u0151 falaknak vannak k\u00fcl\u00f6nleges el\u0151nye a j\u00f3 tulajdons\u00e1guk miatt: Fenntarthat\u00f3ak \u00e9s k\u00f6rnyezetbar\u00e1tok, mivel zavartalan visszavonul\u00e1st \u00e9s f\u00e9szkel\u00e9si lehet\u0151s\u00e9geket k\u00edn\u00e1lnak a helyi faun\u00e1nak.<\/span><\/p>\n<p><span lang=\"HU\">Minden zajv\u00e9delmi szerkezetnek megvannak a maga k\u00f6vetelm\u00e9nyei az altalaj, az \u00fat elrendez\u00e9se \u00e9s a rendelkez\u00e9sre \u00e1ll\u00f3 ter\u00fclet szempontj\u00e1b\u00f3l. Rugalmas rendszerrel \u00e9s sok tapasztalattal t\u00f6k\u00e9letesen reag\u00e1lunk minden k\u00f6r\u00fclm\u00e9nyre \u00e9s a zajv\u00e9delmi projektjeinket ezekhez adapt\u00e1ljuk. \u00c9p\u00edt\u0151anyagainknak is sz\u00e1mos el\u0151nye van az \u00d6n sz\u00e1m\u00e1ra:<\/span><\/p>\n<p><span lang=\"HU\">&gt; modul\u00e1ris alkatr\u00e9szek b\u00e1rmilyen m\u00e9ret\u0171 projekt megval\u00f3s\u00edt\u00e1s\u00e1hoz r\u00f6vid \u00e9p\u00edt\u00e9si id\u0151szakkal<\/span><\/p>\n<p><span lang=\"HU\">&gt; \u00f6kol\u00f3giai \u00e9p\u00edtkez\u00e9s, a fenntarthat\u00f3s\u00e1gra \u00e9s a k\u00f6rnyezetbar\u00e1ts\u00e1gra \u00f6sszpontos\u00edtva<\/span><\/p>\n<p><span lang=\"HU\">&gt; robosztus fel\u00e9p\u00edt\u00e9s tart\u00f3s anyagokkal<\/span><\/p>\n<p><span lang=\"HU\">&gt; k\u00fcl\u00f6nb\u00f6z\u0151 modellek, amelyek optim\u00e1lisan adapt\u00e1lhat\u00f3k a helyi felt\u00e9telekhez<\/span><\/p>\n<p><span lang=\"HU\">&gt; testreszabott n\u00f6v\u00e9nyzet az \u00d6n ig\u00e9nyei szerint<\/span><\/p>\n<p><span lang=\"HU\">&gt; Az \u00f6sszes felhaszn\u00e1lt anyag garant\u00e1lt min\u0151s\u00e9g\u0171<\/span><\/p>\n<p><span lang=\"HU\">M\u00e9rn\u00f6keink alaposan \u00e1ttekintenek mindent, ami az \u00d6n projektj\u00e9hez tartozik: Hely, hely, \u00fatvonal \u00e9s falmagass\u00e1g. Tov\u00e1bbi seg\u00edts\u00e9get ny\u00fajtunk \u00d6nnek, p\u00e1ly\u00e1zatok, tervek \u00e9s zajv\u00e9delmi jelent\u00e9sek k\u00e9sz\u00edt\u00e9s\u00e9ben. Nem sz\u00e1m\u00edt, melyik zajv\u00e9delmi rendszert v\u00e1lasztja: Az \u00d6n oldal\u00e1n \u00e1llunk tapasztalatokkal, know-how-val \u00e9s sima fel\u00e9p\u00edt\u00e9ssel.<\/span><\/p>\n<h2><span lang=\"HU\">Mik azok z\u00f6ld zajv\u00e9d\u0151 falak az utak, aut\u00f3p\u00e1ly\u00e1k ment\u00e9n?<\/span><\/h2>\n<p><span lang=\"HU\">Az aut\u00f3p\u00e1ly\u00e1k n\u00f6v\u00e9nyekkel befuttatott RAU zajv\u00e9d\u0151 falai kombin\u00e1lj\u00e1k a k\u00f6rnyezettudatos \u00e9p\u00edtm\u00e9nyt, a m\u0171szaki know-how-t \u00e9s a vonz\u00f3 tervez\u00e9st. \u00c9p\u00edt\u00e9szeink k\u00fcl\u00f6nf\u00e9le alapterm\u00e9keket haszn\u00e1lnak a minden k\u00f6vetelm\u00e9nyt kiel\u00e9g\u00edt\u0151 zajv\u00e9d\u0151 falak megtervez\u00e9s\u00e9hez &#8211; mindig fenntarthat\u00f3 \u00e9s z\u00f6ld.<\/span><\/p>\n<p><span lang=\"HU\">Nagy zaj els\u0151sorban forgalmi zaj form\u00e1j\u00e1ban jelentkezik a f\u0151 forgalmi art\u00e9ri\u00e1k, p\u00e9ld\u00e1ul az aut\u00f3p\u00e1ly\u00e1k, a vasutak \u00e9s az orsz\u00e1gutak ment\u00e9n. Ezek gyakran k\u00f6zvetlen\u00fcl olyan lak\u00f3\u00f6vezetek vagy term\u00e9szeti ter\u00fcletek mellett vezetnek el, amelyeket \u00e9rdemes meg\u00f3vni. A RAU modern \u00e9s \u00f6kol\u00f3giai zajv\u00e9d\u0151 falaival hat\u00e9kony zaj- \u00e9s zajv\u00e9delem \u00e9p\u00edthet\u0151 ki, amely illeszkedik a k\u00f6rnyezetbe, \u00e9s nem csup\u00e1n vizu\u00e1lis effektusokat hoz l\u00e9tre a betelep\u00edt\u00e9s sor\u00e1n.<\/span><\/p>\n<p><span lang=\"HU\">A RAU \u00f6sszes zajv\u00e9d\u0151 rendszere 100% -ban \u00f6kol\u00f3giai, \u00e9s a n\u00f6v\u00e9nyzetnek k\u00f6sz\u00f6nhet\u0151en cs\u00f6kkenti a porr\u00e9szecsk\u00e9ksz\u00e1m\u00e1t \u00e9s nagym\u00e9rt\u00e9kben elnyeli a zajt &#8211; mindk\u00e9t oldalon Alig kell er\u0151fesz\u00edt\u00e9st tenni az aut\u00f3p\u00e1ly\u00e1k z\u00f6ld zajv\u00e9d\u0151 falainak gondoz\u00e1s\u00e1ban \u00e9s karbantart\u00e1s\u00e1ban. Minden hangszigetel\u0151 rendszer modul\u00e1risan, k\u00f6lts\u00e9ghat\u00e9konyan \u00e9s fenntarthat\u00f3an \u00e9p\u00edthet\u0151 \u00e9s k\u00f6nnyen kombin\u00e1lhat\u00f3. Az UV-biztos anyagok magas szint\u0171 korr\u00f3zi\u00f3\u00e1ll\u00f3s\u00e1got biztos\u00edtanak.<\/span><\/p>\n<h2><span lang=\"HU\">Milyen lehet\u0151s\u00e9gei vannak a n\u00f6v\u00e9nyekkel befuttatott zaj elleni v\u00e9delem \u00e9p\u00edt\u00e9s\u00e9re az utak ment\u00e9n?<\/span><\/h2>\n<p><span lang=\"HU\">A k\u00fcl\u00f6nb\u00f6z\u0151 sz\u00e9less\u00e9g\u0171, m\u00e9ret\u0171 \u00e9s k\u00fcl\u00f6nb\u00f6z\u0151 funkci\u00f3kkal rendelkez\u0151 utak \u00e9s aut\u00f3p\u00e1ly\u00e1k zajv\u00e9d\u0151 falai sz\u00e9les v\u00e1laszt\u00e9k\u00e1nak k\u00f6sz\u00f6nhet\u0151en a RAU-n\u00e1l testreszabott elrendez\u00e9st k\u00edn\u00e1lunk \u00d6nnek az \u00d6n ig\u00e9nyeihez \u00e9s a k\u00f6rnyezethez <a href=\"https:\/\/rau.de\/hu\/produkt\/rau-r3-extensiv-zajvedo-fal-max-epitesi-magassag-12-meter\/\">igaz\u00edtva.<\/a><\/span><\/p>\n<h4><a href=\"https:\/\/rau.de\/hu\/produkt\/rau-r3-extensiv-zajvedo-fal-max-epitesi-magassag-12-meter\/\"><span lang=\"HU\">A sokoldal\u00fa: a RAU R3 Extensiv zajv\u00e9d\u0151 fal &#8211; egyszer\u0171en, gyorsan telep\u00edthet\u0151 \u00e9s stabil<\/span><\/a><\/h4>\n<p><span lang=\"HU\">A RAU R3 Extensiv, tizenk\u00e9t m\u00e9ter magas zajv\u00e9d\u0151 fal\u00e1t gyorsan \u00e9s egyszer\u0171en lehet fel\u00e9p\u00edteni. Ezek az utak, aut\u00f3p\u00e1ly\u00e1k \u00e9s vasutak stabil, trap\u00e9z alakban elkeskenyed\u0151 hangszigetel\u0151 falai t\u00f6m\u00f6r ac\u00e9lkeretb\u0151l \u00e1llnak, amely egy al\u00e1t\u00e1maszt\u00f3 profilb\u00f3l, f\u00fcgg\u0151leges rudakb\u00f3l \u00e9s k\u00fcls\u0151 sz\u0151nyegekb\u0151l \u00e1ll. A modul\u00e1ris fel\u00e9p\u00edt\u00e9si rendszernek k\u00f6sz\u00f6nhet\u0151en az R3 zajv\u00e9d\u0151 fal ac\u00e9lkerete k\u00f6nnyen \u00f6ssze\u00e1ll\u00edthat\u00f3 az \u00e9p\u00edtkez\u00e9s sor\u00e1n. A zajv\u00e9d\u0151 fal k\u00fcls\u0151 oldal\u00e1n r\u00e1cs van, amelyen k\u00fasz\u00f3n\u00f6v\u00e9nyek n\u0151hetnek. Az R3 zajv\u00e9d\u0151 fal minden \u00f6nthet\u0151 \u00e9s t\u00f6m\u00f6r\u00edthet\u0151 anyaggal megt\u00f6lthet\u0151, p\u00e9ld\u00e1ul homokkal, kaviccsal vagy RC \u00e9p\u00edt\u0151anyaggal.<\/span><\/p>\n<p><span lang=\"HU\">Az alszerkezet egy egyszeres tisztas\u00e1gi kavicsr\u00e9tegb\u0151l \u00e1ll. A kanyarg\u00f3s utakon, a ugrat\u00f3kon vagy egyenetlen talajon t\u00f6rt\u00e9n\u0151 fel\u00e9p\u00edt\u00e9s sem jelent probl\u00e9m\u00e1t. Att\u00f3l f\u00fcgg\u0151en, hogy mennyi hely \u00e1ll rendelkez\u00e9sre, az utcai zaj elleni v\u00e9delem sz\u00e9lesebb vagy keskenyebb lehet, k\u00fcl\u00f6n\u00f6sebb er\u0151fesz\u00edt\u00e9sek n\u00e9lk\u00fcl (korona sz\u00e9less\u00e9ge 60 \u00e9s 80 cm k\u00f6z\u00f6tt).<\/span><\/p>\n<p><span lang=\"HU\">Ez a zajv\u00e9delem az utakon \u00e9s az aut\u00f3p\u00e1ly\u00e1kon nagym\u00e9rt\u00e9kben elnyel\u0151, \u00edgy a lak\u00f3\u00f6vezetek vagy a term\u00e9szetes ter\u00fcletek kellemes nyugalomban fekszenek m\u00f6g\u00f6tt\u00fck. \u00c9p\u00edt\u00e9szeink itt \u00e9pp\u00fagy figyelembe veszik a k\u00f6rnyezet egyedi ig\u00e9nyeit, mint ahogy a zajv\u00e9d\u0151 fal be\u00e9p\u00edt\u00e9s\u00e9t a k\u00f6rnyezetbe.<\/span><\/p>\n<p><i><span lang=\"HU\">A RAU R3 \u00f6sszes el\u0151ny\u00e9nek \u00e1ttekint\u00e9se:<\/span><\/i><\/p>\n<p><span lang=\"HU\">&gt; a legmagasabb hangszigetel\u00e9si \u00e9rt\u00e9ket k\u00edn\u00e1lja az 55\u201368 dB tartom\u00e1nyban<\/span><\/p>\n<p><span lang=\"HU\">&gt; a legjobb zajv\u00e9delem az utcai zaj ellen a legal\u00e1bb 800 kg \/ m2 t\u00f6megnek k\u00f6sz\u00f6nhet\u0151en<\/span><\/p>\n<p><span lang=\"HU\">&gt; rendk\u00edv\u00fcl hossz\u00fa \u00e9lettartam, minden alkatr\u00e9szre bebizony\u00edtva<\/span><\/p>\n<p><span lang=\"HU\">&gt; a legjobb \u00e1r-teljes\u00edtm\u00e9ny ar\u00e1ny a piacon<\/span><\/p>\n<p><span lang=\"HU\">&gt; tart\u00f3s \u00e9s m\u00e9gis olcs\u00f3<\/span><\/p>\n<h4><a href=\"https:\/\/rau.de\/hu\/produkt\/rau-alpin-epitesi-magassag-max-10-meter\/\"><span lang=\"HU\">Term\u00e9szetesen k\u0151b\u0151l: a RAU Alpin zajv\u00e9d\u0151 fala hat\u00e9kony zajv\u00e9d\u0151 falakhoz<\/span><\/a><\/h4>\n<p><span lang=\"HU\">A RAU R3 Extensiv zajv\u00e9d\u0151 fal\u00e1hoz hasonl\u00f3an az aut\u00f3p\u00e1ly\u00e1k \u00e9s utak RAU Alpin zajv\u00e9d\u0151 fal\u00e1nak is van ac\u00e9l ketrece. Beton alapon \u00e9s \u00fajrahasznos\u00edtott anyagb\u00f3l k\u00e9sz\u00fclt alapr\u00e9teggel ez biztos\u00edtja a biztons\u00e1gos \u00e1ll\u00e1st \u00e9s a tizenk\u00e9t m\u00e9ter magas szil\u00e1rd \u00e1llv\u00e1nyt. A monolit homokmag, amellyel a bels\u0151 ac\u00e9lkeret meg van t\u00f6ltve, biztos\u00edtja az optim\u00e1lis hangszigetel\u00e9st.<\/span><\/p>\n<p><span lang=\"HU\">Az aut\u00f3p\u00e1ly\u00e1k hangszigetel\u0151 falainak tart\u00f3szerkezete k\u00f6r\u00e9 egy ac\u00e9lkos\u00e1r ker\u00fcl, amelyet k\u00edv\u00e1ns\u00e1g szerint k\u0151vel lehet felt\u00f6lteni: V\u00e1laszthat gr\u00e1nit, kavics vagy l\u00e1va k\u00f6vek k\u00f6z\u00fcl. A k\u00f6vek sz\u00edne hozz\u00e1igaz\u00edthat\u00f3 a k\u00f6rnyezethez, \u00edgy a zajv\u00e9d\u0151 fal harmonikusan integr\u00e1lhat\u00f3 a k\u00f6rnyezet\u00e9be. A term\u00e9szetes k\u0151 kialak\u00edt\u00e1s\u00e1nak kieg\u00e9sz\u00edt\u00e9sek\u00e9nt a k\u00fasz\u00f3n\u00f6v\u00e9nyek feln\u0151hetnek a r\u00e1cson.<\/span><\/p>\n<p><span lang=\"HU\">Az alpesi zajv\u00e9d\u0151 fal stabil szerkezete \u00e9s szil\u00e1rd homokos magja biztos\u00edtja az optim\u00e1lis zajcs\u00f6kkent\u00e9st a m\u00e1sik oldalon. \u00c9p\u00edt\u00e9szeink itt is \u00f6sszehangolj\u00e1k a v\u00e9d\u0151fal terveit a helyi felt\u00e9telekkel.<\/span><\/p>\n<p><i><span lang=\"HU\">A RAU Alpin hangszigetel\u0151 fal \u00f6sszes el\u0151ny\u00e9nek \u00e1ttekint\u00e9se:<\/span><\/i><\/p>\n<p><span lang=\"HU\">&gt; A legmagasabb zajv\u00e9d\u0151 \u00e9rt\u00e9kek \u00e9rhet\u0151k el<\/span><\/p>\n<p><span lang=\"HU\">&gt; Probl\u00e9mamentesen lehet betelep\u00edteni<\/span><\/p>\n<p><span lang=\"HU\">&gt; term\u00e9sk\u0151 gabion term\u00e9szetes megjelen\u00e9se<\/span><\/p>\n<p><span lang=\"HU\">&gt; monolit, teljesen fugamentes homokmag<\/span><\/p>\n<p><span lang=\"HU\">&gt; K\u00f6nnyen kombin\u00e1lhat\u00f3 m\u00e1s RAU zajv\u00e9d\u0151 fallal aut\u00f3p\u00e1ly\u00e1k \u00e9s utak ment\u00e9n<\/span><\/p>\n<h4><a href=\"https:\/\/rau.de\/hu\/produkt\/rau-rock-extensiv-zajvedo-fal-max-epitesi-magassag-10-meter\/\"><span lang=\"HU\">Gyors, keskeny, z\u00f6ld: a RAU Rock Extensiv zajv\u00e9d\u0151 fala<\/span><\/a><\/h4>\n<p><span lang=\"HU\">A RAU Rock Extensiv zajv\u00e9d\u0151 fal praktikus \u00e9s pillanatokon bel\u00fcl fel\u00e9p\u00edthet\u0151 forgalmas utak \u00e9s m\u00e1s zajforr\u00e1sok ment\u00e9n, annak \u00e9rdek\u00e9ben, hogy a motor- \u00e9s egy\u00e9b zajok t\u00e1vol maradjanak a lak\u00f3\u00f6vezetekt\u0151l. Ahol a lak\u00f3h\u00e1zak szinte k\u00f6zvetlen\u00fcl a nagyobb utak ment\u00e9n helyezkednek el, \u00e1ltal\u00e1ban nincs hely a zajv\u00e9d\u0151 falaknak. Ez\u00e9rt k\u00edn\u00e1ljuk \u00d6nnek ezt a gyakorlati \u00e9s \u00f6kol\u00f3giai zajv\u00e9d\u0151 falrendszert, amelynek minim\u00e1lis sz\u00e9less\u00e9ge mind\u00f6ssze 130 mm. Az egyes elemeket el\u0151re \u00f6ssze\u00e1ll\u00edtva \u00e9s kis er\u0151fesz\u00edt\u00e9ssel a helysz\u00ednen egy plug-in rendszer seg\u00edts\u00e9g\u00e9vel lehet beszerelni Csak a m\u00e9ly alap\u00fa l\u00e1bazatot kell el\u0151k\u00e9sz\u00edteni.<\/span><\/p>\n<p><span lang=\"HU\">K\u00edv\u00fclr\u0151l a RAU Rock fel\u00fclete alig k\u00fcl\u00f6nb\u00f6ztetheti meg a sz\u00e9lesebb v\u00e1laszfalakt\u00f3l. Mint a portf\u00f3li\u00f3nk t\u00f6bbi zajv\u00e9d\u0151 fal\u00e1n\u00e1l, a k\u00fasz\u00f3n\u00f6v\u00e9nyek itt is felk\u00faszhatnak a k\u00fcls\u0151 r\u00e1cs ment\u00e9n, \u00e9s az utak zajv\u00e9d\u0151 falinak ter\u00fclet\u00e9t buja z\u00f6ld sz\u00edn\u0171v\u00e9 tehetik.<\/span><\/p>\n<p><span lang=\"HU\">Az optim\u00e1lis zajv\u00e9delem \u00e9rdek\u00e9ben \u00e9p\u00edt\u00e9szeink el\u0151re ellen\u0151rzik, hogy van-e \u00e9rtelme a kombin\u00e1l\u00e1snak m\u00e1s zajv\u00e9delmi falrendszerekkel.<\/span><\/p>\n<h4><a href=\"https:\/\/rau.de\/hu\/produkt\/rau-photovoltaik-epitesi-magassag-max-10-meter\/\"><span lang=\"HU\">Innov\u00e1ci\u00f3 a zajv\u00e9delemben: a RAU fotovoltaikus zajv\u00e9d\u0151 fal kett\u0151s el\u0151nyt jelent<\/span><\/a><\/h4>\n<p><span lang=\"HU\">Mint olyan t\u00e1rsas\u00e1g, amely mindig is \u00e9rdeklt, hogy egy l\u00e9p\u00e9ssel el\u00f6l j\u00e1rjon az \u00f6kol\u00f3gia \u00e9s a gazdas\u00e1goss\u00e1g ter\u00fclet\u00e9n, \u00faj utat nyitunk a k\u00f6z\u00fati zajv\u00e9delemben. A z\u00f6ld zaj elleni v\u00e9delem \u00e9s a meg\u00fajul\u00f3 energi\u00e1k \u00f6sszekapcsol\u00e1s\u00e1val k\u00e9tszer olyan k\u00f6rnyezetbar\u00e1t lesz &#8211; \u00e9s ezt hozza l\u00e9tre a RAU fotovoltaikus zajv\u00e9d\u0151 fala.<\/span><\/p>\n<p><span lang=\"HU\">A napenergia-iparban m\u0171k\u00f6d\u0151 partnereinkkel egy\u00fctt egy forradalmi \u00f6tletet tudtunk megval\u00f3s\u00edtani: Mi\u00e9rt ne haszn\u00e1lhatn\u00e1nk fel a zajv\u00e9d\u0151 falak fel\u00fclet\u00e9t villamosenergia-el\u0151\u00e1ll\u00edt\u00e1shoz? \u00cdgy j\u00f6tt l\u00e9tre Bajororsz\u00e1gban a vil\u00e1g els\u0151 fotovoltaikus technol\u00f3gi\u00e1j\u00fa z\u00f6ld zajv\u00e9d\u0151 fala, amelyet a RAU \u00e9p\u00edtett. Ezzel az elm\u00falt 10 \u00e9vben villamos energi\u00e1t \u00e9s oxig\u00e9nt termel\u00fcnk \u00e9s finom port \u00e9s CO2-t k\u00f6t\u00fcnk meg.<\/span><\/p>\n<p><span lang=\"HU\">Az alapszerkezet itt is a RAU R3 kipr\u00f3b\u00e1lt \u00e9s bev\u00e1lt konstrukci\u00f3ja, amelyet a fotovoltaikus rendszer tart\u00f3elemeivel m\u00f3dos\u00edtottunk.<\/span><\/p>\n<h2><span lang=\"HU\">Aki ravasz, a RAU-val \u00e9p\u00edttet<\/span><\/h2>\n<p><span lang=\"HU\">Manaps\u00e1g egy zajv\u00e9d\u0151 falnak nyilv\u00e1nval\u00f3an t\u00f6bb feladata van, nem csup\u00e1n a zaj t\u00e1voltart\u00e1sa! Ma a zajv\u00e9delmet minden \u00e9p\u00edt\u00e9si projektben figyelembe kell venni &#8211; a lak\u00f3\u00e9p\u00fcletekt\u0151l az \u00fatig. Az aut\u00f3p\u00e1ly\u00e1kon vagy a forgalmas utak zajv\u00e9d\u0151 falai \u00e1tv\u00e1gj\u00e1k a t\u00e1jat, korl\u00e1tozz\u00e1k a l\u00e1t\u00f3teret \u00e9s akad\u00e1lyokat hoznak l\u00e9tre. A z\u00f6ld zajv\u00e9d\u0151 falakkal a zajv\u00e9delem el\u0151nyeit a term\u00e9szetes megjelen\u00e9ssel kell kombin\u00e1lni. Ily m\u00f3don kellemes nyugalmat \u00e9r\u00fcnk el n\u00f6v\u00e9nyekkel bor\u00edtott k\u00f6rnyezetben &#8211; \u00e9s mindezt 100% -ban \u00f6kol\u00f3giai m\u00f3don.<\/span><\/p>\n<p><span lang=\"HU\">Az aut\u00f3p\u00e1ly\u00e1kat \u00f6vez\u0151, n\u00f6v\u00e9nyekkel befuttatott zajv\u00e9d\u0151 falakkal kapcsolatos szak\u00e9rtelm\u00fcnkre orsz\u00e1gszerte sz\u00e1m\u00edthat. Tan\u00e1csot adunk \u00d6nnek, megtervezz\u00fck a projektet \u00e9s gondoskodunk a hat\u00e9kony megval\u00f3s\u00edt\u00e1sr\u00f3l \u00f6tleteinek megfelel\u0151en.<\/span><\/p>\n<\/div><\/div><\/div><\/div><\/div><\/div><div class=\"g-cols wpb_row us_custom_4fb9e5a3 content_text via_flex valign_top type_default stacking_default\"><div class=\"vc_col-sm-4 wpb_column vc_column_container\"><div class=\"vc_column-inner\"><div class=\"wpb_wrapper\"><div class=\"w-image align_none\"><div class=\"w-image-h\"><img loading=\"lazy\" decoding=\"async\" width=\"1024\" height=\"684\" src=\"https:\/\/rau.de\/wp-content\/uploads\/rau-rock-extensiv-entlang-einer-autobahn-1-1024x684.jpg\" class=\"attachment-large size-large\" alt=\"L\u00e4rmschutz\" srcset=\"https:\/\/rau.de\/wp-content\/uploads\/rau-rock-extensiv-entlang-einer-autobahn-1-1024x684.jpg 1024w, https:\/\/rau.de\/wp-content\/uploads\/rau-rock-extensiv-entlang-einer-autobahn-1-300x200.jpg 300w, https:\/\/rau.de\/wp-content\/uploads\/rau-rock-extensiv-entlang-einer-autobahn-1.jpg 1200w\" sizes=\"auto, (max-width: 1024px) 100vw, 1024px\" \/><\/div><\/div><div class=\"w-separator size_medium\"><\/div><div class=\"w-btn-wrapper align_none\"><a class=\"w-btn us-btn-style_1\" title=\"Produkte\" href=\"https:\/\/rau.de\/hu\/termekek\/\"><span class=\"w-btn-label\">Minden term\u00e9k<\/span><\/a><\/div><\/div><\/div><\/div><div class=\"vc_col-sm-4 wpb_column vc_column_container\"><div class=\"vc_column-inner\"><div class=\"wpb_wrapper\"><div class=\"w-image align_none\"><div class=\"w-image-h\"><img loading=\"lazy\" decoding=\"async\" width=\"1024\" height=\"683\" src=\"https:\/\/rau.de\/wp-content\/uploads\/rau-rock-extensiv-entlang-einer-autobahn-2-1-1024x683.jpg\" class=\"attachment-large size-large\" alt=\"L\u00e4rmschutz vor Autobahnl\u00e4rm\" srcset=\"https:\/\/rau.de\/wp-content\/uploads\/rau-rock-extensiv-entlang-einer-autobahn-2-1-1024x683.jpg 1024w, https:\/\/rau.de\/wp-content\/uploads\/rau-rock-extensiv-entlang-einer-autobahn-2-1-300x200.jpg 300w, https:\/\/rau.de\/wp-content\/uploads\/rau-rock-extensiv-entlang-einer-autobahn-2-1.jpg 1200w\" sizes=\"auto, (max-width: 1024px) 100vw, 1024px\" \/><\/div><\/div><\/div><\/div><\/div><div class=\"vc_col-sm-4 wpb_column vc_column_container\"><div class=\"vc_column-inner\"><div class=\"wpb_wrapper\"><div class=\"w-image align_none\"><div class=\"w-image-h\"><img loading=\"lazy\" decoding=\"async\" width=\"1024\" height=\"683\" src=\"https:\/\/rau.de\/wp-content\/uploads\/20190617_122736-1-1024x683.jpg\" class=\"attachment-large size-large\" alt=\"L\u00e4rmschutz an\" srcset=\"https:\/\/rau.de\/wp-content\/uploads\/20190617_122736-1-1024x683.jpg 1024w, https:\/\/rau.de\/wp-content\/uploads\/20190617_122736-1-300x200.jpg 300w\" sizes=\"auto, (max-width: 1024px) 100vw, 1024px\" \/><\/div><\/div><\/div><\/div><\/div><\/div><\/div><\/div><\/div><\/div><\/div><\/section>\n","protected":false},"excerpt":{"rendered":"Zajv\u00e9d\u0151 falakZ\u00f6ld zajv\u00e9delem az utakon: k\u00f6rnyezetbar\u00e1t, fenntarthat\u00f3 \u00e9s k\u00f6nnyen gondozhat\u00f3 A n\u00f6v\u00e9nyekkel befuttatott zajv\u00e9d\u0151 falak sz\u00e9les k\u00f6r\u0171 felhaszn\u00e1l\u00e1si lehet\u0151s\u00e9geket k\u00edn\u00e1lnak: Nemcsak \u00f6kol\u00f3giai \u00e9s k\u00f6rnyezetbar\u00e1tok, hanem harmonikusan beilleszkednek a t\u00e1jba is. Ahol a betonfalak csupasznak \u00e9s ridegnek t\u0171nnek, az utc\u00e1k n\u00f6v\u00e9nyekkel befuttatott zajv\u00e9d\u0151 falai term\u00e9szetes elemk\u00e9nt jelennek meg, amelyek le\u00e1rny\u00e9kolj\u00e1k a zajt \u00e9s a hangot, \u00e9s...","protected":false},"author":2,"featured_media":21329,"parent":0,"menu_order":0,"comment_status":"closed","ping_status":"closed","template":"","meta":{"footnotes":""},"class_list":["post-9575","page","type-page","status-publish","has-post-thumbnail","hentry"],"yoast_head":"<!-- This site is optimized with the Yoast SEO plugin v27.4 - https:\/\/yoast.com\/product\/yoast-seo-wordpress\/ -->\n<title>Z\u00f6ld zajv\u00e9d\u0151 falak: k\u00f6rnyezetbar\u00e1t \u00e9s k\u00f6nnyen gondozhat\u00f3 \ud83d\udd07<\/title>\n<meta name=\"description\" content=\"Az aut\u00f3p\u00e1ly\u00e1k n\u00f6v\u00e9nyekkel befuttatott RAU zajv\u00e9d\u0151 falai kombin\u00e1lj\u00e1k a k\u00f6rnyezettudatos \u00e9p\u00edtm\u00e9nyt, a m\u0171szaki know-how-t \u00e9s a vonz\u00f3 tervez\u00e9st.\ud83c\udf43\" \/>\n<meta name=\"robots\" content=\"index, follow, max-snippet:-1, max-image-preview:large, max-video-preview:-1\" \/>\n<link rel=\"canonical\" href=\"https:\/\/rau.de\/hu\/zajvedo-falak\/\" \/>\n<meta property=\"og:locale\" content=\"hu_HU\" \/>\n<meta property=\"og:type\" content=\"article\" \/>\n<meta property=\"og:title\" content=\"Z\u00f6ld zajv\u00e9d\u0151 falak: k\u00f6rnyezetbar\u00e1t \u00e9s k\u00f6nnyen gondozhat\u00f3 \ud83d\udd07\" \/>\n<meta property=\"og:description\" content=\"Az aut\u00f3p\u00e1ly\u00e1k n\u00f6v\u00e9nyekkel befuttatott RAU zajv\u00e9d\u0151 falai kombin\u00e1lj\u00e1k a k\u00f6rnyezettudatos \u00e9p\u00edtm\u00e9nyt, a m\u0171szaki know-how-t \u00e9s a vonz\u00f3 tervez\u00e9st.\ud83c\udf43\" \/>\n<meta property=\"og:url\" content=\"https:\/\/rau.de\/hu\/zajvedo-falak\/\" \/>\n<meta property=\"og:site_name\" content=\"Rau | L\u00e4rmschutzw\u00e4nde\" \/>\n<meta property=\"article:modified_time\" content=\"2022-01-20T13:08:16+00:00\" \/>\n<meta property=\"og:image\" content=\"https:\/\/rau.de\/wp-content\/uploads\/imageonline-co-flipped.png\" \/>\n\t<meta property=\"og:image:width\" content=\"4032\" \/>\n\t<meta property=\"og:image:height\" content=\"3024\" \/>\n\t<meta property=\"og:image:type\" content=\"image\/png\" \/>\n<meta name=\"twitter:card\" content=\"summary_large_image\" \/>\n<meta name=\"twitter:label1\" content=\"Becs\u00fclt olvas\u00e1si id\u0151\" \/>\n\t<meta name=\"twitter:data1\" content=\"11 perc\" \/>\n<script type=\"application\/ld+json\" class=\"yoast-schema-graph\">{\"@context\":\"https:\\\/\\\/schema.org\",\"@graph\":[{\"@type\":\"WebPage\",\"@id\":\"https:\\\/\\\/rau.de\\\/hu\\\/zajvedo-falak\\\/\",\"url\":\"https:\\\/\\\/rau.de\\\/hu\\\/zajvedo-falak\\\/\",\"name\":\"Z\u00f6ld zajv\u00e9d\u0151 falak: k\u00f6rnyezetbar\u00e1t \u00e9s k\u00f6nnyen gondozhat\u00f3 \ud83d\udd07\",\"isPartOf\":{\"@id\":\"https:\\\/\\\/rau.de\\\/hu\\\/#website\"},\"primaryImageOfPage\":{\"@id\":\"https:\\\/\\\/rau.de\\\/hu\\\/zajvedo-falak\\\/#primaryimage\"},\"image\":{\"@id\":\"https:\\\/\\\/rau.de\\\/hu\\\/zajvedo-falak\\\/#primaryimage\"},\"thumbnailUrl\":\"https:\\\/\\\/rau.de\\\/wp-content\\\/uploads\\\/imageonline-co-flipped.png\",\"datePublished\":\"2020-08-25T13:59:55+00:00\",\"dateModified\":\"2022-01-20T13:08:16+00:00\",\"description\":\"Az aut\u00f3p\u00e1ly\u00e1k n\u00f6v\u00e9nyekkel befuttatott RAU zajv\u00e9d\u0151 falai kombin\u00e1lj\u00e1k a k\u00f6rnyezettudatos \u00e9p\u00edtm\u00e9nyt, a m\u0171szaki know-how-t \u00e9s a vonz\u00f3 tervez\u00e9st.\ud83c\udf43\",\"breadcrumb\":{\"@id\":\"https:\\\/\\\/rau.de\\\/hu\\\/zajvedo-falak\\\/#breadcrumb\"},\"inLanguage\":\"hu\",\"potentialAction\":[{\"@type\":\"ReadAction\",\"target\":[\"https:\\\/\\\/rau.de\\\/hu\\\/zajvedo-falak\\\/\"]}]},{\"@type\":\"ImageObject\",\"inLanguage\":\"hu\",\"@id\":\"https:\\\/\\\/rau.de\\\/hu\\\/zajvedo-falak\\\/#primaryimage\",\"url\":\"https:\\\/\\\/rau.de\\\/wp-content\\\/uploads\\\/imageonline-co-flipped.png\",\"contentUrl\":\"https:\\\/\\\/rau.de\\\/wp-content\\\/uploads\\\/imageonline-co-flipped.png\",\"width\":4032,\"height\":3024},{\"@type\":\"BreadcrumbList\",\"@id\":\"https:\\\/\\\/rau.de\\\/hu\\\/zajvedo-falak\\\/#breadcrumb\",\"itemListElement\":[{\"@type\":\"ListItem\",\"position\":1,\"name\":\"Startseite\",\"item\":\"https:\\\/\\\/rau.de\\\/hu\\\/\"},{\"@type\":\"ListItem\",\"position\":2,\"name\":\"Zajv\u00e9d\u0151 falak\"}]},{\"@type\":\"WebSite\",\"@id\":\"https:\\\/\\\/rau.de\\\/hu\\\/#website\",\"url\":\"https:\\\/\\\/rau.de\\\/hu\\\/\",\"name\":\"Rau | L\u00e4rmschutzw\u00e4nde\",\"description\":\"Entwicklung und Umsetzung von L\u00e4rmschutzwand und Schallschutzwand\",\"publisher\":{\"@id\":\"https:\\\/\\\/rau.de\\\/hu\\\/#organization\"},\"potentialAction\":[{\"@type\":\"SearchAction\",\"target\":{\"@type\":\"EntryPoint\",\"urlTemplate\":\"https:\\\/\\\/rau.de\\\/hu\\\/?s={search_term_string}\"},\"query-input\":{\"@type\":\"PropertyValueSpecification\",\"valueRequired\":true,\"valueName\":\"search_term_string\"}}],\"inLanguage\":\"hu\"},{\"@type\":\"Organization\",\"@id\":\"https:\\\/\\\/rau.de\\\/hu\\\/#organization\",\"name\":\"RAU L\u00e4rmschutzw\u00e4nde \u2013 Geosystem GBK GmbH\",\"url\":\"https:\\\/\\\/rau.de\\\/hu\\\/\",\"logo\":{\"@type\":\"ImageObject\",\"inLanguage\":\"hu\",\"@id\":\"https:\\\/\\\/rau.de\\\/hu\\\/#\\\/schema\\\/logo\\\/image\\\/\",\"url\":\"https:\\\/\\\/rau.de\\\/wp-content\\\/uploads\\\/web_logo.png\",\"contentUrl\":\"https:\\\/\\\/rau.de\\\/wp-content\\\/uploads\\\/web_logo.png\",\"width\":249,\"height\":127,\"caption\":\"RAU L\u00e4rmschutzw\u00e4nde \u2013 Geosystem GBK GmbH\"},\"image\":{\"@id\":\"https:\\\/\\\/rau.de\\\/hu\\\/#\\\/schema\\\/logo\\\/image\\\/\"}}]}<\/script>\n<!-- \/ Yoast SEO plugin. -->","yoast_head_json":{"title":"Z\u00f6ld zajv\u00e9d\u0151 falak: k\u00f6rnyezetbar\u00e1t \u00e9s k\u00f6nnyen gondozhat\u00f3 \ud83d\udd07","description":"Az aut\u00f3p\u00e1ly\u00e1k n\u00f6v\u00e9nyekkel befuttatott RAU zajv\u00e9d\u0151 falai kombin\u00e1lj\u00e1k a k\u00f6rnyezettudatos \u00e9p\u00edtm\u00e9nyt, a m\u0171szaki know-how-t \u00e9s a vonz\u00f3 tervez\u00e9st.\ud83c\udf43","robots":{"index":"index","follow":"follow","max-snippet":"max-snippet:-1","max-image-preview":"max-image-preview:large","max-video-preview":"max-video-preview:-1"},"canonical":"https:\/\/rau.de\/hu\/zajvedo-falak\/","og_locale":"hu_HU","og_type":"article","og_title":"Z\u00f6ld zajv\u00e9d\u0151 falak: k\u00f6rnyezetbar\u00e1t \u00e9s k\u00f6nnyen gondozhat\u00f3 \ud83d\udd07","og_description":"Az aut\u00f3p\u00e1ly\u00e1k n\u00f6v\u00e9nyekkel befuttatott RAU zajv\u00e9d\u0151 falai kombin\u00e1lj\u00e1k a k\u00f6rnyezettudatos \u00e9p\u00edtm\u00e9nyt, a m\u0171szaki know-how-t \u00e9s a vonz\u00f3 tervez\u00e9st.\ud83c\udf43","og_url":"https:\/\/rau.de\/hu\/zajvedo-falak\/","og_site_name":"Rau | L\u00e4rmschutzw\u00e4nde","article_modified_time":"2022-01-20T13:08:16+00:00","og_image":[{"width":4032,"height":3024,"url":"https:\/\/rau.de\/wp-content\/uploads\/imageonline-co-flipped.png","type":"image\/png"}],"twitter_card":"summary_large_image","twitter_misc":{"Becs\u00fclt olvas\u00e1si id\u0151":"11 perc"},"schema":{"@context":"https:\/\/schema.org","@graph":[{"@type":"WebPage","@id":"https:\/\/rau.de\/hu\/zajvedo-falak\/","url":"https:\/\/rau.de\/hu\/zajvedo-falak\/","name":"Z\u00f6ld zajv\u00e9d\u0151 falak: k\u00f6rnyezetbar\u00e1t \u00e9s k\u00f6nnyen gondozhat\u00f3 \ud83d\udd07","isPartOf":{"@id":"https:\/\/rau.de\/hu\/#website"},"primaryImageOfPage":{"@id":"https:\/\/rau.de\/hu\/zajvedo-falak\/#primaryimage"},"image":{"@id":"https:\/\/rau.de\/hu\/zajvedo-falak\/#primaryimage"},"thumbnailUrl":"https:\/\/rau.de\/wp-content\/uploads\/imageonline-co-flipped.png","datePublished":"2020-08-25T13:59:55+00:00","dateModified":"2022-01-20T13:08:16+00:00","description":"Az aut\u00f3p\u00e1ly\u00e1k n\u00f6v\u00e9nyekkel befuttatott RAU zajv\u00e9d\u0151 falai kombin\u00e1lj\u00e1k a k\u00f6rnyezettudatos \u00e9p\u00edtm\u00e9nyt, a m\u0171szaki know-how-t \u00e9s a vonz\u00f3 tervez\u00e9st.\ud83c\udf43","breadcrumb":{"@id":"https:\/\/rau.de\/hu\/zajvedo-falak\/#breadcrumb"},"inLanguage":"hu","potentialAction":[{"@type":"ReadAction","target":["https:\/\/rau.de\/hu\/zajvedo-falak\/"]}]},{"@type":"ImageObject","inLanguage":"hu","@id":"https:\/\/rau.de\/hu\/zajvedo-falak\/#primaryimage","url":"https:\/\/rau.de\/wp-content\/uploads\/imageonline-co-flipped.png","contentUrl":"https:\/\/rau.de\/wp-content\/uploads\/imageonline-co-flipped.png","width":4032,"height":3024},{"@type":"BreadcrumbList","@id":"https:\/\/rau.de\/hu\/zajvedo-falak\/#breadcrumb","itemListElement":[{"@type":"ListItem","position":1,"name":"Startseite","item":"https:\/\/rau.de\/hu\/"},{"@type":"ListItem","position":2,"name":"Zajv\u00e9d\u0151 falak"}]},{"@type":"WebSite","@id":"https:\/\/rau.de\/hu\/#website","url":"https:\/\/rau.de\/hu\/","name":"Rau | L\u00e4rmschutzw\u00e4nde","description":"Entwicklung und Umsetzung von L\u00e4rmschutzwand und Schallschutzwand","publisher":{"@id":"https:\/\/rau.de\/hu\/#organization"},"potentialAction":[{"@type":"SearchAction","target":{"@type":"EntryPoint","urlTemplate":"https:\/\/rau.de\/hu\/?s={search_term_string}"},"query-input":{"@type":"PropertyValueSpecification","valueRequired":true,"valueName":"search_term_string"}}],"inLanguage":"hu"},{"@type":"Organization","@id":"https:\/\/rau.de\/hu\/#organization","name":"RAU L\u00e4rmschutzw\u00e4nde \u2013 Geosystem GBK GmbH","url":"https:\/\/rau.de\/hu\/","logo":{"@type":"ImageObject","inLanguage":"hu","@id":"https:\/\/rau.de\/hu\/#\/schema\/logo\/image\/","url":"https:\/\/rau.de\/wp-content\/uploads\/web_logo.png","contentUrl":"https:\/\/rau.de\/wp-content\/uploads\/web_logo.png","width":249,"height":127,"caption":"RAU L\u00e4rmschutzw\u00e4nde \u2013 Geosystem GBK GmbH"},"image":{"@id":"https:\/\/rau.de\/hu\/#\/schema\/logo\/image\/"}}]}},"_links":{"self":[{"href":"https:\/\/rau.de\/hu\/wp-json\/wp\/v2\/pages\/9575","targetHints":{"allow":["GET"]}}],"collection":[{"href":"https:\/\/rau.de\/hu\/wp-json\/wp\/v2\/pages"}],"about":[{"href":"https:\/\/rau.de\/hu\/wp-json\/wp\/v2\/types\/page"}],"author":[{"embeddable":true,"href":"https:\/\/rau.de\/hu\/wp-json\/wp\/v2\/users\/2"}],"replies":[{"embeddable":true,"href":"https:\/\/rau.de\/hu\/wp-json\/wp\/v2\/comments?post=9575"}],"version-history":[{"count":6,"href":"https:\/\/rau.de\/hu\/wp-json\/wp\/v2\/pages\/9575\/revisions"}],"predecessor-version":[{"id":22525,"href":"https:\/\/rau.de\/hu\/wp-json\/wp\/v2\/pages\/9575\/revisions\/22525"}],"wp:featuredmedia":[{"embeddable":true,"href":"https:\/\/rau.de\/hu\/wp-json\/wp\/v2\/media\/21329"}],"wp:attachment":[{"href":"https:\/\/rau.de\/hu\/wp-json\/wp\/v2\/media?parent=9575"}],"curies":[{"name":"wp","href":"https:\/\/api.w.org\/{rel}","templated":true}]}}