{"id":9593,"date":"2020-08-25T16:31:48","date_gmt":"2020-08-25T14:31:48","guid":{"rendered":"https:\/\/rau.de\/?page_id=9593"},"modified":"2021-09-09T12:01:07","modified_gmt":"2021-09-09T10:01:07","slug":"lutte-antibruit-dans-les-communes-les-entreprises-et-lindustrie","status":"publish","type":"page","link":"https:\/\/rau.de\/fr\/lutte-antibruit-dans-les-communes-les-entreprises-et-lindustrie\/","title":{"rendered":"Lutte antibruit dans les communes, les entreprises et l&rsquo;industrie"},"content":{"rendered":"<section class=\"l-section wpb_row height_medium full_height valign_center with_img\" id=\"kontakt\"><div class=\"l-section-img\" role=\"img\" data-img-width=\"2000\" data-img-height=\"1122\" style=\"background-image: url(https:\/\/rau.de\/wp-content\/uploads\/bg.jpg);\"><\/div><div class=\"l-section-h i-cf\"><div class=\"g-cols vc_row via_flex valign_top type_default stacking_default\"><div class=\"vc_col-sm-12 wpb_column vc_column_container\"><div class=\"vc_column-inner\"><div class=\"wpb_wrapper\"><div class=\"g-cols wpb_row content_top via_flex valign_top type_default stacking_default\"><div class=\"vc_col-sm-12 wpb_column vc_column_container\"><div class=\"vc_column-inner\"><div class=\"wpb_wrapper\"><h1 class=\"w-post-elm post_title entry-title color_link_inherit\">Lutte antibruit dans les communes, les entreprises et l&rsquo;industrie<\/h1><\/div><\/div><\/div><\/div><div class=\"g-cols wpb_row us_custom_4fb9e5a3 content_text via_flex valign_top type_default stacking_default\"><div class=\"vc_col-sm-12 wpb_column vc_column_container\"><div class=\"vc_column-inner\"><div class=\"wpb_wrapper\"><div class=\"wpb_text_column\"><div class=\"wpb_wrapper\"><p><span lang=\"FR\">Les zones de construction se rapprochent de plus en plus des sources de bruit existantes. Les murs antibruit permettent de r\u00e9duire consid\u00e9rablement ces nuisances sonores. Dans certains cas, il suffit de cr\u00e9er des merlons pour lutter contre le bruit. Quand la surface de pose est suffisante, un mur sans fondations profondes sera mieux adapt\u00e9. Dans les zones urbaines, en revanche, il faut des ouvrages peu \u00e9pais avec des fondations profondes. Tous les syst\u00e8mes de Rau.de sont v\u00e9g\u00e9talisables. Outre ses atouts \u00e9cologiques, la v\u00e9g\u00e9talisation facilite l&rsquo;entretien et permet de faire des \u00e9conomies. Il existe de nombreuses variantes de murs antibruit. Les diff\u00e9rents types d&rsquo;\u00e9cran et de mat\u00e9riaux peuvent \u00eatre combin\u00e9s selon vos pr\u00e9f\u00e9rences.<\/span><\/p>\n<\/div><\/div><\/div><\/div><\/div><\/div><div class=\"g-cols wpb_row us_custom_4fb9e5a3 content_text via_flex valign_top type_default stacking_default\"><div class=\"vc_col-sm-4 wpb_column vc_column_container\"><div class=\"vc_column-inner\"><div class=\"wpb_wrapper\"><div class=\"w-image align_none\"><div class=\"w-image-h\"><img loading=\"lazy\" decoding=\"async\" width=\"600\" height=\"400\" src=\"https:\/\/rau.de\/wp-content\/uploads\/oekologische_laermschutzwand_rau_r3_frankfurt_am_main.jpg\" class=\"attachment-large size-large\" alt=\"Begr\u00fcnte L\" srcset=\"https:\/\/rau.de\/wp-content\/uploads\/oekologische_laermschutzwand_rau_r3_frankfurt_am_main.jpg 600w, https:\/\/rau.de\/wp-content\/uploads\/oekologische_laermschutzwand_rau_r3_frankfurt_am_main-300x200.jpg 300w\" sizes=\"auto, (max-width: 600px) 100vw, 600px\" \/><\/div><\/div><div class=\"w-separator size_medium\"><\/div><div class=\"w-btn-wrapper align_none\"><a class=\"w-btn us-btn-style_1\" title=\"Produkte\" href=\"https:\/\/rau.de\/fr\/produits\/\"><span class=\"w-btn-label\">Vers le produit<\/span><\/a><\/div><\/div><\/div><\/div><div class=\"vc_col-sm-4 wpb_column vc_column_container\"><div class=\"vc_column-inner\"><div class=\"wpb_wrapper\"><div class=\"w-image align_none\"><div class=\"w-image-h\"><img loading=\"lazy\" decoding=\"async\" width=\"600\" height=\"400\" src=\"https:\/\/rau.de\/wp-content\/uploads\/steinfurt-oekologische-laermschutzwand.jpg\" class=\"attachment-large size-large\" alt=\"Begr\u00fcnte L\u00e4rmschutzwand an einem Wohngebiet in Steinfurt\" srcset=\"https:\/\/rau.de\/wp-content\/uploads\/steinfurt-oekologische-laermschutzwand.jpg 600w, https:\/\/rau.de\/wp-content\/uploads\/steinfurt-oekologische-laermschutzwand-300x200.jpg 300w\" sizes=\"auto, (max-width: 600px) 100vw, 600px\" \/><\/div><\/div><\/div><\/div><\/div><div class=\"vc_col-sm-4 wpb_column vc_column_container\"><div class=\"vc_column-inner\"><div class=\"wpb_wrapper\"><div class=\"w-image align_none\"><div class=\"w-image-h\"><img loading=\"lazy\" decoding=\"async\" width=\"1024\" height=\"683\" src=\"https:\/\/rau.de\/wp-content\/uploads\/oldenburg2-1-1024x683.jpg\" class=\"attachment-large size-large\" alt=\"\u00d6kologischer L\u00e4rmschutz f\u00fcr St\u00e4dte und Kommunen - RAU\" srcset=\"https:\/\/rau.de\/wp-content\/uploads\/oldenburg2-1.jpg 1024w, https:\/\/rau.de\/wp-content\/uploads\/oldenburg2-1-300x200.jpg 300w\" sizes=\"auto, (max-width: 1024px) 100vw, 1024px\" \/><\/div><\/div><\/div><\/div><\/div><\/div><\/div><\/div><\/div><\/div><\/div><\/section>\n","protected":false},"excerpt":{"rendered":"Lutte antibruit dans les communes, les entreprises et l&rsquo;industrieLes zones de construction se rapprochent de plus en plus des sources de bruit existantes. Les murs antibruit permettent de r\u00e9duire consid\u00e9rablement ces nuisances sonores. Dans certains cas, il suffit de cr\u00e9er des merlons pour lutter contre le bruit. Quand la surface de pose est suffisante, un...","protected":false},"author":2,"featured_media":20418,"parent":0,"menu_order":0,"comment_status":"closed","ping_status":"closed","template":"","meta":{"footnotes":""},"class_list":["post-9593","page","type-page","status-publish","has-post-thumbnail","hentry"],"yoast_head":"<!-- This site is optimized with the Yoast SEO plugin v27.5 - https:\/\/yoast.com\/product\/yoast-seo-wordpress\/ -->\n<title>Lutte antibruit dans les communes, les entreprises et l\u2019industrie \ud83c\udf33<\/title>\n<meta name=\"description\" content=\"Mur Antibruit verts \ud83c\udfc6 Les zones de construction se rapprochent de plus en plus des sources de bruit existantes. \ud83c\udf43\" \/>\n<meta name=\"robots\" content=\"index, follow, max-snippet:-1, max-image-preview:large, max-video-preview:-1\" \/>\n<link rel=\"canonical\" href=\"https:\/\/rau.de\/fr\/lutte-antibruit-dans-les-communes-les-entreprises-et-lindustrie\/\" \/>\n<meta property=\"og:locale\" content=\"fr_FR\" \/>\n<meta property=\"og:type\" content=\"article\" \/>\n<meta property=\"og:title\" content=\"Lutte antibruit dans les communes, les entreprises et l\u2019industrie \ud83c\udf33\" \/>\n<meta property=\"og:description\" content=\"Mur Antibruit verts \ud83c\udfc6 Les zones de construction se rapprochent de plus en plus des sources de bruit existantes. \ud83c\udf43\" \/>\n<meta property=\"og:url\" content=\"https:\/\/rau.de\/fr\/lutte-antibruit-dans-les-communes-les-entreprises-et-lindustrie\/\" \/>\n<meta property=\"og:site_name\" content=\"Rau | L\u00e4rmschutzw\u00e4nde\" \/>\n<meta property=\"article:modified_time\" content=\"2021-09-09T10:01:07+00:00\" \/>\n<meta property=\"og:image\" content=\"https:\/\/rau.de\/wp-content\/uploads\/R3Gruen16.jpg\" \/>\n\t<meta property=\"og:image:width\" content=\"1024\" \/>\n\t<meta property=\"og:image:height\" content=\"534\" \/>\n\t<meta property=\"og:image:type\" content=\"image\/jpeg\" \/>\n<meta name=\"twitter:card\" content=\"summary_large_image\" \/>\n<meta name=\"twitter:label1\" content=\"Dur\u00e9e de lecture estim\u00e9e\" \/>\n\t<meta name=\"twitter:data1\" content=\"1 minute\" \/>\n<script type=\"application\/ld+json\" class=\"yoast-schema-graph\">{\"@context\":\"https:\\\/\\\/schema.org\",\"@graph\":[{\"@type\":\"WebPage\",\"@id\":\"https:\\\/\\\/rau.de\\\/fr\\\/lutte-antibruit-dans-les-communes-les-entreprises-et-lindustrie\\\/\",\"url\":\"https:\\\/\\\/rau.de\\\/fr\\\/lutte-antibruit-dans-les-communes-les-entreprises-et-lindustrie\\\/\",\"name\":\"Lutte antibruit dans les communes, les entreprises et l\u2019industrie \ud83c\udf33\",\"isPartOf\":{\"@id\":\"https:\\\/\\\/rau.de\\\/fr\\\/#website\"},\"primaryImageOfPage\":{\"@id\":\"https:\\\/\\\/rau.de\\\/fr\\\/lutte-antibruit-dans-les-communes-les-entreprises-et-lindustrie\\\/#primaryimage\"},\"image\":{\"@id\":\"https:\\\/\\\/rau.de\\\/fr\\\/lutte-antibruit-dans-les-communes-les-entreprises-et-lindustrie\\\/#primaryimage\"},\"thumbnailUrl\":\"https:\\\/\\\/rau.de\\\/wp-content\\\/uploads\\\/R3Gruen16.jpg\",\"datePublished\":\"2020-08-25T14:31:48+00:00\",\"dateModified\":\"2021-09-09T10:01:07+00:00\",\"description\":\"Mur Antibruit verts \ud83c\udfc6 Les zones de construction se rapprochent de plus en plus des sources de bruit existantes. \ud83c\udf43\",\"breadcrumb\":{\"@id\":\"https:\\\/\\\/rau.de\\\/fr\\\/lutte-antibruit-dans-les-communes-les-entreprises-et-lindustrie\\\/#breadcrumb\"},\"inLanguage\":\"fr-FR\",\"potentialAction\":[{\"@type\":\"ReadAction\",\"target\":[\"https:\\\/\\\/rau.de\\\/fr\\\/lutte-antibruit-dans-les-communes-les-entreprises-et-lindustrie\\\/\"]}]},{\"@type\":\"ImageObject\",\"inLanguage\":\"fr-FR\",\"@id\":\"https:\\\/\\\/rau.de\\\/fr\\\/lutte-antibruit-dans-les-communes-les-entreprises-et-lindustrie\\\/#primaryimage\",\"url\":\"https:\\\/\\\/rau.de\\\/wp-content\\\/uploads\\\/R3Gruen16.jpg\",\"contentUrl\":\"https:\\\/\\\/rau.de\\\/wp-content\\\/uploads\\\/R3Gruen16.jpg\",\"width\":1024,\"height\":534,\"caption\":\"Green noise protection wall along the road\"},{\"@type\":\"BreadcrumbList\",\"@id\":\"https:\\\/\\\/rau.de\\\/fr\\\/lutte-antibruit-dans-les-communes-les-entreprises-et-lindustrie\\\/#breadcrumb\",\"itemListElement\":[{\"@type\":\"ListItem\",\"position\":1,\"name\":\"Startseite\",\"item\":\"https:\\\/\\\/rau.de\\\/fr\\\/\"},{\"@type\":\"ListItem\",\"position\":2,\"name\":\"Lutte antibruit dans les communes, les entreprises et l&rsquo;industrie\"}]},{\"@type\":\"WebSite\",\"@id\":\"https:\\\/\\\/rau.de\\\/fr\\\/#website\",\"url\":\"https:\\\/\\\/rau.de\\\/fr\\\/\",\"name\":\"Rau | L\u00e4rmschutzw\u00e4nde\",\"description\":\"Entwicklung und Umsetzung von L\u00e4rmschutzwand und Schallschutzwand\",\"publisher\":{\"@id\":\"https:\\\/\\\/rau.de\\\/fr\\\/#organization\"},\"potentialAction\":[{\"@type\":\"SearchAction\",\"target\":{\"@type\":\"EntryPoint\",\"urlTemplate\":\"https:\\\/\\\/rau.de\\\/fr\\\/?s={search_term_string}\"},\"query-input\":{\"@type\":\"PropertyValueSpecification\",\"valueRequired\":true,\"valueName\":\"search_term_string\"}}],\"inLanguage\":\"fr-FR\"},{\"@type\":\"Organization\",\"@id\":\"https:\\\/\\\/rau.de\\\/fr\\\/#organization\",\"name\":\"RAU L\u00e4rmschutzw\u00e4nde \u2013 Geosystem GBK GmbH\",\"url\":\"https:\\\/\\\/rau.de\\\/fr\\\/\",\"logo\":{\"@type\":\"ImageObject\",\"inLanguage\":\"fr-FR\",\"@id\":\"https:\\\/\\\/rau.de\\\/fr\\\/#\\\/schema\\\/logo\\\/image\\\/\",\"url\":\"https:\\\/\\\/rau.de\\\/wp-content\\\/uploads\\\/web_logo.png\",\"contentUrl\":\"https:\\\/\\\/rau.de\\\/wp-content\\\/uploads\\\/web_logo.png\",\"width\":249,\"height\":127,\"caption\":\"RAU L\u00e4rmschutzw\u00e4nde \u2013 Geosystem GBK GmbH\"},\"image\":{\"@id\":\"https:\\\/\\\/rau.de\\\/fr\\\/#\\\/schema\\\/logo\\\/image\\\/\"}}]}<\/script>\n<!-- \/ Yoast SEO plugin. -->","yoast_head_json":{"title":"Lutte antibruit dans les communes, les entreprises et l\u2019industrie \ud83c\udf33","description":"Mur Antibruit verts \ud83c\udfc6 Les zones de construction se rapprochent de plus en plus des sources de bruit existantes. \ud83c\udf43","robots":{"index":"index","follow":"follow","max-snippet":"max-snippet:-1","max-image-preview":"max-image-preview:large","max-video-preview":"max-video-preview:-1"},"canonical":"https:\/\/rau.de\/fr\/lutte-antibruit-dans-les-communes-les-entreprises-et-lindustrie\/","og_locale":"fr_FR","og_type":"article","og_title":"Lutte antibruit dans les communes, les entreprises et l\u2019industrie \ud83c\udf33","og_description":"Mur Antibruit verts \ud83c\udfc6 Les zones de construction se rapprochent de plus en plus des sources de bruit existantes. \ud83c\udf43","og_url":"https:\/\/rau.de\/fr\/lutte-antibruit-dans-les-communes-les-entreprises-et-lindustrie\/","og_site_name":"Rau | L\u00e4rmschutzw\u00e4nde","article_modified_time":"2021-09-09T10:01:07+00:00","og_image":[{"width":1024,"height":534,"url":"https:\/\/rau.de\/wp-content\/uploads\/R3Gruen16.jpg","type":"image\/jpeg"}],"twitter_card":"summary_large_image","twitter_misc":{"Dur\u00e9e de lecture estim\u00e9e":"1 minute"},"schema":{"@context":"https:\/\/schema.org","@graph":[{"@type":"WebPage","@id":"https:\/\/rau.de\/fr\/lutte-antibruit-dans-les-communes-les-entreprises-et-lindustrie\/","url":"https:\/\/rau.de\/fr\/lutte-antibruit-dans-les-communes-les-entreprises-et-lindustrie\/","name":"Lutte antibruit dans les communes, les entreprises et l\u2019industrie \ud83c\udf33","isPartOf":{"@id":"https:\/\/rau.de\/fr\/#website"},"primaryImageOfPage":{"@id":"https:\/\/rau.de\/fr\/lutte-antibruit-dans-les-communes-les-entreprises-et-lindustrie\/#primaryimage"},"image":{"@id":"https:\/\/rau.de\/fr\/lutte-antibruit-dans-les-communes-les-entreprises-et-lindustrie\/#primaryimage"},"thumbnailUrl":"https:\/\/rau.de\/wp-content\/uploads\/R3Gruen16.jpg","datePublished":"2020-08-25T14:31:48+00:00","dateModified":"2021-09-09T10:01:07+00:00","description":"Mur Antibruit verts \ud83c\udfc6 Les zones de construction se rapprochent de plus en plus des sources de bruit existantes. \ud83c\udf43","breadcrumb":{"@id":"https:\/\/rau.de\/fr\/lutte-antibruit-dans-les-communes-les-entreprises-et-lindustrie\/#breadcrumb"},"inLanguage":"fr-FR","potentialAction":[{"@type":"ReadAction","target":["https:\/\/rau.de\/fr\/lutte-antibruit-dans-les-communes-les-entreprises-et-lindustrie\/"]}]},{"@type":"ImageObject","inLanguage":"fr-FR","@id":"https:\/\/rau.de\/fr\/lutte-antibruit-dans-les-communes-les-entreprises-et-lindustrie\/#primaryimage","url":"https:\/\/rau.de\/wp-content\/uploads\/R3Gruen16.jpg","contentUrl":"https:\/\/rau.de\/wp-content\/uploads\/R3Gruen16.jpg","width":1024,"height":534,"caption":"Green noise protection wall along the road"},{"@type":"BreadcrumbList","@id":"https:\/\/rau.de\/fr\/lutte-antibruit-dans-les-communes-les-entreprises-et-lindustrie\/#breadcrumb","itemListElement":[{"@type":"ListItem","position":1,"name":"Startseite","item":"https:\/\/rau.de\/fr\/"},{"@type":"ListItem","position":2,"name":"Lutte antibruit dans les communes, les entreprises et l&rsquo;industrie"}]},{"@type":"WebSite","@id":"https:\/\/rau.de\/fr\/#website","url":"https:\/\/rau.de\/fr\/","name":"Rau | L\u00e4rmschutzw\u00e4nde","description":"Entwicklung und Umsetzung von L\u00e4rmschutzwand und Schallschutzwand","publisher":{"@id":"https:\/\/rau.de\/fr\/#organization"},"potentialAction":[{"@type":"SearchAction","target":{"@type":"EntryPoint","urlTemplate":"https:\/\/rau.de\/fr\/?s={search_term_string}"},"query-input":{"@type":"PropertyValueSpecification","valueRequired":true,"valueName":"search_term_string"}}],"inLanguage":"fr-FR"},{"@type":"Organization","@id":"https:\/\/rau.de\/fr\/#organization","name":"RAU L\u00e4rmschutzw\u00e4nde \u2013 Geosystem GBK GmbH","url":"https:\/\/rau.de\/fr\/","logo":{"@type":"ImageObject","inLanguage":"fr-FR","@id":"https:\/\/rau.de\/fr\/#\/schema\/logo\/image\/","url":"https:\/\/rau.de\/wp-content\/uploads\/web_logo.png","contentUrl":"https:\/\/rau.de\/wp-content\/uploads\/web_logo.png","width":249,"height":127,"caption":"RAU L\u00e4rmschutzw\u00e4nde \u2013 Geosystem GBK GmbH"},"image":{"@id":"https:\/\/rau.de\/fr\/#\/schema\/logo\/image\/"}}]}},"_links":{"self":[{"href":"https:\/\/rau.de\/fr\/wp-json\/wp\/v2\/pages\/9593","targetHints":{"allow":["GET"]}}],"collection":[{"href":"https:\/\/rau.de\/fr\/wp-json\/wp\/v2\/pages"}],"about":[{"href":"https:\/\/rau.de\/fr\/wp-json\/wp\/v2\/types\/page"}],"author":[{"embeddable":true,"href":"https:\/\/rau.de\/fr\/wp-json\/wp\/v2\/users\/2"}],"replies":[{"embeddable":true,"href":"https:\/\/rau.de\/fr\/wp-json\/wp\/v2\/comments?post=9593"}],"version-history":[{"count":1,"href":"https:\/\/rau.de\/fr\/wp-json\/wp\/v2\/pages\/9593\/revisions"}],"predecessor-version":[{"id":9594,"href":"https:\/\/rau.de\/fr\/wp-json\/wp\/v2\/pages\/9593\/revisions\/9594"}],"wp:featuredmedia":[{"embeddable":true,"href":"https:\/\/rau.de\/fr\/wp-json\/wp\/v2\/media\/20418"}],"wp:attachment":[{"href":"https:\/\/rau.de\/fr\/wp-json\/wp\/v2\/media?parent=9593"}],"curies":[{"name":"wp","href":"https:\/\/api.w.org\/{rel}","templated":true}]}}