{"id":5638,"date":"2020-05-19T11:57:40","date_gmt":"2020-05-19T09:57:40","guid":{"rendered":"http:\/\/rau.kundendemo.com\/?page_id=5638"},"modified":"2021-10-25T15:44:32","modified_gmt":"2021-10-25T13:44:32","slug":"alpin","status":"publish","type":"page","link":"https:\/\/rau.de\/fr\/galerie\/alpin\/","title":{"rendered":"Alpin"},"content":{"rendered":"<section class=\"l-section wpb_row height_medium full_height valign_center with_img parallax_fixed\" id=\"kontakt\"><div class=\"l-section-img\" role=\"img\" data-img-width=\"2000\" data-img-height=\"1122\" style=\"background-image: url(https:\/\/rau.de\/wp-content\/uploads\/bg.jpg);\"><\/div><div class=\"l-section-h i-cf\"><div class=\"g-cols vc_row via_flex valign_top type_default stacking_default\"><div class=\"vc_col-sm-12 wpb_column vc_column_container\"><div class=\"vc_column-inner\"><div class=\"wpb_wrapper\"><div class=\"g-cols wpb_row content_top via_flex valign_top type_default stacking_default\"><div class=\"vc_col-sm-12 wpb_column vc_column_container\"><div class=\"vc_column-inner\"><div class=\"wpb_wrapper\"><h1 class=\"w-post-elm post_title entry-title color_link_inherit\">Alpin<\/h1><\/div><\/div><\/div><\/div><div class=\"g-cols wpb_row us_custom_4fb9e5a3 content_text via_flex valign_top type_default stacking_default\"><div class=\"vc_col-sm-12 wpb_column vc_column_container\"><div class=\"vc_column-inner\"><div class=\"wpb_wrapper\"><div class=\"wpb_text_column\"><div class=\"wpb_wrapper\"><p>Comme le mod\u00e8le RAU R3, le RAU Alpin pour voirie renferme un panier en acier. Dot\u00e9 d\u2019un socle en b\u00e9ton sur une couche support en mat\u00e9riau de recyclage, il assure un soutien solide et stable et peut atteindre jusqu\u2019\u00e0 douze m\u00e8tres de hauteur. Pour une protection acoustique optimale, le noyau monolithique de la structure m\u00e9tallique est constitu\u00e9 de sable.<\/p>\n<p>Sur demande, le panier en acier peut \u00eatre rempli de granit, gravier ou pierres de lave, au choix. La couleur des pierres peut \u00eatre choisie pour une int\u00e9gration harmonieuse du mur antibruit \u00e0 l\u2019environnement. Pour renforcer l\u2019aspect naturel de la pierre, le treillis peut \u00eatre garni de plantes grimpantes.<\/p>\n<p>La structure stabilisante et le noyau monolithique en sable du mod\u00e8le Alpin r\u00e9duisent le bruit de mani\u00e8re optimale. Nos architectes, ici aussi, adapteront les plans du mur antibruit en fonction des contraintes locales.<\/p>\n<\/div><\/div><div class=\"w-separator size_small\"><\/div><div class=\"w-btn-wrapper align_right\"><a class=\"w-btn us-btn-style_1 icon_atleft\" title=\"Alpin bei Rau.de\" href=\"https:\/\/rau.de\/fr\/produkt\/rau-alpin-hauteur-de-construction-jusqua-10-metres\/\"><i class=\"fas fa-external-link\"><\/i><span class=\"w-btn-label\">RAU Alpin \u2013 hauteur de construction jusqu\u2019\u00e0 10 m\u00e8tres<\/span><\/a><\/div><div class=\"w-separator size_small\"><\/div><div class=\"wpb_text_column\"><div class=\"wpb_wrapper\"><div  id=\"jtg-19564\" class=\"modula modula-gallery modula-custom-grid\" data-config=\"{&quot;height&quot;:800,&quot;tabletHeight&quot;:800,&quot;mobileHeight&quot;:800,&quot;desktopHeight&quot;:800,&quot;enableTwitter&quot;:false,&quot;enableWhatsapp&quot;:false,&quot;enableFacebook&quot;:false,&quot;enablePinterest&quot;:false,&quot;enableLinkedin&quot;:false,&quot;enableEmail&quot;:false,&quot;randomFactor&quot;:0.5,&quot;type&quot;:&quot;custom-grid&quot;,&quot;columns&quot;:12,&quot;gutter&quot;:10,&quot;mobileGutter&quot;:10,&quot;tabletGutter&quot;:10,&quot;desktopGutter&quot;:10,&quot;enableResponsive&quot;:true,&quot;tabletColumns&quot;:3,&quot;mobileColumns&quot;:2,&quot;lazyLoad&quot;:0,&quot;lightboxOpts&quot;:{&quot;animated&quot;:true,&quot;Thumbs&quot;:{&quot;type&quot;:&quot;modern&quot;,&quot;showOnStart&quot;:false},&quot;Toolbar&quot;:{&quot;display&quot;:{&quot;right&quot;:[&quot;close&quot;],&quot;left&quot;:[&quot;infobar&quot;]},&quot;enabled&quot;:true},&quot;Carousel&quot;:{&quot;Panzoom&quot;:{&quot;touch&quot;:true},&quot;infinite&quot;:false,&quot;transition&quot;:&quot;fade&quot;},&quot;keyboard&quot;:{&quot;Escape&quot;:&quot;close&quot;,&quot;Delete&quot;:&quot;close&quot;,&quot;Backspace&quot;:&quot;close&quot;,&quot;PageUp&quot;:&quot;next&quot;,&quot;PageDown&quot;:&quot;prev&quot;,&quot;ArrowUp&quot;:&quot;prev&quot;,&quot;ArrowDown&quot;:&quot;next&quot;,&quot;ArrowRight&quot;:&quot;next&quot;,&quot;ArrowLeft&quot;:&quot;prev&quot;},&quot;touch&quot;:false,&quot;backdropClick&quot;:false,&quot;l10n&quot;:{&quot;CLOSE&quot;:&quot;Close&quot;,&quot;NEXT&quot;:&quot;Next&quot;,&quot;PREV&quot;:&quot;Previous&quot;,&quot;Error&quot;:&quot;The requested content cannot be loaded. Please try again later.&quot;,&quot;PLAY_START&quot;:&quot;Start slideshow&quot;,&quot;PLAY_STOP&quot;:&quot;Pause slideshow&quot;,&quot;FULL_SCREEN&quot;:&quot;Full screen&quot;,&quot;THUMBS&quot;:&quot;Thumbnails&quot;,&quot;DOWNLOAD&quot;:&quot;Download&quot;,&quot;SHARE&quot;:&quot;Share&quot;,&quot;ZOOM&quot;:&quot;Zoom&quot;,&quot;EMAIL&quot;:&quot;Here is the link to the image : %%image_link%% and this is the link to the gallery : %%gallery_link%%&quot;,&quot;MODAL&quot;:&quot;You can close this modal content with the ESC key&quot;,&quot;ERROR&quot;:&quot;Something Went Wrong, Please Try Again Later&quot;,&quot;IMAGE_ERROR&quot;:&quot;Image Not Found&quot;,&quot;ELEMENT_NOT_FOUND&quot;:&quot;HTML Element Not Found&quot;,&quot;AJAX_NOT_FOUND&quot;:&quot;Error Loading AJAX : Not Found&quot;,&quot;AJAX_FORBIDDEN&quot;:&quot;Error Loading AJAX : Forbidden&quot;,&quot;IFRAME_ERROR&quot;:&quot;Error Loading Page&quot;,&quot;TOGGLE_ZOOM&quot;:&quot;Toggle zoom level&quot;,&quot;TOGGLE_THUMBS&quot;:&quot;Toggle thumbnails&quot;,&quot;TOGGLE_SLIDESHOW&quot;:&quot;Toggle slideshow&quot;,&quot;TOGGLE_FULLSCREEN&quot;:&quot;Toggle full-screen mode&quot;},&quot;Images&quot;:{&quot;Panzoom&quot;:{&quot;maxScale&quot;:2},&quot;zoom&quot;:false},&quot;toolbar&quot;:true,&quot;wheel&quot;:false,&quot;animationEffect&quot;:&quot;&quot;,&quot;transitionEffect&quot;:&quot;fade&quot;,&quot;mainClass&quot;:&quot;modula-fancybox-container modula-lightbox-jtg-19564&quot;,&quot;Html&quot;:{&quot;videoAutoplay&quot;:0,&quot;videoTpl&quot;:&quot;&lt;video class=\\&quot;fancybox__html5video\\&quot; controls muted playsinline controlsList controlsList=\\&quot;nodownload\\&quot; poster=\\&quot;{{poster}}\\&quot; src=\\&quot;{{src}}\\&quot; type=\\&quot;{{format}}\\&quot; &gt;  Sorry, your browser doesn&#039;t support embedded videos, &lt;a href=\\&quot;{{src}}\\&quot;&gt; download &lt;\\\/a&gt; and watch with your favorite video player! &lt;\\\/video&gt;&quot;},&quot;showClass&quot;:&quot;m-In&quot;,&quot;hideClass&quot;:&quot;m-Out&quot;},&quot;inView&quot;:false,&quot;email_subject&quot;:&quot;Check out this awesome image !!&quot;,&quot;email_message&quot;:&quot;Here is the link to the image : %%image_link%% and this is the link to the gallery : %%gallery_link%%&quot;,&quot;lightbox&quot;:&quot;fancybox&quot;,&quot;filterClick&quot;:&quot;0&quot;,&quot;dropdownFilters&quot;:&quot;0&quot;,&quot;defaultActiveFilter&quot;:&quot;all&quot;,&quot;initLightbox&quot;:&quot;modula_pro_init_lightbox&quot;,&quot;haveFilters&quot;:0,&quot;lightbox_devices&quot;:&quot;both&quot;}\">\n\n\t\n\t<div  class=\"modula-items\">\n\t\t<div class=\"modula-item effect-\" data-width=\"4\" data-height=\"3\" >\n\t<div class=\"modula-item-overlay\"><\/div>\n\n\t<div class=\"modula-item-content\">\n\n\t\t<a data-image-id=\"28713\" role=\"button\" tabindex=\"0\" rel=\"jtg-19564\" data-caption=\"&lt;span class=&quot;modula-caption-description&quot;&gt;&lt;\/span&gt;\" aria-label=\"Open image in lightbox\" data-thumb=\"https:\/\/rau.de\/wp-content\/uploads\/Baum-vor-einer-bewachsenen-Laermschutzwand-150x150.jpg\" class=\"tile-inner modula-item-link\"><\/a><img loading=\"lazy\" decoding=\"async\" class=\"pic wp-image-28713\"  data-valign=\"middle\" data-halign=\"center\" alt=\"Kleine Gr\u00fcnfl\u00e4che mit einem Baum vor einer zur H\u00e4lfte bewachsenen L\u00e4rmschutzwand\" data-full=\"https:\/\/rau.de\/wp-content\/uploads\/Baum-vor-einer-bewachsenen-Laermschutzwand.jpg\" title=\"Baum-vor-einer-bewachsenen-Laermschutzwand\" crop=\"\" width=\"1700\" height=\"1275\" src=\"https:\/\/rau.de\/wp-content\/uploads\/Baum-vor-einer-bewachsenen-Laermschutzwand.jpg\" data-src=\"https:\/\/rau.de\/wp-content\/uploads\/Baum-vor-einer-bewachsenen-Laermschutzwand.jpg\" data-caption=\"\" srcset=\"https:\/\/rau.de\/wp-content\/uploads\/Baum-vor-einer-bewachsenen-Laermschutzwand.jpg 1700w, https:\/\/rau.de\/wp-content\/uploads\/Baum-vor-einer-bewachsenen-Laermschutzwand-300x225.jpg 300w, https:\/\/rau.de\/wp-content\/uploads\/Baum-vor-einer-bewachsenen-Laermschutzwand-1024x768.jpg 1024w\" sizes=\"auto, (max-width: 1700px) 100vw, 1700px\" \/>\n\t\t<div class=\"figc no-description\">\n\t\t\t<div class=\"figc-inner\">\n\t\t\t\t\t\t\t\t\t\t\t\t\t\t\t<\/div>\n\t\t<\/div>\n\n\t<\/div>\n\n<\/div><div class=\"modula-item effect-\" data-width=\"4\" data-height=\"3\" >\n\t<div class=\"modula-item-overlay\"><\/div>\n\n\t<div class=\"modula-item-content\">\n\n\t\t<a data-image-id=\"28726\" role=\"button\" tabindex=\"0\" rel=\"jtg-19564\" data-caption=\"&lt;span class=&quot;modula-caption-description&quot;&gt;&lt;\/span&gt;\" aria-label=\"Open image in lightbox\" data-thumb=\"https:\/\/rau.de\/wp-content\/uploads\/Baustelle-mit-hoher-Laermschutzwand-aus-Steinkoerben-150x150.jpg\" class=\"tile-inner modula-item-link\"><\/a><img loading=\"lazy\" decoding=\"async\" class=\"pic wp-image-28726\"  data-valign=\"middle\" data-halign=\"center\" alt=\"Baustelle mit hoher L\u00e4rmschutzwand aus Steink\u00f6rben, umgeben von Absperrungen und Baumaschinen\" data-full=\"https:\/\/rau.de\/wp-content\/uploads\/Baustelle-mit-hoher-Laermschutzwand-aus-Steinkoerben.jpg\" title=\"Baustelle-mit-hoher-Laermschutzwand-aus-Steinkoerben\" crop=\"\" width=\"1920\" height=\"1080\" src=\"https:\/\/rau.de\/wp-content\/uploads\/Baustelle-mit-hoher-Laermschutzwand-aus-Steinkoerben.jpg\" data-src=\"https:\/\/rau.de\/wp-content\/uploads\/Baustelle-mit-hoher-Laermschutzwand-aus-Steinkoerben.jpg\" data-caption=\"\" srcset=\"https:\/\/rau.de\/wp-content\/uploads\/Baustelle-mit-hoher-Laermschutzwand-aus-Steinkoerben.jpg 1920w, https:\/\/rau.de\/wp-content\/uploads\/Baustelle-mit-hoher-Laermschutzwand-aus-Steinkoerben-300x169.jpg 300w, https:\/\/rau.de\/wp-content\/uploads\/Baustelle-mit-hoher-Laermschutzwand-aus-Steinkoerben-1024x576.jpg 1024w\" sizes=\"auto, (max-width: 1920px) 100vw, 1920px\" \/>\n\t\t<div class=\"figc no-description\">\n\t\t\t<div class=\"figc-inner\">\n\t\t\t\t\t\t\t\t\t\t\t\t\t\t\t<\/div>\n\t\t<\/div>\n\n\t<\/div>\n\n<\/div><div class=\"modula-item effect-\" data-width=\"4\" data-height=\"3\" >\n\t<div class=\"modula-item-overlay\"><\/div>\n\n\t<div class=\"modula-item-content\">\n\n\t\t<a data-image-id=\"28739\" role=\"button\" tabindex=\"0\" rel=\"jtg-19564\" data-caption=\"&lt;span class=&quot;modula-caption-description&quot;&gt;&lt;\/span&gt;\" aria-label=\"Open image in lightbox\" data-thumb=\"https:\/\/rau.de\/wp-content\/uploads\/Fussballplatz-umgeben-von-grauer-Laermschutzwand-150x150.jpg\" class=\"tile-inner modula-item-link\"><\/a><img loading=\"lazy\" decoding=\"async\" class=\"pic wp-image-28739\"  data-valign=\"middle\" data-halign=\"center\" alt=\"Fussballplatz mit k\u00fcnstlichem Rasen, umgeben von hoher, grauer L\u00e4rmschutzwand aus Steink\u00f6rben\" data-full=\"https:\/\/rau.de\/wp-content\/uploads\/Fussballplatz-umgeben-von-grauer-Laermschutzwand.jpg\" title=\"Fussballplatz-umgeben-von-grauer-Laermschutzwand\" crop=\"\" width=\"1280\" height=\"720\" src=\"https:\/\/rau.de\/wp-content\/uploads\/Fussballplatz-umgeben-von-grauer-Laermschutzwand.jpg\" data-src=\"https:\/\/rau.de\/wp-content\/uploads\/Fussballplatz-umgeben-von-grauer-Laermschutzwand.jpg\" data-caption=\"\" srcset=\"https:\/\/rau.de\/wp-content\/uploads\/Fussballplatz-umgeben-von-grauer-Laermschutzwand.jpg 1280w, https:\/\/rau.de\/wp-content\/uploads\/Fussballplatz-umgeben-von-grauer-Laermschutzwand-300x169.jpg 300w, https:\/\/rau.de\/wp-content\/uploads\/Fussballplatz-umgeben-von-grauer-Laermschutzwand-1024x576.jpg 1024w\" sizes=\"auto, (max-width: 1280px) 100vw, 1280px\" \/>\n\t\t<div class=\"figc no-description\">\n\t\t\t<div class=\"figc-inner\">\n\t\t\t\t\t\t\t\t\t\t\t\t\t\t\t<\/div>\n\t\t<\/div>\n\n\t<\/div>\n\n<\/div><div class=\"modula-item effect-\" data-width=\"6\" data-height=\"3\" >\n\t<div class=\"modula-item-overlay\"><\/div>\n\n\t<div class=\"modula-item-content\">\n\n\t\t<a data-image-id=\"28752\" role=\"button\" tabindex=\"0\" rel=\"jtg-19564\" data-caption=\"&lt;span class=&quot;modula-caption-description&quot;&gt;&lt;\/span&gt;\" aria-label=\"Open image in lightbox\" data-thumb=\"https:\/\/rau.de\/wp-content\/uploads\/Hang-mit-leicht-begruenter-Laermschutzwand-150x150.jpg\" class=\"tile-inner modula-item-link\"><\/a><img loading=\"lazy\" decoding=\"async\" class=\"pic wp-image-28752\"  data-valign=\"middle\" data-halign=\"center\" alt=\"Hang mit leicht begr\u00fcnter L\u00e4rmschutzwand, umgeben von trockener Vegetation und Wald\" data-full=\"https:\/\/rau.de\/wp-content\/uploads\/Hang-mit-leicht-begruenter-Laermschutzwand.jpg\" title=\"Hang-mit-leicht-begruenter-Laermschutzwand\" crop=\"\" width=\"1700\" height=\"956\" src=\"https:\/\/rau.de\/wp-content\/uploads\/Hang-mit-leicht-begruenter-Laermschutzwand.jpg\" data-src=\"https:\/\/rau.de\/wp-content\/uploads\/Hang-mit-leicht-begruenter-Laermschutzwand.jpg\" data-caption=\"\" srcset=\"https:\/\/rau.de\/wp-content\/uploads\/Hang-mit-leicht-begruenter-Laermschutzwand.jpg 1700w, https:\/\/rau.de\/wp-content\/uploads\/Hang-mit-leicht-begruenter-Laermschutzwand-300x169.jpg 300w, https:\/\/rau.de\/wp-content\/uploads\/Hang-mit-leicht-begruenter-Laermschutzwand-1024x576.jpg 1024w\" sizes=\"auto, (max-width: 1700px) 100vw, 1700px\" \/>\n\t\t<div class=\"figc no-description\">\n\t\t\t<div class=\"figc-inner\">\n\t\t\t\t\t\t\t\t\t\t\t\t\t\t\t<\/div>\n\t\t<\/div>\n\n\t<\/div>\n\n<\/div><div class=\"modula-item effect-\" data-width=\"3\" data-height=\"3\" >\n\t<div class=\"modula-item-overlay\"><\/div>\n\n\t<div class=\"modula-item-content\">\n\n\t\t<a data-image-id=\"28765\" role=\"button\" tabindex=\"0\" rel=\"jtg-19564\" data-caption=\"&lt;span class=&quot;modula-caption-description&quot;&gt;&lt;\/span&gt;\" aria-label=\"Open image in lightbox\" data-thumb=\"https:\/\/rau.de\/wp-content\/uploads\/Laermschutzwaende-entlang-einer-Baustelle-150x150.jpg\" class=\"tile-inner modula-item-link\"><\/a><img loading=\"lazy\" decoding=\"async\" class=\"pic wp-image-28765\"  data-valign=\"middle\" data-halign=\"center\" alt=\"L\u00e4rmschutzwand entlang einer Landstrasse, umgeben von Wiesen\" data-full=\"https:\/\/rau.de\/wp-content\/uploads\/Laermschutzwaende-entlang-einer-Baustelle.jpg\" title=\"Laermschutzwaende-entlang-einer-Baustelle\" crop=\"\" width=\"1920\" height=\"1280\" src=\"https:\/\/rau.de\/wp-content\/uploads\/Laermschutzwaende-entlang-einer-Baustelle.jpg\" data-src=\"https:\/\/rau.de\/wp-content\/uploads\/Laermschutzwaende-entlang-einer-Baustelle.jpg\" data-caption=\"\" srcset=\"https:\/\/rau.de\/wp-content\/uploads\/Laermschutzwaende-entlang-einer-Baustelle.jpg 1920w, https:\/\/rau.de\/wp-content\/uploads\/Laermschutzwaende-entlang-einer-Baustelle-300x200.jpg 300w, https:\/\/rau.de\/wp-content\/uploads\/Laermschutzwaende-entlang-einer-Baustelle-1024x683.jpg 1024w\" sizes=\"auto, (max-width: 1920px) 100vw, 1920px\" \/>\n\t\t<div class=\"figc no-description\">\n\t\t\t<div class=\"figc-inner\">\n\t\t\t\t\t\t\t\t\t\t\t\t\t\t\t<\/div>\n\t\t<\/div>\n\n\t<\/div>\n\n<\/div><div class=\"modula-item effect-\" data-width=\"3\" data-height=\"3\" >\n\t<div class=\"modula-item-overlay\"><\/div>\n\n\t<div class=\"modula-item-content\">\n\n\t\t<a data-image-id=\"28778\" role=\"button\" tabindex=\"0\" rel=\"jtg-19564\" data-caption=\"&lt;span class=&quot;modula-caption-description&quot;&gt;&lt;\/span&gt;\" aria-label=\"Open image in lightbox\" data-thumb=\"https:\/\/rau.de\/wp-content\/uploads\/Laermschutzwand-entlang-einer-Landstrasse-150x150.jpg\" class=\"tile-inner modula-item-link\"><\/a><img loading=\"lazy\" decoding=\"async\" class=\"pic wp-image-28778\"  data-valign=\"middle\" data-halign=\"center\" alt=\"L\u00e4rmschutzwand entlang einer Landstrasse, umgeben von Wiesen\" data-full=\"https:\/\/rau.de\/wp-content\/uploads\/Laermschutzwand-entlang-einer-Landstrasse.jpg\" title=\"Laermschutzwand-entlang-einer-Landstrasse\" crop=\"\" width=\"1700\" height=\"956\" src=\"https:\/\/rau.de\/wp-content\/uploads\/Laermschutzwand-entlang-einer-Landstrasse.jpg\" data-src=\"https:\/\/rau.de\/wp-content\/uploads\/Laermschutzwand-entlang-einer-Landstrasse.jpg\" data-caption=\"\" srcset=\"https:\/\/rau.de\/wp-content\/uploads\/Laermschutzwand-entlang-einer-Landstrasse.jpg 1700w, https:\/\/rau.de\/wp-content\/uploads\/Laermschutzwand-entlang-einer-Landstrasse-300x169.jpg 300w, https:\/\/rau.de\/wp-content\/uploads\/Laermschutzwand-entlang-einer-Landstrasse-1024x576.jpg 1024w\" sizes=\"auto, (max-width: 1700px) 100vw, 1700px\" \/>\n\t\t<div class=\"figc no-description\">\n\t\t\t<div class=\"figc-inner\">\n\t\t\t\t\t\t\t\t\t\t\t\t\t\t\t<\/div>\n\t\t<\/div>\n\n\t<\/div>\n\n<\/div><div class=\"modula-item effect-\" data-width=\"4\" data-height=\"3\" >\n\t<div class=\"modula-item-overlay\"><\/div>\n\n\t<div class=\"modula-item-content\">\n\n\t\t<a data-image-id=\"28791\" role=\"button\" tabindex=\"0\" rel=\"jtg-19564\" data-caption=\"&lt;span class=&quot;modula-caption-description&quot;&gt;&lt;\/span&gt;\" aria-label=\"Open image in lightbox\" data-thumb=\"https:\/\/rau.de\/wp-content\/uploads\/Sportplatz-mit-Laermschutzwand-und-Baeumen-150x150.jpg\" class=\"tile-inner modula-item-link\"><\/a><img loading=\"lazy\" decoding=\"async\" class=\"pic wp-image-28791\"  data-valign=\"middle\" data-halign=\"center\" alt=\"Sportplatz mit L\u00e4rmschutzwand und B\u00e4umen im Hintergrund\" data-full=\"https:\/\/rau.de\/wp-content\/uploads\/Sportplatz-mit-Laermschutzwand-und-Baeumen.jpg\" title=\"Sportplatz-mit-Laermschutzwand-und-Baeumen\" crop=\"\" width=\"1920\" height=\"1080\" src=\"https:\/\/rau.de\/wp-content\/uploads\/Sportplatz-mit-Laermschutzwand-und-Baeumen.jpg\" data-src=\"https:\/\/rau.de\/wp-content\/uploads\/Sportplatz-mit-Laermschutzwand-und-Baeumen.jpg\" data-caption=\"\" srcset=\"https:\/\/rau.de\/wp-content\/uploads\/Sportplatz-mit-Laermschutzwand-und-Baeumen.jpg 1920w, https:\/\/rau.de\/wp-content\/uploads\/Sportplatz-mit-Laermschutzwand-und-Baeumen-300x169.jpg 300w, https:\/\/rau.de\/wp-content\/uploads\/Sportplatz-mit-Laermschutzwand-und-Baeumen-1024x576.jpg 1024w\" sizes=\"auto, (max-width: 1920px) 100vw, 1920px\" \/>\n\t\t<div class=\"figc no-description\">\n\t\t\t<div class=\"figc-inner\">\n\t\t\t\t\t\t\t\t\t\t\t\t\t\t\t<\/div>\n\t\t<\/div>\n\n\t<\/div>\n\n<\/div><div class=\"modula-item effect-\" data-width=\"4\" data-height=\"3\" >\n\t<div class=\"modula-item-overlay\"><\/div>\n\n\t<div class=\"modula-item-content\">\n\n\t\t<a data-image-id=\"28804\" role=\"button\" tabindex=\"0\" rel=\"jtg-19564\" data-caption=\"&lt;span class=&quot;modula-caption-description&quot;&gt;&lt;\/span&gt;\" aria-label=\"Open image in lightbox\" data-thumb=\"https:\/\/rau.de\/wp-content\/uploads\/Strasse-mit-Laermschutzwand-und-jungem-Baum-150x150.jpg\" class=\"tile-inner modula-item-link\"><\/a><img loading=\"lazy\" decoding=\"async\" class=\"pic wp-image-28804\"  data-valign=\"middle\" data-halign=\"center\" alt=\"Strasse mit L\u00e4rmschutzwand und einem jungen Baum in einem Wohngebiet\" data-full=\"https:\/\/rau.de\/wp-content\/uploads\/Strasse-mit-Laermschutzwand-und-jungem-Baum.jpg\" title=\"Strasse-mit-Laermschutzwand-und-jungem-Baum\" crop=\"\" width=\"1700\" height=\"1275\" src=\"https:\/\/rau.de\/wp-content\/uploads\/Strasse-mit-Laermschutzwand-und-jungem-Baum.jpg\" data-src=\"https:\/\/rau.de\/wp-content\/uploads\/Strasse-mit-Laermschutzwand-und-jungem-Baum.jpg\" data-caption=\"\" srcset=\"https:\/\/rau.de\/wp-content\/uploads\/Strasse-mit-Laermschutzwand-und-jungem-Baum.jpg 1700w, https:\/\/rau.de\/wp-content\/uploads\/Strasse-mit-Laermschutzwand-und-jungem-Baum-300x225.jpg 300w, https:\/\/rau.de\/wp-content\/uploads\/Strasse-mit-Laermschutzwand-und-jungem-Baum-1024x768.jpg 1024w\" sizes=\"auto, (max-width: 1700px) 100vw, 1700px\" \/>\n\t\t<div class=\"figc no-description\">\n\t\t\t<div class=\"figc-inner\">\n\t\t\t\t\t\t\t\t\t\t\t\t\t\t\t<\/div>\n\t\t<\/div>\n\n\t<\/div>\n\n<\/div><div class=\"modula-item effect-\" data-width=\"4\" data-height=\"3\" >\n\t<div class=\"modula-item-overlay\"><\/div>\n\n\t<div class=\"modula-item-content\">\n\n\t\t<a data-image-id=\"19709\" role=\"button\" tabindex=\"0\" rel=\"jtg-19564\" data-caption=\"&lt;span class=&quot;modula-caption-description&quot;&gt;&lt;\/span&gt;\" aria-label=\"Open image in lightbox\" data-thumb=\"https:\/\/rau.de\/wp-content\/uploads\/AlpinEssen2-150x150.jpg\" class=\"tile-inner modula-item-link\"><\/a><img loading=\"lazy\" decoding=\"async\" class=\"pic wp-image-19709\"  data-valign=\"middle\" data-halign=\"center\" alt=\"\" data-full=\"https:\/\/rau.de\/wp-content\/uploads\/AlpinEssen2.jpg\" title=\"AlpinEssen2\" crop=\"\" width=\"1700\" height=\"956\" src=\"https:\/\/rau.de\/wp-content\/uploads\/AlpinEssen2.jpg\" data-src=\"https:\/\/rau.de\/wp-content\/uploads\/AlpinEssen2.jpg\" data-caption=\"\" srcset=\"https:\/\/rau.de\/wp-content\/uploads\/AlpinEssen2.jpg 1700w, https:\/\/rau.de\/wp-content\/uploads\/AlpinEssen2-300x169.jpg 300w, https:\/\/rau.de\/wp-content\/uploads\/AlpinEssen2-1024x576.jpg 1024w\" sizes=\"auto, (max-width: 1700px) 100vw, 1700px\" \/>\n\t\t<div class=\"figc no-description\">\n\t\t\t<div class=\"figc-inner\">\n\t\t\t\t\t\t\t\t\t\t\t\t\t\t\t<\/div>\n\t\t<\/div>\n\n\t<\/div>\n\n<\/div><div class=\"modula-item effect-\" data-width=\"3\" data-height=\"3\" >\n\t<div class=\"modula-item-overlay\"><\/div>\n\n\t<div class=\"modula-item-content\">\n\n\t\t<a data-image-id=\"19696\" role=\"button\" tabindex=\"0\" rel=\"jtg-19564\" data-caption=\"&lt;span class=&quot;modula-caption-description&quot;&gt;&lt;\/span&gt;\" aria-label=\"Open image in lightbox\" data-thumb=\"https:\/\/rau.de\/wp-content\/uploads\/AlpinEssen1-150x150.jpg\" class=\"tile-inner modula-item-link\"><\/a><img loading=\"lazy\" decoding=\"async\" class=\"pic wp-image-19696\"  data-valign=\"middle\" data-halign=\"center\" alt=\"\" data-full=\"https:\/\/rau.de\/wp-content\/uploads\/AlpinEssen1.jpg\" title=\"AlpinEssen1\" crop=\"\" width=\"1700\" height=\"956\" src=\"https:\/\/rau.de\/wp-content\/uploads\/AlpinEssen1.jpg\" data-src=\"https:\/\/rau.de\/wp-content\/uploads\/AlpinEssen1.jpg\" data-caption=\"\" srcset=\"https:\/\/rau.de\/wp-content\/uploads\/AlpinEssen1.jpg 1700w, https:\/\/rau.de\/wp-content\/uploads\/AlpinEssen1-300x169.jpg 300w, https:\/\/rau.de\/wp-content\/uploads\/AlpinEssen1-1024x576.jpg 1024w\" sizes=\"auto, (max-width: 1700px) 100vw, 1700px\" \/>\n\t\t<div class=\"figc no-description\">\n\t\t\t<div class=\"figc-inner\">\n\t\t\t\t\t\t\t\t\t\t\t\t\t\t\t<\/div>\n\t\t<\/div>\n\n\t<\/div>\n\n<\/div><div class=\"modula-item effect-\" data-width=\"5\" data-height=\"3\" >\n\t<div class=\"modula-item-overlay\"><\/div>\n\n\t<div class=\"modula-item-content\">\n\n\t\t<a data-image-id=\"19787\" role=\"button\" tabindex=\"0\" rel=\"jtg-19564\" data-caption=\"&lt;span class=&quot;modula-caption-description&quot;&gt;&lt;\/span&gt;\" aria-label=\"Open image in lightbox\" data-thumb=\"https:\/\/rau.de\/wp-content\/uploads\/AlpinHennigsdorf4-150x150.jpg\" class=\"tile-inner modula-item-link\"><\/a><img loading=\"lazy\" decoding=\"async\" class=\"pic wp-image-19787\"  data-valign=\"middle\" data-halign=\"center\" alt=\"\" data-full=\"https:\/\/rau.de\/wp-content\/uploads\/AlpinHennigsdorf4.jpg\" title=\"Begr\u00fcnung von L\u00e4rmschutzw\u00e4nden aller Art\" crop=\"\" width=\"1920\" height=\"1280\" src=\"https:\/\/rau.de\/wp-content\/uploads\/AlpinHennigsdorf4.jpg\" data-src=\"https:\/\/rau.de\/wp-content\/uploads\/AlpinHennigsdorf4.jpg\" data-caption=\"\" srcset=\"https:\/\/rau.de\/wp-content\/uploads\/AlpinHennigsdorf4.jpg 1920w, https:\/\/rau.de\/wp-content\/uploads\/AlpinHennigsdorf4-300x200.jpg 300w, https:\/\/rau.de\/wp-content\/uploads\/AlpinHennigsdorf4-1024x683.jpg 1024w\" sizes=\"auto, (max-width: 1920px) 100vw, 1920px\" \/>\n\t\t<div class=\"figc no-description\">\n\t\t\t<div class=\"figc-inner\">\n\t\t\t\t\t\t\t\t\t\t\t\t\t\t\t<\/div>\n\t\t<\/div>\n\n\t<\/div>\n\n<\/div><div class=\"modula-item effect-\" data-width=\"4\" data-height=\"3\" >\n\t<div class=\"modula-item-overlay\"><\/div>\n\n\t<div class=\"modula-item-content\">\n\n\t\t<a data-image-id=\"19813\" role=\"button\" tabindex=\"0\" rel=\"jtg-19564\" data-caption=\"&lt;span class=&quot;modula-caption-description&quot;&gt;&lt;\/span&gt;\" aria-label=\"Open image in lightbox\" data-thumb=\"https:\/\/rau.de\/wp-content\/uploads\/AlpinHennigsdorf6-150x150.jpg\" class=\"tile-inner modula-item-link\"><\/a><img loading=\"lazy\" decoding=\"async\" class=\"pic wp-image-19813\"  data-valign=\"middle\" data-halign=\"center\" alt=\"\" data-full=\"https:\/\/rau.de\/wp-content\/uploads\/AlpinHennigsdorf6.jpg\" title=\"AlpinHennigsdorf6\" crop=\"\" width=\"1920\" height=\"1280\" src=\"https:\/\/rau.de\/wp-content\/uploads\/AlpinHennigsdorf6.jpg\" data-src=\"https:\/\/rau.de\/wp-content\/uploads\/AlpinHennigsdorf6.jpg\" data-caption=\"\" srcset=\"https:\/\/rau.de\/wp-content\/uploads\/AlpinHennigsdorf6.jpg 1920w, https:\/\/rau.de\/wp-content\/uploads\/AlpinHennigsdorf6-300x200.jpg 300w, https:\/\/rau.de\/wp-content\/uploads\/AlpinHennigsdorf6-1024x683.jpg 1024w\" sizes=\"auto, (max-width: 1920px) 100vw, 1920px\" \/>\n\t\t<div class=\"figc no-description\">\n\t\t\t<div class=\"figc-inner\">\n\t\t\t\t\t\t\t\t\t\t\t\t\t\t\t<\/div>\n\t\t<\/div>\n\n\t<\/div>\n\n<\/div><div class=\"modula-item effect-\" data-width=\"5\" data-height=\"3\" >\n\t<div class=\"modula-item-overlay\"><\/div>\n\n\t<div class=\"modula-item-content\">\n\n\t\t<a data-image-id=\"19683\" role=\"button\" tabindex=\"0\" rel=\"jtg-19564\" data-caption=\"&lt;span class=&quot;modula-caption-description&quot;&gt;&lt;\/span&gt;\" aria-label=\"Open image in lightbox\" data-thumb=\"https:\/\/rau.de\/wp-content\/uploads\/Alpin10-150x150.jpg\" class=\"tile-inner modula-item-link\"><\/a><img loading=\"lazy\" decoding=\"async\" class=\"pic wp-image-19683\"  data-valign=\"middle\" data-halign=\"center\" alt=\"\" data-full=\"https:\/\/rau.de\/wp-content\/uploads\/Alpin10.jpg\" title=\"Alpin10\" crop=\"\" width=\"1920\" height=\"1080\" src=\"https:\/\/rau.de\/wp-content\/uploads\/Alpin10.jpg\" data-src=\"https:\/\/rau.de\/wp-content\/uploads\/Alpin10.jpg\" data-caption=\"\" srcset=\"https:\/\/rau.de\/wp-content\/uploads\/Alpin10.jpg 1920w, https:\/\/rau.de\/wp-content\/uploads\/Alpin10-300x169.jpg 300w, https:\/\/rau.de\/wp-content\/uploads\/Alpin10-1024x576.jpg 1024w\" sizes=\"auto, (max-width: 1920px) 100vw, 1920px\" \/>\n\t\t<div class=\"figc no-description\">\n\t\t\t<div class=\"figc-inner\">\n\t\t\t\t\t\t\t\t\t\t\t\t\t\t\t<\/div>\n\t\t<\/div>\n\n\t<\/div>\n\n<\/div><div class=\"modula-item effect-\" data-width=\"3\" data-height=\"3\" >\n\t<div class=\"modula-item-overlay\"><\/div>\n\n\t<div class=\"modula-item-content\">\n\n\t\t<a data-image-id=\"27611\" role=\"button\" tabindex=\"0\" rel=\"jtg-19564\" data-caption=\"&lt;span class=&quot;modula-caption-description&quot;&gt;&lt;\/span&gt;\" aria-label=\"Open image in lightbox\" data-thumb=\"https:\/\/rau.de\/wp-content\/uploads\/Mit-Steinen-befuellte-Laermschutzwand-in-Gaeufelden-150x150.jpg\" class=\"tile-inner modula-item-link\"><\/a><img loading=\"lazy\" decoding=\"async\" class=\"pic wp-image-27611\"  data-valign=\"middle\" data-halign=\"center\" alt=\"Mit Steinen bef\u00fcllte L\u00e4rmschutzwand in G\u00e4ufelden\" data-full=\"https:\/\/rau.de\/wp-content\/uploads\/Mit-Steinen-befuellte-Laermschutzwand-in-Gaeufelden.jpg\" title=\"Mit-Steinen-befuellte-Laermschutzwand-in-Gaeufelden\" crop=\"\" width=\"1100\" height=\"825\" src=\"https:\/\/rau.de\/wp-content\/uploads\/Mit-Steinen-befuellte-Laermschutzwand-in-Gaeufelden.jpg\" data-src=\"https:\/\/rau.de\/wp-content\/uploads\/Mit-Steinen-befuellte-Laermschutzwand-in-Gaeufelden.jpg\" data-caption=\"\" srcset=\"https:\/\/rau.de\/wp-content\/uploads\/Mit-Steinen-befuellte-Laermschutzwand-in-Gaeufelden.jpg 1100w, https:\/\/rau.de\/wp-content\/uploads\/Mit-Steinen-befuellte-Laermschutzwand-in-Gaeufelden-300x225.jpg 300w, https:\/\/rau.de\/wp-content\/uploads\/Mit-Steinen-befuellte-Laermschutzwand-in-Gaeufelden-1024x768.jpg 1024w\" sizes=\"auto, (max-width: 1100px) 100vw, 1100px\" \/>\n\t\t<div class=\"figc no-description\">\n\t\t\t<div class=\"figc-inner\">\n\t\t\t\t\t\t\t\t\t\t\t\t\t\t\t<\/div>\n\t\t<\/div>\n\n\t<\/div>\n\n<\/div><div class=\"modula-item effect-\" data-width=\"4\" data-height=\"3\" >\n\t<div class=\"modula-item-overlay\"><\/div>\n\n\t<div class=\"modula-item-content\">\n\n\t\t<a data-image-id=\"19657\" role=\"button\" tabindex=\"0\" rel=\"jtg-19564\" data-caption=\"&lt;span class=&quot;modula-caption-description&quot;&gt;&lt;\/span&gt;\" aria-label=\"Open image in lightbox\" data-thumb=\"https:\/\/rau.de\/wp-content\/uploads\/Alpin8-150x150.jpg\" class=\"tile-inner modula-item-link\"><\/a><img loading=\"lazy\" decoding=\"async\" class=\"pic wp-image-19657\"  data-valign=\"middle\" data-halign=\"center\" alt=\"\" data-full=\"https:\/\/rau.de\/wp-content\/uploads\/Alpin8.jpg\" title=\"Alpin8\" crop=\"\" width=\"1280\" height=\"720\" src=\"https:\/\/rau.de\/wp-content\/uploads\/Alpin8.jpg\" data-src=\"https:\/\/rau.de\/wp-content\/uploads\/Alpin8.jpg\" data-caption=\"\" srcset=\"https:\/\/rau.de\/wp-content\/uploads\/Alpin8.jpg 1280w, https:\/\/rau.de\/wp-content\/uploads\/Alpin8-300x169.jpg 300w, https:\/\/rau.de\/wp-content\/uploads\/Alpin8-1024x576.jpg 1024w\" sizes=\"auto, (max-width: 1280px) 100vw, 1280px\" \/>\n\t\t<div class=\"figc no-description\">\n\t\t\t<div class=\"figc-inner\">\n\t\t\t\t\t\t\t\t\t\t\t\t\t\t\t<\/div>\n\t\t<\/div>\n\n\t<\/div>\n\n<\/div><div class=\"modula-item effect-\" data-width=\"5\" data-height=\"3\" >\n\t<div class=\"modula-item-overlay\"><\/div>\n\n\t<div class=\"modula-item-content\">\n\n\t\t<a data-image-id=\"19618\" role=\"button\" tabindex=\"0\" rel=\"jtg-19564\" data-caption=\"&lt;span class=&quot;modula-caption-description&quot;&gt;&lt;\/span&gt;\" aria-label=\"Open image in lightbox\" data-thumb=\"https:\/\/rau.de\/wp-content\/uploads\/Alpin5-150x150.jpg\" class=\"tile-inner modula-item-link\"><\/a><img loading=\"lazy\" decoding=\"async\" class=\"pic wp-image-19618\"  data-valign=\"middle\" data-halign=\"center\" alt=\"\" data-full=\"https:\/\/rau.de\/wp-content\/uploads\/Alpin5.jpg\" title=\"Alpin5\" crop=\"\" width=\"1700\" height=\"1275\" src=\"https:\/\/rau.de\/wp-content\/uploads\/Alpin5.jpg\" data-src=\"https:\/\/rau.de\/wp-content\/uploads\/Alpin5.jpg\" data-caption=\"\" srcset=\"https:\/\/rau.de\/wp-content\/uploads\/Alpin5.jpg 1700w, https:\/\/rau.de\/wp-content\/uploads\/Alpin5-300x225.jpg 300w, https:\/\/rau.de\/wp-content\/uploads\/Alpin5-1024x768.jpg 1024w\" sizes=\"auto, (max-width: 1700px) 100vw, 1700px\" \/>\n\t\t<div class=\"figc no-description\">\n\t\t\t<div class=\"figc-inner\">\n\t\t\t\t\t\t\t\t\t\t\t\t\t\t\t<\/div>\n\t\t<\/div>\n\n\t<\/div>\n\n<\/div><div class=\"modula-item effect-\" data-width=\"2\" data-height=\"3\" >\n\t<div class=\"modula-item-overlay\"><\/div>\n\n\t<div class=\"modula-item-content\">\n\n\t\t<a data-image-id=\"29678\" role=\"button\" tabindex=\"0\" rel=\"jtg-19564\" data-caption=\"&lt;span class=&quot;modula-caption-description&quot;&gt;&lt;\/span&gt;\" aria-label=\"Open image in lightbox\" data-thumb=\"https:\/\/rau.de\/wp-content\/uploads\/Laermschutzwand-entlang-einer-Strasse-1-150x150.jpg\" class=\"tile-inner modula-item-link\"><\/a><img loading=\"lazy\" decoding=\"async\" class=\"pic wp-image-29678\"  data-valign=\"middle\" data-halign=\"center\" alt=\"L\u00e4rmschutzwand aus Drahtgitterk\u00f6rben, gef\u00fcllt mit Steinen, entlang einer Stra\u00dfe\" data-full=\"https:\/\/rau.de\/wp-content\/uploads\/Laermschutzwand-entlang-einer-Strasse-1.jpg\" title=\"Laermschutzwand-entlang-einer-Strasse-1\" crop=\"\" width=\"1600\" height=\"1200\" src=\"https:\/\/rau.de\/wp-content\/uploads\/Laermschutzwand-entlang-einer-Strasse-1.jpg\" data-src=\"https:\/\/rau.de\/wp-content\/uploads\/Laermschutzwand-entlang-einer-Strasse-1.jpg\" data-caption=\"\" srcset=\"https:\/\/rau.de\/wp-content\/uploads\/Laermschutzwand-entlang-einer-Strasse-1.jpg 1600w, https:\/\/rau.de\/wp-content\/uploads\/Laermschutzwand-entlang-einer-Strasse-1-300x225.jpg 300w, https:\/\/rau.de\/wp-content\/uploads\/Laermschutzwand-entlang-einer-Strasse-1-1024x768.jpg 1024w\" sizes=\"auto, (max-width: 1600px) 100vw, 1600px\" \/>\n\t\t<div class=\"figc no-description\">\n\t\t\t<div class=\"figc-inner\">\n\t\t\t\t\t\t\t\t\t\t\t\t\t\t\t<\/div>\n\t\t<\/div>\n\n\t<\/div>\n\n<\/div><div class=\"modula-item effect-\" data-width=\"5\" data-height=\"3\" >\n\t<div class=\"modula-item-overlay\"><\/div>\n\n\t<div class=\"modula-item-content\">\n\n\t\t<a data-image-id=\"19800\" role=\"button\" tabindex=\"0\" rel=\"jtg-19564\" data-caption=\"&lt;span class=&quot;modula-caption-description&quot;&gt;&lt;\/span&gt;\" aria-label=\"Open image in lightbox\" data-thumb=\"https:\/\/rau.de\/wp-content\/uploads\/AlpinHennigsdorf5-150x150.jpg\" class=\"tile-inner modula-item-link\"><\/a><img loading=\"lazy\" decoding=\"async\" class=\"pic wp-image-19800\"  data-valign=\"middle\" data-halign=\"center\" alt=\"\" data-full=\"https:\/\/rau.de\/wp-content\/uploads\/AlpinHennigsdorf5.jpg\" title=\"AlpinHennigsdorf5\" crop=\"\" width=\"1920\" height=\"1280\" src=\"https:\/\/rau.de\/wp-content\/uploads\/AlpinHennigsdorf5.jpg\" data-src=\"https:\/\/rau.de\/wp-content\/uploads\/AlpinHennigsdorf5.jpg\" data-caption=\"\" srcset=\"https:\/\/rau.de\/wp-content\/uploads\/AlpinHennigsdorf5.jpg 1920w, https:\/\/rau.de\/wp-content\/uploads\/AlpinHennigsdorf5-300x200.jpg 300w, https:\/\/rau.de\/wp-content\/uploads\/AlpinHennigsdorf5-1024x683.jpg 1024w\" sizes=\"auto, (max-width: 1920px) 100vw, 1920px\" \/>\n\t\t<div class=\"figc no-description\">\n\t\t\t<div class=\"figc-inner\">\n\t\t\t\t\t\t\t\t\t\t\t\t\t\t\t<\/div>\n\t\t<\/div>\n\n\t<\/div>\n\n<\/div><div class=\"modula-item effect-\" data-width=\"4\" data-height=\"3\" >\n\t<div class=\"modula-item-overlay\"><\/div>\n\n\t<div class=\"modula-item-content\">\n\n\t\t<a data-image-id=\"19761\" role=\"button\" tabindex=\"0\" rel=\"jtg-19564\" data-caption=\"&lt;span class=&quot;modula-caption-description&quot;&gt;&lt;\/span&gt;\" aria-label=\"Open image in lightbox\" data-thumb=\"https:\/\/rau.de\/wp-content\/uploads\/AlpinHennigsdorf2-150x150.jpg\" class=\"tile-inner modula-item-link\"><\/a><img loading=\"lazy\" decoding=\"async\" class=\"pic wp-image-19761\"  data-valign=\"middle\" data-halign=\"center\" alt=\"\" data-full=\"https:\/\/rau.de\/wp-content\/uploads\/AlpinHennigsdorf2.jpg\" title=\"AlpinHennigsdorf2\" crop=\"\" width=\"1920\" height=\"1280\" src=\"https:\/\/rau.de\/wp-content\/uploads\/AlpinHennigsdorf2.jpg\" data-src=\"https:\/\/rau.de\/wp-content\/uploads\/AlpinHennigsdorf2.jpg\" data-caption=\"\" srcset=\"https:\/\/rau.de\/wp-content\/uploads\/AlpinHennigsdorf2.jpg 1920w, https:\/\/rau.de\/wp-content\/uploads\/AlpinHennigsdorf2-300x200.jpg 300w, https:\/\/rau.de\/wp-content\/uploads\/AlpinHennigsdorf2-1024x683.jpg 1024w\" sizes=\"auto, (max-width: 1920px) 100vw, 1920px\" \/>\n\t\t<div class=\"figc no-description\">\n\t\t\t<div class=\"figc-inner\">\n\t\t\t\t\t\t\t\t\t\t\t\t\t\t\t<\/div>\n\t\t<\/div>\n\n\t<\/div>\n\n<\/div><div class=\"modula-item effect-\" data-width=\"8\" data-height=\"3\" >\n\t<div class=\"modula-item-overlay\"><\/div>\n\n\t<div class=\"modula-item-content\">\n\n\t\t<a data-image-id=\"19670\" role=\"button\" tabindex=\"0\" rel=\"jtg-19564\" data-caption=\"&lt;span class=&quot;modula-caption-description&quot;&gt;&lt;\/span&gt;\" aria-label=\"Open image in lightbox\" data-thumb=\"https:\/\/rau.de\/wp-content\/uploads\/Alpin9-150x150.jpg\" class=\"tile-inner modula-item-link\"><\/a><img loading=\"lazy\" decoding=\"async\" class=\"pic wp-image-19670\"  data-valign=\"middle\" data-halign=\"center\" alt=\"\" data-full=\"https:\/\/rau.de\/wp-content\/uploads\/Alpin9.jpg\" title=\"Alpin9\" crop=\"\" width=\"1024\" height=\"768\" src=\"https:\/\/rau.de\/wp-content\/uploads\/Alpin9.jpg\" data-src=\"https:\/\/rau.de\/wp-content\/uploads\/Alpin9.jpg\" data-caption=\"\" srcset=\"https:\/\/rau.de\/wp-content\/uploads\/Alpin9.jpg 1024w, https:\/\/rau.de\/wp-content\/uploads\/Alpin9-300x225.jpg 300w\" sizes=\"auto, (max-width: 1024px) 100vw, 1024px\" \/>\n\t\t<div class=\"figc no-description\">\n\t\t\t<div class=\"figc-inner\">\n\t\t\t\t\t\t\t\t\t\t\t\t\t\t\t<\/div>\n\t\t<\/div>\n\n\t<\/div>\n\n<\/div>\t\t\n\t<\/div>\n\n\t\n\t\n\t<script type=\"application\/ld+json\">\n\t{\n\t\t\"@context\": \"http:\/\/schema.org\",\n\t\t\"@type\"   : \"ImageGallery\",\n\t\t\"id\"      : \"https:\/\/rau.de\/fr\/galerie\/alpin\/\",\n\t\t\"url\"     : \"https:\/\/rau.de\/fr\/galerie\/alpin\/\"\n\t}\n\n\t<\/script>\n\n\t\n<\/div>\n\n<\/div><\/div><\/div><\/div><\/div><\/div><\/div><\/div><\/div><\/div><\/div><\/section>\n","protected":false},"excerpt":{"rendered":"AlpinComme le mod\u00e8le RAU R3, le RAU Alpin pour voirie renferme un panier en acier. Dot\u00e9 d\u2019un socle en b\u00e9ton sur une couche support en mat\u00e9riau de recyclage, il assure un soutien solide et stable et peut atteindre jusqu\u2019\u00e0 douze m\u00e8tres de hauteur. Pour une protection acoustique optimale, le noyau monolithique de la structure m\u00e9tallique...","protected":false},"author":1,"featured_media":0,"parent":770,"menu_order":0,"comment_status":"closed","ping_status":"closed","template":"","meta":{"footnotes":""},"class_list":["post-5638","page","type-page","status-publish","hentry"],"yoast_head":"<!-- This site is optimized with the Yoast SEO plugin v27.5 - https:\/\/yoast.com\/product\/yoast-seo-wordpress\/ -->\n<title>Le mur du son stable contre le bruit de l&#039;autoroute | \ud83c\udfde RAU.de \ud83c\udf33<\/title>\n<meta name=\"description\" content=\"Le mur insonoris\u00e9 RAU-Alpin pour autoroutes \u27a1 jusqu&#039;\u00e0 douze m\u00e8tres de haut \u2705 Ajustements individuels \u00e0 l&#039;environnement \u2728\" \/>\n<meta name=\"robots\" content=\"index, follow, max-snippet:-1, max-image-preview:large, max-video-preview:-1\" \/>\n<link rel=\"canonical\" href=\"https:\/\/rau.de\/fr\/galerie\/alpin\/\" \/>\n<meta property=\"og:locale\" content=\"fr_FR\" \/>\n<meta property=\"og:type\" content=\"article\" \/>\n<meta property=\"og:title\" content=\"Le mur du son stable contre le bruit de l&#039;autoroute | \ud83c\udfde RAU.de \ud83c\udf33\" \/>\n<meta property=\"og:description\" content=\"Le mur insonoris\u00e9 RAU-Alpin pour autoroutes \u27a1 jusqu&#039;\u00e0 douze m\u00e8tres de haut \u2705 Ajustements individuels \u00e0 l&#039;environnement \u2728\" \/>\n<meta property=\"og:url\" content=\"https:\/\/rau.de\/fr\/galerie\/alpin\/\" \/>\n<meta property=\"og:site_name\" content=\"Rau | L\u00e4rmschutzw\u00e4nde\" \/>\n<meta property=\"article:modified_time\" content=\"2021-10-25T13:44:32+00:00\" \/>\n<meta property=\"og:image\" content=\"https:\/\/rau.de\/wp-content\/uploads\/rau.de-begruente-laermschutzwand-2015-08-23-sonderteile-2.jpg\" \/>\n\t<meta property=\"og:image:width\" content=\"1920\" \/>\n\t<meta property=\"og:image:height\" content=\"1146\" \/>\n\t<meta property=\"og:image:type\" content=\"image\/jpeg\" \/>\n<meta name=\"twitter:card\" content=\"summary_large_image\" \/>\n<meta name=\"twitter:label1\" content=\"Dur\u00e9e de lecture estim\u00e9e\" \/>\n\t<meta name=\"twitter:data1\" content=\"1 minute\" \/>\n<script type=\"application\/ld+json\" class=\"yoast-schema-graph\">{\"@context\":\"https:\\\/\\\/schema.org\",\"@graph\":[{\"@type\":\"WebPage\",\"@id\":\"https:\\\/\\\/rau.de\\\/fr\\\/galerie\\\/alpin\\\/\",\"url\":\"https:\\\/\\\/rau.de\\\/fr\\\/galerie\\\/alpin\\\/\",\"name\":\"Le mur du son stable contre le bruit de l'autoroute | \ud83c\udfde RAU.de \ud83c\udf33\",\"isPartOf\":{\"@id\":\"https:\\\/\\\/rau.de\\\/fr\\\/#website\"},\"datePublished\":\"2020-05-19T09:57:40+00:00\",\"dateModified\":\"2021-10-25T13:44:32+00:00\",\"description\":\"Le mur insonoris\u00e9 RAU-Alpin pour autoroutes \u27a1 jusqu'\u00e0 douze m\u00e8tres de haut \u2705 Ajustements individuels \u00e0 l'environnement \u2728\",\"breadcrumb\":{\"@id\":\"https:\\\/\\\/rau.de\\\/fr\\\/galerie\\\/alpin\\\/#breadcrumb\"},\"inLanguage\":\"fr-FR\",\"potentialAction\":[{\"@type\":\"ReadAction\",\"target\":[\"https:\\\/\\\/rau.de\\\/fr\\\/galerie\\\/alpin\\\/\"]}]},{\"@type\":\"BreadcrumbList\",\"@id\":\"https:\\\/\\\/rau.de\\\/fr\\\/galerie\\\/alpin\\\/#breadcrumb\",\"itemListElement\":[{\"@type\":\"ListItem\",\"position\":1,\"name\":\"Startseite\",\"item\":\"https:\\\/\\\/rau.de\\\/fr\\\/\"},{\"@type\":\"ListItem\",\"position\":2,\"name\":\"Galerie\",\"item\":\"https:\\\/\\\/rau.de\\\/fr\\\/galerie\\\/\"},{\"@type\":\"ListItem\",\"position\":3,\"name\":\"Alpin\"}]},{\"@type\":\"WebSite\",\"@id\":\"https:\\\/\\\/rau.de\\\/fr\\\/#website\",\"url\":\"https:\\\/\\\/rau.de\\\/fr\\\/\",\"name\":\"Rau | L\u00e4rmschutzw\u00e4nde\",\"description\":\"Entwicklung und Umsetzung von L\u00e4rmschutzwand und Schallschutzwand\",\"publisher\":{\"@id\":\"https:\\\/\\\/rau.de\\\/fr\\\/#organization\"},\"potentialAction\":[{\"@type\":\"SearchAction\",\"target\":{\"@type\":\"EntryPoint\",\"urlTemplate\":\"https:\\\/\\\/rau.de\\\/fr\\\/?s={search_term_string}\"},\"query-input\":{\"@type\":\"PropertyValueSpecification\",\"valueRequired\":true,\"valueName\":\"search_term_string\"}}],\"inLanguage\":\"fr-FR\"},{\"@type\":\"Organization\",\"@id\":\"https:\\\/\\\/rau.de\\\/fr\\\/#organization\",\"name\":\"RAU L\u00e4rmschutzw\u00e4nde \u2013 Geosystem GBK GmbH\",\"url\":\"https:\\\/\\\/rau.de\\\/fr\\\/\",\"logo\":{\"@type\":\"ImageObject\",\"inLanguage\":\"fr-FR\",\"@id\":\"https:\\\/\\\/rau.de\\\/fr\\\/#\\\/schema\\\/logo\\\/image\\\/\",\"url\":\"https:\\\/\\\/rau.de\\\/wp-content\\\/uploads\\\/web_logo.png\",\"contentUrl\":\"https:\\\/\\\/rau.de\\\/wp-content\\\/uploads\\\/web_logo.png\",\"width\":249,\"height\":127,\"caption\":\"RAU L\u00e4rmschutzw\u00e4nde \u2013 Geosystem GBK GmbH\"},\"image\":{\"@id\":\"https:\\\/\\\/rau.de\\\/fr\\\/#\\\/schema\\\/logo\\\/image\\\/\"}}]}<\/script>\n<!-- \/ Yoast SEO plugin. -->","yoast_head_json":{"title":"Le mur du son stable contre le bruit de l'autoroute | \ud83c\udfde RAU.de \ud83c\udf33","description":"Le mur insonoris\u00e9 RAU-Alpin pour autoroutes \u27a1 jusqu'\u00e0 douze m\u00e8tres de haut \u2705 Ajustements individuels \u00e0 l'environnement \u2728","robots":{"index":"index","follow":"follow","max-snippet":"max-snippet:-1","max-image-preview":"max-image-preview:large","max-video-preview":"max-video-preview:-1"},"canonical":"https:\/\/rau.de\/fr\/galerie\/alpin\/","og_locale":"fr_FR","og_type":"article","og_title":"Le mur du son stable contre le bruit de l'autoroute | \ud83c\udfde RAU.de \ud83c\udf33","og_description":"Le mur insonoris\u00e9 RAU-Alpin pour autoroutes \u27a1 jusqu'\u00e0 douze m\u00e8tres de haut \u2705 Ajustements individuels \u00e0 l'environnement \u2728","og_url":"https:\/\/rau.de\/fr\/galerie\/alpin\/","og_site_name":"Rau | L\u00e4rmschutzw\u00e4nde","article_modified_time":"2021-10-25T13:44:32+00:00","og_image":[{"width":1920,"height":1146,"url":"https:\/\/rau.de\/wp-content\/uploads\/rau.de-begruente-laermschutzwand-2015-08-23-sonderteile-2.jpg","type":"image\/jpeg"}],"twitter_card":"summary_large_image","twitter_misc":{"Dur\u00e9e de lecture estim\u00e9e":"1 minute"},"schema":{"@context":"https:\/\/schema.org","@graph":[{"@type":"WebPage","@id":"https:\/\/rau.de\/fr\/galerie\/alpin\/","url":"https:\/\/rau.de\/fr\/galerie\/alpin\/","name":"Le mur du son stable contre le bruit de l'autoroute | \ud83c\udfde RAU.de \ud83c\udf33","isPartOf":{"@id":"https:\/\/rau.de\/fr\/#website"},"datePublished":"2020-05-19T09:57:40+00:00","dateModified":"2021-10-25T13:44:32+00:00","description":"Le mur insonoris\u00e9 RAU-Alpin pour autoroutes \u27a1 jusqu'\u00e0 douze m\u00e8tres de haut \u2705 Ajustements individuels \u00e0 l'environnement \u2728","breadcrumb":{"@id":"https:\/\/rau.de\/fr\/galerie\/alpin\/#breadcrumb"},"inLanguage":"fr-FR","potentialAction":[{"@type":"ReadAction","target":["https:\/\/rau.de\/fr\/galerie\/alpin\/"]}]},{"@type":"BreadcrumbList","@id":"https:\/\/rau.de\/fr\/galerie\/alpin\/#breadcrumb","itemListElement":[{"@type":"ListItem","position":1,"name":"Startseite","item":"https:\/\/rau.de\/fr\/"},{"@type":"ListItem","position":2,"name":"Galerie","item":"https:\/\/rau.de\/fr\/galerie\/"},{"@type":"ListItem","position":3,"name":"Alpin"}]},{"@type":"WebSite","@id":"https:\/\/rau.de\/fr\/#website","url":"https:\/\/rau.de\/fr\/","name":"Rau | L\u00e4rmschutzw\u00e4nde","description":"Entwicklung und Umsetzung von L\u00e4rmschutzwand und Schallschutzwand","publisher":{"@id":"https:\/\/rau.de\/fr\/#organization"},"potentialAction":[{"@type":"SearchAction","target":{"@type":"EntryPoint","urlTemplate":"https:\/\/rau.de\/fr\/?s={search_term_string}"},"query-input":{"@type":"PropertyValueSpecification","valueRequired":true,"valueName":"search_term_string"}}],"inLanguage":"fr-FR"},{"@type":"Organization","@id":"https:\/\/rau.de\/fr\/#organization","name":"RAU L\u00e4rmschutzw\u00e4nde \u2013 Geosystem GBK GmbH","url":"https:\/\/rau.de\/fr\/","logo":{"@type":"ImageObject","inLanguage":"fr-FR","@id":"https:\/\/rau.de\/fr\/#\/schema\/logo\/image\/","url":"https:\/\/rau.de\/wp-content\/uploads\/web_logo.png","contentUrl":"https:\/\/rau.de\/wp-content\/uploads\/web_logo.png","width":249,"height":127,"caption":"RAU L\u00e4rmschutzw\u00e4nde \u2013 Geosystem GBK GmbH"},"image":{"@id":"https:\/\/rau.de\/fr\/#\/schema\/logo\/image\/"}}]}},"_links":{"self":[{"href":"https:\/\/rau.de\/fr\/wp-json\/wp\/v2\/pages\/5638","targetHints":{"allow":["GET"]}}],"collection":[{"href":"https:\/\/rau.de\/fr\/wp-json\/wp\/v2\/pages"}],"about":[{"href":"https:\/\/rau.de\/fr\/wp-json\/wp\/v2\/types\/page"}],"author":[{"embeddable":true,"href":"https:\/\/rau.de\/fr\/wp-json\/wp\/v2\/users\/1"}],"replies":[{"embeddable":true,"href":"https:\/\/rau.de\/fr\/wp-json\/wp\/v2\/comments?post=5638"}],"version-history":[{"count":5,"href":"https:\/\/rau.de\/fr\/wp-json\/wp\/v2\/pages\/5638\/revisions"}],"predecessor-version":[{"id":21249,"href":"https:\/\/rau.de\/fr\/wp-json\/wp\/v2\/pages\/5638\/revisions\/21249"}],"up":[{"embeddable":true,"href":"https:\/\/rau.de\/fr\/wp-json\/wp\/v2\/pages\/770"}],"wp:attachment":[{"href":"https:\/\/rau.de\/fr\/wp-json\/wp\/v2\/media?parent=5638"}],"curies":[{"name":"wp","href":"https:\/\/api.w.org\/{rel}","templated":true}]}}