{"id":9591,"date":"2020-08-25T16:30:32","date_gmt":"2020-08-25T14:30:32","guid":{"rendered":"https:\/\/rau.de\/?page_id=9591"},"modified":"2021-09-09T12:03:41","modified_gmt":"2021-09-09T10:03:41","slug":"kaupunkien-kuntien-elinkeinoelaemaen-ja-teollisuuden-melusuojaus","status":"publish","type":"page","link":"https:\/\/rau.de\/fi\/kaupunkien-kuntien-elinkeinoelaemaen-ja-teollisuuden-melusuojaus\/","title":{"rendered":"Kaupunkien, kuntien, elinkeinoel\u00e4m\u00e4n ja teollisuuden melusuojaus"},"content":{"rendered":"<section class=\"l-section wpb_row height_medium full_height valign_center with_img\" id=\"kontakt\"><div class=\"l-section-img\" role=\"img\" data-img-width=\"2000\" data-img-height=\"1122\" style=\"background-image: url(https:\/\/rau.de\/wp-content\/uploads\/bg.jpg);\"><\/div><div class=\"l-section-h i-cf\"><div class=\"g-cols vc_row via_flex valign_top type_default stacking_default\"><div class=\"vc_col-sm-12 wpb_column vc_column_container\"><div class=\"vc_column-inner\"><div class=\"wpb_wrapper\"><div class=\"g-cols wpb_row content_top via_flex valign_top type_default stacking_default\"><div class=\"vc_col-sm-12 wpb_column vc_column_container\"><div class=\"vc_column-inner\"><div class=\"wpb_wrapper\"><h1 class=\"w-post-elm post_title entry-title color_link_inherit\">Kaupunkien, kuntien, elinkeinoel\u00e4m\u00e4n ja teollisuuden melusuojaus<\/h1><\/div><\/div><\/div><\/div><div class=\"g-cols wpb_row us_custom_4fb9e5a3 content_text via_flex valign_top type_default stacking_default\"><div class=\"vc_col-sm-12 wpb_column vc_column_container\"><div class=\"vc_column-inner\"><div class=\"wpb_wrapper\"><div class=\"wpb_text_column\"><div class=\"wpb_wrapper\"><p><span lang=\"FI\">Uusia alueita rakennetaan yh\u00e4 enemm\u00e4n ja enemm\u00e4n l\u00e4hemm\u00e4ksi melul\u00e4hteit\u00e4. Melusuojaseinien avulla t\u00e4t\u00e4 melua voi v\u00e4hent\u00e4\u00e4 huomattavasti. Joidenkin uusien asuinalueiden kohdalla riitt\u00e4\u00e4, kun maaper\u00e4n p\u00e4\u00e4lle muodostetaan melusuojapengermi\u00e4. Jos alueella on riitt\u00e4v\u00e4sti asennuspinta-alaa, jyrkk\u00e4 pengerm\u00e4 sopii korkeakuormasein\u00e4ksi ilman syv\u00e4\u00e4 perustaa. Kaupunkialueille vaaditaan sit\u00e4 vastoin kapeita j\u00e4rjestelmi\u00e4, joissa on syv\u00e4 perusta. Kaikki Rau.de:n j\u00e4rjestelm\u00e4t voidaan viheri\u00f6itt\u00e4\u00e4. Ekologisten etujen lis\u00e4ksi viheri\u00f6itt\u00e4minen helpottaa hoitoa ja s\u00e4\u00e4st\u00e4\u00e4 kustannuksia. Melusuojaseini\u00e4 voi muunnella monella eri tavalla. On olemassa erilaisia sein\u00e4- ja pengerm\u00e4tyyppej\u00e4 ja eri materiaaleja, joita voi yhdistell\u00e4 yksil\u00f6llisten toiveiden mukaisesti.<\/span><\/p>\n<\/div><\/div><\/div><\/div><\/div><\/div><div class=\"g-cols wpb_row us_custom_4fb9e5a3 content_text via_flex valign_top type_default stacking_default\"><div class=\"vc_col-sm-4 wpb_column vc_column_container\"><div class=\"vc_column-inner\"><div class=\"wpb_wrapper\"><div class=\"w-image align_none\"><div class=\"w-image-h\"><img loading=\"lazy\" decoding=\"async\" width=\"600\" height=\"400\" src=\"https:\/\/rau.de\/wp-content\/uploads\/oekologische_laermschutzwand_rau_r3_frankfurt_am_main.jpg\" class=\"attachment-large size-large\" alt=\"Begr\u00fcnte L\" srcset=\"https:\/\/rau.de\/wp-content\/uploads\/oekologische_laermschutzwand_rau_r3_frankfurt_am_main.jpg 600w, https:\/\/rau.de\/wp-content\/uploads\/oekologische_laermschutzwand_rau_r3_frankfurt_am_main-300x200.jpg 300w\" sizes=\"auto, (max-width: 600px) 100vw, 600px\" \/><\/div><\/div><div class=\"w-separator size_medium\"><\/div><div class=\"w-btn-wrapper align_none\"><a class=\"w-btn us-btn-style_1\" title=\"Produkte\" href=\"https:\/\/rau.de\/fi\/produkte\/\"><span class=\"w-btn-label\">Tuotetietoa<\/span><\/a><\/div><\/div><\/div><\/div><div class=\"vc_col-sm-4 wpb_column vc_column_container\"><div class=\"vc_column-inner\"><div class=\"wpb_wrapper\"><div class=\"w-image align_none\"><div class=\"w-image-h\"><img loading=\"lazy\" decoding=\"async\" width=\"600\" height=\"400\" src=\"https:\/\/rau.de\/wp-content\/uploads\/steinfurt-oekologische-laermschutzwand.jpg\" class=\"attachment-large size-large\" alt=\"Begr\u00fcnte L\u00e4rmschutzwand an einem Wohngebiet in Steinfurt\" srcset=\"https:\/\/rau.de\/wp-content\/uploads\/steinfurt-oekologische-laermschutzwand.jpg 600w, https:\/\/rau.de\/wp-content\/uploads\/steinfurt-oekologische-laermschutzwand-300x200.jpg 300w\" sizes=\"auto, (max-width: 600px) 100vw, 600px\" \/><\/div><\/div><\/div><\/div><\/div><div class=\"vc_col-sm-4 wpb_column vc_column_container\"><div class=\"vc_column-inner\"><div class=\"wpb_wrapper\"><div class=\"w-image align_none\"><div class=\"w-image-h\"><img loading=\"lazy\" decoding=\"async\" width=\"1024\" height=\"683\" src=\"https:\/\/rau.de\/wp-content\/uploads\/oldenburg2-1-1024x683.jpg\" class=\"attachment-large size-large\" alt=\"\u00d6kologischer L\u00e4rmschutz f\u00fcr St\u00e4dte und Kommunen - RAU\" srcset=\"https:\/\/rau.de\/wp-content\/uploads\/oldenburg2-1.jpg 1024w, https:\/\/rau.de\/wp-content\/uploads\/oldenburg2-1-300x200.jpg 300w\" sizes=\"auto, (max-width: 1024px) 100vw, 1024px\" \/><\/div><\/div><\/div><\/div><\/div><\/div><\/div><\/div><\/div><\/div><\/div><\/section>\n","protected":false},"excerpt":{"rendered":"Kaupunkien, kuntien, elinkeinoel\u00e4m\u00e4n ja teollisuuden melusuojausUusia alueita rakennetaan yh\u00e4 enemm\u00e4n ja enemm\u00e4n l\u00e4hemm\u00e4ksi melul\u00e4hteit\u00e4. Melusuojaseinien avulla t\u00e4t\u00e4 melua voi v\u00e4hent\u00e4\u00e4 huomattavasti. Joidenkin uusien asuinalueiden kohdalla riitt\u00e4\u00e4, kun maaper\u00e4n p\u00e4\u00e4lle muodostetaan melusuojapengermi\u00e4. Jos alueella on riitt\u00e4v\u00e4sti asennuspinta-alaa, jyrkk\u00e4 pengerm\u00e4 sopii korkeakuormasein\u00e4ksi ilman syv\u00e4\u00e4 perustaa. Kaupunkialueille vaaditaan sit\u00e4 vastoin kapeita j\u00e4rjestelmi\u00e4, joissa on syv\u00e4 perusta. Kaikki Rau.de:n...","protected":false},"author":2,"featured_media":20417,"parent":0,"menu_order":0,"comment_status":"closed","ping_status":"closed","template":"","meta":{"footnotes":""},"class_list":["post-9591","page","type-page","status-publish","has-post-thumbnail","hentry"],"yoast_head":"<!-- This site is optimized with the Yoast SEO plugin v27.5 - https:\/\/yoast.com\/product\/yoast-seo-wordpress\/ -->\n<title>Kaupunkien, kuntien, elinkeinoel\u00e4m\u00e4n ja teollisuuden melusuojaus \ud83c\udf31<\/title>\n<meta name=\"description\" content=\"Uusia alueita rakennetaan yh\u00e4 enemm\u00e4n ja enemm\u00e4n l\u00e4hemm\u00e4ksi melul\u00e4hteit\u00e4. \ud83c\udf33Melusuojaseinien avulla t\u00e4t\u00e4 melua voi v\u00e4hent\u00e4\u00e4 huomattavasti. \u2705\" \/>\n<meta name=\"robots\" content=\"index, follow, max-snippet:-1, max-image-preview:large, max-video-preview:-1\" \/>\n<link rel=\"canonical\" href=\"https:\/\/rau.de\/fi\/kaupunkien-kuntien-elinkeinoelaemaen-ja-teollisuuden-melusuojaus\/\" \/>\n<meta property=\"og:locale\" content=\"fi_FI\" \/>\n<meta property=\"og:type\" content=\"article\" \/>\n<meta property=\"og:title\" content=\"Kaupunkien, kuntien, elinkeinoel\u00e4m\u00e4n ja teollisuuden melusuojaus \ud83c\udf31\" \/>\n<meta property=\"og:description\" content=\"Uusia alueita rakennetaan yh\u00e4 enemm\u00e4n ja enemm\u00e4n l\u00e4hemm\u00e4ksi melul\u00e4hteit\u00e4. \ud83c\udf33Melusuojaseinien avulla t\u00e4t\u00e4 melua voi v\u00e4hent\u00e4\u00e4 huomattavasti. \u2705\" \/>\n<meta property=\"og:url\" content=\"https:\/\/rau.de\/fi\/kaupunkien-kuntien-elinkeinoelaemaen-ja-teollisuuden-melusuojaus\/\" \/>\n<meta property=\"og:site_name\" content=\"Rau | L\u00e4rmschutzw\u00e4nde\" \/>\n<meta property=\"article:modified_time\" content=\"2021-09-09T10:03:41+00:00\" \/>\n<meta property=\"og:image\" content=\"https:\/\/rau.de\/wp-content\/uploads\/R3Gruen16.jpg\" \/>\n\t<meta property=\"og:image:width\" content=\"1024\" \/>\n\t<meta property=\"og:image:height\" content=\"534\" \/>\n\t<meta property=\"og:image:type\" content=\"image\/jpeg\" \/>\n<meta name=\"twitter:card\" content=\"summary_large_image\" \/>\n<meta name=\"twitter:label1\" content=\"Arvioitu lukuaika\" \/>\n\t<meta name=\"twitter:data1\" content=\"1 minuutti\" \/>\n<script type=\"application\/ld+json\" class=\"yoast-schema-graph\">{\"@context\":\"https:\\\/\\\/schema.org\",\"@graph\":[{\"@type\":\"WebPage\",\"@id\":\"https:\\\/\\\/rau.de\\\/fi\\\/kaupunkien-kuntien-elinkeinoelaemaen-ja-teollisuuden-melusuojaus\\\/\",\"url\":\"https:\\\/\\\/rau.de\\\/fi\\\/kaupunkien-kuntien-elinkeinoelaemaen-ja-teollisuuden-melusuojaus\\\/\",\"name\":\"Kaupunkien, kuntien, elinkeinoel\u00e4m\u00e4n ja teollisuuden melusuojaus \ud83c\udf31\",\"isPartOf\":{\"@id\":\"https:\\\/\\\/rau.de\\\/fi\\\/#website\"},\"primaryImageOfPage\":{\"@id\":\"https:\\\/\\\/rau.de\\\/fi\\\/kaupunkien-kuntien-elinkeinoelaemaen-ja-teollisuuden-melusuojaus\\\/#primaryimage\"},\"image\":{\"@id\":\"https:\\\/\\\/rau.de\\\/fi\\\/kaupunkien-kuntien-elinkeinoelaemaen-ja-teollisuuden-melusuojaus\\\/#primaryimage\"},\"thumbnailUrl\":\"https:\\\/\\\/rau.de\\\/wp-content\\\/uploads\\\/R3Gruen16.jpg\",\"datePublished\":\"2020-08-25T14:30:32+00:00\",\"dateModified\":\"2021-09-09T10:03:41+00:00\",\"description\":\"Uusia alueita rakennetaan yh\u00e4 enemm\u00e4n ja enemm\u00e4n l\u00e4hemm\u00e4ksi melul\u00e4hteit\u00e4. \ud83c\udf33Melusuojaseinien avulla t\u00e4t\u00e4 melua voi v\u00e4hent\u00e4\u00e4 huomattavasti. \u2705\",\"breadcrumb\":{\"@id\":\"https:\\\/\\\/rau.de\\\/fi\\\/kaupunkien-kuntien-elinkeinoelaemaen-ja-teollisuuden-melusuojaus\\\/#breadcrumb\"},\"inLanguage\":\"fi\",\"potentialAction\":[{\"@type\":\"ReadAction\",\"target\":[\"https:\\\/\\\/rau.de\\\/fi\\\/kaupunkien-kuntien-elinkeinoelaemaen-ja-teollisuuden-melusuojaus\\\/\"]}]},{\"@type\":\"ImageObject\",\"inLanguage\":\"fi\",\"@id\":\"https:\\\/\\\/rau.de\\\/fi\\\/kaupunkien-kuntien-elinkeinoelaemaen-ja-teollisuuden-melusuojaus\\\/#primaryimage\",\"url\":\"https:\\\/\\\/rau.de\\\/wp-content\\\/uploads\\\/R3Gruen16.jpg\",\"contentUrl\":\"https:\\\/\\\/rau.de\\\/wp-content\\\/uploads\\\/R3Gruen16.jpg\",\"width\":1024,\"height\":534,\"caption\":\"Green noise protection wall along the road\"},{\"@type\":\"BreadcrumbList\",\"@id\":\"https:\\\/\\\/rau.de\\\/fi\\\/kaupunkien-kuntien-elinkeinoelaemaen-ja-teollisuuden-melusuojaus\\\/#breadcrumb\",\"itemListElement\":[{\"@type\":\"ListItem\",\"position\":1,\"name\":\"Startseite\",\"item\":\"https:\\\/\\\/rau.de\\\/fi\\\/\"},{\"@type\":\"ListItem\",\"position\":2,\"name\":\"Kaupunkien, kuntien, elinkeinoel\u00e4m\u00e4n ja teollisuuden melusuojaus\"}]},{\"@type\":\"WebSite\",\"@id\":\"https:\\\/\\\/rau.de\\\/fi\\\/#website\",\"url\":\"https:\\\/\\\/rau.de\\\/fi\\\/\",\"name\":\"Rau | L\u00e4rmschutzw\u00e4nde\",\"description\":\"Entwicklung und Umsetzung von L\u00e4rmschutzwand und Schallschutzwand\",\"publisher\":{\"@id\":\"https:\\\/\\\/rau.de\\\/fi\\\/#organization\"},\"potentialAction\":[{\"@type\":\"SearchAction\",\"target\":{\"@type\":\"EntryPoint\",\"urlTemplate\":\"https:\\\/\\\/rau.de\\\/fi\\\/?s={search_term_string}\"},\"query-input\":{\"@type\":\"PropertyValueSpecification\",\"valueRequired\":true,\"valueName\":\"search_term_string\"}}],\"inLanguage\":\"fi\"},{\"@type\":\"Organization\",\"@id\":\"https:\\\/\\\/rau.de\\\/fi\\\/#organization\",\"name\":\"RAU L\u00e4rmschutzw\u00e4nde \u2013 Geosystem GBK GmbH\",\"url\":\"https:\\\/\\\/rau.de\\\/fi\\\/\",\"logo\":{\"@type\":\"ImageObject\",\"inLanguage\":\"fi\",\"@id\":\"https:\\\/\\\/rau.de\\\/fi\\\/#\\\/schema\\\/logo\\\/image\\\/\",\"url\":\"https:\\\/\\\/rau.de\\\/wp-content\\\/uploads\\\/web_logo.png\",\"contentUrl\":\"https:\\\/\\\/rau.de\\\/wp-content\\\/uploads\\\/web_logo.png\",\"width\":249,\"height\":127,\"caption\":\"RAU L\u00e4rmschutzw\u00e4nde \u2013 Geosystem GBK GmbH\"},\"image\":{\"@id\":\"https:\\\/\\\/rau.de\\\/fi\\\/#\\\/schema\\\/logo\\\/image\\\/\"}}]}<\/script>\n<!-- \/ Yoast SEO plugin. -->","yoast_head_json":{"title":"Kaupunkien, kuntien, elinkeinoel\u00e4m\u00e4n ja teollisuuden melusuojaus \ud83c\udf31","description":"Uusia alueita rakennetaan yh\u00e4 enemm\u00e4n ja enemm\u00e4n l\u00e4hemm\u00e4ksi melul\u00e4hteit\u00e4. \ud83c\udf33Melusuojaseinien avulla t\u00e4t\u00e4 melua voi v\u00e4hent\u00e4\u00e4 huomattavasti. \u2705","robots":{"index":"index","follow":"follow","max-snippet":"max-snippet:-1","max-image-preview":"max-image-preview:large","max-video-preview":"max-video-preview:-1"},"canonical":"https:\/\/rau.de\/fi\/kaupunkien-kuntien-elinkeinoelaemaen-ja-teollisuuden-melusuojaus\/","og_locale":"fi_FI","og_type":"article","og_title":"Kaupunkien, kuntien, elinkeinoel\u00e4m\u00e4n ja teollisuuden melusuojaus \ud83c\udf31","og_description":"Uusia alueita rakennetaan yh\u00e4 enemm\u00e4n ja enemm\u00e4n l\u00e4hemm\u00e4ksi melul\u00e4hteit\u00e4. \ud83c\udf33Melusuojaseinien avulla t\u00e4t\u00e4 melua voi v\u00e4hent\u00e4\u00e4 huomattavasti. \u2705","og_url":"https:\/\/rau.de\/fi\/kaupunkien-kuntien-elinkeinoelaemaen-ja-teollisuuden-melusuojaus\/","og_site_name":"Rau | L\u00e4rmschutzw\u00e4nde","article_modified_time":"2021-09-09T10:03:41+00:00","og_image":[{"width":1024,"height":534,"url":"https:\/\/rau.de\/wp-content\/uploads\/R3Gruen16.jpg","type":"image\/jpeg"}],"twitter_card":"summary_large_image","twitter_misc":{"Arvioitu lukuaika":"1 minuutti"},"schema":{"@context":"https:\/\/schema.org","@graph":[{"@type":"WebPage","@id":"https:\/\/rau.de\/fi\/kaupunkien-kuntien-elinkeinoelaemaen-ja-teollisuuden-melusuojaus\/","url":"https:\/\/rau.de\/fi\/kaupunkien-kuntien-elinkeinoelaemaen-ja-teollisuuden-melusuojaus\/","name":"Kaupunkien, kuntien, elinkeinoel\u00e4m\u00e4n ja teollisuuden melusuojaus \ud83c\udf31","isPartOf":{"@id":"https:\/\/rau.de\/fi\/#website"},"primaryImageOfPage":{"@id":"https:\/\/rau.de\/fi\/kaupunkien-kuntien-elinkeinoelaemaen-ja-teollisuuden-melusuojaus\/#primaryimage"},"image":{"@id":"https:\/\/rau.de\/fi\/kaupunkien-kuntien-elinkeinoelaemaen-ja-teollisuuden-melusuojaus\/#primaryimage"},"thumbnailUrl":"https:\/\/rau.de\/wp-content\/uploads\/R3Gruen16.jpg","datePublished":"2020-08-25T14:30:32+00:00","dateModified":"2021-09-09T10:03:41+00:00","description":"Uusia alueita rakennetaan yh\u00e4 enemm\u00e4n ja enemm\u00e4n l\u00e4hemm\u00e4ksi melul\u00e4hteit\u00e4. \ud83c\udf33Melusuojaseinien avulla t\u00e4t\u00e4 melua voi v\u00e4hent\u00e4\u00e4 huomattavasti. \u2705","breadcrumb":{"@id":"https:\/\/rau.de\/fi\/kaupunkien-kuntien-elinkeinoelaemaen-ja-teollisuuden-melusuojaus\/#breadcrumb"},"inLanguage":"fi","potentialAction":[{"@type":"ReadAction","target":["https:\/\/rau.de\/fi\/kaupunkien-kuntien-elinkeinoelaemaen-ja-teollisuuden-melusuojaus\/"]}]},{"@type":"ImageObject","inLanguage":"fi","@id":"https:\/\/rau.de\/fi\/kaupunkien-kuntien-elinkeinoelaemaen-ja-teollisuuden-melusuojaus\/#primaryimage","url":"https:\/\/rau.de\/wp-content\/uploads\/R3Gruen16.jpg","contentUrl":"https:\/\/rau.de\/wp-content\/uploads\/R3Gruen16.jpg","width":1024,"height":534,"caption":"Green noise protection wall along the road"},{"@type":"BreadcrumbList","@id":"https:\/\/rau.de\/fi\/kaupunkien-kuntien-elinkeinoelaemaen-ja-teollisuuden-melusuojaus\/#breadcrumb","itemListElement":[{"@type":"ListItem","position":1,"name":"Startseite","item":"https:\/\/rau.de\/fi\/"},{"@type":"ListItem","position":2,"name":"Kaupunkien, kuntien, elinkeinoel\u00e4m\u00e4n ja teollisuuden melusuojaus"}]},{"@type":"WebSite","@id":"https:\/\/rau.de\/fi\/#website","url":"https:\/\/rau.de\/fi\/","name":"Rau | L\u00e4rmschutzw\u00e4nde","description":"Entwicklung und Umsetzung von L\u00e4rmschutzwand und Schallschutzwand","publisher":{"@id":"https:\/\/rau.de\/fi\/#organization"},"potentialAction":[{"@type":"SearchAction","target":{"@type":"EntryPoint","urlTemplate":"https:\/\/rau.de\/fi\/?s={search_term_string}"},"query-input":{"@type":"PropertyValueSpecification","valueRequired":true,"valueName":"search_term_string"}}],"inLanguage":"fi"},{"@type":"Organization","@id":"https:\/\/rau.de\/fi\/#organization","name":"RAU L\u00e4rmschutzw\u00e4nde \u2013 Geosystem GBK GmbH","url":"https:\/\/rau.de\/fi\/","logo":{"@type":"ImageObject","inLanguage":"fi","@id":"https:\/\/rau.de\/fi\/#\/schema\/logo\/image\/","url":"https:\/\/rau.de\/wp-content\/uploads\/web_logo.png","contentUrl":"https:\/\/rau.de\/wp-content\/uploads\/web_logo.png","width":249,"height":127,"caption":"RAU L\u00e4rmschutzw\u00e4nde \u2013 Geosystem GBK GmbH"},"image":{"@id":"https:\/\/rau.de\/fi\/#\/schema\/logo\/image\/"}}]}},"_links":{"self":[{"href":"https:\/\/rau.de\/fi\/wp-json\/wp\/v2\/pages\/9591","targetHints":{"allow":["GET"]}}],"collection":[{"href":"https:\/\/rau.de\/fi\/wp-json\/wp\/v2\/pages"}],"about":[{"href":"https:\/\/rau.de\/fi\/wp-json\/wp\/v2\/types\/page"}],"author":[{"embeddable":true,"href":"https:\/\/rau.de\/fi\/wp-json\/wp\/v2\/users\/2"}],"replies":[{"embeddable":true,"href":"https:\/\/rau.de\/fi\/wp-json\/wp\/v2\/comments?post=9591"}],"version-history":[{"count":1,"href":"https:\/\/rau.de\/fi\/wp-json\/wp\/v2\/pages\/9591\/revisions"}],"predecessor-version":[{"id":9592,"href":"https:\/\/rau.de\/fi\/wp-json\/wp\/v2\/pages\/9591\/revisions\/9592"}],"wp:featuredmedia":[{"embeddable":true,"href":"https:\/\/rau.de\/fi\/wp-json\/wp\/v2\/media\/20417"}],"wp:attachment":[{"href":"https:\/\/rau.de\/fi\/wp-json\/wp\/v2\/media?parent=9591"}],"curies":[{"name":"wp","href":"https:\/\/api.w.org\/{rel}","templated":true}]}}