{"id":5825,"date":"2020-06-09T10:14:24","date_gmt":"2020-06-09T08:14:24","guid":{"rendered":"http:\/\/rau.kundendemo.com\/?post_type=produkt&#038;p=5825"},"modified":"2024-07-26T18:25:37","modified_gmt":"2024-07-26T16:25:37","slug":"pantalla-acustica-rau-r3-extensiv-altura-hasta-12-metros","status":"publish","type":"produkt","link":"https:\/\/rau.de\/es\/produkt\/pantalla-acustica-rau-r3-extensiv-altura-hasta-12-metros\/","title":{"rendered":"Pantalla ac\u00fastica RAU R3 Extensiv &#8211; altura hasta 12 metros"},"content":{"rendered":"<section class=\"l-section wpb_row height_medium full_height valign_center with_img\" id=\"kontakt\"><div class=\"l-section-img\" role=\"img\" data-img-width=\"2000\" data-img-height=\"1122\" style=\"background-image: url(https:\/\/rau.de\/wp-content\/uploads\/bg.jpg);\"><\/div><div class=\"l-section-h i-cf\"><div class=\"g-cols vc_row via_flex valign_top type_default stacking_default\"><div class=\"vc_col-sm-12 wpb_column vc_column_container\"><div class=\"vc_column-inner\"><div class=\"wpb_wrapper\"><div class=\"g-cols wpb_row content_top via_flex valign_top type_default stacking_default\"><div class=\"vc_col-sm-12 wpb_column vc_column_container\"><div class=\"vc_column-inner\"><div class=\"wpb_wrapper\"><h1 class=\"w-post-elm post_title entry-title color_link_inherit\">Pantalla ac\u00fastica RAU R3 Extensiv &#8211; altura hasta 12 metros<\/h1><\/div><\/div><\/div><\/div><div class=\"g-cols wpb_row us_custom_4fb9e5a3 content_text via_flex valign_top type_default stacking_default\"><div class=\"vc_col-sm-6 wpb_column vc_column_container\"><div class=\"vc_column-inner\"><div class=\"wpb_wrapper\"><div class=\"w-image align_none\"><div class=\"w-image-h\"><img loading=\"lazy\" decoding=\"async\" width=\"550\" height=\"671\" src=\"https:\/\/rau.de\/wp-content\/uploads\/Bauzeichnung-mit-Elementbezeichnung-einer-Laermschutzwand.gif\" class=\"attachment-large size-large\" alt=\"Bauzeichnung mit Elementbezeichnung einer L\u00e4rmschutzwand\" \/><\/div><\/div><\/div><\/div><\/div><div class=\"vc_col-sm-6 wpb_column vc_column_container\"><div class=\"vc_column-inner\"><div class=\"wpb_wrapper\"><div class=\"wpb_text_column\"><div class=\"wpb_wrapper\"><h2>\u00d3ptima relaci\u00f3n calidad\/precio<\/h2>\n<p>La estructura en forma de jaula f\u00e1cilmente acoplable y especialmente estable se compone exclusivamente de perfiles de soporte, agujas verticales y esteras externas. No requiere costosos cimientos, por lo que es r\u00e1pida y econ\u00f3mica de instalar. Para el relleno sirve cualquier tierra vertible.<\/p>\n<p>La pantalla ac\u00fastica RAU R3 EXTENSIV permite incluso la f\u00e1cil realizaci\u00f3n de\u00a0 curvas en los espacios m\u00e1s reducidos, saltos de altura o terraplenados. El perfil est\u00e1ndar (un trapecio con 60 cent\u00edmetros de anchura de copa y 10% de talud en ambos lados) por lo general puede ser alterado sin costes adicionales.<\/p>\n<\/div><\/div><div class=\"w-separator size_medium\"><\/div><div class=\"w-btn-wrapper align_none\"><a class=\"w-btn us-btn-style_1 icon_atleft\" href=\"\/downloads\/system-rau-r3-laermschutzwand-2020-05-12.pdf\"><i class=\"fas fa-file\"><\/i><span class=\"w-btn-label\">RAU R3 &#8211; Download<\/span><\/a><\/div><div class=\"w-btn-wrapper align_none\"><a class=\"w-btn us-btn-style_1 icon_atleft\" href=\"https:\/\/rau.de\/es\/galeria\/pantalla-acustica-rau-r3-extensiv-altura-hasta-12-metros\/\"><i class=\"fas fa-image\"><\/i><span class=\"w-btn-label\">Ver este producto en la galer\u00eda<\/span><\/a><\/div><div class=\"w-btn-wrapper align_none\"><a class=\"w-btn us-btn-style_1 icon_atleft\" href=\"https:\/\/rau.de\/es\/productos\/\"><i class=\"fas fa-chevron-right\"><\/i><span class=\"w-btn-label\">Todos los productos<\/span><\/a><\/div><\/div><\/div><\/div><\/div><\/div><\/div><\/div><\/div><\/div><\/section>\n","protected":false},"excerpt":{"rendered":"Pantalla ac\u00fastica RAU R3 Extensiv &#8211; altura hasta 12 metros\u00d3ptima relaci\u00f3n calidad\/precio La estructura en forma de jaula f\u00e1cilmente acoplable y especialmente estable se compone exclusivamente de perfiles de soporte, agujas verticales y esteras externas. No requiere costosos cimientos, por lo que es r\u00e1pida y econ\u00f3mica de instalar. Para el relleno sirve cualquier tierra vertible....","protected":false},"featured_media":7822,"template":"","class_list":["post-5825","produkt","type-produkt","status-publish","has-post-thumbnail","hentry"],"yoast_head":"<!-- This site is optimized with the Yoast SEO plugin v27.5 - https:\/\/yoast.com\/product\/yoast-seo-wordpress\/ -->\n<title>Pantalla ac\u00fastica RAU R3 Extensiv \u2013 altura hasta 12 metros \ud83c\udfc6<\/title>\n<meta name=\"description\" content=\"\u2705 La pantalla ac\u00fastica RAU R3 permite incluso la f\u00e1cil realizaci\u00f3n de curvas en los espacios m\u00e1s reducidos, saltos de altura o terraplenados.\" \/>\n<meta name=\"robots\" content=\"index, follow, max-snippet:-1, max-image-preview:large, max-video-preview:-1\" \/>\n<link rel=\"canonical\" href=\"https:\/\/rau.de\/es\/produkt\/pantalla-acustica-rau-r3-extensiv-altura-hasta-12-metros\/\" \/>\n<meta property=\"og:locale\" content=\"es_ES\" \/>\n<meta property=\"og:type\" content=\"article\" \/>\n<meta property=\"og:title\" content=\"Pantalla ac\u00fastica RAU R3 Extensiv \u2013 altura hasta 12 metros \ud83c\udfc6\" \/>\n<meta property=\"og:description\" content=\"\u2705 La pantalla ac\u00fastica RAU R3 permite incluso la f\u00e1cil realizaci\u00f3n de curvas en los espacios m\u00e1s reducidos, saltos de altura o terraplenados.\" \/>\n<meta property=\"og:url\" content=\"https:\/\/rau.de\/es\/produkt\/pantalla-acustica-rau-r3-extensiv-altura-hasta-12-metros\/\" \/>\n<meta property=\"og:site_name\" content=\"Rau | L\u00e4rmschutzw\u00e4nde\" \/>\n<meta property=\"article:modified_time\" content=\"2024-07-26T16:25:37+00:00\" \/>\n<meta property=\"og:image\" content=\"https:\/\/rau.de\/wp-content\/uploads\/system-rau-r3-laermschutzwand-2020-05-12.png\" \/>\n\t<meta property=\"og:image:width\" content=\"550\" \/>\n\t<meta property=\"og:image:height\" content=\"638\" \/>\n\t<meta property=\"og:image:type\" content=\"image\/jpeg\" \/>\n<meta name=\"twitter:card\" content=\"summary_large_image\" \/>\n<meta name=\"twitter:label1\" content=\"Tiempo de lectura\" \/>\n\t<meta name=\"twitter:data1\" content=\"1 minuto\" \/>\n<script type=\"application\/ld+json\" class=\"yoast-schema-graph\">{\"@context\":\"https:\\\/\\\/schema.org\",\"@graph\":[{\"@type\":\"WebPage\",\"@id\":\"https:\\\/\\\/rau.de\\\/es\\\/produkt\\\/pantalla-acustica-rau-r3-extensiv-altura-hasta-12-metros\\\/\",\"url\":\"https:\\\/\\\/rau.de\\\/es\\\/produkt\\\/pantalla-acustica-rau-r3-extensiv-altura-hasta-12-metros\\\/\",\"name\":\"Pantalla ac\u00fastica RAU R3 Extensiv \u2013 altura hasta 12 metros \ud83c\udfc6\",\"isPartOf\":{\"@id\":\"https:\\\/\\\/rau.de\\\/es\\\/#website\"},\"primaryImageOfPage\":{\"@id\":\"https:\\\/\\\/rau.de\\\/es\\\/produkt\\\/pantalla-acustica-rau-r3-extensiv-altura-hasta-12-metros\\\/#primaryimage\"},\"image\":{\"@id\":\"https:\\\/\\\/rau.de\\\/es\\\/produkt\\\/pantalla-acustica-rau-r3-extensiv-altura-hasta-12-metros\\\/#primaryimage\"},\"thumbnailUrl\":\"https:\\\/\\\/rau.de\\\/wp-content\\\/uploads\\\/system-rau-r3-laermschutzwand-2020-05-12.png\",\"datePublished\":\"2020-06-09T08:14:24+00:00\",\"dateModified\":\"2024-07-26T16:25:37+00:00\",\"description\":\"\u2705 La pantalla ac\u00fastica RAU R3 permite incluso la f\u00e1cil realizaci\u00f3n de curvas en los espacios m\u00e1s reducidos, saltos de altura o terraplenados.\",\"breadcrumb\":{\"@id\":\"https:\\\/\\\/rau.de\\\/es\\\/produkt\\\/pantalla-acustica-rau-r3-extensiv-altura-hasta-12-metros\\\/#breadcrumb\"},\"inLanguage\":\"es\",\"potentialAction\":[{\"@type\":\"ReadAction\",\"target\":[\"https:\\\/\\\/rau.de\\\/es\\\/produkt\\\/pantalla-acustica-rau-r3-extensiv-altura-hasta-12-metros\\\/\"]}]},{\"@type\":\"ImageObject\",\"inLanguage\":\"es\",\"@id\":\"https:\\\/\\\/rau.de\\\/es\\\/produkt\\\/pantalla-acustica-rau-r3-extensiv-altura-hasta-12-metros\\\/#primaryimage\",\"url\":\"https:\\\/\\\/rau.de\\\/wp-content\\\/uploads\\\/system-rau-r3-laermschutzwand-2020-05-12.png\",\"contentUrl\":\"https:\\\/\\\/rau.de\\\/wp-content\\\/uploads\\\/system-rau-r3-laermschutzwand-2020-05-12.png\",\"width\":550,\"height\":638,\"caption\":\"Grundriss der R3 L\u00e4rmschutzwand von RAU\"},{\"@type\":\"BreadcrumbList\",\"@id\":\"https:\\\/\\\/rau.de\\\/es\\\/produkt\\\/pantalla-acustica-rau-r3-extensiv-altura-hasta-12-metros\\\/#breadcrumb\",\"itemListElement\":[{\"@type\":\"ListItem\",\"position\":1,\"name\":\"Startseite\",\"item\":\"https:\\\/\\\/rau.de\\\/es\\\/\"},{\"@type\":\"ListItem\",\"position\":2,\"name\":\"Pantalla ac\u00fastica RAU R3 Extensiv &#8211; altura hasta 12 metros\"}]},{\"@type\":\"WebSite\",\"@id\":\"https:\\\/\\\/rau.de\\\/es\\\/#website\",\"url\":\"https:\\\/\\\/rau.de\\\/es\\\/\",\"name\":\"Rau | L\u00e4rmschutzw\u00e4nde\",\"description\":\"Entwicklung und Umsetzung von L\u00e4rmschutzwand und Schallschutzwand\",\"publisher\":{\"@id\":\"https:\\\/\\\/rau.de\\\/es\\\/#organization\"},\"potentialAction\":[{\"@type\":\"SearchAction\",\"target\":{\"@type\":\"EntryPoint\",\"urlTemplate\":\"https:\\\/\\\/rau.de\\\/es\\\/?s={search_term_string}\"},\"query-input\":{\"@type\":\"PropertyValueSpecification\",\"valueRequired\":true,\"valueName\":\"search_term_string\"}}],\"inLanguage\":\"es\"},{\"@type\":\"Organization\",\"@id\":\"https:\\\/\\\/rau.de\\\/es\\\/#organization\",\"name\":\"RAU L\u00e4rmschutzw\u00e4nde \u2013 Geosystem GBK GmbH\",\"url\":\"https:\\\/\\\/rau.de\\\/es\\\/\",\"logo\":{\"@type\":\"ImageObject\",\"inLanguage\":\"es\",\"@id\":\"https:\\\/\\\/rau.de\\\/es\\\/#\\\/schema\\\/logo\\\/image\\\/\",\"url\":\"https:\\\/\\\/rau.de\\\/wp-content\\\/uploads\\\/web_logo.png\",\"contentUrl\":\"https:\\\/\\\/rau.de\\\/wp-content\\\/uploads\\\/web_logo.png\",\"width\":249,\"height\":127,\"caption\":\"RAU L\u00e4rmschutzw\u00e4nde \u2013 Geosystem GBK GmbH\"},\"image\":{\"@id\":\"https:\\\/\\\/rau.de\\\/es\\\/#\\\/schema\\\/logo\\\/image\\\/\"}}]}<\/script>\n<!-- \/ Yoast SEO plugin. -->","yoast_head_json":{"title":"Pantalla ac\u00fastica RAU R3 Extensiv \u2013 altura hasta 12 metros \ud83c\udfc6","description":"\u2705 La pantalla ac\u00fastica RAU R3 permite incluso la f\u00e1cil realizaci\u00f3n de curvas en los espacios m\u00e1s reducidos, saltos de altura o terraplenados.","robots":{"index":"index","follow":"follow","max-snippet":"max-snippet:-1","max-image-preview":"max-image-preview:large","max-video-preview":"max-video-preview:-1"},"canonical":"https:\/\/rau.de\/es\/produkt\/pantalla-acustica-rau-r3-extensiv-altura-hasta-12-metros\/","og_locale":"es_ES","og_type":"article","og_title":"Pantalla ac\u00fastica RAU R3 Extensiv \u2013 altura hasta 12 metros \ud83c\udfc6","og_description":"\u2705 La pantalla ac\u00fastica RAU R3 permite incluso la f\u00e1cil realizaci\u00f3n de curvas en los espacios m\u00e1s reducidos, saltos de altura o terraplenados.","og_url":"https:\/\/rau.de\/es\/produkt\/pantalla-acustica-rau-r3-extensiv-altura-hasta-12-metros\/","og_site_name":"Rau | L\u00e4rmschutzw\u00e4nde","article_modified_time":"2024-07-26T16:25:37+00:00","og_image":[{"width":550,"height":638,"url":"https:\/\/rau.de\/wp-content\/uploads\/system-rau-r3-laermschutzwand-2020-05-12.png","type":"image\/jpeg"}],"twitter_card":"summary_large_image","twitter_misc":{"Tiempo de lectura":"1 minuto"},"schema":{"@context":"https:\/\/schema.org","@graph":[{"@type":"WebPage","@id":"https:\/\/rau.de\/es\/produkt\/pantalla-acustica-rau-r3-extensiv-altura-hasta-12-metros\/","url":"https:\/\/rau.de\/es\/produkt\/pantalla-acustica-rau-r3-extensiv-altura-hasta-12-metros\/","name":"Pantalla ac\u00fastica RAU R3 Extensiv \u2013 altura hasta 12 metros \ud83c\udfc6","isPartOf":{"@id":"https:\/\/rau.de\/es\/#website"},"primaryImageOfPage":{"@id":"https:\/\/rau.de\/es\/produkt\/pantalla-acustica-rau-r3-extensiv-altura-hasta-12-metros\/#primaryimage"},"image":{"@id":"https:\/\/rau.de\/es\/produkt\/pantalla-acustica-rau-r3-extensiv-altura-hasta-12-metros\/#primaryimage"},"thumbnailUrl":"https:\/\/rau.de\/wp-content\/uploads\/system-rau-r3-laermschutzwand-2020-05-12.png","datePublished":"2020-06-09T08:14:24+00:00","dateModified":"2024-07-26T16:25:37+00:00","description":"\u2705 La pantalla ac\u00fastica RAU R3 permite incluso la f\u00e1cil realizaci\u00f3n de curvas en los espacios m\u00e1s reducidos, saltos de altura o terraplenados.","breadcrumb":{"@id":"https:\/\/rau.de\/es\/produkt\/pantalla-acustica-rau-r3-extensiv-altura-hasta-12-metros\/#breadcrumb"},"inLanguage":"es","potentialAction":[{"@type":"ReadAction","target":["https:\/\/rau.de\/es\/produkt\/pantalla-acustica-rau-r3-extensiv-altura-hasta-12-metros\/"]}]},{"@type":"ImageObject","inLanguage":"es","@id":"https:\/\/rau.de\/es\/produkt\/pantalla-acustica-rau-r3-extensiv-altura-hasta-12-metros\/#primaryimage","url":"https:\/\/rau.de\/wp-content\/uploads\/system-rau-r3-laermschutzwand-2020-05-12.png","contentUrl":"https:\/\/rau.de\/wp-content\/uploads\/system-rau-r3-laermschutzwand-2020-05-12.png","width":550,"height":638,"caption":"Grundriss der R3 L\u00e4rmschutzwand von RAU"},{"@type":"BreadcrumbList","@id":"https:\/\/rau.de\/es\/produkt\/pantalla-acustica-rau-r3-extensiv-altura-hasta-12-metros\/#breadcrumb","itemListElement":[{"@type":"ListItem","position":1,"name":"Startseite","item":"https:\/\/rau.de\/es\/"},{"@type":"ListItem","position":2,"name":"Pantalla ac\u00fastica RAU R3 Extensiv &#8211; altura hasta 12 metros"}]},{"@type":"WebSite","@id":"https:\/\/rau.de\/es\/#website","url":"https:\/\/rau.de\/es\/","name":"Rau | L\u00e4rmschutzw\u00e4nde","description":"Entwicklung und Umsetzung von L\u00e4rmschutzwand und Schallschutzwand","publisher":{"@id":"https:\/\/rau.de\/es\/#organization"},"potentialAction":[{"@type":"SearchAction","target":{"@type":"EntryPoint","urlTemplate":"https:\/\/rau.de\/es\/?s={search_term_string}"},"query-input":{"@type":"PropertyValueSpecification","valueRequired":true,"valueName":"search_term_string"}}],"inLanguage":"es"},{"@type":"Organization","@id":"https:\/\/rau.de\/es\/#organization","name":"RAU L\u00e4rmschutzw\u00e4nde \u2013 Geosystem GBK GmbH","url":"https:\/\/rau.de\/es\/","logo":{"@type":"ImageObject","inLanguage":"es","@id":"https:\/\/rau.de\/es\/#\/schema\/logo\/image\/","url":"https:\/\/rau.de\/wp-content\/uploads\/web_logo.png","contentUrl":"https:\/\/rau.de\/wp-content\/uploads\/web_logo.png","width":249,"height":127,"caption":"RAU L\u00e4rmschutzw\u00e4nde \u2013 Geosystem GBK GmbH"},"image":{"@id":"https:\/\/rau.de\/es\/#\/schema\/logo\/image\/"}}]}},"_links":{"self":[{"href":"https:\/\/rau.de\/es\/wp-json\/wp\/v2\/produkt\/5825","targetHints":{"allow":["GET"]}}],"collection":[{"href":"https:\/\/rau.de\/es\/wp-json\/wp\/v2\/produkt"}],"about":[{"href":"https:\/\/rau.de\/es\/wp-json\/wp\/v2\/types\/produkt"}],"version-history":[{"count":8,"href":"https:\/\/rau.de\/es\/wp-json\/wp\/v2\/produkt\/5825\/revisions"}],"predecessor-version":[{"id":27809,"href":"https:\/\/rau.de\/es\/wp-json\/wp\/v2\/produkt\/5825\/revisions\/27809"}],"wp:featuredmedia":[{"embeddable":true,"href":"https:\/\/rau.de\/es\/wp-json\/wp\/v2\/media\/7822"}],"wp:attachment":[{"href":"https:\/\/rau.de\/es\/wp-json\/wp\/v2\/media?parent=5825"}],"curies":[{"name":"wp","href":"https:\/\/api.w.org\/{rel}","templated":true}]}}