{"id":1061,"date":"2019-08-05T15:54:12","date_gmt":"2019-08-05T13:54:12","guid":{"rendered":"http:\/\/rau.kundendemo.com\/?page_id=1061"},"modified":"2025-01-28T12:06:24","modified_gmt":"2025-01-28T11:06:24","slug":"pantallas-acusticas-verdes","status":"publish","type":"page","link":"https:\/\/rau.de\/es\/","title":{"rendered":"Rau &#8211; Pantallas ac\u00fasticas verdes"},"content":{"rendered":"<section class=\"l-section wpb_row height_medium full_height valign_center color_custom with_img\" id=\"start\"><div class=\"l-section-img\" role=\"img\" data-img-width=\"2000\" data-img-height=\"1122\" style=\"background-image: url(https:\/\/rau.de\/wp-content\/uploads\/bg.jpg);\"><\/div><div class=\"l-section-h i-cf\"><div class=\"g-cols vc_row via_flex valign_top type_default stacking_default\"><div class=\"vc_col-sm-12 wpb_column vc_column_container\"><div class=\"vc_column-inner\"><div class=\"wpb_wrapper\"><div class=\"g-cols wpb_row via_flex valign_top type_default stacking_default\"><div class=\"vc_col-sm-12 wpb_column vc_column_container\"><div class=\"vc_column-inner\"><div class=\"wpb_wrapper\">[vc_raw_html]JTNDaDIlMjBjbGFzcyUzRCUyMnN0YXJ0X2hlYWRlciUyMG1iLTMwJTIyJTNFJTBBJTBBMTAwJTI1JTIwZWNvbCVDMyVCM2dpY2FzJTJDJTIwcmVkdWNlbiUyMGxhJTIwcHJlc2VuY2lhJTIwZGUlMjBtYXRlcmlhJTIwcGFydGljdWxhZGElMkMlMjBkZSUyMGYlQzMlQTFjaWwlMjBjdWlkYWRvJTIweSUyMG1hbnRlbmltaWVudG8lMkMlMjBlY29uJUMzJUIzbWljYXMlMkMlMjBhbHRhbWVudGUlMjBhYnNvcmJlbnRlcyUyQyUyMGRlJTIwbGFyZ2ElMjBkdXJhY2klQzMlQjNuJTBBJTBBJTNDJTJGaDIlM0U=[\/vc_raw_html]<\/div><\/div><\/div><\/div><div class=\"g-cols wpb_row via_flex valign_top type_default stacking_default\"><div class=\"vc_col-sm-4 wpb_column vc_column_container start_pro\"><div class=\"vc_column-inner\"><div class=\"wpb_wrapper\"><div class=\"w-image align_none\"><a href=\"https:\/\/rau.de\/es\/las-pantallas-acusticas-ajardinadas\/\" aria-label=\"L\u00e4rmschutz stra\u00dfen\" class=\"w-image-h\"><img loading=\"lazy\" decoding=\"async\" width=\"350\" height=\"350\" src=\"https:\/\/rau.de\/wp-content\/uploads\/L\u00e4rmschutz-stra\u00dfen-1-350x350.jpg\" class=\"attachment-us_350_350_crop size-us_350_350_crop\" alt=\"RAU L\u00e4rmschutzwand - \u00f6kologischer L\u00e4rmschutz an Stra\u00dfen\" srcset=\"https:\/\/rau.de\/wp-content\/uploads\/L\u00e4rmschutz-stra\u00dfen-1-350x350.jpg 350w, https:\/\/rau.de\/wp-content\/uploads\/L\u00e4rmschutz-stra\u00dfen-1-150x150.jpg 150w, https:\/\/rau.de\/wp-content\/uploads\/L\u00e4rmschutz-stra\u00dfen-1-600x600.jpg 600w\" sizes=\"auto, (max-width: 350px) 100vw, 350px\" \/><\/a><\/div><div class=\"wpb_text_column\"><div class=\"wpb_wrapper\"><h4>Protecci\u00f3n verde contra el ruido<\/h4>\n<h4>en las carreteras<\/h4>\n<\/div><\/div><\/div><\/div><\/div><div class=\"vc_col-sm-4 wpb_column vc_column_container start_pro\"><div class=\"vc_column-inner\"><div class=\"wpb_wrapper\"><div class=\"w-image align_none\"><a href=\"https:\/\/rau.de\/es\/proteccion-contra-el-ruido-en-ciudades-municipios-talleres-e-industrias\/\" aria-label=\"17\" class=\"w-image-h\"><img loading=\"lazy\" decoding=\"async\" width=\"350\" height=\"350\" src=\"https:\/\/rau.de\/wp-content\/uploads\/rau-de-oekologische-laermschutzwand-rau-r3-frankfurt-am-main-gestaltungsmodul-monolith-350x350.jpg\" class=\"attachment-us_350_350_crop size-us_350_350_crop\" alt=\"Gr\u00fcne L\u00e4rmschutzwand f\u00fcr St\u00e4dte und Industrie - RAU\" srcset=\"https:\/\/rau.de\/wp-content\/uploads\/rau-de-oekologische-laermschutzwand-rau-r3-frankfurt-am-main-gestaltungsmodul-monolith-350x350.jpg 350w, https:\/\/rau.de\/wp-content\/uploads\/rau-de-oekologische-laermschutzwand-rau-r3-frankfurt-am-main-gestaltungsmodul-monolith-150x150.jpg 150w, https:\/\/rau.de\/wp-content\/uploads\/rau-de-oekologische-laermschutzwand-rau-r3-frankfurt-am-main-gestaltungsmodul-monolith-600x600.jpg 600w\" sizes=\"auto, (max-width: 350px) 100vw, 350px\" \/><\/a><\/div><div class=\"wpb_text_column\"><div class=\"wpb_wrapper\"><h4>Protecci\u00f3n contra el ruido<\/h4>\n<h4>en ciudades e industrias<\/h4>\n<\/div><\/div><\/div><\/div><\/div><div class=\"vc_col-sm-4 wpb_column vc_column_container start_pro\"><div class=\"vc_column-inner\"><div class=\"wpb_wrapper\"><div class=\"w-image align_none\"><a href=\"https:\/\/rau.de\/es\/produccion\/\" aria-label=\"Scheien-350x350\" class=\"w-image-h\"><img loading=\"lazy\" decoding=\"async\" width=\"350\" height=\"350\" src=\"https:\/\/rau.de\/wp-content\/uploads\/ScheiC39Fen-350x350-1-350x350.jpeg\" class=\"attachment-us_350_350_crop size-us_350_350_crop\" alt=\"\" srcset=\"https:\/\/rau.de\/wp-content\/uploads\/ScheiC39Fen-350x350-1.jpeg 350w, https:\/\/rau.de\/wp-content\/uploads\/ScheiC39Fen-350x350-1-300x300.jpeg 300w, https:\/\/rau.de\/wp-content\/uploads\/ScheiC39Fen-350x350-1-150x150.jpeg 150w\" sizes=\"auto, (max-width: 350px) 100vw, 350px\" \/><\/a><\/div><div class=\"wpb_text_column\"><div class=\"wpb_wrapper\"><h4>Producci\u00f3n<\/h4>\n<\/div><\/div><\/div><\/div><\/div><\/div><\/div><\/div><\/div><\/div><\/div><\/section><section class=\"l-section wpb_row height_medium\"><div class=\"l-section-h i-cf\"><div class=\"g-cols vc_row via_flex valign_top type_default stacking_default\"><div class=\"vc_col-sm-9 wpb_column vc_column_container\"><div class=\"vc_column-inner\"><div class=\"wpb_wrapper\"><div class=\"g-cols wpb_row via_flex valign_top type_default stacking_default\"><div class=\"vc_col-sm-12 wpb_column vc_column_container\"><div class=\"vc_column-inner\"><div class=\"wpb_wrapper\">[vc_raw_html]JTNDaDElM0UlM0NzbWFsbCUzRUlubm92YWNpJUMzJUIzbiUyMGVuJTIwdmVyZGUlM0MlMkZzbWFsbCUzRSUyMCUzQ2JyJTNFJTBBUGFudGFsbGFzJTIwYWMlQzMlQkFzdGljYXMlMjB2ZXJkZXMlMjAlM0NiciUzRSUwQSUzQ3NtYWxsJTNFRGVzZGUlMjBsYSUyMHByaW1lcmElMjBpZGVhJTJDJTIwaGFzdGElMjBsYSUyMGNvbnN0cnVjY2klQzMlQjNuJTIwYWNhYmFkYSUyMHklMjB0b3RhbG1lbnRlJTIwYWphcmRpbmFkYSUyMCUzQyUyRnNtYWxsJTNFJTNDJTJGaDElM0U=[\/vc_raw_html]<\/div><\/div><\/div><\/div><div class=\"g-cols wpb_row mt-30 via_flex valign_top type_default stacking_default\"><div class=\"vc_col-sm-8 wpb_column vc_column_container\"><div class=\"vc_column-inner\"><div class=\"wpb_wrapper\"><div class=\"wpb_text_column\"><div class=\"wpb_wrapper\"><p>Certificadas, con alta eficacia y larga duraci\u00f3n<\/p>\n<p><span lang=\"ES\">En Rau.de apostamos totalmente por este avance para la protecci\u00f3n ac\u00fastica.<\/span><\/p>\n<blockquote>\n<p>\u00a1Una pantalla ac\u00fastica tiene actualmente m\u00e1s funciones que simplemente proteger del ruido!<\/p>\n<\/blockquote>\n<p>Actualmente, la protecci\u00f3n ac\u00fastica es un factor reconocido generalmente y ya totalmente imprescindible en todos los \u00e1mbitos de nuestra vida diaria. Las pantallas ac\u00fasticas modifican el aspecto de nuestro paisaje de forma permanente, ya sea en un entorno urbano o en las zonas rurales, puesto que limitan nuestro campo de visi\u00f3n y crean barreras que no solo nos protegen del sonido, sino que tambi\u00e9n nos separan de nuestro entorno habitual. Las pantallas ac\u00fasticas verdes llevan un trozo de naturaleza a la ciudad.<\/p>\n<\/div><\/div><\/div><\/div><\/div><div class=\"vc_col-sm-4 wpb_column vc_column_container\"><div class=\"vc_column-inner\"><div class=\"wpb_wrapper\"><div class=\"w-image copyright align_none\"><div class=\"w-image-h\"><img loading=\"lazy\" decoding=\"async\" width=\"600\" height=\"450\" src=\"https:\/\/rau.de\/wp-content\/uploads\/rau-de-laermschutzwand-r3-extensiv-002-600x450.jpg\" class=\"attachment-us_600_600_crop size-us_600_600_crop\" alt=\"Errichtung einer L\u00e4rmschutzwand an einer Zugestrecke in L\u00fcneburg\" srcset=\"https:\/\/rau.de\/wp-content\/uploads\/rau-de-laermschutzwand-r3-extensiv-002.jpg 600w, https:\/\/rau.de\/wp-content\/uploads\/rau-de-laermschutzwand-r3-extensiv-002-300x225.jpg 300w\" sizes=\"auto, (max-width: 600px) 100vw, 600px\" \/><\/div><\/div><div class=\"w-btn-wrapper align_right\"><a class=\"w-btn us-btn-style_1 mt-30 icon_atleft\" href=\"https:\/\/rau.de\/es\/productos\/\"><i class=\"fas fa-chevron-right\"><\/i><span class=\"w-btn-label\">Todos los productos<\/span><\/a><\/div><\/div><\/div><\/div><\/div><\/div><\/div><\/div><div class=\"vc_col-sm-3 wpb_column vc_column_container\"><div class=\"vc_column-inner\"><div class=\"wpb_wrapper\">[vc_widget_sidebar sidebar_id=\u00bbus_widget_area_kontakt\u00bb el_class=\u00bbside_contact\u00bb]<\/div><\/div><\/div><\/div><\/div><\/section><section class=\"l-section wpb_row height_medium color_alternate parallax_fixed\"><div class=\"l-section-h i-cf\"><div class=\"g-cols vc_row via_flex valign_top type_default stacking_default\"><div class=\"vc_col-sm-12 wpb_column vc_column_container\"><div class=\"vc_column-inner\"><div class=\"wpb_wrapper\"><div class=\"g-cols wpb_row via_flex valign_top type_default stacking_default\"><div class=\"vc_col-sm-3 wpb_column vc_column_container\"><div class=\"vc_column-inner\"><div class=\"wpb_wrapper\"><div class=\"w-image copyright align_none\"><div class=\"w-image-h\"><img loading=\"lazy\" decoding=\"async\" width=\"900\" height=\"600\" src=\"https:\/\/rau.de\/wp-content\/uploads\/beratung-1-1.jpg\" class=\"attachment-large size-large\" alt=\"\" srcset=\"https:\/\/rau.de\/wp-content\/uploads\/beratung-1-1.jpg 900w, https:\/\/rau.de\/wp-content\/uploads\/beratung-1-1-300x200.jpg 300w\" sizes=\"auto, (max-width: 900px) 100vw, 900px\" \/><\/div><\/div><div class=\"wpb_text_column\"><div class=\"wpb_wrapper\"><h2>Asesoramiento<\/h2>\n<p>Desea m\u00e1s silencio? M\u00e1s limpieza? Una mayor eficacia? M\u00e1s ecolog\u00eda? El personal de RAU y sus ingenieros especialistas escuchan, observan, analizan y le asesoran de forma exhaustiva y competente. Le ayudan a aclarar todas las preguntas relativas a soluciones adecuadas a sus necesidades y entorno. Porque con RAU casi todo es posible cuando se trata de protecci\u00f3n contra el ruido. S\u00f3lo tiene que hablar con nosotros.<\/p>\n<\/div><\/div><\/div><\/div><\/div><div class=\"vc_col-sm-3 wpb_column vc_column_container\"><div class=\"vc_column-inner\"><div class=\"wpb_wrapper\"><div class=\"w-image copyright align_none\"><div class=\"w-image-h\"><img loading=\"lazy\" decoding=\"async\" width=\"900\" height=\"600\" src=\"https:\/\/rau.de\/wp-content\/uploads\/kundendienst-1.jpg\" class=\"attachment-large size-large\" alt=\"Kundendienst f\u00fcr L\u00e4rmschutzfragen - RAU\" srcset=\"https:\/\/rau.de\/wp-content\/uploads\/kundendienst-1.jpg 900w, https:\/\/rau.de\/wp-content\/uploads\/kundendienst-1-300x200.jpg 300w\" sizes=\"auto, (max-width: 900px) 100vw, 900px\" \/><\/div><\/div><div class=\"wpb_text_column\"><div class=\"wpb_wrapper\"><h2>Servicio al cliente<\/h2>\n<p>Para atender de inmediato los pocos trabajos de cuidado y mantenimiento resultantes, usted dispone en todo momento de una o varias brigadas de servicio que se ocupan de sus necesidades.<\/p>\n<\/div><\/div><\/div><\/div><\/div><div class=\"vc_col-sm-3 wpb_column vc_column_container\"><div class=\"vc_column-inner\"><div class=\"wpb_wrapper\"><div class=\"w-image copyright align_none\"><div class=\"w-image-h\"><img loading=\"lazy\" decoding=\"async\" width=\"900\" height=\"600\" src=\"https:\/\/rau.de\/wp-content\/uploads\/planung.jpg\" class=\"attachment-large size-large\" alt=\"Planung und Entw\u00fcrfe zu Bauarbeiten\" srcset=\"https:\/\/rau.de\/wp-content\/uploads\/planung.jpg 900w, https:\/\/rau.de\/wp-content\/uploads\/planung-300x200.jpg 300w\" sizes=\"auto, (max-width: 900px) 100vw, 900px\" \/><\/div><\/div><div class=\"wpb_text_column\"><div class=\"wpb_wrapper\"><h2>Planificaci\u00f3n<\/h2>\n<p>Y ahora los detalles: Cu\u00e1l es el espacio necesario, el perfil de la pantalla y su altura? C\u00f3mo conseguir planes de ejecuci\u00f3n, especificaciones y peritajes de protecci\u00f3n contra el ruido? Qu\u00e9 plantas son las mejores y c\u00f3mo deben cuidarse? Nosotros nos encargamos de todas las tareas de planificaci\u00f3n, le apoyamos con nuestros conocimientos t\u00e9cnicos y garantizamos de este modo una ejecuci\u00f3n perfecta.<\/p>\n<\/div><\/div><\/div><\/div><\/div><div class=\"vc_col-sm-3 wpb_column vc_column_container\"><div class=\"vc_column-inner\"><div class=\"wpb_wrapper\"><div class=\"w-image copyright align_none\"><div class=\"w-image-h\"><img loading=\"lazy\" decoding=\"async\" width=\"900\" height=\"600\" src=\"https:\/\/rau.de\/wp-content\/uploads\/wandherstellung-1.jpg\" class=\"attachment-large size-large\" alt=\"\" srcset=\"https:\/\/rau.de\/wp-content\/uploads\/wandherstellung-1.jpg 900w, https:\/\/rau.de\/wp-content\/uploads\/wandherstellung-1-300x200.jpg 300w\" sizes=\"auto, (max-width: 900px) 100vw, 900px\" \/><\/div><\/div><div class=\"wpb_text_column\"><div class=\"wpb_wrapper\"><h2>Construcci\u00f3n de la pantalla<\/h2>\n<p>Usted elige: Desea que nos encarguemos \u00edntegramente de la construcci\u00f3n y del mantenimiento de su pantalla ac\u00fastica? Como alternativa le suministramos \u00fanicamente el conjunto de m\u00f3dulos. De la realizaci\u00f3n se encarga entonces una empresa local o usted por sus propios medios. Expl\u00edquenos sus deseos y posibilidades \u2013 y nosotros encontraremos la mejor soluci\u00f3n para usted.<\/p>\n<\/div><\/div><\/div><\/div><\/div><\/div><\/div><\/div><\/div><\/div><\/div><\/section><section class=\"l-section wpb_row height_medium\" id=\"products\"><div class=\"l-section-h i-cf\"><div class=\"g-cols vc_row via_flex valign_top type_default stacking_default\"><div class=\"vc_col-sm-12 wpb_column vc_column_container\"><div class=\"vc_column-inner\"><div class=\"wpb_wrapper\"><div class=\"g-cols wpb_row via_flex valign_top type_default stacking_default\"><div class=\"vc_col-sm-8 wpb_column vc_column_container\"><div class=\"vc_column-inner\"><div class=\"wpb_wrapper\"><div class=\"wpb_text_column mb-30\"><div class=\"wpb_wrapper\"><h2><b><span style=\"font-size: x-large;\">Productos<\/span><\/b><\/h2>\n<\/div><\/div><\/div><\/div><\/div><div class=\"vc_col-sm-4 wpb_column vc_column_container\"><div class=\"vc_column-inner\"><div class=\"wpb_wrapper\"><div class=\"w-btn-wrapper align_right\"><a class=\"w-btn us-btn-style_1 icon_atleft\" href=\"https:\/\/rau.de\/es\/productos\/\"><i class=\"fas fa-chevron-right\"><\/i><span class=\"w-btn-label\">Todos los productos<\/span><\/a><\/div><\/div><\/div><\/div><\/div><div class=\"w-grid type_grid layout_97 cols_2\" id=\"us_grid_1\" style=\"--gap:1.5rem;\" data-filterable=\"true\"><style>@media (max-width:600px){#us_grid_1 .w-grid-list{margin:0}#us_grid_1 .w-grid-item{width:100%;padding:0;margin-bottom:var(--gap,0px)}}.layout_97 .w-grid-item-h{}.layout_97 .usg_post_title_1{font-family:var(--font-family)!important;font-size:18px!important}.layout_97 .usg_hwrapper_1{background:#!important}.layout_97 .usg_post_content_1{font-family:var(--font-family)!important}.layout_97 .usg_btn_1{font-size:12px!important}@media (min-width:1025px) and (max-width:1280px){.layout_97 .usg_post_title_1{font-family:var(--font-family)!important;font-size:18px!important}.layout_97 .usg_hwrapper_1{background:#!important}.layout_97 .usg_post_content_1{font-family:var(--font-family)!important}.layout_97 .usg_btn_1{font-size:12px!important}}@media (min-width:601px) and (max-width:1024px){.layout_97 .usg_post_title_1{font-family:var(--font-family)!important;font-size:18px!important}.layout_97 .usg_hwrapper_1{background:#!important}.layout_97 .usg_post_content_1{font-family:var(--font-family)!important}.layout_97 .usg_btn_1{font-size:12px!important}}@media (max-width:600px){.layout_97 .usg_post_title_1{font-family:var(--font-family)!important;font-size:18px!important}.layout_97 .usg_hwrapper_1{background:#!important}.layout_97 .usg_post_content_1{font-family:var(--font-family)!important}.layout_97 .usg_btn_1{font-size:12px!important}}<\/style><div class=\"w-grid-list\">\t<article class=\"w-grid-item size_1x1 post-6069 produkt type-produkt status-publish has-post-thumbnail hentry\" data-id=\"6069\">\r\n\t\t<div class=\"w-grid-item-h\">\r\n\t\t\t\t\t\t<div class=\"w-vwrapper usg_vwrapper_1 dm_product_wrapper align_left valign_top\"><div class=\"w-hwrapper usg_hwrapper_1 align_left valign_top\"><div class=\"w-vwrapper usg_vwrapper_2 align_left valign_top\"><h3 class=\"w-post-elm post_title usg_post_title_1 align_left entry-title color_link_inherit\"><a href=\"https:\/\/rau.de\/es\/produkt\/pantalla-acustica-rau-rock-extensiv-altura-hasta-10-metros\/\">Pantalla ac\u00fastica RAU Rock Extensiv &#8211; altura hasta 10 metros<\/a><\/h3><div class=\"w-post-elm post_content usg_post_content_1\">M\u00ednimos requisitos de espacio En el caso de la delgada pantalla ac\u00fastica RAU ROCK EXTENSIV,&hellip;<\/div><a class=\"w-btn us-btn-style_1 usg_btn_1 icon_atright\" href=\"https:\/\/rau.de\/es\/produkt\/pantalla-acustica-rau-rock-extensiv-altura-hasta-10-metros\/\"><span class=\"w-btn-label\">M\u00e1s informaci\u00f3n<\/span><i class=\"fas fa-chevron-right\"><\/i><\/a><\/div><div class=\"w-vwrapper usg_vwrapper_3 align_left valign_top\"><div class=\"w-post-elm post_image usg_post_image_1 stretched\"><a href=\"https:\/\/rau.de\/es\/produkt\/pantalla-acustica-rau-rock-extensiv-altura-hasta-10-metros\/\" aria-label=\"Pantalla ac\u00fastica RAU Rock Extensiv &#8211; altura hasta 10 metros\"><img loading=\"lazy\" decoding=\"async\" width=\"825\" height=\"1014\" src=\"https:\/\/rau.de\/wp-content\/uploads\/Design-ohne-Titel-1jk-1.jpg\" class=\"attachment-large size-large wp-post-image\" alt=\"\" srcset=\"https:\/\/rau.de\/wp-content\/uploads\/Design-ohne-Titel-1jk-1.jpg 825w, https:\/\/rau.de\/wp-content\/uploads\/Design-ohne-Titel-1jk-1-244x300.jpg 244w\" sizes=\"auto, (max-width: 825px) 100vw, 825px\" \/><\/a><\/div><\/div><\/div><\/div>\t\t<\/div>\r\n\t<\/article>\r\n\t<article class=\"w-grid-item size_1x1 post-5995 produkt type-produkt status-publish has-post-thumbnail hentry\" data-id=\"5995\">\r\n\t\t<div class=\"w-grid-item-h\">\r\n\t\t\t\t\t\t<div class=\"w-vwrapper usg_vwrapper_1 dm_product_wrapper align_left valign_top\"><div class=\"w-hwrapper usg_hwrapper_1 align_left valign_top\"><div class=\"w-vwrapper usg_vwrapper_2 align_left valign_top\"><h3 class=\"w-post-elm post_title usg_post_title_1 align_left entry-title color_link_inherit\"><a href=\"https:\/\/rau.de\/es\/produkt\/rau-alpin-altura-hasta-12-metros\/\">RAU Alpin &#8211; altura hasta 12 metros<\/a><\/h3><div class=\"w-post-elm post_content usg_post_content_1\">Sistema RAU \u00abAlpin\u00bb, estructura de jaula de piedra natural con n\u00facleo monol\u00edtico de arena, altura&hellip;<\/div><a class=\"w-btn us-btn-style_1 usg_btn_1 icon_atright\" href=\"https:\/\/rau.de\/es\/produkt\/rau-alpin-altura-hasta-12-metros\/\"><span class=\"w-btn-label\">M\u00e1s informaci\u00f3n<\/span><i class=\"fas fa-chevron-right\"><\/i><\/a><\/div><div class=\"w-vwrapper usg_vwrapper_3 align_left valign_top\"><div class=\"w-post-elm post_image usg_post_image_1 stretched\"><a href=\"https:\/\/rau.de\/es\/produkt\/rau-alpin-altura-hasta-12-metros\/\" aria-label=\"RAU Alpin &#8211; altura hasta 12 metros\"><img loading=\"lazy\" decoding=\"async\" width=\"882\" height=\"1024\" src=\"https:\/\/rau.de\/wp-content\/uploads\/laermschutzwand-schallschutzwand-rau-alpin.jpg\" class=\"attachment-large size-large wp-post-image\" alt=\"L\u00e4rmschutzwand RAU Alpin, Natursteinkorb mit monolithischem Sandkern\" srcset=\"https:\/\/rau.de\/wp-content\/uploads\/laermschutzwand-schallschutzwand-rau-alpin.jpg 882w, https:\/\/rau.de\/wp-content\/uploads\/laermschutzwand-schallschutzwand-rau-alpin-258x300.jpg 258w\" sizes=\"auto, (max-width: 882px) 100vw, 882px\" \/><\/a><\/div><\/div><\/div><\/div>\t\t<\/div>\r\n\t<\/article>\r\n\t<article class=\"w-grid-item size_1x1 post-5825 produkt type-produkt status-publish has-post-thumbnail hentry\" data-id=\"5825\">\r\n\t\t<div class=\"w-grid-item-h\">\r\n\t\t\t\t\t\t<div class=\"w-vwrapper usg_vwrapper_1 dm_product_wrapper align_left valign_top\"><div class=\"w-hwrapper usg_hwrapper_1 align_left valign_top\"><div class=\"w-vwrapper usg_vwrapper_2 align_left valign_top\"><h3 class=\"w-post-elm post_title usg_post_title_1 align_left entry-title color_link_inherit\"><a href=\"https:\/\/rau.de\/es\/produkt\/pantalla-acustica-rau-r3-extensiv-altura-hasta-12-metros\/\">Pantalla ac\u00fastica RAU R3 Extensiv &#8211; altura hasta 12 metros<\/a><\/h3><div class=\"w-post-elm post_content usg_post_content_1\">\u00d3ptima relaci\u00f3n calidad\/precio La estructura en forma de jaula f\u00e1cilmente acoplable y especialmente estable se&hellip;<\/div><a class=\"w-btn us-btn-style_1 usg_btn_1 icon_atright\" href=\"https:\/\/rau.de\/es\/produkt\/pantalla-acustica-rau-r3-extensiv-altura-hasta-12-metros\/\"><span class=\"w-btn-label\">M\u00e1s informaci\u00f3n<\/span><i class=\"fas fa-chevron-right\"><\/i><\/a><\/div><div class=\"w-vwrapper usg_vwrapper_3 align_left valign_top\"><div class=\"w-post-elm post_image usg_post_image_1 stretched\"><a href=\"https:\/\/rau.de\/es\/produkt\/pantalla-acustica-rau-r3-extensiv-altura-hasta-12-metros\/\" aria-label=\"Pantalla ac\u00fastica RAU R3 Extensiv &#8211; altura hasta 12 metros\"><img loading=\"lazy\" decoding=\"async\" width=\"550\" height=\"638\" src=\"https:\/\/rau.de\/wp-content\/uploads\/system-rau-r3-laermschutzwand-2020-05-12.png\" class=\"attachment-large size-large wp-post-image\" alt=\"Grundriss der R3 L\u00e4rmschutzwand von RAU\" srcset=\"https:\/\/rau.de\/wp-content\/uploads\/system-rau-r3-laermschutzwand-2020-05-12.png 550w, https:\/\/rau.de\/wp-content\/uploads\/system-rau-r3-laermschutzwand-2020-05-12-259x300.png 259w\" sizes=\"auto, (max-width: 550px) 100vw, 550px\" \/><\/a><\/div><\/div><\/div><\/div>\t\t<\/div>\r\n\t<\/article>\r\n\t<article class=\"w-grid-item size_1x1 post-5744 produkt type-produkt status-publish has-post-thumbnail hentry\" data-id=\"5744\">\r\n\t\t<div class=\"w-grid-item-h\">\r\n\t\t\t\t\t\t<div class=\"w-vwrapper usg_vwrapper_1 dm_product_wrapper align_left valign_top\"><div class=\"w-hwrapper usg_hwrapper_1 align_left valign_top\"><div class=\"w-vwrapper usg_vwrapper_2 align_left valign_top\"><h3 class=\"w-post-elm post_title usg_post_title_1 align_left entry-title color_link_inherit\"><a href=\"https:\/\/rau.de\/es\/produkt\/rau-photovoltaik-altura-hasta-10-metros\/\">RAU Photovoltaik &#8211; altura hasta 10 metros<\/a><\/h3><div class=\"w-post-elm post_content usg_post_content_1\">Las energ\u00edas renovables se unen a la protecci\u00f3n ecol\u00f3gica contra el ruido: como pioneros en&hellip;<\/div><a class=\"w-btn us-btn-style_1 usg_btn_1 icon_atright\" href=\"https:\/\/rau.de\/es\/produkt\/rau-photovoltaik-altura-hasta-10-metros\/\"><span class=\"w-btn-label\">M\u00e1s informaci\u00f3n<\/span><i class=\"fas fa-chevron-right\"><\/i><\/a><\/div><div class=\"w-vwrapper usg_vwrapper_3 align_left valign_top\"><div class=\"w-post-elm post_image usg_post_image_1 stretched\"><a href=\"https:\/\/rau.de\/es\/produkt\/rau-photovoltaik-altura-hasta-10-metros\/\" aria-label=\"RAU Photovoltaik &#8211; altura hasta 10 metros\"><img loading=\"lazy\" decoding=\"async\" width=\"900\" height=\"900\" src=\"https:\/\/rau.de\/wp-content\/uploads\/rau_photovoaltaik.jpg\" class=\"attachment-large size-large wp-post-image\" alt=\"\" srcset=\"https:\/\/rau.de\/wp-content\/uploads\/rau_photovoaltaik.jpg 900w, https:\/\/rau.de\/wp-content\/uploads\/rau_photovoaltaik-150x150.jpg 150w, https:\/\/rau.de\/wp-content\/uploads\/rau_photovoaltaik-300x300.jpg 300w, https:\/\/rau.de\/wp-content\/uploads\/rau_photovoaltaik-350x350.jpg 350w, https:\/\/rau.de\/wp-content\/uploads\/rau_photovoaltaik-600x600.jpg 600w\" sizes=\"auto, (max-width: 900px) 100vw, 900px\" \/><\/a><\/div><\/div><\/div><\/div>\t\t<\/div>\r\n\t<\/article>\r\n<\/div><div class=\"w-grid-preloader\">\t<div class=\"g-preloader type_1\">\r\n\t\t<div><\/div>\r\n\t<\/div>\r\n\t<\/div>\t<div class=\"w-grid-json hidden\" onclick='return {&quot;action&quot;:&quot;us_ajax_grid&quot;,&quot;ajax_url&quot;:&quot;https:\\\/\\\/rau.de\\\/wp-admin\\\/admin-ajax.php&quot;,&quot;infinite_scroll&quot;:0,&quot;max_num_pages&quot;:1,&quot;pagination&quot;:&quot;none&quot;,&quot;template_vars&quot;:{&quot;columns&quot;:&quot;2&quot;,&quot;exclude_items&quot;:&quot;none&quot;,&quot;img_size&quot;:&quot;default&quot;,&quot;ignore_items_size&quot;:0,&quot;items_layout&quot;:&quot;97&quot;,&quot;items_offset&quot;:&quot;1&quot;,&quot;load_animation&quot;:&quot;none&quot;,&quot;overriding_link&quot;:&quot;{\\&quot;url\\&quot;:\\&quot;\\&quot;}&quot;,&quot;post_id&quot;:0,&quot;query_args&quot;:{&quot;post_type&quot;:[&quot;produkt&quot;],&quot;post_status&quot;:[&quot;publish&quot;],&quot;posts_per_page&quot;:&quot;4&quot;},&quot;orderby_query_args&quot;:{&quot;orderby&quot;:{&quot;date&quot;:&quot;DESC&quot;}},&quot;type&quot;:&quot;grid&quot;,&quot;us_grid_ajax_index&quot;:1,&quot;us_grid_filter_params&quot;:[],&quot;us_grid_index&quot;:1,&quot;_us_grid_post_type&quot;:&quot;produkt&quot;,&quot;page_args&quot;:[],&quot;lang&quot;:&quot;es&quot;}}'><\/div>\r\n\t<\/div><\/div><\/div><\/div><\/div><\/div><\/section><section class=\"l-section wpb_row height_medium color_alternate\"><div class=\"l-section-h i-cf\"><div class=\"g-cols vc_row via_flex valign_top type_default stacking_default\"><div class=\"vc_col-sm-12 wpb_column vc_column_container\"><div class=\"vc_column-inner\"><div class=\"wpb_wrapper\"><div class=\"g-cols wpb_row via_flex valign_top type_default stacking_default\"><div class=\"vc_col-sm-8 wpb_column vc_column_container\"><div class=\"vc_column-inner\"><div class=\"wpb_wrapper\"><div class=\"wpb_text_column mb-30\"><div class=\"wpb_wrapper\"><h2><span lang=\"ES\">Novedades actuales<\/span><\/h2>\n<\/div><\/div><\/div><\/div><\/div><div class=\"vc_col-sm-4 wpb_column vc_column_container\"><div class=\"vc_column-inner\"><div class=\"wpb_wrapper\"><div class=\"w-btn-wrapper align_right\"><a class=\"w-btn us-btn-style_1 icon_atleft\" href=\"https:\/\/rau.de\/es\/blog\/\"><i class=\"fas fa-chevron-right\"><\/i><span class=\"w-btn-label\">Todos los mensajes<\/span><\/a><\/div><\/div><\/div><\/div><\/div><div class=\"w-grid type_carousel layout_163 cols_3\" id=\"us_grid_2\" style=\"--gap:1.5rem;\"><style>.layout_163 .w-grid-item-h{}.layout_163 .usg_post_image_1{margin-bottom:1rem!important}.layout_163 .usg_post_title_1{font-size:1.4rem!important;margin-bottom:0.5rem!important}.layout_163 .usg_hwrapper_1{color:#999999!important;font-size:0.9rem!important}.layout_163 .usg_post_content_1{margin-top:0.5rem!important}.layout_163 .usg_btn_1{margin-top:1.5rem!important}@media (min-width:1025px) and (max-width:1280px){.layout_163 .usg_post_image_1{margin-bottom:1rem!important}.layout_163 .usg_post_title_1{font-size:1.4rem!important;margin-bottom:0.5rem!important}.layout_163 .usg_hwrapper_1{color:#999999!important;font-size:0.9rem!important}.layout_163 .usg_post_content_1{margin-top:0.5rem!important}.layout_163 .usg_btn_1{margin-top:1.5rem!important}}@media (min-width:601px) and (max-width:1024px){.layout_163 .usg_post_image_1{margin-bottom:1rem!important}.layout_163 .usg_post_title_1{font-size:1.4rem!important;margin-bottom:0.5rem!important}.layout_163 .usg_hwrapper_1{color:#999999!important;font-size:0.9rem!important}.layout_163 .usg_post_content_1{margin-top:0.5rem!important}.layout_163 .usg_btn_1{margin-top:1.5rem!important}}@media (max-width:600px){.layout_163 .usg_post_image_1{margin-bottom:1rem!important}.layout_163 .usg_post_title_1{font-size:1.4rem!important;margin-bottom:0.5rem!important}.layout_163 .usg_hwrapper_1{color:#999999!important;font-size:0.9rem!important}.layout_163 .usg_post_content_1{margin-top:0.5rem!important}.layout_163 .usg_btn_1{margin-top:1.5rem!important}}<\/style><div class=\"w-grid-list owl-carousel navstyle_circle navpos_inside\" style=\"--arrows-size:1.8rem;\">\t<article class=\"w-grid-item post-7959 post type-post status-publish format-video has-post-thumbnail hentry category-video-es post_format-post-format-video\" data-id=\"7959\">\r\n\t\t<div class=\"w-grid-item-h\">\r\n\t\t\t\t\t\t<div class=\"w-post-elm post_image usg_post_image_1 stretched media_preview\"><div class=\"w-video align_none ratio_16x9 has_iframe\"><div class=\"w-video-h\"><iframe title=\"Youtube video player\" src=\"\/\/www.youtube.com\/embed\/QmgcNSFhKnE?autoplay=0&controls=1&origin=https:\/\/rau.de\/es\/&loop=0&mute=0\" allowfullscreen=\"1\" loading=\"lazy\"><\/iframe><\/div><div class=\"w-video-icon\" style=\"font-size:1.5rem;background:rgba(0,0,0,0.5);color:#fff\"><\/div><\/div><\/div><h2 class=\"w-post-elm post_title usg_post_title_1 entry-title color_link_inherit\"><a href=\"https:\/\/rau.de\/es\/2020\/07\/22\/fotografia-aerea-leverkusen-opladen\/\">Fotograf\u00eda a\u00e9rea \/ Leverkusen Opladen<\/a><\/h2><div class=\"w-hwrapper usg_hwrapper_1 has_text_color align_left valign_top wrap\"><\/div><a class=\"w-btn us-btn-style_2 usg_btn_1\" href=\"https:\/\/rau.de\/es\/2020\/07\/22\/fotografia-aerea-leverkusen-opladen\/\"><span class=\"w-btn-label\">Weiterlesen<\/span><\/a>\t\t<\/div>\r\n\t<\/article>\r\n\t<article class=\"w-grid-item post-5398 post type-post status-publish format-standard has-post-thumbnail hentry category-news-es\" data-id=\"5398\">\r\n\t\t<div class=\"w-grid-item-h\">\r\n\t\t\t\t\t\t<div class=\"w-post-elm post_image usg_post_image_1 stretched\"><a href=\"https:\/\/rau.de\/es\/2019\/07\/25\/rau-r3-muro-de-proteccion-acustica-extensible-ecologicamente-en-eltville\/\" aria-label=\"RAU R3 &#8211; Muro de protecci\u00f3n ac\u00fastica extensible ecol\u00f3gicamente &#8211; en Eltville\"><img loading=\"lazy\" decoding=\"async\" width=\"800\" height=\"533\" src=\"https:\/\/rau.de\/wp-content\/uploads\/oekologische-aufstockbare-laermschutzwand-eltville-5.jpg\" class=\"attachment-large size-large wp-post-image\" alt=\"\" srcset=\"https:\/\/rau.de\/wp-content\/uploads\/oekologische-aufstockbare-laermschutzwand-eltville-5.jpg 800w, https:\/\/rau.de\/wp-content\/uploads\/oekologische-aufstockbare-laermschutzwand-eltville-5-300x200.jpg 300w\" sizes=\"auto, (max-width: 800px) 100vw, 800px\" \/><\/a><\/div><h2 class=\"w-post-elm post_title usg_post_title_1 entry-title color_link_inherit\"><a href=\"https:\/\/rau.de\/es\/2019\/07\/25\/rau-r3-muro-de-proteccion-acustica-extensible-ecologicamente-en-eltville\/\">RAU R3 &#8211; Muro de protecci\u00f3n ac\u00fastica extensible ecol\u00f3gicamente &#8211; en Eltville<\/a><\/h2><div class=\"w-hwrapper usg_hwrapper_1 has_text_color align_left valign_top wrap\"><\/div><a class=\"w-btn us-btn-style_2 usg_btn_1\" href=\"https:\/\/rau.de\/es\/2019\/07\/25\/rau-r3-muro-de-proteccion-acustica-extensible-ecologicamente-en-eltville\/\"><span class=\"w-btn-label\">Weiterlesen<\/span><\/a>\t\t<\/div>\r\n\t<\/article>\r\n\t<article class=\"w-grid-item post-8019 post type-post status-publish format-video has-post-thumbnail hentry category-video-es post_format-post-format-video\" data-id=\"8019\">\r\n\t\t<div class=\"w-grid-item-h\">\r\n\t\t\t\t\t\t<div class=\"w-post-elm post_image usg_post_image_1 stretched media_preview\"><div class=\"w-video align_none ratio_16x9 has_iframe\"><div class=\"w-video-h\"><iframe title=\"Youtube video player\" src=\"\/\/www.youtube.com\/embed\/u6Jhi_lx3EQ?autoplay=0&controls=1&origin=https:\/\/rau.de\/es\/&loop=0&mute=0\" allowfullscreen=\"1\" loading=\"lazy\"><\/iframe><\/div><div class=\"w-video-icon\" style=\"font-size:1.5rem;background:rgba(0,0,0,0.5);color:#fff\"><\/div><\/div><\/div><h2 class=\"w-post-elm post_title usg_post_title_1 entry-title color_link_inherit\"><a href=\"https:\/\/rau.de\/es\/2019\/06\/11\/rau-barreras-de-ruido-nw\/\">Rau Barreras de ruido NW<\/a><\/h2><div class=\"w-hwrapper usg_hwrapper_1 has_text_color align_left valign_top wrap\"><\/div><a class=\"w-btn us-btn-style_2 usg_btn_1\" href=\"https:\/\/rau.de\/es\/2019\/06\/11\/rau-barreras-de-ruido-nw\/\"><span class=\"w-btn-label\">Weiterlesen<\/span><\/a>\t\t<\/div>\r\n\t<\/article>\r\n\t<article class=\"w-grid-item post-7923 post type-post status-publish format-video has-post-thumbnail hentry category-video-es post_format-post-format-video\" data-id=\"7923\">\r\n\t\t<div class=\"w-grid-item-h\">\r\n\t\t\t\t\t\t<div class=\"w-post-elm post_image usg_post_image_1 stretched media_preview\"><div class=\"w-video align_none ratio_16x9 has_iframe\"><div class=\"w-video-h\"><iframe title=\"Youtube video player\" src=\"\/\/www.youtube.com\/embed\/wpeXwxj4J4s?autoplay=0&controls=1&origin=https:\/\/rau.de\/es\/&loop=0&mute=0\" allowfullscreen=\"1\" loading=\"lazy\"><\/iframe><\/div><div class=\"w-video-icon\" style=\"font-size:1.5rem;background:rgba(0,0,0,0.5);color:#fff\"><\/div><\/div><\/div><h2 class=\"w-post-elm post_title usg_post_title_1 entry-title color_link_inherit\"><a href=\"https:\/\/rau.de\/es\/2019\/06\/11\/construccion-de-un-muro-de-proteccion-acustica-de-3-metros-en-2-minutos\/\">Construcci\u00f3n de un muro de protecci\u00f3n ac\u00fastica de 3 metros en 2 minutos<\/a><\/h2><div class=\"w-hwrapper usg_hwrapper_1 has_text_color align_left valign_top wrap\"><\/div><a class=\"w-btn us-btn-style_2 usg_btn_1\" href=\"https:\/\/rau.de\/es\/2019\/06\/11\/construccion-de-un-muro-de-proteccion-acustica-de-3-metros-en-2-minutos\/\"><span class=\"w-btn-label\">Weiterlesen<\/span><\/a>\t\t<\/div>\r\n\t<\/article>\r\n\t<article class=\"w-grid-item post-8045 post type-post status-publish format-video has-post-thumbnail hentry category-video-es post_format-post-format-video\" data-id=\"8045\">\r\n\t\t<div class=\"w-grid-item-h\">\r\n\t\t\t\t\t\t<div class=\"w-post-elm post_image usg_post_image_1 stretched media_preview\"><div class=\"w-video align_none ratio_16x9 has_iframe\"><div class=\"w-video-h\"><iframe title=\"Youtube video player\" src=\"\/\/www.youtube.com\/embed\/7aOHrUnwL68?autoplay=0&controls=1&origin=https:\/\/rau.de\/es\/&loop=0&mute=0\" allowfullscreen=\"1\" loading=\"lazy\"><\/iframe><\/div><div class=\"w-video-icon\" style=\"font-size:1.5rem;background:rgba(0,0,0,0.5);color:#fff\"><\/div><\/div><\/div><h2 class=\"w-post-elm post_title usg_post_title_1 entry-title color_link_inherit\"><a href=\"https:\/\/rau.de\/es\/2019\/06\/11\/informe-de-television-de-la-empresa-de-youtube-rau-geosystem-muro-de-proteccion-contra-el-ruido\/\">Reportaje de TV Barrera ac\u00fastica RAU<\/a><\/h2><div class=\"w-hwrapper usg_hwrapper_1 has_text_color align_left valign_top wrap\"><\/div><a class=\"w-btn us-btn-style_2 usg_btn_1\" href=\"https:\/\/rau.de\/es\/2019\/06\/11\/informe-de-television-de-la-empresa-de-youtube-rau-geosystem-muro-de-proteccion-contra-el-ruido\/\"><span class=\"w-btn-label\">Weiterlesen<\/span><\/a>\t\t<\/div>\r\n\t<\/article>\r\n\t<article class=\"w-grid-item post-8084 post type-post status-publish format-video has-post-thumbnail hentry category-video-es post_format-post-format-video\" data-id=\"8084\">\r\n\t\t<div class=\"w-grid-item-h\">\r\n\t\t\t\t\t\t<div class=\"w-post-elm post_image usg_post_image_1 stretched media_preview\"><div class=\"w-video align_none ratio_16x9 has_iframe\"><div class=\"w-video-h\"><iframe title=\"Youtube video player\" src=\"\/\/www.youtube.com\/embed\/ljMt_zHSaLM?autoplay=0&controls=1&origin=https:\/\/rau.de\/es\/&loop=0&mute=0\" allowfullscreen=\"1\" loading=\"lazy\"><\/iframe><\/div><div class=\"w-video-icon\" style=\"font-size:1.5rem;background:rgba(0,0,0,0.5);color:#fff\"><\/div><\/div><\/div><h2 class=\"w-post-elm post_title usg_post_title_1 entry-title color_link_inherit\"><a href=\"https:\/\/rau.de\/es\/2019\/06\/11\/construye-una-barrera-contra-el-ruido-en-2-minutos\/\">Construye una barrera contra el ruido en 2 minutos<\/a><\/h2><div class=\"w-hwrapper usg_hwrapper_1 has_text_color align_left valign_top wrap\"><\/div><a class=\"w-btn us-btn-style_2 usg_btn_1\" href=\"https:\/\/rau.de\/es\/2019\/06\/11\/construye-una-barrera-contra-el-ruido-en-2-minutos\/\"><span class=\"w-btn-label\">Weiterlesen<\/span><\/a>\t\t<\/div>\r\n\t<\/article>\r\n\t<article class=\"w-grid-item post-8175 post type-post status-publish format-video has-post-thumbnail hentry category-video-es post_format-post-format-video\" data-id=\"8175\">\r\n\t\t<div class=\"w-grid-item-h\">\r\n\t\t\t\t\t\t<div class=\"w-post-elm post_image usg_post_image_1 stretched media_preview\"><div class=\"w-video align_none ratio_16x9 has_iframe\"><div class=\"w-video-h\"><iframe title=\"Youtube video player\" src=\"\/\/www.youtube.com\/embed\/9w28F6iuAL4?autoplay=0&controls=1&origin=https:\/\/rau.de\/es\/&loop=0&mute=0\" allowfullscreen=\"1\" loading=\"lazy\"><\/iframe><\/div><div class=\"w-video-icon\" style=\"font-size:1.5rem;background:rgba(0,0,0,0.5);color:#fff\"><\/div><\/div><\/div><h2 class=\"w-post-elm post_title usg_post_title_1 entry-title color_link_inherit\"><a href=\"https:\/\/rau.de\/es\/2019\/06\/07\/plantar-en-la-barrera-del-ruido-en-raesfeld\/\">Plantar en la barrera del ruido en Raesfeld<\/a><\/h2><div class=\"w-hwrapper usg_hwrapper_1 has_text_color align_left valign_top wrap\"><\/div><a class=\"w-btn us-btn-style_2 usg_btn_1\" href=\"https:\/\/rau.de\/es\/2019\/06\/07\/plantar-en-la-barrera-del-ruido-en-raesfeld\/\"><span class=\"w-btn-label\">Weiterlesen<\/span><\/a>\t\t<\/div>\r\n\t<\/article>\r\n\t<article class=\"w-grid-item post-8123 post type-post status-publish format-standard has-post-thumbnail hentry category-news-es\" data-id=\"8123\">\r\n\t\t<div class=\"w-grid-item-h\">\r\n\t\t\t\t\t\t<div class=\"w-post-elm post_image usg_post_image_1 stretched\"><a href=\"https:\/\/rau.de\/es\/2019\/06\/05\/insonorizacion-por-media-eternidad\/\" aria-label=\"Insonorizaci\u00f3n por media eternidad\"><img loading=\"lazy\" decoding=\"async\" width=\"1024\" height=\"653\" src=\"https:\/\/rau.de\/wp-content\/uploads\/zeitungsartikel-zepernicker-chausse-bernau-1024x653-1-1.jpg\" class=\"attachment-large size-large wp-post-image\" alt=\"\" srcset=\"https:\/\/rau.de\/wp-content\/uploads\/zeitungsartikel-zepernicker-chausse-bernau-1024x653-1-1.jpg 1024w, https:\/\/rau.de\/wp-content\/uploads\/zeitungsartikel-zepernicker-chausse-bernau-1024x653-1-1-300x191.jpg 300w\" sizes=\"auto, (max-width: 1024px) 100vw, 1024px\" \/><\/a><\/div><h2 class=\"w-post-elm post_title usg_post_title_1 entry-title color_link_inherit\"><a href=\"https:\/\/rau.de\/es\/2019\/06\/05\/insonorizacion-por-media-eternidad\/\">Insonorizaci\u00f3n por media eternidad<\/a><\/h2><div class=\"w-hwrapper usg_hwrapper_1 has_text_color align_left valign_top wrap\"><\/div><a class=\"w-btn us-btn-style_2 usg_btn_1\" href=\"https:\/\/rau.de\/es\/2019\/06\/05\/insonorizacion-por-media-eternidad\/\"><span class=\"w-btn-label\">Weiterlesen<\/span><\/a>\t\t<\/div>\r\n\t<\/article>\r\n\t<article class=\"w-grid-item post-8201 post type-post status-publish format-video has-post-thumbnail hentry category-video-es post_format-post-format-video\" data-id=\"8201\">\r\n\t\t<div class=\"w-grid-item-h\">\r\n\t\t\t\t\t\t<div class=\"w-post-elm post_image usg_post_image_1 stretched media_preview\"><div class=\"w-video align_none ratio_16x9 has_iframe\"><div class=\"w-video-h\"><iframe title=\"Youtube video player\" src=\"\/\/www.youtube.com\/embed\/EglvrZzMcT8?autoplay=0&controls=1&origin=https:\/\/rau.de\/es\/&loop=0&mute=0\" allowfullscreen=\"1\" loading=\"lazy\"><\/iframe><\/div><div class=\"w-video-icon\" style=\"font-size:1.5rem;background:rgba(0,0,0,0.5);color:#fff\"><\/div><\/div><\/div><h2 class=\"w-post-elm post_title usg_post_title_1 entry-title color_link_inherit\"><a href=\"https:\/\/rau.de\/es\/2019\/06\/05\/rau-barreras-de-ruido\/\">Rau barreras de ruido<\/a><\/h2><div class=\"w-hwrapper usg_hwrapper_1 has_text_color align_left valign_top wrap\"><\/div><a class=\"w-btn us-btn-style_2 usg_btn_1\" href=\"https:\/\/rau.de\/es\/2019\/06\/05\/rau-barreras-de-ruido\/\"><span class=\"w-btn-label\">Weiterlesen<\/span><\/a>\t\t<\/div>\r\n\t<\/article>\r\n<\/div>\t<div class=\"g-preloader type_1\">\r\n\t\t<div><\/div>\r\n\t<\/div>\r\n\t\t<div class=\"w-grid-json hidden\" onclick='return {&quot;action&quot;:&quot;us_ajax_grid&quot;,&quot;ajax_url&quot;:&quot;https:\\\/\\\/rau.de\\\/wp-admin\\\/admin-ajax.php&quot;,&quot;infinite_scroll&quot;:0,&quot;max_num_pages&quot;:1,&quot;pagination&quot;:&quot;none&quot;,&quot;template_vars&quot;:{&quot;columns&quot;:&quot;3&quot;,&quot;exclude_items&quot;:&quot;none&quot;,&quot;img_size&quot;:&quot;default&quot;,&quot;ignore_items_size&quot;:0,&quot;items_layout&quot;:&quot;163&quot;,&quot;items_offset&quot;:&quot;1&quot;,&quot;load_animation&quot;:&quot;none&quot;,&quot;overriding_link&quot;:&quot;{\\&quot;url\\&quot;:\\&quot;\\&quot;}&quot;,&quot;post_id&quot;:0,&quot;query_args&quot;:{&quot;post_type&quot;:[&quot;post&quot;],&quot;post_status&quot;:[&quot;publish&quot;],&quot;posts_per_page&quot;:&quot;10&quot;},&quot;orderby_query_args&quot;:{&quot;orderby&quot;:{&quot;date&quot;:&quot;DESC&quot;}},&quot;type&quot;:&quot;carousel&quot;,&quot;us_grid_ajax_index&quot;:2,&quot;us_grid_filter_params&quot;:[],&quot;us_grid_index&quot;:2,&quot;_us_grid_post_type&quot;:&quot;post&quot;,&quot;page_args&quot;:[],&quot;lang&quot;:&quot;es&quot;},&quot;carousel_settings&quot;:{&quot;autoHeight&quot;:0,&quot;autoplay&quot;:1,&quot;carousel_fade&quot;:0,&quot;center&quot;:0,&quot;dots&quot;:0,&quot;items&quot;:&quot;3&quot;,&quot;loop&quot;:false,&quot;nav&quot;:1,&quot;slideby&quot;:&quot;1&quot;,&quot;smooth_play&quot;:0,&quot;speed&quot;:250,&quot;timeout&quot;:3000,&quot;transition&quot;:&quot;&quot;,&quot;aria_labels&quot;:{&quot;prev&quot;:&quot;Anterior&quot;,&quot;next&quot;:&quot;Siguiente&quot;}},&quot;carousel_breakpoints&quot;:{&quot;0&quot;:{&quot;autoHeight&quot;:0,&quot;autoplay&quot;:1,&quot;autoplayHoverPause&quot;:1,&quot;items&quot;:1,&quot;loop&quot;:true,&quot;stagePadding&quot;:0},&quot;601&quot;:{&quot;autoHeight&quot;:0,&quot;autoplay&quot;:1,&quot;autoplayHoverPause&quot;:1,&quot;items&quot;:2,&quot;loop&quot;:false,&quot;stagePadding&quot;:0},&quot;1025&quot;:{&quot;autoHeight&quot;:0,&quot;autoplay&quot;:1,&quot;autoplayHoverPause&quot;:1,&quot;items&quot;:3,&quot;loop&quot;:false,&quot;stagePadding&quot;:0},&quot;1281&quot;:{&quot;items&quot;:3,&quot;stagePadding&quot;:0}}}'><\/div>\r\n\t<\/div><\/div><\/div><\/div><\/div><\/div><\/section><section class=\"l-section wpb_row height_medium parallax_fixed\" id=\"kontakt\"><div class=\"l-section-overlay\" style=\"background:#e8e8e8\"><\/div><div class=\"l-section-h i-cf\"><div class=\"g-cols vc_row via_flex valign_top type_default stacking_default\"><div class=\"vc_col-sm-6 wpb_column vc_column_container\"><div class=\"vc_column-inner\"><div class=\"wpb_wrapper\"><div class=\"wpb_text_column mb-30\"><div class=\"wpb_wrapper\"><h2>Contacto<\/h2>\n<p>\u00bfTiene todav\u00eda dudas o necesita m\u00e1s informaci\u00f3n?<br \/>\n\u00a1Utilice el formulario de contacto o ll\u00e1menos!<br \/>\nNos complacer\u00e1 recibir sus noticias.<\/p>\n<\/div><\/div><div class=\"g-cols wpb_row via_flex valign_top type_default stacking_default\"><div class=\"vc_col-sm-6 wpb_column vc_column_container\"><div class=\"vc_column-inner\"><div class=\"wpb_wrapper\">[vc_widget_sidebar sidebar_id=\u00bbus_widget_area_kontakt\u00bb el_class=\u00bbside_contact\u00bb]<\/div><\/div><\/div><div class=\"vc_col-sm-6 wpb_column vc_column_container\"><div class=\"vc_column-inner\"><div class=\"wpb_wrapper\"><\/div><\/div><\/div><\/div><\/div><\/div><\/div><div class=\"vc_col-sm-6 wpb_column vc_column_container\"><div class=\"vc_column-inner\"><div class=\"wpb_wrapper\"><div class=\"wpb_text_column\"><div class=\"wpb_wrapper\"><h2>Formulario de contacto<\/h2>\n\n<div class=\"wpcf7 no-js\" id=\"wpcf7-f5727-o1\" lang=\"de-DE\" dir=\"ltr\" data-wpcf7-id=\"5727\">\n<div class=\"screen-reader-response\"><p role=\"status\" aria-live=\"polite\" aria-atomic=\"true\"><\/p> <ul><\/ul><\/div>\n<form action=\"\/es\/wp-json\/wp\/v2\/pages\/1061#wpcf7-f5727-o1\" method=\"post\" class=\"wpcf7-form init\" aria-label=\"Kontaktformular\" enctype=\"multipart\/form-data\" novalidate=\"novalidate\" data-status=\"init\">\n<fieldset class=\"hidden-fields-container\"><input type=\"hidden\" name=\"_wpcf7\" value=\"5727\" \/><input type=\"hidden\" name=\"_wpcf7_version\" value=\"6.1.5\" \/><input type=\"hidden\" name=\"_wpcf7_locale\" value=\"de_DE\" \/><input type=\"hidden\" name=\"_wpcf7_unit_tag\" value=\"wpcf7-f5727-o1\" \/><input type=\"hidden\" name=\"_wpcf7_container_post\" value=\"0\" \/><input type=\"hidden\" name=\"_wpcf7_posted_data_hash\" value=\"\" \/><input type=\"hidden\" name=\"_wpcf7cf_hidden_group_fields\" value=\"[]\" \/><input type=\"hidden\" name=\"_wpcf7cf_hidden_groups\" value=\"[]\" \/><input type=\"hidden\" name=\"_wpcf7cf_visible_groups\" value=\"[]\" \/><input type=\"hidden\" name=\"_wpcf7cf_repeaters\" value=\"[]\" \/><input type=\"hidden\" name=\"_wpcf7cf_steps\" value=\"{}\" \/><input type=\"hidden\" name=\"_wpcf7cf_options\" value=\"{&quot;form_id&quot;:5727,&quot;conditions&quot;:[{&quot;then_field&quot;:&quot;firma&quot;,&quot;and_rules&quot;:[{&quot;if_field&quot;:&quot;anfrage&quot;,&quot;operator&quot;:&quot;equals&quot;,&quot;if_value&quot;:&quot;Commercial&quot;}]},{&quot;then_field&quot;:&quot;upload&quot;,&quot;and_rules&quot;:[{&quot;if_field&quot;:&quot;hoch&quot;,&quot;operator&quot;:&quot;equals&quot;,&quot;if_value&quot;:&quot;I want to upload files&quot;}]}],&quot;settings&quot;:{&quot;animation&quot;:&quot;yes&quot;,&quot;animation_intime&quot;:200,&quot;animation_outtime&quot;:200,&quot;conditions_ui&quot;:&quot;normal&quot;,&quot;notice_dismissed&quot;:false,&quot;notice_dismissed_rollback-cf7-5.8.4&quot;:true}}\" \/>\n<\/fieldset>\n<div class=\"g-cols vc_row type_default valign_top\">\n\t<div class=\"vc_col-sm-6 wpb_column vc_column_container\">\n\t\t<div class=\"vc_column-inner\">\n\t\t\t<p>Type of request *\n\t\t\t<\/p>\n\t\t<\/div>\n\t<\/div>\n\t<div class=\"vc_col-sm-6 wpb_column vc_column_container\">\n\t\t<div class=\"vc_column-inner\">\n\t\t\t<p><span class=\"wpcf7-form-control-wrap\" data-name=\"anfrage\"><span class=\"wpcf7-form-control wpcf7-checkbox wpcf7-validates-as-required wpcf7-exclusive-checkbox\"><span class=\"wpcf7-list-item first\"><input type=\"checkbox\" name=\"anfrage\" value=\"Commercial\" \/><span class=\"wpcf7-list-item-label\">Commercial<\/span><\/span><span class=\"wpcf7-list-item last\"><input type=\"checkbox\" name=\"anfrage\" value=\"Private\" \/><span class=\"wpcf7-list-item-label\">Private<\/span><\/span><\/span><\/span>\n\t\t\t<\/p>\n\t\t<\/div>\n\t<\/div>\n<\/div>\n<div class=\"g-cols vc_row type_default valign_top\">\n\t<div class=\"vc_col-sm-6 wpb_column vc_column_container\">\n\t\t<div class=\"vc_column-inner\">\n\t\t\t<div data-id=\"firma\" data-orig_data_id=\"firma\"  class=\"\" data-class=\"wpcf7cf_group\">\n\t\t\t\t<p><span class=\"wpcf7-form-control-wrap\" data-name=\"firma\"><input size=\"40\" maxlength=\"400\" class=\"wpcf7-form-control wpcf7-text\" aria-invalid=\"false\" placeholder=\"Company name\" value=\"\" type=\"text\" name=\"firma\" \/><\/span>\n\t\t\t\t<\/p>\n\t\t\t<\/div>\n\t\t\t<p><span class=\"wpcf7-form-control-wrap\" data-name=\"ansprech\"><input size=\"40\" maxlength=\"400\" class=\"wpcf7-form-control wpcf7-text wpcf7-validates-as-required\" aria-required=\"true\" aria-invalid=\"false\" placeholder=\"Contact person *\" value=\"\" type=\"text\" name=\"ansprech\" \/><\/span><br \/>\n<span class=\"wpcf7-form-control-wrap\" data-name=\"adresse\"><input size=\"40\" maxlength=\"400\" class=\"wpcf7-form-control wpcf7-text wpcf7-validates-as-required\" aria-required=\"true\" aria-invalid=\"false\" placeholder=\"Str. + house number *\" value=\"\" type=\"text\" name=\"adresse\" \/><\/span><br \/>\n<span class=\"wpcf7-form-control-wrap\" data-name=\"Ort\"><input size=\"40\" maxlength=\"400\" class=\"wpcf7-form-control wpcf7-text wpcf7-validates-as-required\" aria-required=\"true\" aria-invalid=\"false\" placeholder=\"Postcode + City *\" value=\"\" type=\"text\" name=\"Ort\" \/><\/span>\n\t\t\t<\/p>\n\t\t<\/div>\n\t<\/div>\n\t<div class=\"vc_col-sm-6 wpb_column vc_column_container\">\n\t\t<div class=\"vc_column-inner\">\n\t\t\t<p><span class=\"wpcf7-form-control-wrap\" data-name=\"email\"><input size=\"40\" maxlength=\"400\" class=\"wpcf7-form-control wpcf7-email wpcf7-validates-as-required wpcf7-text wpcf7-validates-as-email\" aria-required=\"true\" aria-invalid=\"false\" placeholder=\"Email address *\" value=\"\" type=\"email\" name=\"email\" \/><\/span><br \/>\n<span class=\"wpcf7-form-control-wrap\" data-name=\"tel\"><input size=\"40\" maxlength=\"400\" class=\"wpcf7-form-control wpcf7-tel wpcf7-validates-as-required wpcf7-text wpcf7-validates-as-tel\" aria-required=\"true\" aria-invalid=\"false\" placeholder=\"Phone number *\" value=\"\" type=\"tel\" name=\"tel\" \/><\/span><br \/>\n<span class=\"mt-10\"> <span class=\"wpcf7-form-control-wrap\" data-name=\"leistungstext\"><span class=\"wpcf7-form-control wpcf7-checkbox\"><span class=\"wpcf7-list-item first last\"><input type=\"checkbox\" name=\"leistungstext[]\" value=\"Request service text\" \/><span class=\"wpcf7-list-item-label\">Request service text<\/span><\/span><\/span><\/span><\/span>\n\t\t\t<\/p>\n\t\t<\/div>\n\t<\/div>\n<\/div>\n<div class=\"g-cols vc_row type_default valign_top\">\n\t<div class=\"vc_col-sm-12 wpb_column vc_column_container\">\n\t\t<div class=\"vc_column-inner\">\n\t\t\t<p><span class=\"wpcf7-form-control-wrap\" data-name=\"textarea\"><textarea cols=\"40\" rows=\"10\" maxlength=\"2000\" class=\"wpcf7-form-control wpcf7-textarea\" aria-invalid=\"false\" placeholder=\"Note\" name=\"textarea\"><\/textarea><\/span>\n\t\t\t<\/p>\n\t\t<\/div>\n\t<\/div>\n<\/div>\n<div class=\"g-cols vc_row type_default valign_top\">\n\t<div class=\"vc_col-sm-10 wpb_column vc_column_container\">\n\t\t<div class=\"vc_column-inner\">\n\t\t\t<h6 class=\"mt-20\"><br \/>\n<span class=\"wpcf7-form-control-wrap\" data-name=\"hoch\"><span class=\"wpcf7-form-control wpcf7-checkbox\"><span class=\"wpcf7-list-item first last\"><input type=\"checkbox\" name=\"hoch[]\" value=\"I want to upload files\" \/><span class=\"wpcf7-list-item-label\">I want to upload files<\/span><\/span><\/span><\/span>\n\t\t\t<\/h6>\n\t\t<\/div>\n\t<\/div>\n<\/div>\n<div data-id=\"upload\" data-orig_data_id=\"upload\" data-clear_on_hide class=\"\" data-class=\"wpcf7cf_group\">\n\t<div class=\"g-cols vc_row type_default valign_top\">\n\t\t<div class=\"vc_col-sm-12 wpb_column vc_column_container\">\n\t\t\t<div class=\"vc_column-inner\">\n\t\t\t\t<p>Pictures, sketches, plans etc. Upload file formats: gif|png|jpg|jpeg|pdf Max-Size: 2mb<br \/>\n<span class=\"wpcf7-form-control-wrap\" data-name=\"media-1\"><input size=\"40\" class=\"wpcf7-form-control wpcf7-file\" accept=\".gif,.png,.jpg,.jpeg,.pdf\" aria-invalid=\"false\" type=\"file\" name=\"media-1\" \/><\/span><br \/>\n<span class=\"wpcf7-form-control-wrap\" data-name=\"media-2\"><input size=\"40\" class=\"wpcf7-form-control wpcf7-file\" accept=\".gif,.png,.jpg,.jpeg,.pdf\" aria-invalid=\"false\" type=\"file\" name=\"media-2\" \/><\/span><br \/>\n<span class=\"wpcf7-form-control-wrap\" data-name=\"media-3\"><input size=\"40\" class=\"wpcf7-form-control wpcf7-file\" accept=\".gif,.png,.jpg,.jpeg,.pdf\" aria-invalid=\"false\" type=\"file\" name=\"media-3\" \/><\/span><br \/>\n<span class=\"wpcf7-form-control-wrap\" data-name=\"media-4\"><input size=\"40\" class=\"wpcf7-form-control wpcf7-file\" accept=\".gif,.png,.jpg,.jpeg,.pdf\" aria-invalid=\"false\" type=\"file\" name=\"media-4\" \/><\/span>\n\t\t\t\t<\/p>\n\t\t\t<\/div>\n\t\t<\/div>\n\t<\/div>\n<\/div>\n<div class=\"g-cols vc_row type_default valign_top\">\n\t<div class=\"vc_col-sm-12 wpb_column vc_column_container\">\n\t\t<div class=\"vc_column-inner law_text\">\n\t\t\t<p><span class=\"wpcf7-form-control-wrap\" data-name=\"acceptance-dsgvo\"><span class=\"wpcf7-form-control wpcf7-acceptance\"><span class=\"wpcf7-list-item\"><label><input type=\"checkbox\" name=\"acceptance-dsgvo\" value=\"1\" aria-invalid=\"false\" \/><span class=\"wpcf7-list-item-label\">I agree that my details from the contact form are collected and processed for the purpose of answering my enquiry. The data will be deleted after your inquiry has been processed. <br>Note: You can revoke your consent for the future at any time by sending an e-mail to kontakt@rau.de. Detailed information on the handling of user data can be found in our <a href=\"\/en\/datenschutz\/\" target=\"_blank\">Privacy policy<\/a>.<\/span><\/label><\/span><\/span><\/span>\n\t\t\t<\/p>\n\t\t\t<p><span class=\"wpcf7-form-control-wrap\" data-name=\"kontakt\"><span class=\"wpcf7-form-control wpcf7-acceptance\"><span class=\"wpcf7-list-item\"><label><input type=\"checkbox\" name=\"kontakt\" value=\"1\" aria-invalid=\"false\" \/><span class=\"wpcf7-list-item-label\">I agree that I may be contacted by mail or telephone.<\/span><\/label><\/span><\/span><\/span>\n\t\t\t<\/p>\n\t\t<\/div>\n\t<\/div>\n<\/div>\n<div class=\"g-cols vc_row type_default valign_top\">\n\t<div class=\"vc_col-sm-12 wpb_column vc_column_container mt-30\">\n\t\t<div class=\"vc_column-inner \">\n\t\t\t<div style=\"border: 1px solid #cccccc; font-size:13px; line-height:16px; padding:20px 20px 20px 20px; max-width:275px; margin-bottom:20px;\">\n\t\t\t\t<p>Spam protection:<br \/>\n<div class=\"dscf7-captcha-container\"><input name=\"dscf7_hidden_val1-dscf7captcha-109\" id=\"dscf7_hidden_val1-dscf7captcha-109\" type=\"hidden\" value=\"8\" \/><input name=\"dscf7_hidden_val2-dscf7captcha-109\" id=\"dscf7_hidden_val2-dscf7captcha-109\" type=\"hidden\" value=\"9\" \/><input name=\"dscf7_hidden_action-dscf7captcha-109\" id=\"dscf7_hidden_action-dscf7captcha-109\" type=\"hidden\" value=\"+\" \/><div class=\"dscf7-question-container\"><span class=\"dscf7_lt\">What is 9 + 8 ? <a href=\"javascript:void(0)\" id=\"dscf7captcha-109\" class=\"dscf7_refresh_captcha\" aria-label=\"Refresh captcha\"><img decoding=\"async\" class=\"dscf7_captcha_icon\" src=\"https:\/\/rau.de\/wp-content\/plugins\/ds-cf7-math-captcha\/assets\/img\/icons8-refresh-30.png\" alt=\"Refresh icon\"\/><img decoding=\"async\" class=\"dscf7_captcha_reload_icon\" src=\"https:\/\/rau.de\/wp-content\/plugins\/ds-cf7-math-captcha\/assets\/img\/446bcd468478f5bfb7b4e5c804571392_w200.gif\" alt=\"Refreshing captcha\" style=\"display:none; width:30px\" \/><\/a><\/span><\/div><div class=\"dscf7-answer-container\"><label for=\"dscf7captcha-109-input\" class=\"screen-reader-text\">Answer for 9 + 8<\/label><span class=\"wpcf7-form-control-wrap\" data-name=\"dscf7captcha-109\"><input type=\"text\" id=\"dscf7captcha-109-input\" aria-label=\"Answer for 9 + 8\" class=\"wpcf7-form-control wpcf7-text\" size=\"5\" value=\"\" name=\"dscf7captcha-109\" placeholder=\"Type your answer\" style=\"\" oninput=\"this.value = this.value.replace(\/[^0-9.]\/g, '').replace(\/(\\..*)\\.\/g, '$1');\"><\/span><input type=\"hidden\" name=\"ds_cf7_nonce\" value=\"8bb0646232\"><\/div><\/div>\n\t\t\t<\/div>\n\t\t\t<p><input class=\"wpcf7-form-control wpcf7-submit has-spinner\" type=\"submit\" value=\"Submit contact form\" \/>\n\t\t\t<\/p>\n\t\t<\/div>\n\t<\/div>\n<\/div><div class=\"wpcf7-response-output\" aria-hidden=\"true\"><\/div>\n<\/form>\n<\/div>\n\n<\/div><\/div><\/div><\/div><\/div><\/div><\/div><\/section>\n","protected":false},"excerpt":{"rendered":"Rau barreras de ruido","protected":false},"author":1,"featured_media":0,"parent":0,"menu_order":0,"comment_status":"closed","ping_status":"closed","template":"","meta":{"footnotes":""},"class_list":["post-1061","page","type-page","status-publish","hentry"],"yoast_head":"<!-- This site is optimized with the Yoast SEO plugin v27.4 - https:\/\/yoast.com\/product\/yoast-seo-wordpress\/ -->\n<title>Pantallas ac\u00fasticas verdes ! \ud83c\udf43 RAU.de<\/title>\n<meta name=\"description\" content=\"100% ecol\u00f3gicas, reducen la presencia de materia particulada, de f\u00e1cil cuidado y mantenimiento, altamente absorbentes, de larga duraci\u00f3n \ud83c\udf0d \ud83c\udf33\" \/>\n<meta name=\"robots\" content=\"index, follow, max-snippet:-1, max-image-preview:large, max-video-preview:-1\" \/>\n<link rel=\"canonical\" href=\"https:\/\/rau.de\/es\/\" \/>\n<meta property=\"og:locale\" content=\"es_ES\" \/>\n<meta property=\"og:type\" content=\"article\" \/>\n<meta property=\"og:title\" content=\"Pantallas ac\u00fasticas verdes ! \ud83c\udf43 RAU.de\" \/>\n<meta property=\"og:description\" content=\"100% ecol\u00f3gicas, reducen la presencia de materia particulada, de f\u00e1cil cuidado y mantenimiento, altamente absorbentes, de larga duraci\u00f3n \ud83c\udf0d \ud83c\udf33\" \/>\n<meta property=\"og:url\" content=\"https:\/\/rau.de\/es\/\" \/>\n<meta property=\"og:site_name\" content=\"Rau | L\u00e4rmschutzw\u00e4nde\" \/>\n<meta property=\"article:modified_time\" content=\"2025-01-28T11:06:24+00:00\" \/>\n<meta property=\"og:image\" content=\"https:\/\/rau.de\/wp-content\/uploads\/rau.de-begruente-laermschutzwand-2015-08-23-sonderteile-2.jpg\" \/>\n\t<meta property=\"og:image:width\" content=\"1920\" \/>\n\t<meta property=\"og:image:height\" content=\"1146\" \/>\n\t<meta property=\"og:image:type\" content=\"image\/jpeg\" \/>\n<meta name=\"twitter:card\" content=\"summary_large_image\" \/>\n<meta name=\"twitter:label1\" content=\"Tiempo de lectura\" \/>\n\t<meta name=\"twitter:data1\" content=\"3 minutos\" \/>\n<script type=\"application\/ld+json\" class=\"yoast-schema-graph\">{\"@context\":\"https:\\\/\\\/schema.org\",\"@graph\":[{\"@type\":\"WebPage\",\"@id\":\"https:\\\/\\\/rau.de\\\/es\\\/\",\"url\":\"https:\\\/\\\/rau.de\\\/es\\\/\",\"name\":\"Pantallas ac\u00fasticas verdes ! \ud83c\udf43 RAU.de\",\"isPartOf\":{\"@id\":\"https:\\\/\\\/rau.de\\\/es\\\/#website\"},\"datePublished\":\"2019-08-05T13:54:12+00:00\",\"dateModified\":\"2025-01-28T11:06:24+00:00\",\"description\":\"100% ecol\u00f3gicas, reducen la presencia de materia particulada, de f\u00e1cil cuidado y mantenimiento, altamente absorbentes, de larga duraci\u00f3n \ud83c\udf0d \ud83c\udf33\",\"breadcrumb\":{\"@id\":\"https:\\\/\\\/rau.de\\\/es\\\/#breadcrumb\"},\"inLanguage\":\"es\",\"potentialAction\":[{\"@type\":\"ReadAction\",\"target\":[\"https:\\\/\\\/rau.de\\\/es\\\/\"]}]},{\"@type\":\"BreadcrumbList\",\"@id\":\"https:\\\/\\\/rau.de\\\/es\\\/#breadcrumb\",\"itemListElement\":[{\"@type\":\"ListItem\",\"position\":1,\"name\":\"Startseite\",\"item\":\"https:\\\/\\\/rau.de\\\/es\\\/\"},{\"@type\":\"ListItem\",\"position\":2,\"name\":\"Rau &#8211; Pantallas ac\u00fasticas verdes\"}]},{\"@type\":\"WebSite\",\"@id\":\"https:\\\/\\\/rau.de\\\/es\\\/#website\",\"url\":\"https:\\\/\\\/rau.de\\\/es\\\/\",\"name\":\"Rau | L\u00e4rmschutzw\u00e4nde\",\"description\":\"Entwicklung und Umsetzung von L\u00e4rmschutzwand und Schallschutzwand\",\"publisher\":{\"@id\":\"https:\\\/\\\/rau.de\\\/es\\\/#organization\"},\"potentialAction\":[{\"@type\":\"SearchAction\",\"target\":{\"@type\":\"EntryPoint\",\"urlTemplate\":\"https:\\\/\\\/rau.de\\\/es\\\/?s={search_term_string}\"},\"query-input\":{\"@type\":\"PropertyValueSpecification\",\"valueRequired\":true,\"valueName\":\"search_term_string\"}}],\"inLanguage\":\"es\"},{\"@type\":\"Organization\",\"@id\":\"https:\\\/\\\/rau.de\\\/es\\\/#organization\",\"name\":\"RAU L\u00e4rmschutzw\u00e4nde \u2013 Geosystem GBK GmbH\",\"url\":\"https:\\\/\\\/rau.de\\\/es\\\/\",\"logo\":{\"@type\":\"ImageObject\",\"inLanguage\":\"es\",\"@id\":\"https:\\\/\\\/rau.de\\\/es\\\/#\\\/schema\\\/logo\\\/image\\\/\",\"url\":\"https:\\\/\\\/rau.de\\\/wp-content\\\/uploads\\\/web_logo.png\",\"contentUrl\":\"https:\\\/\\\/rau.de\\\/wp-content\\\/uploads\\\/web_logo.png\",\"width\":249,\"height\":127,\"caption\":\"RAU L\u00e4rmschutzw\u00e4nde \u2013 Geosystem GBK GmbH\"},\"image\":{\"@id\":\"https:\\\/\\\/rau.de\\\/es\\\/#\\\/schema\\\/logo\\\/image\\\/\"}}]}<\/script>\n<!-- \/ Yoast SEO plugin. -->","yoast_head_json":{"title":"Pantallas ac\u00fasticas verdes ! \ud83c\udf43 RAU.de","description":"100% ecol\u00f3gicas, reducen la presencia de materia particulada, de f\u00e1cil cuidado y mantenimiento, altamente absorbentes, de larga duraci\u00f3n \ud83c\udf0d \ud83c\udf33","robots":{"index":"index","follow":"follow","max-snippet":"max-snippet:-1","max-image-preview":"max-image-preview:large","max-video-preview":"max-video-preview:-1"},"canonical":"https:\/\/rau.de\/es\/","og_locale":"es_ES","og_type":"article","og_title":"Pantallas ac\u00fasticas verdes ! \ud83c\udf43 RAU.de","og_description":"100% ecol\u00f3gicas, reducen la presencia de materia particulada, de f\u00e1cil cuidado y mantenimiento, altamente absorbentes, de larga duraci\u00f3n \ud83c\udf0d \ud83c\udf33","og_url":"https:\/\/rau.de\/es\/","og_site_name":"Rau | L\u00e4rmschutzw\u00e4nde","article_modified_time":"2025-01-28T11:06:24+00:00","og_image":[{"width":1920,"height":1146,"url":"https:\/\/rau.de\/wp-content\/uploads\/rau.de-begruente-laermschutzwand-2015-08-23-sonderteile-2.jpg","type":"image\/jpeg"}],"twitter_card":"summary_large_image","twitter_misc":{"Tiempo de lectura":"3 minutos"},"schema":{"@context":"https:\/\/schema.org","@graph":[{"@type":"WebPage","@id":"https:\/\/rau.de\/es\/","url":"https:\/\/rau.de\/es\/","name":"Pantallas ac\u00fasticas verdes ! \ud83c\udf43 RAU.de","isPartOf":{"@id":"https:\/\/rau.de\/es\/#website"},"datePublished":"2019-08-05T13:54:12+00:00","dateModified":"2025-01-28T11:06:24+00:00","description":"100% ecol\u00f3gicas, reducen la presencia de materia particulada, de f\u00e1cil cuidado y mantenimiento, altamente absorbentes, de larga duraci\u00f3n \ud83c\udf0d \ud83c\udf33","breadcrumb":{"@id":"https:\/\/rau.de\/es\/#breadcrumb"},"inLanguage":"es","potentialAction":[{"@type":"ReadAction","target":["https:\/\/rau.de\/es\/"]}]},{"@type":"BreadcrumbList","@id":"https:\/\/rau.de\/es\/#breadcrumb","itemListElement":[{"@type":"ListItem","position":1,"name":"Startseite","item":"https:\/\/rau.de\/es\/"},{"@type":"ListItem","position":2,"name":"Rau &#8211; Pantallas ac\u00fasticas verdes"}]},{"@type":"WebSite","@id":"https:\/\/rau.de\/es\/#website","url":"https:\/\/rau.de\/es\/","name":"Rau | L\u00e4rmschutzw\u00e4nde","description":"Entwicklung und Umsetzung von L\u00e4rmschutzwand und Schallschutzwand","publisher":{"@id":"https:\/\/rau.de\/es\/#organization"},"potentialAction":[{"@type":"SearchAction","target":{"@type":"EntryPoint","urlTemplate":"https:\/\/rau.de\/es\/?s={search_term_string}"},"query-input":{"@type":"PropertyValueSpecification","valueRequired":true,"valueName":"search_term_string"}}],"inLanguage":"es"},{"@type":"Organization","@id":"https:\/\/rau.de\/es\/#organization","name":"RAU L\u00e4rmschutzw\u00e4nde \u2013 Geosystem GBK GmbH","url":"https:\/\/rau.de\/es\/","logo":{"@type":"ImageObject","inLanguage":"es","@id":"https:\/\/rau.de\/es\/#\/schema\/logo\/image\/","url":"https:\/\/rau.de\/wp-content\/uploads\/web_logo.png","contentUrl":"https:\/\/rau.de\/wp-content\/uploads\/web_logo.png","width":249,"height":127,"caption":"RAU L\u00e4rmschutzw\u00e4nde \u2013 Geosystem GBK GmbH"},"image":{"@id":"https:\/\/rau.de\/es\/#\/schema\/logo\/image\/"}}]}},"_links":{"self":[{"href":"https:\/\/rau.de\/es\/wp-json\/wp\/v2\/pages\/1061","targetHints":{"allow":["GET"]}}],"collection":[{"href":"https:\/\/rau.de\/es\/wp-json\/wp\/v2\/pages"}],"about":[{"href":"https:\/\/rau.de\/es\/wp-json\/wp\/v2\/types\/page"}],"author":[{"embeddable":true,"href":"https:\/\/rau.de\/es\/wp-json\/wp\/v2\/users\/1"}],"replies":[{"embeddable":true,"href":"https:\/\/rau.de\/es\/wp-json\/wp\/v2\/comments?post=1061"}],"version-history":[{"count":12,"href":"https:\/\/rau.de\/es\/wp-json\/wp\/v2\/pages\/1061\/revisions"}],"predecessor-version":[{"id":30502,"href":"https:\/\/rau.de\/es\/wp-json\/wp\/v2\/pages\/1061\/revisions\/30502"}],"wp:attachment":[{"href":"https:\/\/rau.de\/es\/wp-json\/wp\/v2\/media?parent=1061"}],"curies":[{"name":"wp","href":"https:\/\/api.w.org\/{rel}","templated":true}]}}