{"id":140,"date":"2013-06-04T12:16:03","date_gmt":"2013-06-04T10:16:03","guid":{"rendered":"http:\/\/rau.kundendemo.com\/?post_type=produkt&#038;p=140"},"modified":"2024-10-31T14:55:45","modified_gmt":"2024-10-31T13:55:45","slug":"rau-photovoltaik","status":"publish","type":"produkt","link":"https:\/\/rau.de\/de\/produkt\/rau-photovoltaik\/","title":{"rendered":"RAU Photovoltaik &#8211; Bauh\u00f6he bis 12 Meter"},"content":{"rendered":"<section class=\"l-section wpb_row height_medium full_height valign_center with_img\" id=\"kontakt\"><div class=\"l-section-img\" role=\"img\" data-img-width=\"2000\" data-img-height=\"1122\" style=\"background-image: url(https:\/\/rau.de\/wp-content\/uploads\/bg.jpg);\"><\/div><div class=\"l-section-h i-cf\"><div class=\"g-cols vc_row via_flex valign_top type_default stacking_default\"><div class=\"vc_col-sm-12 wpb_column vc_column_container\"><div class=\"vc_column-inner\"><div class=\"wpb_wrapper\"><div class=\"g-cols wpb_row content_top via_flex valign_top type_default stacking_default\"><div class=\"vc_col-sm-12 wpb_column vc_column_container\"><div class=\"vc_column-inner\"><div class=\"wpb_wrapper\"><h1 class=\"w-post-elm post_title entry-title color_link_inherit\">RAU Photovoltaik &#8211; Bauh\u00f6he bis 12 Meter<\/h1><\/div><\/div><\/div><\/div><div class=\"g-cols wpb_row us_custom_4fb9e5a3 content_text via_flex valign_top type_default stacking_default\"><div class=\"vc_col-sm-6 wpb_column vc_column_container\"><div class=\"vc_column-inner\"><div class=\"wpb_wrapper\"><div class=\"w-post-elm post_image stretched\"><img loading=\"lazy\" decoding=\"async\" width=\"724\" height=\"1024\" src=\"https:\/\/rau.de\/wp-content\/uploads\/laermschutzwand-schallschutzwand-rau-photovoltaik.jpg\" class=\"attachment-large size-large wp-post-image\" alt=\"L\u00e4rmschutzwand RAU Photovoltaik, mit Solar-Panels, Konstruktionszeichnung\" srcset=\"https:\/\/rau.de\/wp-content\/uploads\/laermschutzwand-schallschutzwand-rau-photovoltaik.jpg 724w, https:\/\/rau.de\/wp-content\/uploads\/laermschutzwand-schallschutzwand-rau-photovoltaik-212x300.jpg 212w\" sizes=\"auto, (max-width: 724px) 100vw, 724px\" \/><\/div><\/div><\/div><\/div><div class=\"vc_col-sm-6 wpb_column vc_column_container\"><div class=\"vc_column-inner\"><div class=\"wpb_wrapper\"><div class=\"wpb_text_column\"><div class=\"wpb_wrapper\"><p>Erneuerbare Energien treffen auf \u00f6kologischen L\u00e4rmschutz: Als Vorreiter in Sachen \u00d6kologie und Wirtschaftlichkeit bei L\u00e4rm- und Abgasschutz geht RAU abermals neue Wege. Gemeinsam mit einem Kooperationspartner konnte so eine bahnbrechende Vision verwirklicht werden: die erste Solar-L\u00e4rmschutzl\u00f6sung in Deutschland. Hier werden spezielle Solar-Panels (Photovoltaik) auf der extra breiten und angeschr\u00e4gten Wand montiert und zur Stromgewinnung genutzt.<\/p>\n<\/div><\/div><div class=\"w-separator size_medium\"><\/div><div class=\"w-btn-wrapper align_none\"><a class=\"w-btn us-btn-style_1 icon_atleft\" target=\"_blank\" rel=\"nofollow\" title=\"Rau Photovoltaik | rau.de\" href=\"\/wp-content\/uploads\/Rau-Laermschutzwand-Photovoltaik-Datenblatt.pdf\"><i class=\"fas fa-file\"><\/i><span class=\"w-btn-label\">RAU Photovoltaik &#8211; Datenblatt<\/span><\/a><\/div><div class=\"w-btn-wrapper align_none\"><a class=\"w-btn us-btn-style_1 icon_atleft\" href=\"\/galerie\/\"><i class=\"fas fa-image\"><\/i><span class=\"w-btn-label\">Dieses Produkt in der Galerie ansehen<\/span><\/a><\/div><div class=\"w-btn-wrapper align_none\"><a class=\"w-btn us-btn-style_1 icon_atleft\" href=\"\/produkte\/\"><i class=\"fas fa-chevron-right\"><\/i><span class=\"w-btn-label\">Alle Produkte<\/span><\/a><\/div><\/div><\/div><\/div><\/div><\/div><\/div><\/div><\/div><\/div><\/section>\n","protected":false},"excerpt":{"rendered":"RAU Photovoltaik &#8211; Bauh\u00f6he bis 12 MeterErneuerbare Energien treffen auf \u00f6kologischen L\u00e4rmschutz: Als Vorreiter in Sachen \u00d6kologie und Wirtschaftlichkeit bei L\u00e4rm- und Abgasschutz geht RAU abermals neue Wege. Gemeinsam mit einem Kooperationspartner konnte so eine bahnbrechende Vision verwirklicht werden: die erste Solar-L\u00e4rmschutzl\u00f6sung in Deutschland. Hier werden spezielle Solar-Panels (Photovoltaik) auf der extra breiten und angeschr\u00e4gten...","protected":false},"featured_media":26934,"template":"","class_list":["post-140","produkt","type-produkt","status-publish","has-post-thumbnail","hentry"],"yoast_head":"<!-- This site is optimized with the Yoast SEO plugin v27.4 - https:\/\/yoast.com\/product\/yoast-seo-wordpress\/ -->\n<title>L\u00e4rmschutzwand Photovoltaik - nachhaltig &amp; effizient | RAU.de<\/title>\n<meta name=\"description\" content=\"L\u00e4rmschutz \ud83d\udd07 trifft auf Nachhaltigkeit \ud83c\udf0d - Die die erste Solar-L\u00e4rmschutzl\u00f6sung in Deutschland gibt es bei RAU.de \u23e9 Jetzt mehr erfahren!\" \/>\n<meta name=\"robots\" content=\"index, follow, max-snippet:-1, max-image-preview:large, max-video-preview:-1\" \/>\n<link rel=\"canonical\" href=\"https:\/\/rau.de\/de\/produkt\/rau-photovoltaik\/\" \/>\n<meta property=\"og:locale\" content=\"de_DE\" \/>\n<meta property=\"og:type\" content=\"article\" \/>\n<meta property=\"og:title\" content=\"L\u00e4rmschutzwand Photovoltaik - nachhaltig &amp; effizient | RAU.de\" \/>\n<meta property=\"og:description\" content=\"L\u00e4rmschutz \ud83d\udd07 trifft auf Nachhaltigkeit \ud83c\udf0d - Die die erste Solar-L\u00e4rmschutzl\u00f6sung in Deutschland gibt es bei RAU.de \u23e9 Jetzt mehr erfahren!\" \/>\n<meta property=\"og:url\" content=\"https:\/\/rau.de\/de\/produkt\/rau-photovoltaik\/\" \/>\n<meta property=\"og:site_name\" content=\"Rau | L\u00e4rmschutzw\u00e4nde\" \/>\n<meta property=\"article:modified_time\" content=\"2024-10-31T13:55:45+00:00\" \/>\n<meta property=\"og:image\" content=\"https:\/\/rau.de\/wp-content\/uploads\/laermschutzwand-schallschutzwand-rau-photovoltaik.jpg\" \/>\n\t<meta property=\"og:image:width\" content=\"724\" \/>\n\t<meta property=\"og:image:height\" content=\"1024\" \/>\n\t<meta property=\"og:image:type\" content=\"image\/jpeg\" \/>\n<meta name=\"twitter:card\" content=\"summary_large_image\" \/>\n<meta name=\"twitter:label1\" content=\"Gesch\u00e4tzte Lesezeit\" \/>\n\t<meta name=\"twitter:data1\" content=\"1\u00a0Minute\" \/>\n<script type=\"application\/ld+json\" class=\"yoast-schema-graph\">{\"@context\":\"https:\\\/\\\/schema.org\",\"@graph\":[{\"@type\":\"WebPage\",\"@id\":\"https:\\\/\\\/rau.de\\\/de\\\/produkt\\\/rau-photovoltaik\\\/\",\"url\":\"https:\\\/\\\/rau.de\\\/de\\\/produkt\\\/rau-photovoltaik\\\/\",\"name\":\"L\u00e4rmschutzwand Photovoltaik - nachhaltig & effizient | RAU.de\",\"isPartOf\":{\"@id\":\"https:\\\/\\\/rau.de\\\/de\\\/#website\"},\"primaryImageOfPage\":{\"@id\":\"https:\\\/\\\/rau.de\\\/de\\\/produkt\\\/rau-photovoltaik\\\/#primaryimage\"},\"image\":{\"@id\":\"https:\\\/\\\/rau.de\\\/de\\\/produkt\\\/rau-photovoltaik\\\/#primaryimage\"},\"thumbnailUrl\":\"https:\\\/\\\/rau.de\\\/wp-content\\\/uploads\\\/laermschutzwand-schallschutzwand-rau-photovoltaik.jpg\",\"datePublished\":\"2013-06-04T10:16:03+00:00\",\"dateModified\":\"2024-10-31T13:55:45+00:00\",\"description\":\"L\u00e4rmschutz \ud83d\udd07 trifft auf Nachhaltigkeit \ud83c\udf0d - Die die erste Solar-L\u00e4rmschutzl\u00f6sung in Deutschland gibt es bei RAU.de \u23e9 Jetzt mehr erfahren!\",\"breadcrumb\":{\"@id\":\"https:\\\/\\\/rau.de\\\/de\\\/produkt\\\/rau-photovoltaik\\\/#breadcrumb\"},\"inLanguage\":\"de\",\"potentialAction\":[{\"@type\":\"ReadAction\",\"target\":[\"https:\\\/\\\/rau.de\\\/de\\\/produkt\\\/rau-photovoltaik\\\/\"]}]},{\"@type\":\"ImageObject\",\"inLanguage\":\"de\",\"@id\":\"https:\\\/\\\/rau.de\\\/de\\\/produkt\\\/rau-photovoltaik\\\/#primaryimage\",\"url\":\"https:\\\/\\\/rau.de\\\/wp-content\\\/uploads\\\/laermschutzwand-schallschutzwand-rau-photovoltaik.jpg\",\"contentUrl\":\"https:\\\/\\\/rau.de\\\/wp-content\\\/uploads\\\/laermschutzwand-schallschutzwand-rau-photovoltaik.jpg\",\"width\":724,\"height\":1024,\"caption\":\"L\u00e4rmschutzwand RAU Photovoltaik, mit Solar-Panels, Konstruktionszeichnung\"},{\"@type\":\"BreadcrumbList\",\"@id\":\"https:\\\/\\\/rau.de\\\/de\\\/produkt\\\/rau-photovoltaik\\\/#breadcrumb\",\"itemListElement\":[{\"@type\":\"ListItem\",\"position\":1,\"name\":\"Startseite\",\"item\":\"https:\\\/\\\/rau.de\\\/de\\\/\"},{\"@type\":\"ListItem\",\"position\":2,\"name\":\"RAU Photovoltaik &#8211; Bauh\u00f6he bis 12 Meter\"}]},{\"@type\":\"WebSite\",\"@id\":\"https:\\\/\\\/rau.de\\\/de\\\/#website\",\"url\":\"https:\\\/\\\/rau.de\\\/de\\\/\",\"name\":\"Rau | L\u00e4rmschutzw\u00e4nde\",\"description\":\"Entwicklung und Umsetzung von L\u00e4rmschutzwand und Schallschutzwand\",\"publisher\":{\"@id\":\"https:\\\/\\\/rau.de\\\/de\\\/#organization\"},\"potentialAction\":[{\"@type\":\"SearchAction\",\"target\":{\"@type\":\"EntryPoint\",\"urlTemplate\":\"https:\\\/\\\/rau.de\\\/de\\\/?s={search_term_string}\"},\"query-input\":{\"@type\":\"PropertyValueSpecification\",\"valueRequired\":true,\"valueName\":\"search_term_string\"}}],\"inLanguage\":\"de\"},{\"@type\":\"Organization\",\"@id\":\"https:\\\/\\\/rau.de\\\/de\\\/#organization\",\"name\":\"RAU L\u00e4rmschutzw\u00e4nde \u2013 Geosystem GBK GmbH\",\"url\":\"https:\\\/\\\/rau.de\\\/de\\\/\",\"logo\":{\"@type\":\"ImageObject\",\"inLanguage\":\"de\",\"@id\":\"https:\\\/\\\/rau.de\\\/de\\\/#\\\/schema\\\/logo\\\/image\\\/\",\"url\":\"https:\\\/\\\/rau.de\\\/wp-content\\\/uploads\\\/web_logo.png\",\"contentUrl\":\"https:\\\/\\\/rau.de\\\/wp-content\\\/uploads\\\/web_logo.png\",\"width\":249,\"height\":127,\"caption\":\"RAU L\u00e4rmschutzw\u00e4nde \u2013 Geosystem GBK GmbH\"},\"image\":{\"@id\":\"https:\\\/\\\/rau.de\\\/de\\\/#\\\/schema\\\/logo\\\/image\\\/\"}}]}<\/script>\n<!-- \/ Yoast SEO plugin. -->","yoast_head_json":{"title":"L\u00e4rmschutzwand Photovoltaik - nachhaltig & effizient | RAU.de","description":"L\u00e4rmschutz \ud83d\udd07 trifft auf Nachhaltigkeit \ud83c\udf0d - Die die erste Solar-L\u00e4rmschutzl\u00f6sung in Deutschland gibt es bei RAU.de \u23e9 Jetzt mehr erfahren!","robots":{"index":"index","follow":"follow","max-snippet":"max-snippet:-1","max-image-preview":"max-image-preview:large","max-video-preview":"max-video-preview:-1"},"canonical":"https:\/\/rau.de\/de\/produkt\/rau-photovoltaik\/","og_locale":"de_DE","og_type":"article","og_title":"L\u00e4rmschutzwand Photovoltaik - nachhaltig & effizient | RAU.de","og_description":"L\u00e4rmschutz \ud83d\udd07 trifft auf Nachhaltigkeit \ud83c\udf0d - Die die erste Solar-L\u00e4rmschutzl\u00f6sung in Deutschland gibt es bei RAU.de \u23e9 Jetzt mehr erfahren!","og_url":"https:\/\/rau.de\/de\/produkt\/rau-photovoltaik\/","og_site_name":"Rau | L\u00e4rmschutzw\u00e4nde","article_modified_time":"2024-10-31T13:55:45+00:00","og_image":[{"width":724,"height":1024,"url":"https:\/\/rau.de\/wp-content\/uploads\/laermschutzwand-schallschutzwand-rau-photovoltaik.jpg","type":"image\/jpeg"}],"twitter_card":"summary_large_image","twitter_misc":{"Gesch\u00e4tzte Lesezeit":"1\u00a0Minute"},"schema":{"@context":"https:\/\/schema.org","@graph":[{"@type":"WebPage","@id":"https:\/\/rau.de\/de\/produkt\/rau-photovoltaik\/","url":"https:\/\/rau.de\/de\/produkt\/rau-photovoltaik\/","name":"L\u00e4rmschutzwand Photovoltaik - nachhaltig & effizient | RAU.de","isPartOf":{"@id":"https:\/\/rau.de\/de\/#website"},"primaryImageOfPage":{"@id":"https:\/\/rau.de\/de\/produkt\/rau-photovoltaik\/#primaryimage"},"image":{"@id":"https:\/\/rau.de\/de\/produkt\/rau-photovoltaik\/#primaryimage"},"thumbnailUrl":"https:\/\/rau.de\/wp-content\/uploads\/laermschutzwand-schallschutzwand-rau-photovoltaik.jpg","datePublished":"2013-06-04T10:16:03+00:00","dateModified":"2024-10-31T13:55:45+00:00","description":"L\u00e4rmschutz \ud83d\udd07 trifft auf Nachhaltigkeit \ud83c\udf0d - Die die erste Solar-L\u00e4rmschutzl\u00f6sung in Deutschland gibt es bei RAU.de \u23e9 Jetzt mehr erfahren!","breadcrumb":{"@id":"https:\/\/rau.de\/de\/produkt\/rau-photovoltaik\/#breadcrumb"},"inLanguage":"de","potentialAction":[{"@type":"ReadAction","target":["https:\/\/rau.de\/de\/produkt\/rau-photovoltaik\/"]}]},{"@type":"ImageObject","inLanguage":"de","@id":"https:\/\/rau.de\/de\/produkt\/rau-photovoltaik\/#primaryimage","url":"https:\/\/rau.de\/wp-content\/uploads\/laermschutzwand-schallschutzwand-rau-photovoltaik.jpg","contentUrl":"https:\/\/rau.de\/wp-content\/uploads\/laermschutzwand-schallschutzwand-rau-photovoltaik.jpg","width":724,"height":1024,"caption":"L\u00e4rmschutzwand RAU Photovoltaik, mit Solar-Panels, Konstruktionszeichnung"},{"@type":"BreadcrumbList","@id":"https:\/\/rau.de\/de\/produkt\/rau-photovoltaik\/#breadcrumb","itemListElement":[{"@type":"ListItem","position":1,"name":"Startseite","item":"https:\/\/rau.de\/de\/"},{"@type":"ListItem","position":2,"name":"RAU Photovoltaik &#8211; Bauh\u00f6he bis 12 Meter"}]},{"@type":"WebSite","@id":"https:\/\/rau.de\/de\/#website","url":"https:\/\/rau.de\/de\/","name":"Rau | L\u00e4rmschutzw\u00e4nde","description":"Entwicklung und Umsetzung von L\u00e4rmschutzwand und Schallschutzwand","publisher":{"@id":"https:\/\/rau.de\/de\/#organization"},"potentialAction":[{"@type":"SearchAction","target":{"@type":"EntryPoint","urlTemplate":"https:\/\/rau.de\/de\/?s={search_term_string}"},"query-input":{"@type":"PropertyValueSpecification","valueRequired":true,"valueName":"search_term_string"}}],"inLanguage":"de"},{"@type":"Organization","@id":"https:\/\/rau.de\/de\/#organization","name":"RAU L\u00e4rmschutzw\u00e4nde \u2013 Geosystem GBK GmbH","url":"https:\/\/rau.de\/de\/","logo":{"@type":"ImageObject","inLanguage":"de","@id":"https:\/\/rau.de\/de\/#\/schema\/logo\/image\/","url":"https:\/\/rau.de\/wp-content\/uploads\/web_logo.png","contentUrl":"https:\/\/rau.de\/wp-content\/uploads\/web_logo.png","width":249,"height":127,"caption":"RAU L\u00e4rmschutzw\u00e4nde \u2013 Geosystem GBK GmbH"},"image":{"@id":"https:\/\/rau.de\/de\/#\/schema\/logo\/image\/"}}]}},"_links":{"self":[{"href":"https:\/\/rau.de\/de\/wp-json\/wp\/v2\/produkt\/140","targetHints":{"allow":["GET"]}}],"collection":[{"href":"https:\/\/rau.de\/de\/wp-json\/wp\/v2\/produkt"}],"about":[{"href":"https:\/\/rau.de\/de\/wp-json\/wp\/v2\/types\/produkt"}],"version-history":[{"count":30,"href":"https:\/\/rau.de\/de\/wp-json\/wp\/v2\/produkt\/140\/revisions"}],"predecessor-version":[{"id":28072,"href":"https:\/\/rau.de\/de\/wp-json\/wp\/v2\/produkt\/140\/revisions\/28072"}],"wp:featuredmedia":[{"embeddable":true,"href":"https:\/\/rau.de\/de\/wp-json\/wp\/v2\/media\/26934"}],"wp:attachment":[{"href":"https:\/\/rau.de\/de\/wp-json\/wp\/v2\/media?parent=140"}],"curies":[{"name":"wp","href":"https:\/\/api.w.org\/{rel}","templated":true}]}}