{"id":23787,"date":"2022-05-19T13:44:11","date_gmt":"2022-05-19T11:44:11","guid":{"rendered":"https:\/\/rau.de\/?page_id=23787"},"modified":"2025-02-07T14:39:41","modified_gmt":"2025-02-07T13:39:41","slug":"laermschutzwaende","status":"publish","type":"page","link":"https:\/\/rau.de\/de\/laermschutzwaende\/","title":{"rendered":"Schallschutzw\u00e4nde: Sch\u00fctzen Sie jeden Immissionsort effektiv vor L\u00e4rm"},"content":{"rendered":"<section class=\"l-section wpb_row height_medium full_height valign_center with_img parallax_fixed\" id=\"kontakt\"><div class=\"l-section-img\" role=\"img\" data-img-width=\"2000\" data-img-height=\"1122\" style=\"background-image: url(https:\/\/rau.de\/wp-content\/uploads\/bg.jpg);\"><\/div><div class=\"l-section-h i-cf\"><div class=\"g-cols vc_row via_flex valign_top type_default stacking_default\"><div class=\"vc_col-sm-12 wpb_column vc_column_container\"><div class=\"vc_column-inner\"><div class=\"wpb_wrapper\"><div class=\"g-cols wpb_row content_top via_flex valign_top type_default stacking_default\"><div class=\"vc_col-sm-12 wpb_column vc_column_container\"><div class=\"vc_column-inner\"><div class=\"wpb_wrapper\"><h1 class=\"w-post-elm post_title entry-title color_link_inherit\">Schallschutzw\u00e4nde: Sch\u00fctzen Sie jeden Immissionsort effektiv vor L\u00e4rm<\/h1><\/div><\/div><\/div><\/div><div class=\"g-cols wpb_row us_custom_4fb9e5a3 content_text via_flex valign_top type_default stacking_default\"><div class=\"vc_col-sm-8 wpb_column vc_column_container\"><div class=\"vc_column-inner\"><div class=\"wpb_wrapper\"><div class=\"wpb_text_column mb-30\"><div class=\"wpb_wrapper\"><p>L\u00e4rm begleitet einen Gro\u00dfteil der Bev\u00f6lkerung jeden Tag. Durch verschiedenste Ger\u00e4uschquellen entsteht vielerorts eine Belastung, die sich langfristig auf das Wohlbefinden und die Gesundheit auswirken kann. <span style=\"color: #00ae46;\"><a style=\"color: #00ae46;\" href=\"https:\/\/rau.de\/de\/magazin\/laermschutz-warum-ist-er-wichtig-und-wie-kann-er-umgesetzt-werden\/\">L\u00e4rmschutz<\/a><\/span> ist deshalb wichtiger denn je. Gl\u00fccklicherweise gibt es verschiedeneM\u00f6glichkeiten, die in diesem Fall Abhilfe schaffen.<br \/>\nSchallschutzw\u00e4nde sind eine der effektivsten Methoden der Schallisolierung. Professionell aufgebaut reduzieren sie den Dezibelwert (dB) in <a href=\"https:\/\/rau.de\/de\/laermschutz-fuer-kommunen-und-industrie\/\"><span style=\"color: #00ae46;\">Wohn- und Industriegebieten<\/span><\/a>, in der Stadt oder auf dem Land merklich. Besonders in Gebieten, die direkt an die Autobahn, das Schienennetzwerk<br \/>\noder Flugh\u00e4fen angrenzen, sind L\u00e4rmschutzw\u00e4nde deshalb kaum noch wegzudenken.<\/p>\n<\/div><\/div><div class=\"wpb_text_column mb-30\"><div class=\"wpb_wrapper\"><h2>Was sind Schallschutzw\u00e4nde? Wie funktioniert die Schalld\u00e4mmung?<\/h2>\n<p>Durch Schwingungen in der Luft entsteht der sogenannte Schalldruckpegel, welcher in dB gemessen wird. Ist dieser sehr hoch, sprechen wir von L\u00e4rm. Schallschutzw\u00e4nde sind Bauten aus unterschiedlichen Materialien, die solche lauten Ger\u00e4usche unterbinden. Der Schall wird durch die L\u00e4rmschutzw\u00e4nde reflektiert, wodurch der L\u00e4rm deutlich sinkt. Deshalb kommen Schallschutzmauern \u00fcberall dort zum Einsatz, wo es sonst nicht m\u00f6glich w\u00e4re, den Immissionsgrenzwert einzuhalten. Diese D\u00e4mmung tr\u00e4gt somit aktiv zu einer geringeren Belastung f\u00fcr Mensch und Umwelt bei.<\/p>\n<\/div><\/div><div class=\"wpb_text_column\"><div class=\"wpb_wrapper\"><h2>Wer ben\u00f6tigt eine Wand zur Schalld\u00e4mmung?<\/h2>\n<p>Schallschutz kommt an den verschiedensten Orten zum Einsatz. Hierbei wird generell zwischen L\u00e4rmschutzsanierung und -vorsorge unterschieden.<\/p>\n<ul>\n<li>L\u00e4rmschutzsanierung: Bereits vorhandene Geb\u00e4ude und Konstruktionen werden erneuert, um eine bessere Schalld\u00e4mmung zu gew\u00e4hrleisten.<\/li>\n<li>L\u00e4rmschutzvorsorge: Eine m\u00f6gliche Belastung durch verschiedene L\u00e4rmquellen soll von Anfang an vermieden werden.<\/li>\n<\/ul>\n<p>Eine Schallschutzwand z\u00e4hlt zu der zweiten Art Schalld\u00e4mmung. Sie kommen privat aber auch auf kommunaler und st\u00e4dtischer Ebene zum Einsatz. M\u00f6chten Sie beispielsweise Privatgrundst\u00fccke langfristig von einem nahe liegenden Industriegebiet abgrenzen, k\u00f6nnen Sie eine Schallschutzwand errichten lassen. S\u00e4mtliche Anwohner und Anwohnerinnen genie\u00dfen dadurch ungest\u00f6rte Ruhe, w\u00e4hrend das Gewerbegebiet weiterwachsen kann.<\/p>\n<p>Bei der Planung von neuer Infrastruktur ist es ebenfalls empfehlenswert, den Bau von Schallschutzw\u00e4nden einzuberechnen. Ob <span style=\"color: #00ae46;\"><a style=\"color: #00ae46;\" href=\"https:\/\/rau.de\/de\/magazin\/laermschutz-strassen-und-schienen\/\">Stra\u00dfen- oder Schienennetz<\/a><\/span>: so gew\u00e4hrleisten Sie, dass Ihr Projekt ohne Unterbrechungen durchgef\u00fchrt werden kann. Besonders in <a href=\"https:\/\/rau.de\/de\/laermschutz-fuer-kommunen-und-industrie\/\"><span style=\"color: #00ae40;\">Gro\u00dfst\u00e4dten<\/span> <\/a>ist Schallschutz von RAU deshalb sehr beliebt.<\/p>\n<\/div><\/div><\/div><\/div><\/div><div class=\"vc_col-sm-4 wpb_column vc_column_container\"><div class=\"vc_column-inner\"><div class=\"wpb_wrapper\"><div class=\"w-image align_none\"><div class=\"w-image-h\"><img loading=\"lazy\" decoding=\"async\" width=\"1024\" height=\"534\" src=\"https:\/\/rau.de\/wp-content\/uploads\/R3Gr\u00fcn16.jpg\" class=\"attachment-full size-full\" alt=\"\" srcset=\"https:\/\/rau.de\/wp-content\/uploads\/R3Gr\u00fcn16.jpg 1024w, https:\/\/rau.de\/wp-content\/uploads\/R3Gr\u00fcn16-300x156.jpg 300w\" sizes=\"auto, (max-width: 1024px) 100vw, 1024px\" \/><\/div><\/div><div class=\"w-separator size_small\"><\/div><div class=\"w-image align_none\"><div class=\"w-image-h\"><img loading=\"lazy\" decoding=\"async\" width=\"1024\" height=\"683\" src=\"https:\/\/rau.de\/wp-content\/uploads\/R3Gr\u00fcnL\u00fcdinghausen2-1024x683.jpg\" class=\"attachment-large size-large\" alt=\"\" srcset=\"https:\/\/rau.de\/wp-content\/uploads\/R3Gr\u00fcnL\u00fcdinghausen2-1024x683.jpg 1024w, https:\/\/rau.de\/wp-content\/uploads\/R3Gr\u00fcnL\u00fcdinghausen2-300x200.jpg 300w, https:\/\/rau.de\/wp-content\/uploads\/R3Gr\u00fcnL\u00fcdinghausen2.jpg 1200w\" sizes=\"auto, (max-width: 1024px) 100vw, 1024px\" \/><\/div><\/div><div class=\"w-separator size_small\"><\/div><div class=\"w-image align_none\"><div class=\"w-image-h\"><img loading=\"lazy\" decoding=\"async\" width=\"1600\" height=\"894\" src=\"https:\/\/rau.de\/wp-content\/uploads\/R3BBGRaesfeld1-1.jpg\" class=\"attachment-full size-full\" alt=\"\" srcset=\"https:\/\/rau.de\/wp-content\/uploads\/R3BBGRaesfeld1-1.jpg 1600w, https:\/\/rau.de\/wp-content\/uploads\/R3BBGRaesfeld1-1-300x168.jpg 300w, https:\/\/rau.de\/wp-content\/uploads\/R3BBGRaesfeld1-1-1024x572.jpg 1024w\" sizes=\"auto, (max-width: 1600px) 100vw, 1600px\" \/><\/div><\/div><div class=\"w-separator size_small\"><\/div><div class=\"w-image align_none\"><div class=\"w-image-h\"><img loading=\"lazy\" decoding=\"async\" width=\"600\" height=\"400\" src=\"https:\/\/rau.de\/wp-content\/uploads\/RauMonolith3.jpg\" class=\"attachment-large size-large\" alt=\"\" srcset=\"https:\/\/rau.de\/wp-content\/uploads\/RauMonolith3.jpg 600w, https:\/\/rau.de\/wp-content\/uploads\/RauMonolith3-300x200.jpg 300w\" sizes=\"auto, (max-width: 600px) 100vw, 600px\" \/><\/div><\/div><\/div><\/div><\/div><\/div><div class=\"g-cols wpb_row us_custom_4fb9e5a3 content_text via_flex valign_top type_default stacking_default\"><div class=\"vc_col-sm-4 wpb_column vc_column_container\"><div class=\"vc_column-inner\"><div class=\"wpb_wrapper\"><div class=\"w-image align_none\"><div class=\"w-image-h\"><img loading=\"lazy\" decoding=\"async\" width=\"1024\" height=\"576\" src=\"https:\/\/rau.de\/wp-content\/uploads\/Laermschutzwand-mit-Begruenung-entlang-einer-kurvigen-Landstrasse.jpg\" class=\"attachment-large size-large\" alt=\"L\u00e4rmschutzwand mit Begr\u00fcnung entlang einer kurvigen Landstra\u00dfe, umgeben von B\u00e4umen und Feldern bei klarem, blauem Himmel\" srcset=\"https:\/\/rau.de\/wp-content\/uploads\/Laermschutzwand-mit-Begruenung-entlang-einer-kurvigen-Landstrasse.jpg 1024w, https:\/\/rau.de\/wp-content\/uploads\/Laermschutzwand-mit-Begruenung-entlang-einer-kurvigen-Landstrasse-300x169.jpg 300w\" sizes=\"auto, (max-width: 1024px) 100vw, 1024px\" \/><\/div><\/div><div class=\"w-separator size_small\"><\/div><div class=\"w-image align_none\"><div class=\"w-image-h\"><img loading=\"lazy\" decoding=\"async\" width=\"1024\" height=\"576\" src=\"https:\/\/rau.de\/wp-content\/uploads\/Laermschutzwand-mit-dichter-Bepflanzung-vor-Wohnhaeusern-in-gruener-Umgebung-1.jpg\" class=\"attachment-large size-large\" alt=\"L\u00e4rmschutzwand mit dichter Bepflanzung vor Wohnh\u00e4usern in gr\u00fcner Umgebung\" srcset=\"https:\/\/rau.de\/wp-content\/uploads\/Laermschutzwand-mit-dichter-Bepflanzung-vor-Wohnhaeusern-in-gruener-Umgebung-1.jpg 1024w, https:\/\/rau.de\/wp-content\/uploads\/Laermschutzwand-mit-dichter-Bepflanzung-vor-Wohnhaeusern-in-gruener-Umgebung-1-300x169.jpg 300w\" sizes=\"auto, (max-width: 1024px) 100vw, 1024px\" \/><\/div><\/div><div class=\"w-separator size_small\"><\/div><div class=\"w-image align_none\"><div class=\"w-image-h\"><img loading=\"lazy\" decoding=\"async\" width=\"1024\" height=\"576\" src=\"https:\/\/rau.de\/wp-content\/uploads\/R3Gr\u00fcnTeningen3-1-1024x576.jpg\" class=\"attachment-large size-large\" alt=\"\" srcset=\"https:\/\/rau.de\/wp-content\/uploads\/R3Gr\u00fcnTeningen3-1-1024x576.jpg 1024w, https:\/\/rau.de\/wp-content\/uploads\/R3Gr\u00fcnTeningen3-1-300x169.jpg 300w, https:\/\/rau.de\/wp-content\/uploads\/R3Gr\u00fcnTeningen3-1.jpg 1920w\" sizes=\"auto, (max-width: 1024px) 100vw, 1024px\" \/><\/div><\/div><div class=\"w-separator size_small\"><\/div><div class=\"w-image align_none\"><div class=\"w-image-h\"><img loading=\"lazy\" decoding=\"async\" width=\"1024\" height=\"768\" src=\"https:\/\/rau.de\/wp-content\/uploads\/Bepflanzte-Laermschutzwand-entlang-einer-Strasse-mit-jungen-Baeumen.jpg\" class=\"attachment-large size-large\" alt=\"Bepflanzte L\u00e4rmschutzwand entlang einer Stra\u00dfe, mit jungen B\u00e4umen und gr\u00fcner B\u00f6schung bei bew\u00f6lktem Himmel\" srcset=\"https:\/\/rau.de\/wp-content\/uploads\/Bepflanzte-Laermschutzwand-entlang-einer-Strasse-mit-jungen-Baeumen.jpg 1024w, https:\/\/rau.de\/wp-content\/uploads\/Bepflanzte-Laermschutzwand-entlang-einer-Strasse-mit-jungen-Baeumen-300x225.jpg 300w\" sizes=\"auto, (max-width: 1024px) 100vw, 1024px\" \/><\/div><\/div><\/div><\/div><\/div><div class=\"vc_col-sm-8 wpb_column vc_column_container\"><div class=\"vc_column-inner\"><div class=\"wpb_wrapper\"><div class=\"wpb_text_column mb-30\"><div class=\"wpb_wrapper\"><h2 style=\"text-align: left;\">Warum Sie sich f\u00fcr eine Schallschutz-Wand von RAU entscheiden sollten<\/h2>\n<p style=\"text-align: left;\">Schallschutz von RAU steht f\u00fcr h\u00f6chste Qualit\u00e4t made in Germany. Entscheiden Sie sich f\u00fcr Schallisolierung durch unsere W\u00e4nde, entscheiden Sie sich auch f\u00fcr eine verbesserte Lebensqualit\u00e4t. Unsere Produkte bieten Ihnen die folgenden Eigenschaften:<\/p>\n<ul>\n<li><strong><span style=\"color: #00ae40;\">hochabsorbierend:<\/span><\/strong> Der Lautst\u00e4rkepegel sinkt durch RAU-Schallschutz nachweislich.<\/li>\n<li><strong><span style=\"color: #00ae40;\">feinstaubreduzierend:<\/span><\/strong> Feinstaub und andere Schadstoffe werden gebunden, das Belastungsniveau sinkt.<\/li>\n<li><strong><span style=\"color: #00ae40;\">optisch ansprechend:<\/span> <\/strong>Unsere L\u00e4rmschutzw\u00e4nde gliedern sich angenehm in das Wohngebiet ein.<\/li>\n<li><span style=\"color: #00ae40;\"><strong>an Ihre Bed\u00fcrfnisse angepasst:<\/strong><\/span> Bei RAU erhalten Sie Schalld\u00e4mmung nach <span style=\"color: #00ae40;\"><a style=\"color: #00ae40;\" href=\"https:\/\/rau.de\/de\/masse-und-schnittzeichnungen\/\">Ma\u00df<\/a><\/span>.<\/li>\n<li><strong><span style=\"color: #00ae40;\">pflege- und wartungsarm:<\/span> <\/strong>Nach der professionellen Installation ben\u00f6tigen Schallschutzw\u00e4nde kaum eine Wartung Ihrerseits.<\/li>\n<li><strong><span style=\"color: #00ae40;\">bestes Preis-Leistungs-Verh\u00e4ltnis:<\/span> <\/strong>Die <a href=\"https:\/\/rau.de\/de\/rau-laermschutzwand-kosten-und-faktoren\/\"><span style=\"color: #00ae40;\">Kosten<\/span> <\/a>unserer L\u00e4rmschutzw\u00e4nde sind stets nachvollziehbar. Gemeinsam finden wir das ideale Paket, das in Ihr Budget passt.<\/li>\n<li><strong><span style=\"color: #00ae40;\">\u00f6kologisch:<\/span><\/strong> Alle Produkte von RAU sind nachhaltig und klimafreundlich.<\/li>\n<\/ul>\n<h2>Gro\u00dfe Produktauswahl: Bei RAU-Schallschutz werden Sie f\u00fcndig<\/h2>\n<p>Als Experte im Bereich L\u00e4rmschutz finden Sie bei uns eine Vielzahl an Produkten aus verschiedenen hochwertigen Materialien. F\u00fcr jedes Gebiet und jedes Bed\u00fcrfnis ist im Sortiment von RAU die passende Schallschutzwand verf\u00fcgbar. Vor Ort passen wir die Schallschutzmauern an die jeweiligen Gegebenheiten an. W\u00e4hlen Sie zwischen:<\/p>\n<ul>\n<li><a href=\"https:\/\/rau.de\/de\/produkt\/rau-klimawand\/\"><span style=\"color: #00ae40;\">RAU Klimawand (R3):<\/span><\/a> begr\u00fcnte, hochabsorbierende L\u00e4rmschutzwand<\/li>\n<li><span style=\"color: #00ae40;\"><span style=\"color: #1a1a1a;\"><span style=\"color: #08ae46;\"><a style=\"color: #08ae46;\" href=\"https:\/\/rau.de\/de\/produkt\/rau-alpin-bauhoehe-bis-10-meter\/\">Rau Alpin:<\/a><\/span> <\/span><\/span>Eine Gestaltungsm\u00f6glichkeit f\u00fcr die Klimawand, Natursteinverkleidung mit Sandkern<\/li>\n<li><a href=\"https:\/\/rau.de\/de\/produkt\/rau-photovoltaik\/\"><span style=\"color: #08ae46;\">RAU Photovoltaik:<\/span><\/a> Eine Gestaltungsm\u00f6glichkeit f\u00fcr die Klimawand, erneuerbare Energien treffen auf Schallschutz<\/li>\n<li><a href=\"https:\/\/rau.de\/de\/produkt\/canwool\/\"><span style=\"color: #08ae46;\">Canwool:<\/span><\/a> Nachhaltiger Schallabsorber aus Hanf<\/li>\n<li><a href=\"https:\/\/rau.de\/de\/produkt\/noiseguard-green\/\"><span style=\"color: #08ae46;\">NoiseGuardGreen:<\/span><\/a> Begr\u00fcnbare L\u00e4rmschutzwand optimiert f\u00fcr Bahnstrecken<\/li>\n<li><a href=\"https:\/\/rau.de\/de\/produkt\/rau-rock-extensiv-laermschutzwand\/\"><span style=\"color: #00ae40;\">RAU Rock Extensiv:<\/span><\/a> minimaler Platzbedarf und h\u00f6chste Flexibilit\u00e4t, begr\u00fcnbar<\/li>\n<li><a href=\"https:\/\/rau.de\/de\/produkt\/rau-rock-mobil-einfach-schnell-mietbar\/\"><span style=\"color: #00ae40;\">RAU Rock Mobil:<\/span><\/a> mobiles Schnellbausystem<\/li>\n<li><a href=\"https:\/\/rau.de\/de\/produkt\/rau-sanierung-neue-technik-fuer-alte-systeme\/\"><span style=\"color: #00ae40;\">RAU L\u00e4rmsanierung:<\/span><\/a> neuste Technik f\u00fcr alte Systeme<\/li>\n<\/ul>\n<\/div><\/div><\/div><\/div><\/div><\/div><div class=\"g-cols wpb_row us_custom_4fb9e5a3 content_text via_flex valign_top type_default stacking_default\"><div class=\"vc_col-sm-12 wpb_column vc_column_container\"><div class=\"vc_column-inner\"><div class=\"wpb_wrapper\"><div class=\"wpb_text_column\"><div class=\"wpb_wrapper\"><h2>Schallschutzw\u00e4nde von RAU: 100 % nachhaltig, langlebig und hochabsorbierend<\/h2>\n<p>RAU.de ist einer der f\u00fchrenden L\u00e4rmschutzwand-Hersteller Deutschlands. Legen Sie Wert auf Qualit\u00e4t, Flexibilit\u00e4t und Nachhaltigkeit, sind wir der perfekte Ansprechpartner f\u00fcr Ihren Schallschutz. Neben unseren zahlreichen nachhaltigen Produkten bieten wir auch bundesweite Beratung, Planung und Ausf\u00fchrung an. Durch unsere langj\u00e4hrige Erfahrung und vielseitige Kompetenz sind wir bestens ausgestattet, Sie beim Thema Schallschutzw\u00e4nde und L\u00e4rmschutz zu unterst\u00fctzen.<br \/>\nSie haben Fragen, Anregungen oder W\u00fcnsche? Kontaktieren Sie uns jetzt. Sie erreichen uns unter der Rufnummer <span style=\"color: #00ae40;\"><a style=\"color: #00ae40;\" href=\"tel:+493039748864\">+49 (0)30 397 488 64<\/a><\/span>, der E-Mail-Adresse <a style=\"color: #00ae40;\" href=\"mailto:kontakt@rau.de\">kontakt@rau.de<\/a> oder wahlweise per <a href=\"https:\/\/rau.de\/de\/kontakt\/\"><span style=\"color: #00ae40;\">Kontaktformular<\/span><\/a>. Wir freuen uns, von Ihnen zu h\u00f6ren.<\/p>\n<\/div><\/div><div class=\"w-separator size_medium\"><\/div><\/div><\/div><\/div><\/div><\/div><\/div><\/div><\/div><\/div><\/section>\n","protected":false},"excerpt":{"rendered":"Schallschutzw\u00e4nde: Sch\u00fctzen Sie jeden Immissionsort effektiv vor L\u00e4rmL\u00e4rm begleitet einen Gro\u00dfteil der Bev\u00f6lkerung jeden Tag. Durch verschiedenste Ger\u00e4uschquellen entsteht vielerorts eine Belastung, die sich langfristig auf das Wohlbefinden und die Gesundheit auswirken kann. L\u00e4rmschutz ist deshalb wichtiger denn je. Gl\u00fccklicherweise gibt es verschiedeneM\u00f6glichkeiten, die in diesem Fall Abhilfe schaffen. Schallschutzw\u00e4nde sind eine der effektivsten Methoden...","protected":false},"author":2,"featured_media":17720,"parent":0,"menu_order":0,"comment_status":"closed","ping_status":"closed","template":"","meta":{"footnotes":""},"class_list":["post-23787","page","type-page","status-publish","has-post-thumbnail","hentry"],"yoast_head":"<!-- This site is optimized with the Yoast SEO plugin v27.5 - https:\/\/yoast.com\/product\/yoast-seo-wordpress\/ -->\n<title>Schallschutzw\u00e4nde \u2013 Nachhaltiger L\u00e4rmschutz \ud83d\udd07 | RAU.de<\/title>\n<meta name=\"description\" content=\"Schallschutz passend zu Ihren Bed\u00fcrfnissen \u23e9 hochabsorbierend \u2713 langlebig \u2713 Jetzt lesen!\" \/>\n<meta name=\"robots\" content=\"index, follow, max-snippet:-1, max-image-preview:large, max-video-preview:-1\" \/>\n<link rel=\"canonical\" href=\"https:\/\/rau.de\/de\/laermschutzwaende\/\" \/>\n<meta property=\"og:locale\" content=\"de_DE\" \/>\n<meta property=\"og:type\" content=\"article\" \/>\n<meta property=\"og:title\" content=\"Schallschutzw\u00e4nde \u2013 Nachhaltiger L\u00e4rmschutz \ud83d\udd07 | RAU.de\" \/>\n<meta property=\"og:description\" content=\"Schallschutz passend zu Ihren Bed\u00fcrfnissen \u23e9 hochabsorbierend \u2713 langlebig \u2713 Jetzt lesen!\" \/>\n<meta property=\"og:url\" content=\"https:\/\/rau.de\/de\/laermschutzwaende\/\" \/>\n<meta property=\"og:site_name\" content=\"Rau | L\u00e4rmschutzw\u00e4nde\" \/>\n<meta property=\"article:modified_time\" content=\"2025-02-07T13:39:41+00:00\" \/>\n<meta property=\"og:image\" content=\"https:\/\/rau.de\/wp-content\/uploads\/R3BBGRaesfeld1.jpg\" \/>\n\t<meta property=\"og:image:width\" content=\"1600\" \/>\n\t<meta property=\"og:image:height\" content=\"894\" \/>\n\t<meta property=\"og:image:type\" content=\"image\/jpeg\" \/>\n<meta name=\"twitter:card\" content=\"summary_large_image\" \/>\n<meta name=\"twitter:label1\" content=\"Gesch\u00e4tzte Lesezeit\" \/>\n\t<meta name=\"twitter:data1\" content=\"4\u00a0Minuten\" \/>\n<script type=\"application\/ld+json\" class=\"yoast-schema-graph\">{\"@context\":\"https:\\\/\\\/schema.org\",\"@graph\":[{\"@type\":\"WebPage\",\"@id\":\"https:\\\/\\\/rau.de\\\/de\\\/laermschutzwaende\\\/\",\"url\":\"https:\\\/\\\/rau.de\\\/de\\\/laermschutzwaende\\\/\",\"name\":\"Schallschutzw\u00e4nde \u2013 Nachhaltiger L\u00e4rmschutz \ud83d\udd07 | RAU.de\",\"isPartOf\":{\"@id\":\"https:\\\/\\\/rau.de\\\/de\\\/#website\"},\"primaryImageOfPage\":{\"@id\":\"https:\\\/\\\/rau.de\\\/de\\\/laermschutzwaende\\\/#primaryimage\"},\"image\":{\"@id\":\"https:\\\/\\\/rau.de\\\/de\\\/laermschutzwaende\\\/#primaryimage\"},\"thumbnailUrl\":\"https:\\\/\\\/rau.de\\\/wp-content\\\/uploads\\\/R3BBGRaesfeld1.jpg\",\"datePublished\":\"2022-05-19T11:44:11+00:00\",\"dateModified\":\"2025-02-07T13:39:41+00:00\",\"description\":\"Schallschutz passend zu Ihren Bed\u00fcrfnissen \u23e9 hochabsorbierend \u2713 langlebig \u2713 Jetzt lesen!\",\"breadcrumb\":{\"@id\":\"https:\\\/\\\/rau.de\\\/de\\\/laermschutzwaende\\\/#breadcrumb\"},\"inLanguage\":\"de\",\"potentialAction\":[{\"@type\":\"ReadAction\",\"target\":[\"https:\\\/\\\/rau.de\\\/de\\\/laermschutzwaende\\\/\"]}]},{\"@type\":\"ImageObject\",\"inLanguage\":\"de\",\"@id\":\"https:\\\/\\\/rau.de\\\/de\\\/laermschutzwaende\\\/#primaryimage\",\"url\":\"https:\\\/\\\/rau.de\\\/wp-content\\\/uploads\\\/R3BBGRaesfeld1.jpg\",\"contentUrl\":\"https:\\\/\\\/rau.de\\\/wp-content\\\/uploads\\\/R3BBGRaesfeld1.jpg\",\"width\":1600,\"height\":894},{\"@type\":\"BreadcrumbList\",\"@id\":\"https:\\\/\\\/rau.de\\\/de\\\/laermschutzwaende\\\/#breadcrumb\",\"itemListElement\":[{\"@type\":\"ListItem\",\"position\":1,\"name\":\"Startseite\",\"item\":\"https:\\\/\\\/rau.de\\\/de\\\/\"},{\"@type\":\"ListItem\",\"position\":2,\"name\":\"Schallschutzw\u00e4nde: Sch\u00fctzen Sie jeden Immissionsort effektiv vor L\u00e4rm\"}]},{\"@type\":\"WebSite\",\"@id\":\"https:\\\/\\\/rau.de\\\/de\\\/#website\",\"url\":\"https:\\\/\\\/rau.de\\\/de\\\/\",\"name\":\"Rau | L\u00e4rmschutzw\u00e4nde\",\"description\":\"Entwicklung und Umsetzung von L\u00e4rmschutzwand und Schallschutzwand\",\"publisher\":{\"@id\":\"https:\\\/\\\/rau.de\\\/de\\\/#organization\"},\"potentialAction\":[{\"@type\":\"SearchAction\",\"target\":{\"@type\":\"EntryPoint\",\"urlTemplate\":\"https:\\\/\\\/rau.de\\\/de\\\/?s={search_term_string}\"},\"query-input\":{\"@type\":\"PropertyValueSpecification\",\"valueRequired\":true,\"valueName\":\"search_term_string\"}}],\"inLanguage\":\"de\"},{\"@type\":\"Organization\",\"@id\":\"https:\\\/\\\/rau.de\\\/de\\\/#organization\",\"name\":\"RAU L\u00e4rmschutzw\u00e4nde \u2013 Geosystem GBK GmbH\",\"url\":\"https:\\\/\\\/rau.de\\\/de\\\/\",\"logo\":{\"@type\":\"ImageObject\",\"inLanguage\":\"de\",\"@id\":\"https:\\\/\\\/rau.de\\\/de\\\/#\\\/schema\\\/logo\\\/image\\\/\",\"url\":\"https:\\\/\\\/rau.de\\\/wp-content\\\/uploads\\\/web_logo.png\",\"contentUrl\":\"https:\\\/\\\/rau.de\\\/wp-content\\\/uploads\\\/web_logo.png\",\"width\":249,\"height\":127,\"caption\":\"RAU L\u00e4rmschutzw\u00e4nde \u2013 Geosystem GBK GmbH\"},\"image\":{\"@id\":\"https:\\\/\\\/rau.de\\\/de\\\/#\\\/schema\\\/logo\\\/image\\\/\"}}]}<\/script>\n<!-- \/ Yoast SEO plugin. -->","yoast_head_json":{"title":"Schallschutzw\u00e4nde \u2013 Nachhaltiger L\u00e4rmschutz \ud83d\udd07 | RAU.de","description":"Schallschutz passend zu Ihren Bed\u00fcrfnissen \u23e9 hochabsorbierend \u2713 langlebig \u2713 Jetzt lesen!","robots":{"index":"index","follow":"follow","max-snippet":"max-snippet:-1","max-image-preview":"max-image-preview:large","max-video-preview":"max-video-preview:-1"},"canonical":"https:\/\/rau.de\/de\/laermschutzwaende\/","og_locale":"de_DE","og_type":"article","og_title":"Schallschutzw\u00e4nde \u2013 Nachhaltiger L\u00e4rmschutz \ud83d\udd07 | RAU.de","og_description":"Schallschutz passend zu Ihren Bed\u00fcrfnissen \u23e9 hochabsorbierend \u2713 langlebig \u2713 Jetzt lesen!","og_url":"https:\/\/rau.de\/de\/laermschutzwaende\/","og_site_name":"Rau | L\u00e4rmschutzw\u00e4nde","article_modified_time":"2025-02-07T13:39:41+00:00","og_image":[{"width":1600,"height":894,"url":"https:\/\/rau.de\/wp-content\/uploads\/R3BBGRaesfeld1.jpg","type":"image\/jpeg"}],"twitter_card":"summary_large_image","twitter_misc":{"Gesch\u00e4tzte Lesezeit":"4\u00a0Minuten"},"schema":{"@context":"https:\/\/schema.org","@graph":[{"@type":"WebPage","@id":"https:\/\/rau.de\/de\/laermschutzwaende\/","url":"https:\/\/rau.de\/de\/laermschutzwaende\/","name":"Schallschutzw\u00e4nde \u2013 Nachhaltiger L\u00e4rmschutz \ud83d\udd07 | RAU.de","isPartOf":{"@id":"https:\/\/rau.de\/de\/#website"},"primaryImageOfPage":{"@id":"https:\/\/rau.de\/de\/laermschutzwaende\/#primaryimage"},"image":{"@id":"https:\/\/rau.de\/de\/laermschutzwaende\/#primaryimage"},"thumbnailUrl":"https:\/\/rau.de\/wp-content\/uploads\/R3BBGRaesfeld1.jpg","datePublished":"2022-05-19T11:44:11+00:00","dateModified":"2025-02-07T13:39:41+00:00","description":"Schallschutz passend zu Ihren Bed\u00fcrfnissen \u23e9 hochabsorbierend \u2713 langlebig \u2713 Jetzt lesen!","breadcrumb":{"@id":"https:\/\/rau.de\/de\/laermschutzwaende\/#breadcrumb"},"inLanguage":"de","potentialAction":[{"@type":"ReadAction","target":["https:\/\/rau.de\/de\/laermschutzwaende\/"]}]},{"@type":"ImageObject","inLanguage":"de","@id":"https:\/\/rau.de\/de\/laermschutzwaende\/#primaryimage","url":"https:\/\/rau.de\/wp-content\/uploads\/R3BBGRaesfeld1.jpg","contentUrl":"https:\/\/rau.de\/wp-content\/uploads\/R3BBGRaesfeld1.jpg","width":1600,"height":894},{"@type":"BreadcrumbList","@id":"https:\/\/rau.de\/de\/laermschutzwaende\/#breadcrumb","itemListElement":[{"@type":"ListItem","position":1,"name":"Startseite","item":"https:\/\/rau.de\/de\/"},{"@type":"ListItem","position":2,"name":"Schallschutzw\u00e4nde: Sch\u00fctzen Sie jeden Immissionsort effektiv vor L\u00e4rm"}]},{"@type":"WebSite","@id":"https:\/\/rau.de\/de\/#website","url":"https:\/\/rau.de\/de\/","name":"Rau | L\u00e4rmschutzw\u00e4nde","description":"Entwicklung und Umsetzung von L\u00e4rmschutzwand und Schallschutzwand","publisher":{"@id":"https:\/\/rau.de\/de\/#organization"},"potentialAction":[{"@type":"SearchAction","target":{"@type":"EntryPoint","urlTemplate":"https:\/\/rau.de\/de\/?s={search_term_string}"},"query-input":{"@type":"PropertyValueSpecification","valueRequired":true,"valueName":"search_term_string"}}],"inLanguage":"de"},{"@type":"Organization","@id":"https:\/\/rau.de\/de\/#organization","name":"RAU L\u00e4rmschutzw\u00e4nde \u2013 Geosystem GBK GmbH","url":"https:\/\/rau.de\/de\/","logo":{"@type":"ImageObject","inLanguage":"de","@id":"https:\/\/rau.de\/de\/#\/schema\/logo\/image\/","url":"https:\/\/rau.de\/wp-content\/uploads\/web_logo.png","contentUrl":"https:\/\/rau.de\/wp-content\/uploads\/web_logo.png","width":249,"height":127,"caption":"RAU L\u00e4rmschutzw\u00e4nde \u2013 Geosystem GBK GmbH"},"image":{"@id":"https:\/\/rau.de\/de\/#\/schema\/logo\/image\/"}}]}},"_links":{"self":[{"href":"https:\/\/rau.de\/de\/wp-json\/wp\/v2\/pages\/23787","targetHints":{"allow":["GET"]}}],"collection":[{"href":"https:\/\/rau.de\/de\/wp-json\/wp\/v2\/pages"}],"about":[{"href":"https:\/\/rau.de\/de\/wp-json\/wp\/v2\/types\/page"}],"author":[{"embeddable":true,"href":"https:\/\/rau.de\/de\/wp-json\/wp\/v2\/users\/2"}],"replies":[{"embeddable":true,"href":"https:\/\/rau.de\/de\/wp-json\/wp\/v2\/comments?post=23787"}],"version-history":[{"count":54,"href":"https:\/\/rau.de\/de\/wp-json\/wp\/v2\/pages\/23787\/revisions"}],"predecessor-version":[{"id":31152,"href":"https:\/\/rau.de\/de\/wp-json\/wp\/v2\/pages\/23787\/revisions\/31152"}],"wp:featuredmedia":[{"embeddable":true,"href":"https:\/\/rau.de\/de\/wp-json\/wp\/v2\/media\/17720"}],"wp:attachment":[{"href":"https:\/\/rau.de\/de\/wp-json\/wp\/v2\/media?parent=23787"}],"curies":[{"name":"wp","href":"https:\/\/api.w.org\/{rel}","templated":true}]}}