{"id":23420,"date":"2022-04-06T15:26:24","date_gmt":"2022-04-06T13:26:24","guid":{"rendered":"https:\/\/rau.de\/?page_id=23420"},"modified":"2025-02-07T14:04:54","modified_gmt":"2025-02-07T13:04:54","slug":"laermschutz-fuer-stuttgart-und-umgebung-von-rau-de","status":"publish","type":"page","link":"https:\/\/rau.de\/de\/laermschutz-fuer-stuttgart-und-umgebung-von-rau-de\/","title":{"rendered":"L\u00e4rmschutz f\u00fcr Stuttgart und Umgebung von RAU.de"},"content":{"rendered":"<section class=\"l-section wpb_row height_medium full_height valign_center with_img parallax_fixed\" id=\"kontakt\"><div class=\"l-section-img\" role=\"img\" data-img-width=\"2000\" data-img-height=\"1122\" style=\"background-image: url(https:\/\/rau.de\/wp-content\/uploads\/bg.jpg);\"><\/div><div class=\"l-section-h i-cf\"><div class=\"g-cols vc_row via_flex valign_top type_default stacking_default\"><div class=\"vc_col-sm-12 wpb_column vc_column_container\"><div class=\"vc_column-inner\"><div class=\"wpb_wrapper\"><div class=\"g-cols wpb_row content_top via_flex valign_top type_default stacking_default\"><div class=\"vc_col-sm-12 wpb_column vc_column_container\"><div class=\"vc_column-inner\"><div class=\"wpb_wrapper\"><h1 class=\"w-post-elm post_title entry-title color_link_inherit\">L\u00e4rmschutz f\u00fcr Stuttgart und Umgebung von RAU.de<\/h1><\/div><\/div><\/div><\/div><div class=\"g-cols wpb_row us_custom_4fb9e5a3 content_text via_flex valign_top type_default stacking_default\"><div class=\"vc_col-sm-12 wpb_column vc_column_container\"><div class=\"vc_column-inner\"><div class=\"wpb_wrapper\">[vc_hoverbox image=&#8220;23460&#8243; primary_title=&#8220;&#8220; hover_title=&#8220;&#8220; shape=&#8220;square&#8220; hover_background_color=&#8220;custom&#8220; hover_custom_background=&#8220;#00ae46&#8243;]\n<div class=\"page\" title=\"Page 2\">\n<div class=\"section\">\n<div class=\"layoutArea\">\n<div class=\"column\">\n<p><span style=\"color: #ffffff;\">Stuttgart bietet als das Herzstu\u0308ck von Baden-Wu\u0308rttemberg auf 270 Quadratkilometern Wohnraum fu\u0308r mehr als 634.000 Einwohner und Einwohnerinnen. Die Gro\u00dfstadt gilt als Heimat der Automobilfirmen Daimler und Porsche, deren Hauptsitze sich nach wie vor in Stuttgart befinden. Auch zahlreiche Parks und Gru\u0308nanlagen schmu\u0308cken die Stadt.<\/span><\/p>\n<p><span style=\"color: #ffffff;\">Gleichzeitig ist Stuttgart jedoch auch einer der staureichsten Ballungsra\u0308ume Deutschlands. Als eine der zwanzig lautesten Sta\u0308dte Deutschlands ist La\u0308rmbelastung hier ist somit vorprogrammiert. Um die hohe Lebensqualita\u0308t der Anwohnenden trotzdem beizubehalten, lohnt sich der Bau von effizienten Schallschutzwa\u0308nden in Stuttgart. Mit RAU entscheiden Sie sich fu\u0308r hochabsorbierende La\u0308rmschutzwa\u0308nde vom Profi. Sagen Sie mit uns \u201eNein\u201c zu La\u0308rm!<\/span><\/p>\n<\/div>\n<\/div>\n<\/div>\n<\/div>\n[\/vc_hoverbox]<\/div><\/div><\/div><\/div><div class=\"g-cols wpb_row us_custom_4fb9e5a3 content_text via_flex valign_top type_default stacking_default\"><div class=\"vc_col-sm-12 wpb_column vc_column_container\"><div class=\"vc_column-inner\"><div class=\"wpb_wrapper\"><div class=\"wpb_text_column\"><div class=\"wpb_wrapper\"><div class=\"page\" title=\"Page 2\">\n<div class=\"section\">\n<div class=\"layoutArea\">\n<div class=\"column\">\n<h2>La\u0308rm in Stuttgart: Schallda\u0308mmung fu\u0308r verbesserte Lebensqualita\u0308t<\/h2>\n<\/div>\n<\/div>\n<\/div>\n<\/div>\n<div class=\"page\" title=\"Page 2\">\n<div class=\"section\">\n<div class=\"layoutArea\">\n<div class=\"column\">\n<p>Gro\u00dfsta\u0308dte stellen fu\u0308r viele Menschen einen attraktiven Wohnort dar. Doch gibt es zahlreiche La\u0308rmquellen, die das Leben hier langfristig negativ beeinflussen ko\u0308nnen. Ist man auf Dauer lauten Gera\u0308uschen ausgesetzt, kann dies beispielsweise zu Stress-Symptomen fu\u0308hren. <span style=\"color: #00ae46;\"><a style=\"color: #00ae46;\" href=\"https:\/\/rau.de\/de\/magazin\/laermschutz-warum-ist-er-wichtig-und-wie-kann-er-umgesetzt-werden\/\" target=\"_blank\" rel=\"noopener\">La\u0308rmschutz<\/a><\/span> ist deshalb wichtiger denn je. Bu\u0308rger und Bu\u0308rgerinnen in Stuttgart leiden vor allem am Stra\u00dfenverkehrsla\u0308rm, doch auch Gewerbe- und Industriegebiete produzieren stetigen Au\u00dfenla\u0308rm.<\/p>\n<p>La\u0308rmschutzwa\u0308nde sind eine effektive Ma\u00dfnahme, um eine nachhaltige und langfristige La\u0308rmminderung zu gewa\u0308hrleisten. Die Schallschutzwa\u0308nde von RAU reduzieren sowohl das Feinstaubniveau als auch die Gera\u0308uschbelastung ma\u00dfgeblich. Mo\u0308chten Sie fu\u0308r besseren La\u0308rmschutz in Stuttgart sorgen, sind Sie bei RAU an der richtigen Adresse.<\/p>\n<div class=\"page\" title=\"Page 2\">\n<div class=\"section\">\n<div class=\"layoutArea\">\n<div class=\"column\">\n<h2>Schallschutz in Stuttgart: Welche Regelungen gibt es gegen La\u0308rmbelastung?<\/h2>\n<p>Die Hauptstadt Baden-Wu\u0308rttembergs ist ein Ort voller Bewegung. La\u0308rmschutz in Stuttgart folgt deshalb verschiedenen Regelungen, die allerdings gebietsabha\u0308ngig sind. Wa\u0308hrend in Wohngebieten tagsu\u0308ber 59 dB nicht u\u0308berschritten werden du\u0308rfen, sind in Gewerbegebieten sogar 69 dB erlaubt. Nachts sinken diese Grenzwerte um 10 Dezibel. Als La\u0308rmquellen gelten unter anderem:<\/p>\n<ul>\n<li>Baustellen<\/li>\n<li>Flugha\u0308fen und Flugzeuge<\/li>\n<li>Gaststa\u0308tten und private Feste<\/li>\n<li>Stra\u00dfen- und Schienenverkehr<\/li>\n<li>Gro\u00dfgera\u0308te und Maschinen<\/li>\n<\/ul>\n<div class=\"page\" title=\"Page 3\">\n<div class=\"section\">\n<div class=\"layoutArea\">\n<div class=\"column\">\n<p>Je nachdem, welche La\u0308rmbelastung vorliegt, ist eine andere Anlaufstelle zusta\u0308ndig. Bei gro\u00dfer Lautsta\u0308rke auf privaten Fla\u0308chen sind die Hausverwaltung beziehungsweise die Vermietung verantwortlich. An Orten des o\u0308ffentlichen Lebens ku\u0308mmert sich die Stadt Stuttgart oder die Immissionsschutzbeho\u0308rde um Ihre Anliegen. Systematische La\u0308rmminderung wird in all diesen Fa\u0308llen gerne durch Schallschutzwa\u0308nde gewa\u0308hrleistet. Richtwerte werden eingehalten, wa\u0308hrend das Stadtbild problemlos erweitert und verbessert werden kann. Sorgen Sie fu\u0308r den besten La\u0308rmschutz in Stuttgart und entscheiden Sie sich noch heute fu\u0308r RAU.<\/p>\n<div class=\"page\" title=\"Page 3\">\n<div class=\"section\">\n<div class=\"layoutArea\">\n<div class=\"column\">\n<h2>Schallschutzwa\u0308nde fu\u0308r Stuttgart von RAU Geosysteme<\/h2>\n<\/div>\n<\/div>\n<\/div>\n<\/div>\n<div class=\"page\" title=\"Page 3\">\n<div class=\"section\">\n<div class=\"layoutArea\">\n<div class=\"column\">\n<p>Eine La\u0308rmschutzwand von RAU ist die perfekte Lo\u0308sung fu\u0308r den privaten, sta\u0308dtischen und kommunalen Schallschutz. Unabha\u0308ngig davon, ob Sie Ihr Grundstu\u0308ck vom <span style=\"color: #00ae46;\"><a style=\"color: #00ae46;\" href=\"https:\/\/rau.de\/de\/magazin\/laermschutz-warum-ist-er-wichtig-und-wie-kann-er-umgesetzt-werden\/\" target=\"_blank\" rel=\"noopener\">Stra\u00dfen- oder Schienenverkehr<\/a><\/span> abgrenzen mo\u0308chten oder ein neues Projekt fu\u0308r die Stadt planen: Mit RAU verwirklichen Sie Ihre Vision mu\u0308helos. Anwohner und Anwohnerinnen profitieren nicht nur von einer verbesserten Akustik, sondern genie\u00dfen auch ein attraktiveres Stadtbild. Schallda\u0308mmung in\u00a0Stuttgart wird durch unsere Produkte nachhaltig, pflegeleicht und innovativ.<\/p>\n<p>Die <a href=\"https:\/\/rau.de\/de\/produkt\/rau-klimawand\/\" target=\"_blank\" rel=\"noopener\"><span style=\"color: #00ae46;\">Klimawand<\/span><\/a>\u00a0ist das Highlight unseres Sortiments, doch spezialisieren wir uns auch auf La\u0308rmschutzwa\u0308nde aus <a href=\"https:\/\/rau.de\/de\/laermschutzwand-aluminium\/\" target=\"_blank\" rel=\"noopener\"><span style=\"color: #120d45;\">Aluminium<\/span><\/a>, <a href=\"https:\/\/rau.de\/de\/laermschutzwand-aluminium\/\" target=\"_blank\" rel=\"noopener\"><span style=\"color: #a6d0e2;\">Glas<\/span><\/a> und <a href=\"https:\/\/rau.de\/de\/laermschutzwand-holz\/\" target=\"_blank\" rel=\"noopener\"><span style=\"color: #3b1717;\">Holz<\/span><\/a>. Selbst <a href=\"https:\/\/rau.de\/de\/produkt\/rau-photovoltaik\/\" target=\"_blank\" rel=\"noopener\"><span style=\"color: #808080;\">Photovoltaik-L\u00e4rmschutz<\/span><\/a> ist mit RAU m\u00f6glich.<\/p>\n<\/div>\n<\/div>\n<\/div>\n<\/div>\n<\/div>\n<\/div>\n<\/div>\n<\/div>\n<\/div>\n<\/div>\n<\/div>\n<\/div>\n<\/div>\n<\/div>\n<\/div>\n<\/div>\n<\/div><\/div><\/div><\/div><\/div><\/div><div class=\"g-cols wpb_row us_custom_4fb9e5a3 content_text via_flex valign_top type_default stacking_default\"><div class=\"vc_col-sm-6 wpb_column vc_column_container\"><div class=\"vc_column-inner\"><div class=\"wpb_wrapper\"><div class=\"wpb_text_column\"><div class=\"wpb_wrapper\"><h3>Die R3-La\u0308rmschutzwand von RAU: begru\u0308nter Schallschutz<\/h3>\n<p>Bei unserer Klimawand handelt es sich um eine <span style=\"color: #00ae46;\"><a style=\"color: #00ae46;\" href=\"https:\/\/rau.de\/de\/gruene-laermschutzwaende\/\" target=\"_blank\" rel=\"noopener\">begru\u0308nte, hochabsorbierende La\u0308rmschutzwand<\/a><\/span>. Wa\u0308hlen Sie diesen Schallschutz fu\u0308r Stuttgart und Umgebung, erhalten Sie eine deutliche La\u0308rmminderung in Bereichen zwischen 55 und 68 Dezibel (dB). Diese Schallschutzwand hat eine Ho\u0308he von bis zu zwo\u0308lf Metern, wodurch Geba\u0308ude und Wohnorte dahinter angenehme Ruhe genie\u00dfen. Selbst auf kleinstem Raum la\u0308sst sie sich installieren. Ein tiefes Fundament ist fu\u0308r die Klimawand jedoch nicht notwendig, wodurch Sie flexibel planen ko\u0308nnen. Damit ist die La\u0308rmschutzwand unkompliziert in der Montage und gleichzeitig kostengu\u0308nstig. Die Begru\u0308nung sorgt dafu\u0308r, dass Sie einen optisch ansprechenden Schallschutz erhalten, der sogar Feinstaub bindet. Die <span style=\"color: #00ae46;\"><a style=\"color: #00ae46;\" href=\"https:\/\/rau.de\/de\/produkt\/rau-klimawand\/\" target=\"_blank\" rel=\"noopener\">RAU-Klimawand<\/a><\/span> bietet daru\u0308ber hinaus einen wertvollen Lebensraum fu\u0308r Kleintiere und Insekten. Folgende Vorteile erwarten Sie mit dieser Wand:<\/p>\n<\/div><\/div><\/div><\/div><\/div><div class=\"vc_col-sm-6 wpb_column vc_column_container\"><div class=\"vc_column-inner\"><div class=\"wpb_wrapper\"><div class=\"w-separator size_medium\"><\/div><div class=\"w-separator size_medium\"><\/div>[vc_progress_bar values=&#8220;%5B%7B%22label%22%3A%22kosteng%C3%BCnstig%22%2C%22value%22%3A%22100%22%7D%2C%7B%22label%22%3A%22umweltfreundlich%22%2C%22value%22%3A%22100%22%7D%2C%7B%22label%22%3A%22schnelle%20Installation%22%2C%22value%22%3A%22100%22%7D%2C%7B%22label%22%3A%22klimaneutral%22%2C%22value%22%3A%22100%22%7D%5D&#8220; bgcolor=&#8220;custom&#8220; custombgcolor=&#8220;#00ae46&#8243; customtxtcolor=&#8220;#ffffff&#8220;]<\/div><\/div><\/div><\/div><div class=\"g-cols wpb_row us_custom_4fb9e5a3 content_text via_flex valign_top type_default stacking_default\"><div class=\"vc_col-sm-12 wpb_column vc_column_container\"><div class=\"vc_column-inner\"><div class=\"wpb_wrapper\"><div class=\"wpb_text_column\"><div class=\"wpb_wrapper\"><div class=\"page\" title=\"Page 3\">\n<div class=\"section\">\n<div class=\"layoutArea\">\n<div class=\"column\">\n<h3>Aluminium, Glas oder Holz: hochwertiges Material fu\u0308r hochwertige Schallda\u0308mmung<\/h3>\n<p>Suchen Sie nach La\u0308rmschutzwa\u0308nden fu\u0308r Stuttgart, finden Sie bei RAU zahlreiche Optionen. Neben der Klimawand bieten wir auch die folgenden Schallschutzwa\u0308nde an:<\/p>\n<div class=\"page\" title=\"Page 4\">\n<div class=\"section\">\n<div class=\"layoutArea\">\n<div class=\"column\">\n<ul>\n<li><span style=\"color: #120d45;\"><a style=\"color: #120d45;\" href=\"https:\/\/rau.de\/de\/laermschutzwand-aluminium\/\" target=\"_blank\" rel=\"noopener\">Aluminium<\/a>:<\/span> La\u0308rmschutzwa\u0308nde aus Aluminium sind schmal, platzsparend und dadurch\u00a0flexibel einsetzbar. Schall-Druckwellen werden effektiv reflektiert, der Immissionsort bleibt frei von La\u0308rmbelastung.<\/li>\n<li><span style=\"color: #a6d0e2;\"><a style=\"color: #a6d0e2;\" href=\"https:\/\/rau.de\/de\/laermschutzwand-glas\/\" target=\"_blank\" rel=\"noopener\">Glas<\/a>:<\/span> Schallschutz aus Glas besticht durch hohe Lichtdurchla\u0308ssigkeit gepaart mit Stabilita\u0308t. Da sie bruchfest ist, ist diese Wand eine ideale Lo\u0308sung fu\u0308r Wohnsiedlungen, die neben La\u0308rmminderung auch Wert auf \u00e4sthetische Transparenz legen.<\/li>\n<li><a href=\"https:\/\/rau.de\/de\/laermschutzwand-beton\/\" target=\"_blank\" rel=\"noopener\"><span style=\"color: #605f61;\">Beton:<\/span><\/a> Die Luftschallda\u0308mmung dieser La\u0308rmschutzwand ist beeindruckend hoch. Die minimalistische Optik ist nicht nur mit anderen Schallschutzwa\u0308nden kombinierbar, sondern besitzt auch einen geringen Pflegeaufwand.<\/li>\n<li><span style=\"color: #3b1717;\"><a style=\"color: #3b1717;\" href=\"https:\/\/rau.de\/de\/laermschutzwand-holz\/\" target=\"_blank\" rel=\"noopener\">Holz<\/a>:<\/span> La\u0308rmschutzwa\u0308nde aus Holz sind ho\u0308chstbesta\u0308ndig gegen Chemikalien und somit a\u0308u\u00dferst robust. Holz-Schallschutz von RAU k\u00f6nnen aus\u00a0massivem L\u00e4rchenholz, Kiefer, Fichte oder Edelkastanie bestehen.<\/li>\n<li><a href=\"https:\/\/rau.de\/de\/photovoltaik\/\" target=\"_blank\" rel=\"noopener\"><span style=\"color: #808080;\">Photovoltaik:<\/span><\/a> Die Kombination aus Schallda\u0308mmung und Photovoltaik von RAU schu\u0308tzt Sie nicht nur vor La\u0308rm. Die Wand la\u0308sst sich auch begru\u0308nen und erzeugt gleichzeitig klimafreundlichen Strom. Dadurch ist diese Option eine nachhaltige Investition in die Zukunft.<\/li>\n<\/ul>\n<div class=\"section\">\n<div class=\"layoutArea\"><\/div>\n<\/div>\n<\/div>\n<\/div>\n<\/div>\n<\/div>\n<\/div>\n<\/div>\n<\/div>\n<\/div>\n<\/div><\/div><div class=\"w-separator size_small\"><\/div><div class=\"wpb_text_column\"><div class=\"wpb_wrapper\"><div class=\"wpb_text_column\">\n<div class=\"wpb_wrapper\">\n<h4>Hier sehen Sie einen Ausschnitt unserer Projekte aus Baden W\u00fcrttemberg:<\/h4>\n<\/div>\n<\/div>\n<\/div><\/div><div class=\"w-separator size_small\"><\/div><div class=\"w-grid type_grid layout_23660 cols_6\" id=\"us_grid_1\" style=\"--gap:1.5rem;\"><style>@media (max-width:1280px){#us_grid_1 .w-grid-item{width:33.3333%}}@media (max-width:1024px){#us_grid_1 .w-grid-item{width:50%}}@media (max-width:600px){#us_grid_1 .w-grid-list{margin:0}#us_grid_1 .w-grid-item{width:100%;padding:0;margin-bottom:var(--gap,0px)}}.layout_23660 .w-grid-item-h{}<\/style><div class=\"w-grid-list\">\t<article class=\"w-grid-item size_1x1 post-13698 page type-page status-publish has-post-thumbnail hentry\" data-id=\"13698\">\r\n\t\t<div class=\"w-grid-item-h\">\r\n\t\t\t\t\t\t<div class=\"w-vwrapper usg_vwrapper_1 align_none valign_top\"><div class=\"w-post-elm post_image usg_post_image_1 as_circle stretched\"><a target=\"_blank\" rel=\"nofollow\" href=\"https:\/\/rau.de\/de\/waghaeusel\/\" aria-label=\"Wagh\u00e4usel\"><img loading=\"lazy\" decoding=\"async\" width=\"350\" height=\"350\" src=\"https:\/\/rau.de\/wp-content\/uploads\/Beton-Laermschutzwand-mit-Riffelstruktur-1.jpg\" class=\"attachment-us_350_350_crop size-us_350_350_crop wp-post-image\" alt=\"Beton-L\u00e4rmschutzwand mit Riffelstruktur\" srcset=\"https:\/\/rau.de\/wp-content\/uploads\/Beton-Laermschutzwand-mit-Riffelstruktur-1.jpg 350w, https:\/\/rau.de\/wp-content\/uploads\/Beton-Laermschutzwand-mit-Riffelstruktur-1-300x300.jpg 300w, https:\/\/rau.de\/wp-content\/uploads\/Beton-Laermschutzwand-mit-Riffelstruktur-1-150x150.jpg 150w, https:\/\/rau.de\/wp-content\/uploads\/Beton-Laermschutzwand-mit-Riffelstruktur-1-200x200.jpg 200w\" sizes=\"auto, (max-width: 350px) 100vw, 350px\" \/><\/a><\/div><span class=\"w-post-elm post_title usg_post_title_1 align_center entry-title color_link_inherit\"><a target=\"_blank\" rel=\"nofollow\" href=\"https:\/\/rau.de\/de\/waghaeusel\/\">Wagh\u00e4usel<\/a><\/span><\/div>\t\t<\/div>\r\n\t<\/article>\r\n\t<article class=\"w-grid-item size_1x1 post-13415 page type-page status-publish has-post-thumbnail hentry\" data-id=\"13415\">\r\n\t\t<div class=\"w-grid-item-h\">\r\n\t\t\t\t\t\t<div class=\"w-vwrapper usg_vwrapper_1 align_none valign_top\"><div class=\"w-post-elm post_image usg_post_image_1 as_circle stretched\"><a target=\"_blank\" rel=\"nofollow\" href=\"https:\/\/rau.de\/de\/ladenburg\/\" aria-label=\"Ladenburg\"><img loading=\"lazy\" decoding=\"async\" width=\"350\" height=\"350\" src=\"https:\/\/rau.de\/wp-content\/uploads\/Laermschutzwand-entlang-einer-Bahnstrecke-umgeben-von-Feldern-und-Industriebauten.jpg\" class=\"attachment-us_350_350_crop size-us_350_350_crop wp-post-image\" alt=\"L\u00e4rmschutzwand entlang einer Bahnstrecke, umgeben von Feldern und Industriebauten bei sonnigem Wetter\" srcset=\"https:\/\/rau.de\/wp-content\/uploads\/Laermschutzwand-entlang-einer-Bahnstrecke-umgeben-von-Feldern-und-Industriebauten.jpg 350w, https:\/\/rau.de\/wp-content\/uploads\/Laermschutzwand-entlang-einer-Bahnstrecke-umgeben-von-Feldern-und-Industriebauten-300x300.jpg 300w, https:\/\/rau.de\/wp-content\/uploads\/Laermschutzwand-entlang-einer-Bahnstrecke-umgeben-von-Feldern-und-Industriebauten-150x150.jpg 150w, https:\/\/rau.de\/wp-content\/uploads\/Laermschutzwand-entlang-einer-Bahnstrecke-umgeben-von-Feldern-und-Industriebauten-200x200.jpg 200w\" sizes=\"auto, (max-width: 350px) 100vw, 350px\" \/><\/a><\/div><span class=\"w-post-elm post_title usg_post_title_1 align_center entry-title color_link_inherit\"><a target=\"_blank\" rel=\"nofollow\" href=\"https:\/\/rau.de\/de\/ladenburg\/\">Ladenburg<\/a><\/span><\/div>\t\t<\/div>\r\n\t<\/article>\r\n\t<article class=\"w-grid-item size_1x1 post-12954 page type-page status-publish has-post-thumbnail hentry\" data-id=\"12954\">\r\n\t\t<div class=\"w-grid-item-h\">\r\n\t\t\t\t\t\t<div class=\"w-vwrapper usg_vwrapper_1 align_none valign_top\"><div class=\"w-post-elm post_image usg_post_image_1 as_circle stretched\"><a target=\"_blank\" rel=\"nofollow\" href=\"https:\/\/rau.de\/de\/ehningen\/\" aria-label=\"Ehningen\"><img loading=\"lazy\" decoding=\"async\" width=\"350\" height=\"350\" src=\"https:\/\/rau.de\/wp-content\/uploads\/Montage-einer-Laermschutzwand-mit-Metall-und-Steinelementen-unter-bewoelktem-Himmel.jpg\" class=\"attachment-us_350_350_crop size-us_350_350_crop wp-post-image\" alt=\"Montage einer L\u00e4rmschutzwand mit Metall- und Steinelementen unter bew\u00f6lktem Himmel\" srcset=\"https:\/\/rau.de\/wp-content\/uploads\/Montage-einer-Laermschutzwand-mit-Metall-und-Steinelementen-unter-bewoelktem-Himmel.jpg 350w, https:\/\/rau.de\/wp-content\/uploads\/Montage-einer-Laermschutzwand-mit-Metall-und-Steinelementen-unter-bewoelktem-Himmel-300x300.jpg 300w, https:\/\/rau.de\/wp-content\/uploads\/Montage-einer-Laermschutzwand-mit-Metall-und-Steinelementen-unter-bewoelktem-Himmel-150x150.jpg 150w, https:\/\/rau.de\/wp-content\/uploads\/Montage-einer-Laermschutzwand-mit-Metall-und-Steinelementen-unter-bewoelktem-Himmel-200x200.jpg 200w\" sizes=\"auto, (max-width: 350px) 100vw, 350px\" \/><\/a><\/div><span class=\"w-post-elm post_title usg_post_title_1 align_center entry-title color_link_inherit\"><a target=\"_blank\" rel=\"nofollow\" href=\"https:\/\/rau.de\/de\/ehningen\/\">Ehningen<\/a><\/span><\/div>\t\t<\/div>\r\n\t<\/article>\r\n\t<article class=\"w-grid-item size_1x1 post-12790 page type-page status-publish has-post-thumbnail hentry\" data-id=\"12790\">\r\n\t\t<div class=\"w-grid-item-h\">\r\n\t\t\t\t\t\t<div class=\"w-vwrapper usg_vwrapper_1 align_none valign_top\"><div class=\"w-post-elm post_image usg_post_image_1 as_circle stretched\"><a target=\"_blank\" rel=\"nofollow\" href=\"https:\/\/rau.de\/de\/bad-mergentheim\/\" aria-label=\"Bad Mergentheim\"><img loading=\"lazy\" decoding=\"async\" width=\"350\" height=\"350\" src=\"https:\/\/rau.de\/wp-content\/uploads\/Laermschutzwand-auf-einer-Anhoehe.jpeg\" class=\"attachment-us_350_350_crop size-us_350_350_crop wp-post-image\" alt=\"L\u00e4rmschutzwand auf einer Anh\u00f6he mit Blick auf eine bewaldete Landschaft und Geb\u00e4ude im Hintergrund\" srcset=\"https:\/\/rau.de\/wp-content\/uploads\/Laermschutzwand-auf-einer-Anhoehe.jpeg 350w, https:\/\/rau.de\/wp-content\/uploads\/Laermschutzwand-auf-einer-Anhoehe-300x300.jpeg 300w, https:\/\/rau.de\/wp-content\/uploads\/Laermschutzwand-auf-einer-Anhoehe-150x150.jpeg 150w, https:\/\/rau.de\/wp-content\/uploads\/Laermschutzwand-auf-einer-Anhoehe-200x200.jpeg 200w\" sizes=\"auto, (max-width: 350px) 100vw, 350px\" \/><\/a><\/div><span class=\"w-post-elm post_title usg_post_title_1 align_center entry-title color_link_inherit\"><a target=\"_blank\" rel=\"nofollow\" href=\"https:\/\/rau.de\/de\/bad-mergentheim\/\">Bad Mergentheim<\/a><\/span><\/div>\t\t<\/div>\r\n\t<\/article>\r\n\t<article class=\"w-grid-item size_1x1 post-6959 page type-page status-publish has-post-thumbnail hentry\" data-id=\"6959\">\r\n\t\t<div class=\"w-grid-item-h\">\r\n\t\t\t\t\t\t<div class=\"w-vwrapper usg_vwrapper_1 align_none valign_top\"><div class=\"w-post-elm post_image usg_post_image_1 as_circle stretched\"><a target=\"_blank\" rel=\"nofollow\" href=\"https:\/\/rau.de\/de\/baden-baden\/\" aria-label=\"Baden Baden\"><img loading=\"lazy\" decoding=\"async\" width=\"350\" height=\"350\" src=\"https:\/\/rau.de\/wp-content\/uploads\/Begruente-Laermschutzwand-in-staedtischer-Umgebung-1.jpg\" class=\"attachment-us_350_350_crop size-us_350_350_crop wp-post-image\" alt=\"Begr\u00fcnte L\u00e4rmschutzwand in st\u00e4dtischer Umgebung\" srcset=\"https:\/\/rau.de\/wp-content\/uploads\/Begruente-Laermschutzwand-in-staedtischer-Umgebung-1.jpg 350w, https:\/\/rau.de\/wp-content\/uploads\/Begruente-Laermschutzwand-in-staedtischer-Umgebung-1-300x300.jpg 300w, https:\/\/rau.de\/wp-content\/uploads\/Begruente-Laermschutzwand-in-staedtischer-Umgebung-1-150x150.jpg 150w, https:\/\/rau.de\/wp-content\/uploads\/Begruente-Laermschutzwand-in-staedtischer-Umgebung-1-200x200.jpg 200w\" sizes=\"auto, (max-width: 350px) 100vw, 350px\" \/><\/a><\/div><span class=\"w-post-elm post_title usg_post_title_1 align_center entry-title color_link_inherit\"><a target=\"_blank\" rel=\"nofollow\" href=\"https:\/\/rau.de\/de\/baden-baden\/\">Baden Baden<\/a><\/span><\/div>\t\t<\/div>\r\n\t<\/article>\r\n\t<article class=\"w-grid-item size_1x1 post-6814 page type-page status-publish has-post-thumbnail hentry\" data-id=\"6814\">\r\n\t\t<div class=\"w-grid-item-h\">\r\n\t\t\t\t\t\t<div class=\"w-vwrapper usg_vwrapper_1 align_none valign_top\"><div class=\"w-post-elm post_image usg_post_image_1 as_circle stretched\"><a target=\"_blank\" rel=\"nofollow\" href=\"https:\/\/rau.de\/de\/emmendingen\/\" aria-label=\"Emmendingen\"><img loading=\"lazy\" decoding=\"async\" width=\"350\" height=\"338\" src=\"https:\/\/rau.de\/wp-content\/uploads\/Glas-Acryl-Aluminium-Laermschutzwand-an-Bahnschienen-in-laendlicher-Umgebung.jpg\" class=\"attachment-us_350_350_crop size-us_350_350_crop wp-post-image\" alt=\"Glas-Acryl-Aluminium L\u00e4rmschutzwand an Bahnschienen in l\u00e4ndlicher Umgebung\" srcset=\"https:\/\/rau.de\/wp-content\/uploads\/Glas-Acryl-Aluminium-Laermschutzwand-an-Bahnschienen-in-laendlicher-Umgebung.jpg 350w, https:\/\/rau.de\/wp-content\/uploads\/Glas-Acryl-Aluminium-Laermschutzwand-an-Bahnschienen-in-laendlicher-Umgebung-300x290.jpg 300w\" sizes=\"auto, (max-width: 350px) 100vw, 350px\" \/><\/a><\/div><span class=\"w-post-elm post_title usg_post_title_1 align_center entry-title color_link_inherit\"><a target=\"_blank\" rel=\"nofollow\" href=\"https:\/\/rau.de\/de\/emmendingen\/\">Emmendingen<\/a><\/span><\/div>\t\t<\/div>\r\n\t<\/article>\r\n<\/div><div class=\"w-grid-preloader\">\t<div class=\"g-preloader type_1\">\r\n\t\t<div><\/div>\r\n\t<\/div>\r\n\t<\/div>\t<div class=\"w-grid-json hidden\" onclick='return {&quot;action&quot;:&quot;us_ajax_grid&quot;,&quot;ajax_url&quot;:&quot;https:\\\/\\\/rau.de\\\/wp-admin\\\/admin-ajax.php&quot;,&quot;infinite_scroll&quot;:0,&quot;max_num_pages&quot;:1,&quot;pagination&quot;:&quot;none&quot;,&quot;template_vars&quot;:{&quot;columns&quot;:&quot;6&quot;,&quot;exclude_items&quot;:&quot;none&quot;,&quot;img_size&quot;:&quot;us_350_350_crop&quot;,&quot;ignore_items_size&quot;:0,&quot;items_layout&quot;:&quot;23660&quot;,&quot;items_offset&quot;:&quot;1&quot;,&quot;load_animation&quot;:&quot;none&quot;,&quot;overriding_link&quot;:&quot;{\\&quot;url\\&quot;:\\&quot;\\&quot;}&quot;,&quot;post_id&quot;:0,&quot;query_args&quot;:{&quot;ignore_sticky_posts&quot;:1,&quot;post_type&quot;:&quot;any&quot;,&quot;post__in&quot;:[&quot;13698&quot;,&quot;12954&quot;,&quot;12790&quot;,&quot;6814&quot;,&quot;13415&quot;,&quot;6959&quot;],&quot;posts_per_page&quot;:&quot;10&quot;},&quot;orderby_query_args&quot;:{&quot;orderby&quot;:{&quot;date&quot;:&quot;DESC&quot;}},&quot;type&quot;:&quot;grid&quot;,&quot;us_grid_ajax_index&quot;:1,&quot;us_grid_filter_params&quot;:[],&quot;us_grid_index&quot;:1,&quot;_us_grid_post_type&quot;:&quot;ids&quot;,&quot;page_args&quot;:[]}}'><\/div>\r\n\t<\/div><div class=\"w-separator size_small\"><\/div><div class=\"wpb_text_column\"><div class=\"wpb_wrapper\"><div class=\"page\" title=\"Page 3\">\n<div class=\"section\">\n<div class=\"layoutArea\">\n<div class=\"column\">\n<div class=\"page\" title=\"Page 4\">\n<div class=\"section\">\n<div class=\"layoutArea\">\n<div class=\"column\">\n<h2><span style=\"font-family: inherit;\">Die perfekte Schallschutzwand fu\u0308r Stuttgart und Umgebung von RAU.de<\/span><\/h2>\n<div class=\"section\">\n<div class=\"layoutArea\">\n<div class=\"column\">\n<p>Mo\u0308chten Sie nachhaltig und langfristig zur Schallda\u0308mmung in Stuttgart beitragen, sind Sie bei RAU Geosysteme an der richtigen Adresse. Seit unserer Gru\u0308ndung spezialisieren wir uns auf Schallschutzwa\u0308nde, die hochabsorbierend, klimafreundlich und pflegeleicht sind. Das Preis-Leistungs- Verha\u0308ltnis wird Sie begeistern.<\/p>\n<p>Unser Expertenteam steht Ihnen bundesweit bei Beratung, Planung und Ausfu\u0308hrung zur Verfu\u0308gung. Gemeinsam setzen wir Ihr Projekt ganz nach Ihren Wu\u0308nschen um. Beauftragen Sie uns gerne auch mit der Komplettmontage oder Pflege der La\u0308rmschutzwa\u0308nde in Stuttgart. Selbstversta\u0308ndlich ko\u0308nnen Sie auch einzig den Bausatz bei uns erwerben. Schallschutz wird bei RAU gro\u00dfgeschrieben. Fu\u0308r die Bewohnerinnen und Bewohner von Stuttgart arbeiten wir effektiv, ressourcenschonend und 100 Prozent o\u0308kologisch.<\/p>\n<p>Sie interessieren sich fu\u0308r Schallschutzwa\u0308nde von RAU? Bei allen Fragen und Anregungen stehen wir Ihnen unter der Rufnummer <a href=\"tel:+493039748864\"><span style=\"color: #00ae46;\">+49 (0)30 397 488 64<\/span><\/a>, der E-Mail-Adresse kontakt@rau.de oder dem <a href=\"https:\/\/rau.de\/de\/kontakt\/\" target=\"_blank\" rel=\"noopener\"><span style=\"color: #00ae46;\">Kontaktformular<\/span><\/a> zur Verfu\u0308gung.<\/p>\n<p>Ob in <a href=\"https:\/\/rau.de\/de\/laermschutz-hamburg\/\" target=\"_blank\" rel=\"noopener\"><span style=\"color: #00ae46;\">Hamburg<\/span><\/a>, <a href=\"https:\/\/rau.de\/de\/laermschutz-berlin\/\" target=\"_blank\" rel=\"noopener\"><span style=\"color: #00ae46;\">Berlin<\/span><\/a>, <a href=\"https:\/\/rau.de\/de\/laermschutz-muenchen\/\" target=\"_blank\" rel=\"noopener\"><span style=\"color: #00ae46;\">M\u00fcnchen<\/span><\/a> oder <a href=\"https:\/\/rau.de\/de\/referenzen\/\" target=\"_blank\" rel=\"noopener\"><span style=\"color: #00ae46;\">an jedem anderen Ort:<\/span><\/a>\u00a0Mit RAU bauen Sie schlau. Fu\u0308r Ihre Gesundheit und die Umwelt.<\/p>\n<\/div>\n<\/div>\n<\/div>\n<\/div>\n<\/div>\n<\/div>\n<\/div>\n<\/div>\n<\/div>\n<\/div>\n<\/div>\n<\/div><\/div><\/div><\/div><\/div><\/div><\/div><\/div><\/div><\/div><\/div><\/section>\n","protected":false},"excerpt":{"rendered":"Emmendingen","protected":false},"author":2,"featured_media":31090,"parent":0,"menu_order":0,"comment_status":"closed","ping_status":"closed","template":"","meta":{"footnotes":""},"class_list":["post-23420","page","type-page","status-publish","has-post-thumbnail","hentry"],"yoast_head":"<!-- This site is optimized with the Yoast SEO plugin v27.4 - https:\/\/yoast.com\/product\/yoast-seo-wordpress\/ -->\n<title>L\u00e4rmschutz f\u00fcr Stuttgart und Umgebung | Rau.de Geosysteme<\/title>\n<meta name=\"description\" content=\"Schallschutz in Stuttgart \ud83d\udd07 L\u00e4rmschutz f\u00fcr \u27a1\ufe0f Wohngebiete \u2705 Stra\u00dfen \u2705 Bahngleise \u2705 Parks \u25b6 Jetzt mehr erfahren!\" \/>\n<meta name=\"robots\" content=\"index, follow, max-snippet:-1, max-image-preview:large, max-video-preview:-1\" \/>\n<link rel=\"canonical\" href=\"https:\/\/rau.de\/de\/laermschutz-fuer-stuttgart-und-umgebung-von-rau-de\/\" \/>\n<meta property=\"og:locale\" content=\"de_DE\" \/>\n<meta property=\"og:type\" content=\"article\" \/>\n<meta property=\"og:title\" content=\"L\u00e4rmschutz f\u00fcr Stuttgart und Umgebung | Rau.de Geosysteme\" \/>\n<meta property=\"og:description\" content=\"Schallschutz in Stuttgart \ud83d\udd07 L\u00e4rmschutz f\u00fcr \u27a1\ufe0f Wohngebiete \u2705 Stra\u00dfen \u2705 Bahngleise \u2705 Parks \u25b6 Jetzt mehr erfahren!\" \/>\n<meta property=\"og:url\" content=\"https:\/\/rau.de\/de\/laermschutz-fuer-stuttgart-und-umgebung-von-rau-de\/\" \/>\n<meta property=\"og:site_name\" content=\"Rau | L\u00e4rmschutzw\u00e4nde\" \/>\n<meta property=\"article:modified_time\" content=\"2025-02-07T13:04:54+00:00\" \/>\n<meta property=\"og:image\" content=\"https:\/\/rau.de\/wp-content\/uploads\/Panorama-von-Villingen-Schwenningen-mit-der-historischen-Altstadt.jpeg\" \/>\n\t<meta property=\"og:image:width\" content=\"1024\" \/>\n\t<meta property=\"og:image:height\" content=\"683\" \/>\n\t<meta property=\"og:image:type\" content=\"image\/jpeg\" \/>\n<meta name=\"twitter:card\" content=\"summary_large_image\" \/>\n<meta name=\"twitter:label1\" content=\"Gesch\u00e4tzte Lesezeit\" \/>\n\t<meta name=\"twitter:data1\" content=\"5\u00a0Minuten\" \/>\n<script type=\"application\/ld+json\" class=\"yoast-schema-graph\">{\"@context\":\"https:\\\/\\\/schema.org\",\"@graph\":[{\"@type\":\"WebPage\",\"@id\":\"https:\\\/\\\/rau.de\\\/de\\\/laermschutz-fuer-stuttgart-und-umgebung-von-rau-de\\\/\",\"url\":\"https:\\\/\\\/rau.de\\\/de\\\/laermschutz-fuer-stuttgart-und-umgebung-von-rau-de\\\/\",\"name\":\"L\u00e4rmschutz f\u00fcr Stuttgart und Umgebung | Rau.de Geosysteme\",\"isPartOf\":{\"@id\":\"https:\\\/\\\/rau.de\\\/de\\\/#website\"},\"primaryImageOfPage\":{\"@id\":\"https:\\\/\\\/rau.de\\\/de\\\/laermschutz-fuer-stuttgart-und-umgebung-von-rau-de\\\/#primaryimage\"},\"image\":{\"@id\":\"https:\\\/\\\/rau.de\\\/de\\\/laermschutz-fuer-stuttgart-und-umgebung-von-rau-de\\\/#primaryimage\"},\"thumbnailUrl\":\"https:\\\/\\\/rau.de\\\/wp-content\\\/uploads\\\/Panorama-von-Villingen-Schwenningen-mit-der-historischen-Altstadt.jpeg\",\"datePublished\":\"2022-04-06T13:26:24+00:00\",\"dateModified\":\"2025-02-07T13:04:54+00:00\",\"description\":\"Schallschutz in Stuttgart \ud83d\udd07 L\u00e4rmschutz f\u00fcr \u27a1\ufe0f Wohngebiete \u2705 Stra\u00dfen \u2705 Bahngleise \u2705 Parks \u25b6 Jetzt mehr erfahren!\",\"breadcrumb\":{\"@id\":\"https:\\\/\\\/rau.de\\\/de\\\/laermschutz-fuer-stuttgart-und-umgebung-von-rau-de\\\/#breadcrumb\"},\"inLanguage\":\"de\",\"potentialAction\":[{\"@type\":\"ReadAction\",\"target\":[\"https:\\\/\\\/rau.de\\\/de\\\/laermschutz-fuer-stuttgart-und-umgebung-von-rau-de\\\/\"]}]},{\"@type\":\"ImageObject\",\"inLanguage\":\"de\",\"@id\":\"https:\\\/\\\/rau.de\\\/de\\\/laermschutz-fuer-stuttgart-und-umgebung-von-rau-de\\\/#primaryimage\",\"url\":\"https:\\\/\\\/rau.de\\\/wp-content\\\/uploads\\\/Panorama-von-Villingen-Schwenningen-mit-der-historischen-Altstadt.jpeg\",\"contentUrl\":\"https:\\\/\\\/rau.de\\\/wp-content\\\/uploads\\\/Panorama-von-Villingen-Schwenningen-mit-der-historischen-Altstadt.jpeg\",\"width\":1024,\"height\":683,\"caption\":\"Panorama von Villingen-Schwenningen mit der historischen Altstadt und der Kirche unter klarem, blauem Himmel\"},{\"@type\":\"BreadcrumbList\",\"@id\":\"https:\\\/\\\/rau.de\\\/de\\\/laermschutz-fuer-stuttgart-und-umgebung-von-rau-de\\\/#breadcrumb\",\"itemListElement\":[{\"@type\":\"ListItem\",\"position\":1,\"name\":\"Startseite\",\"item\":\"https:\\\/\\\/rau.de\\\/de\\\/\"},{\"@type\":\"ListItem\",\"position\":2,\"name\":\"L\u00e4rmschutz f\u00fcr Stuttgart und Umgebung von RAU.de\"}]},{\"@type\":\"WebSite\",\"@id\":\"https:\\\/\\\/rau.de\\\/de\\\/#website\",\"url\":\"https:\\\/\\\/rau.de\\\/de\\\/\",\"name\":\"Rau | L\u00e4rmschutzw\u00e4nde\",\"description\":\"Entwicklung und Umsetzung von L\u00e4rmschutzwand und Schallschutzwand\",\"publisher\":{\"@id\":\"https:\\\/\\\/rau.de\\\/de\\\/#organization\"},\"potentialAction\":[{\"@type\":\"SearchAction\",\"target\":{\"@type\":\"EntryPoint\",\"urlTemplate\":\"https:\\\/\\\/rau.de\\\/de\\\/?s={search_term_string}\"},\"query-input\":{\"@type\":\"PropertyValueSpecification\",\"valueRequired\":true,\"valueName\":\"search_term_string\"}}],\"inLanguage\":\"de\"},{\"@type\":\"Organization\",\"@id\":\"https:\\\/\\\/rau.de\\\/de\\\/#organization\",\"name\":\"RAU L\u00e4rmschutzw\u00e4nde \u2013 Geosystem GBK GmbH\",\"url\":\"https:\\\/\\\/rau.de\\\/de\\\/\",\"logo\":{\"@type\":\"ImageObject\",\"inLanguage\":\"de\",\"@id\":\"https:\\\/\\\/rau.de\\\/de\\\/#\\\/schema\\\/logo\\\/image\\\/\",\"url\":\"https:\\\/\\\/rau.de\\\/wp-content\\\/uploads\\\/web_logo.png\",\"contentUrl\":\"https:\\\/\\\/rau.de\\\/wp-content\\\/uploads\\\/web_logo.png\",\"width\":249,\"height\":127,\"caption\":\"RAU L\u00e4rmschutzw\u00e4nde \u2013 Geosystem GBK GmbH\"},\"image\":{\"@id\":\"https:\\\/\\\/rau.de\\\/de\\\/#\\\/schema\\\/logo\\\/image\\\/\"}}]}<\/script>\n<!-- \/ Yoast SEO plugin. -->","yoast_head_json":{"title":"L\u00e4rmschutz f\u00fcr Stuttgart und Umgebung | Rau.de Geosysteme","description":"Schallschutz in Stuttgart \ud83d\udd07 L\u00e4rmschutz f\u00fcr \u27a1\ufe0f Wohngebiete \u2705 Stra\u00dfen \u2705 Bahngleise \u2705 Parks \u25b6 Jetzt mehr erfahren!","robots":{"index":"index","follow":"follow","max-snippet":"max-snippet:-1","max-image-preview":"max-image-preview:large","max-video-preview":"max-video-preview:-1"},"canonical":"https:\/\/rau.de\/de\/laermschutz-fuer-stuttgart-und-umgebung-von-rau-de\/","og_locale":"de_DE","og_type":"article","og_title":"L\u00e4rmschutz f\u00fcr Stuttgart und Umgebung | Rau.de Geosysteme","og_description":"Schallschutz in Stuttgart \ud83d\udd07 L\u00e4rmschutz f\u00fcr \u27a1\ufe0f Wohngebiete \u2705 Stra\u00dfen \u2705 Bahngleise \u2705 Parks \u25b6 Jetzt mehr erfahren!","og_url":"https:\/\/rau.de\/de\/laermschutz-fuer-stuttgart-und-umgebung-von-rau-de\/","og_site_name":"Rau | L\u00e4rmschutzw\u00e4nde","article_modified_time":"2025-02-07T13:04:54+00:00","og_image":[{"width":1024,"height":683,"url":"https:\/\/rau.de\/wp-content\/uploads\/Panorama-von-Villingen-Schwenningen-mit-der-historischen-Altstadt.jpeg","type":"image\/jpeg"}],"twitter_card":"summary_large_image","twitter_misc":{"Gesch\u00e4tzte Lesezeit":"5\u00a0Minuten"},"schema":{"@context":"https:\/\/schema.org","@graph":[{"@type":"WebPage","@id":"https:\/\/rau.de\/de\/laermschutz-fuer-stuttgart-und-umgebung-von-rau-de\/","url":"https:\/\/rau.de\/de\/laermschutz-fuer-stuttgart-und-umgebung-von-rau-de\/","name":"L\u00e4rmschutz f\u00fcr Stuttgart und Umgebung | Rau.de Geosysteme","isPartOf":{"@id":"https:\/\/rau.de\/de\/#website"},"primaryImageOfPage":{"@id":"https:\/\/rau.de\/de\/laermschutz-fuer-stuttgart-und-umgebung-von-rau-de\/#primaryimage"},"image":{"@id":"https:\/\/rau.de\/de\/laermschutz-fuer-stuttgart-und-umgebung-von-rau-de\/#primaryimage"},"thumbnailUrl":"https:\/\/rau.de\/wp-content\/uploads\/Panorama-von-Villingen-Schwenningen-mit-der-historischen-Altstadt.jpeg","datePublished":"2022-04-06T13:26:24+00:00","dateModified":"2025-02-07T13:04:54+00:00","description":"Schallschutz in Stuttgart \ud83d\udd07 L\u00e4rmschutz f\u00fcr \u27a1\ufe0f Wohngebiete \u2705 Stra\u00dfen \u2705 Bahngleise \u2705 Parks \u25b6 Jetzt mehr erfahren!","breadcrumb":{"@id":"https:\/\/rau.de\/de\/laermschutz-fuer-stuttgart-und-umgebung-von-rau-de\/#breadcrumb"},"inLanguage":"de","potentialAction":[{"@type":"ReadAction","target":["https:\/\/rau.de\/de\/laermschutz-fuer-stuttgart-und-umgebung-von-rau-de\/"]}]},{"@type":"ImageObject","inLanguage":"de","@id":"https:\/\/rau.de\/de\/laermschutz-fuer-stuttgart-und-umgebung-von-rau-de\/#primaryimage","url":"https:\/\/rau.de\/wp-content\/uploads\/Panorama-von-Villingen-Schwenningen-mit-der-historischen-Altstadt.jpeg","contentUrl":"https:\/\/rau.de\/wp-content\/uploads\/Panorama-von-Villingen-Schwenningen-mit-der-historischen-Altstadt.jpeg","width":1024,"height":683,"caption":"Panorama von Villingen-Schwenningen mit der historischen Altstadt und der Kirche unter klarem, blauem Himmel"},{"@type":"BreadcrumbList","@id":"https:\/\/rau.de\/de\/laermschutz-fuer-stuttgart-und-umgebung-von-rau-de\/#breadcrumb","itemListElement":[{"@type":"ListItem","position":1,"name":"Startseite","item":"https:\/\/rau.de\/de\/"},{"@type":"ListItem","position":2,"name":"L\u00e4rmschutz f\u00fcr Stuttgart und Umgebung von RAU.de"}]},{"@type":"WebSite","@id":"https:\/\/rau.de\/de\/#website","url":"https:\/\/rau.de\/de\/","name":"Rau | L\u00e4rmschutzw\u00e4nde","description":"Entwicklung und Umsetzung von L\u00e4rmschutzwand und Schallschutzwand","publisher":{"@id":"https:\/\/rau.de\/de\/#organization"},"potentialAction":[{"@type":"SearchAction","target":{"@type":"EntryPoint","urlTemplate":"https:\/\/rau.de\/de\/?s={search_term_string}"},"query-input":{"@type":"PropertyValueSpecification","valueRequired":true,"valueName":"search_term_string"}}],"inLanguage":"de"},{"@type":"Organization","@id":"https:\/\/rau.de\/de\/#organization","name":"RAU L\u00e4rmschutzw\u00e4nde \u2013 Geosystem GBK GmbH","url":"https:\/\/rau.de\/de\/","logo":{"@type":"ImageObject","inLanguage":"de","@id":"https:\/\/rau.de\/de\/#\/schema\/logo\/image\/","url":"https:\/\/rau.de\/wp-content\/uploads\/web_logo.png","contentUrl":"https:\/\/rau.de\/wp-content\/uploads\/web_logo.png","width":249,"height":127,"caption":"RAU L\u00e4rmschutzw\u00e4nde \u2013 Geosystem GBK GmbH"},"image":{"@id":"https:\/\/rau.de\/de\/#\/schema\/logo\/image\/"}}]}},"_links":{"self":[{"href":"https:\/\/rau.de\/de\/wp-json\/wp\/v2\/pages\/23420","targetHints":{"allow":["GET"]}}],"collection":[{"href":"https:\/\/rau.de\/de\/wp-json\/wp\/v2\/pages"}],"about":[{"href":"https:\/\/rau.de\/de\/wp-json\/wp\/v2\/types\/page"}],"author":[{"embeddable":true,"href":"https:\/\/rau.de\/de\/wp-json\/wp\/v2\/users\/2"}],"replies":[{"embeddable":true,"href":"https:\/\/rau.de\/de\/wp-json\/wp\/v2\/comments?post=23420"}],"version-history":[{"count":16,"href":"https:\/\/rau.de\/de\/wp-json\/wp\/v2\/pages\/23420\/revisions"}],"predecessor-version":[{"id":23720,"href":"https:\/\/rau.de\/de\/wp-json\/wp\/v2\/pages\/23420\/revisions\/23720"}],"wp:featuredmedia":[{"embeddable":true,"href":"https:\/\/rau.de\/de\/wp-json\/wp\/v2\/media\/31090"}],"wp:attachment":[{"href":"https:\/\/rau.de\/de\/wp-json\/wp\/v2\/media?parent=23420"}],"curies":[{"name":"wp","href":"https:\/\/api.w.org\/{rel}","templated":true}]}}