{"id":23110,"date":"2022-02-23T16:34:45","date_gmt":"2022-02-23T15:34:45","guid":{"rendered":"https:\/\/rau.de\/?page_id=23110"},"modified":"2025-03-31T15:18:53","modified_gmt":"2025-03-31T13:18:53","slug":"masse-und-schnittzeichnungen","status":"publish","type":"page","link":"https:\/\/rau.de\/de\/masse-und-schnittzeichnungen\/","title":{"rendered":"Ma\u00dfe und Schnittzeichnungen"},"content":{"rendered":"<section class=\"l-section wpb_row height_medium full_height valign_center with_img parallax_fixed\" id=\"kontakt\"><div class=\"l-section-img\" role=\"img\" data-img-width=\"2000\" data-img-height=\"1122\" style=\"background-image: url(https:\/\/rau.de\/wp-content\/uploads\/bg.jpg);\"><\/div><div class=\"l-section-h i-cf\"><div class=\"g-cols vc_row via_flex valign_top type_default stacking_default\"><div class=\"vc_col-sm-12 wpb_column vc_column_container\"><div class=\"vc_column-inner\"><div class=\"wpb_wrapper\"><div class=\"g-cols wpb_row content_top via_flex valign_top type_default stacking_default\"><div class=\"vc_col-sm-12 wpb_column vc_column_container\"><div class=\"vc_column-inner\"><div class=\"wpb_wrapper\"><h1 class=\"w-post-elm post_title entry-title color_link_inherit\">Ma\u00dfe und Schnittzeichnungen<\/h1><\/div><\/div><\/div><\/div><div class=\"g-cols wpb_row us_custom_4fb9e5a3 content_text via_flex valign_top type_default stacking_default\"><div class=\"vc_col-sm-12 wpb_column vc_column_container\"><div class=\"vc_column-inner\"><div class=\"wpb_wrapper\"><div class=\"wpb_text_column\"><div class=\"wpb_wrapper\"><p>Die Ma\u00dfe f\u00fcr Ihre L\u00e4rmschutzwand von RAU h\u00e4ngen von einer Vielzahl unterschiedlicher Faktoren ab. Je nach \u00f6rtlichen und statischen Gegebenheiten kann die Kronen- und Fu\u00dfbreite Ihrer Wand variieren. Allgemein l\u00e4sst sich sagen, dass die Fu\u00dfbreite bei einer Erh\u00f6hung der L\u00e4rmschutzwand um 50 cm, um 10 cm breiter wird. Bei der Kronenbreite handelt es sich um ein Standardma\u00df von 60 cm, was in manchen F\u00e4llen aber auch auf 80 cm vergr\u00f6\u00dfert wird. F\u00fcr die passenden Ma\u00dfe Ihrer L\u00e4rmschutzwand k\u00f6nnen Sie sich gerne von unserem Expertenteam beraten lassen.<span class=\"Apple-converted-space\">\u00a0<\/span><\/p>\n<h2>Welche Faktoren beeinflussen die Ma\u00dfe Ihrer L\u00e4rmschutzwand?<\/h2>\n<p>Jede L\u00e4rmschutzwand wird individuell an die Umgebungsbedingungen angepasst und nach den W\u00fcnschen des Auftraggebers erbaut. Dabei gibt es Einflussfaktoren, die die Ma\u00dfe der L\u00e4rmschutzwand beeinflussen. Dazu geh\u00f6ren:<\/p>\n<\/div><\/div><\/div><\/div><\/div><\/div><div class=\"g-cols wpb_row us_custom_4fb9e5a3 content_text via_flex valign_top type_default stacking_default\"><div class=\"vc_col-sm-6 wpb_column vc_column_container\"><div class=\"vc_column-inner\"><div class=\"wpb_wrapper\">[vc_progress_bar values=&#8220;%5B%7B%22label%22%3A%22das%20von%20Ihnen%20gew%C3%A4hlte%20Modell%20%22%2C%22value%22%3A%22100%22%2C%22color%22%3A%22custom%22%2C%22customcolor%22%3A%22%2300ae46%22%2C%22customtxtcolor%22%3A%22%23ffffff%22%7D%2C%7B%22label%22%3A%22Klima-%20und%20Wetterbedingungen%20wie%20Wind-%20und%20Erdbebebenzonen%20%22%2C%22value%22%3A%22100%22%2C%22color%22%3A%22custom%22%2C%22customcolor%22%3A%22%2300ae46%22%2C%22customtxtcolor%22%3A%22%23ffffff%22%7D%2C%7B%22label%22%3A%22%C3%B6rtliche%20und%20statische%20Gegebenheiten%20%22%2C%22value%22%3A%22100%22%2C%22color%22%3A%22custom%22%2C%22customcolor%22%3A%22%2300ae46%22%2C%22customtxtcolor%22%3A%22%23ffffff%22%7D%5D&#8220;]<\/div><\/div><\/div><div class=\"vc_col-sm-6 wpb_column vc_column_container\"><div class=\"vc_column-inner\"><div class=\"wpb_wrapper\">[vc_btn title=&#8220;Zum Produkt: RAU Klimawand (R3)&#8220; style=&#8220;custom&#8220; custom_background=&#8220;#df012a&#8220; custom_text=&#8220;#ffffff&#8220; link=&#8220;url:https%3A%2F%2Frau.de%2Fde%2Fprodukt%2Frau-klimawand%2F|title:RAU%20Klimawand%20(R3)|target:_blank&#8220;]<\/div><\/div><\/div><\/div><div class=\"g-cols wpb_row us_custom_4fb9e5a3 content_text via_flex valign_top type_default stacking_default\"><div class=\"vc_col-sm-12 wpb_column vc_column_container\"><div class=\"vc_column-inner\"><div class=\"wpb_wrapper\"><div class=\"w-image align_center\"><div class=\"w-image-h\"><img loading=\"lazy\" decoding=\"async\" width=\"2560\" height=\"914\" src=\"https:\/\/rau.de\/wp-content\/uploads\/Technische-Zeichnung-verschieden-grosser-Laermschutzwaende-mit-Massangaben.jpg\" class=\"attachment-full size-full\" alt=\"Technische Zeichnung verschieden gro\u00dfer L\u00e4rmschutzw\u00e4nde mit Ma\u00dfangaben, die nebeneinandere augezeichnet sind\" srcset=\"https:\/\/rau.de\/wp-content\/uploads\/Technische-Zeichnung-verschieden-grosser-Laermschutzwaende-mit-Massangaben.jpg 2560w, https:\/\/rau.de\/wp-content\/uploads\/Technische-Zeichnung-verschieden-grosser-Laermschutzwaende-mit-Massangaben-300x107.jpg 300w, https:\/\/rau.de\/wp-content\/uploads\/Technische-Zeichnung-verschieden-grosser-Laermschutzwaende-mit-Massangaben-1024x366.jpg 1024w\" sizes=\"auto, (max-width: 2560px) 100vw, 2560px\" \/><\/div><\/div><\/div><\/div><\/div><\/div><div class=\"g-cols wpb_row us_custom_4fb9e5a3 content_text via_flex valign_top type_default stacking_default\"><div class=\"vc_col-sm-12 wpb_column vc_column_container\"><div class=\"vc_column-inner\"><div class=\"wpb_wrapper\"><div class=\"wpb_text_column\"><div class=\"wpb_wrapper\"><h2><span style=\"color: #00ae46;\"><a style=\"color: #00ae46;\" href=\"https:\/\/rau.de\/de\/produkte\/\">Ihre RAU-Produktwahl:<\/a><\/span><\/h2>\n<p>Die <span style=\"color: #00ae46;\"><a style=\"color: #00ae46;\" href=\"https:\/\/rau.de\/de\/produkt\/rau-klimawand\/\">RAU Klimawand (R3)<\/a><\/span>, kann in Bauh\u00f6hen von bis zu 12 Metern errichtet werden und bietet neben ihrer klimafreundlichen Bauweise und Begr\u00fcnungsm\u00f6glichkeit auch das beste Kosten-Nutzen-Verh\u00e4ltnis. Unsere <a href=\"https:\/\/rau.de\/de\/produkt\/rau-rock-extensiv-laermschutzwand\/\"><span style=\"color: #00ae46;\">RAU Rock Extensiv<\/span><\/a> L\u00e4rmschutzwand hingegen \u00fcberzeugt mit ihren schlanken Ma\u00dfen, welche sich f\u00fcr minimalen Platzbedarf anbieten. Die <a href=\"https:\/\/rau.de\/de\/produkt\/rau-photovoltaik\/\"><span style=\"color: #00ae46;\">RAU Photovoltaik<\/span><\/a> verbindet erneuerbare Energie und \u00f6kologischen L\u00e4rmschutz und \u00fcberzeugt ebenfalls mit ihrer hohen Bauh\u00f6he. Unter unserem Produktreiter im Men\u00fc k\u00f6nnen Sie sich \u00fcber weitere Produktalternativen informieren. Unser Rau-Team steht Ihnen bei Ihrer Entscheidung selbstverst\u00e4ndlich zur Seite.<\/p>\n<h2>Die Ma\u00dfe Ihrer L\u00e4rmschutzwand: Ihre Vorteile mit RAU Geosysteme<\/h2>\n<p>Da jede L\u00e4rmschutzwand individuell geplant, produziert und aufgebaut wird, variieren auch die Ma\u00dfe. Gerne beraten wir Sie bei allgemeinen Fragen oder planen mit Ihnen Ihre spezifische und individuell angepasste Schallschutzwand. Nutzen Sie f\u00fcr Ihre Anfrage gerne unser Kontaktformular oder rufen Sie uns an unter der <span style=\"color: #00ae46;\"><a style=\"color: #00ae46;\" href=\"tel:+493039748864\">+49 (0)30 397 488 64<\/a><\/span>. Wir freuen uns auf Ihre Anfrage!<\/p>\n<\/div><\/div><\/div><\/div><\/div><\/div><div class=\"g-cols wpb_row us_custom_4fb9e5a3 content_text via_flex valign_top type_default stacking_default\"><div class=\"vc_col-sm-4 wpb_column vc_column_container\"><div class=\"vc_column-inner\"><div class=\"wpb_wrapper\">[vc_btn title=&#8220;Zum Kontaktformular&#8220; style=&#8220;custom&#8220; custom_background=&#8220;#df012a&#8220; custom_text=&#8220;#ffffff&#8220; link=&#8220;url:https%3A%2F%2Frau.de%2Fde%2Fkontakt%2F|title:Kontakt|target:_blank&#8220;]<\/div><\/div><\/div><div class=\"vc_col-sm-4 wpb_column vc_column_container\"><div class=\"vc_column-inner\"><div class=\"wpb_wrapper\"><\/div><\/div><\/div><div class=\"vc_col-sm-4 wpb_column vc_column_container\"><div class=\"vc_column-inner\"><div class=\"wpb_wrapper\"><\/div><\/div><\/div><\/div><\/div><\/div><\/div><\/div><\/div><\/section>\n","protected":false},"excerpt":{"rendered":"Ma\u00dfe und SchnittzeichnungenDie Ma\u00dfe f\u00fcr Ihre L\u00e4rmschutzwand von RAU h\u00e4ngen von einer Vielzahl unterschiedlicher Faktoren ab. Je nach \u00f6rtlichen und statischen Gegebenheiten kann die Kronen- und Fu\u00dfbreite Ihrer Wand variieren. Allgemein l\u00e4sst sich sagen, dass die Fu\u00dfbreite bei einer Erh\u00f6hung der L\u00e4rmschutzwand um 50 cm, um 10 cm breiter wird. Bei der Kronenbreite handelt es...","protected":false},"author":2,"featured_media":31814,"parent":0,"menu_order":0,"comment_status":"closed","ping_status":"closed","template":"","meta":{"footnotes":""},"class_list":["post-23110","page","type-page","status-publish","has-post-thumbnail","hentry"],"yoast_head":"<!-- This site is optimized with the Yoast SEO plugin v27.5 - https:\/\/yoast.com\/product\/yoast-seo-wordpress\/ -->\n<title>Schnittzeichnungen &amp; Ma\u00dfe einer L\u00e4rmschutzwand \ud83d\udd07<\/title>\n<meta name=\"description\" content=\"Da jede L\u00e4rmschutzwand individuell geplant, produziert und aufgebaut wird, variieren auch die Ma\u00dfe.\ud83d\udccf Wir beraten Sie gerne.\ud83d\udcde | rau.de\" \/>\n<meta name=\"robots\" content=\"index, follow, max-snippet:-1, max-image-preview:large, max-video-preview:-1\" \/>\n<link rel=\"canonical\" href=\"https:\/\/rau.de\/de\/masse-und-schnittzeichnungen\/\" \/>\n<meta property=\"og:locale\" content=\"de_DE\" \/>\n<meta property=\"og:type\" content=\"article\" \/>\n<meta property=\"og:title\" content=\"Schnittzeichnungen &amp; Ma\u00dfe einer L\u00e4rmschutzwand \ud83d\udd07\" \/>\n<meta property=\"og:description\" content=\"Da jede L\u00e4rmschutzwand individuell geplant, produziert und aufgebaut wird, variieren auch die Ma\u00dfe.\ud83d\udccf Wir beraten Sie gerne.\ud83d\udcde | rau.de\" \/>\n<meta property=\"og:url\" content=\"https:\/\/rau.de\/de\/masse-und-schnittzeichnungen\/\" \/>\n<meta property=\"og:site_name\" content=\"Rau | L\u00e4rmschutzw\u00e4nde\" \/>\n<meta property=\"article:modified_time\" content=\"2025-03-31T13:18:53+00:00\" \/>\n<meta property=\"og:image\" content=\"https:\/\/rau.de\/wp-content\/uploads\/Technische-Zeichnung-verschieden-grosser-Laermschutzwaende-mit-Massangaben.jpg\" \/>\n\t<meta property=\"og:image:width\" content=\"2560\" \/>\n\t<meta property=\"og:image:height\" content=\"914\" \/>\n\t<meta property=\"og:image:type\" content=\"image\/jpeg\" \/>\n<meta name=\"twitter:card\" content=\"summary_large_image\" \/>\n<meta name=\"twitter:label1\" content=\"Gesch\u00e4tzte Lesezeit\" \/>\n\t<meta name=\"twitter:data1\" content=\"2\u00a0Minuten\" \/>\n<script type=\"application\/ld+json\" class=\"yoast-schema-graph\">{\"@context\":\"https:\\\/\\\/schema.org\",\"@graph\":[{\"@type\":\"WebPage\",\"@id\":\"https:\\\/\\\/rau.de\\\/de\\\/masse-und-schnittzeichnungen\\\/\",\"url\":\"https:\\\/\\\/rau.de\\\/de\\\/masse-und-schnittzeichnungen\\\/\",\"name\":\"Schnittzeichnungen & Ma\u00dfe einer L\u00e4rmschutzwand \ud83d\udd07\",\"isPartOf\":{\"@id\":\"https:\\\/\\\/rau.de\\\/de\\\/#website\"},\"primaryImageOfPage\":{\"@id\":\"https:\\\/\\\/rau.de\\\/de\\\/masse-und-schnittzeichnungen\\\/#primaryimage\"},\"image\":{\"@id\":\"https:\\\/\\\/rau.de\\\/de\\\/masse-und-schnittzeichnungen\\\/#primaryimage\"},\"thumbnailUrl\":\"https:\\\/\\\/rau.de\\\/wp-content\\\/uploads\\\/Technische-Zeichnung-verschieden-grosser-Laermschutzwaende-mit-Massangaben.jpg\",\"datePublished\":\"2022-02-23T15:34:45+00:00\",\"dateModified\":\"2025-03-31T13:18:53+00:00\",\"description\":\"Da jede L\u00e4rmschutzwand individuell geplant, produziert und aufgebaut wird, variieren auch die Ma\u00dfe.\ud83d\udccf Wir beraten Sie gerne.\ud83d\udcde | rau.de\",\"breadcrumb\":{\"@id\":\"https:\\\/\\\/rau.de\\\/de\\\/masse-und-schnittzeichnungen\\\/#breadcrumb\"},\"inLanguage\":\"de\",\"potentialAction\":[{\"@type\":\"ReadAction\",\"target\":[\"https:\\\/\\\/rau.de\\\/de\\\/masse-und-schnittzeichnungen\\\/\"]}]},{\"@type\":\"ImageObject\",\"inLanguage\":\"de\",\"@id\":\"https:\\\/\\\/rau.de\\\/de\\\/masse-und-schnittzeichnungen\\\/#primaryimage\",\"url\":\"https:\\\/\\\/rau.de\\\/wp-content\\\/uploads\\\/Technische-Zeichnung-verschieden-grosser-Laermschutzwaende-mit-Massangaben.jpg\",\"contentUrl\":\"https:\\\/\\\/rau.de\\\/wp-content\\\/uploads\\\/Technische-Zeichnung-verschieden-grosser-Laermschutzwaende-mit-Massangaben.jpg\",\"width\":2560,\"height\":914,\"caption\":\"Technische Zeichnung verschieden gro\u00dfer L\u00e4rmschutzw\u00e4nde mit Ma\u00dfangaben, die nebeneinandere augezeichnet sind\"},{\"@type\":\"BreadcrumbList\",\"@id\":\"https:\\\/\\\/rau.de\\\/de\\\/masse-und-schnittzeichnungen\\\/#breadcrumb\",\"itemListElement\":[{\"@type\":\"ListItem\",\"position\":1,\"name\":\"Startseite\",\"item\":\"https:\\\/\\\/rau.de\\\/de\\\/\"},{\"@type\":\"ListItem\",\"position\":2,\"name\":\"Ma\u00dfe und Schnittzeichnungen\"}]},{\"@type\":\"WebSite\",\"@id\":\"https:\\\/\\\/rau.de\\\/de\\\/#website\",\"url\":\"https:\\\/\\\/rau.de\\\/de\\\/\",\"name\":\"Rau | L\u00e4rmschutzw\u00e4nde\",\"description\":\"Entwicklung und Umsetzung von L\u00e4rmschutzwand und Schallschutzwand\",\"publisher\":{\"@id\":\"https:\\\/\\\/rau.de\\\/de\\\/#organization\"},\"potentialAction\":[{\"@type\":\"SearchAction\",\"target\":{\"@type\":\"EntryPoint\",\"urlTemplate\":\"https:\\\/\\\/rau.de\\\/de\\\/?s={search_term_string}\"},\"query-input\":{\"@type\":\"PropertyValueSpecification\",\"valueRequired\":true,\"valueName\":\"search_term_string\"}}],\"inLanguage\":\"de\"},{\"@type\":\"Organization\",\"@id\":\"https:\\\/\\\/rau.de\\\/de\\\/#organization\",\"name\":\"RAU L\u00e4rmschutzw\u00e4nde \u2013 Geosystem GBK GmbH\",\"url\":\"https:\\\/\\\/rau.de\\\/de\\\/\",\"logo\":{\"@type\":\"ImageObject\",\"inLanguage\":\"de\",\"@id\":\"https:\\\/\\\/rau.de\\\/de\\\/#\\\/schema\\\/logo\\\/image\\\/\",\"url\":\"https:\\\/\\\/rau.de\\\/wp-content\\\/uploads\\\/web_logo.png\",\"contentUrl\":\"https:\\\/\\\/rau.de\\\/wp-content\\\/uploads\\\/web_logo.png\",\"width\":249,\"height\":127,\"caption\":\"RAU L\u00e4rmschutzw\u00e4nde \u2013 Geosystem GBK GmbH\"},\"image\":{\"@id\":\"https:\\\/\\\/rau.de\\\/de\\\/#\\\/schema\\\/logo\\\/image\\\/\"}}]}<\/script>\n<!-- \/ Yoast SEO plugin. -->","yoast_head_json":{"title":"Schnittzeichnungen & Ma\u00dfe einer L\u00e4rmschutzwand \ud83d\udd07","description":"Da jede L\u00e4rmschutzwand individuell geplant, produziert und aufgebaut wird, variieren auch die Ma\u00dfe.\ud83d\udccf Wir beraten Sie gerne.\ud83d\udcde | rau.de","robots":{"index":"index","follow":"follow","max-snippet":"max-snippet:-1","max-image-preview":"max-image-preview:large","max-video-preview":"max-video-preview:-1"},"canonical":"https:\/\/rau.de\/de\/masse-und-schnittzeichnungen\/","og_locale":"de_DE","og_type":"article","og_title":"Schnittzeichnungen & Ma\u00dfe einer L\u00e4rmschutzwand \ud83d\udd07","og_description":"Da jede L\u00e4rmschutzwand individuell geplant, produziert und aufgebaut wird, variieren auch die Ma\u00dfe.\ud83d\udccf Wir beraten Sie gerne.\ud83d\udcde | rau.de","og_url":"https:\/\/rau.de\/de\/masse-und-schnittzeichnungen\/","og_site_name":"Rau | L\u00e4rmschutzw\u00e4nde","article_modified_time":"2025-03-31T13:18:53+00:00","og_image":[{"width":2560,"height":914,"url":"https:\/\/rau.de\/wp-content\/uploads\/Technische-Zeichnung-verschieden-grosser-Laermschutzwaende-mit-Massangaben.jpg","type":"image\/jpeg"}],"twitter_card":"summary_large_image","twitter_misc":{"Gesch\u00e4tzte Lesezeit":"2\u00a0Minuten"},"schema":{"@context":"https:\/\/schema.org","@graph":[{"@type":"WebPage","@id":"https:\/\/rau.de\/de\/masse-und-schnittzeichnungen\/","url":"https:\/\/rau.de\/de\/masse-und-schnittzeichnungen\/","name":"Schnittzeichnungen & Ma\u00dfe einer L\u00e4rmschutzwand \ud83d\udd07","isPartOf":{"@id":"https:\/\/rau.de\/de\/#website"},"primaryImageOfPage":{"@id":"https:\/\/rau.de\/de\/masse-und-schnittzeichnungen\/#primaryimage"},"image":{"@id":"https:\/\/rau.de\/de\/masse-und-schnittzeichnungen\/#primaryimage"},"thumbnailUrl":"https:\/\/rau.de\/wp-content\/uploads\/Technische-Zeichnung-verschieden-grosser-Laermschutzwaende-mit-Massangaben.jpg","datePublished":"2022-02-23T15:34:45+00:00","dateModified":"2025-03-31T13:18:53+00:00","description":"Da jede L\u00e4rmschutzwand individuell geplant, produziert und aufgebaut wird, variieren auch die Ma\u00dfe.\ud83d\udccf Wir beraten Sie gerne.\ud83d\udcde | rau.de","breadcrumb":{"@id":"https:\/\/rau.de\/de\/masse-und-schnittzeichnungen\/#breadcrumb"},"inLanguage":"de","potentialAction":[{"@type":"ReadAction","target":["https:\/\/rau.de\/de\/masse-und-schnittzeichnungen\/"]}]},{"@type":"ImageObject","inLanguage":"de","@id":"https:\/\/rau.de\/de\/masse-und-schnittzeichnungen\/#primaryimage","url":"https:\/\/rau.de\/wp-content\/uploads\/Technische-Zeichnung-verschieden-grosser-Laermschutzwaende-mit-Massangaben.jpg","contentUrl":"https:\/\/rau.de\/wp-content\/uploads\/Technische-Zeichnung-verschieden-grosser-Laermschutzwaende-mit-Massangaben.jpg","width":2560,"height":914,"caption":"Technische Zeichnung verschieden gro\u00dfer L\u00e4rmschutzw\u00e4nde mit Ma\u00dfangaben, die nebeneinandere augezeichnet sind"},{"@type":"BreadcrumbList","@id":"https:\/\/rau.de\/de\/masse-und-schnittzeichnungen\/#breadcrumb","itemListElement":[{"@type":"ListItem","position":1,"name":"Startseite","item":"https:\/\/rau.de\/de\/"},{"@type":"ListItem","position":2,"name":"Ma\u00dfe und Schnittzeichnungen"}]},{"@type":"WebSite","@id":"https:\/\/rau.de\/de\/#website","url":"https:\/\/rau.de\/de\/","name":"Rau | L\u00e4rmschutzw\u00e4nde","description":"Entwicklung und Umsetzung von L\u00e4rmschutzwand und Schallschutzwand","publisher":{"@id":"https:\/\/rau.de\/de\/#organization"},"potentialAction":[{"@type":"SearchAction","target":{"@type":"EntryPoint","urlTemplate":"https:\/\/rau.de\/de\/?s={search_term_string}"},"query-input":{"@type":"PropertyValueSpecification","valueRequired":true,"valueName":"search_term_string"}}],"inLanguage":"de"},{"@type":"Organization","@id":"https:\/\/rau.de\/de\/#organization","name":"RAU L\u00e4rmschutzw\u00e4nde \u2013 Geosystem GBK GmbH","url":"https:\/\/rau.de\/de\/","logo":{"@type":"ImageObject","inLanguage":"de","@id":"https:\/\/rau.de\/de\/#\/schema\/logo\/image\/","url":"https:\/\/rau.de\/wp-content\/uploads\/web_logo.png","contentUrl":"https:\/\/rau.de\/wp-content\/uploads\/web_logo.png","width":249,"height":127,"caption":"RAU L\u00e4rmschutzw\u00e4nde \u2013 Geosystem GBK GmbH"},"image":{"@id":"https:\/\/rau.de\/de\/#\/schema\/logo\/image\/"}}]}},"_links":{"self":[{"href":"https:\/\/rau.de\/de\/wp-json\/wp\/v2\/pages\/23110","targetHints":{"allow":["GET"]}}],"collection":[{"href":"https:\/\/rau.de\/de\/wp-json\/wp\/v2\/pages"}],"about":[{"href":"https:\/\/rau.de\/de\/wp-json\/wp\/v2\/types\/page"}],"author":[{"embeddable":true,"href":"https:\/\/rau.de\/de\/wp-json\/wp\/v2\/users\/2"}],"replies":[{"embeddable":true,"href":"https:\/\/rau.de\/de\/wp-json\/wp\/v2\/comments?post=23110"}],"version-history":[{"count":39,"href":"https:\/\/rau.de\/de\/wp-json\/wp\/v2\/pages\/23110\/revisions"}],"predecessor-version":[{"id":31924,"href":"https:\/\/rau.de\/de\/wp-json\/wp\/v2\/pages\/23110\/revisions\/31924"}],"wp:featuredmedia":[{"embeddable":true,"href":"https:\/\/rau.de\/de\/wp-json\/wp\/v2\/media\/31814"}],"wp:attachment":[{"href":"https:\/\/rau.de\/de\/wp-json\/wp\/v2\/media?parent=23110"}],"curies":[{"name":"wp","href":"https:\/\/api.w.org\/{rel}","templated":true}]}}