{"id":22235,"date":"2021-09-02T17:46:11","date_gmt":"2021-09-02T15:46:11","guid":{"rendered":"https:\/\/rau.de\/?page_id=22235"},"modified":"2022-11-28T10:23:30","modified_gmt":"2022-11-28T09:23:30","slug":"magazin","status":"publish","type":"page","link":"https:\/\/rau.de\/de\/magazin\/","title":{"rendered":"Magazin"},"content":{"rendered":"<section class=\"l-section wpb_row height_medium full_height valign_center with_img parallax_fixed\" id=\"kontakt\"><div class=\"l-section-img\" role=\"img\" data-img-width=\"2000\" data-img-height=\"1122\" style=\"background-image: url(https:\/\/rau.de\/wp-content\/uploads\/bg.jpg);\"><\/div><div class=\"l-section-h i-cf\"><div class=\"g-cols vc_row via_flex valign_top type_default stacking_default\"><div class=\"vc_col-sm-12 wpb_column vc_column_container\"><div class=\"vc_column-inner\"><div class=\"wpb_wrapper\"><div class=\"g-cols wpb_row content_top via_flex valign_top type_default stacking_default\"><div class=\"vc_col-sm-12 wpb_column vc_column_container\"><div class=\"vc_column-inner\"><div class=\"wpb_wrapper\"><h1 class=\"w-post-elm post_title entry-title color_link_inherit\">Magazin<\/h1><\/div><\/div><\/div><\/div><div class=\"g-cols wpb_row us_custom_4fb9e5a3 content_text via_flex valign_top type_default stacking_default\"><div class=\"vc_col-sm-12 wpb_column vc_column_container\"><div class=\"vc_column-inner\"><div class=\"wpb_wrapper\"><div class=\"w-grid type_grid layout_163 cols_3\" id=\"us_grid_1\" style=\"--gap:1.5rem;\" data-filterable=\"true\"><style>@media (max-width:1024px){#us_grid_1 .w-grid-item{width:50%}}@media (max-width:600px){#us_grid_1 .w-grid-list{margin:0}#us_grid_1 .w-grid-item{width:100%;padding:0;margin-bottom:var(--gap,0px)}}.layout_163 .w-grid-item-h{}.layout_163 .usg_post_image_1{margin-bottom:1rem!important}.layout_163 .usg_post_title_1{font-size:1.4rem!important;margin-bottom:0.5rem!important}.layout_163 .usg_hwrapper_1{color:#999999!important;font-size:0.9rem!important}.layout_163 .usg_post_content_1{margin-top:0.5rem!important}.layout_163 .usg_btn_1{margin-top:1.5rem!important}@media (min-width:1025px) and (max-width:1280px){.layout_163 .usg_post_image_1{margin-bottom:1rem!important}.layout_163 .usg_post_title_1{font-size:1.4rem!important;margin-bottom:0.5rem!important}.layout_163 .usg_hwrapper_1{color:#999999!important;font-size:0.9rem!important}.layout_163 .usg_post_content_1{margin-top:0.5rem!important}.layout_163 .usg_btn_1{margin-top:1.5rem!important}}@media (min-width:601px) and (max-width:1024px){.layout_163 .usg_post_image_1{margin-bottom:1rem!important}.layout_163 .usg_post_title_1{font-size:1.4rem!important;margin-bottom:0.5rem!important}.layout_163 .usg_hwrapper_1{color:#999999!important;font-size:0.9rem!important}.layout_163 .usg_post_content_1{margin-top:0.5rem!important}.layout_163 .usg_btn_1{margin-top:1.5rem!important}}@media (max-width:600px){.layout_163 .usg_post_image_1{margin-bottom:1rem!important}.layout_163 .usg_post_title_1{font-size:1.4rem!important;margin-bottom:0.5rem!important}.layout_163 .usg_hwrapper_1{color:#999999!important;font-size:0.9rem!important}.layout_163 .usg_post_content_1{margin-top:0.5rem!important}.layout_163 .usg_btn_1{margin-top:1.5rem!important}}<\/style><div class=\"w-grid-list\">\t<article class=\"w-grid-item size_1x1 post-26665 magazin type-magazin status-publish has-post-thumbnail hentry\" data-id=\"26665\">\r\n\t\t<div class=\"w-grid-item-h\">\r\n\t\t\t\t\t\t<div class=\"w-post-elm post_image usg_post_image_1 stretched\"><a href=\"https:\/\/rau.de\/de\/magazin\/laermschutz-im-wohngebiet-mit-rau\/\" aria-label=\"L\u00e4rmschutz im Wohngebiet mit RAU\"><img loading=\"lazy\" decoding=\"async\" width=\"1024\" height=\"683\" src=\"https:\/\/rau.de\/wp-content\/uploads\/Laermschutz-im-Wohngebiet-mit-Rau-1024x683-1.jpg\" class=\"attachment-large size-large wp-post-image\" alt=\"L\u00e4rmschutz im Wohngebiet mit RAU\" srcset=\"https:\/\/rau.de\/wp-content\/uploads\/Laermschutz-im-Wohngebiet-mit-Rau-1024x683-1.jpg 1024w, https:\/\/rau.de\/wp-content\/uploads\/Laermschutz-im-Wohngebiet-mit-Rau-1024x683-1-300x200.jpg 300w\" sizes=\"auto, (max-width: 1024px) 100vw, 1024px\" \/><\/a><\/div><h2 class=\"w-post-elm post_title usg_post_title_1 entry-title color_link_inherit\"><a href=\"https:\/\/rau.de\/de\/magazin\/laermschutz-im-wohngebiet-mit-rau\/\">L\u00e4rmschutz im Wohngebiet mit RAU<\/a><\/h2><div class=\"w-hwrapper usg_hwrapper_1 has_text_color align_left valign_top wrap\"><\/div><div class=\"w-post-elm post_content usg_post_content_1\">L\u00e4rm ist f\u00fcr die meisten Menschen leider allgegenw\u00e4rtig. Dabei stellt er nicht nur einen tempor\u00e4ren St\u00f6rfaktor dar, sondern kann langfristig&hellip;<\/div><a class=\"w-btn us-btn-style_2 usg_btn_1\" href=\"https:\/\/rau.de\/de\/magazin\/laermschutz-im-wohngebiet-mit-rau\/\"><span class=\"w-btn-label\">Weiterlesen<\/span><\/a>\t\t<\/div>\r\n\t<\/article>\r\n\t<article class=\"w-grid-item size_1x1 post-26623 magazin type-magazin status-publish has-post-thumbnail hentry\" data-id=\"26623\">\r\n\t\t<div class=\"w-grid-item-h\">\r\n\t\t\t\t\t\t<div class=\"w-post-elm post_image usg_post_image_1 stretched\"><a href=\"https:\/\/rau.de\/de\/magazin\/hochabsorbierende-laermschutzwand-vs-reflektierender-schallschutz\/\" aria-label=\"Hochabsorbierende L\u00e4rmschutzwand vs. reflektierender Schallschutz\"><img loading=\"lazy\" decoding=\"async\" width=\"1024\" height=\"683\" src=\"https:\/\/rau.de\/wp-content\/uploads\/hochabsorbierende-laermschutzwand-reflektierender-schallschutz.jpg\" class=\"attachment-large size-large wp-post-image\" alt=\"Hochabsorbierende L\u00e4rmschutzwand versus reflektierender Schallschutz\" srcset=\"https:\/\/rau.de\/wp-content\/uploads\/hochabsorbierende-laermschutzwand-reflektierender-schallschutz.jpg 1024w, https:\/\/rau.de\/wp-content\/uploads\/hochabsorbierende-laermschutzwand-reflektierender-schallschutz-300x200.jpg 300w\" sizes=\"auto, (max-width: 1024px) 100vw, 1024px\" \/><\/a><\/div><h2 class=\"w-post-elm post_title usg_post_title_1 entry-title color_link_inherit\"><a href=\"https:\/\/rau.de\/de\/magazin\/hochabsorbierende-laermschutzwand-vs-reflektierender-schallschutz\/\">Hochabsorbierende L\u00e4rmschutzwand vs. reflektierender Schallschutz<\/a><\/h2><div class=\"w-hwrapper usg_hwrapper_1 has_text_color align_left valign_top wrap\"><\/div><div class=\"w-post-elm post_content usg_post_content_1\">Aufgrund von steigenden L\u00e4rmpegeln besonders in Ballungsr\u00e4umen sind Schallschutzsysteme kaum noch aus Land- und Stadtgebieten wegzudenken. Sie sorgen daf\u00fcr, dass&hellip;<\/div><a class=\"w-btn us-btn-style_2 usg_btn_1\" href=\"https:\/\/rau.de\/de\/magazin\/hochabsorbierende-laermschutzwand-vs-reflektierender-schallschutz\/\"><span class=\"w-btn-label\">Weiterlesen<\/span><\/a>\t\t<\/div>\r\n\t<\/article>\r\n\t<article class=\"w-grid-item size_1x1 post-26456 magazin type-magazin status-publish has-post-thumbnail hentry\" data-id=\"26456\">\r\n\t\t<div class=\"w-grid-item-h\">\r\n\t\t\t\t\t\t<div class=\"w-post-elm post_image usg_post_image_1 stretched\"><a href=\"https:\/\/rau.de\/de\/magazin\/laermschutz-oeffentlicher-verkehr\/\" aria-label=\"L\u00e4rmschutz bei Schienenverkehr durch Tram und Bus mit RAU\"><img loading=\"lazy\" decoding=\"async\" width=\"1024\" height=\"683\" src=\"https:\/\/rau.de\/wp-content\/uploads\/Moderne-Strassenbahn-mit-blau-weisser-Lackierung.jpeg\" class=\"attachment-large size-large wp-post-image\" alt=\"Moderne Stra\u00dfenbahn mit blau-wei\u00dfer Lackierung f\u00e4hrt durch eine gr\u00fcne, st\u00e4dtische Umgebung\" srcset=\"https:\/\/rau.de\/wp-content\/uploads\/Moderne-Strassenbahn-mit-blau-weisser-Lackierung.jpeg 1024w, https:\/\/rau.de\/wp-content\/uploads\/Moderne-Strassenbahn-mit-blau-weisser-Lackierung-300x200.jpeg 300w\" sizes=\"auto, (max-width: 1024px) 100vw, 1024px\" \/><\/a><\/div><h2 class=\"w-post-elm post_title usg_post_title_1 entry-title color_link_inherit\"><a href=\"https:\/\/rau.de\/de\/magazin\/laermschutz-oeffentlicher-verkehr\/\">L\u00e4rmschutz bei Schienenverkehr durch Tram und Bus mit RAU<\/a><\/h2><div class=\"w-hwrapper usg_hwrapper_1 has_text_color align_left valign_top wrap\"><\/div><div class=\"w-post-elm post_content usg_post_content_1\">Besonders in Ballungsr\u00e4umen entwickelt sich durch das wachsende Verkehrsaufkommen und einen steigenden Mobilit\u00e4tsbedarf eine Belastung durch L\u00e4rm. Neben Stra\u00dfenverkehrsl\u00e4rm entsteht&hellip;<\/div><a class=\"w-btn us-btn-style_2 usg_btn_1\" href=\"https:\/\/rau.de\/de\/magazin\/laermschutz-oeffentlicher-verkehr\/\"><span class=\"w-btn-label\">Weiterlesen<\/span><\/a>\t\t<\/div>\r\n\t<\/article>\r\n\t<article class=\"w-grid-item size_1x1 post-26415 magazin type-magazin status-publish has-post-thumbnail hentry\" data-id=\"26415\">\r\n\t\t<div class=\"w-grid-item-h\">\r\n\t\t\t\t\t\t<div class=\"w-post-elm post_image usg_post_image_1 stretched\"><a href=\"https:\/\/rau.de\/de\/magazin\/aktiver-passiver-laermschutz\/\" aria-label=\"Was ist aktiver L\u00e4rmschutz? Warum ist er so wichtig?\"><img loading=\"lazy\" decoding=\"async\" width=\"1024\" height=\"683\" src=\"https:\/\/rau.de\/wp-content\/uploads\/Nahaufnahme-einer-modernen-Schallschutzwand-entlang-von-Bahngleisen.jpg\" class=\"attachment-large size-large wp-post-image\" alt=\"Nahaufnahme einer modernen Schallschutzwand entlang von Bahngleisen mit Oberleitungen\" srcset=\"https:\/\/rau.de\/wp-content\/uploads\/Nahaufnahme-einer-modernen-Schallschutzwand-entlang-von-Bahngleisen.jpg 1024w, https:\/\/rau.de\/wp-content\/uploads\/Nahaufnahme-einer-modernen-Schallschutzwand-entlang-von-Bahngleisen-300x200.jpg 300w\" sizes=\"auto, (max-width: 1024px) 100vw, 1024px\" \/><\/a><\/div><h2 class=\"w-post-elm post_title usg_post_title_1 entry-title color_link_inherit\"><a href=\"https:\/\/rau.de\/de\/magazin\/aktiver-passiver-laermschutz\/\">Was ist aktiver L\u00e4rmschutz? Warum ist er so wichtig?<\/a><\/h2><div class=\"w-hwrapper usg_hwrapper_1 has_text_color align_left valign_top wrap\"><\/div><div class=\"w-post-elm post_content usg_post_content_1\">Viele Menschen sind ihm tagt\u00e4glich ausgesetzt: L\u00e4rm. Gerade in der heutigen Zeit, die durch zunehmende Mobilit\u00e4t und kontinuierlichen Ausbau gepr\u00e4gt&hellip;<\/div><a class=\"w-btn us-btn-style_2 usg_btn_1\" href=\"https:\/\/rau.de\/de\/magazin\/aktiver-passiver-laermschutz\/\"><span class=\"w-btn-label\">Weiterlesen<\/span><\/a>\t\t<\/div>\r\n\t<\/article>\r\n\t<article class=\"w-grid-item size_1x1 post-26279 magazin type-magazin status-publish has-post-thumbnail hentry\" data-id=\"26279\">\r\n\t\t<div class=\"w-grid-item-h\">\r\n\t\t\t\t\t\t<div class=\"w-post-elm post_image usg_post_image_1 stretched\"><a href=\"https:\/\/rau.de\/de\/magazin\/laermschutz-freizeitanlagen\/\" aria-label=\"L\u00e4rmschutz f\u00fcr den Sportplatz und Freizeitanlagen mit RAU\"><img loading=\"lazy\" decoding=\"async\" width=\"1024\" height=\"683\" src=\"https:\/\/rau.de\/wp-content\/uploads\/Gruener-Kunstrasen-Sportplatz-mit-Toren.jpeg\" class=\"attachment-large size-large wp-post-image\" alt=\"Gr\u00fcner Kunstrasen-Sportplatz mit Toren, umgeben von B\u00e4umen unter bew\u00f6lktem Himmel\" srcset=\"https:\/\/rau.de\/wp-content\/uploads\/Gruener-Kunstrasen-Sportplatz-mit-Toren.jpeg 1024w, https:\/\/rau.de\/wp-content\/uploads\/Gruener-Kunstrasen-Sportplatz-mit-Toren-300x200.jpeg 300w\" sizes=\"auto, (max-width: 1024px) 100vw, 1024px\" \/><\/a><\/div><h2 class=\"w-post-elm post_title usg_post_title_1 entry-title color_link_inherit\"><a href=\"https:\/\/rau.de\/de\/magazin\/laermschutz-freizeitanlagen\/\">L\u00e4rmschutz f\u00fcr den Sportplatz und Freizeitanlagen mit RAU<\/a><\/h2><div class=\"w-hwrapper usg_hwrapper_1 has_text_color align_left valign_top wrap\"><\/div><div class=\"w-post-elm post_content usg_post_content_1\">Es ist kein Geheimnis, dass L\u00e4rm oft f\u00fcr Streitigkeiten zwischen Nachbarn sorgt. Insbesondere im Zusammenhang mit Sport- und Freizeitanlagen kommt&hellip;<\/div><a class=\"w-btn us-btn-style_2 usg_btn_1\" href=\"https:\/\/rau.de\/de\/magazin\/laermschutz-freizeitanlagen\/\"><span class=\"w-btn-label\">Weiterlesen<\/span><\/a>\t\t<\/div>\r\n\t<\/article>\r\n\t<article class=\"w-grid-item size_1x1 post-26098 magazin type-magazin status-publish has-post-thumbnail hentry\" data-id=\"26098\">\r\n\t\t<div class=\"w-grid-item-h\">\r\n\t\t\t\t\t\t<div class=\"w-post-elm post_image usg_post_image_1 stretched\"><a href=\"https:\/\/rau.de\/de\/magazin\/noiseguardgreen\/\" aria-label=\"L\u00e4rmschutzwand f\u00fcr Bahntrassen offiziell empfohlen \u2013 NoiseGuardGreen\"><img loading=\"lazy\" decoding=\"async\" width=\"1024\" height=\"683\" src=\"https:\/\/rau.de\/wp-content\/uploads\/Bahngleise-mit-Oberleitungen-verlaufen-entlang-einer-hohen-Schallschutzwand.jpg\" class=\"attachment-large size-large wp-post-image\" alt=\"Bahngleise mit Oberleitungen verlaufen entlang einer hohen Schallschutzwand unter blauem Himmel\" srcset=\"https:\/\/rau.de\/wp-content\/uploads\/Bahngleise-mit-Oberleitungen-verlaufen-entlang-einer-hohen-Schallschutzwand.jpg 1024w, https:\/\/rau.de\/wp-content\/uploads\/Bahngleise-mit-Oberleitungen-verlaufen-entlang-einer-hohen-Schallschutzwand-300x200.jpg 300w\" sizes=\"auto, (max-width: 1024px) 100vw, 1024px\" \/><\/a><\/div><h2 class=\"w-post-elm post_title usg_post_title_1 entry-title color_link_inherit\"><a href=\"https:\/\/rau.de\/de\/magazin\/noiseguardgreen\/\">L\u00e4rmschutzwand f\u00fcr Bahntrassen offiziell empfohlen \u2013 NoiseGuardGreen<\/a><\/h2><div class=\"w-hwrapper usg_hwrapper_1 has_text_color align_left valign_top wrap\"><\/div><div class=\"w-post-elm post_content usg_post_content_1\">L\u00e4rmschutzw\u00e4nde an Bahnstrecken sind kaum noch wegzudenken. Sie sorgen daf\u00fcr, dass Menschen in der Umgebung der Gleise nicht \u00fcberm\u00e4\u00dfig vom&hellip;<\/div><a class=\"w-btn us-btn-style_2 usg_btn_1\" href=\"https:\/\/rau.de\/de\/magazin\/noiseguardgreen\/\"><span class=\"w-btn-label\">Weiterlesen<\/span><\/a>\t\t<\/div>\r\n\t<\/article>\r\n\t<article class=\"w-grid-item size_1x1 post-26058 magazin type-magazin status-publish has-post-thumbnail hentry\" data-id=\"26058\">\r\n\t\t<div class=\"w-grid-item-h\">\r\n\t\t\t\t\t\t<div class=\"w-post-elm post_image usg_post_image_1 stretched\"><a href=\"https:\/\/rau.de\/de\/magazin\/laerm-elektroautos\/\" aria-label=\"L\u00e4rm und Elektroauto: darum werden L\u00e4rmschutzw\u00e4nde weiterhin ben\u00f6tigt\"><img loading=\"lazy\" decoding=\"async\" width=\"1024\" height=\"683\" src=\"https:\/\/rau.de\/wp-content\/uploads\/Ladendes-Elektrofahrzeug-am-Strassenrand.jpg\" class=\"attachment-large size-large wp-post-image\" alt=\"Ladendes Elektofahrzeug am Strassenrand\" srcset=\"https:\/\/rau.de\/wp-content\/uploads\/Ladendes-Elektrofahrzeug-am-Strassenrand.jpg 1024w, https:\/\/rau.de\/wp-content\/uploads\/Ladendes-Elektrofahrzeug-am-Strassenrand-300x200.jpg 300w\" sizes=\"auto, (max-width: 1024px) 100vw, 1024px\" \/><\/a><\/div><h2 class=\"w-post-elm post_title usg_post_title_1 entry-title color_link_inherit\"><a href=\"https:\/\/rau.de\/de\/magazin\/laerm-elektroautos\/\">L\u00e4rm und Elektroauto: darum werden L\u00e4rmschutzw\u00e4nde weiterhin ben\u00f6tigt<\/a><\/h2><div class=\"w-hwrapper usg_hwrapper_1 has_text_color align_left valign_top wrap\"><\/div><div class=\"w-post-elm post_content usg_post_content_1\">Viele Menschen entscheiden sich daf\u00fcr, auf ein Elektroauto, kurz E-Auto, umzusteigen. In Zeiten von steigenden Benzinpreisen scheint ein Elektroauto die&hellip;<\/div><a class=\"w-btn us-btn-style_2 usg_btn_1\" href=\"https:\/\/rau.de\/de\/magazin\/laerm-elektroautos\/\"><span class=\"w-btn-label\">Weiterlesen<\/span><\/a>\t\t<\/div>\r\n\t<\/article>\r\n\t<article class=\"w-grid-item size_1x1 post-23948 magazin type-magazin status-publish has-post-thumbnail hentry\" data-id=\"23948\">\r\n\t\t<div class=\"w-grid-item-h\">\r\n\t\t\t\t\t\t<div class=\"w-post-elm post_image usg_post_image_1 stretched\"><a href=\"https:\/\/rau.de\/de\/magazin\/laermschutz-flughaefen\/\" aria-label=\"L\u00e4rmschutz rund um Flugh\u00e4fen mit RAU\"><img loading=\"lazy\" decoding=\"async\" width=\"1024\" height=\"683\" src=\"https:\/\/rau.de\/wp-content\/uploads\/Flugzeug-fliegt-tief-ueber-ein-Wohngebaeude.jpeg\" class=\"attachment-large size-large wp-post-image\" alt=\"Flugzeug fliegt tief \u00fcber ein Wohngeb\u00e4ude bei klarem Himmel\" srcset=\"https:\/\/rau.de\/wp-content\/uploads\/Flugzeug-fliegt-tief-ueber-ein-Wohngebaeude.jpeg 1024w, https:\/\/rau.de\/wp-content\/uploads\/Flugzeug-fliegt-tief-ueber-ein-Wohngebaeude-300x200.jpeg 300w\" sizes=\"auto, (max-width: 1024px) 100vw, 1024px\" \/><\/a><\/div><h2 class=\"w-post-elm post_title usg_post_title_1 entry-title color_link_inherit\"><a href=\"https:\/\/rau.de\/de\/magazin\/laermschutz-flughaefen\/\">L\u00e4rmschutz rund um Flugh\u00e4fen mit RAU<\/a><\/h2><div class=\"w-hwrapper usg_hwrapper_1 has_text_color align_left valign_top wrap\"><\/div><div class=\"w-post-elm post_content usg_post_content_1\">Das leise Brummen eines vorbei fliegenden Flugzeugs am Himmel, verbinden viele Menschen vermutlich mit Freiheit, Reisen, Erholung oder einfach Abschalten&hellip;<\/div><a class=\"w-btn us-btn-style_2 usg_btn_1\" href=\"https:\/\/rau.de\/de\/magazin\/laermschutz-flughaefen\/\"><span class=\"w-btn-label\">Weiterlesen<\/span><\/a>\t\t<\/div>\r\n\t<\/article>\r\n\t<article class=\"w-grid-item size_1x1 post-23870 magazin type-magazin status-publish has-post-thumbnail hentry\" data-id=\"23870\">\r\n\t\t<div class=\"w-grid-item-h\">\r\n\t\t\t\t\t\t<div class=\"w-post-elm post_image usg_post_image_1 stretched\"><a href=\"https:\/\/rau.de\/de\/magazin\/laermschutz-industrie-gewerbe\/\" aria-label=\"Schallschutzw\u00e4nde f\u00fcr die Industrie von RAU\"><img loading=\"lazy\" decoding=\"async\" width=\"1024\" height=\"682\" src=\"https:\/\/rau.de\/wp-content\/uploads\/Luftaufnahme-einer-beleuchteten-Industrieanlage-mit-Rohren.jpeg\" class=\"attachment-large size-large wp-post-image\" alt=\"Luftaufnahme einer beleuchteten Industrieanlage mit Rohren, Tanks und dampfenden Schornsteinen\" srcset=\"https:\/\/rau.de\/wp-content\/uploads\/Luftaufnahme-einer-beleuchteten-Industrieanlage-mit-Rohren.jpeg 1024w, https:\/\/rau.de\/wp-content\/uploads\/Luftaufnahme-einer-beleuchteten-Industrieanlage-mit-Rohren-300x200.jpeg 300w\" sizes=\"auto, (max-width: 1024px) 100vw, 1024px\" \/><\/a><\/div><h2 class=\"w-post-elm post_title usg_post_title_1 entry-title color_link_inherit\"><a href=\"https:\/\/rau.de\/de\/magazin\/laermschutz-industrie-gewerbe\/\">Schallschutzw\u00e4nde f\u00fcr die Industrie von RAU<\/a><\/h2><div class=\"w-hwrapper usg_hwrapper_1 has_text_color align_left valign_top wrap\"><\/div><div class=\"w-post-elm post_content usg_post_content_1\">F\u00fcr die meisten Menschen vergeht kein Tag, an dem sie L\u00e4rm nicht in irgendeiner Form ausgesetzt sind. Dabei ist er&hellip;<\/div><a class=\"w-btn us-btn-style_2 usg_btn_1\" href=\"https:\/\/rau.de\/de\/magazin\/laermschutz-industrie-gewerbe\/\"><span class=\"w-btn-label\">Weiterlesen<\/span><\/a>\t\t<\/div>\r\n\t<\/article>\r\n\t<article class=\"w-grid-item size_1x1 post-22600 magazin type-magazin status-publish has-post-thumbnail hentry\" data-id=\"22600\">\r\n\t\t<div class=\"w-grid-item-h\">\r\n\t\t\t\t\t\t<div class=\"w-post-elm post_image usg_post_image_1 stretched\"><a href=\"https:\/\/rau.de\/de\/magazin\/laermschutz-strassen-und-schienen\/\" aria-label=\"L\u00e4rmschutz an Stra\u00dfen und Schienen mit RAU\"><img loading=\"lazy\" decoding=\"async\" width=\"1024\" height=\"649\" src=\"https:\/\/rau.de\/wp-content\/uploads\/Eisenbahnschienen-zwischen-modernen-Hochhaeusern.jpeg\" class=\"attachment-large size-large wp-post-image\" alt=\"Eisenbahnschienen zwischen modernen Hochh\u00e4usern in einer Stadtlandschaft\" srcset=\"https:\/\/rau.de\/wp-content\/uploads\/Eisenbahnschienen-zwischen-modernen-Hochhaeusern.jpeg 1024w, https:\/\/rau.de\/wp-content\/uploads\/Eisenbahnschienen-zwischen-modernen-Hochhaeusern-300x190.jpeg 300w\" sizes=\"auto, (max-width: 1024px) 100vw, 1024px\" \/><\/a><\/div><h2 class=\"w-post-elm post_title usg_post_title_1 entry-title color_link_inherit\"><a href=\"https:\/\/rau.de\/de\/magazin\/laermschutz-strassen-und-schienen\/\">L\u00e4rmschutz an Stra\u00dfen und Schienen mit RAU<\/a><\/h2><div class=\"w-hwrapper usg_hwrapper_1 has_text_color align_left valign_top wrap\"><\/div><div class=\"w-post-elm post_content usg_post_content_1\">Tagt\u00e4glich werden wir ihm auf verschiedene Weisen ausgesetzt: L\u00e4rm. Er beeintr\u00e4chtigt sowohl unser allgemeines Wohlbefinden als auch unsere Gesundheit. In&hellip;<\/div><a class=\"w-btn us-btn-style_2 usg_btn_1\" href=\"https:\/\/rau.de\/de\/magazin\/laermschutz-strassen-und-schienen\/\"><span class=\"w-btn-label\">Weiterlesen<\/span><\/a>\t\t<\/div>\r\n\t<\/article>\r\n\t<article class=\"w-grid-item size_1x1 post-22392 magazin type-magazin status-publish has-post-thumbnail hentry\" data-id=\"22392\">\r\n\t\t<div class=\"w-grid-item-h\">\r\n\t\t\t\t\t\t<div class=\"w-post-elm post_image usg_post_image_1 stretched\"><a href=\"https:\/\/rau.de\/de\/magazin\/laermschutz-warum-ist-er-wichtig-und-wie-kann-er-umgesetzt-werden\/\" aria-label=\"L\u00e4rm macht krank: warum L\u00e4rmschutz wichtig ist und wie er umgesetzt werden kann\"><img loading=\"lazy\" decoding=\"async\" width=\"1024\" height=\"683\" src=\"https:\/\/rau.de\/wp-content\/uploads\/Schallpegelmesser-misst-Verkehrslaerm-an-einer-Strasse.jpeg\" class=\"attachment-large size-large wp-post-image\" alt=\"Schallpegelmesser misst Verkehrsl\u00e4rm an einer Stra\u00dfe, w\u00e4hrend ein LKW vorbeif\u00e4hrt\" srcset=\"https:\/\/rau.de\/wp-content\/uploads\/Schallpegelmesser-misst-Verkehrslaerm-an-einer-Strasse.jpeg 1024w, https:\/\/rau.de\/wp-content\/uploads\/Schallpegelmesser-misst-Verkehrslaerm-an-einer-Strasse-300x200.jpeg 300w\" sizes=\"auto, (max-width: 1024px) 100vw, 1024px\" \/><\/a><\/div><h2 class=\"w-post-elm post_title usg_post_title_1 entry-title color_link_inherit\"><a href=\"https:\/\/rau.de\/de\/magazin\/laermschutz-warum-ist-er-wichtig-und-wie-kann-er-umgesetzt-werden\/\">L\u00e4rm macht krank: warum L\u00e4rmschutz wichtig ist und wie er umgesetzt werden kann<\/a><\/h2><div class=\"w-hwrapper usg_hwrapper_1 has_text_color align_left valign_top wrap\"><\/div><div class=\"w-post-elm post_content usg_post_content_1\">Wir alle kennen ihn, viele von uns leiden tagt\u00e4glich darunter: L\u00e4rm. Doch was genau ist L\u00e4rm? Ab wann gilt ein&hellip;<\/div><a class=\"w-btn us-btn-style_2 usg_btn_1\" href=\"https:\/\/rau.de\/de\/magazin\/laermschutz-warum-ist-er-wichtig-und-wie-kann-er-umgesetzt-werden\/\"><span class=\"w-btn-label\">Weiterlesen<\/span><\/a>\t\t<\/div>\r\n\t<\/article>\r\n\t<article class=\"w-grid-item size_1x1 post-22233 magazin type-magazin status-publish has-post-thumbnail hentry\" data-id=\"22233\">\r\n\t\t<div class=\"w-grid-item-h\">\r\n\t\t\t\t\t\t<div class=\"w-post-elm post_image usg_post_image_1 stretched\"><a href=\"https:\/\/rau.de\/de\/magazin\/begruente_laermschutzwaende\/\" aria-label=\"Begr\u00fcnte L\u00e4rmschutzwand \u2013 L\u00e4rmschutzw\u00e4nde nat\u00fcrlich begr\u00fcnen\"><img loading=\"lazy\" decoding=\"async\" width=\"1024\" height=\"683\" src=\"https:\/\/rau.de\/wp-content\/uploads\/Holzwand-mit-dichter-gruener-Kletterpflanzen-Bewachsung.jpg\" class=\"attachment-large size-large wp-post-image\" alt=\"Holzwand mit dichter, gr\u00fcner Kletterpflanzen-Bewachsung in einer nat\u00fcrlichen Umgebung\" srcset=\"https:\/\/rau.de\/wp-content\/uploads\/Holzwand-mit-dichter-gruener-Kletterpflanzen-Bewachsung.jpg 1024w, https:\/\/rau.de\/wp-content\/uploads\/Holzwand-mit-dichter-gruener-Kletterpflanzen-Bewachsung-300x200.jpg 300w\" sizes=\"auto, (max-width: 1024px) 100vw, 1024px\" \/><\/a><\/div><h2 class=\"w-post-elm post_title usg_post_title_1 entry-title color_link_inherit\"><a href=\"https:\/\/rau.de\/de\/magazin\/begruente_laermschutzwaende\/\">Begr\u00fcnte L\u00e4rmschutzwand \u2013 L\u00e4rmschutzw\u00e4nde nat\u00fcrlich begr\u00fcnen<\/a><\/h2><div class=\"w-hwrapper usg_hwrapper_1 has_text_color align_left valign_top wrap\"><\/div><div class=\"w-post-elm post_content usg_post_content_1\">Die L\u00e4rmschutzwand oder die Schallschutzwand sind in St\u00e4dten, an Autobahnen und Stra\u00dfen oder auch in D\u00f6rfern oft eher langweilig best\u00fcckt.&hellip;<\/div><a class=\"w-btn us-btn-style_2 usg_btn_1\" href=\"https:\/\/rau.de\/de\/magazin\/begruente_laermschutzwaende\/\"><span class=\"w-btn-label\">Weiterlesen<\/span><\/a>\t\t<\/div>\r\n\t<\/article>\r\n<\/div><div class=\"w-grid-preloader\">\t<div class=\"g-preloader type_1\">\r\n\t\t<div><\/div>\r\n\t<\/div>\r\n\t<\/div>\t<div class=\"w-grid-json hidden\" onclick='return {&quot;action&quot;:&quot;us_ajax_grid&quot;,&quot;ajax_url&quot;:&quot;https:\\\/\\\/rau.de\\\/wp-admin\\\/admin-ajax.php&quot;,&quot;infinite_scroll&quot;:0,&quot;max_num_pages&quot;:1,&quot;pagination&quot;:&quot;none&quot;,&quot;template_vars&quot;:{&quot;columns&quot;:&quot;3&quot;,&quot;exclude_items&quot;:&quot;none&quot;,&quot;img_size&quot;:&quot;default&quot;,&quot;ignore_items_size&quot;:0,&quot;items_layout&quot;:&quot;163&quot;,&quot;items_offset&quot;:&quot;1&quot;,&quot;load_animation&quot;:&quot;none&quot;,&quot;overriding_link&quot;:&quot;{\\&quot;url\\&quot;:\\&quot;\\&quot;}&quot;,&quot;post_id&quot;:0,&quot;query_args&quot;:{&quot;post_type&quot;:[&quot;magazin&quot;],&quot;post_status&quot;:[&quot;publish&quot;],&quot;posts_per_page&quot;:999},&quot;orderby_query_args&quot;:{&quot;orderby&quot;:{&quot;date&quot;:&quot;DESC&quot;}},&quot;type&quot;:&quot;grid&quot;,&quot;us_grid_ajax_index&quot;:1,&quot;us_grid_filter_params&quot;:[],&quot;us_grid_index&quot;:1,&quot;_us_grid_post_type&quot;:&quot;magazin&quot;,&quot;page_args&quot;:[]}}'><\/div>\r\n\t<\/div><div class=\"w-grid type_grid layout_163 cols_3\" id=\"us_grid_2\" style=\"--gap:1.5rem;\"><style>@media (max-width:1024px){#us_grid_2 .w-grid-item{width:50%}}@media (max-width:600px){#us_grid_2 .w-grid-list{margin:0}#us_grid_2 .w-grid-item{width:100%;padding:0;margin-bottom:var(--gap,0px)}}<\/style><div class=\"w-grid-list\">\t<article class=\"w-grid-item size_1x1 post-23479 page type-page status-publish has-post-thumbnail hentry\" data-id=\"23479\">\r\n\t\t<div class=\"w-grid-item-h\">\r\n\t\t\t\t\t\t<div class=\"w-post-elm post_image usg_post_image_1 stretched\"><a href=\"https:\/\/rau.de\/de\/laermschutz-koeln\/\" aria-label=\"L\u00e4rmschutz f\u00fcr K\u00f6ln und Umgebung von RAU.de\"><img loading=\"lazy\" decoding=\"async\" width=\"1024\" height=\"677\" src=\"https:\/\/rau.de\/wp-content\/uploads\/Panorama-von-Koeln-mit-dem-Koelner-Dom.jpeg\" class=\"attachment-large size-large wp-post-image\" alt=\"Panorama von K\u00f6ln mit dem K\u00f6lner Dom, Gro\u00df St. Martin und der Rheinpromenade bei Abendd\u00e4mmerung\" srcset=\"https:\/\/rau.de\/wp-content\/uploads\/Panorama-von-Koeln-mit-dem-Koelner-Dom.jpeg 1024w, https:\/\/rau.de\/wp-content\/uploads\/Panorama-von-Koeln-mit-dem-Koelner-Dom-300x198.jpeg 300w\" sizes=\"auto, (max-width: 1024px) 100vw, 1024px\" \/><\/a><\/div><h2 class=\"w-post-elm post_title usg_post_title_1 entry-title color_link_inherit\"><a href=\"https:\/\/rau.de\/de\/laermschutz-koeln\/\">L\u00e4rmschutz f\u00fcr K\u00f6ln und Umgebung von RAU.de<\/a><\/h2><div class=\"w-hwrapper usg_hwrapper_1 has_text_color align_left valign_top wrap\"><\/div><div class=\"w-post-elm post_content usg_post_content_1\">[vc_hoverbox image=&#8220;23550&#8243; primary_title=&#8220;&#8220; hover_title=&#8220;&#8220; shape=&#8220;square&#8220; hover_background_color=&#8220;custom&#8220; hover_custom_background=&#8220;#00ae46&#8243;] K\u00f6ln ist das kulturelle Zentrum des Rheingebiets und Heimat von mehr als einer&hellip;<\/div><a class=\"w-btn us-btn-style_2 usg_btn_1\" href=\"https:\/\/rau.de\/de\/laermschutz-koeln\/\"><span class=\"w-btn-label\">Weiterlesen<\/span><\/a>\t\t<\/div>\r\n\t<\/article>\r\n\t<article class=\"w-grid-item size_1x1 post-23420 page type-page status-publish has-post-thumbnail hentry\" data-id=\"23420\">\r\n\t\t<div class=\"w-grid-item-h\">\r\n\t\t\t\t\t\t<div class=\"w-post-elm post_image usg_post_image_1 stretched\"><a href=\"https:\/\/rau.de\/de\/laermschutz-fuer-stuttgart-und-umgebung-von-rau-de\/\" aria-label=\"L\u00e4rmschutz f\u00fcr Stuttgart und Umgebung von RAU.de\"><img loading=\"lazy\" decoding=\"async\" width=\"1024\" height=\"683\" src=\"https:\/\/rau.de\/wp-content\/uploads\/Panorama-von-Villingen-Schwenningen-mit-der-historischen-Altstadt.jpeg\" class=\"attachment-large size-large wp-post-image\" alt=\"Panorama von Villingen-Schwenningen mit der historischen Altstadt und der Kirche unter klarem, blauem Himmel\" srcset=\"https:\/\/rau.de\/wp-content\/uploads\/Panorama-von-Villingen-Schwenningen-mit-der-historischen-Altstadt.jpeg 1024w, https:\/\/rau.de\/wp-content\/uploads\/Panorama-von-Villingen-Schwenningen-mit-der-historischen-Altstadt-300x200.jpeg 300w\" sizes=\"auto, (max-width: 1024px) 100vw, 1024px\" \/><\/a><\/div><h2 class=\"w-post-elm post_title usg_post_title_1 entry-title color_link_inherit\"><a href=\"https:\/\/rau.de\/de\/laermschutz-fuer-stuttgart-und-umgebung-von-rau-de\/\">L\u00e4rmschutz f\u00fcr Stuttgart und Umgebung von RAU.de<\/a><\/h2><div class=\"w-hwrapper usg_hwrapper_1 has_text_color align_left valign_top wrap\"><\/div><div class=\"w-post-elm post_content usg_post_content_1\">[vc_hoverbox image=&#8220;23460&#8243; primary_title=&#8220;&#8220; hover_title=&#8220;&#8220; shape=&#8220;square&#8220; hover_background_color=&#8220;custom&#8220; hover_custom_background=&#8220;#00ae46&#8243;] Stuttgart bietet als das Herzstu\u0308ck von Baden-Wu\u0308rttemberg auf 270 Quadratkilometern Wohnraum fu\u0308r mehr&hellip;<\/div><a class=\"w-btn us-btn-style_2 usg_btn_1\" href=\"https:\/\/rau.de\/de\/laermschutz-fuer-stuttgart-und-umgebung-von-rau-de\/\"><span class=\"w-btn-label\">Weiterlesen<\/span><\/a>\t\t<\/div>\r\n\t<\/article>\r\n\t<article class=\"w-grid-item size_1x1 post-22881 page type-page status-publish has-post-thumbnail hentry\" data-id=\"22881\">\r\n\t\t<div class=\"w-grid-item-h\">\r\n\t\t\t\t\t\t<div class=\"w-post-elm post_image usg_post_image_1 stretched\"><a href=\"https:\/\/rau.de\/de\/laermschutz-hamburg\/\" aria-label=\"L\u00e4rmschutz f\u00fcr Hamburg und Umgebung von RAU.de\"><img loading=\"lazy\" decoding=\"async\" width=\"1024\" height=\"660\" src=\"https:\/\/rau.de\/wp-content\/uploads\/Panorama-der-Hamburger-Elbphilharmonie.jpg\" class=\"attachment-large size-large wp-post-image\" alt=\"Panorama der Hamburger Elbphilharmonie und des Hafens bei Sonnenuntergang\" srcset=\"https:\/\/rau.de\/wp-content\/uploads\/Panorama-der-Hamburger-Elbphilharmonie.jpg 1024w, https:\/\/rau.de\/wp-content\/uploads\/Panorama-der-Hamburger-Elbphilharmonie-300x193.jpg 300w\" sizes=\"auto, (max-width: 1024px) 100vw, 1024px\" \/><\/a><\/div><h2 class=\"w-post-elm post_title usg_post_title_1 entry-title color_link_inherit\"><a href=\"https:\/\/rau.de\/de\/laermschutz-hamburg\/\">L\u00e4rmschutz f\u00fcr Hamburg und Umgebung von RAU.de<\/a><\/h2><div class=\"w-hwrapper usg_hwrapper_1 has_text_color align_left valign_top wrap\"><\/div><div class=\"w-post-elm post_content usg_post_content_1\">[vc_hoverbox image=&#8220;22969&#8243; primary_title=&#8220;&#8220; hover_title=&#8220;&#8220; shape=&#8220;square&#8220; hover_background_color=&#8220;custom&#8220; hover_custom_background=&#8220;#00ae46&#8243;] Die Hansestadt an der Elbe ist mit 1,85 Millionen Einwohnern die zweitgr\u00f6\u00dfte Stadt&hellip;<\/div><a class=\"w-btn us-btn-style_2 usg_btn_1\" href=\"https:\/\/rau.de\/de\/laermschutz-hamburg\/\"><span class=\"w-btn-label\">Weiterlesen<\/span><\/a>\t\t<\/div>\r\n\t<\/article>\r\n\t<article class=\"w-grid-item size_1x1 post-22866 page type-page status-publish has-post-thumbnail hentry\" data-id=\"22866\">\r\n\t\t<div class=\"w-grid-item-h\">\r\n\t\t\t\t\t\t<div class=\"w-post-elm post_image usg_post_image_1 stretched\"><a href=\"https:\/\/rau.de\/de\/laermschutz-berlin\/\" aria-label=\"L\u00e4rmschutzwand f\u00fcr Berlin und Umgebung von RAU.de\"><img loading=\"lazy\" decoding=\"async\" width=\"1024\" height=\"683\" src=\"https:\/\/rau.de\/wp-content\/uploads\/Panorama-von-Berlin-mit-dem-Fernsehturm.jpeg\" class=\"attachment-large size-large wp-post-image\" alt=\"Panorama von Berlin mit dem Fernsehturm, der Spree und historischen Geb\u00e4uden bei Sonnenuntergang\" srcset=\"https:\/\/rau.de\/wp-content\/uploads\/Panorama-von-Berlin-mit-dem-Fernsehturm.jpeg 1024w, https:\/\/rau.de\/wp-content\/uploads\/Panorama-von-Berlin-mit-dem-Fernsehturm-300x200.jpeg 300w\" sizes=\"auto, (max-width: 1024px) 100vw, 1024px\" \/><\/a><\/div><h2 class=\"w-post-elm post_title usg_post_title_1 entry-title color_link_inherit\"><a href=\"https:\/\/rau.de\/de\/laermschutz-berlin\/\">L\u00e4rmschutzwand f\u00fcr Berlin und Umgebung von RAU.de<\/a><\/h2><div class=\"w-hwrapper usg_hwrapper_1 has_text_color align_left valign_top wrap\"><\/div><div class=\"w-post-elm post_content usg_post_content_1\">[vc_hoverbox image=&#8220;22926&#8243; primary_title=&#8220;&#8220; hover_title=&#8220;&#8220; shape=&#8220;square&#8220; hover_background_color=&#8220;custom&#8220; hover_custom_background=&#8220;#00ae46&#8243;] Berlin ist nicht nur die Hauptstadt, sondern auch die gr\u00f6\u00dfte Stadt Deutschlands. Knapp&hellip;<\/div><a class=\"w-btn us-btn-style_2 usg_btn_1\" href=\"https:\/\/rau.de\/de\/laermschutz-berlin\/\"><span class=\"w-btn-label\">Weiterlesen<\/span><\/a>\t\t<\/div>\r\n\t<\/article>\r\n\t<article class=\"w-grid-item size_1x1 post-22769 page type-page status-publish has-post-thumbnail hentry\" data-id=\"22769\">\r\n\t\t<div class=\"w-grid-item-h\">\r\n\t\t\t\t\t\t<div class=\"w-post-elm post_image usg_post_image_1 stretched\"><a href=\"https:\/\/rau.de\/de\/laermschutz-muenchen\/\" aria-label=\"L\u00e4rmschutz f\u00fcr M\u00fcnchen und Umgebung von RAU.de\"><img loading=\"lazy\" decoding=\"async\" width=\"1024\" height=\"682\" src=\"https:\/\/rau.de\/wp-content\/uploads\/Panorama-von-Muenchen-mit-der-Frauenkirche.jpeg\" class=\"attachment-large size-large wp-post-image\" alt=\"Panorama von M\u00fcnchen mit der Frauenkirche und dem Neuen Rathaus unter bew\u00f6lktem Himme\" srcset=\"https:\/\/rau.de\/wp-content\/uploads\/Panorama-von-Muenchen-mit-der-Frauenkirche.jpeg 1024w, https:\/\/rau.de\/wp-content\/uploads\/Panorama-von-Muenchen-mit-der-Frauenkirche-300x200.jpeg 300w\" sizes=\"auto, (max-width: 1024px) 100vw, 1024px\" \/><\/a><\/div><h2 class=\"w-post-elm post_title usg_post_title_1 entry-title color_link_inherit\"><a href=\"https:\/\/rau.de\/de\/laermschutz-muenchen\/\">L\u00e4rmschutz f\u00fcr M\u00fcnchen und Umgebung von RAU.de<\/a><\/h2><div class=\"w-hwrapper usg_hwrapper_1 has_text_color align_left valign_top wrap\"><\/div><div class=\"w-post-elm post_content usg_post_content_1\">[vc_hoverbox image=&#8220;22772&#8243; primary_title=&#8220;&#8220; hover_title=&#8220;&#8220; shape=&#8220;square&#8220; hover_background_color=&#8220;custom&#8220; hover_custom_background=&#8220;#00ae46&#8243;] M\u00fcnchen ist die Landeshauptstadt Bayerns und die drittgr\u00f6\u00dfte Stadt Deutschlands. Bei einer Fl\u00e4che&hellip;<\/div><a class=\"w-btn us-btn-style_2 usg_btn_1\" href=\"https:\/\/rau.de\/de\/laermschutz-muenchen\/\"><span class=\"w-btn-label\">Weiterlesen<\/span><\/a>\t\t<\/div>\r\n\t<\/article>\r\n<\/div><div class=\"w-grid-preloader\">\t<div class=\"g-preloader type_1\">\r\n\t\t<div><\/div>\r\n\t<\/div>\r\n\t<\/div>\t<div class=\"w-grid-json hidden\" onclick='return {&quot;action&quot;:&quot;us_ajax_grid&quot;,&quot;ajax_url&quot;:&quot;https:\\\/\\\/rau.de\\\/wp-admin\\\/admin-ajax.php&quot;,&quot;infinite_scroll&quot;:0,&quot;max_num_pages&quot;:1,&quot;pagination&quot;:&quot;none&quot;,&quot;template_vars&quot;:{&quot;columns&quot;:&quot;3&quot;,&quot;exclude_items&quot;:&quot;none&quot;,&quot;img_size&quot;:&quot;default&quot;,&quot;ignore_items_size&quot;:0,&quot;items_layout&quot;:&quot;163&quot;,&quot;items_offset&quot;:&quot;1&quot;,&quot;load_animation&quot;:&quot;none&quot;,&quot;overriding_link&quot;:&quot;{\\&quot;url\\&quot;:\\&quot;\\&quot;}&quot;,&quot;post_id&quot;:0,&quot;query_args&quot;:{&quot;ignore_sticky_posts&quot;:1,&quot;post_type&quot;:&quot;any&quot;,&quot;post__in&quot;:[&quot;23479&quot;,&quot;22866&quot;,&quot;22881&quot;,&quot;23420&quot;,&quot;22769&quot;],&quot;posts_per_page&quot;:&quot;10&quot;},&quot;orderby_query_args&quot;:{&quot;orderby&quot;:{&quot;date&quot;:&quot;DESC&quot;}},&quot;type&quot;:&quot;grid&quot;,&quot;us_grid_ajax_index&quot;:2,&quot;us_grid_filter_params&quot;:[],&quot;us_grid_index&quot;:2,&quot;_us_grid_post_type&quot;:&quot;ids&quot;,&quot;page_args&quot;:[]}}'><\/div>\r\n\t<\/div><\/div><\/div><\/div><\/div><\/div><\/div><\/div><div class=\"vc_col-sm-12 wpb_column vc_column_container\"><div class=\"vc_column-inner\"><div class=\"wpb_wrapper\"><\/div><\/div><\/div><\/div><\/div><\/section>\n","protected":false},"excerpt":{"rendered":"L\u00e4rmschutz f\u00fcr M\u00fcnchen und Umgebung von RAU.de[vc_hoverbox image=\"22772\" primary_title=\"\" hover_title=\"\" shape=\"square\" hover_background_color=\"custom\" hover_custom_background=\"#00ae46\"] M\u00fcnchen ist die Landeshauptstadt Bayerns und die drittgr\u00f6\u00dfte Stadt Deutschlands. Bei einer Fl\u00e4che von 310 Quadratkilometern und knapp 1,5 Millionen Einwohnerinnen und Einwohnern geh\u00f6rt auch in M\u00fcnchen L\u00e4rm zum Alltag vieler Menschen. Um die hohe Lebensqualit\u00e4t in der Stadt trotzdem aufrechtzuerhalten, ist...","protected":false},"author":2,"featured_media":22497,"parent":0,"menu_order":0,"comment_status":"closed","ping_status":"closed","template":"","meta":{"footnotes":""},"class_list":["post-22235","page","type-page","status-publish","has-post-thumbnail","hentry"],"yoast_head":"<!-- This site is optimized with the Yoast SEO plugin v27.4 - https:\/\/yoast.com\/product\/yoast-seo-wordpress\/ -->\n<title>Magazin - Wissenswertes zum Thema L\u00e4rmschutz<\/title>\n<meta name=\"description\" content=\"In unseren Magazin-Beitr\u00e4gen \ud83d\uddde erwarten Sie interessante, aktuelle Informationen zum Thema L\u00e4rmschutz.\ud83e\udd13 | rau.de\" \/>\n<meta name=\"robots\" content=\"index, follow, max-snippet:-1, max-image-preview:large, max-video-preview:-1\" \/>\n<link rel=\"canonical\" href=\"https:\/\/rau.de\/de\/magazin\/\" \/>\n<meta property=\"og:locale\" content=\"de_DE\" \/>\n<meta property=\"og:type\" content=\"article\" \/>\n<meta property=\"og:title\" content=\"Magazin - Wissenswertes zum Thema L\u00e4rmschutz\" \/>\n<meta property=\"og:description\" content=\"In unseren Magazin-Beitr\u00e4gen \ud83d\uddde erwarten Sie interessante, aktuelle Informationen zum Thema L\u00e4rmschutz.\ud83e\udd13 | rau.de\" \/>\n<meta property=\"og:url\" content=\"https:\/\/rau.de\/de\/magazin\/\" \/>\n<meta property=\"og:site_name\" content=\"Rau | L\u00e4rmschutzw\u00e4nde\" \/>\n<meta property=\"article:modified_time\" content=\"2022-11-28T09:23:30+00:00\" \/>\n<meta property=\"og:image\" content=\"https:\/\/rau.de\/wp-content\/uploads\/AdobeStock_112990385-scaled.jpeg\" \/>\n\t<meta property=\"og:image:width\" content=\"2560\" \/>\n\t<meta property=\"og:image:height\" content=\"1707\" \/>\n\t<meta property=\"og:image:type\" content=\"image\/jpeg\" \/>\n<meta name=\"twitter:card\" content=\"summary_large_image\" \/>\n<meta name=\"twitter:label1\" content=\"Gesch\u00e4tzte Lesezeit\" \/>\n\t<meta name=\"twitter:data1\" content=\"1\u00a0Minute\" \/>\n<script type=\"application\/ld+json\" class=\"yoast-schema-graph\">{\"@context\":\"https:\\\/\\\/schema.org\",\"@graph\":[{\"@type\":\"WebPage\",\"@id\":\"https:\\\/\\\/rau.de\\\/de\\\/magazin\\\/\",\"url\":\"https:\\\/\\\/rau.de\\\/de\\\/magazin\\\/\",\"name\":\"Magazin - Wissenswertes zum Thema L\u00e4rmschutz\",\"isPartOf\":{\"@id\":\"https:\\\/\\\/rau.de\\\/de\\\/#website\"},\"primaryImageOfPage\":{\"@id\":\"https:\\\/\\\/rau.de\\\/de\\\/magazin\\\/#primaryimage\"},\"image\":{\"@id\":\"https:\\\/\\\/rau.de\\\/de\\\/magazin\\\/#primaryimage\"},\"thumbnailUrl\":\"https:\\\/\\\/rau.de\\\/wp-content\\\/uploads\\\/AdobeStock_112990385-scaled.jpeg\",\"datePublished\":\"2021-09-02T15:46:11+00:00\",\"dateModified\":\"2022-11-28T09:23:30+00:00\",\"description\":\"In unseren Magazin-Beitr\u00e4gen \ud83d\uddde erwarten Sie interessante, aktuelle Informationen zum Thema L\u00e4rmschutz.\ud83e\udd13 | rau.de\",\"breadcrumb\":{\"@id\":\"https:\\\/\\\/rau.de\\\/de\\\/magazin\\\/#breadcrumb\"},\"inLanguage\":\"de\",\"potentialAction\":[{\"@type\":\"ReadAction\",\"target\":[\"https:\\\/\\\/rau.de\\\/de\\\/magazin\\\/\"]}]},{\"@type\":\"ImageObject\",\"inLanguage\":\"de\",\"@id\":\"https:\\\/\\\/rau.de\\\/de\\\/magazin\\\/#primaryimage\",\"url\":\"https:\\\/\\\/rau.de\\\/wp-content\\\/uploads\\\/AdobeStock_112990385-scaled.jpeg\",\"contentUrl\":\"https:\\\/\\\/rau.de\\\/wp-content\\\/uploads\\\/AdobeStock_112990385-scaled.jpeg\",\"width\":2560,\"height\":1707,\"caption\":\"Measuring the noise of cars on the road with a sound level meter.\"},{\"@type\":\"BreadcrumbList\",\"@id\":\"https:\\\/\\\/rau.de\\\/de\\\/magazin\\\/#breadcrumb\",\"itemListElement\":[{\"@type\":\"ListItem\",\"position\":1,\"name\":\"Startseite\",\"item\":\"https:\\\/\\\/rau.de\\\/de\\\/\"},{\"@type\":\"ListItem\",\"position\":2,\"name\":\"Magazin\"}]},{\"@type\":\"WebSite\",\"@id\":\"https:\\\/\\\/rau.de\\\/de\\\/#website\",\"url\":\"https:\\\/\\\/rau.de\\\/de\\\/\",\"name\":\"Rau | L\u00e4rmschutzw\u00e4nde\",\"description\":\"Entwicklung und Umsetzung von L\u00e4rmschutzwand und Schallschutzwand\",\"publisher\":{\"@id\":\"https:\\\/\\\/rau.de\\\/de\\\/#organization\"},\"potentialAction\":[{\"@type\":\"SearchAction\",\"target\":{\"@type\":\"EntryPoint\",\"urlTemplate\":\"https:\\\/\\\/rau.de\\\/de\\\/?s={search_term_string}\"},\"query-input\":{\"@type\":\"PropertyValueSpecification\",\"valueRequired\":true,\"valueName\":\"search_term_string\"}}],\"inLanguage\":\"de\"},{\"@type\":\"Organization\",\"@id\":\"https:\\\/\\\/rau.de\\\/de\\\/#organization\",\"name\":\"RAU L\u00e4rmschutzw\u00e4nde \u2013 Geosystem GBK GmbH\",\"url\":\"https:\\\/\\\/rau.de\\\/de\\\/\",\"logo\":{\"@type\":\"ImageObject\",\"inLanguage\":\"de\",\"@id\":\"https:\\\/\\\/rau.de\\\/de\\\/#\\\/schema\\\/logo\\\/image\\\/\",\"url\":\"https:\\\/\\\/rau.de\\\/wp-content\\\/uploads\\\/web_logo.png\",\"contentUrl\":\"https:\\\/\\\/rau.de\\\/wp-content\\\/uploads\\\/web_logo.png\",\"width\":249,\"height\":127,\"caption\":\"RAU L\u00e4rmschutzw\u00e4nde \u2013 Geosystem GBK GmbH\"},\"image\":{\"@id\":\"https:\\\/\\\/rau.de\\\/de\\\/#\\\/schema\\\/logo\\\/image\\\/\"}}]}<\/script>\n<!-- \/ Yoast SEO plugin. -->","yoast_head_json":{"title":"Magazin - Wissenswertes zum Thema L\u00e4rmschutz","description":"In unseren Magazin-Beitr\u00e4gen \ud83d\uddde erwarten Sie interessante, aktuelle Informationen zum Thema L\u00e4rmschutz.\ud83e\udd13 | rau.de","robots":{"index":"index","follow":"follow","max-snippet":"max-snippet:-1","max-image-preview":"max-image-preview:large","max-video-preview":"max-video-preview:-1"},"canonical":"https:\/\/rau.de\/de\/magazin\/","og_locale":"de_DE","og_type":"article","og_title":"Magazin - Wissenswertes zum Thema L\u00e4rmschutz","og_description":"In unseren Magazin-Beitr\u00e4gen \ud83d\uddde erwarten Sie interessante, aktuelle Informationen zum Thema L\u00e4rmschutz.\ud83e\udd13 | rau.de","og_url":"https:\/\/rau.de\/de\/magazin\/","og_site_name":"Rau | L\u00e4rmschutzw\u00e4nde","article_modified_time":"2022-11-28T09:23:30+00:00","og_image":[{"width":2560,"height":1707,"url":"https:\/\/rau.de\/wp-content\/uploads\/AdobeStock_112990385-scaled.jpeg","type":"image\/jpeg"}],"twitter_card":"summary_large_image","twitter_misc":{"Gesch\u00e4tzte Lesezeit":"1\u00a0Minute"},"schema":{"@context":"https:\/\/schema.org","@graph":[{"@type":"WebPage","@id":"https:\/\/rau.de\/de\/magazin\/","url":"https:\/\/rau.de\/de\/magazin\/","name":"Magazin - Wissenswertes zum Thema L\u00e4rmschutz","isPartOf":{"@id":"https:\/\/rau.de\/de\/#website"},"primaryImageOfPage":{"@id":"https:\/\/rau.de\/de\/magazin\/#primaryimage"},"image":{"@id":"https:\/\/rau.de\/de\/magazin\/#primaryimage"},"thumbnailUrl":"https:\/\/rau.de\/wp-content\/uploads\/AdobeStock_112990385-scaled.jpeg","datePublished":"2021-09-02T15:46:11+00:00","dateModified":"2022-11-28T09:23:30+00:00","description":"In unseren Magazin-Beitr\u00e4gen \ud83d\uddde erwarten Sie interessante, aktuelle Informationen zum Thema L\u00e4rmschutz.\ud83e\udd13 | rau.de","breadcrumb":{"@id":"https:\/\/rau.de\/de\/magazin\/#breadcrumb"},"inLanguage":"de","potentialAction":[{"@type":"ReadAction","target":["https:\/\/rau.de\/de\/magazin\/"]}]},{"@type":"ImageObject","inLanguage":"de","@id":"https:\/\/rau.de\/de\/magazin\/#primaryimage","url":"https:\/\/rau.de\/wp-content\/uploads\/AdobeStock_112990385-scaled.jpeg","contentUrl":"https:\/\/rau.de\/wp-content\/uploads\/AdobeStock_112990385-scaled.jpeg","width":2560,"height":1707,"caption":"Measuring the noise of cars on the road with a sound level meter."},{"@type":"BreadcrumbList","@id":"https:\/\/rau.de\/de\/magazin\/#breadcrumb","itemListElement":[{"@type":"ListItem","position":1,"name":"Startseite","item":"https:\/\/rau.de\/de\/"},{"@type":"ListItem","position":2,"name":"Magazin"}]},{"@type":"WebSite","@id":"https:\/\/rau.de\/de\/#website","url":"https:\/\/rau.de\/de\/","name":"Rau | L\u00e4rmschutzw\u00e4nde","description":"Entwicklung und Umsetzung von L\u00e4rmschutzwand und Schallschutzwand","publisher":{"@id":"https:\/\/rau.de\/de\/#organization"},"potentialAction":[{"@type":"SearchAction","target":{"@type":"EntryPoint","urlTemplate":"https:\/\/rau.de\/de\/?s={search_term_string}"},"query-input":{"@type":"PropertyValueSpecification","valueRequired":true,"valueName":"search_term_string"}}],"inLanguage":"de"},{"@type":"Organization","@id":"https:\/\/rau.de\/de\/#organization","name":"RAU L\u00e4rmschutzw\u00e4nde \u2013 Geosystem GBK GmbH","url":"https:\/\/rau.de\/de\/","logo":{"@type":"ImageObject","inLanguage":"de","@id":"https:\/\/rau.de\/de\/#\/schema\/logo\/image\/","url":"https:\/\/rau.de\/wp-content\/uploads\/web_logo.png","contentUrl":"https:\/\/rau.de\/wp-content\/uploads\/web_logo.png","width":249,"height":127,"caption":"RAU L\u00e4rmschutzw\u00e4nde \u2013 Geosystem GBK GmbH"},"image":{"@id":"https:\/\/rau.de\/de\/#\/schema\/logo\/image\/"}}]}},"_links":{"self":[{"href":"https:\/\/rau.de\/de\/wp-json\/wp\/v2\/pages\/22235","targetHints":{"allow":["GET"]}}],"collection":[{"href":"https:\/\/rau.de\/de\/wp-json\/wp\/v2\/pages"}],"about":[{"href":"https:\/\/rau.de\/de\/wp-json\/wp\/v2\/types\/page"}],"author":[{"embeddable":true,"href":"https:\/\/rau.de\/de\/wp-json\/wp\/v2\/users\/2"}],"replies":[{"embeddable":true,"href":"https:\/\/rau.de\/de\/wp-json\/wp\/v2\/comments?post=22235"}],"version-history":[{"count":4,"href":"https:\/\/rau.de\/de\/wp-json\/wp\/v2\/pages\/22235\/revisions"}],"predecessor-version":[{"id":25175,"href":"https:\/\/rau.de\/de\/wp-json\/wp\/v2\/pages\/22235\/revisions\/25175"}],"wp:featuredmedia":[{"embeddable":true,"href":"https:\/\/rau.de\/de\/wp-json\/wp\/v2\/media\/22497"}],"wp:attachment":[{"href":"https:\/\/rau.de\/de\/wp-json\/wp\/v2\/media?parent=22235"}],"curies":[{"name":"wp","href":"https:\/\/api.w.org\/{rel}","templated":true}]}}