{"id":22600,"date":"2021-11-29T11:55:41","date_gmt":"2021-11-29T10:55:41","guid":{"rendered":"https:\/\/rau.de\/de\/?post_type=magazin&#038;p=22600"},"modified":"2025-03-31T16:10:22","modified_gmt":"2025-03-31T14:10:22","slug":"laermschutz-strassen-und-schienen","status":"publish","type":"magazin","link":"https:\/\/rau.de\/de\/magazin\/laermschutz-strassen-und-schienen\/","title":{"rendered":"L\u00e4rmschutz an Stra\u00dfen und Schienen mit RAU"},"content":{"rendered":"<section class=\"l-section wpb_row height_medium full_height valign_center with_img parallax_fixed\" id=\"kontakt\"><div class=\"l-section-img\" role=\"img\" data-img-width=\"2000\" data-img-height=\"1122\" style=\"background-image: url(https:\/\/rau.de\/wp-content\/uploads\/bg.jpg);\"><\/div><div class=\"l-section-h i-cf\"><div class=\"g-cols vc_row via_flex valign_top type_default stacking_default\"><div class=\"vc_col-sm-12 wpb_column vc_column_container\"><div class=\"vc_column-inner\"><div class=\"wpb_wrapper\"><div class=\"g-cols wpb_row content_top via_flex valign_top type_default stacking_default\"><div class=\"vc_col-sm-12 wpb_column vc_column_container\"><div class=\"vc_column-inner\"><div class=\"wpb_wrapper\"><h1 class=\"w-post-elm post_title entry-title color_link_inherit\">L\u00e4rmschutz an Stra\u00dfen und Schienen mit RAU<\/h1><\/div><\/div><\/div><\/div><div class=\"g-cols wpb_row us_custom_4fb9e5a3 content_text via_flex valign_top type_default stacking_default\"><div class=\"vc_col-sm-12 wpb_column vc_column_container\"><div class=\"vc_column-inner\"><div class=\"wpb_wrapper\"><div class=\"wpb_text_column mb-30\"><div class=\"wpb_wrapper\"><div>\n<p class=\"XP-0-Standard\">Tagt\u00e4glich werden wir ihm auf verschiedene Weisen ausgesetzt: L\u00e4rm. Er beeintr\u00e4chtigt sowohl unser allgemeines Wohlbefinden als auch unsere Gesundheit. In den meisten Situationen ist es fast unm\u00f6glich, den L\u00e4rmquellen aus dem Weg zu gehen. In Wohngebieten sorgen besonders Stra\u00dfenl\u00e4rm und Schienenl\u00e4rm f\u00fcr starkes Unbehagen.<\/p>\n<\/div>\n<div>\n<p class=\"XP-0-Standard\">Bei regem Stadtverkehr und nahegelegener Autobahn sowie L\u00e4rmsituationen durch Schnellz\u00fcge und G\u00fcterverkehr braucht es deshalb effektive L\u00e4rmschutzma\u00dfnahmen. Im folgenden Blogartikel haben wir die wichtigsten Informationen zum Thema Schallschutz im Stra\u00dfen- und Schienenverkehr f\u00fcr Sie zusammengetragen. Mit langj\u00e4hriger Erfahrung und Kompetenz k\u00fcmmern wir von RAU uns um L\u00e4rmschutz an Stra\u00dfen und L\u00e4rmschutzw\u00e4nde f\u00fcr Bahnstrecken. Wir schirmen Sie gegen L\u00e4rm ab.<\/p>\n<\/div>\n<\/div><\/div><\/div><\/div><\/div><\/div><div class=\"g-cols wpb_row us_custom_4fb9e5a3 content_text via_flex valign_top type_default stacking_default\"><div class=\"vc_col-sm-8 wpb_column vc_column_container\"><div class=\"vc_column-inner\"><div class=\"wpb_wrapper\"><div class=\"wpb_text_column\"><div class=\"wpb_wrapper\"><h2>Wie entsteht Stra\u00dfenverkehrsl\u00e4rm? Und wie wird er berechnet?<\/h2>\n<p>St\u00f6render Stra\u00dfenl\u00e4rm entsteht durch verschiedene Faktoren. Neben der Beschaffenheit des Untergrunds spielen auch die Fahrzeugarten eine entscheidende Rolle. PKWs sind bekanntlich deutlich leiser als LKWs. Sogar die Reifen einzelner Wagen k\u00f6nnen L\u00e4rmquellen sein. Die Autobahn nehmen wir als besonders laut wahr, da dort mit hoher Geschwindigkeit gefahren wird. Der starke Schall, der hierbei durch Schwingungen entsteht, sorgt dann f\u00fcr den L\u00e4rm, der uns belastet. <span style=\"color: #00ae46;\"><a style=\"color: #00ae46;\" href=\"https:\/\/rau.de\/de\/magazin\/laermschutz-warum-ist-er-wichtig-und-wie-kann-er-umgesetzt-werden\/\" target=\"_blank\" rel=\"noopener\">L\u00e4rmschutz<\/a><\/span> an Stra\u00dfen schafft hier Abhilfe.<\/p>\n<p>L\u00e4rmschutzw\u00e4nde an der Autobahn sind eine effektive M\u00f6glichkeit, diesen zu mindern. Im Stra\u00dfenverkehr wird L\u00e4rm berechnet und nicht gemessen. So sind die Erkenntnisse nicht nur Momentaufnahmen und damit aussagekr\u00e4ftiger. An Schl\u00fcsselstellen werden hierf\u00fcr Stationen eingerichtet. Sie selbst k\u00f6nnen Online-Rechner benutzen, um mehr \u00fcber den L\u00e4rm in Ihrer Umgebung zu erfahren.<\/p>\n<\/div><\/div><\/div><\/div><\/div><div class=\"vc_col-sm-4 wpb_column vc_column_container\"><div class=\"vc_column-inner\"><div class=\"wpb_wrapper\"><div class=\"w-separator size_medium\"><\/div><div class=\"w-image align_none\"><div class=\"w-image-h\"><img loading=\"lazy\" decoding=\"async\" width=\"1024\" height=\"683\" src=\"https:\/\/rau.de\/wp-content\/uploads\/Schallpegelmesser-misst-Verkehrslaerm-an-einer-Strasse.jpeg\" class=\"attachment-large size-large\" alt=\"Schallpegelmesser misst Verkehrsl\u00e4rm an einer Stra\u00dfe, w\u00e4hrend ein LKW vorbeif\u00e4hrt\" srcset=\"https:\/\/rau.de\/wp-content\/uploads\/Schallpegelmesser-misst-Verkehrslaerm-an-einer-Strasse.jpeg 1024w, https:\/\/rau.de\/wp-content\/uploads\/Schallpegelmesser-misst-Verkehrslaerm-an-einer-Strasse-300x200.jpeg 300w\" sizes=\"auto, (max-width: 1024px) 100vw, 1024px\" \/><\/div><\/div><\/div><\/div><\/div><\/div><div class=\"g-cols wpb_row us_custom_4fb9e5a3 content_text via_flex valign_top type_default stacking_default\"><div class=\"vc_col-sm-4 wpb_column vc_column_container\"><div class=\"vc_column-inner\"><div class=\"wpb_wrapper\"><div class=\"w-image align_none\"><div class=\"w-image-h\"><img loading=\"lazy\" decoding=\"async\" width=\"1024\" height=\"649\" src=\"https:\/\/rau.de\/wp-content\/uploads\/Eisenbahnschienen-zwischen-modernen-Hochhaeusern.jpeg\" class=\"attachment-large size-large\" alt=\"Eisenbahnschienen zwischen modernen Hochh\u00e4usern in einer Stadtlandschaft\" srcset=\"https:\/\/rau.de\/wp-content\/uploads\/Eisenbahnschienen-zwischen-modernen-Hochhaeusern.jpeg 1024w, https:\/\/rau.de\/wp-content\/uploads\/Eisenbahnschienen-zwischen-modernen-Hochhaeusern-300x190.jpeg 300w\" sizes=\"auto, (max-width: 1024px) 100vw, 1024px\" \/><\/div><\/div><div class=\"w-separator size_small\"><\/div><div class=\"w-image align_none\"><div class=\"w-image-h\"><img loading=\"lazy\" decoding=\"async\" width=\"1024\" height=\"662\" src=\"https:\/\/rau.de\/wp-content\/uploads\/Langzeitbelichtung-von-Autolichtern.jpeg\" class=\"attachment-large size-large\" alt=\"Langzeitbelichtung von Autolichtern auf einer befahrenen Strasse bei Nacht, mit parkenden Autos und einer gr\u00fcnen Ampel\" srcset=\"https:\/\/rau.de\/wp-content\/uploads\/Langzeitbelichtung-von-Autolichtern.jpeg 1024w, https:\/\/rau.de\/wp-content\/uploads\/Langzeitbelichtung-von-Autolichtern-300x194.jpeg 300w\" sizes=\"auto, (max-width: 1024px) 100vw, 1024px\" \/><\/div><\/div><div class=\"w-separator size_small\"><\/div><div class=\"w-image align_none\"><div class=\"w-image-h\"><img loading=\"lazy\" decoding=\"async\" width=\"1024\" height=\"575\" src=\"https:\/\/rau.de\/wp-content\/uploads\/Skyline-einer-Stadt.jpeg\" class=\"attachment-large size-large\" alt=\"Skyline einer Stadt\" srcset=\"https:\/\/rau.de\/wp-content\/uploads\/Skyline-einer-Stadt.jpeg 1024w, https:\/\/rau.de\/wp-content\/uploads\/Skyline-einer-Stadt-300x168.jpeg 300w\" sizes=\"auto, (max-width: 1024px) 100vw, 1024px\" \/><\/div><\/div><\/div><\/div><\/div><div class=\"vc_col-sm-8 wpb_column vc_column_container\"><div class=\"vc_column-inner\"><div class=\"wpb_wrapper\"><div class=\"wpb_text_column\"><div class=\"wpb_wrapper\"><div>\n<h2 class=\"XP-H2\" style=\"text-align: left;\">Zugl\u00e4rm: St\u00f6rfaktor in Wohngebieten<\/h2>\n<p class=\"XP-H2\"><span style=\"font-size: 16px;\">W\u00e4hrend das ausgebaute Schienennetz es erm\u00f6glicht, umweltschonend und entspannt innerhalb Deutschlands zu reisen, ist die L\u00e4rmbelastung durch Z\u00fcge nicht zu untersch\u00e4tzen. Besonders ein geringer Abstand zu den Strecken kann bei Anwohnern und Anwohnerinnen f\u00fcr eine beeintr\u00e4chtigte Lebensqualit\u00e4t sorgen. Im Bahn- und Schienenverkehr entsteht L\u00e4rm nicht nur durch die Geschwindigkeit der Z\u00fcge. Auch die Art der Fahrzeuge und der Gleise tragen entscheidend dazu bei. Die Entfernung zu den Schienen und somit der L\u00e4rmquelle ist ebenfalls ein wichtiger Faktor.<\/span><\/p>\n<\/div>\n<div>\n<p class=\"XP-0-Standard\">Messtationen in ganz Deutschland erfassen heute mehr als zwei Drittel des Schieneng\u00fcterverkehrs. Zum L\u00e4rmschutz beim Bahn-Verkehr geh\u00f6rt sowohl die Sanierung der Strecken und Z\u00fcge als auch die Schalld\u00e4mmung durch L\u00e4rmschutzw\u00e4nde an Bahnstrecken.<\/p>\n<h2 style=\"text-align: left;\">L\u00e4rmbel\u00e4stigung durch Verkehr: diese Grenzwerte gibt es<\/h2>\n<p>Der Anspruch auf L\u00e4rmschutz und somit auch die Richtwerte f\u00fcr <span style=\"color: #00ae46;\"><a style=\"color: #00ae46;\" href=\"https:\/\/www.umweltbundesamt.de\/themen\/verkehr-laerm\/verkehrslaerm\/strassenverkehrslaerm#gerauschbelastung-im-strassenverkehr\" target=\"_blank\" rel=\"noopener\">Stra\u00dfenverkehrsl\u00e4rm<\/a><\/span> sind in Deutschland gesetzlich geregelt. Zur Minderung von L\u00e4rm wurden sogenannte Immissionsgrenzwerte festgelegt. Dadurch sollen die Menschen im direkten Umfeld der L\u00e4rmsituation bestm\u00f6glich gesch\u00fctzt werden. Immission bedeutet in diesem Fall das Einwirken von L\u00e4rm auf Personen, Tiere und Pflanzen, aber auch Geb\u00e4ude in direkter Umgebung.<\/p>\n<p>In Wohngebieten sollte der Wert von 59 Dezibel (kurz dB) tags\u00fcber und 49 Dezibel nachts nicht \u00fcberschritten werden. In Dorfgebieten gelten jeweils 64 und 54 Dezibel. Ein PKW erreicht bei 50 Kilometer pro Stunde bereits eine Lautst\u00e4rke von ungef\u00e4hr 70 Dezibel und ein anfahrender Regionalzug kommt mit knapp 84 Dezibel daher. Ist man diesen L\u00e4rmquellen \u00fcber einen l\u00e4ngeren Zeitraum ausgesetzt, wird deutlich, wie wesentlich L\u00e4rmschutz an Stra\u00dfen und Schienen ist. Wir von RAU haben es uns zum Ziel gemacht, Ihre Gesundheit mit unseren L\u00e4rmschutzw\u00e4nden zu unterst\u00fctzen.<\/p>\n<\/div>\n<\/div><\/div><\/div><\/div><\/div><\/div><div class=\"g-cols wpb_row us_custom_4fb9e5a3 content_text via_flex valign_top type_default stacking_default\"><div class=\"vc_col-sm-6 wpb_column vc_column_container\"><div class=\"vc_column-inner\"><div class=\"wpb_wrapper\"><div class=\"wpb_text_column\"><div class=\"wpb_wrapper\"><div>\n<h2 class=\"XP-H2\">L\u00e4rmschutzma\u00dfnahmen: der Unterschied zwischen L\u00e4rmsanierung und L\u00e4rmvorsorge<\/h2>\n<p class=\"XP-H2\"><span style=\"font-size: 16px;\">Sowohl im Stra\u00dfen- als auch Schienenverkehr gibt es verschiedene L\u00e4rmschutzma\u00dfnahmen. Allgemein wird zwischen L\u00e4rmsanierung und L\u00e4rmvorsorge unterschieden. Letztere sieht vor, dass es gar nicht erst zu einer einschneidenden L\u00e4rmbelastung kommt. Dies wird beispielsweise durch die Einhaltung der Immissionsgrenzwerte gew\u00e4hrleistet.<\/span><\/p>\n<\/div>\n<div>\n<p class=\"XP-0-Standard\">L\u00e4rmsanierung meint Schallschutz an Orten, die bereits starken L\u00e4rm verursachen oder ihm ausgesetzt sind. Passive L\u00e4rmsanierung findet im Immissionsgebiet statt. Das k\u00f6nnen unter anderem l\u00e4rmmindernde Schallschutzfenster an allen angrenzenden Geb\u00e4uden sein. Aktive L\u00e4rmsanierung hingegen kommt direkt an der Quelle zum Tragen.<\/p>\n<h3>Stra\u00dfenl\u00e4rmschutz mit RAU<\/h3>\n<p>L\u00e4rmschutz an Autobahnen und Stra\u00dfen gestaltet sich auf verschiedene Arten. Neben der Verbesserung von Fahrzeugtechnik und den Fahrbahnen selbst sind auch Geschwindigkeitsbegrenzungen eine M\u00f6glichkeit der L\u00e4rmminderung. Schallschutzw\u00e4nde an der Autobahn und den Bundesstra\u00dfen tragen vielerorts einen ma\u00dfgeblichen Teil dazu bei, dass Menschen nicht an L\u00e4rm leiden m\u00fcssen. Der Schallschutz schirmt angrenzende Gebiete ab und erh\u00f6ht merklich die Lebensqualit\u00e4t vor Ort. Bei RAU spezialisieren wir uns auf 100 Prozent \u00f6kologische, klimaneutrale und hochabsorbierende <span style=\"color: #00ae46;\"><a style=\"color: #00ae46;\" href=\"https:\/\/rau.de\/de\/laermschutz-technik\/\" target=\"_blank\" rel=\"noopener\">L\u00e4rmschutzw\u00e4nde<\/a><\/span>. Somit sch\u00fctzen wir nicht nur die Gesundheit der Menschen, sondern verbessern durch <span style=\"color: #00ae46;\"><a style=\"color: #00ae46;\" href=\"https:\/\/rau.de\/de\/laermschutz-technik\/\" target=\"_blank\" rel=\"noopener\">begr\u00fcnte L\u00e4rmschutzw\u00e4nde<\/a><\/span> auch optisch Ihre Wohngebiete.<\/p>\n<h3>L\u00e4rmschutzw\u00e4nde f\u00fcr Bahn- und Schienenverkehr<\/h3>\n<p>Neben der passiven L\u00e4rmsanierung durch Schallschutzfenster sind es besonders die aktiven Methoden, die in Sachen Bahn-L\u00e4rmschutz den Unterschied machen. Betreiber von s\u00e4mtlichem Schienenverkehr haben die folgenden Ma\u00dfnahmen zum L\u00e4rmschutz herausgearbeitet:<\/p>\n<ul>\n<li><strong>glatte Schienen und R\u00e4der<\/strong>: Durch verminderte Reibung entstehen weniger Schall und somit auch L\u00e4rm.<\/li>\n<li><strong>Fl\u00fcsterbremsen:<\/strong> Diese sorgen vor allem an Bahnh\u00f6fen f\u00fcr eine Eind\u00e4mmung von L\u00e4rmquellen.<\/li>\n<li><strong>Schienenstegd\u00e4mpfer: <\/strong>Hiermit wird die Bewegung der Schienen bestm\u00f6glich verhindert, um geringe Dezibel zu gew\u00e4hrleisten.<\/li>\n<\/ul>\n<p>Auch bei Zugl\u00e4rm kommen Schallschutzw\u00e4nde und -w\u00e4lle zum Einsatz. Durch L\u00e4rmschutzw\u00e4nde, wie wir von RAU sie f\u00fcr Sie bauen, ist es Ihnen m\u00f6glich, auch in viel befahrenen Gebieten ohne einschr\u00e4nkende L\u00e4rmbelastung durch Verkehr zu leben. Verschiedene Materialien wie <span style=\"color: #3b1717;\"><a style=\"color: #3b1717;\" href=\"https:\/\/rau.de\/de\/laermschutzwand-holz\/\" target=\"_blank\" rel=\"noopener\">Holz<\/a><\/span>, <span style=\"color: #605f61;\"><a style=\"color: #605f61;\" href=\"https:\/\/rau.de\/de\/laermschutzwand-beton\/\" target=\"_blank\" rel=\"noopener\">Beton<\/a><\/span> und <span style=\"color: #a6d0e2;\"><a style=\"color: #a6d0e2;\" href=\"https:\/\/rau.de\/de\/laermschutzwand-glas\/\" target=\"_blank\" rel=\"noopener\">Glas<\/a><\/span> kommen hier zum Einsatz. Ideal an die Umgebung angepasst werden Sie Schallschutz von RAU als eine Bereicherung wahrnehmen, sowohl akustisch als auch visuell.<\/p>\n<\/div>\n<\/div><\/div><\/div><\/div><\/div><div class=\"vc_col-sm-6 wpb_column vc_column_container\"><div class=\"vc_column-inner\"><div class=\"wpb_wrapper\"><div class=\"w-image align_none\"><div class=\"w-image-h\"><img loading=\"lazy\" decoding=\"async\" width=\"1024\" height=\"683\" src=\"https:\/\/rau.de\/wp-content\/uploads\/Begruente-Laermschutzwand-entlang-einer-Landstrasse-in-laendlicher-Umgebung-1-1.jpg\" class=\"attachment-large size-large\" alt=\"Begr\u00fcnte L\u00e4rmschutzwand entlang einer Landstra\u00dfe in l\u00e4ndlicher Umgebung\" srcset=\"https:\/\/rau.de\/wp-content\/uploads\/Begruente-Laermschutzwand-entlang-einer-Landstrasse-in-laendlicher-Umgebung-1-1.jpg 1024w, https:\/\/rau.de\/wp-content\/uploads\/Begruente-Laermschutzwand-entlang-einer-Landstrasse-in-laendlicher-Umgebung-1-1-300x200.jpg 300w\" sizes=\"auto, (max-width: 1024px) 100vw, 1024px\" \/><\/div><\/div><div class=\"w-separator size_small\"><\/div><div class=\"w-image align_none\"><div class=\"w-image-h\"><img loading=\"lazy\" decoding=\"async\" width=\"1024\" height=\"768\" src=\"https:\/\/rau.de\/wp-content\/uploads\/Bepflanzte-Laermschutzwand-entlang-einer-Strasse-mit-junger-Baumreihe-1.jpg\" class=\"attachment-large size-large\" alt=\"Bepflanzte L\u00e4rmschutzwand entlang einer Stra\u00dfe mit junger Baumreihe und einem roten Auto bei bew\u00f6lktem Himmel\" srcset=\"https:\/\/rau.de\/wp-content\/uploads\/Bepflanzte-Laermschutzwand-entlang-einer-Strasse-mit-junger-Baumreihe-1.jpg 1024w, https:\/\/rau.de\/wp-content\/uploads\/Bepflanzte-Laermschutzwand-entlang-einer-Strasse-mit-junger-Baumreihe-1-300x225.jpg 300w\" sizes=\"auto, (max-width: 1024px) 100vw, 1024px\" \/><\/div><\/div><div class=\"w-separator size_small\"><\/div><div class=\"w-image align_none\"><div class=\"w-image-h\"><img loading=\"lazy\" decoding=\"async\" width=\"600\" height=\"400\" src=\"https:\/\/rau.de\/wp-content\/uploads\/Luftaufnahme-eines-Bahnhofs-mit-Parkplaetzen.jpg\" class=\"attachment-large size-large\" alt=\"L\u00e4rmschutzwand zwischen einer Stra\u00dfe und Bahngleisen in Opladen\" srcset=\"https:\/\/rau.de\/wp-content\/uploads\/Luftaufnahme-eines-Bahnhofs-mit-Parkplaetzen.jpg 600w, https:\/\/rau.de\/wp-content\/uploads\/Luftaufnahme-eines-Bahnhofs-mit-Parkplaetzen-300x200.jpg 300w\" sizes=\"auto, (max-width: 600px) 100vw, 600px\" \/><\/div><\/div><\/div><\/div><\/div><\/div><div class=\"g-cols wpb_row us_custom_4fb9e5a3 content_text via_flex valign_top type_default stacking_default\"><div class=\"vc_col-sm-12 wpb_column vc_column_container\"><div class=\"vc_column-inner\"><div class=\"wpb_wrapper\"><div class=\"wpb_text_column\"><div class=\"wpb_wrapper\"><div>\n<h2 class=\"XP-H2\">Die passenden L\u00e4rmschutzma\u00dfnahmen f\u00fcr Sie von RAU<\/h2>\n<p class=\"XP-H2\"><span style=\"font-size: 16px;\">L\u00e4rmschutzw\u00e4nde von RAU bieten den perfekten L\u00e4rmschutz an Autobahnen und gegen Schienenl\u00e4rm. In unserem Sortiment finden Sie die passende L\u00f6sung f\u00fcr jeden Bereich. Wir behalten beim Bau unserer L\u00e4rmschutzw\u00e4nde die Umgebung stets im Blick.<\/span><\/p>\n<\/div>\n<div>\n<p class=\"XP-0-Standard\">Unabh\u00e4ngig davon, ob Sie an Schallschutz an Stra\u00dfen interessiert sind oder eine Abschirmung f\u00fcr Zugl\u00e4rm w\u00fcnschen: Bei RAU finden Sie das perfekte Produkt. Wir nutzen f\u00fcr unsere W\u00e4nde ausschlie\u00dflich nachhaltige Materialien und handeln so ressourcenschonend. Sowohl Ihre Gesundheit als auch die der Natur liegen uns sehr am Herzen. Sagen Sie \u201eNein\u201c zu Stra\u00dfenverkehrs- und Bahnl\u00e4rm und entscheiden Sie sich noch heute f\u00fcr RAU. Wir werden Sie durch unsere Kompetenz begeistern.<\/p>\n<\/div>\n<\/div><\/div><div class=\"w-separator size_medium\"><\/div>[vc_btn title=&#8220;<b>Zu weiteren Magazin-Beitr\u00e4gen<\/b>&#8220; style=&#8220;custom&#8220; custom_background=&#8220;#df012a&#8220; custom_text=&#8220;#ffffff&#8220; size=&#8220;lg&#8220; link=&#8220;url:https%3A%2F%2Frau.de%2Fde%2Fmagazin%2F|title:Magazin%20Beitr%C3%A4ge%20&#8243;]<\/div><\/div><\/div><\/div><\/div><\/div><\/div><\/div><\/div><\/section>\n","protected":false},"featured_media":28257,"template":"","class_list":["post-22600","magazin","type-magazin","status-publish","has-post-thumbnail","hentry"],"yoast_head":"<!-- This site is optimized with the Yoast SEO plugin v27.5 - https:\/\/yoast.com\/product\/yoast-seo-wordpress\/ -->\n<title>L\u00e4rmschutz an Stra\u00dfen und Schienen | RAU.de<\/title>\n<meta name=\"description\" content=\"L\u00e4rmschutz an Stra\u00dfen und Schienen \u26fa alles \u00fcber Verkehrsl\u00e4rm: Grenzwerte \u2705 Probleme \u2705 Abhilfe \u2705 \u25b6 Jetzt mehr erfahren!\" \/>\n<meta name=\"robots\" content=\"index, follow, max-snippet:-1, max-image-preview:large, max-video-preview:-1\" \/>\n<link rel=\"canonical\" href=\"https:\/\/rau.de\/de\/magazin\/laermschutz-strassen-und-schienen\/\" \/>\n<meta property=\"og:locale\" content=\"de_DE\" \/>\n<meta property=\"og:type\" content=\"article\" \/>\n<meta property=\"og:title\" content=\"L\u00e4rmschutz an Stra\u00dfen und Schienen | RAU.de\" \/>\n<meta property=\"og:description\" content=\"L\u00e4rmschutz an Stra\u00dfen und Schienen \u26fa alles \u00fcber Verkehrsl\u00e4rm: Grenzwerte \u2705 Probleme \u2705 Abhilfe \u2705 \u25b6 Jetzt mehr erfahren!\" \/>\n<meta property=\"og:url\" content=\"https:\/\/rau.de\/de\/magazin\/laermschutz-strassen-und-schienen\/\" \/>\n<meta property=\"og:site_name\" content=\"Rau | L\u00e4rmschutzw\u00e4nde\" \/>\n<meta property=\"article:modified_time\" content=\"2025-03-31T14:10:22+00:00\" \/>\n<meta property=\"og:image\" content=\"https:\/\/rau.de\/wp-content\/uploads\/Eisenbahnschienen-zwischen-modernen-Hochhaeusern.jpeg\" \/>\n\t<meta property=\"og:image:width\" content=\"1024\" \/>\n\t<meta property=\"og:image:height\" content=\"649\" \/>\n\t<meta property=\"og:image:type\" content=\"image\/jpeg\" \/>\n<meta name=\"twitter:card\" content=\"summary_large_image\" \/>\n<meta name=\"twitter:label1\" content=\"Gesch\u00e4tzte Lesezeit\" \/>\n\t<meta name=\"twitter:data1\" content=\"5\u00a0Minuten\" \/>\n<script type=\"application\/ld+json\" class=\"yoast-schema-graph\">{\"@context\":\"https:\\\/\\\/schema.org\",\"@graph\":[{\"@type\":\"WebPage\",\"@id\":\"https:\\\/\\\/rau.de\\\/de\\\/magazin\\\/laermschutz-strassen-und-schienen\\\/\",\"url\":\"https:\\\/\\\/rau.de\\\/de\\\/magazin\\\/laermschutz-strassen-und-schienen\\\/\",\"name\":\"L\u00e4rmschutz an Stra\u00dfen und Schienen | RAU.de\",\"isPartOf\":{\"@id\":\"https:\\\/\\\/rau.de\\\/de\\\/#website\"},\"primaryImageOfPage\":{\"@id\":\"https:\\\/\\\/rau.de\\\/de\\\/magazin\\\/laermschutz-strassen-und-schienen\\\/#primaryimage\"},\"image\":{\"@id\":\"https:\\\/\\\/rau.de\\\/de\\\/magazin\\\/laermschutz-strassen-und-schienen\\\/#primaryimage\"},\"thumbnailUrl\":\"https:\\\/\\\/rau.de\\\/wp-content\\\/uploads\\\/Eisenbahnschienen-zwischen-modernen-Hochhaeusern.jpeg\",\"datePublished\":\"2021-11-29T10:55:41+00:00\",\"dateModified\":\"2025-03-31T14:10:22+00:00\",\"description\":\"L\u00e4rmschutz an Stra\u00dfen und Schienen \u26fa alles \u00fcber Verkehrsl\u00e4rm: Grenzwerte \u2705 Probleme \u2705 Abhilfe \u2705 \u25b6 Jetzt mehr erfahren!\",\"breadcrumb\":{\"@id\":\"https:\\\/\\\/rau.de\\\/de\\\/magazin\\\/laermschutz-strassen-und-schienen\\\/#breadcrumb\"},\"inLanguage\":\"de\",\"potentialAction\":[{\"@type\":\"ReadAction\",\"target\":[\"https:\\\/\\\/rau.de\\\/de\\\/magazin\\\/laermschutz-strassen-und-schienen\\\/\"]}]},{\"@type\":\"ImageObject\",\"inLanguage\":\"de\",\"@id\":\"https:\\\/\\\/rau.de\\\/de\\\/magazin\\\/laermschutz-strassen-und-schienen\\\/#primaryimage\",\"url\":\"https:\\\/\\\/rau.de\\\/wp-content\\\/uploads\\\/Eisenbahnschienen-zwischen-modernen-Hochhaeusern.jpeg\",\"contentUrl\":\"https:\\\/\\\/rau.de\\\/wp-content\\\/uploads\\\/Eisenbahnschienen-zwischen-modernen-Hochhaeusern.jpeg\",\"width\":1024,\"height\":649,\"caption\":\"Eisenbahnschienen zwischen modernen Hochh\u00e4usern in einer Stadtlandschaft\"},{\"@type\":\"BreadcrumbList\",\"@id\":\"https:\\\/\\\/rau.de\\\/de\\\/magazin\\\/laermschutz-strassen-und-schienen\\\/#breadcrumb\",\"itemListElement\":[{\"@type\":\"ListItem\",\"position\":1,\"name\":\"Startseite\",\"item\":\"https:\\\/\\\/rau.de\\\/de\\\/\"},{\"@type\":\"ListItem\",\"position\":2,\"name\":\"L\u00e4rmschutz an Stra\u00dfen und Schienen mit RAU\"}]},{\"@type\":\"WebSite\",\"@id\":\"https:\\\/\\\/rau.de\\\/de\\\/#website\",\"url\":\"https:\\\/\\\/rau.de\\\/de\\\/\",\"name\":\"Rau | L\u00e4rmschutzw\u00e4nde\",\"description\":\"Entwicklung und Umsetzung von L\u00e4rmschutzwand und Schallschutzwand\",\"publisher\":{\"@id\":\"https:\\\/\\\/rau.de\\\/de\\\/#organization\"},\"potentialAction\":[{\"@type\":\"SearchAction\",\"target\":{\"@type\":\"EntryPoint\",\"urlTemplate\":\"https:\\\/\\\/rau.de\\\/de\\\/?s={search_term_string}\"},\"query-input\":{\"@type\":\"PropertyValueSpecification\",\"valueRequired\":true,\"valueName\":\"search_term_string\"}}],\"inLanguage\":\"de\"},{\"@type\":\"Organization\",\"@id\":\"https:\\\/\\\/rau.de\\\/de\\\/#organization\",\"name\":\"RAU L\u00e4rmschutzw\u00e4nde \u2013 Geosystem GBK GmbH\",\"url\":\"https:\\\/\\\/rau.de\\\/de\\\/\",\"logo\":{\"@type\":\"ImageObject\",\"inLanguage\":\"de\",\"@id\":\"https:\\\/\\\/rau.de\\\/de\\\/#\\\/schema\\\/logo\\\/image\\\/\",\"url\":\"https:\\\/\\\/rau.de\\\/wp-content\\\/uploads\\\/web_logo.png\",\"contentUrl\":\"https:\\\/\\\/rau.de\\\/wp-content\\\/uploads\\\/web_logo.png\",\"width\":249,\"height\":127,\"caption\":\"RAU L\u00e4rmschutzw\u00e4nde \u2013 Geosystem GBK GmbH\"},\"image\":{\"@id\":\"https:\\\/\\\/rau.de\\\/de\\\/#\\\/schema\\\/logo\\\/image\\\/\"}}]}<\/script>\n<!-- \/ Yoast SEO plugin. -->","yoast_head_json":{"title":"L\u00e4rmschutz an Stra\u00dfen und Schienen | RAU.de","description":"L\u00e4rmschutz an Stra\u00dfen und Schienen \u26fa alles \u00fcber Verkehrsl\u00e4rm: Grenzwerte \u2705 Probleme \u2705 Abhilfe \u2705 \u25b6 Jetzt mehr erfahren!","robots":{"index":"index","follow":"follow","max-snippet":"max-snippet:-1","max-image-preview":"max-image-preview:large","max-video-preview":"max-video-preview:-1"},"canonical":"https:\/\/rau.de\/de\/magazin\/laermschutz-strassen-und-schienen\/","og_locale":"de_DE","og_type":"article","og_title":"L\u00e4rmschutz an Stra\u00dfen und Schienen | RAU.de","og_description":"L\u00e4rmschutz an Stra\u00dfen und Schienen \u26fa alles \u00fcber Verkehrsl\u00e4rm: Grenzwerte \u2705 Probleme \u2705 Abhilfe \u2705 \u25b6 Jetzt mehr erfahren!","og_url":"https:\/\/rau.de\/de\/magazin\/laermschutz-strassen-und-schienen\/","og_site_name":"Rau | L\u00e4rmschutzw\u00e4nde","article_modified_time":"2025-03-31T14:10:22+00:00","og_image":[{"width":1024,"height":649,"url":"https:\/\/rau.de\/wp-content\/uploads\/Eisenbahnschienen-zwischen-modernen-Hochhaeusern.jpeg","type":"image\/jpeg"}],"twitter_card":"summary_large_image","twitter_misc":{"Gesch\u00e4tzte Lesezeit":"5\u00a0Minuten"},"schema":{"@context":"https:\/\/schema.org","@graph":[{"@type":"WebPage","@id":"https:\/\/rau.de\/de\/magazin\/laermschutz-strassen-und-schienen\/","url":"https:\/\/rau.de\/de\/magazin\/laermschutz-strassen-und-schienen\/","name":"L\u00e4rmschutz an Stra\u00dfen und Schienen | RAU.de","isPartOf":{"@id":"https:\/\/rau.de\/de\/#website"},"primaryImageOfPage":{"@id":"https:\/\/rau.de\/de\/magazin\/laermschutz-strassen-und-schienen\/#primaryimage"},"image":{"@id":"https:\/\/rau.de\/de\/magazin\/laermschutz-strassen-und-schienen\/#primaryimage"},"thumbnailUrl":"https:\/\/rau.de\/wp-content\/uploads\/Eisenbahnschienen-zwischen-modernen-Hochhaeusern.jpeg","datePublished":"2021-11-29T10:55:41+00:00","dateModified":"2025-03-31T14:10:22+00:00","description":"L\u00e4rmschutz an Stra\u00dfen und Schienen \u26fa alles \u00fcber Verkehrsl\u00e4rm: Grenzwerte \u2705 Probleme \u2705 Abhilfe \u2705 \u25b6 Jetzt mehr erfahren!","breadcrumb":{"@id":"https:\/\/rau.de\/de\/magazin\/laermschutz-strassen-und-schienen\/#breadcrumb"},"inLanguage":"de","potentialAction":[{"@type":"ReadAction","target":["https:\/\/rau.de\/de\/magazin\/laermschutz-strassen-und-schienen\/"]}]},{"@type":"ImageObject","inLanguage":"de","@id":"https:\/\/rau.de\/de\/magazin\/laermschutz-strassen-und-schienen\/#primaryimage","url":"https:\/\/rau.de\/wp-content\/uploads\/Eisenbahnschienen-zwischen-modernen-Hochhaeusern.jpeg","contentUrl":"https:\/\/rau.de\/wp-content\/uploads\/Eisenbahnschienen-zwischen-modernen-Hochhaeusern.jpeg","width":1024,"height":649,"caption":"Eisenbahnschienen zwischen modernen Hochh\u00e4usern in einer Stadtlandschaft"},{"@type":"BreadcrumbList","@id":"https:\/\/rau.de\/de\/magazin\/laermschutz-strassen-und-schienen\/#breadcrumb","itemListElement":[{"@type":"ListItem","position":1,"name":"Startseite","item":"https:\/\/rau.de\/de\/"},{"@type":"ListItem","position":2,"name":"L\u00e4rmschutz an Stra\u00dfen und Schienen mit RAU"}]},{"@type":"WebSite","@id":"https:\/\/rau.de\/de\/#website","url":"https:\/\/rau.de\/de\/","name":"Rau | L\u00e4rmschutzw\u00e4nde","description":"Entwicklung und Umsetzung von L\u00e4rmschutzwand und Schallschutzwand","publisher":{"@id":"https:\/\/rau.de\/de\/#organization"},"potentialAction":[{"@type":"SearchAction","target":{"@type":"EntryPoint","urlTemplate":"https:\/\/rau.de\/de\/?s={search_term_string}"},"query-input":{"@type":"PropertyValueSpecification","valueRequired":true,"valueName":"search_term_string"}}],"inLanguage":"de"},{"@type":"Organization","@id":"https:\/\/rau.de\/de\/#organization","name":"RAU L\u00e4rmschutzw\u00e4nde \u2013 Geosystem GBK GmbH","url":"https:\/\/rau.de\/de\/","logo":{"@type":"ImageObject","inLanguage":"de","@id":"https:\/\/rau.de\/de\/#\/schema\/logo\/image\/","url":"https:\/\/rau.de\/wp-content\/uploads\/web_logo.png","contentUrl":"https:\/\/rau.de\/wp-content\/uploads\/web_logo.png","width":249,"height":127,"caption":"RAU L\u00e4rmschutzw\u00e4nde \u2013 Geosystem GBK GmbH"},"image":{"@id":"https:\/\/rau.de\/de\/#\/schema\/logo\/image\/"}}]}},"_links":{"self":[{"href":"https:\/\/rau.de\/de\/wp-json\/wp\/v2\/magazin\/22600","targetHints":{"allow":["GET"]}}],"collection":[{"href":"https:\/\/rau.de\/de\/wp-json\/wp\/v2\/magazin"}],"about":[{"href":"https:\/\/rau.de\/de\/wp-json\/wp\/v2\/types\/magazin"}],"wp:featuredmedia":[{"embeddable":true,"href":"https:\/\/rau.de\/de\/wp-json\/wp\/v2\/media\/28257"}],"wp:attachment":[{"href":"https:\/\/rau.de\/de\/wp-json\/wp\/v2\/media?parent=22600"}],"curies":[{"name":"wp","href":"https:\/\/api.w.org\/{rel}","templated":true}]}}