{"id":22233,"date":"2021-09-02T17:38:53","date_gmt":"2021-09-02T15:38:53","guid":{"rendered":"https:\/\/rau.de\/de\/?post_type=magazin&#038;p=22233"},"modified":"2025-03-31T15:56:25","modified_gmt":"2025-03-31T13:56:25","slug":"begruente_laermschutzwaende","status":"publish","type":"magazin","link":"https:\/\/rau.de\/de\/magazin\/begruente_laermschutzwaende\/","title":{"rendered":"Begr\u00fcnte L\u00e4rmschutzwand \u2013 L\u00e4rmschutzw\u00e4nde nat\u00fcrlich begr\u00fcnen"},"content":{"rendered":"<section class=\"l-section wpb_row height_medium full_height valign_center with_img parallax_fixed\" id=\"kontakt\"><div class=\"l-section-img\" role=\"img\" data-img-width=\"2000\" data-img-height=\"1122\" style=\"background-image: url(https:\/\/rau.de\/wp-content\/uploads\/bg.jpg);\"><\/div><div class=\"l-section-h i-cf\"><div class=\"g-cols vc_row via_flex valign_top type_default stacking_default\"><div class=\"vc_col-sm-12 wpb_column vc_column_container\"><div class=\"vc_column-inner\"><div class=\"wpb_wrapper\"><div class=\"g-cols wpb_row content_top via_flex valign_top type_default stacking_default\"><div class=\"vc_col-sm-12 wpb_column vc_column_container\"><div class=\"vc_column-inner\"><div class=\"wpb_wrapper\"><h1 class=\"w-post-elm post_title entry-title color_link_inherit\">Begr\u00fcnte L\u00e4rmschutzwand \u2013 L\u00e4rmschutzw\u00e4nde nat\u00fcrlich begr\u00fcnen<\/h1><\/div><\/div><\/div><\/div><div class=\"g-cols wpb_row us_custom_4fb9e5a3 content_text via_flex valign_top type_default stacking_default\"><div class=\"vc_col-sm-12 wpb_column vc_column_container\"><div class=\"vc_column-inner\"><div class=\"wpb_wrapper\"><div class=\"wpb_text_column mb-30\"><div class=\"wpb_wrapper\"><div>\n<p class=\"XP-0-Standard\">Die L\u00e4rmschutzwand oder die Schallschutzwand sind in St\u00e4dten, an Autobahnen und Stra\u00dfen oder auch in D\u00f6rfern oft eher langweilig best\u00fcckt. Meist sind es schlichte Gabionen, mit Steinen gef\u00fcllt \u2013 praktisch eben. Dabei gibt es die M\u00f6glichkeit, eine begr\u00fcnte L\u00e4rmschutzwand einzusetzen. Der L\u00e4rmschutz durch Pflanzen wird bereits von vielen Menschen als beliebter Effekt im Garten eingesetzt. Inzwischen wird auch immer h\u00e4ufiger auf die gr\u00fcne L\u00e4rmschutzwand in St\u00e4dte und Kommunen sowie an Stra\u00dfen, Autobahnen und Bahnstrecken zur\u00fcckgegriffen. Im Folgenden lesen Sie, welche Gr\u00fcnpflanzen als Schallschutz geeignet sind und wie sich diese auch mit Mauern und Gabionen kombinieren lassen.<\/p>\n<\/div>\n<\/div><\/div><div class=\"wpb_text_column mb-30\"><div class=\"wpb_wrapper\"><div>\n<h2 class=\"XP-0-Standard\">Gr\u00fcnpflanzen als L\u00e4rmschutz und Schallschutz \u2013 die Vorteile<\/h2>\n<div>\n<p class=\"XP-0-Standard\">Pflanzen sind ein nat\u00fcrliches Mittel, R\u00e4ume optisch zu trennen. Je nachdem, welche Gr\u00fcnpflanzen gew\u00e4hlt werden, wachsen diese dichter als andere und k\u00f6nnen so L\u00e4rmquellen optimal eind\u00e4mmen.<\/p>\n<\/div>\n<\/div>\n<\/div><\/div><\/div><\/div><\/div><\/div><div class=\"g-cols wpb_row us_custom_4fb9e5a3 content_text via_flex valign_top type_default stacking_default\"><div class=\"vc_col-sm-2\/5 wpb_column vc_column_container\"><div class=\"vc_column-inner\"><div class=\"wpb_wrapper\"><div class=\"wpb_text_column mb-30\"><div class=\"wpb_wrapper\"><div>\n<div>\n<h3 class=\"XP-0-Standard\" style=\"padding-left: 40px;\"><span style=\"color: #333333;\">Vertikale Gr\u00fcnfl\u00e4chen als Lebensraum f\u00fcr Insekten<\/span><\/h3>\n<div>\n<p class=\"XP-0-Standard\" style=\"padding-left: 40px;\">Insekten haben es in der heutigen Zeit schwer. Durch die zunehmende Erschlie\u00dfung von Gr\u00fcnfl\u00e4chen wird ihr Lebensraum stetig begrenzt. Mit dem Einsatz von Gr\u00fcnpflanzen als L\u00e4rmschutz zur Begr\u00fcnung einer L\u00e4rmschutzwand k\u00f6nnen vertikale Gr\u00fcnfl\u00e4chen geschaffen werden. Hier besteht auch die Option, mit bl\u00fchenden Pflanzen zu arbeiten.<\/p>\n<h3 class=\"XP-0-Standard\" style=\"padding-left: 40px;\"><span style=\"color: #333333;\">Bepflanzung gegen CO<sub>2<\/sub>-Belastung und Feinstaub<\/span><\/h3>\n<div>\n<p class=\"XP-0-Standard\" style=\"padding-left: 40px;\">L\u00e4rmschutzw\u00e4nde kommen dort zum Einsatz, wo gerade durch den Verkehr viel L\u00e4rm entsteht. Feinstaub und CO<sub>2<\/sub> sind hier eines der gro\u00dfen Probleme neben dem L\u00e4rm, der f\u00fcr die Anwohner st\u00f6rend wirken kann. Durch den Einsatz einer begr\u00fcnten L\u00e4rmschutzwand ist es m\u00f6glich, Feinstaub und auch CO<sub>2<\/sub> nachhaltig zu reduzieren. Je mehr L\u00e4rmschutzwand-Pflanzen zum Einsatz kommen und je dichter diese wachsen, umso besser ist es.<\/p>\n<h3 class=\"XP-0-Standard\" style=\"padding-left: 40px;\"><span style=\"color: #333333;\">Schallabsorption mit Pflanzen<\/span><\/h3>\n<div>\n<p class=\"XP-0-Standard\" style=\"padding-left: 40px;\">Je nach ausgew\u00e4hlten Pflanzen k\u00f6nnen Schalld\u00e4mmwerte von etwa 67 dB erreicht werden.<\/p>\n<\/div>\n<div>\n<p class=\"XP-0-Standard\" style=\"padding-left: 40px;\">Der Einsatz von begr\u00fcnten L\u00e4rmschutzw\u00e4nden bringt nur einen geringen Pflegeaufwand mit sich, wenn die Pflanzen richtig ausgew\u00e4hlt werden. Es ist nicht notwendig, aufw\u00e4ndige Tiefenfundamentierungen vorzunehmen. Zudem ist eine Bepflanzung ebenso schnell wie fl\u00e4chendeckend m\u00f6glich. Interessant ist der Aspekt, dass sich die Auswahl nicht nur auf Rankpflanzen beschr\u00e4nken muss.<\/p>\n<\/div>\n<div>\n<p class=\"XP-0-Standard\" style=\"padding-left: 40px;\">Gerne beraten wir von RAU Sie, welche Varianten der L\u00e4rmschutzw\u00e4nde f\u00fcr eine Begr\u00fcnung geeignet sind. Die Bambus L\u00e4rmschutzwand oder die L\u00e4rmschutzwand aus Holz sind Klassiker, um den Anwohnern und den Tieren im nahen Umfeld Ruhe zu schenken. Welche Arten von W\u00e4nden zur Reduzierung des Schalls in Ihrem individuellen Fall sinnvoll erscheinen, besprechen wir gerne mit Ihnen pers\u00f6nlich.<\/p>\n<h3 class=\"XP-0-Standard\" style=\"padding-left: 40px;\"><span style=\"color: #333333;\">L\u00e4rmschutz und sch\u00f6ner Sichtschutz in einem<\/span><\/h3>\n<div>\n<p class=\"XP-0-Standard\" style=\"padding-left: 40px;\">Begr\u00fcnbare L\u00e4rmschutzw\u00e4lle mindern nicht nur die Ger\u00e4uschkulisse, sie haben auch eine weitere Wirkung: Sichtschutz. Grenzen Wohnsiedlungen an stark befahrenen Stra\u00dfen, so sind begr\u00fcnte L\u00e4rmschutzw\u00e4nde optimal, um neugierige Blicke abzuhalten. Eine Kombination aus verschiedenen Geh\u00f6lzen und Kletterpflanzen tragen deutlich zur L\u00e4rmminderung bei und sorgen f\u00fcr eine sch\u00f6ne Atmosph\u00e4re.<\/p>\n<\/div>\n<p>&nbsp;<\/p>\n<\/div>\n<\/div>\n<\/div>\n<\/div>\n<\/div>\n<\/div><\/div><\/div><\/div><\/div><div class=\"vc_col-sm-3\/5 wpb_column vc_column_container\"><div class=\"vc_column-inner\"><div class=\"wpb_wrapper\"><div class=\"w-image align_none\"><div class=\"w-image-h\"><img loading=\"lazy\" decoding=\"async\" width=\"1024\" height=\"683\" src=\"https:\/\/rau.de\/wp-content\/uploads\/BepflanzungAnLaermschutzwand-1024x683.jpg\" class=\"attachment-large size-large\" alt=\"\" srcset=\"https:\/\/rau.de\/wp-content\/uploads\/BepflanzungAnLaermschutzwand-1024x683.jpg 1024w, https:\/\/rau.de\/wp-content\/uploads\/BepflanzungAnLaermschutzwand-300x200.jpg 300w, https:\/\/rau.de\/wp-content\/uploads\/BepflanzungAnLaermschutzwand.jpg 1920w\" sizes=\"auto, (max-width: 1024px) 100vw, 1024px\" \/><\/div><\/div><div class=\"w-separator size_small\"><\/div><div class=\"w-image align_none\"><div class=\"w-image-h\"><img loading=\"lazy\" decoding=\"async\" width=\"1024\" height=\"768\" src=\"https:\/\/rau.de\/wp-content\/uploads\/imageonline-co-flipped-1024x768.png\" class=\"attachment-large size-large\" alt=\"\" srcset=\"https:\/\/rau.de\/wp-content\/uploads\/imageonline-co-flipped-1024x768.png 1024w, https:\/\/rau.de\/wp-content\/uploads\/imageonline-co-flipped-300x225.png 300w, https:\/\/rau.de\/wp-content\/uploads\/imageonline-co-flipped.png 1920w\" sizes=\"auto, (max-width: 1024px) 100vw, 1024px\" \/><\/div><\/div><div class=\"w-separator size_small\"><\/div><div class=\"w-image align_none\"><div class=\"w-image-h\"><img loading=\"lazy\" decoding=\"async\" width=\"1024\" height=\"785\" src=\"https:\/\/rau.de\/wp-content\/uploads\/Begruente-Laermschutzwand-R3.jpg\" class=\"attachment-large size-large\" alt=\"Begr\u00fcnte L\u00e4rmschutzwand\" srcset=\"https:\/\/rau.de\/wp-content\/uploads\/Begruente-Laermschutzwand-R3.jpg 1024w, https:\/\/rau.de\/wp-content\/uploads\/Begruente-Laermschutzwand-R3-300x230.jpg 300w\" sizes=\"auto, (max-width: 1024px) 100vw, 1024px\" \/><\/div><\/div><\/div><\/div><\/div><\/div><div class=\"g-cols wpb_row us_custom_4fb9e5a3 content_text via_flex valign_top type_default stacking_default\"><div class=\"vc_col-sm-12 wpb_column vc_column_container\"><div class=\"vc_column-inner\"><div class=\"wpb_wrapper\"><div class=\"wpb_text_column\"><div class=\"wpb_wrapper\"><div>\n<h2 class=\"XP-H2\">Umfangreiche Auswahlm\u00f6glichkeiten bei den Pflanzen zur Schalld\u00e4mmun<\/h2>\n<div>\n<p class=\"XP-0-Standard\">Einer der wichtigsten Aspekte bei der Suche nach den passenden Pflanzen f\u00fcr die L\u00e4rmschutzwand ist, dass die Pflanzen die L\u00e4rmquelle m\u00f6glichst eind\u00e4mmen. Zudem sollten sie langlebig sein und robust. Manchmal m\u00fcssen sie eine Weile ohne Wasser auskommen, teilweise scheint viel Sonne auf die vertikalen Gr\u00fcnfl\u00e4chen. Hier bieten sich beispielsweise Varianten an, wie der Winterjasmin oder die Ackerrose.<\/p>\n<\/div>\n<div>\n<p class=\"XP-0-Standard\">Der <b>Winterjasmin<\/b> wird bis zu drei Meter hoch und rankt daher sehr gerne an L\u00e4rmschutzw\u00e4nden. Einer der wichtigsten Aspekte ist jedoch die Optik. Die hellen Bl\u00fcten sind insbesondere f\u00fcr Bienen und Hummeln eine beliebte Anlaufstelle. Allerdings ist bei dieser Pflanze auch eine umfangreichere Pflege notwendig.<\/p>\n<\/div>\n<div>\n<p class=\"XP-0-Standard\">Der <b>Kirschlorbeer<\/b> muss ebenfalls genannt werden. Gerade in einem st\u00e4dtischen Wohnumfeld kann er f\u00fcr die Begr\u00fcnung beim L\u00e4rmschutz eingesetzt werden. Je nach Sorte, sind die Pflanzen robust gegen\u00fcber Wind und Feuchtigkeit. Varianten mit gro\u00dfen Bl\u00e4ttern reduzieren die Belastung durch Feinstaub deutlich.<\/p>\n<\/div>\n<div>\n<p class=\"XP-0-Standard\">M\u00f6chten Sie gerne eine Begr\u00fcnung nutzen, die auch f\u00fcr V\u00f6gel als Schutz geeignet ist, k\u00f6nnen Sie sich sogar in Richtung von kleinen <b>B\u00e4umen<\/b> und sehr hohen <b>Hecken<\/b> orientieren. Der <b>Wei\u00dfdorn<\/b> stellt eine sehr beliebte Wahl dar. Aber auch <b>Weiden<\/b> oder <b>Buchen\u00a0<\/b>kommen zum Einsatz.<\/p>\n<\/div>\n<\/div>\n<\/div><\/div><\/div><\/div><\/div><\/div><div class=\"g-cols wpb_row us_custom_4fb9e5a3 content_text via_flex valign_top type_default stacking_default\"><div class=\"vc_col-sm-3 wpb_column vc_column_container\"><div class=\"vc_column-inner\"><div class=\"wpb_wrapper\"><div class=\"w-image align_none\"><div class=\"w-image-h\"><img loading=\"lazy\" decoding=\"async\" width=\"1024\" height=\"683\" src=\"https:\/\/rau.de\/wp-content\/uploads\/kirschlorbeer-1024x683.jpeg\" class=\"attachment-large size-large\" alt=\"\" srcset=\"https:\/\/rau.de\/wp-content\/uploads\/kirschlorbeer-1024x683.jpeg 1024w, https:\/\/rau.de\/wp-content\/uploads\/kirschlorbeer-300x200.jpeg 300w\" sizes=\"auto, (max-width: 1024px) 100vw, 1024px\" \/><\/div><\/div><\/div><\/div><\/div><div class=\"vc_col-sm-3 wpb_column vc_column_container\"><div class=\"vc_column-inner\"><div class=\"wpb_wrapper\"><div class=\"w-image align_none\"><div class=\"w-image-h\"><img loading=\"lazy\" decoding=\"async\" width=\"1024\" height=\"683\" src=\"https:\/\/rau.de\/wp-content\/uploads\/Nahaufnahme-einer-Amsel-mit-roter-Beere-im-Schnabel.jpeg\" class=\"attachment-large size-large\" alt=\"Nahaufnahme einer Amsel, die eine rote Beere im Schnabel h\u00e4lt, umgeben von Zweigen\" srcset=\"https:\/\/rau.de\/wp-content\/uploads\/Nahaufnahme-einer-Amsel-mit-roter-Beere-im-Schnabel.jpeg 1024w, https:\/\/rau.de\/wp-content\/uploads\/Nahaufnahme-einer-Amsel-mit-roter-Beere-im-Schnabel-300x200.jpeg 300w\" sizes=\"auto, (max-width: 1024px) 100vw, 1024px\" \/><\/div><\/div><\/div><\/div><\/div><div class=\"vc_col-sm-3 wpb_column vc_column_container\"><div class=\"vc_column-inner\"><div class=\"wpb_wrapper\"><div class=\"w-image align_none\"><div class=\"w-image-h\"><img loading=\"lazy\" decoding=\"async\" width=\"1024\" height=\"683\" src=\"https:\/\/rau.de\/wp-content\/uploads\/Nahaufnahme-eines-Weissdornbluetenstands-mit-vielen-kleinen-weissen-Blueten.jpeg\" class=\"attachment-large size-large\" alt=\"Nahaufnahme eines Wei\u00dfdornbl\u00fctenstands mit vielen kleinen, wei\u00dfen Bl\u00fcten\" srcset=\"https:\/\/rau.de\/wp-content\/uploads\/Nahaufnahme-eines-Weissdornbluetenstands-mit-vielen-kleinen-weissen-Blueten.jpeg 1024w, https:\/\/rau.de\/wp-content\/uploads\/Nahaufnahme-eines-Weissdornbluetenstands-mit-vielen-kleinen-weissen-Blueten-300x200.jpeg 300w\" sizes=\"auto, (max-width: 1024px) 100vw, 1024px\" \/><\/div><\/div><\/div><\/div><\/div><div class=\"vc_col-sm-3 wpb_column vc_column_container\"><div class=\"vc_column-inner\"><div class=\"wpb_wrapper\"><div class=\"w-image align_none\"><div class=\"w-image-h\"><img loading=\"lazy\" decoding=\"async\" width=\"1024\" height=\"683\" src=\"https:\/\/rau.de\/wp-content\/uploads\/Weiss-bluehende-Rispen-des-Kirschlorbeers-mit-gruenen-Blaettern.jpg\" class=\"attachment-large size-large\" alt=\"Wei\u00df bl\u00fchende Rispen des Kirschlorbeers mit gr\u00fcnen Bl\u00e4ttern\" srcset=\"https:\/\/rau.de\/wp-content\/uploads\/Weiss-bluehende-Rispen-des-Kirschlorbeers-mit-gruenen-Blaettern.jpg 1024w, https:\/\/rau.de\/wp-content\/uploads\/Weiss-bluehende-Rispen-des-Kirschlorbeers-mit-gruenen-Blaettern-300x200.jpg 300w\" sizes=\"auto, (max-width: 1024px) 100vw, 1024px\" \/><\/div><\/div><\/div><\/div><\/div><\/div><div class=\"g-cols wpb_row us_custom_4fb9e5a3 content_text via_flex valign_top type_default stacking_default\"><div class=\"vc_col-sm-12 wpb_column vc_column_container\"><div class=\"vc_column-inner\"><div class=\"wpb_wrapper\"><div class=\"wpb_text_column\"><div class=\"wpb_wrapper\"><h2>Begr\u00fcnte L\u00e4rmschutzwand mit Unterst\u00fctzung von RAU finden<\/h2>\n<div>\n<p class=\"XP-0-Standard\">Das zunehmende Interesse daran, begr\u00fcnte L\u00e4rmschutzw\u00e4nde aufzustellen oder bestehende L\u00e4rmschutzw\u00e4nde mit Pflanzen zu versehen, sorgt daf\u00fcr, dass wir von RAU unser Angebot f\u00fcr Sie erweitern. Unser Sortiment bietet f\u00fcr jeden Bereich die richtige L\u00f6sung. Lange wurde davon ausgegangen, dass vor allem Kletterpflanzen wie der Efeu f\u00fcr die Begr\u00fcnung geeignet ist. Nicht immer ist die Optik jedoch passend. Zudem handelt es sich um eine giftige Pflanze.<\/p>\n<\/div>\n<div>\n<p class=\"XP-0-Standard\">Inzwischen sind begr\u00fcnte L\u00e4rmschutzw\u00e4nde ein wichtiger Bestandteil auch in Stadtbildern geworden. Die vertikalen Gr\u00fcnfl\u00e4chen unterst\u00fctzen die Umwelt, mindern Ger\u00e4usche und Stra\u00dfenl\u00e4rm und erh\u00f6hen die Luftqualit\u00e4t. Umso wichtiger ist es, dass Sie f\u00fcr die von Ihnen angepassten Bereiche die richtigen Pflanzen finden.<\/p>\n<\/div>\n<div>\n<p class=\"XP-0-Standard\">M\u00f6chten Sie mehr zu den Optionen erfahren oder haben Sie Fragen rund um begr\u00fcnte L\u00e4rmschutzw\u00e4nde, stehen unsere Experten von RAU Ihnen zur Verf\u00fcgung. Ein umweltfreundlicher L\u00e4rmschutz ist in vielen Bereichen eine Verbesserung. Gerne beraten wir Sie telefonisch unter der <a href=\"tel:+493039748864 \"><i class=\"fa fa-phone-square\"><\/i> <span style=\"color: #00ae46;\">+49 (0)30 397 488 64<\/span><\/a><\/p>\n<\/div>\n<\/div><\/div><div class=\"w-separator size_small\"><\/div>[vc_btn title=&#8220;<b>Zu weiteren Magazin-Beitr\u00e4gen<\/b>&#8220; style=&#8220;custom&#8220; custom_background=&#8220;#df012a&#8220; custom_text=&#8220;#ffffff&#8220; link=&#8220;url:https%3A%2F%2Frau.de%2Fde%2Fmagazin%2F|title:Zu%20weiteren%20Magazin-Beitr%C3%A4gen&#8220;]<\/div><\/div><\/div><\/div><\/div><\/div><\/div><\/div><\/div><\/section>\n","protected":false},"featured_media":31463,"template":"","class_list":["post-22233","magazin","type-magazin","status-publish","has-post-thumbnail","hentry"],"yoast_head":"<!-- This site is optimized with the Yoast SEO plugin v27.4 - https:\/\/yoast.com\/product\/yoast-seo-wordpress\/ -->\n<title>Begr\u00fcnte L\u00e4rmschutzwand \u2013 nat\u00fcrlicher Schallschutz| RAU.de<\/title>\n<meta name=\"description\" content=\"Begr\u00fcnte L\u00e4rmschutzwand \u25b6 optisch ansprechend \u2713 hoher Schallschutz \u2713 gute Luftschalld\u00e4mmung \u2713 flexible Begr\u00fcnung \u25bb Jetzt auf RAU.de\" \/>\n<meta name=\"robots\" content=\"index, follow, max-snippet:-1, max-image-preview:large, max-video-preview:-1\" \/>\n<link rel=\"canonical\" href=\"https:\/\/rau.de\/de\/magazin\/begruente_laermschutzwaende\/\" \/>\n<meta property=\"og:locale\" content=\"de_DE\" \/>\n<meta property=\"og:type\" content=\"article\" \/>\n<meta property=\"og:title\" content=\"Begr\u00fcnte L\u00e4rmschutzwand \u2013 nat\u00fcrlicher Schallschutz| RAU.de\" \/>\n<meta property=\"og:description\" content=\"Begr\u00fcnte L\u00e4rmschutzwand \u25b6 optisch ansprechend \u2713 hoher Schallschutz \u2713 gute Luftschalld\u00e4mmung \u2713 flexible Begr\u00fcnung \u25bb Jetzt auf RAU.de\" \/>\n<meta property=\"og:url\" content=\"https:\/\/rau.de\/de\/magazin\/begruente_laermschutzwaende\/\" \/>\n<meta property=\"og:site_name\" content=\"Rau | L\u00e4rmschutzw\u00e4nde\" \/>\n<meta property=\"article:modified_time\" content=\"2025-03-31T13:56:25+00:00\" \/>\n<meta property=\"og:image\" content=\"https:\/\/rau.de\/wp-content\/uploads\/Holzwand-mit-dichter-gruener-Kletterpflanzen-Bewachsung.jpg\" \/>\n\t<meta property=\"og:image:width\" content=\"1024\" \/>\n\t<meta property=\"og:image:height\" content=\"683\" \/>\n\t<meta property=\"og:image:type\" content=\"image\/jpeg\" \/>\n<meta name=\"twitter:card\" content=\"summary_large_image\" \/>\n<meta name=\"twitter:label1\" content=\"Gesch\u00e4tzte Lesezeit\" \/>\n\t<meta name=\"twitter:data1\" content=\"4\u00a0Minuten\" \/>\n<script type=\"application\/ld+json\" class=\"yoast-schema-graph\">{\"@context\":\"https:\\\/\\\/schema.org\",\"@graph\":[{\"@type\":\"WebPage\",\"@id\":\"https:\\\/\\\/rau.de\\\/de\\\/magazin\\\/begruente_laermschutzwaende\\\/\",\"url\":\"https:\\\/\\\/rau.de\\\/de\\\/magazin\\\/begruente_laermschutzwaende\\\/\",\"name\":\"Begr\u00fcnte L\u00e4rmschutzwand \u2013 nat\u00fcrlicher Schallschutz| RAU.de\",\"isPartOf\":{\"@id\":\"https:\\\/\\\/rau.de\\\/de\\\/#website\"},\"primaryImageOfPage\":{\"@id\":\"https:\\\/\\\/rau.de\\\/de\\\/magazin\\\/begruente_laermschutzwaende\\\/#primaryimage\"},\"image\":{\"@id\":\"https:\\\/\\\/rau.de\\\/de\\\/magazin\\\/begruente_laermschutzwaende\\\/#primaryimage\"},\"thumbnailUrl\":\"https:\\\/\\\/rau.de\\\/wp-content\\\/uploads\\\/Holzwand-mit-dichter-gruener-Kletterpflanzen-Bewachsung.jpg\",\"datePublished\":\"2021-09-02T15:38:53+00:00\",\"dateModified\":\"2025-03-31T13:56:25+00:00\",\"description\":\"Begr\u00fcnte L\u00e4rmschutzwand \u25b6 optisch ansprechend \u2713 hoher Schallschutz \u2713 gute Luftschalld\u00e4mmung \u2713 flexible Begr\u00fcnung \u25bb Jetzt auf RAU.de\",\"breadcrumb\":{\"@id\":\"https:\\\/\\\/rau.de\\\/de\\\/magazin\\\/begruente_laermschutzwaende\\\/#breadcrumb\"},\"inLanguage\":\"de\",\"potentialAction\":[{\"@type\":\"ReadAction\",\"target\":[\"https:\\\/\\\/rau.de\\\/de\\\/magazin\\\/begruente_laermschutzwaende\\\/\"]}]},{\"@type\":\"ImageObject\",\"inLanguage\":\"de\",\"@id\":\"https:\\\/\\\/rau.de\\\/de\\\/magazin\\\/begruente_laermschutzwaende\\\/#primaryimage\",\"url\":\"https:\\\/\\\/rau.de\\\/wp-content\\\/uploads\\\/Holzwand-mit-dichter-gruener-Kletterpflanzen-Bewachsung.jpg\",\"contentUrl\":\"https:\\\/\\\/rau.de\\\/wp-content\\\/uploads\\\/Holzwand-mit-dichter-gruener-Kletterpflanzen-Bewachsung.jpg\",\"width\":1024,\"height\":683,\"caption\":\"Holzwand mit dichter, gr\u00fcner Kletterpflanzen-Bewachsung in einer nat\u00fcrlichen Umgebung\"},{\"@type\":\"BreadcrumbList\",\"@id\":\"https:\\\/\\\/rau.de\\\/de\\\/magazin\\\/begruente_laermschutzwaende\\\/#breadcrumb\",\"itemListElement\":[{\"@type\":\"ListItem\",\"position\":1,\"name\":\"Startseite\",\"item\":\"https:\\\/\\\/rau.de\\\/de\\\/\"},{\"@type\":\"ListItem\",\"position\":2,\"name\":\"Begr\u00fcnte L\u00e4rmschutzwand \u2013 L\u00e4rmschutzw\u00e4nde nat\u00fcrlich begr\u00fcnen\"}]},{\"@type\":\"WebSite\",\"@id\":\"https:\\\/\\\/rau.de\\\/de\\\/#website\",\"url\":\"https:\\\/\\\/rau.de\\\/de\\\/\",\"name\":\"Rau | L\u00e4rmschutzw\u00e4nde\",\"description\":\"Entwicklung und Umsetzung von L\u00e4rmschutzwand und Schallschutzwand\",\"publisher\":{\"@id\":\"https:\\\/\\\/rau.de\\\/de\\\/#organization\"},\"potentialAction\":[{\"@type\":\"SearchAction\",\"target\":{\"@type\":\"EntryPoint\",\"urlTemplate\":\"https:\\\/\\\/rau.de\\\/de\\\/?s={search_term_string}\"},\"query-input\":{\"@type\":\"PropertyValueSpecification\",\"valueRequired\":true,\"valueName\":\"search_term_string\"}}],\"inLanguage\":\"de\"},{\"@type\":\"Organization\",\"@id\":\"https:\\\/\\\/rau.de\\\/de\\\/#organization\",\"name\":\"RAU L\u00e4rmschutzw\u00e4nde \u2013 Geosystem GBK GmbH\",\"url\":\"https:\\\/\\\/rau.de\\\/de\\\/\",\"logo\":{\"@type\":\"ImageObject\",\"inLanguage\":\"de\",\"@id\":\"https:\\\/\\\/rau.de\\\/de\\\/#\\\/schema\\\/logo\\\/image\\\/\",\"url\":\"https:\\\/\\\/rau.de\\\/wp-content\\\/uploads\\\/web_logo.png\",\"contentUrl\":\"https:\\\/\\\/rau.de\\\/wp-content\\\/uploads\\\/web_logo.png\",\"width\":249,\"height\":127,\"caption\":\"RAU L\u00e4rmschutzw\u00e4nde \u2013 Geosystem GBK GmbH\"},\"image\":{\"@id\":\"https:\\\/\\\/rau.de\\\/de\\\/#\\\/schema\\\/logo\\\/image\\\/\"}}]}<\/script>\n<!-- \/ Yoast SEO plugin. -->","yoast_head_json":{"title":"Begr\u00fcnte L\u00e4rmschutzwand \u2013 nat\u00fcrlicher Schallschutz| RAU.de","description":"Begr\u00fcnte L\u00e4rmschutzwand \u25b6 optisch ansprechend \u2713 hoher Schallschutz \u2713 gute Luftschalld\u00e4mmung \u2713 flexible Begr\u00fcnung \u25bb Jetzt auf RAU.de","robots":{"index":"index","follow":"follow","max-snippet":"max-snippet:-1","max-image-preview":"max-image-preview:large","max-video-preview":"max-video-preview:-1"},"canonical":"https:\/\/rau.de\/de\/magazin\/begruente_laermschutzwaende\/","og_locale":"de_DE","og_type":"article","og_title":"Begr\u00fcnte L\u00e4rmschutzwand \u2013 nat\u00fcrlicher Schallschutz| RAU.de","og_description":"Begr\u00fcnte L\u00e4rmschutzwand \u25b6 optisch ansprechend \u2713 hoher Schallschutz \u2713 gute Luftschalld\u00e4mmung \u2713 flexible Begr\u00fcnung \u25bb Jetzt auf RAU.de","og_url":"https:\/\/rau.de\/de\/magazin\/begruente_laermschutzwaende\/","og_site_name":"Rau | L\u00e4rmschutzw\u00e4nde","article_modified_time":"2025-03-31T13:56:25+00:00","og_image":[{"width":1024,"height":683,"url":"https:\/\/rau.de\/wp-content\/uploads\/Holzwand-mit-dichter-gruener-Kletterpflanzen-Bewachsung.jpg","type":"image\/jpeg"}],"twitter_card":"summary_large_image","twitter_misc":{"Gesch\u00e4tzte Lesezeit":"4\u00a0Minuten"},"schema":{"@context":"https:\/\/schema.org","@graph":[{"@type":"WebPage","@id":"https:\/\/rau.de\/de\/magazin\/begruente_laermschutzwaende\/","url":"https:\/\/rau.de\/de\/magazin\/begruente_laermschutzwaende\/","name":"Begr\u00fcnte L\u00e4rmschutzwand \u2013 nat\u00fcrlicher Schallschutz| RAU.de","isPartOf":{"@id":"https:\/\/rau.de\/de\/#website"},"primaryImageOfPage":{"@id":"https:\/\/rau.de\/de\/magazin\/begruente_laermschutzwaende\/#primaryimage"},"image":{"@id":"https:\/\/rau.de\/de\/magazin\/begruente_laermschutzwaende\/#primaryimage"},"thumbnailUrl":"https:\/\/rau.de\/wp-content\/uploads\/Holzwand-mit-dichter-gruener-Kletterpflanzen-Bewachsung.jpg","datePublished":"2021-09-02T15:38:53+00:00","dateModified":"2025-03-31T13:56:25+00:00","description":"Begr\u00fcnte L\u00e4rmschutzwand \u25b6 optisch ansprechend \u2713 hoher Schallschutz \u2713 gute Luftschalld\u00e4mmung \u2713 flexible Begr\u00fcnung \u25bb Jetzt auf RAU.de","breadcrumb":{"@id":"https:\/\/rau.de\/de\/magazin\/begruente_laermschutzwaende\/#breadcrumb"},"inLanguage":"de","potentialAction":[{"@type":"ReadAction","target":["https:\/\/rau.de\/de\/magazin\/begruente_laermschutzwaende\/"]}]},{"@type":"ImageObject","inLanguage":"de","@id":"https:\/\/rau.de\/de\/magazin\/begruente_laermschutzwaende\/#primaryimage","url":"https:\/\/rau.de\/wp-content\/uploads\/Holzwand-mit-dichter-gruener-Kletterpflanzen-Bewachsung.jpg","contentUrl":"https:\/\/rau.de\/wp-content\/uploads\/Holzwand-mit-dichter-gruener-Kletterpflanzen-Bewachsung.jpg","width":1024,"height":683,"caption":"Holzwand mit dichter, gr\u00fcner Kletterpflanzen-Bewachsung in einer nat\u00fcrlichen Umgebung"},{"@type":"BreadcrumbList","@id":"https:\/\/rau.de\/de\/magazin\/begruente_laermschutzwaende\/#breadcrumb","itemListElement":[{"@type":"ListItem","position":1,"name":"Startseite","item":"https:\/\/rau.de\/de\/"},{"@type":"ListItem","position":2,"name":"Begr\u00fcnte L\u00e4rmschutzwand \u2013 L\u00e4rmschutzw\u00e4nde nat\u00fcrlich begr\u00fcnen"}]},{"@type":"WebSite","@id":"https:\/\/rau.de\/de\/#website","url":"https:\/\/rau.de\/de\/","name":"Rau | L\u00e4rmschutzw\u00e4nde","description":"Entwicklung und Umsetzung von L\u00e4rmschutzwand und Schallschutzwand","publisher":{"@id":"https:\/\/rau.de\/de\/#organization"},"potentialAction":[{"@type":"SearchAction","target":{"@type":"EntryPoint","urlTemplate":"https:\/\/rau.de\/de\/?s={search_term_string}"},"query-input":{"@type":"PropertyValueSpecification","valueRequired":true,"valueName":"search_term_string"}}],"inLanguage":"de"},{"@type":"Organization","@id":"https:\/\/rau.de\/de\/#organization","name":"RAU L\u00e4rmschutzw\u00e4nde \u2013 Geosystem GBK GmbH","url":"https:\/\/rau.de\/de\/","logo":{"@type":"ImageObject","inLanguage":"de","@id":"https:\/\/rau.de\/de\/#\/schema\/logo\/image\/","url":"https:\/\/rau.de\/wp-content\/uploads\/web_logo.png","contentUrl":"https:\/\/rau.de\/wp-content\/uploads\/web_logo.png","width":249,"height":127,"caption":"RAU L\u00e4rmschutzw\u00e4nde \u2013 Geosystem GBK GmbH"},"image":{"@id":"https:\/\/rau.de\/de\/#\/schema\/logo\/image\/"}}]}},"_links":{"self":[{"href":"https:\/\/rau.de\/de\/wp-json\/wp\/v2\/magazin\/22233","targetHints":{"allow":["GET"]}}],"collection":[{"href":"https:\/\/rau.de\/de\/wp-json\/wp\/v2\/magazin"}],"about":[{"href":"https:\/\/rau.de\/de\/wp-json\/wp\/v2\/types\/magazin"}],"wp:featuredmedia":[{"embeddable":true,"href":"https:\/\/rau.de\/de\/wp-json\/wp\/v2\/media\/31463"}],"wp:attachment":[{"href":"https:\/\/rau.de\/de\/wp-json\/wp\/v2\/media?parent=22233"}],"curies":[{"name":"wp","href":"https:\/\/api.w.org\/{rel}","templated":true}]}}