{"id":716,"date":"2019-08-01T18:09:40","date_gmt":"2019-08-01T16:09:40","guid":{"rendered":"http:\/\/rau.kundendemo.com\/?page_id=716"},"modified":"2020-06-02T12:22:19","modified_gmt":"2020-06-02T10:22:19","slug":"ydelser","status":"publish","type":"page","link":"https:\/\/rau.de\/da\/ydelser\/","title":{"rendered":"Ydelser"},"content":{"rendered":"<section class=\"l-section wpb_row height_medium full_height valign_center with_img\" id=\"kontakt\"><div class=\"l-section-img\" role=\"img\" data-img-width=\"2000\" data-img-height=\"1122\" style=\"background-image: url(https:\/\/rau.de\/wp-content\/uploads\/bg.jpg);\"><\/div><div class=\"l-section-h i-cf\"><div class=\"g-cols vc_row via_flex valign_top type_default stacking_default\"><div class=\"vc_col-sm-12 wpb_column vc_column_container\"><div class=\"vc_column-inner\"><div class=\"wpb_wrapper\"><div class=\"g-cols wpb_row content_top via_flex valign_top type_default stacking_default\"><div class=\"vc_col-sm-12 wpb_column vc_column_container\"><div class=\"vc_column-inner\"><div class=\"wpb_wrapper\"><h1 class=\"w-post-elm post_title entry-title color_link_inherit\">Ydelser<\/h1><\/div><\/div><\/div><\/div><div class=\"g-cols wpb_row us_custom_4fb9e5a3 content_text via_flex valign_top type_default stacking_default\"><div class=\"vc_col-sm-8 wpb_column vc_column_container\"><div class=\"vc_column-inner\"><div class=\"wpb_wrapper\"><div class=\"wpb_text_column mb-30\"><div class=\"wpb_wrapper\"><h2>R\u00e5dgivning<\/h2>\n<p>\u00d8nsker du mere ro? Mere renhed? Mere effektivitet? Mere gr\u00f8nt? Medarbejderne og tilknyttede ingeni\u00f8rer hos RAU lytter, er opm\u00e6rksomme, analyserer og giver omfattende, kompetent r\u00e5dgivning. De kan klarl\u00e6gge alle sp\u00f8rgsm\u00e5l vedr\u00f8rende egnede l\u00f8sninger til netop dine krav og omgivelser. Med RAU er n\u00e6sten alt muligt, n\u00e5r det drejer sig om st\u00f8jbeskyttelse. Du kan til hver en tid henvende til os.<\/p>\n<h2>Kundeservice<\/h2>\n<p>For hurtigt at kunne behandle begr\u00e6nsede vedligeholdelses- og serviceydelser, har vi altid en eller flere servicelinjer til r\u00e5dighed, s\u00e5 vi kan varetage dine anliggender.<\/p>\n<h2>Planl\u00e6gning<\/h2>\n<p>Nu g\u00e6lder det detaljerne: Hvordan ser det du med pladsbehovet eller barrierens placering og h\u00f8jde? Hvordan kommer du frem til udf\u00f8relsesplaner, udbud og st\u00f8jbeskyttelsesrapporter? Hvilke planter egner sig bedst, og hvordan skal de passes? Vi overtager gerne alle planl\u00e6gningsopgaver, underst\u00f8tter med vores ekspertise og garanterer dermed en gnidningsl\u00f8s konstruktionsproces.<\/p>\n<h2>Sk\u00e6rmkonstruktion<\/h2>\n<p>Valget er dit: \u00d8nsker du, at vi tager os af udformningen og vedligeholdelsen af din st\u00f8jsk\u00e6rm med en komplet konstruktionspakke? Alternativt leverer vi ogs\u00e5 udelukkende bygges\u00e6ttet. Selve arbejdet kan s\u00e5 udf\u00f8res af en lokal virksomhed eller du kan selv g\u00f8re det. Fort\u00e6l os om dine \u00f8nsker og muligheder \u2013 og vi finder den bedste l\u00f8sning for dig.<\/p>\n<\/div><\/div><\/div><\/div><\/div><div class=\"vc_col-sm-4 wpb_column vc_column_container\"><div class=\"vc_column-inner\"><div class=\"wpb_wrapper\">[vc_widget_sidebar sidebar_id=&#8221;us_widget_area_kontakt&#8221; el_class=&#8221;side_contact&#8221;]<\/div><\/div><\/div><\/div><\/div><\/div><\/div><\/div><\/div><\/section>\n","protected":false},"excerpt":{"rendered":"YdelserR\u00e5dgivning \u00d8nsker du mere ro? Mere renhed? Mere effektivitet? Mere gr\u00f8nt? Medarbejderne og tilknyttede ingeni\u00f8rer hos RAU lytter, er opm\u00e6rksomme, analyserer og giver omfattende, kompetent r\u00e5dgivning. De kan klarl\u00e6gge alle sp\u00f8rgsm\u00e5l vedr\u00f8rende egnede l\u00f8sninger til netop dine krav og omgivelser. Med RAU er n\u00e6sten alt muligt, n\u00e5r det drejer sig om st\u00f8jbeskyttelse. Du kan til...","protected":false},"author":1,"featured_media":0,"parent":0,"menu_order":0,"comment_status":"closed","ping_status":"closed","template":"","meta":{"footnotes":""},"class_list":["post-716","page","type-page","status-publish","hentry"],"yoast_head":"<!-- This site is optimized with the Yoast SEO plugin v27.5 - https:\/\/yoast.com\/product\/yoast-seo-wordpress\/ -->\n<title>Ydelser | L\u00e4rmschutzwand und Schallschutzwand !<\/title>\n<meta name=\"description\" content=\"Das ist ein Test\" \/>\n<meta name=\"robots\" content=\"index, follow, max-snippet:-1, max-image-preview:large, max-video-preview:-1\" \/>\n<link rel=\"canonical\" href=\"https:\/\/rau.de\/da\/ydelser\/\" \/>\n<meta property=\"og:locale\" content=\"da_DK\" \/>\n<meta property=\"og:type\" content=\"article\" \/>\n<meta property=\"og:title\" content=\"Ydelser | L\u00e4rmschutzwand und Schallschutzwand !\" \/>\n<meta property=\"og:description\" content=\"Das ist ein Test\" \/>\n<meta property=\"og:url\" content=\"https:\/\/rau.de\/da\/ydelser\/\" \/>\n<meta property=\"og:site_name\" content=\"Rau | L\u00e4rmschutzw\u00e4nde\" \/>\n<meta property=\"article:modified_time\" content=\"2020-06-02T10:22:19+00:00\" \/>\n<meta property=\"og:image\" content=\"https:\/\/rau.de\/wp-content\/uploads\/rau.de-begruente-laermschutzwand-2015-08-23-sonderteile-2.jpg\" \/>\n\t<meta property=\"og:image:width\" content=\"1920\" \/>\n\t<meta property=\"og:image:height\" content=\"1146\" \/>\n\t<meta property=\"og:image:type\" content=\"image\/jpeg\" \/>\n<meta name=\"twitter:card\" content=\"summary_large_image\" \/>\n<meta name=\"twitter:label1\" content=\"Estimeret l\u00e6setid\" \/>\n\t<meta name=\"twitter:data1\" content=\"2 minutter\" \/>\n<script type=\"application\/ld+json\" class=\"yoast-schema-graph\">{\"@context\":\"https:\\\/\\\/schema.org\",\"@graph\":[{\"@type\":\"WebPage\",\"@id\":\"https:\\\/\\\/rau.de\\\/da\\\/ydelser\\\/\",\"url\":\"https:\\\/\\\/rau.de\\\/da\\\/ydelser\\\/\",\"name\":\"Ydelser | L\u00e4rmschutzwand und Schallschutzwand !\",\"isPartOf\":{\"@id\":\"https:\\\/\\\/rau.de\\\/da\\\/#website\"},\"datePublished\":\"2019-08-01T16:09:40+00:00\",\"dateModified\":\"2020-06-02T10:22:19+00:00\",\"description\":\"Das ist ein Test\",\"breadcrumb\":{\"@id\":\"https:\\\/\\\/rau.de\\\/da\\\/ydelser\\\/#breadcrumb\"},\"inLanguage\":\"da-DK\",\"potentialAction\":[{\"@type\":\"ReadAction\",\"target\":[\"https:\\\/\\\/rau.de\\\/da\\\/ydelser\\\/\"]}]},{\"@type\":\"BreadcrumbList\",\"@id\":\"https:\\\/\\\/rau.de\\\/da\\\/ydelser\\\/#breadcrumb\",\"itemListElement\":[{\"@type\":\"ListItem\",\"position\":1,\"name\":\"Startseite\",\"item\":\"https:\\\/\\\/rau.de\\\/da\\\/\"},{\"@type\":\"ListItem\",\"position\":2,\"name\":\"Ydelser\"}]},{\"@type\":\"WebSite\",\"@id\":\"https:\\\/\\\/rau.de\\\/da\\\/#website\",\"url\":\"https:\\\/\\\/rau.de\\\/da\\\/\",\"name\":\"Rau | L\u00e4rmschutzw\u00e4nde\",\"description\":\"Entwicklung und Umsetzung von L\u00e4rmschutzwand und Schallschutzwand\",\"publisher\":{\"@id\":\"https:\\\/\\\/rau.de\\\/da\\\/#organization\"},\"potentialAction\":[{\"@type\":\"SearchAction\",\"target\":{\"@type\":\"EntryPoint\",\"urlTemplate\":\"https:\\\/\\\/rau.de\\\/da\\\/?s={search_term_string}\"},\"query-input\":{\"@type\":\"PropertyValueSpecification\",\"valueRequired\":true,\"valueName\":\"search_term_string\"}}],\"inLanguage\":\"da-DK\"},{\"@type\":\"Organization\",\"@id\":\"https:\\\/\\\/rau.de\\\/da\\\/#organization\",\"name\":\"RAU L\u00e4rmschutzw\u00e4nde \u2013 Geosystem GBK GmbH\",\"url\":\"https:\\\/\\\/rau.de\\\/da\\\/\",\"logo\":{\"@type\":\"ImageObject\",\"inLanguage\":\"da-DK\",\"@id\":\"https:\\\/\\\/rau.de\\\/da\\\/#\\\/schema\\\/logo\\\/image\\\/\",\"url\":\"https:\\\/\\\/rau.de\\\/wp-content\\\/uploads\\\/web_logo.png\",\"contentUrl\":\"https:\\\/\\\/rau.de\\\/wp-content\\\/uploads\\\/web_logo.png\",\"width\":249,\"height\":127,\"caption\":\"RAU L\u00e4rmschutzw\u00e4nde \u2013 Geosystem GBK GmbH\"},\"image\":{\"@id\":\"https:\\\/\\\/rau.de\\\/da\\\/#\\\/schema\\\/logo\\\/image\\\/\"}}]}<\/script>\n<!-- \/ Yoast SEO plugin. -->","yoast_head_json":{"title":"Ydelser | L\u00e4rmschutzwand und Schallschutzwand !","description":"Das ist ein Test","robots":{"index":"index","follow":"follow","max-snippet":"max-snippet:-1","max-image-preview":"max-image-preview:large","max-video-preview":"max-video-preview:-1"},"canonical":"https:\/\/rau.de\/da\/ydelser\/","og_locale":"da_DK","og_type":"article","og_title":"Ydelser | L\u00e4rmschutzwand und Schallschutzwand !","og_description":"Das ist ein Test","og_url":"https:\/\/rau.de\/da\/ydelser\/","og_site_name":"Rau | L\u00e4rmschutzw\u00e4nde","article_modified_time":"2020-06-02T10:22:19+00:00","og_image":[{"width":1920,"height":1146,"url":"https:\/\/rau.de\/wp-content\/uploads\/rau.de-begruente-laermschutzwand-2015-08-23-sonderteile-2.jpg","type":"image\/jpeg"}],"twitter_card":"summary_large_image","twitter_misc":{"Estimeret l\u00e6setid":"2 minutter"},"schema":{"@context":"https:\/\/schema.org","@graph":[{"@type":"WebPage","@id":"https:\/\/rau.de\/da\/ydelser\/","url":"https:\/\/rau.de\/da\/ydelser\/","name":"Ydelser | L\u00e4rmschutzwand und Schallschutzwand !","isPartOf":{"@id":"https:\/\/rau.de\/da\/#website"},"datePublished":"2019-08-01T16:09:40+00:00","dateModified":"2020-06-02T10:22:19+00:00","description":"Das ist ein Test","breadcrumb":{"@id":"https:\/\/rau.de\/da\/ydelser\/#breadcrumb"},"inLanguage":"da-DK","potentialAction":[{"@type":"ReadAction","target":["https:\/\/rau.de\/da\/ydelser\/"]}]},{"@type":"BreadcrumbList","@id":"https:\/\/rau.de\/da\/ydelser\/#breadcrumb","itemListElement":[{"@type":"ListItem","position":1,"name":"Startseite","item":"https:\/\/rau.de\/da\/"},{"@type":"ListItem","position":2,"name":"Ydelser"}]},{"@type":"WebSite","@id":"https:\/\/rau.de\/da\/#website","url":"https:\/\/rau.de\/da\/","name":"Rau | L\u00e4rmschutzw\u00e4nde","description":"Entwicklung und Umsetzung von L\u00e4rmschutzwand und Schallschutzwand","publisher":{"@id":"https:\/\/rau.de\/da\/#organization"},"potentialAction":[{"@type":"SearchAction","target":{"@type":"EntryPoint","urlTemplate":"https:\/\/rau.de\/da\/?s={search_term_string}"},"query-input":{"@type":"PropertyValueSpecification","valueRequired":true,"valueName":"search_term_string"}}],"inLanguage":"da-DK"},{"@type":"Organization","@id":"https:\/\/rau.de\/da\/#organization","name":"RAU L\u00e4rmschutzw\u00e4nde \u2013 Geosystem GBK GmbH","url":"https:\/\/rau.de\/da\/","logo":{"@type":"ImageObject","inLanguage":"da-DK","@id":"https:\/\/rau.de\/da\/#\/schema\/logo\/image\/","url":"https:\/\/rau.de\/wp-content\/uploads\/web_logo.png","contentUrl":"https:\/\/rau.de\/wp-content\/uploads\/web_logo.png","width":249,"height":127,"caption":"RAU L\u00e4rmschutzw\u00e4nde \u2013 Geosystem GBK GmbH"},"image":{"@id":"https:\/\/rau.de\/da\/#\/schema\/logo\/image\/"}}]}},"_links":{"self":[{"href":"https:\/\/rau.de\/da\/wp-json\/wp\/v2\/pages\/716","targetHints":{"allow":["GET"]}}],"collection":[{"href":"https:\/\/rau.de\/da\/wp-json\/wp\/v2\/pages"}],"about":[{"href":"https:\/\/rau.de\/da\/wp-json\/wp\/v2\/types\/page"}],"author":[{"embeddable":true,"href":"https:\/\/rau.de\/da\/wp-json\/wp\/v2\/users\/1"}],"replies":[{"embeddable":true,"href":"https:\/\/rau.de\/da\/wp-json\/wp\/v2\/comments?post=716"}],"version-history":[{"count":3,"href":"https:\/\/rau.de\/da\/wp-json\/wp\/v2\/pages\/716\/revisions"}],"predecessor-version":[{"id":5609,"href":"https:\/\/rau.de\/da\/wp-json\/wp\/v2\/pages\/716\/revisions\/5609"}],"wp:attachment":[{"href":"https:\/\/rau.de\/da\/wp-json\/wp\/v2\/media?parent=716"}],"curies":[{"name":"wp","href":"https:\/\/api.w.org\/{rel}","templated":true}]}}