{"id":5771,"date":"2020-06-09T09:32:40","date_gmt":"2020-06-09T07:32:40","guid":{"rendered":"http:\/\/rau.kundendemo.com\/?post_type=produkt&#038;p=5771"},"modified":"2024-07-26T18:12:48","modified_gmt":"2024-07-26T16:12:48","slug":"rau-r3-extensiv-protihlukova-stena-konstrukcni-vyska-12-metru","status":"publish","type":"produkt","link":"https:\/\/rau.de\/cs\/produkt\/rau-r3-extensiv-protihlukova-stena-konstrukcni-vyska-12-metru\/","title":{"rendered":"RAU R3 Extensiv protihlukov\u00e1 st\u011bna &#8211; konstruk\u010dn\u00ed v\u00fd\u0161ka do 12 metr\u016f"},"content":{"rendered":"<section class=\"l-section wpb_row height_medium full_height valign_center with_img\" id=\"kontakt\"><div class=\"l-section-img\" role=\"img\" data-img-width=\"2000\" data-img-height=\"1122\" style=\"background-image: url(https:\/\/rau.de\/wp-content\/uploads\/bg.jpg);\"><\/div><div class=\"l-section-h i-cf\"><div class=\"g-cols vc_row via_flex valign_top type_default stacking_default\"><div class=\"vc_col-sm-12 wpb_column vc_column_container\"><div class=\"vc_column-inner\"><div class=\"wpb_wrapper\"><div class=\"g-cols wpb_row content_top via_flex valign_top type_default stacking_default\"><div class=\"vc_col-sm-12 wpb_column vc_column_container\"><div class=\"vc_column-inner\"><div class=\"wpb_wrapper\"><h1 class=\"w-post-elm post_title entry-title color_link_inherit\">RAU R3 Extensiv protihlukov\u00e1 st\u011bna &#8211; konstruk\u010dn\u00ed v\u00fd\u0161ka do 12 metr\u016f<\/h1><\/div><\/div><\/div><\/div><div class=\"g-cols wpb_row us_custom_4fb9e5a3 content_text via_flex valign_top type_default stacking_default\"><div class=\"vc_col-sm-6 wpb_column vc_column_container\"><div class=\"vc_column-inner\"><div class=\"wpb_wrapper\"><div class=\"w-image align_none\"><div class=\"w-image-h\"><img loading=\"lazy\" decoding=\"async\" width=\"550\" height=\"671\" src=\"https:\/\/rau.de\/wp-content\/uploads\/Bauzeichnung-mit-Elementbezeichnung-einer-Laermschutzwand.gif\" class=\"attachment-large size-large\" alt=\"Bauzeichnung mit Elementbezeichnung einer L\u00e4rmschutzwand\" \/><\/div><\/div><\/div><\/div><\/div><div class=\"vc_col-sm-6 wpb_column vc_column_container\"><div class=\"vc_column-inner\"><div class=\"wpb_wrapper\"><div class=\"wpb_text_column\"><div class=\"wpb_wrapper\"><h2>Optim\u00e1ln\u00ed pom\u011br cena &#8211; u\u017eitek<\/h2>\n<p>Tento jednodu\u0161e smontovateln\u00fd, enormn\u011b stabiln\u00ed ko\u0161 se skl\u00e1d\u00e1 v\u00fdlu\u010dn\u011b z\u00a0nosn\u00fdch profil\u016f, vertik\u00e1ln\u00edch dr\u00e1t\u016f a\u00a0vn\u011bj\u0161\u00edch roho\u017e\u00ed. Vysta\u010d\u00ed si bez n\u00e1kladn\u00fdch z\u00e1klad\u016f, a\u00a0proto se lehce a\u00a0levn\u011b instaluje. K\u00a0pln\u011bn\u00ed se hod\u00ed v\u0161echny sypk\u00e9 druhy zeminy.<\/p>\n<p>U\u00a0RAU R3 EXTENSIV protihlukov\u00e9 st\u011bny je mo\u017en\u00e9 realizovat dokonce zat\u00e1\u010dky, v\u00fd\u0161kov\u00e9 skoky na nejmen\u0161\u00edm prostoru a bez velk\u00e9ho \u00fasil\u00ed. I\u00a0odchylky od b\u011b\u017en\u00e9ho profilu (lichob\u011b\u017en\u00edk s\u00a0horn\u00ed \u0161\u00ed\u0159kou 60 centimetr\u016f a\u00a010% sklon na obou stran\u00e1ch) je v\u011bt\u0161inou mo\u017en\u00e9 vyrobit bez dal\u0161\u00edch n\u00e1klad\u016f.<\/p>\n<\/div><\/div><div class=\"w-separator size_medium\"><\/div><div class=\"w-btn-wrapper align_none\"><a class=\"w-btn us-btn-style_1 icon_atleft\" href=\"\/downloads\/system-rau-r3-laermschutzwand-2020-05-12.pdf\"><i class=\"fas fa-file\"><\/i><span class=\"w-btn-label\">RAU R3 &#8211; Download<\/span><\/a><\/div><div class=\"w-btn-wrapper align_none\"><a class=\"w-btn us-btn-style_1 icon_atleft\" href=\"https:\/\/rau.de\/cs\/galerie\/r3-extensiv\/\"><i class=\"fas fa-image\"><\/i><span class=\"w-btn-label\">Zobrazit tento produkt v galerii<\/span><\/a><\/div><div class=\"w-btn-wrapper align_none\"><a class=\"w-btn us-btn-style_1 icon_atleft\" href=\"\/cs\/produkty\/\"><i class=\"fas fa-chevron-right\"><\/i><span class=\"w-btn-label\">V\u0161echny produkty<\/span><\/a><\/div><\/div><\/div><\/div><\/div><\/div><\/div><\/div><\/div><\/div><\/section>\n","protected":false},"excerpt":{"rendered":"RAU R3 Extensiv protihlukov\u00e1 st\u011bna &#8211; konstruk\u010dn\u00ed v\u00fd\u0161ka do 12 metr\u016fOptim\u00e1ln\u00ed pom\u011br cena &#8211; u\u017eitek Tento jednodu\u0161e smontovateln\u00fd, enormn\u011b stabiln\u00ed ko\u0161 se skl\u00e1d\u00e1 v\u00fdlu\u010dn\u011b z\u00a0nosn\u00fdch profil\u016f, vertik\u00e1ln\u00edch dr\u00e1t\u016f a\u00a0vn\u011bj\u0161\u00edch roho\u017e\u00ed. Vysta\u010d\u00ed si bez n\u00e1kladn\u00fdch z\u00e1klad\u016f, a\u00a0proto se lehce a\u00a0levn\u011b instaluje. K\u00a0pln\u011bn\u00ed se hod\u00ed v\u0161echny sypk\u00e9 druhy zeminy. U\u00a0RAU R3 EXTENSIV protihlukov\u00e9 st\u011bny je mo\u017en\u00e9 realizovat...","protected":false},"featured_media":7811,"template":"","class_list":["post-5771","produkt","type-produkt","status-publish","has-post-thumbnail","hentry"],"yoast_head":"<!-- This site is optimized with the Yoast SEO plugin v27.5 - https:\/\/yoast.com\/product\/yoast-seo-wordpress\/ -->\n<title>RAU R3 Extensiv protihlukov\u00e1 st\u011bna \u2013 konstruk\u010dn\u00ed v\u00fd\u0161ka do 12 metr\u016f \ud83c\udf31<\/title>\n<meta name=\"description\" content=\"\ud83c\udfc6 U RAU R3 EXTENSIV protihlukov\u00e9 st\u011bny je mo\u017en\u00e9 realizovat dokonce zat\u00e1\u010dky, v\u00fd\u0161kov\u00e9 skoky na nejmen\u0161\u00edm prostoru a bez velk\u00e9ho \u00fasil\u00ed. \ud83c\udf33\" \/>\n<meta name=\"robots\" content=\"index, follow, max-snippet:-1, max-image-preview:large, max-video-preview:-1\" \/>\n<link rel=\"canonical\" href=\"https:\/\/rau.de\/cs\/produkt\/rau-r3-extensiv-protihlukova-stena-konstrukcni-vyska-12-metru\/\" \/>\n<meta property=\"og:locale\" content=\"cs_CZ\" \/>\n<meta property=\"og:type\" content=\"article\" \/>\n<meta property=\"og:title\" content=\"RAU R3 Extensiv protihlukov\u00e1 st\u011bna \u2013 konstruk\u010dn\u00ed v\u00fd\u0161ka do 12 metr\u016f \ud83c\udf31\" \/>\n<meta property=\"og:description\" content=\"\ud83c\udfc6 U RAU R3 EXTENSIV protihlukov\u00e9 st\u011bny je mo\u017en\u00e9 realizovat dokonce zat\u00e1\u010dky, v\u00fd\u0161kov\u00e9 skoky na nejmen\u0161\u00edm prostoru a bez velk\u00e9ho \u00fasil\u00ed. \ud83c\udf33\" \/>\n<meta property=\"og:url\" content=\"https:\/\/rau.de\/cs\/produkt\/rau-r3-extensiv-protihlukova-stena-konstrukcni-vyska-12-metru\/\" \/>\n<meta property=\"og:site_name\" content=\"Rau | L\u00e4rmschutzw\u00e4nde\" \/>\n<meta property=\"article:modified_time\" content=\"2024-07-26T16:12:48+00:00\" \/>\n<meta property=\"og:image\" content=\"https:\/\/rau.de\/wp-content\/uploads\/system-rau-r3-laermschutzwand-2020-05-12.png\" \/>\n\t<meta property=\"og:image:width\" content=\"550\" \/>\n\t<meta property=\"og:image:height\" content=\"638\" \/>\n\t<meta property=\"og:image:type\" content=\"image\/jpeg\" \/>\n<meta name=\"twitter:card\" content=\"summary_large_image\" \/>\n<meta name=\"twitter:label1\" content=\"Odhadovan\u00e1 doba \u010dten\u00ed\" \/>\n\t<meta name=\"twitter:data1\" content=\"1 minuta\" \/>\n<script type=\"application\/ld+json\" class=\"yoast-schema-graph\">{\"@context\":\"https:\\\/\\\/schema.org\",\"@graph\":[{\"@type\":\"WebPage\",\"@id\":\"https:\\\/\\\/rau.de\\\/cs\\\/produkt\\\/rau-r3-extensiv-protihlukova-stena-konstrukcni-vyska-12-metru\\\/\",\"url\":\"https:\\\/\\\/rau.de\\\/cs\\\/produkt\\\/rau-r3-extensiv-protihlukova-stena-konstrukcni-vyska-12-metru\\\/\",\"name\":\"RAU R3 Extensiv protihlukov\u00e1 st\u011bna \u2013 konstruk\u010dn\u00ed v\u00fd\u0161ka do 12 metr\u016f \ud83c\udf31\",\"isPartOf\":{\"@id\":\"https:\\\/\\\/rau.de\\\/cs\\\/#website\"},\"primaryImageOfPage\":{\"@id\":\"https:\\\/\\\/rau.de\\\/cs\\\/produkt\\\/rau-r3-extensiv-protihlukova-stena-konstrukcni-vyska-12-metru\\\/#primaryimage\"},\"image\":{\"@id\":\"https:\\\/\\\/rau.de\\\/cs\\\/produkt\\\/rau-r3-extensiv-protihlukova-stena-konstrukcni-vyska-12-metru\\\/#primaryimage\"},\"thumbnailUrl\":\"https:\\\/\\\/rau.de\\\/wp-content\\\/uploads\\\/system-rau-r3-laermschutzwand-2020-05-12.png\",\"datePublished\":\"2020-06-09T07:32:40+00:00\",\"dateModified\":\"2024-07-26T16:12:48+00:00\",\"description\":\"\ud83c\udfc6 U RAU R3 EXTENSIV protihlukov\u00e9 st\u011bny je mo\u017en\u00e9 realizovat dokonce zat\u00e1\u010dky, v\u00fd\u0161kov\u00e9 skoky na nejmen\u0161\u00edm prostoru a bez velk\u00e9ho \u00fasil\u00ed. \ud83c\udf33\",\"breadcrumb\":{\"@id\":\"https:\\\/\\\/rau.de\\\/cs\\\/produkt\\\/rau-r3-extensiv-protihlukova-stena-konstrukcni-vyska-12-metru\\\/#breadcrumb\"},\"inLanguage\":\"cs\",\"potentialAction\":[{\"@type\":\"ReadAction\",\"target\":[\"https:\\\/\\\/rau.de\\\/cs\\\/produkt\\\/rau-r3-extensiv-protihlukova-stena-konstrukcni-vyska-12-metru\\\/\"]}]},{\"@type\":\"ImageObject\",\"inLanguage\":\"cs\",\"@id\":\"https:\\\/\\\/rau.de\\\/cs\\\/produkt\\\/rau-r3-extensiv-protihlukova-stena-konstrukcni-vyska-12-metru\\\/#primaryimage\",\"url\":\"https:\\\/\\\/rau.de\\\/wp-content\\\/uploads\\\/system-rau-r3-laermschutzwand-2020-05-12.png\",\"contentUrl\":\"https:\\\/\\\/rau.de\\\/wp-content\\\/uploads\\\/system-rau-r3-laermschutzwand-2020-05-12.png\",\"width\":550,\"height\":638,\"caption\":\"Grundriss der R3 L\u00e4rmschutzwand von RAU\"},{\"@type\":\"BreadcrumbList\",\"@id\":\"https:\\\/\\\/rau.de\\\/cs\\\/produkt\\\/rau-r3-extensiv-protihlukova-stena-konstrukcni-vyska-12-metru\\\/#breadcrumb\",\"itemListElement\":[{\"@type\":\"ListItem\",\"position\":1,\"name\":\"Startseite\",\"item\":\"https:\\\/\\\/rau.de\\\/cs\\\/\"},{\"@type\":\"ListItem\",\"position\":2,\"name\":\"RAU R3 Extensiv protihlukov\u00e1 st\u011bna &#8211; konstruk\u010dn\u00ed v\u00fd\u0161ka do 12 metr\u016f\"}]},{\"@type\":\"WebSite\",\"@id\":\"https:\\\/\\\/rau.de\\\/cs\\\/#website\",\"url\":\"https:\\\/\\\/rau.de\\\/cs\\\/\",\"name\":\"Rau | L\u00e4rmschutzw\u00e4nde\",\"description\":\"Entwicklung und Umsetzung von L\u00e4rmschutzwand und Schallschutzwand\",\"publisher\":{\"@id\":\"https:\\\/\\\/rau.de\\\/cs\\\/#organization\"},\"potentialAction\":[{\"@type\":\"SearchAction\",\"target\":{\"@type\":\"EntryPoint\",\"urlTemplate\":\"https:\\\/\\\/rau.de\\\/cs\\\/?s={search_term_string}\"},\"query-input\":{\"@type\":\"PropertyValueSpecification\",\"valueRequired\":true,\"valueName\":\"search_term_string\"}}],\"inLanguage\":\"cs\"},{\"@type\":\"Organization\",\"@id\":\"https:\\\/\\\/rau.de\\\/cs\\\/#organization\",\"name\":\"RAU L\u00e4rmschutzw\u00e4nde \u2013 Geosystem GBK GmbH\",\"url\":\"https:\\\/\\\/rau.de\\\/cs\\\/\",\"logo\":{\"@type\":\"ImageObject\",\"inLanguage\":\"cs\",\"@id\":\"https:\\\/\\\/rau.de\\\/cs\\\/#\\\/schema\\\/logo\\\/image\\\/\",\"url\":\"https:\\\/\\\/rau.de\\\/wp-content\\\/uploads\\\/web_logo.png\",\"contentUrl\":\"https:\\\/\\\/rau.de\\\/wp-content\\\/uploads\\\/web_logo.png\",\"width\":249,\"height\":127,\"caption\":\"RAU L\u00e4rmschutzw\u00e4nde \u2013 Geosystem GBK GmbH\"},\"image\":{\"@id\":\"https:\\\/\\\/rau.de\\\/cs\\\/#\\\/schema\\\/logo\\\/image\\\/\"}}]}<\/script>\n<!-- \/ Yoast SEO plugin. -->","yoast_head_json":{"title":"RAU R3 Extensiv protihlukov\u00e1 st\u011bna \u2013 konstruk\u010dn\u00ed v\u00fd\u0161ka do 12 metr\u016f \ud83c\udf31","description":"\ud83c\udfc6 U RAU R3 EXTENSIV protihlukov\u00e9 st\u011bny je mo\u017en\u00e9 realizovat dokonce zat\u00e1\u010dky, v\u00fd\u0161kov\u00e9 skoky na nejmen\u0161\u00edm prostoru a bez velk\u00e9ho \u00fasil\u00ed. \ud83c\udf33","robots":{"index":"index","follow":"follow","max-snippet":"max-snippet:-1","max-image-preview":"max-image-preview:large","max-video-preview":"max-video-preview:-1"},"canonical":"https:\/\/rau.de\/cs\/produkt\/rau-r3-extensiv-protihlukova-stena-konstrukcni-vyska-12-metru\/","og_locale":"cs_CZ","og_type":"article","og_title":"RAU R3 Extensiv protihlukov\u00e1 st\u011bna \u2013 konstruk\u010dn\u00ed v\u00fd\u0161ka do 12 metr\u016f \ud83c\udf31","og_description":"\ud83c\udfc6 U RAU R3 EXTENSIV protihlukov\u00e9 st\u011bny je mo\u017en\u00e9 realizovat dokonce zat\u00e1\u010dky, v\u00fd\u0161kov\u00e9 skoky na nejmen\u0161\u00edm prostoru a bez velk\u00e9ho \u00fasil\u00ed. \ud83c\udf33","og_url":"https:\/\/rau.de\/cs\/produkt\/rau-r3-extensiv-protihlukova-stena-konstrukcni-vyska-12-metru\/","og_site_name":"Rau | L\u00e4rmschutzw\u00e4nde","article_modified_time":"2024-07-26T16:12:48+00:00","og_image":[{"width":550,"height":638,"url":"https:\/\/rau.de\/wp-content\/uploads\/system-rau-r3-laermschutzwand-2020-05-12.png","type":"image\/jpeg"}],"twitter_card":"summary_large_image","twitter_misc":{"Odhadovan\u00e1 doba \u010dten\u00ed":"1 minuta"},"schema":{"@context":"https:\/\/schema.org","@graph":[{"@type":"WebPage","@id":"https:\/\/rau.de\/cs\/produkt\/rau-r3-extensiv-protihlukova-stena-konstrukcni-vyska-12-metru\/","url":"https:\/\/rau.de\/cs\/produkt\/rau-r3-extensiv-protihlukova-stena-konstrukcni-vyska-12-metru\/","name":"RAU R3 Extensiv protihlukov\u00e1 st\u011bna \u2013 konstruk\u010dn\u00ed v\u00fd\u0161ka do 12 metr\u016f \ud83c\udf31","isPartOf":{"@id":"https:\/\/rau.de\/cs\/#website"},"primaryImageOfPage":{"@id":"https:\/\/rau.de\/cs\/produkt\/rau-r3-extensiv-protihlukova-stena-konstrukcni-vyska-12-metru\/#primaryimage"},"image":{"@id":"https:\/\/rau.de\/cs\/produkt\/rau-r3-extensiv-protihlukova-stena-konstrukcni-vyska-12-metru\/#primaryimage"},"thumbnailUrl":"https:\/\/rau.de\/wp-content\/uploads\/system-rau-r3-laermschutzwand-2020-05-12.png","datePublished":"2020-06-09T07:32:40+00:00","dateModified":"2024-07-26T16:12:48+00:00","description":"\ud83c\udfc6 U RAU R3 EXTENSIV protihlukov\u00e9 st\u011bny je mo\u017en\u00e9 realizovat dokonce zat\u00e1\u010dky, v\u00fd\u0161kov\u00e9 skoky na nejmen\u0161\u00edm prostoru a bez velk\u00e9ho \u00fasil\u00ed. \ud83c\udf33","breadcrumb":{"@id":"https:\/\/rau.de\/cs\/produkt\/rau-r3-extensiv-protihlukova-stena-konstrukcni-vyska-12-metru\/#breadcrumb"},"inLanguage":"cs","potentialAction":[{"@type":"ReadAction","target":["https:\/\/rau.de\/cs\/produkt\/rau-r3-extensiv-protihlukova-stena-konstrukcni-vyska-12-metru\/"]}]},{"@type":"ImageObject","inLanguage":"cs","@id":"https:\/\/rau.de\/cs\/produkt\/rau-r3-extensiv-protihlukova-stena-konstrukcni-vyska-12-metru\/#primaryimage","url":"https:\/\/rau.de\/wp-content\/uploads\/system-rau-r3-laermschutzwand-2020-05-12.png","contentUrl":"https:\/\/rau.de\/wp-content\/uploads\/system-rau-r3-laermschutzwand-2020-05-12.png","width":550,"height":638,"caption":"Grundriss der R3 L\u00e4rmschutzwand von RAU"},{"@type":"BreadcrumbList","@id":"https:\/\/rau.de\/cs\/produkt\/rau-r3-extensiv-protihlukova-stena-konstrukcni-vyska-12-metru\/#breadcrumb","itemListElement":[{"@type":"ListItem","position":1,"name":"Startseite","item":"https:\/\/rau.de\/cs\/"},{"@type":"ListItem","position":2,"name":"RAU R3 Extensiv protihlukov\u00e1 st\u011bna &#8211; konstruk\u010dn\u00ed v\u00fd\u0161ka do 12 metr\u016f"}]},{"@type":"WebSite","@id":"https:\/\/rau.de\/cs\/#website","url":"https:\/\/rau.de\/cs\/","name":"Rau | L\u00e4rmschutzw\u00e4nde","description":"Entwicklung und Umsetzung von L\u00e4rmschutzwand und Schallschutzwand","publisher":{"@id":"https:\/\/rau.de\/cs\/#organization"},"potentialAction":[{"@type":"SearchAction","target":{"@type":"EntryPoint","urlTemplate":"https:\/\/rau.de\/cs\/?s={search_term_string}"},"query-input":{"@type":"PropertyValueSpecification","valueRequired":true,"valueName":"search_term_string"}}],"inLanguage":"cs"},{"@type":"Organization","@id":"https:\/\/rau.de\/cs\/#organization","name":"RAU L\u00e4rmschutzw\u00e4nde \u2013 Geosystem GBK GmbH","url":"https:\/\/rau.de\/cs\/","logo":{"@type":"ImageObject","inLanguage":"cs","@id":"https:\/\/rau.de\/cs\/#\/schema\/logo\/image\/","url":"https:\/\/rau.de\/wp-content\/uploads\/web_logo.png","contentUrl":"https:\/\/rau.de\/wp-content\/uploads\/web_logo.png","width":249,"height":127,"caption":"RAU L\u00e4rmschutzw\u00e4nde \u2013 Geosystem GBK GmbH"},"image":{"@id":"https:\/\/rau.de\/cs\/#\/schema\/logo\/image\/"}}]}},"_links":{"self":[{"href":"https:\/\/rau.de\/cs\/wp-json\/wp\/v2\/produkt\/5771","targetHints":{"allow":["GET"]}}],"collection":[{"href":"https:\/\/rau.de\/cs\/wp-json\/wp\/v2\/produkt"}],"about":[{"href":"https:\/\/rau.de\/cs\/wp-json\/wp\/v2\/types\/produkt"}],"version-history":[{"count":12,"href":"https:\/\/rau.de\/cs\/wp-json\/wp\/v2\/produkt\/5771\/revisions"}],"predecessor-version":[{"id":27800,"href":"https:\/\/rau.de\/cs\/wp-json\/wp\/v2\/produkt\/5771\/revisions\/27800"}],"wp:featuredmedia":[{"embeddable":true,"href":"https:\/\/rau.de\/cs\/wp-json\/wp\/v2\/media\/7811"}],"wp:attachment":[{"href":"https:\/\/rau.de\/cs\/wp-json\/wp\/v2\/media?parent=5771"}],"curies":[{"name":"wp","href":"https:\/\/api.w.org\/{rel}","templated":true}]}}