{"id":6221,"date":"2015-05-19T12:00:29","date_gmt":"2015-05-19T10:00:29","guid":{"rendered":"http:\/\/rau.kundendemo.com\/?page_id=6221"},"modified":"2021-09-09T11:51:52","modified_gmt":"2021-09-09T09:51:52","slug":"r3-extensiv","status":"publish","type":"page","link":"https:\/\/rau.de\/cs\/galerie\/r3-extensiv\/","title":{"rendered":"RAU R3 Extensiv protihlukov\u00e1 st\u011bna \u2013 konstruk\u010dn\u00ed v\u00fd\u0161ka do 12 metr\u016f"},"content":{"rendered":"<section class=\"l-section wpb_row height_medium full_height valign_center with_img parallax_fixed\" id=\"kontakt\"><div class=\"l-section-img\" role=\"img\" data-img-width=\"2000\" data-img-height=\"1122\" style=\"background-image: url(https:\/\/rau.de\/wp-content\/uploads\/bg.jpg);\"><\/div><div class=\"l-section-h i-cf\"><div class=\"g-cols vc_row via_flex valign_top type_default stacking_default\"><div class=\"vc_col-sm-12 wpb_column vc_column_container\"><div class=\"vc_column-inner\"><div class=\"wpb_wrapper\"><div class=\"g-cols wpb_row content_top via_flex valign_top type_default stacking_default\"><div class=\"vc_col-sm-12 wpb_column vc_column_container\"><div class=\"vc_column-inner\"><div class=\"wpb_wrapper\"><h1 class=\"w-post-elm post_title entry-title color_link_inherit\">RAU R3 Extensiv protihlukov\u00e1 st\u011bna \u2013 konstruk\u010dn\u00ed v\u00fd\u0161ka do 12 metr\u016f<\/h1><\/div><\/div><\/div><\/div><div class=\"g-cols wpb_row us_custom_4fb9e5a3 content_text via_flex valign_top type_default stacking_default\"><div class=\"vc_col-sm-12 wpb_column vc_column_container\"><div class=\"vc_column-inner\"><div class=\"wpb_wrapper\"><div class=\"wpb_text_column\"><div class=\"wpb_wrapper\"><h2>Optim\u00e1ln\u00ed pom\u011br cena \u2013 u\u017eitek<\/h2>\n<p>Tento jednodu\u0161e smontovateln\u00fd, enormn\u011b stabiln\u00ed ko\u0161 se skl\u00e1d\u00e1 v\u00fdlu\u010dn\u011b z\u00a0nosn\u00fdch profil\u016f, vertik\u00e1ln\u00edch dr\u00e1t\u016f a\u00a0vn\u011bj\u0161\u00edch roho\u017e\u00ed. Vysta\u010d\u00ed si bez n\u00e1kladn\u00fdch z\u00e1klad\u016f, a\u00a0proto se lehce a\u00a0levn\u011b instaluje. K\u00a0pln\u011bn\u00ed se hod\u00ed v\u0161echny sypk\u00e9 druhy zeminy.<\/p>\n<p>U\u00a0RAU R3 EXTENSIV protihlukov\u00e9 st\u011bny je mo\u017en\u00e9 realizovat dokonce zat\u00e1\u010dky, v\u00fd\u0161kov\u00e9 skoky na nejmen\u0161\u00edm prostoru a bez velk\u00e9ho \u00fasil\u00ed. I\u00a0odchylky od b\u011b\u017en\u00e9ho profilu (lichob\u011b\u017en\u00edk s\u00a0horn\u00ed \u0161\u00ed\u0159kou 60 centimetr\u016f a\u00a010% sklon na obou stran\u00e1ch) je v\u011bt\u0161inou mo\u017en\u00e9 vyrobit bez dal\u0161\u00edch n\u00e1klad\u016f.<\/p>\n<\/div><\/div><div class=\"w-separator size_small\"><\/div><div class=\"w-btn-wrapper align_none\"><a class=\"w-btn us-btn-style_1\" href=\"https:\/\/rau.de\/cs\/produkt\/rau-r3-extensiv-protihlukova-stena-konstrukcni-vyska-12-metru\/\"><span class=\"w-btn-label\">RAU R3 Extensiv &#8211; popis v\u00fdrobku<\/span><\/a><\/div><div class=\"w-separator size_small\"><\/div><div class=\"wpb_text_column\"><div class=\"wpb_wrapper\"><div  id=\"jtg-16314\" class=\"modula modula-gallery modula-custom-grid\" data-config=\"{&quot;height&quot;:800,&quot;tabletHeight&quot;:800,&quot;mobileHeight&quot;:800,&quot;desktopHeight&quot;:800,&quot;enableTwitter&quot;:false,&quot;enableWhatsapp&quot;:false,&quot;enableFacebook&quot;:false,&quot;enablePinterest&quot;:false,&quot;enableLinkedin&quot;:false,&quot;enableEmail&quot;:false,&quot;randomFactor&quot;:0,&quot;type&quot;:&quot;custom-grid&quot;,&quot;columns&quot;:12,&quot;gutter&quot;:10,&quot;mobileGutter&quot;:10,&quot;tabletGutter&quot;:10,&quot;desktopGutter&quot;:10,&quot;enableResponsive&quot;:true,&quot;tabletColumns&quot;:3,&quot;mobileColumns&quot;:2,&quot;lazyLoad&quot;:0,&quot;lightboxOpts&quot;:{&quot;animated&quot;:true,&quot;Thumbs&quot;:{&quot;type&quot;:&quot;modern&quot;,&quot;showOnStart&quot;:false},&quot;Toolbar&quot;:{&quot;display&quot;:{&quot;right&quot;:[&quot;close&quot;],&quot;left&quot;:[&quot;infobar&quot;]},&quot;enabled&quot;:true},&quot;Carousel&quot;:{&quot;Panzoom&quot;:{&quot;touch&quot;:true},&quot;infinite&quot;:false,&quot;transition&quot;:&quot;fade&quot;},&quot;keyboard&quot;:{&quot;Escape&quot;:&quot;close&quot;,&quot;Delete&quot;:&quot;close&quot;,&quot;Backspace&quot;:&quot;close&quot;,&quot;PageUp&quot;:&quot;next&quot;,&quot;PageDown&quot;:&quot;prev&quot;,&quot;ArrowUp&quot;:&quot;prev&quot;,&quot;ArrowDown&quot;:&quot;next&quot;,&quot;ArrowRight&quot;:&quot;next&quot;,&quot;ArrowLeft&quot;:&quot;prev&quot;},&quot;touch&quot;:false,&quot;backdropClick&quot;:false,&quot;l10n&quot;:{&quot;CLOSE&quot;:&quot;Close&quot;,&quot;NEXT&quot;:&quot;Next&quot;,&quot;PREV&quot;:&quot;Previous&quot;,&quot;Error&quot;:&quot;The requested content cannot be loaded. Please try again later.&quot;,&quot;PLAY_START&quot;:&quot;Start slideshow&quot;,&quot;PLAY_STOP&quot;:&quot;Pause slideshow&quot;,&quot;FULL_SCREEN&quot;:&quot;Full screen&quot;,&quot;THUMBS&quot;:&quot;Thumbnails&quot;,&quot;DOWNLOAD&quot;:&quot;Download&quot;,&quot;SHARE&quot;:&quot;Share&quot;,&quot;ZOOM&quot;:&quot;Zoom&quot;,&quot;EMAIL&quot;:&quot;Here is the link to the image : %%image_link%% and this is the link to the gallery : %%gallery_link%%&quot;,&quot;MODAL&quot;:&quot;You can close this modal content with the ESC key&quot;,&quot;ERROR&quot;:&quot;Something Went Wrong, Please Try Again Later&quot;,&quot;IMAGE_ERROR&quot;:&quot;Image Not Found&quot;,&quot;ELEMENT_NOT_FOUND&quot;:&quot;HTML Element Not Found&quot;,&quot;AJAX_NOT_FOUND&quot;:&quot;Error Loading AJAX : Not Found&quot;,&quot;AJAX_FORBIDDEN&quot;:&quot;Error Loading AJAX : Forbidden&quot;,&quot;IFRAME_ERROR&quot;:&quot;Error Loading Page&quot;,&quot;TOGGLE_ZOOM&quot;:&quot;Toggle zoom level&quot;,&quot;TOGGLE_THUMBS&quot;:&quot;Toggle thumbnails&quot;,&quot;TOGGLE_SLIDESHOW&quot;:&quot;Toggle slideshow&quot;,&quot;TOGGLE_FULLSCREEN&quot;:&quot;Toggle full-screen mode&quot;},&quot;Images&quot;:{&quot;Panzoom&quot;:{&quot;maxScale&quot;:2},&quot;zoom&quot;:false},&quot;toolbar&quot;:true,&quot;wheel&quot;:false,&quot;animationEffect&quot;:&quot;&quot;,&quot;transitionEffect&quot;:&quot;fade&quot;,&quot;mainClass&quot;:&quot;modula-fancybox-container modula-lightbox-jtg-16314&quot;,&quot;Html&quot;:{&quot;videoAutoplay&quot;:0,&quot;videoTpl&quot;:&quot;&lt;video class=\\&quot;fancybox__html5video\\&quot; controls muted playsinline controlsList controlsList=\\&quot;nodownload\\&quot; poster=\\&quot;{{poster}}\\&quot; src=\\&quot;{{src}}\\&quot; type=\\&quot;{{format}}\\&quot; &gt;  Sorry, your browser doesn&#039;t support embedded videos, &lt;a href=\\&quot;{{src}}\\&quot;&gt; download &lt;\\\/a&gt; and watch with your favorite video player! &lt;\\\/video&gt;&quot;},&quot;showClass&quot;:&quot;m-In&quot;,&quot;hideClass&quot;:&quot;m-Out&quot;},&quot;inView&quot;:false,&quot;email_subject&quot;:&quot;Check out this awesome image !!&quot;,&quot;email_message&quot;:&quot;Here is the link to the image : %%image_link%% and this is the link to the gallery : %%gallery_link%%&quot;,&quot;lightbox&quot;:&quot;fancybox&quot;,&quot;filterClick&quot;:&quot;0&quot;,&quot;dropdownFilters&quot;:&quot;0&quot;,&quot;defaultActiveFilter&quot;:&quot;all&quot;,&quot;initLightbox&quot;:&quot;modula_pro_init_lightbox&quot;,&quot;haveFilters&quot;:0,&quot;lightbox_devices&quot;:&quot;both&quot;}\">\n\n\t\n\t<div  class=\"modula-items\">\n\t\t<div class=\"modula-item effect-\" data-width=\"3\" data-height=\"3\" >\n\t<div class=\"modula-item-overlay\"><\/div>\n\n\t<div class=\"modula-item-content\">\n\n\t\t<a data-image-id=\"29509\" role=\"button\" tabindex=\"0\" rel=\"jtg-16314\" data-caption=\"&lt;span class=&quot;modula-caption-description&quot;&gt;&lt;\/span&gt;\" aria-label=\"Open image in lightbox\" data-thumb=\"https:\/\/rau.de\/wp-content\/uploads\/Dicht-bewachsene-Laermschutzwand-in-einer-gruenen-Wohnumgebung-150x150.jpg\" class=\"tile-inner modula-item-link\"><\/a><img loading=\"lazy\" decoding=\"async\" class=\"pic wp-image-29509\"  data-valign=\"middle\" data-halign=\"center\" alt=\"Dicht bewachsene L\u00e4rmschutzwand in einer gr\u00fcnen Wohnumgebung\" data-full=\"https:\/\/rau.de\/wp-content\/uploads\/Dicht-bewachsene-Laermschutzwand-in-einer-gruenen-Wohnumgebung.jpg\" title=\"Dicht-bewachsene-Laermschutzwand-in-einer-gruenen-Wohnumgebung\" crop=\"\" width=\"952\" height=\"800\" src=\"https:\/\/rau.de\/wp-content\/uploads\/Dicht-bewachsene-Laermschutzwand-in-einer-gruenen-Wohnumgebung.jpg\" data-src=\"https:\/\/rau.de\/wp-content\/uploads\/Dicht-bewachsene-Laermschutzwand-in-einer-gruenen-Wohnumgebung.jpg\" data-caption=\"\" srcset=\"https:\/\/rau.de\/wp-content\/uploads\/Dicht-bewachsene-Laermschutzwand-in-einer-gruenen-Wohnumgebung.jpg 952w, https:\/\/rau.de\/wp-content\/uploads\/Dicht-bewachsene-Laermschutzwand-in-einer-gruenen-Wohnumgebung-300x252.jpg 300w\" sizes=\"auto, (max-width: 952px) 100vw, 952px\" \/>\n\t\t<div class=\"figc no-description\">\n\t\t\t<div class=\"figc-inner\">\n\t\t\t\t\t\t\t\t\t\t\t\t\t\t\t<\/div>\n\t\t<\/div>\n\n\t<\/div>\n\n<\/div><div class=\"modula-item effect-\" data-width=\"3\" data-height=\"3\" >\n\t<div class=\"modula-item-overlay\"><\/div>\n\n\t<div class=\"modula-item-content\">\n\n\t\t<a data-image-id=\"29496\" role=\"button\" tabindex=\"0\" rel=\"jtg-16314\" data-caption=\"&lt;span class=&quot;modula-caption-description&quot;&gt;&lt;\/span&gt;\" aria-label=\"Open image in lightbox\" data-thumb=\"https:\/\/rau.de\/wp-content\/uploads\/Dicht-bewachsene-Laermschutzwand-entlang-einer-Zufahrtsstrasse-150x150.jpg\" class=\"tile-inner modula-item-link\"><\/a><img loading=\"lazy\" decoding=\"async\" class=\"pic wp-image-29496\"  data-valign=\"middle\" data-halign=\"center\" alt=\"Dicht bewachsene L\u00e4rmschutzwand entlang einer Zufahrtsstra\u00dfe\" data-full=\"https:\/\/rau.de\/wp-content\/uploads\/Dicht-bewachsene-Laermschutzwand-entlang-einer-Zufahrtsstrasse.jpg\" title=\"Dicht-bewachsene-Laermschutzwand-entlang-einer-Zufahrtsstrasse\" crop=\"\" width=\"1114\" height=\"799\" src=\"https:\/\/rau.de\/wp-content\/uploads\/Dicht-bewachsene-Laermschutzwand-entlang-einer-Zufahrtsstrasse.jpg\" data-src=\"https:\/\/rau.de\/wp-content\/uploads\/Dicht-bewachsene-Laermschutzwand-entlang-einer-Zufahrtsstrasse.jpg\" data-caption=\"\" srcset=\"https:\/\/rau.de\/wp-content\/uploads\/Dicht-bewachsene-Laermschutzwand-entlang-einer-Zufahrtsstrasse.jpg 1114w, https:\/\/rau.de\/wp-content\/uploads\/Dicht-bewachsene-Laermschutzwand-entlang-einer-Zufahrtsstrasse-300x215.jpg 300w, https:\/\/rau.de\/wp-content\/uploads\/Dicht-bewachsene-Laermschutzwand-entlang-einer-Zufahrtsstrasse-1024x734.jpg 1024w\" sizes=\"auto, (max-width: 1114px) 100vw, 1114px\" \/>\n\t\t<div class=\"figc no-description\">\n\t\t\t<div class=\"figc-inner\">\n\t\t\t\t\t\t\t\t\t\t\t\t\t\t\t<\/div>\n\t\t<\/div>\n\n\t<\/div>\n\n<\/div><div class=\"modula-item effect-\" data-width=\"3\" data-height=\"3\" >\n\t<div class=\"modula-item-overlay\"><\/div>\n\n\t<div class=\"modula-item-content\">\n\n\t\t<a data-image-id=\"29483\" role=\"button\" tabindex=\"0\" rel=\"jtg-16314\" data-caption=\"&lt;span class=&quot;modula-caption-description&quot;&gt;&lt;\/span&gt;\" aria-label=\"Open image in lightbox\" data-thumb=\"https:\/\/rau.de\/wp-content\/uploads\/Dicht-begruente-Laermschutzwand-entlang-einer-nassen-Strasse-150x150.jpg\" class=\"tile-inner modula-item-link\"><\/a><img loading=\"lazy\" decoding=\"async\" class=\"pic wp-image-29483\"  data-valign=\"middle\" data-halign=\"center\" alt=\"Dicht begr\u00fcnte L\u00e4rmschutzwand entlang einer nassen Stra\u00dfe\" data-full=\"https:\/\/rau.de\/wp-content\/uploads\/Dicht-begruente-Laermschutzwand-entlang-einer-nassen-Strasse.jpg\" title=\"Dicht-begruente-Laermschutzwand-entlang-einer-nassen-Strasse\" crop=\"\" width=\"1600\" height=\"1200\" src=\"https:\/\/rau.de\/wp-content\/uploads\/Dicht-begruente-Laermschutzwand-entlang-einer-nassen-Strasse.jpg\" data-src=\"https:\/\/rau.de\/wp-content\/uploads\/Dicht-begruente-Laermschutzwand-entlang-einer-nassen-Strasse.jpg\" data-caption=\"\" srcset=\"https:\/\/rau.de\/wp-content\/uploads\/Dicht-begruente-Laermschutzwand-entlang-einer-nassen-Strasse.jpg 1600w, https:\/\/rau.de\/wp-content\/uploads\/Dicht-begruente-Laermschutzwand-entlang-einer-nassen-Strasse-300x225.jpg 300w, https:\/\/rau.de\/wp-content\/uploads\/Dicht-begruente-Laermschutzwand-entlang-einer-nassen-Strasse-1024x768.jpg 1024w\" sizes=\"auto, (max-width: 1600px) 100vw, 1600px\" \/>\n\t\t<div class=\"figc no-description\">\n\t\t\t<div class=\"figc-inner\">\n\t\t\t\t\t\t\t\t\t\t\t\t\t\t\t<\/div>\n\t\t<\/div>\n\n\t<\/div>\n\n<\/div><div class=\"modula-item effect-\" data-width=\"3\" data-height=\"3\" >\n\t<div class=\"modula-item-overlay\"><\/div>\n\n\t<div class=\"modula-item-content\">\n\n\t\t<a data-image-id=\"29470\" role=\"button\" tabindex=\"0\" rel=\"jtg-16314\" data-caption=\"&lt;span class=&quot;modula-caption-description&quot;&gt;&lt;\/span&gt;\" aria-label=\"Open image in lightbox\" data-thumb=\"https:\/\/rau.de\/wp-content\/uploads\/Bewachsene-Laermschutzwand-neben-einem-Parkplatz-mit-gruener-Umgebung-150x150.jpg\" class=\"tile-inner modula-item-link\"><\/a><img loading=\"lazy\" decoding=\"async\" class=\"pic wp-image-29470\"  data-valign=\"middle\" data-halign=\"center\" alt=\"Bewachsene L\u00e4rmschutzwand neben einem Parkplatz in gr\u00fcner Umgebung\" data-full=\"https:\/\/rau.de\/wp-content\/uploads\/Bewachsene-Laermschutzwand-neben-einem-Parkplatz-mit-gruener-Umgebung.jpg\" title=\"Bewachsene-Laermschutzwand-neben-einem-Parkplatz-mit-gruener-Umgebung\" crop=\"\" width=\"1920\" height=\"1280\" src=\"https:\/\/rau.de\/wp-content\/uploads\/Bewachsene-Laermschutzwand-neben-einem-Parkplatz-mit-gruener-Umgebung.jpg\" data-src=\"https:\/\/rau.de\/wp-content\/uploads\/Bewachsene-Laermschutzwand-neben-einem-Parkplatz-mit-gruener-Umgebung.jpg\" data-caption=\"\" srcset=\"https:\/\/rau.de\/wp-content\/uploads\/Bewachsene-Laermschutzwand-neben-einem-Parkplatz-mit-gruener-Umgebung.jpg 1920w, https:\/\/rau.de\/wp-content\/uploads\/Bewachsene-Laermschutzwand-neben-einem-Parkplatz-mit-gruener-Umgebung-300x200.jpg 300w, https:\/\/rau.de\/wp-content\/uploads\/Bewachsene-Laermschutzwand-neben-einem-Parkplatz-mit-gruener-Umgebung-1024x683.jpg 1024w\" sizes=\"auto, (max-width: 1920px) 100vw, 1920px\" \/>\n\t\t<div class=\"figc no-description\">\n\t\t\t<div class=\"figc-inner\">\n\t\t\t\t\t\t\t\t\t\t\t\t\t\t\t<\/div>\n\t\t<\/div>\n\n\t<\/div>\n\n<\/div><div class=\"modula-item effect-\" data-width=\"3\" data-height=\"3\" >\n\t<div class=\"modula-item-overlay\"><\/div>\n\n\t<div class=\"modula-item-content\">\n\n\t\t<a data-image-id=\"29457\" role=\"button\" tabindex=\"0\" rel=\"jtg-16314\" data-caption=\"&lt;span class=&quot;modula-caption-description&quot;&gt;&lt;\/span&gt;\" aria-label=\"Open image in lightbox\" data-thumb=\"https:\/\/rau.de\/wp-content\/uploads\/Bewachsene-Laermschutzwand-neben-Bahngleisen-in-einer-gruenen-Umgebung-150x150.jpg\" class=\"tile-inner modula-item-link\"><\/a><img loading=\"lazy\" decoding=\"async\" class=\"pic wp-image-29457\"  data-valign=\"middle\" data-halign=\"center\" alt=\"Bewachsene L\u00e4rmschutzwand neben Bahngleisen in einer gr\u00fcnen Umgebung\" data-full=\"https:\/\/rau.de\/wp-content\/uploads\/Bewachsene-Laermschutzwand-neben-Bahngleisen-in-einer-gruenen-Umgebung.jpg\" title=\"Bewachsene-Laermschutzwand-neben-Bahngleisen-in-einer-gruenen-Umgebung\" crop=\"\" width=\"1920\" height=\"1280\" src=\"https:\/\/rau.de\/wp-content\/uploads\/Bewachsene-Laermschutzwand-neben-Bahngleisen-in-einer-gruenen-Umgebung.jpg\" data-src=\"https:\/\/rau.de\/wp-content\/uploads\/Bewachsene-Laermschutzwand-neben-Bahngleisen-in-einer-gruenen-Umgebung.jpg\" data-caption=\"\" srcset=\"https:\/\/rau.de\/wp-content\/uploads\/Bewachsene-Laermschutzwand-neben-Bahngleisen-in-einer-gruenen-Umgebung.jpg 1920w, https:\/\/rau.de\/wp-content\/uploads\/Bewachsene-Laermschutzwand-neben-Bahngleisen-in-einer-gruenen-Umgebung-300x200.jpg 300w, https:\/\/rau.de\/wp-content\/uploads\/Bewachsene-Laermschutzwand-neben-Bahngleisen-in-einer-gruenen-Umgebung-1024x683.jpg 1024w\" sizes=\"auto, (max-width: 1920px) 100vw, 1920px\" \/>\n\t\t<div class=\"figc no-description\">\n\t\t\t<div class=\"figc-inner\">\n\t\t\t\t\t\t\t\t\t\t\t\t\t\t\t<\/div>\n\t\t<\/div>\n\n\t<\/div>\n\n<\/div><div class=\"modula-item effect-\" data-width=\"3\" data-height=\"3\" >\n\t<div class=\"modula-item-overlay\"><\/div>\n\n\t<div class=\"modula-item-content\">\n\n\t\t<a data-image-id=\"29444\" role=\"button\" tabindex=\"0\" rel=\"jtg-16314\" data-caption=\"&lt;span class=&quot;modula-caption-description&quot;&gt;&lt;\/span&gt;\" aria-label=\"Open image in lightbox\" data-thumb=\"https:\/\/rau.de\/wp-content\/uploads\/Bewachsene-Laermschutzwand-aus-Stahlgittern-auf-einer-Gruenflaeche-150x150.jpg\" class=\"tile-inner modula-item-link\"><\/a><img loading=\"lazy\" decoding=\"async\" class=\"pic wp-image-29444\"  data-valign=\"middle\" data-halign=\"center\" alt=\"Bewachsene L\u00e4rmschutzwand aus Stahlgittern auf einer Gr\u00fcnfl\u00e4che\" data-full=\"https:\/\/rau.de\/wp-content\/uploads\/Bewachsene-Laermschutzwand-aus-Stahlgittern-auf-einer-Gruenflaeche.jpg\" title=\"Bewachsene-Laermschutzwand-aus-Stahlgittern-auf-einer-Gruenflaeche\" crop=\"\" width=\"1024\" height=\"768\" src=\"https:\/\/rau.de\/wp-content\/uploads\/Bewachsene-Laermschutzwand-aus-Stahlgittern-auf-einer-Gruenflaeche.jpg\" data-src=\"https:\/\/rau.de\/wp-content\/uploads\/Bewachsene-Laermschutzwand-aus-Stahlgittern-auf-einer-Gruenflaeche.jpg\" data-caption=\"\" srcset=\"https:\/\/rau.de\/wp-content\/uploads\/Bewachsene-Laermschutzwand-aus-Stahlgittern-auf-einer-Gruenflaeche.jpg 1024w, https:\/\/rau.de\/wp-content\/uploads\/Bewachsene-Laermschutzwand-aus-Stahlgittern-auf-einer-Gruenflaeche-300x225.jpg 300w\" sizes=\"auto, (max-width: 1024px) 100vw, 1024px\" \/>\n\t\t<div class=\"figc no-description\">\n\t\t\t<div class=\"figc-inner\">\n\t\t\t\t\t\t\t\t\t\t\t\t\t\t\t<\/div>\n\t\t<\/div>\n\n\t<\/div>\n\n<\/div><div class=\"modula-item effect-\" data-width=\"3\" data-height=\"3\" >\n\t<div class=\"modula-item-overlay\"><\/div>\n\n\t<div class=\"modula-item-content\">\n\n\t\t<a data-image-id=\"29431\" role=\"button\" tabindex=\"0\" rel=\"jtg-16314\" data-caption=\"&lt;span class=&quot;modula-caption-description&quot;&gt;&lt;\/span&gt;\" aria-label=\"Open image in lightbox\" data-thumb=\"https:\/\/rau.de\/wp-content\/uploads\/Begruente-Laermschutzwand-neben-einem-gepflegten-Garten-150x150.jpg\" class=\"tile-inner modula-item-link\"><\/a><img loading=\"lazy\" decoding=\"async\" class=\"pic wp-image-29431\"  data-valign=\"middle\" data-halign=\"center\" alt=\"Begr\u00fcnte L\u00e4rmschutzwand neben einem gepflegten Garten\" data-full=\"https:\/\/rau.de\/wp-content\/uploads\/Begruente-Laermschutzwand-neben-einem-gepflegten-Garten.jpg\" title=\"Begruente-Laermschutzwand-neben-einem-gepflegten-Garten\" crop=\"\" width=\"1920\" height=\"1440\" src=\"https:\/\/rau.de\/wp-content\/uploads\/Begruente-Laermschutzwand-neben-einem-gepflegten-Garten.jpg\" data-src=\"https:\/\/rau.de\/wp-content\/uploads\/Begruente-Laermschutzwand-neben-einem-gepflegten-Garten.jpg\" data-caption=\"\" srcset=\"https:\/\/rau.de\/wp-content\/uploads\/Begruente-Laermschutzwand-neben-einem-gepflegten-Garten.jpg 1920w, https:\/\/rau.de\/wp-content\/uploads\/Begruente-Laermschutzwand-neben-einem-gepflegten-Garten-300x225.jpg 300w, https:\/\/rau.de\/wp-content\/uploads\/Begruente-Laermschutzwand-neben-einem-gepflegten-Garten-1024x768.jpg 1024w\" sizes=\"auto, (max-width: 1920px) 100vw, 1920px\" \/>\n\t\t<div class=\"figc no-description\">\n\t\t\t<div class=\"figc-inner\">\n\t\t\t\t\t\t\t\t\t\t\t\t\t\t\t<\/div>\n\t\t<\/div>\n\n\t<\/div>\n\n<\/div><div class=\"modula-item effect-\" data-width=\"3\" data-height=\"3\" >\n\t<div class=\"modula-item-overlay\"><\/div>\n\n\t<div class=\"modula-item-content\">\n\n\t\t<a data-image-id=\"29418\" role=\"button\" tabindex=\"0\" rel=\"jtg-16314\" data-caption=\"&lt;span class=&quot;modula-caption-description&quot;&gt;&lt;\/span&gt;\" aria-label=\"Open image in lightbox\" data-thumb=\"https:\/\/rau.de\/wp-content\/uploads\/Begruente-Laermschutzwand-entlang-einer-unbefestigten-Flaeche-1-150x150.jpg\" class=\"tile-inner modula-item-link\"><\/a><img loading=\"lazy\" decoding=\"async\" class=\"pic wp-image-29418\"  data-valign=\"middle\" data-halign=\"center\" alt=\"Begr\u00fcnte L\u00e4rmschutzwand entlang einer unbefestigten Fl\u00e4che\" data-full=\"https:\/\/rau.de\/wp-content\/uploads\/Begruente-Laermschutzwand-entlang-einer-unbefestigten-Flaeche-1.jpg\" title=\"Begruente-Laermschutzwand-entlang-einer-unbefestigten-Flaeche-1\" crop=\"\" width=\"1200\" height=\"800\" src=\"https:\/\/rau.de\/wp-content\/uploads\/Begruente-Laermschutzwand-entlang-einer-unbefestigten-Flaeche-1.jpg\" data-src=\"https:\/\/rau.de\/wp-content\/uploads\/Begruente-Laermschutzwand-entlang-einer-unbefestigten-Flaeche-1.jpg\" data-caption=\"\" srcset=\"https:\/\/rau.de\/wp-content\/uploads\/Begruente-Laermschutzwand-entlang-einer-unbefestigten-Flaeche-1.jpg 1200w, https:\/\/rau.de\/wp-content\/uploads\/Begruente-Laermschutzwand-entlang-einer-unbefestigten-Flaeche-1-300x200.jpg 300w, https:\/\/rau.de\/wp-content\/uploads\/Begruente-Laermschutzwand-entlang-einer-unbefestigten-Flaeche-1-1024x683.jpg 1024w\" sizes=\"auto, (max-width: 1200px) 100vw, 1200px\" \/>\n\t\t<div class=\"figc no-description\">\n\t\t\t<div class=\"figc-inner\">\n\t\t\t\t\t\t\t\t\t\t\t\t\t\t\t<\/div>\n\t\t<\/div>\n\n\t<\/div>\n\n<\/div><div class=\"modula-item effect-\" data-width=\"3\" data-height=\"3\" >\n\t<div class=\"modula-item-overlay\"><\/div>\n\n\t<div class=\"modula-item-content\">\n\n\t\t<a data-image-id=\"29405\" role=\"button\" tabindex=\"0\" rel=\"jtg-16314\" data-caption=\"&lt;span class=&quot;modula-caption-description&quot;&gt;&lt;\/span&gt;\" aria-label=\"Open image in lightbox\" data-thumb=\"https:\/\/rau.de\/wp-content\/uploads\/Begruente-Laermschutzwand-entlang-einer-Strasse-in-einem-Wohngebiet-1-150x150.jpg\" class=\"tile-inner modula-item-link\"><\/a><img loading=\"lazy\" decoding=\"async\" class=\"pic wp-image-29405\"  data-valign=\"middle\" data-halign=\"center\" alt=\"Begr\u00fcnte L\u00e4rmschutzwand entlang einer Stra\u00dfe in einem Wohngebiet\" data-full=\"https:\/\/rau.de\/wp-content\/uploads\/Begruente-Laermschutzwand-entlang-einer-Strasse-in-einem-Wohngebiet-1.jpg\" title=\"Begruente-Laermschutzwand-entlang-einer-Strasse-in-einem-Wohngebiet-1\" crop=\"\" width=\"1600\" height=\"944\" src=\"https:\/\/rau.de\/wp-content\/uploads\/Begruente-Laermschutzwand-entlang-einer-Strasse-in-einem-Wohngebiet-1.jpg\" data-src=\"https:\/\/rau.de\/wp-content\/uploads\/Begruente-Laermschutzwand-entlang-einer-Strasse-in-einem-Wohngebiet-1.jpg\" data-caption=\"\" srcset=\"https:\/\/rau.de\/wp-content\/uploads\/Begruente-Laermschutzwand-entlang-einer-Strasse-in-einem-Wohngebiet-1.jpg 1600w, https:\/\/rau.de\/wp-content\/uploads\/Begruente-Laermschutzwand-entlang-einer-Strasse-in-einem-Wohngebiet-1-300x177.jpg 300w, https:\/\/rau.de\/wp-content\/uploads\/Begruente-Laermschutzwand-entlang-einer-Strasse-in-einem-Wohngebiet-1-1024x604.jpg 1024w\" sizes=\"auto, (max-width: 1600px) 100vw, 1600px\" \/>\n\t\t<div class=\"figc no-description\">\n\t\t\t<div class=\"figc-inner\">\n\t\t\t\t\t\t\t\t\t\t\t\t\t\t\t<\/div>\n\t\t<\/div>\n\n\t<\/div>\n\n<\/div><div class=\"modula-item effect-\" data-width=\"3\" data-height=\"3\" >\n\t<div class=\"modula-item-overlay\"><\/div>\n\n\t<div class=\"modula-item-content\">\n\n\t\t<a data-image-id=\"29392\" role=\"button\" tabindex=\"0\" rel=\"jtg-16314\" data-caption=\"&lt;span class=&quot;modula-caption-description&quot;&gt;&lt;\/span&gt;\" aria-label=\"Open image in lightbox\" data-thumb=\"https:\/\/rau.de\/wp-content\/uploads\/Baustelle-mit-Bagger-und-Laermschutzwand-entlang-einer-neuen-Strasse-150x150.jpg\" class=\"tile-inner modula-item-link\"><\/a><img loading=\"lazy\" decoding=\"async\" class=\"pic wp-image-29392\"  data-valign=\"middle\" data-halign=\"center\" alt=\"Baustelle mit Bagger und L\u00e4rmschutzwand entlang einer neuen Stra\u00dfe\" data-full=\"https:\/\/rau.de\/wp-content\/uploads\/Baustelle-mit-Bagger-und-Laermschutzwand-entlang-einer-neuen-Strasse.jpg\" title=\"Baustelle-mit-Bagger-und-Laermschutzwand-entlang-einer-neuen-Strasse\" crop=\"\" width=\"1200\" height=\"876\" src=\"https:\/\/rau.de\/wp-content\/uploads\/Baustelle-mit-Bagger-und-Laermschutzwand-entlang-einer-neuen-Strasse.jpg\" data-src=\"https:\/\/rau.de\/wp-content\/uploads\/Baustelle-mit-Bagger-und-Laermschutzwand-entlang-einer-neuen-Strasse.jpg\" data-caption=\"\" srcset=\"https:\/\/rau.de\/wp-content\/uploads\/Baustelle-mit-Bagger-und-Laermschutzwand-entlang-einer-neuen-Strasse.jpg 1200w, https:\/\/rau.de\/wp-content\/uploads\/Baustelle-mit-Bagger-und-Laermschutzwand-entlang-einer-neuen-Strasse-300x219.jpg 300w, https:\/\/rau.de\/wp-content\/uploads\/Baustelle-mit-Bagger-und-Laermschutzwand-entlang-einer-neuen-Strasse-1024x748.jpg 1024w\" sizes=\"auto, (max-width: 1200px) 100vw, 1200px\" \/>\n\t\t<div class=\"figc no-description\">\n\t\t\t<div class=\"figc-inner\">\n\t\t\t\t\t\t\t\t\t\t\t\t\t\t\t<\/div>\n\t\t<\/div>\n\n\t<\/div>\n\n<\/div><div class=\"modula-item effect-\" data-width=\"3\" data-height=\"3\" >\n\t<div class=\"modula-item-overlay\"><\/div>\n\n\t<div class=\"modula-item-content\">\n\n\t\t<a data-image-id=\"29379\" role=\"button\" tabindex=\"0\" rel=\"jtg-16314\" data-caption=\"&lt;span class=&quot;modula-caption-description&quot;&gt;&lt;\/span&gt;\" aria-label=\"Open image in lightbox\" data-thumb=\"https:\/\/rau.de\/wp-content\/uploads\/Baustelle-mit-Baggern-und-errichteter-Laermschutzwand-150x150.jpg\" class=\"tile-inner modula-item-link\"><\/a><img loading=\"lazy\" decoding=\"async\" class=\"pic wp-image-29379\"  data-valign=\"middle\" data-halign=\"center\" alt=\"Baustelle mit Baggern und errichteter L\u00e4rmschutzwand\" data-full=\"https:\/\/rau.de\/wp-content\/uploads\/Baustelle-mit-Baggern-und-errichteter-Laermschutzwand.jpg\" title=\"Baustelle-mit-Baggern-und-errichteter-Laermschutzwand\" crop=\"\" width=\"1600\" height=\"900\" src=\"https:\/\/rau.de\/wp-content\/uploads\/Baustelle-mit-Baggern-und-errichteter-Laermschutzwand.jpg\" data-src=\"https:\/\/rau.de\/wp-content\/uploads\/Baustelle-mit-Baggern-und-errichteter-Laermschutzwand.jpg\" data-caption=\"\" srcset=\"https:\/\/rau.de\/wp-content\/uploads\/Baustelle-mit-Baggern-und-errichteter-Laermschutzwand.jpg 1600w, https:\/\/rau.de\/wp-content\/uploads\/Baustelle-mit-Baggern-und-errichteter-Laermschutzwand-300x169.jpg 300w, https:\/\/rau.de\/wp-content\/uploads\/Baustelle-mit-Baggern-und-errichteter-Laermschutzwand-1024x576.jpg 1024w\" sizes=\"auto, (max-width: 1600px) 100vw, 1600px\" \/>\n\t\t<div class=\"figc no-description\">\n\t\t\t<div class=\"figc-inner\">\n\t\t\t\t\t\t\t\t\t\t\t\t\t\t\t<\/div>\n\t\t<\/div>\n\n\t<\/div>\n\n<\/div><div class=\"modula-item effect-\" data-width=\"3\" data-height=\"3\" >\n\t<div class=\"modula-item-overlay\"><\/div>\n\n\t<div class=\"modula-item-content\">\n\n\t\t<a data-image-id=\"29925\" role=\"button\" tabindex=\"0\" rel=\"jtg-16314\" data-caption=\"&lt;span class=&quot;modula-caption-description&quot;&gt;&lt;\/span&gt;\" aria-label=\"Open image in lightbox\" data-thumb=\"https:\/\/rau.de\/wp-content\/uploads\/Urban-begruente-Laermschutzwand-vor-Siedlungshaeusern-1-150x150.jpg\" class=\"tile-inner modula-item-link\"><\/a><img loading=\"lazy\" decoding=\"async\" class=\"pic wp-image-29925\"  data-valign=\"middle\" data-halign=\"center\" alt=\"Urban begr\u00fcnte L\u00e4rmschutzwand vor Siedlungsh\u00e4usern\" data-full=\"https:\/\/rau.de\/wp-content\/uploads\/Urban-begruente-Laermschutzwand-vor-Siedlungshaeusern-1.jpg\" title=\"Urban-begruente-Laermschutzwand-vor-Siedlungshaeusern-1\" crop=\"\" width=\"1200\" height=\"800\" src=\"https:\/\/rau.de\/wp-content\/uploads\/Urban-begruente-Laermschutzwand-vor-Siedlungshaeusern-1.jpg\" data-src=\"https:\/\/rau.de\/wp-content\/uploads\/Urban-begruente-Laermschutzwand-vor-Siedlungshaeusern-1.jpg\" data-caption=\"\" srcset=\"https:\/\/rau.de\/wp-content\/uploads\/Urban-begruente-Laermschutzwand-vor-Siedlungshaeusern-1.jpg 1200w, https:\/\/rau.de\/wp-content\/uploads\/Urban-begruente-Laermschutzwand-vor-Siedlungshaeusern-1-300x200.jpg 300w, https:\/\/rau.de\/wp-content\/uploads\/Urban-begruente-Laermschutzwand-vor-Siedlungshaeusern-1-1024x683.jpg 1024w\" sizes=\"auto, (max-width: 1200px) 100vw, 1200px\" \/>\n\t\t<div class=\"figc no-description\">\n\t\t\t<div class=\"figc-inner\">\n\t\t\t\t\t\t\t\t\t\t\t\t\t\t\t<\/div>\n\t\t<\/div>\n\n\t<\/div>\n\n<\/div><div class=\"modula-item effect-\" data-width=\"3\" data-height=\"3\" >\n\t<div class=\"modula-item-overlay\"><\/div>\n\n\t<div class=\"modula-item-content\">\n\n\t\t<a data-image-id=\"29912\" role=\"button\" tabindex=\"0\" rel=\"jtg-16314\" data-caption=\"&lt;span class=&quot;modula-caption-description&quot;&gt;&lt;\/span&gt;\" aria-label=\"Open image in lightbox\" data-thumb=\"https:\/\/rau.de\/wp-content\/uploads\/Unbepflanzte-Stahlgitter-Laermschutzwand-entlang-eines-Weges-im-Sommer-150x150.jpg\" class=\"tile-inner modula-item-link\"><\/a><img loading=\"lazy\" decoding=\"async\" class=\"pic wp-image-29912\"  data-valign=\"middle\" data-halign=\"center\" alt=\"Unbepflanzte Stahlgitter-L\u00e4rmschutzwand entlang eines Weges im Sommer\" data-full=\"https:\/\/rau.de\/wp-content\/uploads\/Unbepflanzte-Stahlgitter-Laermschutzwand-entlang-eines-Weges-im-Sommer.jpg\" title=\"Unbepflanzte-Stahlgitter-Laermschutzwand-entlang-eines-Weges-im-Sommer\" crop=\"\" width=\"1024\" height=\"683\" src=\"https:\/\/rau.de\/wp-content\/uploads\/Unbepflanzte-Stahlgitter-Laermschutzwand-entlang-eines-Weges-im-Sommer.jpg\" data-src=\"https:\/\/rau.de\/wp-content\/uploads\/Unbepflanzte-Stahlgitter-Laermschutzwand-entlang-eines-Weges-im-Sommer.jpg\" data-caption=\"\" srcset=\"https:\/\/rau.de\/wp-content\/uploads\/Unbepflanzte-Stahlgitter-Laermschutzwand-entlang-eines-Weges-im-Sommer.jpg 1024w, https:\/\/rau.de\/wp-content\/uploads\/Unbepflanzte-Stahlgitter-Laermschutzwand-entlang-eines-Weges-im-Sommer-300x200.jpg 300w\" sizes=\"auto, (max-width: 1024px) 100vw, 1024px\" \/>\n\t\t<div class=\"figc no-description\">\n\t\t\t<div class=\"figc-inner\">\n\t\t\t\t\t\t\t\t\t\t\t\t\t\t\t<\/div>\n\t\t<\/div>\n\n\t<\/div>\n\n<\/div><div class=\"modula-item effect-\" data-width=\"3\" data-height=\"3\" >\n\t<div class=\"modula-item-overlay\"><\/div>\n\n\t<div class=\"modula-item-content\">\n\n\t\t<a data-image-id=\"29899\" role=\"button\" tabindex=\"0\" rel=\"jtg-16314\" data-caption=\"&lt;span class=&quot;modula-caption-description&quot;&gt;&lt;\/span&gt;\" aria-label=\"Open image in lightbox\" data-thumb=\"https:\/\/rau.de\/wp-content\/uploads\/Trapezfoermige-Laermschutzwand-mit-Bagger-auf-einer-Baustelle-150x150.jpg\" class=\"tile-inner modula-item-link\"><\/a><img loading=\"lazy\" decoding=\"async\" class=\"pic wp-image-29899\"  data-valign=\"middle\" data-halign=\"center\" alt=\"Trapezf\u00f6rmige L\u00e4rmschutzwand mit Bagger auf einer Baustelle\" data-full=\"https:\/\/rau.de\/wp-content\/uploads\/Trapezfoermige-Laermschutzwand-mit-Bagger-auf-einer-Baustelle.jpg\" title=\"Trapezfoermige-Laermschutzwand-mit-Bagger-auf-einer-Baustelle\" crop=\"\" width=\"1599\" height=\"899\" src=\"https:\/\/rau.de\/wp-content\/uploads\/Trapezfoermige-Laermschutzwand-mit-Bagger-auf-einer-Baustelle.jpg\" data-src=\"https:\/\/rau.de\/wp-content\/uploads\/Trapezfoermige-Laermschutzwand-mit-Bagger-auf-einer-Baustelle.jpg\" data-caption=\"\" srcset=\"https:\/\/rau.de\/wp-content\/uploads\/Trapezfoermige-Laermschutzwand-mit-Bagger-auf-einer-Baustelle.jpg 1599w, https:\/\/rau.de\/wp-content\/uploads\/Trapezfoermige-Laermschutzwand-mit-Bagger-auf-einer-Baustelle-300x169.jpg 300w, https:\/\/rau.de\/wp-content\/uploads\/Trapezfoermige-Laermschutzwand-mit-Bagger-auf-einer-Baustelle-1024x576.jpg 1024w\" sizes=\"auto, (max-width: 1599px) 100vw, 1599px\" \/>\n\t\t<div class=\"figc no-description\">\n\t\t\t<div class=\"figc-inner\">\n\t\t\t\t\t\t\t\t\t\t\t\t\t\t\t<\/div>\n\t\t<\/div>\n\n\t<\/div>\n\n<\/div><div class=\"modula-item effect-\" data-width=\"3\" data-height=\"3\" >\n\t<div class=\"modula-item-overlay\"><\/div>\n\n\t<div class=\"modula-item-content\">\n\n\t\t<a data-image-id=\"29886\" role=\"button\" tabindex=\"0\" rel=\"jtg-16314\" data-caption=\"&lt;span class=&quot;modula-caption-description&quot;&gt;&lt;\/span&gt;\" aria-label=\"Open image in lightbox\" data-thumb=\"https:\/\/rau.de\/wp-content\/uploads\/Trapezfoermige-Laermschutzwand-aus-Stahlgittern-entlang-eines-Weges-150x150.jpg\" class=\"tile-inner modula-item-link\"><\/a><img loading=\"lazy\" decoding=\"async\" class=\"pic wp-image-29886\"  data-valign=\"middle\" data-halign=\"center\" alt=\"Trapezf\u00f6rmige L\u00e4rmschutzwand aus Stahlgittern entlang eines Weges\" data-full=\"https:\/\/rau.de\/wp-content\/uploads\/Trapezfoermige-Laermschutzwand-aus-Stahlgittern-entlang-eines-Weges.jpg\" title=\"Trapezfoermige-Laermschutzwand-aus-Stahlgittern-entlang-eines-Weges\" crop=\"\" width=\"900\" height=\"1350\" src=\"https:\/\/rau.de\/wp-content\/uploads\/Trapezfoermige-Laermschutzwand-aus-Stahlgittern-entlang-eines-Weges.jpg\" data-src=\"https:\/\/rau.de\/wp-content\/uploads\/Trapezfoermige-Laermschutzwand-aus-Stahlgittern-entlang-eines-Weges.jpg\" data-caption=\"\" srcset=\"https:\/\/rau.de\/wp-content\/uploads\/Trapezfoermige-Laermschutzwand-aus-Stahlgittern-entlang-eines-Weges.jpg 900w, https:\/\/rau.de\/wp-content\/uploads\/Trapezfoermige-Laermschutzwand-aus-Stahlgittern-entlang-eines-Weges-200x300.jpg 200w, https:\/\/rau.de\/wp-content\/uploads\/Trapezfoermige-Laermschutzwand-aus-Stahlgittern-entlang-eines-Weges-683x1024.jpg 683w\" sizes=\"auto, (max-width: 900px) 100vw, 900px\" \/>\n\t\t<div class=\"figc no-description\">\n\t\t\t<div class=\"figc-inner\">\n\t\t\t\t\t\t\t\t\t\t\t\t\t\t\t<\/div>\n\t\t<\/div>\n\n\t<\/div>\n\n<\/div><div class=\"modula-item effect-\" data-width=\"3\" data-height=\"3\" >\n\t<div class=\"modula-item-overlay\"><\/div>\n\n\t<div class=\"modula-item-content\">\n\n\t\t<a data-image-id=\"29873\" role=\"button\" tabindex=\"0\" rel=\"jtg-16314\" data-caption=\"&lt;span class=&quot;modula-caption-description&quot;&gt;&lt;\/span&gt;\" aria-label=\"Open image in lightbox\" data-thumb=\"https:\/\/rau.de\/wp-content\/uploads\/Teilweise-bepflanzte-Laermschutzwand-auf-einer-offenen-Baustelle-150x150.jpg\" class=\"tile-inner modula-item-link\"><\/a><img loading=\"lazy\" decoding=\"async\" class=\"pic wp-image-29873\"  data-valign=\"middle\" data-halign=\"center\" alt=\"Teilweise bepflanzte L\u00e4rmschutzwand auf einer offenen Baustelle\" data-full=\"https:\/\/rau.de\/wp-content\/uploads\/Teilweise-bepflanzte-Laermschutzwand-auf-einer-offenen-Baustelle.jpg\" title=\"Teilweise-bepflanzte-Laermschutzwand-auf-einer-offenen-Baustelle\" crop=\"\" width=\"1024\" height=\"768\" src=\"https:\/\/rau.de\/wp-content\/uploads\/Teilweise-bepflanzte-Laermschutzwand-auf-einer-offenen-Baustelle.jpg\" data-src=\"https:\/\/rau.de\/wp-content\/uploads\/Teilweise-bepflanzte-Laermschutzwand-auf-einer-offenen-Baustelle.jpg\" data-caption=\"\" srcset=\"https:\/\/rau.de\/wp-content\/uploads\/Teilweise-bepflanzte-Laermschutzwand-auf-einer-offenen-Baustelle.jpg 1024w, https:\/\/rau.de\/wp-content\/uploads\/Teilweise-bepflanzte-Laermschutzwand-auf-einer-offenen-Baustelle-300x225.jpg 300w\" sizes=\"auto, (max-width: 1024px) 100vw, 1024px\" \/>\n\t\t<div class=\"figc no-description\">\n\t\t\t<div class=\"figc-inner\">\n\t\t\t\t\t\t\t\t\t\t\t\t\t\t\t<\/div>\n\t\t<\/div>\n\n\t<\/div>\n\n<\/div><div class=\"modula-item effect-\" data-width=\"3\" data-height=\"3\" >\n\t<div class=\"modula-item-overlay\"><\/div>\n\n\t<div class=\"modula-item-content\">\n\n\t\t<a data-image-id=\"29860\" role=\"button\" tabindex=\"0\" rel=\"jtg-16314\" data-caption=\"&lt;span class=&quot;modula-caption-description&quot;&gt;&lt;\/span&gt;\" aria-label=\"Open image in lightbox\" data-thumb=\"https:\/\/rau.de\/wp-content\/uploads\/Strassenbaustelle-mit-Laermschutzwand-und-zwei-Baggern-im-Einsatz-150x150.jpg\" class=\"tile-inner modula-item-link\"><\/a><img loading=\"lazy\" decoding=\"async\" class=\"pic wp-image-29860\"  data-valign=\"middle\" data-halign=\"center\" alt=\"Stra\u00dfenbaustelle mit L\u00e4rmschutzwand und zwei Baggern im Einsatz\" data-full=\"https:\/\/rau.de\/wp-content\/uploads\/Strassenbaustelle-mit-Laermschutzwand-und-zwei-Baggern-im-Einsatz.jpg\" title=\"Strassenbaustelle-mit-Laermschutzwand-und-zwei-Baggern-im-Einsatz\" crop=\"\" width=\"1040\" height=\"780\" src=\"https:\/\/rau.de\/wp-content\/uploads\/Strassenbaustelle-mit-Laermschutzwand-und-zwei-Baggern-im-Einsatz.jpg\" data-src=\"https:\/\/rau.de\/wp-content\/uploads\/Strassenbaustelle-mit-Laermschutzwand-und-zwei-Baggern-im-Einsatz.jpg\" data-caption=\"\" srcset=\"https:\/\/rau.de\/wp-content\/uploads\/Strassenbaustelle-mit-Laermschutzwand-und-zwei-Baggern-im-Einsatz.jpg 1040w, https:\/\/rau.de\/wp-content\/uploads\/Strassenbaustelle-mit-Laermschutzwand-und-zwei-Baggern-im-Einsatz-300x225.jpg 300w, https:\/\/rau.de\/wp-content\/uploads\/Strassenbaustelle-mit-Laermschutzwand-und-zwei-Baggern-im-Einsatz-1024x768.jpg 1024w\" sizes=\"auto, (max-width: 1040px) 100vw, 1040px\" \/>\n\t\t<div class=\"figc no-description\">\n\t\t\t<div class=\"figc-inner\">\n\t\t\t\t\t\t\t\t\t\t\t\t\t\t\t<\/div>\n\t\t<\/div>\n\n\t<\/div>\n\n<\/div><div class=\"modula-item effect-\" data-width=\"3\" data-height=\"3\" >\n\t<div class=\"modula-item-overlay\"><\/div>\n\n\t<div class=\"modula-item-content\">\n\n\t\t<a data-image-id=\"29847\" role=\"button\" tabindex=\"0\" rel=\"jtg-16314\" data-caption=\"&lt;span class=&quot;modula-caption-description&quot;&gt;&lt;\/span&gt;\" aria-label=\"Open image in lightbox\" data-thumb=\"https:\/\/rau.de\/wp-content\/uploads\/Stahlgitterkonstruktion-fuer-eine-Laermschutzwand-auf-einer-Baustelle-150x150.jpg\" class=\"tile-inner modula-item-link\"><\/a><img loading=\"lazy\" decoding=\"async\" class=\"pic wp-image-29847\"  data-valign=\"middle\" data-halign=\"center\" alt=\"Stahlgitterkonstruktion f\u00fcr eine L\u00e4rmschutzwand auf einer Baustelle\" data-full=\"https:\/\/rau.de\/wp-content\/uploads\/Stahlgitterkonstruktion-fuer-eine-Laermschutzwand-auf-einer-Baustelle.jpg\" title=\"Stahlgitterkonstruktion-fuer-eine-Laermschutzwand-auf-einer-Baustelle\" crop=\"\" width=\"1200\" height=\"800\" src=\"https:\/\/rau.de\/wp-content\/uploads\/Stahlgitterkonstruktion-fuer-eine-Laermschutzwand-auf-einer-Baustelle.jpg\" data-src=\"https:\/\/rau.de\/wp-content\/uploads\/Stahlgitterkonstruktion-fuer-eine-Laermschutzwand-auf-einer-Baustelle.jpg\" data-caption=\"\" srcset=\"https:\/\/rau.de\/wp-content\/uploads\/Stahlgitterkonstruktion-fuer-eine-Laermschutzwand-auf-einer-Baustelle.jpg 1200w, https:\/\/rau.de\/wp-content\/uploads\/Stahlgitterkonstruktion-fuer-eine-Laermschutzwand-auf-einer-Baustelle-300x200.jpg 300w, https:\/\/rau.de\/wp-content\/uploads\/Stahlgitterkonstruktion-fuer-eine-Laermschutzwand-auf-einer-Baustelle-1024x683.jpg 1024w\" sizes=\"auto, (max-width: 1200px) 100vw, 1200px\" \/>\n\t\t<div class=\"figc no-description\">\n\t\t\t<div class=\"figc-inner\">\n\t\t\t\t\t\t\t\t\t\t\t\t\t\t\t<\/div>\n\t\t<\/div>\n\n\t<\/div>\n\n<\/div><div class=\"modula-item effect-\" data-width=\"2\" data-height=\"3\" >\n\t<div class=\"modula-item-overlay\"><\/div>\n\n\t<div class=\"modula-item-content\">\n\n\t\t<a data-image-id=\"29834\" role=\"button\" tabindex=\"0\" rel=\"jtg-16314\" data-caption=\"&lt;span class=&quot;modula-caption-description&quot;&gt;&lt;\/span&gt;\" aria-label=\"Open image in lightbox\" data-thumb=\"https:\/\/rau.de\/wp-content\/uploads\/Seitenansicht-einer-bepflanzten-Laermschutzwand-aus-Stahlgittern-150x150.jpg\" class=\"tile-inner modula-item-link\"><\/a><img loading=\"lazy\" decoding=\"async\" class=\"pic wp-image-29834\"  data-valign=\"middle\" data-halign=\"center\" alt=\"Seitenansicht einer bepflanzten L\u00e4rmschutzwand aus Stahlgittern\" data-full=\"https:\/\/rau.de\/wp-content\/uploads\/Seitenansicht-einer-bepflanzten-Laermschutzwand-aus-Stahlgittern.jpg\" title=\"Seitenansicht-einer-bepflanzten-Laermschutzwand-aus-Stahlgittern\" crop=\"\" width=\"880\" height=\"640\" src=\"https:\/\/rau.de\/wp-content\/uploads\/Seitenansicht-einer-bepflanzten-Laermschutzwand-aus-Stahlgittern.jpg\" data-src=\"https:\/\/rau.de\/wp-content\/uploads\/Seitenansicht-einer-bepflanzten-Laermschutzwand-aus-Stahlgittern.jpg\" data-caption=\"\" srcset=\"https:\/\/rau.de\/wp-content\/uploads\/Seitenansicht-einer-bepflanzten-Laermschutzwand-aus-Stahlgittern.jpg 880w, https:\/\/rau.de\/wp-content\/uploads\/Seitenansicht-einer-bepflanzten-Laermschutzwand-aus-Stahlgittern-300x218.jpg 300w\" sizes=\"auto, (max-width: 880px) 100vw, 880px\" \/>\n\t\t<div class=\"figc no-description\">\n\t\t\t<div class=\"figc-inner\">\n\t\t\t\t\t\t\t\t\t\t\t\t\t\t\t<\/div>\n\t\t<\/div>\n\n\t<\/div>\n\n<\/div><div class=\"modula-item effect-\" data-width=\"4\" data-height=\"3\" >\n\t<div class=\"modula-item-overlay\"><\/div>\n\n\t<div class=\"modula-item-content\">\n\n\t\t<a data-image-id=\"29821\" role=\"button\" tabindex=\"0\" rel=\"jtg-16314\" data-caption=\"&lt;span class=&quot;modula-caption-description&quot;&gt;&lt;\/span&gt;\" aria-label=\"Open image in lightbox\" data-thumb=\"https:\/\/rau.de\/wp-content\/uploads\/Nahansicht-einer-Laermschutzwand-aus-Stahlgittern-in-der-Bauphase-150x150.jpg\" class=\"tile-inner modula-item-link\"><\/a><img loading=\"lazy\" decoding=\"async\" class=\"pic wp-image-29821\"  data-valign=\"middle\" data-halign=\"center\" alt=\"Nahansicht einer L\u00e4rmschutzwand aus Stahlgittern in der Bauphase\" data-full=\"https:\/\/rau.de\/wp-content\/uploads\/Nahansicht-einer-Laermschutzwand-aus-Stahlgittern-in-der-Bauphase.jpg\" title=\"Nahansicht-einer-Laermschutzwand-aus-Stahlgittern-in-der-Bauphase\" crop=\"\" width=\"1444\" height=\"1078\" src=\"https:\/\/rau.de\/wp-content\/uploads\/Nahansicht-einer-Laermschutzwand-aus-Stahlgittern-in-der-Bauphase.jpg\" data-src=\"https:\/\/rau.de\/wp-content\/uploads\/Nahansicht-einer-Laermschutzwand-aus-Stahlgittern-in-der-Bauphase.jpg\" data-caption=\"\" srcset=\"https:\/\/rau.de\/wp-content\/uploads\/Nahansicht-einer-Laermschutzwand-aus-Stahlgittern-in-der-Bauphase.jpg 1444w, https:\/\/rau.de\/wp-content\/uploads\/Nahansicht-einer-Laermschutzwand-aus-Stahlgittern-in-der-Bauphase-300x224.jpg 300w, https:\/\/rau.de\/wp-content\/uploads\/Nahansicht-einer-Laermschutzwand-aus-Stahlgittern-in-der-Bauphase-1024x764.jpg 1024w\" sizes=\"auto, (max-width: 1444px) 100vw, 1444px\" \/>\n\t\t<div class=\"figc no-description\">\n\t\t\t<div class=\"figc-inner\">\n\t\t\t\t\t\t\t\t\t\t\t\t\t\t\t<\/div>\n\t\t<\/div>\n\n\t<\/div>\n\n<\/div><div class=\"modula-item effect-\" data-width=\"3\" data-height=\"3\" >\n\t<div class=\"modula-item-overlay\"><\/div>\n\n\t<div class=\"modula-item-content\">\n\n\t\t<a data-image-id=\"29808\" role=\"button\" tabindex=\"0\" rel=\"jtg-16314\" data-caption=\"&lt;span class=&quot;modula-caption-description&quot;&gt;&lt;\/span&gt;\" aria-label=\"Open image in lightbox\" data-thumb=\"https:\/\/rau.de\/wp-content\/uploads\/Mehrere-trapezfoermige-Laermschutzwaende-an-einem-gepflasterten-Bereich-150x150.jpg\" class=\"tile-inner modula-item-link\"><\/a><img loading=\"lazy\" decoding=\"async\" class=\"pic wp-image-29808\"  data-valign=\"middle\" data-halign=\"center\" alt=\"Mehrere trapezf\u00f6rmige L\u00e4rmschutzw\u00e4nde an einem gepflasterten Bereich\" data-full=\"https:\/\/rau.de\/wp-content\/uploads\/Mehrere-trapezfoermige-Laermschutzwaende-an-einem-gepflasterten-Bereich.jpg\" title=\"Mehrere-trapezfoermige-Laermschutzwaende-an-einem-gepflasterten-Bereich\" crop=\"\" width=\"1200\" height=\"800\" src=\"https:\/\/rau.de\/wp-content\/uploads\/Mehrere-trapezfoermige-Laermschutzwaende-an-einem-gepflasterten-Bereich.jpg\" data-src=\"https:\/\/rau.de\/wp-content\/uploads\/Mehrere-trapezfoermige-Laermschutzwaende-an-einem-gepflasterten-Bereich.jpg\" data-caption=\"\" srcset=\"https:\/\/rau.de\/wp-content\/uploads\/Mehrere-trapezfoermige-Laermschutzwaende-an-einem-gepflasterten-Bereich.jpg 1200w, https:\/\/rau.de\/wp-content\/uploads\/Mehrere-trapezfoermige-Laermschutzwaende-an-einem-gepflasterten-Bereich-300x200.jpg 300w, https:\/\/rau.de\/wp-content\/uploads\/Mehrere-trapezfoermige-Laermschutzwaende-an-einem-gepflasterten-Bereich-1024x683.jpg 1024w\" sizes=\"auto, (max-width: 1200px) 100vw, 1200px\" \/>\n\t\t<div class=\"figc no-description\">\n\t\t\t<div class=\"figc-inner\">\n\t\t\t\t\t\t\t\t\t\t\t\t\t\t\t<\/div>\n\t\t<\/div>\n\n\t<\/div>\n\n<\/div><div class=\"modula-item effect-\" data-width=\"3\" data-height=\"3\" >\n\t<div class=\"modula-item-overlay\"><\/div>\n\n\t<div class=\"modula-item-content\">\n\n\t\t<a data-image-id=\"29795\" role=\"button\" tabindex=\"0\" rel=\"jtg-16314\" data-caption=\"&lt;span class=&quot;modula-caption-description&quot;&gt;&lt;\/span&gt;\" aria-label=\"Open image in lightbox\" data-thumb=\"https:\/\/rau.de\/wp-content\/uploads\/Massive-Laermschutzwand-aus-Steinen-und-mit-Begruenung-entlang-einer-Strasse-150x150.jpg\" class=\"tile-inner modula-item-link\"><\/a><img loading=\"lazy\" decoding=\"async\" class=\"pic wp-image-29795\"  data-valign=\"middle\" data-halign=\"center\" alt=\"Massive L\u00e4rmschutzwand aus Steinen und mit Begr\u00fcnung entlang einer Stra\u00dfe\" data-full=\"https:\/\/rau.de\/wp-content\/uploads\/Massive-Laermschutzwand-aus-Steinen-und-mit-Begruenung-entlang-einer-Strasse.jpg\" title=\"Massive-Laermschutzwand-aus-Steinen-und-mit-Begruenung-entlang-einer-Strasse\" crop=\"\" width=\"1920\" height=\"1080\" src=\"https:\/\/rau.de\/wp-content\/uploads\/Massive-Laermschutzwand-aus-Steinen-und-mit-Begruenung-entlang-einer-Strasse.jpg\" data-src=\"https:\/\/rau.de\/wp-content\/uploads\/Massive-Laermschutzwand-aus-Steinen-und-mit-Begruenung-entlang-einer-Strasse.jpg\" data-caption=\"\" srcset=\"https:\/\/rau.de\/wp-content\/uploads\/Massive-Laermschutzwand-aus-Steinen-und-mit-Begruenung-entlang-einer-Strasse.jpg 1920w, https:\/\/rau.de\/wp-content\/uploads\/Massive-Laermschutzwand-aus-Steinen-und-mit-Begruenung-entlang-einer-Strasse-300x169.jpg 300w, https:\/\/rau.de\/wp-content\/uploads\/Massive-Laermschutzwand-aus-Steinen-und-mit-Begruenung-entlang-einer-Strasse-1024x576.jpg 1024w\" sizes=\"auto, (max-width: 1920px) 100vw, 1920px\" \/>\n\t\t<div class=\"figc no-description\">\n\t\t\t<div class=\"figc-inner\">\n\t\t\t\t\t\t\t\t\t\t\t\t\t\t\t<\/div>\n\t\t<\/div>\n\n\t<\/div>\n\n<\/div><div class=\"modula-item effect-\" data-width=\"3\" data-height=\"3\" >\n\t<div class=\"modula-item-overlay\"><\/div>\n\n\t<div class=\"modula-item-content\">\n\n\t\t<a data-image-id=\"29782\" role=\"button\" tabindex=\"0\" rel=\"jtg-16314\" data-caption=\"&lt;span class=&quot;modula-caption-description&quot;&gt;&lt;\/span&gt;\" aria-label=\"Open image in lightbox\" data-thumb=\"https:\/\/rau.de\/wp-content\/uploads\/Lange-Laermschutzwand-mit-trapezfoermigen-Segmenten-150x150.jpg\" class=\"tile-inner modula-item-link\"><\/a><img loading=\"lazy\" decoding=\"async\" class=\"pic wp-image-29782\"  data-valign=\"middle\" data-halign=\"center\" alt=\"Lange L\u00e4rmschutzwand mit trapezf\u00f6rmigen Segmenten\" data-full=\"https:\/\/rau.de\/wp-content\/uploads\/Lange-Laermschutzwand-mit-trapezfoermigen-Segmenten.jpg\" title=\"Lange-Laermschutzwand-mit-trapezfoermigen-Segmenten\" crop=\"\" width=\"1200\" height=\"800\" src=\"https:\/\/rau.de\/wp-content\/uploads\/Lange-Laermschutzwand-mit-trapezfoermigen-Segmenten.jpg\" data-src=\"https:\/\/rau.de\/wp-content\/uploads\/Lange-Laermschutzwand-mit-trapezfoermigen-Segmenten.jpg\" data-caption=\"\" srcset=\"https:\/\/rau.de\/wp-content\/uploads\/Lange-Laermschutzwand-mit-trapezfoermigen-Segmenten.jpg 1200w, https:\/\/rau.de\/wp-content\/uploads\/Lange-Laermschutzwand-mit-trapezfoermigen-Segmenten-300x200.jpg 300w, https:\/\/rau.de\/wp-content\/uploads\/Lange-Laermschutzwand-mit-trapezfoermigen-Segmenten-1024x683.jpg 1024w\" sizes=\"auto, (max-width: 1200px) 100vw, 1200px\" \/>\n\t\t<div class=\"figc no-description\">\n\t\t\t<div class=\"figc-inner\">\n\t\t\t\t\t\t\t\t\t\t\t\t\t\t\t<\/div>\n\t\t<\/div>\n\n\t<\/div>\n\n<\/div><div class=\"modula-item effect-\" data-width=\"3\" data-height=\"3\" >\n\t<div class=\"modula-item-overlay\"><\/div>\n\n\t<div class=\"modula-item-content\">\n\n\t\t<a data-image-id=\"29769\" role=\"button\" tabindex=\"0\" rel=\"jtg-16314\" data-caption=\"&lt;span class=&quot;modula-caption-description&quot;&gt;&lt;\/span&gt;\" aria-label=\"Open image in lightbox\" data-thumb=\"https:\/\/rau.de\/wp-content\/uploads\/Laermschutzwand-mit-dichter-Bepflanzung-vor-Wohnhaeusern-150x150.jpg\" class=\"tile-inner modula-item-link\"><\/a><img loading=\"lazy\" decoding=\"async\" class=\"pic wp-image-29769\"  data-valign=\"middle\" data-halign=\"center\" alt=\"L\u00e4rmschutzwand mit dichter Bepflanzung vor Wohnh\u00e4usern\" data-full=\"https:\/\/rau.de\/wp-content\/uploads\/Laermschutzwand-mit-dichter-Bepflanzung-vor-Wohnhaeusern.jpg\" title=\"Laermschutzwand-mit-dichter-Bepflanzung-vor-Wohnhaeusern\" crop=\"\" width=\"1920\" height=\"1080\" src=\"https:\/\/rau.de\/wp-content\/uploads\/Laermschutzwand-mit-dichter-Bepflanzung-vor-Wohnhaeusern.jpg\" data-src=\"https:\/\/rau.de\/wp-content\/uploads\/Laermschutzwand-mit-dichter-Bepflanzung-vor-Wohnhaeusern.jpg\" data-caption=\"\" srcset=\"https:\/\/rau.de\/wp-content\/uploads\/Laermschutzwand-mit-dichter-Bepflanzung-vor-Wohnhaeusern.jpg 1920w, https:\/\/rau.de\/wp-content\/uploads\/Laermschutzwand-mit-dichter-Bepflanzung-vor-Wohnhaeusern-300x169.jpg 300w, https:\/\/rau.de\/wp-content\/uploads\/Laermschutzwand-mit-dichter-Bepflanzung-vor-Wohnhaeusern-1024x576.jpg 1024w\" sizes=\"auto, (max-width: 1920px) 100vw, 1920px\" \/>\n\t\t<div class=\"figc no-description\">\n\t\t\t<div class=\"figc-inner\">\n\t\t\t\t\t\t\t\t\t\t\t\t\t\t\t<\/div>\n\t\t<\/div>\n\n\t<\/div>\n\n<\/div><div class=\"modula-item effect-\" data-width=\"3\" data-height=\"3\" >\n\t<div class=\"modula-item-overlay\"><\/div>\n\n\t<div class=\"modula-item-content\">\n\n\t\t<a data-image-id=\"29756\" role=\"button\" tabindex=\"0\" rel=\"jtg-16314\" data-caption=\"&lt;span class=&quot;modula-caption-description&quot;&gt;&lt;\/span&gt;\" aria-label=\"Open image in lightbox\" data-thumb=\"https:\/\/rau.de\/wp-content\/uploads\/Laermschutzwand-mit-dichtem-Pflanzenbewuchs-entlang-einer-Wohnstrasse-150x150.jpg\" class=\"tile-inner modula-item-link\"><\/a><img loading=\"lazy\" decoding=\"async\" class=\"pic wp-image-29756\"  data-valign=\"middle\" data-halign=\"center\" alt=\"L\u00e4rmschutzwand mit dichtem Pflanzenbewuchs entlang einer Wohnstra\u00dfe\" data-full=\"https:\/\/rau.de\/wp-content\/uploads\/Laermschutzwand-mit-dichtem-Pflanzenbewuchs-entlang-einer-Wohnstrasse.jpg\" title=\"Laermschutzwand-mit-dichtem-Pflanzenbewuchs-entlang-einer-Wohnstrasse\" crop=\"\" width=\"1920\" height=\"1440\" src=\"https:\/\/rau.de\/wp-content\/uploads\/Laermschutzwand-mit-dichtem-Pflanzenbewuchs-entlang-einer-Wohnstrasse.jpg\" data-src=\"https:\/\/rau.de\/wp-content\/uploads\/Laermschutzwand-mit-dichtem-Pflanzenbewuchs-entlang-einer-Wohnstrasse.jpg\" data-caption=\"\" srcset=\"https:\/\/rau.de\/wp-content\/uploads\/Laermschutzwand-mit-dichtem-Pflanzenbewuchs-entlang-einer-Wohnstrasse.jpg 1920w, https:\/\/rau.de\/wp-content\/uploads\/Laermschutzwand-mit-dichtem-Pflanzenbewuchs-entlang-einer-Wohnstrasse-300x225.jpg 300w, https:\/\/rau.de\/wp-content\/uploads\/Laermschutzwand-mit-dichtem-Pflanzenbewuchs-entlang-einer-Wohnstrasse-1024x768.jpg 1024w\" sizes=\"auto, (max-width: 1920px) 100vw, 1920px\" \/>\n\t\t<div class=\"figc no-description\">\n\t\t\t<div class=\"figc-inner\">\n\t\t\t\t\t\t\t\t\t\t\t\t\t\t\t<\/div>\n\t\t<\/div>\n\n\t<\/div>\n\n<\/div><div class=\"modula-item effect-\" data-width=\"3\" data-height=\"3\" >\n\t<div class=\"modula-item-overlay\"><\/div>\n\n\t<div class=\"modula-item-content\">\n\n\t\t<a data-image-id=\"29743\" role=\"button\" tabindex=\"0\" rel=\"jtg-16314\" data-caption=\"&lt;span class=&quot;modula-caption-description&quot;&gt;&lt;\/span&gt;\" aria-label=\"Open image in lightbox\" data-thumb=\"https:\/\/rau.de\/wp-content\/uploads\/Laermschutzwand-mit-dichtem-Bewuchs-vor-einer-Villa-150x150.jpg\" class=\"tile-inner modula-item-link\"><\/a><img loading=\"lazy\" decoding=\"async\" class=\"pic wp-image-29743\"  data-valign=\"middle\" data-halign=\"center\" alt=\"L\u00e4rmschutzwand mit dichtem Bewuchs vor einer Villa\" data-full=\"https:\/\/rau.de\/wp-content\/uploads\/Laermschutzwand-mit-dichtem-Bewuchs-vor-einer-Villa.jpg\" title=\"Laermschutzwand-mit-dichtem-Bewuchs-vor-einer-Villa\" crop=\"\" width=\"1920\" height=\"1440\" src=\"https:\/\/rau.de\/wp-content\/uploads\/Laermschutzwand-mit-dichtem-Bewuchs-vor-einer-Villa.jpg\" data-src=\"https:\/\/rau.de\/wp-content\/uploads\/Laermschutzwand-mit-dichtem-Bewuchs-vor-einer-Villa.jpg\" data-caption=\"\" srcset=\"https:\/\/rau.de\/wp-content\/uploads\/Laermschutzwand-mit-dichtem-Bewuchs-vor-einer-Villa.jpg 1920w, https:\/\/rau.de\/wp-content\/uploads\/Laermschutzwand-mit-dichtem-Bewuchs-vor-einer-Villa-300x225.jpg 300w, https:\/\/rau.de\/wp-content\/uploads\/Laermschutzwand-mit-dichtem-Bewuchs-vor-einer-Villa-1024x768.jpg 1024w\" sizes=\"auto, (max-width: 1920px) 100vw, 1920px\" \/>\n\t\t<div class=\"figc no-description\">\n\t\t\t<div class=\"figc-inner\">\n\t\t\t\t\t\t\t\t\t\t\t\t\t\t\t<\/div>\n\t\t<\/div>\n\n\t<\/div>\n\n<\/div><div class=\"modula-item effect-\" data-width=\"3\" data-height=\"3\" >\n\t<div class=\"modula-item-overlay\"><\/div>\n\n\t<div class=\"modula-item-content\">\n\n\t\t<a data-image-id=\"29730\" role=\"button\" tabindex=\"0\" rel=\"jtg-16314\" data-caption=\"&lt;span class=&quot;modula-caption-description&quot;&gt;&lt;\/span&gt;\" aria-label=\"Open image in lightbox\" data-thumb=\"https:\/\/rau.de\/wp-content\/uploads\/Laermschutzwand-mit-der-Aufschrift-RAU-DE-unter-blauem-Himmel-150x150.jpg\" class=\"tile-inner modula-item-link\"><\/a><img loading=\"lazy\" decoding=\"async\" class=\"pic wp-image-29730\"  data-valign=\"middle\" data-halign=\"center\" alt=\"L\u00e4rmschutzwand mit der Aufschrift RAU.DE unter blauem Himmel\" data-full=\"https:\/\/rau.de\/wp-content\/uploads\/Laermschutzwand-mit-der-Aufschrift-RAU-DE-unter-blauem-Himmel.jpg\" title=\"Laermschutzwand-mit-der-Aufschrift-RAU-DE-unter-blauem-Himmel\" crop=\"\" width=\"1280\" height=\"960\" src=\"https:\/\/rau.de\/wp-content\/uploads\/Laermschutzwand-mit-der-Aufschrift-RAU-DE-unter-blauem-Himmel.jpg\" data-src=\"https:\/\/rau.de\/wp-content\/uploads\/Laermschutzwand-mit-der-Aufschrift-RAU-DE-unter-blauem-Himmel.jpg\" data-caption=\"\" srcset=\"https:\/\/rau.de\/wp-content\/uploads\/Laermschutzwand-mit-der-Aufschrift-RAU-DE-unter-blauem-Himmel.jpg 1280w, https:\/\/rau.de\/wp-content\/uploads\/Laermschutzwand-mit-der-Aufschrift-RAU-DE-unter-blauem-Himmel-300x225.jpg 300w, https:\/\/rau.de\/wp-content\/uploads\/Laermschutzwand-mit-der-Aufschrift-RAU-DE-unter-blauem-Himmel-1024x768.jpg 1024w\" sizes=\"auto, (max-width: 1280px) 100vw, 1280px\" \/>\n\t\t<div class=\"figc no-description\">\n\t\t\t<div class=\"figc-inner\">\n\t\t\t\t\t\t\t\t\t\t\t\t\t\t\t<\/div>\n\t\t<\/div>\n\n\t<\/div>\n\n<\/div><div class=\"modula-item effect-\" data-width=\"3\" data-height=\"3\" >\n\t<div class=\"modula-item-overlay\"><\/div>\n\n\t<div class=\"modula-item-content\">\n\n\t\t<a data-image-id=\"29717\" role=\"button\" tabindex=\"0\" rel=\"jtg-16314\" data-caption=\"&lt;span class=&quot;modula-caption-description&quot;&gt;&lt;\/span&gt;\" aria-label=\"Open image in lightbox\" data-thumb=\"https:\/\/rau.de\/wp-content\/uploads\/Laermschutzwand-mit-beginnender-Bepflanzung-entlang-eines-kleinen-Bachs-150x150.jpg\" class=\"tile-inner modula-item-link\"><\/a><img loading=\"lazy\" decoding=\"async\" class=\"pic wp-image-29717\"  data-valign=\"middle\" data-halign=\"center\" alt=\"L\u00e4rmschutzwand mit beginnender Bepflanzung entlang eines kleinen Bachs\" data-full=\"https:\/\/rau.de\/wp-content\/uploads\/Laermschutzwand-mit-beginnender-Bepflanzung-entlang-eines-kleinen-Bachs.jpg\" title=\"Laermschutzwand-mit-beginnender-Bepflanzung-entlang-eines-kleinen-Bachs\" crop=\"\" width=\"1920\" height=\"1440\" src=\"https:\/\/rau.de\/wp-content\/uploads\/Laermschutzwand-mit-beginnender-Bepflanzung-entlang-eines-kleinen-Bachs.jpg\" data-src=\"https:\/\/rau.de\/wp-content\/uploads\/Laermschutzwand-mit-beginnender-Bepflanzung-entlang-eines-kleinen-Bachs.jpg\" data-caption=\"\" srcset=\"https:\/\/rau.de\/wp-content\/uploads\/Laermschutzwand-mit-beginnender-Bepflanzung-entlang-eines-kleinen-Bachs.jpg 1920w, https:\/\/rau.de\/wp-content\/uploads\/Laermschutzwand-mit-beginnender-Bepflanzung-entlang-eines-kleinen-Bachs-300x225.jpg 300w, https:\/\/rau.de\/wp-content\/uploads\/Laermschutzwand-mit-beginnender-Bepflanzung-entlang-eines-kleinen-Bachs-1024x768.jpg 1024w\" sizes=\"auto, (max-width: 1920px) 100vw, 1920px\" \/>\n\t\t<div class=\"figc no-description\">\n\t\t\t<div class=\"figc-inner\">\n\t\t\t\t\t\t\t\t\t\t\t\t\t\t\t<\/div>\n\t\t<\/div>\n\n\t<\/div>\n\n<\/div><div class=\"modula-item effect-\" data-width=\"3\" data-height=\"3\" >\n\t<div class=\"modula-item-overlay\"><\/div>\n\n\t<div class=\"modula-item-content\">\n\n\t\t<a data-image-id=\"29704\" role=\"button\" tabindex=\"0\" rel=\"jtg-16314\" data-caption=\"&lt;span class=&quot;modula-caption-description&quot;&gt;&lt;\/span&gt;\" aria-label=\"Open image in lightbox\" data-thumb=\"https:\/\/rau.de\/wp-content\/uploads\/Laermschutzwand-entlang-eines-schmalen-Pfades-1-150x150.jpg\" class=\"tile-inner modula-item-link\"><\/a><img loading=\"lazy\" decoding=\"async\" class=\"pic wp-image-29704\"  data-valign=\"middle\" data-halign=\"center\" alt=\"L\u00e4rmschutzwand entlang eines schmalen Pfades\" data-full=\"https:\/\/rau.de\/wp-content\/uploads\/Laermschutzwand-entlang-eines-schmalen-Pfades-1.jpg\" title=\"Laermschutzwand-entlang-eines-schmalen-Pfades-1\" crop=\"\" width=\"768\" height=\"1024\" src=\"https:\/\/rau.de\/wp-content\/uploads\/Laermschutzwand-entlang-eines-schmalen-Pfades-1.jpg\" data-src=\"https:\/\/rau.de\/wp-content\/uploads\/Laermschutzwand-entlang-eines-schmalen-Pfades-1.jpg\" data-caption=\"\" srcset=\"https:\/\/rau.de\/wp-content\/uploads\/Laermschutzwand-entlang-eines-schmalen-Pfades-1.jpg 768w, https:\/\/rau.de\/wp-content\/uploads\/Laermschutzwand-entlang-eines-schmalen-Pfades-1-225x300.jpg 225w\" sizes=\"auto, (max-width: 768px) 100vw, 768px\" \/>\n\t\t<div class=\"figc no-description\">\n\t\t\t<div class=\"figc-inner\">\n\t\t\t\t\t\t\t\t\t\t\t\t\t\t\t<\/div>\n\t\t<\/div>\n\n\t<\/div>\n\n<\/div><div class=\"modula-item effect-\" data-width=\"3\" data-height=\"3\" >\n\t<div class=\"modula-item-overlay\"><\/div>\n\n\t<div class=\"modula-item-content\">\n\n\t\t<a data-image-id=\"29691\" role=\"button\" tabindex=\"0\" rel=\"jtg-16314\" data-caption=\"&lt;span class=&quot;modula-caption-description&quot;&gt;&lt;\/span&gt;\" aria-label=\"Open image in lightbox\" data-thumb=\"https:\/\/rau.de\/wp-content\/uploads\/Laermschutzwand-entlang-einer-vielbefahrenen-Strasse-im-Gruenen-150x150.jpg\" class=\"tile-inner modula-item-link\"><\/a><img loading=\"lazy\" decoding=\"async\" class=\"pic wp-image-29691\"  data-valign=\"middle\" data-halign=\"center\" alt=\"L\u00e4rmschutzwand entlang einer vielbefahrenen Stra\u00dfe im Gr\u00fcnen\" data-full=\"https:\/\/rau.de\/wp-content\/uploads\/Laermschutzwand-entlang-einer-vielbefahrenen-Strasse-im-Gruenen.jpg\" title=\"Laermschutzwand-entlang-einer-vielbefahrenen-Strasse-im-Gruenen\" crop=\"\" width=\"1200\" height=\"900\" src=\"https:\/\/rau.de\/wp-content\/uploads\/Laermschutzwand-entlang-einer-vielbefahrenen-Strasse-im-Gruenen.jpg\" data-src=\"https:\/\/rau.de\/wp-content\/uploads\/Laermschutzwand-entlang-einer-vielbefahrenen-Strasse-im-Gruenen.jpg\" data-caption=\"\" srcset=\"https:\/\/rau.de\/wp-content\/uploads\/Laermschutzwand-entlang-einer-vielbefahrenen-Strasse-im-Gruenen.jpg 1200w, https:\/\/rau.de\/wp-content\/uploads\/Laermschutzwand-entlang-einer-vielbefahrenen-Strasse-im-Gruenen-300x225.jpg 300w, https:\/\/rau.de\/wp-content\/uploads\/Laermschutzwand-entlang-einer-vielbefahrenen-Strasse-im-Gruenen-1024x768.jpg 1024w\" sizes=\"auto, (max-width: 1200px) 100vw, 1200px\" \/>\n\t\t<div class=\"figc no-description\">\n\t\t\t<div class=\"figc-inner\">\n\t\t\t\t\t\t\t\t\t\t\t\t\t\t\t<\/div>\n\t\t<\/div>\n\n\t<\/div>\n\n<\/div><div class=\"modula-item effect-\" data-width=\"3\" data-height=\"3\" >\n\t<div class=\"modula-item-overlay\"><\/div>\n\n\t<div class=\"modula-item-content\">\n\n\t\t<a data-image-id=\"29665\" role=\"button\" tabindex=\"0\" rel=\"jtg-16314\" data-caption=\"&lt;span class=&quot;modula-caption-description&quot;&gt;&lt;\/span&gt;\" aria-label=\"Open image in lightbox\" data-thumb=\"https:\/\/rau.de\/wp-content\/uploads\/Laermschutzwand-entlang-einer-Landstrasse-vor-einer-Wohnsiedlung-150x150.jpg\" class=\"tile-inner modula-item-link\"><\/a><img loading=\"lazy\" decoding=\"async\" class=\"pic wp-image-29665\"  data-valign=\"middle\" data-halign=\"center\" alt=\"L\u00e4rmschutzwand entlang einer Landstra\u00dfe vor einer Wohnsiedlung\" data-full=\"https:\/\/rau.de\/wp-content\/uploads\/Laermschutzwand-entlang-einer-Landstrasse-vor-einer-Wohnsiedlung.jpg\" title=\"RAU Klimawand (R3)\" crop=\"\" width=\"1200\" height=\"800\" src=\"https:\/\/rau.de\/wp-content\/uploads\/Laermschutzwand-entlang-einer-Landstrasse-vor-einer-Wohnsiedlung.jpg\" data-src=\"https:\/\/rau.de\/wp-content\/uploads\/Laermschutzwand-entlang-einer-Landstrasse-vor-einer-Wohnsiedlung.jpg\" data-caption=\"\" srcset=\"https:\/\/rau.de\/wp-content\/uploads\/Laermschutzwand-entlang-einer-Landstrasse-vor-einer-Wohnsiedlung.jpg 1200w, https:\/\/rau.de\/wp-content\/uploads\/Laermschutzwand-entlang-einer-Landstrasse-vor-einer-Wohnsiedlung-300x200.jpg 300w, https:\/\/rau.de\/wp-content\/uploads\/Laermschutzwand-entlang-einer-Landstrasse-vor-einer-Wohnsiedlung-1024x683.jpg 1024w\" sizes=\"auto, (max-width: 1200px) 100vw, 1200px\" \/>\n\t\t<div class=\"figc no-description\">\n\t\t\t<div class=\"figc-inner\">\n\t\t\t\t\t\t\t\t\t\t\t\t\t\t\t<\/div>\n\t\t<\/div>\n\n\t<\/div>\n\n<\/div><div class=\"modula-item effect-\" data-width=\"3\" data-height=\"3\" >\n\t<div class=\"modula-item-overlay\"><\/div>\n\n\t<div class=\"modula-item-content\">\n\n\t\t<a data-image-id=\"29652\" role=\"button\" tabindex=\"0\" rel=\"jtg-16314\" data-caption=\"&lt;span class=&quot;modula-caption-description&quot;&gt;&lt;\/span&gt;\" aria-label=\"Open image in lightbox\" data-thumb=\"https:\/\/rau.de\/wp-content\/uploads\/Laermschutzwand-entlang-einer-Landstrasse-und-eines-Gehwegs-im-Herbst-150x150.jpg\" class=\"tile-inner modula-item-link\"><\/a><img loading=\"lazy\" decoding=\"async\" class=\"pic wp-image-29652\"  data-valign=\"middle\" data-halign=\"center\" alt=\"L\u00e4rmschutzwand entlang einer Landstra\u00dfe und eines Gehwegs im Herbst\" data-full=\"https:\/\/rau.de\/wp-content\/uploads\/Laermschutzwand-entlang-einer-Landstrasse-und-eines-Gehwegs-im-Herbst.jpg\" title=\"Laermschutzwand-entlang-einer-Landstrasse-und-eines-Gehwegs-im-Herbst\" crop=\"\" width=\"1024\" height=\"683\" src=\"https:\/\/rau.de\/wp-content\/uploads\/Laermschutzwand-entlang-einer-Landstrasse-und-eines-Gehwegs-im-Herbst.jpg\" data-src=\"https:\/\/rau.de\/wp-content\/uploads\/Laermschutzwand-entlang-einer-Landstrasse-und-eines-Gehwegs-im-Herbst.jpg\" data-caption=\"\" srcset=\"https:\/\/rau.de\/wp-content\/uploads\/Laermschutzwand-entlang-einer-Landstrasse-und-eines-Gehwegs-im-Herbst.jpg 1024w, https:\/\/rau.de\/wp-content\/uploads\/Laermschutzwand-entlang-einer-Landstrasse-und-eines-Gehwegs-im-Herbst-300x200.jpg 300w\" sizes=\"auto, (max-width: 1024px) 100vw, 1024px\" \/>\n\t\t<div class=\"figc no-description\">\n\t\t\t<div class=\"figc-inner\">\n\t\t\t\t\t\t\t\t\t\t\t\t\t\t\t<\/div>\n\t\t<\/div>\n\n\t<\/div>\n\n<\/div><div class=\"modula-item effect-\" data-width=\"3\" data-height=\"3\" >\n\t<div class=\"modula-item-overlay\"><\/div>\n\n\t<div class=\"modula-item-content\">\n\n\t\t<a data-image-id=\"29639\" role=\"button\" tabindex=\"0\" rel=\"jtg-16314\" data-caption=\"&lt;span class=&quot;modula-caption-description&quot;&gt;&lt;\/span&gt;\" aria-label=\"Open image in lightbox\" data-thumb=\"https:\/\/rau.de\/wp-content\/uploads\/Laermschutzwand-aus-Stahlgittern-mit-leichter-Bepflanzung-150x150.jpg\" class=\"tile-inner modula-item-link\"><\/a><img loading=\"lazy\" decoding=\"async\" class=\"pic wp-image-29639\"  data-valign=\"middle\" data-halign=\"center\" alt=\"L\u00e4rmschutzwand aus Stahlgittern mit leichter Bepflanzung\" data-full=\"https:\/\/rau.de\/wp-content\/uploads\/Laermschutzwand-aus-Stahlgittern-mit-leichter-Bepflanzung.jpg\" title=\"Laermschutzwand-aus-Stahlgittern-mit-leichter-Bepflanzung\" crop=\"\" width=\"1600\" height=\"1023\" src=\"https:\/\/rau.de\/wp-content\/uploads\/Laermschutzwand-aus-Stahlgittern-mit-leichter-Bepflanzung.jpg\" data-src=\"https:\/\/rau.de\/wp-content\/uploads\/Laermschutzwand-aus-Stahlgittern-mit-leichter-Bepflanzung.jpg\" data-caption=\"\" srcset=\"https:\/\/rau.de\/wp-content\/uploads\/Laermschutzwand-aus-Stahlgittern-mit-leichter-Bepflanzung.jpg 1600w, https:\/\/rau.de\/wp-content\/uploads\/Laermschutzwand-aus-Stahlgittern-mit-leichter-Bepflanzung-300x192.jpg 300w, https:\/\/rau.de\/wp-content\/uploads\/Laermschutzwand-aus-Stahlgittern-mit-leichter-Bepflanzung-1024x655.jpg 1024w\" sizes=\"auto, (max-width: 1600px) 100vw, 1600px\" \/>\n\t\t<div class=\"figc no-description\">\n\t\t\t<div class=\"figc-inner\">\n\t\t\t\t\t\t\t\t\t\t\t\t\t\t\t<\/div>\n\t\t<\/div>\n\n\t<\/div>\n\n<\/div><div class=\"modula-item effect-\" data-width=\"3\" data-height=\"3\" >\n\t<div class=\"modula-item-overlay\"><\/div>\n\n\t<div class=\"modula-item-content\">\n\n\t\t<a data-image-id=\"29626\" role=\"button\" tabindex=\"0\" rel=\"jtg-16314\" data-caption=\"&lt;span class=&quot;modula-caption-description&quot;&gt;&lt;\/span&gt;\" aria-label=\"Open image in lightbox\" data-thumb=\"https:\/\/rau.de\/wp-content\/uploads\/Laermschutzwand-aus-Stahlgittern-mit-angrenzender-Gartenanlage-150x150.jpg\" class=\"tile-inner modula-item-link\"><\/a><img loading=\"lazy\" decoding=\"async\" class=\"pic wp-image-29626\"  data-valign=\"middle\" data-halign=\"center\" alt=\"L\u00e4rmschutzwand aus Stahlgittern mit angrenzender Gartenanlage\" data-full=\"https:\/\/rau.de\/wp-content\/uploads\/Laermschutzwand-aus-Stahlgittern-mit-angrenzender-Gartenanlage.jpg\" title=\"Laermschutzwand-aus-Stahlgittern-mit-angrenzender-Gartenanlage\" crop=\"\" width=\"1920\" height=\"1080\" src=\"https:\/\/rau.de\/wp-content\/uploads\/Laermschutzwand-aus-Stahlgittern-mit-angrenzender-Gartenanlage.jpg\" data-src=\"https:\/\/rau.de\/wp-content\/uploads\/Laermschutzwand-aus-Stahlgittern-mit-angrenzender-Gartenanlage.jpg\" data-caption=\"\" srcset=\"https:\/\/rau.de\/wp-content\/uploads\/Laermschutzwand-aus-Stahlgittern-mit-angrenzender-Gartenanlage.jpg 1920w, https:\/\/rau.de\/wp-content\/uploads\/Laermschutzwand-aus-Stahlgittern-mit-angrenzender-Gartenanlage-300x169.jpg 300w, https:\/\/rau.de\/wp-content\/uploads\/Laermschutzwand-aus-Stahlgittern-mit-angrenzender-Gartenanlage-1024x576.jpg 1024w\" sizes=\"auto, (max-width: 1920px) 100vw, 1920px\" \/>\n\t\t<div class=\"figc no-description\">\n\t\t\t<div class=\"figc-inner\">\n\t\t\t\t\t\t\t\t\t\t\t\t\t\t\t<\/div>\n\t\t<\/div>\n\n\t<\/div>\n\n<\/div><div class=\"modula-item effect-\" data-width=\"3\" data-height=\"3\" >\n\t<div class=\"modula-item-overlay\"><\/div>\n\n\t<div class=\"modula-item-content\">\n\n\t\t<a data-image-id=\"29613\" role=\"button\" tabindex=\"0\" rel=\"jtg-16314\" data-caption=\"&lt;span class=&quot;modula-caption-description&quot;&gt;&lt;\/span&gt;\" aria-label=\"Open image in lightbox\" data-thumb=\"https:\/\/rau.de\/wp-content\/uploads\/Laermschutzwand-auf-einer-Baustelle-unter-bewoelktem-Himmel-150x150.jpg\" class=\"tile-inner modula-item-link\"><\/a><img loading=\"lazy\" decoding=\"async\" class=\"pic wp-image-29613\"  data-valign=\"middle\" data-halign=\"center\" alt=\"L\u00e4rmschutzwand auf einer Baustelle unter bew\u00f6lktem Himmel\" data-full=\"https:\/\/rau.de\/wp-content\/uploads\/Laermschutzwand-auf-einer-Baustelle-unter-bewoelktem-Himmel.jpg\" title=\"Laermschutzwand-auf-einer-Baustelle-unter-bewoelktem-Himmel\" crop=\"\" width=\"1024\" height=\"768\" src=\"https:\/\/rau.de\/wp-content\/uploads\/Laermschutzwand-auf-einer-Baustelle-unter-bewoelktem-Himmel.jpg\" data-src=\"https:\/\/rau.de\/wp-content\/uploads\/Laermschutzwand-auf-einer-Baustelle-unter-bewoelktem-Himmel.jpg\" data-caption=\"\" srcset=\"https:\/\/rau.de\/wp-content\/uploads\/Laermschutzwand-auf-einer-Baustelle-unter-bewoelktem-Himmel.jpg 1024w, https:\/\/rau.de\/wp-content\/uploads\/Laermschutzwand-auf-einer-Baustelle-unter-bewoelktem-Himmel-300x225.jpg 300w\" sizes=\"auto, (max-width: 1024px) 100vw, 1024px\" \/>\n\t\t<div class=\"figc no-description\">\n\t\t\t<div class=\"figc-inner\">\n\t\t\t\t\t\t\t\t\t\t\t\t\t\t\t<\/div>\n\t\t<\/div>\n\n\t<\/div>\n\n<\/div><div class=\"modula-item effect-\" data-width=\"3\" data-height=\"3\" >\n\t<div class=\"modula-item-overlay\"><\/div>\n\n\t<div class=\"modula-item-content\">\n\n\t\t<a data-image-id=\"29600\" role=\"button\" tabindex=\"0\" rel=\"jtg-16314\" data-caption=\"&lt;span class=&quot;modula-caption-description&quot;&gt;&lt;\/span&gt;\" aria-label=\"Open image in lightbox\" data-thumb=\"https:\/\/rau.de\/wp-content\/uploads\/Laermschutzwaende-auf-Steinfundamenten-in-einer-bergigen-Landschaft-150x150.jpg\" class=\"tile-inner modula-item-link\"><\/a><img loading=\"lazy\" decoding=\"async\" class=\"pic wp-image-29600\"  data-valign=\"middle\" data-halign=\"center\" alt=\"L\u00e4rmschutzw\u00e4nde auf Steinfundamenten in einer bergigen Landschaft\" data-full=\"https:\/\/rau.de\/wp-content\/uploads\/Laermschutzwaende-auf-Steinfundamenten-in-einer-bergigen-Landschaft.jpg\" title=\"Laermschutzwaende-auf-Steinfundamenten-in-einer-bergigen-Landschaft\" crop=\"\" width=\"1920\" height=\"1440\" src=\"https:\/\/rau.de\/wp-content\/uploads\/Laermschutzwaende-auf-Steinfundamenten-in-einer-bergigen-Landschaft.jpg\" data-src=\"https:\/\/rau.de\/wp-content\/uploads\/Laermschutzwaende-auf-Steinfundamenten-in-einer-bergigen-Landschaft.jpg\" data-caption=\"\" srcset=\"https:\/\/rau.de\/wp-content\/uploads\/Laermschutzwaende-auf-Steinfundamenten-in-einer-bergigen-Landschaft.jpg 1920w, https:\/\/rau.de\/wp-content\/uploads\/Laermschutzwaende-auf-Steinfundamenten-in-einer-bergigen-Landschaft-300x225.jpg 300w, https:\/\/rau.de\/wp-content\/uploads\/Laermschutzwaende-auf-Steinfundamenten-in-einer-bergigen-Landschaft-1024x768.jpg 1024w\" sizes=\"auto, (max-width: 1920px) 100vw, 1920px\" \/>\n\t\t<div class=\"figc no-description\">\n\t\t\t<div class=\"figc-inner\">\n\t\t\t\t\t\t\t\t\t\t\t\t\t\t\t<\/div>\n\t\t<\/div>\n\n\t<\/div>\n\n<\/div><div class=\"modula-item effect-\" data-width=\"3\" data-height=\"3\" >\n\t<div class=\"modula-item-overlay\"><\/div>\n\n\t<div class=\"modula-item-content\">\n\n\t\t<a data-image-id=\"29587\" role=\"button\" tabindex=\"0\" rel=\"jtg-16314\" data-caption=\"&lt;span class=&quot;modula-caption-description&quot;&gt;&lt;\/span&gt;\" aria-label=\"Open image in lightbox\" data-thumb=\"https:\/\/rau.de\/wp-content\/uploads\/Hohe-trapezfoermige-Laermschutzwand-150x150.jpg\" class=\"tile-inner modula-item-link\"><\/a><img loading=\"lazy\" decoding=\"async\" class=\"pic wp-image-29587\"  data-valign=\"middle\" data-halign=\"center\" alt=\"Hohe trapezf\u00f6rmige L\u00e4rmschutzwand\" data-full=\"https:\/\/rau.de\/wp-content\/uploads\/Hohe-trapezfoermige-Laermschutzwand.jpg\" title=\"Hohe-trapezfoermige-Laermschutzwand\" crop=\"\" width=\"1200\" height=\"1600\" src=\"https:\/\/rau.de\/wp-content\/uploads\/Hohe-trapezfoermige-Laermschutzwand.jpg\" data-src=\"https:\/\/rau.de\/wp-content\/uploads\/Hohe-trapezfoermige-Laermschutzwand.jpg\" data-caption=\"\" srcset=\"https:\/\/rau.de\/wp-content\/uploads\/Hohe-trapezfoermige-Laermschutzwand.jpg 1200w, https:\/\/rau.de\/wp-content\/uploads\/Hohe-trapezfoermige-Laermschutzwand-225x300.jpg 225w, https:\/\/rau.de\/wp-content\/uploads\/Hohe-trapezfoermige-Laermschutzwand-768x1024.jpg 768w\" sizes=\"auto, (max-width: 1200px) 100vw, 1200px\" \/>\n\t\t<div class=\"figc no-description\">\n\t\t\t<div class=\"figc-inner\">\n\t\t\t\t\t\t\t\t\t\t\t\t\t\t\t<\/div>\n\t\t<\/div>\n\n\t<\/div>\n\n<\/div><div class=\"modula-item effect-\" data-width=\"3\" data-height=\"3\" >\n\t<div class=\"modula-item-overlay\"><\/div>\n\n\t<div class=\"modula-item-content\">\n\n\t\t<a data-image-id=\"29574\" role=\"button\" tabindex=\"0\" rel=\"jtg-16314\" data-caption=\"&lt;span class=&quot;modula-caption-description&quot;&gt;&lt;\/span&gt;\" aria-label=\"Open image in lightbox\" data-thumb=\"https:\/\/rau.de\/wp-content\/uploads\/Hohe-Laermschutzwand-an-einer-Baustelle-im-Aussenbereich-bei-tollem-Wetter-150x150.jpg\" class=\"tile-inner modula-item-link\"><\/a><img loading=\"lazy\" decoding=\"async\" class=\"pic wp-image-29574\"  data-valign=\"middle\" data-halign=\"center\" alt=\"Hohe L\u00e4rmschutzwand an einer Baustelle im Au\u00dfenbereich bei tollem Wetter\" data-full=\"https:\/\/rau.de\/wp-content\/uploads\/Hohe-Laermschutzwand-an-einer-Baustelle-im-Aussenbereich-bei-tollem-Wetter.jpg\" title=\"Hohe-Laermschutzwand-an-einer-Baustelle-im-Aussenbereich-bei-tollem-Wetter\" crop=\"\" width=\"1920\" height=\"1440\" src=\"https:\/\/rau.de\/wp-content\/uploads\/Hohe-Laermschutzwand-an-einer-Baustelle-im-Aussenbereich-bei-tollem-Wetter.jpg\" data-src=\"https:\/\/rau.de\/wp-content\/uploads\/Hohe-Laermschutzwand-an-einer-Baustelle-im-Aussenbereich-bei-tollem-Wetter.jpg\" data-caption=\"\" srcset=\"https:\/\/rau.de\/wp-content\/uploads\/Hohe-Laermschutzwand-an-einer-Baustelle-im-Aussenbereich-bei-tollem-Wetter.jpg 1920w, https:\/\/rau.de\/wp-content\/uploads\/Hohe-Laermschutzwand-an-einer-Baustelle-im-Aussenbereich-bei-tollem-Wetter-300x225.jpg 300w, https:\/\/rau.de\/wp-content\/uploads\/Hohe-Laermschutzwand-an-einer-Baustelle-im-Aussenbereich-bei-tollem-Wetter-1024x768.jpg 1024w\" sizes=\"auto, (max-width: 1920px) 100vw, 1920px\" \/>\n\t\t<div class=\"figc no-description\">\n\t\t\t<div class=\"figc-inner\">\n\t\t\t\t\t\t\t\t\t\t\t\t\t\t\t<\/div>\n\t\t<\/div>\n\n\t<\/div>\n\n<\/div><div class=\"modula-item effect-\" data-width=\"3\" data-height=\"3\" >\n\t<div class=\"modula-item-overlay\"><\/div>\n\n\t<div class=\"modula-item-content\">\n\n\t\t<a data-image-id=\"29561\" role=\"button\" tabindex=\"0\" rel=\"jtg-16314\" data-caption=\"&lt;span class=&quot;modula-caption-description&quot;&gt;&lt;\/span&gt;\" aria-label=\"Open image in lightbox\" data-thumb=\"https:\/\/rau.de\/wp-content\/uploads\/Hohe-dunkle-Laermschutzwand-entlang-eines-schmalen-Pfads-im-Gruenen-150x150.jpg\" class=\"tile-inner modula-item-link\"><\/a><img loading=\"lazy\" decoding=\"async\" class=\"pic wp-image-29561\"  data-valign=\"middle\" data-halign=\"center\" alt=\"Hohe dunkle L\u00e4rmschutzwand entlang eines schmalen Pfades im Gr\u00fcnen\" data-full=\"https:\/\/rau.de\/wp-content\/uploads\/Hohe-dunkle-Laermschutzwand-entlang-eines-schmalen-Pfads-im-Gruenen.jpg\" title=\"Hohe-dunkle-Laermschutzwand-entlang-eines-schmalen-Pfads-im-Gruenen\" crop=\"\" width=\"1200\" height=\"1600\" src=\"https:\/\/rau.de\/wp-content\/uploads\/Hohe-dunkle-Laermschutzwand-entlang-eines-schmalen-Pfads-im-Gruenen.jpg\" data-src=\"https:\/\/rau.de\/wp-content\/uploads\/Hohe-dunkle-Laermschutzwand-entlang-eines-schmalen-Pfads-im-Gruenen.jpg\" data-caption=\"\" srcset=\"https:\/\/rau.de\/wp-content\/uploads\/Hohe-dunkle-Laermschutzwand-entlang-eines-schmalen-Pfads-im-Gruenen.jpg 1200w, https:\/\/rau.de\/wp-content\/uploads\/Hohe-dunkle-Laermschutzwand-entlang-eines-schmalen-Pfads-im-Gruenen-225x300.jpg 225w, https:\/\/rau.de\/wp-content\/uploads\/Hohe-dunkle-Laermschutzwand-entlang-eines-schmalen-Pfads-im-Gruenen-768x1024.jpg 768w\" sizes=\"auto, (max-width: 1200px) 100vw, 1200px\" \/>\n\t\t<div class=\"figc no-description\">\n\t\t\t<div class=\"figc-inner\">\n\t\t\t\t\t\t\t\t\t\t\t\t\t\t\t<\/div>\n\t\t<\/div>\n\n\t<\/div>\n\n<\/div><div class=\"modula-item effect-\" data-width=\"3\" data-height=\"3\" >\n\t<div class=\"modula-item-overlay\"><\/div>\n\n\t<div class=\"modula-item-content\">\n\n\t\t<a data-image-id=\"29548\" role=\"button\" tabindex=\"0\" rel=\"jtg-16314\" data-caption=\"&lt;span class=&quot;modula-caption-description&quot;&gt;&lt;\/span&gt;\" aria-label=\"Open image in lightbox\" data-thumb=\"https:\/\/rau.de\/wp-content\/uploads\/Grosse-Laermschutzwand-aus-Stahlgittern-umgibt-eine-Baustelle-150x150.jpg\" class=\"tile-inner modula-item-link\"><\/a><img loading=\"lazy\" decoding=\"async\" class=\"pic wp-image-29548\"  data-valign=\"middle\" data-halign=\"center\" alt=\"Gro\u00dfe L\u00e4rmschutzwand aus Stahlgittern umgibt eine Baustelle\" data-full=\"https:\/\/rau.de\/wp-content\/uploads\/Grosse-Laermschutzwand-aus-Stahlgittern-umgibt-eine-Baustelle.jpg\" title=\"Grosse-Laermschutzwand-aus-Stahlgittern-umgibt-eine-Baustelle\" crop=\"\" width=\"1600\" height=\"1200\" src=\"https:\/\/rau.de\/wp-content\/uploads\/Grosse-Laermschutzwand-aus-Stahlgittern-umgibt-eine-Baustelle.jpg\" data-src=\"https:\/\/rau.de\/wp-content\/uploads\/Grosse-Laermschutzwand-aus-Stahlgittern-umgibt-eine-Baustelle.jpg\" data-caption=\"\" srcset=\"https:\/\/rau.de\/wp-content\/uploads\/Grosse-Laermschutzwand-aus-Stahlgittern-umgibt-eine-Baustelle.jpg 1600w, https:\/\/rau.de\/wp-content\/uploads\/Grosse-Laermschutzwand-aus-Stahlgittern-umgibt-eine-Baustelle-300x225.jpg 300w, https:\/\/rau.de\/wp-content\/uploads\/Grosse-Laermschutzwand-aus-Stahlgittern-umgibt-eine-Baustelle-1024x768.jpg 1024w\" sizes=\"auto, (max-width: 1600px) 100vw, 1600px\" \/>\n\t\t<div class=\"figc no-description\">\n\t\t\t<div class=\"figc-inner\">\n\t\t\t\t\t\t\t\t\t\t\t\t\t\t\t<\/div>\n\t\t<\/div>\n\n\t<\/div>\n\n<\/div><div class=\"modula-item effect-\" data-width=\"3\" data-height=\"3\" >\n\t<div class=\"modula-item-overlay\"><\/div>\n\n\t<div class=\"modula-item-content\">\n\n\t\t<a data-image-id=\"29535\" role=\"button\" tabindex=\"0\" rel=\"jtg-16314\" data-caption=\"&lt;span class=&quot;modula-caption-description&quot;&gt;&lt;\/span&gt;\" aria-label=\"Open image in lightbox\" data-thumb=\"https:\/\/rau.de\/wp-content\/uploads\/Dunkle-Laermschutzwand-auf-einem-unbepflanzten-Gelaende-150x150.jpg\" class=\"tile-inner modula-item-link\"><\/a><img loading=\"lazy\" decoding=\"async\" class=\"pic wp-image-29535\"  data-valign=\"middle\" data-halign=\"center\" alt=\"Dunkle L\u00e4rmschutzwand auf einem unbepflanzten Gel\u00e4nde\" data-full=\"https:\/\/rau.de\/wp-content\/uploads\/Dunkle-Laermschutzwand-auf-einem-unbepflanzten-Gelaende.jpg\" title=\"Dunkle-Laermschutzwand-auf-einem-unbepflanzten-Gelaende\" crop=\"\" width=\"1024\" height=\"768\" src=\"https:\/\/rau.de\/wp-content\/uploads\/Dunkle-Laermschutzwand-auf-einem-unbepflanzten-Gelaende.jpg\" data-src=\"https:\/\/rau.de\/wp-content\/uploads\/Dunkle-Laermschutzwand-auf-einem-unbepflanzten-Gelaende.jpg\" data-caption=\"\" srcset=\"https:\/\/rau.de\/wp-content\/uploads\/Dunkle-Laermschutzwand-auf-einem-unbepflanzten-Gelaende.jpg 1024w, https:\/\/rau.de\/wp-content\/uploads\/Dunkle-Laermschutzwand-auf-einem-unbepflanzten-Gelaende-300x225.jpg 300w\" sizes=\"auto, (max-width: 1024px) 100vw, 1024px\" \/>\n\t\t<div class=\"figc no-description\">\n\t\t\t<div class=\"figc-inner\">\n\t\t\t\t\t\t\t\t\t\t\t\t\t\t\t<\/div>\n\t\t<\/div>\n\n\t<\/div>\n\n<\/div><div class=\"modula-item effect-\" data-width=\"3\" data-height=\"3\" >\n\t<div class=\"modula-item-overlay\"><\/div>\n\n\t<div class=\"modula-item-content\">\n\n\t\t<a data-image-id=\"29522\" role=\"button\" tabindex=\"0\" rel=\"jtg-16314\" data-caption=\"&lt;span class=&quot;modula-caption-description&quot;&gt;&lt;\/span&gt;\" aria-label=\"Open image in lightbox\" data-thumb=\"https:\/\/rau.de\/wp-content\/uploads\/Dicht-bewachsene-Laermschutzwand-mit-schmalem-Wanderpfad-150x150.jpg\" class=\"tile-inner modula-item-link\"><\/a><img loading=\"lazy\" decoding=\"async\" class=\"pic wp-image-29522\"  data-valign=\"middle\" data-halign=\"center\" alt=\"Dicht bewachsene L\u00e4rmschutzwand mit schmalem Wanderpfad\" data-full=\"https:\/\/rau.de\/wp-content\/uploads\/Dicht-bewachsene-Laermschutzwand-mit-schmalem-Wanderpfad.jpg\" title=\"Dicht-bewachsene-Laermschutzwand-mit-schmalem-Wanderpfad\" crop=\"\" width=\"1920\" height=\"1440\" src=\"https:\/\/rau.de\/wp-content\/uploads\/Dicht-bewachsene-Laermschutzwand-mit-schmalem-Wanderpfad.jpg\" data-src=\"https:\/\/rau.de\/wp-content\/uploads\/Dicht-bewachsene-Laermschutzwand-mit-schmalem-Wanderpfad.jpg\" data-caption=\"\" srcset=\"https:\/\/rau.de\/wp-content\/uploads\/Dicht-bewachsene-Laermschutzwand-mit-schmalem-Wanderpfad.jpg 1920w, https:\/\/rau.de\/wp-content\/uploads\/Dicht-bewachsene-Laermschutzwand-mit-schmalem-Wanderpfad-300x225.jpg 300w, https:\/\/rau.de\/wp-content\/uploads\/Dicht-bewachsene-Laermschutzwand-mit-schmalem-Wanderpfad-1024x768.jpg 1024w\" sizes=\"auto, (max-width: 1920px) 100vw, 1920px\" \/>\n\t\t<div class=\"figc no-description\">\n\t\t\t<div class=\"figc-inner\">\n\t\t\t\t\t\t\t\t\t\t\t\t\t\t\t<\/div>\n\t\t<\/div>\n\n\t<\/div>\n\n<\/div><div class=\"modula-item effect-\" data-width=\"3\" data-height=\"3\" >\n\t<div class=\"modula-item-overlay\"><\/div>\n\n\t<div class=\"modula-item-content\">\n\n\t\t<a data-image-id=\"28817\" role=\"button\" tabindex=\"0\" rel=\"jtg-16314\" data-caption=\"&lt;span class=&quot;modula-caption-description&quot;&gt;&lt;\/span&gt;\" aria-label=\"Open image in lightbox\" data-thumb=\"https:\/\/rau.de\/wp-content\/uploads\/Arbeit-an-einer-Laermschutzwand-entlang-einer-Bahnstrecke-150x150.jpg\" class=\"tile-inner modula-item-link\"><\/a><img loading=\"lazy\" decoding=\"async\" class=\"pic wp-image-28817\"  data-valign=\"middle\" data-halign=\"center\" alt=\"Bagger bei der Arbeit an einer L\u00e4rmschutzwand entlang einer Bahnstrecke bei Sonnenschein\" data-full=\"https:\/\/rau.de\/wp-content\/uploads\/Arbeit-an-einer-Laermschutzwand-entlang-einer-Bahnstrecke.jpg\" title=\"Arbeit-an-einer-Laermschutzwand-entlang-einer-Bahnstrecke\" crop=\"\" width=\"1024\" height=\"768\" src=\"https:\/\/rau.de\/wp-content\/uploads\/Arbeit-an-einer-Laermschutzwand-entlang-einer-Bahnstrecke.jpg\" data-src=\"https:\/\/rau.de\/wp-content\/uploads\/Arbeit-an-einer-Laermschutzwand-entlang-einer-Bahnstrecke.jpg\" data-caption=\"\" srcset=\"https:\/\/rau.de\/wp-content\/uploads\/Arbeit-an-einer-Laermschutzwand-entlang-einer-Bahnstrecke.jpg 1024w, https:\/\/rau.de\/wp-content\/uploads\/Arbeit-an-einer-Laermschutzwand-entlang-einer-Bahnstrecke-300x225.jpg 300w\" sizes=\"auto, (max-width: 1024px) 100vw, 1024px\" \/>\n\t\t<div class=\"figc no-description\">\n\t\t\t<div class=\"figc-inner\">\n\t\t\t\t\t\t\t\t\t\t\t\t\t\t\t<\/div>\n\t\t<\/div>\n\n\t<\/div>\n\n<\/div><div class=\"modula-item effect-\" data-width=\"3\" data-height=\"3\" >\n\t<div class=\"modula-item-overlay\"><\/div>\n\n\t<div class=\"modula-item-content\">\n\n\t\t<a data-image-id=\"28830\" role=\"button\" tabindex=\"0\" rel=\"jtg-16314\" data-caption=\"&lt;span class=&quot;modula-caption-description&quot;&gt;&lt;\/span&gt;\" aria-label=\"Open image in lightbox\" data-thumb=\"https:\/\/rau.de\/wp-content\/uploads\/Aufbau-einer-Laermschutzwand-150x150.jpg\" class=\"tile-inner modula-item-link\"><\/a><img loading=\"lazy\" decoding=\"async\" class=\"pic wp-image-28830\"  data-valign=\"middle\" data-halign=\"center\" alt=\"Aufbau einer L\u00e4rmschutzwand auf einer Baustelle mit einem kleinen und einem grossen Bagger\" data-full=\"https:\/\/rau.de\/wp-content\/uploads\/Aufbau-einer-Laermschutzwand.jpg\" title=\"Aufbau-einer-Laermschutzwand\" crop=\"\" width=\"1600\" height=\"900\" src=\"https:\/\/rau.de\/wp-content\/uploads\/Aufbau-einer-Laermschutzwand.jpg\" data-src=\"https:\/\/rau.de\/wp-content\/uploads\/Aufbau-einer-Laermschutzwand.jpg\" data-caption=\"\" srcset=\"https:\/\/rau.de\/wp-content\/uploads\/Aufbau-einer-Laermschutzwand.jpg 1600w, https:\/\/rau.de\/wp-content\/uploads\/Aufbau-einer-Laermschutzwand-300x169.jpg 300w, https:\/\/rau.de\/wp-content\/uploads\/Aufbau-einer-Laermschutzwand-1024x576.jpg 1024w\" sizes=\"auto, (max-width: 1600px) 100vw, 1600px\" \/>\n\t\t<div class=\"figc no-description\">\n\t\t\t<div class=\"figc-inner\">\n\t\t\t\t\t\t\t\t\t\t\t\t\t\t\t<\/div>\n\t\t<\/div>\n\n\t<\/div>\n\n<\/div><div class=\"modula-item effect-\" data-width=\"3\" data-height=\"3\" >\n\t<div class=\"modula-item-overlay\"><\/div>\n\n\t<div class=\"modula-item-content\">\n\n\t\t<a data-image-id=\"28843\" role=\"button\" tabindex=\"0\" rel=\"jtg-16314\" data-caption=\"&lt;span class=&quot;modula-caption-description&quot;&gt;&lt;\/span&gt;\" aria-label=\"Open image in lightbox\" data-thumb=\"https:\/\/rau.de\/wp-content\/uploads\/Bagger-arbeiten-neben-einer-begruenten-Laermschutzwand-150x150.jpg\" class=\"tile-inner modula-item-link\"><\/a><img loading=\"lazy\" decoding=\"async\" class=\"pic wp-image-28843\"  data-valign=\"middle\" data-halign=\"center\" alt=\"Bagger arbeiten neben einer begr\u00fcnten L\u00e4rmschutzwand entlang einer Landstrasse\" data-full=\"https:\/\/rau.de\/wp-content\/uploads\/Bagger-arbeiten-neben-einer-begruenten-Laermschutzwand.jpg\" title=\"Bagger-arbeiten-neben-einer-begruenten-Laermschutzwand\" crop=\"\" width=\"1600\" height=\"894\" src=\"https:\/\/rau.de\/wp-content\/uploads\/Bagger-arbeiten-neben-einer-begruenten-Laermschutzwand.jpg\" data-src=\"https:\/\/rau.de\/wp-content\/uploads\/Bagger-arbeiten-neben-einer-begruenten-Laermschutzwand.jpg\" data-caption=\"\" srcset=\"https:\/\/rau.de\/wp-content\/uploads\/Bagger-arbeiten-neben-einer-begruenten-Laermschutzwand.jpg 1600w, https:\/\/rau.de\/wp-content\/uploads\/Bagger-arbeiten-neben-einer-begruenten-Laermschutzwand-300x168.jpg 300w, https:\/\/rau.de\/wp-content\/uploads\/Bagger-arbeiten-neben-einer-begruenten-Laermschutzwand-1024x572.jpg 1024w\" sizes=\"auto, (max-width: 1600px) 100vw, 1600px\" \/>\n\t\t<div class=\"figc no-description\">\n\t\t\t<div class=\"figc-inner\">\n\t\t\t\t\t\t\t\t\t\t\t\t\t\t\t<\/div>\n\t\t<\/div>\n\n\t<\/div>\n\n<\/div><div class=\"modula-item effect-\" data-width=\"3\" data-height=\"3\" >\n\t<div class=\"modula-item-overlay\"><\/div>\n\n\t<div class=\"modula-item-content\">\n\n\t\t<a data-image-id=\"28856\" role=\"button\" tabindex=\"0\" rel=\"jtg-16314\" data-caption=\"&lt;span class=&quot;modula-caption-description&quot;&gt;&lt;\/span&gt;\" aria-label=\"Open image in lightbox\" data-thumb=\"https:\/\/rau.de\/wp-content\/uploads\/Bagger-arbeitet-vor-einer-Laermschutzwand-150x150.jpg\" class=\"tile-inner modula-item-link\"><\/a><img loading=\"lazy\" decoding=\"async\" class=\"pic wp-image-28856\"  data-valign=\"middle\" data-halign=\"center\" alt=\"Bagger arbeitet vor einer L\u00e4rmschutzwand auf einer frostigen Baustelle\" data-full=\"https:\/\/rau.de\/wp-content\/uploads\/Bagger-arbeitet-vor-einer-Laermschutzwand.jpg\" title=\"Bagger-arbeitet-vor-einer-Laermschutzwand\" crop=\"\" width=\"1600\" height=\"900\" src=\"https:\/\/rau.de\/wp-content\/uploads\/Bagger-arbeitet-vor-einer-Laermschutzwand.jpg\" data-src=\"https:\/\/rau.de\/wp-content\/uploads\/Bagger-arbeitet-vor-einer-Laermschutzwand.jpg\" data-caption=\"\" srcset=\"https:\/\/rau.de\/wp-content\/uploads\/Bagger-arbeitet-vor-einer-Laermschutzwand.jpg 1600w, https:\/\/rau.de\/wp-content\/uploads\/Bagger-arbeitet-vor-einer-Laermschutzwand-300x169.jpg 300w, https:\/\/rau.de\/wp-content\/uploads\/Bagger-arbeitet-vor-einer-Laermschutzwand-1024x576.jpg 1024w\" sizes=\"auto, (max-width: 1600px) 100vw, 1600px\" \/>\n\t\t<div class=\"figc no-description\">\n\t\t\t<div class=\"figc-inner\">\n\t\t\t\t\t\t\t\t\t\t\t\t\t\t\t<\/div>\n\t\t<\/div>\n\n\t<\/div>\n\n<\/div><div class=\"modula-item effect-\" data-width=\"3\" data-height=\"3\" >\n\t<div class=\"modula-item-overlay\"><\/div>\n\n\t<div class=\"modula-item-content\">\n\n\t\t<a data-image-id=\"28869\" role=\"button\" tabindex=\"0\" rel=\"jtg-16314\" data-caption=\"&lt;span class=&quot;modula-caption-description&quot;&gt;&lt;\/span&gt;\" aria-label=\"Open image in lightbox\" data-thumb=\"https:\/\/rau.de\/wp-content\/uploads\/Bagger-bei-der-Arbeit-an-einer-Laermschutzwand-150x150.jpg\" class=\"tile-inner modula-item-link\"><\/a><img loading=\"lazy\" decoding=\"async\" class=\"pic wp-image-28869\"  data-valign=\"middle\" data-halign=\"center\" alt=\"Bagger bei der Arbeit an einer L\u00e4rmschutzwand aus Drahtgitterk\u00f6rben auf einer Baustelle\" data-full=\"https:\/\/rau.de\/wp-content\/uploads\/Bagger-bei-der-Arbeit-an-einer-Laermschutzwand.jpg\" title=\"Bagger-bei-der-Arbeit-an-einer-Laermschutzwand\" crop=\"\" width=\"1920\" height=\"1440\" src=\"https:\/\/rau.de\/wp-content\/uploads\/Bagger-bei-der-Arbeit-an-einer-Laermschutzwand.jpg\" data-src=\"https:\/\/rau.de\/wp-content\/uploads\/Bagger-bei-der-Arbeit-an-einer-Laermschutzwand.jpg\" data-caption=\"\" srcset=\"https:\/\/rau.de\/wp-content\/uploads\/Bagger-bei-der-Arbeit-an-einer-Laermschutzwand.jpg 1920w, https:\/\/rau.de\/wp-content\/uploads\/Bagger-bei-der-Arbeit-an-einer-Laermschutzwand-300x225.jpg 300w, https:\/\/rau.de\/wp-content\/uploads\/Bagger-bei-der-Arbeit-an-einer-Laermschutzwand-1024x768.jpg 1024w\" sizes=\"auto, (max-width: 1920px) 100vw, 1920px\" \/>\n\t\t<div class=\"figc no-description\">\n\t\t\t<div class=\"figc-inner\">\n\t\t\t\t\t\t\t\t\t\t\t\t\t\t\t<\/div>\n\t\t<\/div>\n\n\t<\/div>\n\n<\/div><div class=\"modula-item effect-\" data-width=\"3\" data-height=\"3\" >\n\t<div class=\"modula-item-overlay\"><\/div>\n\n\t<div class=\"modula-item-content\">\n\n\t\t<a data-image-id=\"28882\" role=\"button\" tabindex=\"0\" rel=\"jtg-16314\" data-caption=\"&lt;span class=&quot;modula-caption-description&quot;&gt;&lt;\/span&gt;\" aria-label=\"Open image in lightbox\" data-thumb=\"https:\/\/rau.de\/wp-content\/uploads\/Bagger-beim-Bau-einer-Laermschutzwand-150x150.jpg\" class=\"tile-inner modula-item-link\"><\/a><img loading=\"lazy\" decoding=\"async\" class=\"pic wp-image-28882\"  data-valign=\"middle\" data-halign=\"center\" alt=\"Bagger auf einer Baustelle neben einer Strasse, beim Bau einer L\u00e4rmschutzwand\" data-full=\"https:\/\/rau.de\/wp-content\/uploads\/Bagger-beim-Bau-einer-Laermschutzwand.jpg\" title=\"Bagger-beim-Bau-einer-Laermschutzwand\" crop=\"\" width=\"1376\" height=\"774\" src=\"https:\/\/rau.de\/wp-content\/uploads\/Bagger-beim-Bau-einer-Laermschutzwand.jpg\" data-src=\"https:\/\/rau.de\/wp-content\/uploads\/Bagger-beim-Bau-einer-Laermschutzwand.jpg\" data-caption=\"\" srcset=\"https:\/\/rau.de\/wp-content\/uploads\/Bagger-beim-Bau-einer-Laermschutzwand.jpg 1376w, https:\/\/rau.de\/wp-content\/uploads\/Bagger-beim-Bau-einer-Laermschutzwand-300x169.jpg 300w, https:\/\/rau.de\/wp-content\/uploads\/Bagger-beim-Bau-einer-Laermschutzwand-1024x576.jpg 1024w\" sizes=\"auto, (max-width: 1376px) 100vw, 1376px\" \/>\n\t\t<div class=\"figc no-description\">\n\t\t\t<div class=\"figc-inner\">\n\t\t\t\t\t\t\t\t\t\t\t\t\t\t\t<\/div>\n\t\t<\/div>\n\n\t<\/div>\n\n<\/div><div class=\"modula-item effect-\" data-width=\"3\" data-height=\"3\" >\n\t<div class=\"modula-item-overlay\"><\/div>\n\n\t<div class=\"modula-item-content\">\n\n\t\t<a data-image-id=\"28895\" role=\"button\" tabindex=\"0\" rel=\"jtg-16314\" data-caption=\"&lt;span class=&quot;modula-caption-description&quot;&gt;&lt;\/span&gt;\" aria-label=\"Open image in lightbox\" data-thumb=\"https:\/\/rau.de\/wp-content\/uploads\/Begruente-Laermschutzwand-1-150x150.jpg\" class=\"tile-inner modula-item-link\"><\/a><img loading=\"lazy\" decoding=\"async\" class=\"pic wp-image-28895\"  data-valign=\"middle\" data-halign=\"center\" alt=\"Begr\u00fcnte L\u00e4rmschutzwand\" data-full=\"https:\/\/rau.de\/wp-content\/uploads\/Begruente-Laermschutzwand-1.jpg\" title=\"Begruente-Laermschutzwand-1\" crop=\"\" width=\"1044\" height=\"800\" src=\"https:\/\/rau.de\/wp-content\/uploads\/Begruente-Laermschutzwand-1.jpg\" data-src=\"https:\/\/rau.de\/wp-content\/uploads\/Begruente-Laermschutzwand-1.jpg\" data-caption=\"\" srcset=\"https:\/\/rau.de\/wp-content\/uploads\/Begruente-Laermschutzwand-1.jpg 1044w, https:\/\/rau.de\/wp-content\/uploads\/Begruente-Laermschutzwand-1-300x230.jpg 300w, https:\/\/rau.de\/wp-content\/uploads\/Begruente-Laermschutzwand-1-1024x785.jpg 1024w\" sizes=\"auto, (max-width: 1044px) 100vw, 1044px\" \/>\n\t\t<div class=\"figc no-description\">\n\t\t\t<div class=\"figc-inner\">\n\t\t\t\t\t\t\t\t\t\t\t\t\t\t\t<\/div>\n\t\t<\/div>\n\n\t<\/div>\n\n<\/div><div class=\"modula-item effect-\" data-width=\"3\" data-height=\"3\" >\n\t<div class=\"modula-item-overlay\"><\/div>\n\n\t<div class=\"modula-item-content\">\n\n\t\t<a data-image-id=\"28908\" role=\"button\" tabindex=\"0\" rel=\"jtg-16314\" data-caption=\"&lt;span class=&quot;modula-caption-description&quot;&gt;&lt;\/span&gt;\" aria-label=\"Open image in lightbox\" data-thumb=\"https:\/\/rau.de\/wp-content\/uploads\/Begruente-Laermschutzwand-entlang-einer-Bahnstrecke-150x150.jpg\" class=\"tile-inner modula-item-link\"><\/a><img loading=\"lazy\" decoding=\"async\" class=\"pic wp-image-28908\"  data-valign=\"middle\" data-halign=\"center\" alt=\"Begr\u00fcnte L\u00e4rmschutzwand entlang einer Bahnstrecke mit vorbeifahrendem G\u00fcterzug\" data-full=\"https:\/\/rau.de\/wp-content\/uploads\/Begruente-Laermschutzwand-entlang-einer-Bahnstrecke.jpg\" title=\"Begruente-Laermschutzwand-entlang-einer-Bahnstrecke\" crop=\"\" width=\"1600\" height=\"1067\" src=\"https:\/\/rau.de\/wp-content\/uploads\/Begruente-Laermschutzwand-entlang-einer-Bahnstrecke.jpg\" data-src=\"https:\/\/rau.de\/wp-content\/uploads\/Begruente-Laermschutzwand-entlang-einer-Bahnstrecke.jpg\" data-caption=\"\" srcset=\"https:\/\/rau.de\/wp-content\/uploads\/Begruente-Laermschutzwand-entlang-einer-Bahnstrecke.jpg 1600w, https:\/\/rau.de\/wp-content\/uploads\/Begruente-Laermschutzwand-entlang-einer-Bahnstrecke-300x200.jpg 300w, https:\/\/rau.de\/wp-content\/uploads\/Begruente-Laermschutzwand-entlang-einer-Bahnstrecke-1024x683.jpg 1024w\" sizes=\"auto, (max-width: 1600px) 100vw, 1600px\" \/>\n\t\t<div class=\"figc no-description\">\n\t\t\t<div class=\"figc-inner\">\n\t\t\t\t\t\t\t\t\t\t\t\t\t\t\t<\/div>\n\t\t<\/div>\n\n\t<\/div>\n\n<\/div><div class=\"modula-item effect-\" data-width=\"3\" data-height=\"3\" >\n\t<div class=\"modula-item-overlay\"><\/div>\n\n\t<div class=\"modula-item-content\">\n\n\t\t<a data-image-id=\"28921\" role=\"button\" tabindex=\"0\" rel=\"jtg-16314\" data-caption=\"&lt;span class=&quot;modula-caption-description&quot;&gt;&lt;\/span&gt;\" aria-label=\"Open image in lightbox\" data-thumb=\"https:\/\/rau.de\/wp-content\/uploads\/Begruente-Laermschutzwand-entlang-einer-kurvigen-Strasse-1-150x150.jpg\" class=\"tile-inner modula-item-link\"><\/a><img loading=\"lazy\" decoding=\"async\" class=\"pic wp-image-28921\"  data-valign=\"middle\" data-halign=\"center\" alt=\"Begr\u00fcnte Laermschutzwand entlang einer kurvigen Strasse und eines Gehwegs\" data-full=\"https:\/\/rau.de\/wp-content\/uploads\/Begruente-Laermschutzwand-entlang-einer-kurvigen-Strasse-1.jpg\" title=\"Begruente-Laermschutzwand-entlang-einer-kurvigen-Strasse-1\" crop=\"\" width=\"1920\" height=\"1080\" src=\"https:\/\/rau.de\/wp-content\/uploads\/Begruente-Laermschutzwand-entlang-einer-kurvigen-Strasse-1.jpg\" data-src=\"https:\/\/rau.de\/wp-content\/uploads\/Begruente-Laermschutzwand-entlang-einer-kurvigen-Strasse-1.jpg\" data-caption=\"\" srcset=\"https:\/\/rau.de\/wp-content\/uploads\/Begruente-Laermschutzwand-entlang-einer-kurvigen-Strasse-1.jpg 1920w, https:\/\/rau.de\/wp-content\/uploads\/Begruente-Laermschutzwand-entlang-einer-kurvigen-Strasse-1-300x169.jpg 300w, https:\/\/rau.de\/wp-content\/uploads\/Begruente-Laermschutzwand-entlang-einer-kurvigen-Strasse-1-1024x576.jpg 1024w\" sizes=\"auto, (max-width: 1920px) 100vw, 1920px\" \/>\n\t\t<div class=\"figc no-description\">\n\t\t\t<div class=\"figc-inner\">\n\t\t\t\t\t\t\t\t\t\t\t\t\t\t\t<\/div>\n\t\t<\/div>\n\n\t<\/div>\n\n<\/div><div class=\"modula-item effect-\" data-width=\"3\" data-height=\"3\" >\n\t<div class=\"modula-item-overlay\"><\/div>\n\n\t<div class=\"modula-item-content\">\n\n\t\t<a data-image-id=\"28934\" role=\"button\" tabindex=\"0\" rel=\"jtg-16314\" data-caption=\"&lt;span class=&quot;modula-caption-description&quot;&gt;&lt;\/span&gt;\" aria-label=\"Open image in lightbox\" data-thumb=\"https:\/\/rau.de\/wp-content\/uploads\/Begruente-Laermschutzwand-entlang-einer-Landstrasse-150x150.jpg\" class=\"tile-inner modula-item-link\"><\/a><img loading=\"lazy\" decoding=\"async\" class=\"pic wp-image-28934\"  data-valign=\"middle\" data-halign=\"center\" alt=\"Begr\u00fcnte L\u00e4rmschutzwand entlang einer Landstrasse bei nebligem Wetter\" data-full=\"https:\/\/rau.de\/wp-content\/uploads\/Begruente-Laermschutzwand-entlang-einer-Landstrasse.jpg\" title=\"Begruente-Laermschutzwand-entlang-einer-Landstrasse\" crop=\"\" width=\"1920\" height=\"1440\" src=\"https:\/\/rau.de\/wp-content\/uploads\/Begruente-Laermschutzwand-entlang-einer-Landstrasse.jpg\" data-src=\"https:\/\/rau.de\/wp-content\/uploads\/Begruente-Laermschutzwand-entlang-einer-Landstrasse.jpg\" data-caption=\"\" srcset=\"https:\/\/rau.de\/wp-content\/uploads\/Begruente-Laermschutzwand-entlang-einer-Landstrasse.jpg 1920w, https:\/\/rau.de\/wp-content\/uploads\/Begruente-Laermschutzwand-entlang-einer-Landstrasse-300x225.jpg 300w, https:\/\/rau.de\/wp-content\/uploads\/Begruente-Laermschutzwand-entlang-einer-Landstrasse-1024x768.jpg 1024w\" sizes=\"auto, (max-width: 1920px) 100vw, 1920px\" \/>\n\t\t<div class=\"figc no-description\">\n\t\t\t<div class=\"figc-inner\">\n\t\t\t\t\t\t\t\t\t\t\t\t\t\t\t<\/div>\n\t\t<\/div>\n\n\t<\/div>\n\n<\/div><div class=\"modula-item effect-\" data-width=\"3\" data-height=\"3\" >\n\t<div class=\"modula-item-overlay\"><\/div>\n\n\t<div class=\"modula-item-content\">\n\n\t\t<a data-image-id=\"28947\" role=\"button\" tabindex=\"0\" rel=\"jtg-16314\" data-caption=\"&lt;span class=&quot;modula-caption-description&quot;&gt;&lt;\/span&gt;\" aria-label=\"Open image in lightbox\" data-thumb=\"https:\/\/rau.de\/wp-content\/uploads\/Begruente-Laermschutzwand-in-einem-Wohngebiet-150x150.jpg\" class=\"tile-inner modula-item-link\"><\/a><img loading=\"lazy\" decoding=\"async\" class=\"pic wp-image-28947\"  data-valign=\"middle\" data-halign=\"center\" alt=\"Begr\u00fcnte L\u00e4rmschutzwand entlang einer Strasse in einem Wohngebiet mit Einfamilienh\u00e4usern\" data-full=\"https:\/\/rau.de\/wp-content\/uploads\/Begruente-Laermschutzwand-in-einem-Wohngebiet.jpg\" title=\"Begruente-Laermschutzwand-in-einem-Wohngebiet\" crop=\"\" width=\"1200\" height=\"800\" src=\"https:\/\/rau.de\/wp-content\/uploads\/Begruente-Laermschutzwand-in-einem-Wohngebiet.jpg\" data-src=\"https:\/\/rau.de\/wp-content\/uploads\/Begruente-Laermschutzwand-in-einem-Wohngebiet.jpg\" data-caption=\"\" srcset=\"https:\/\/rau.de\/wp-content\/uploads\/Begruente-Laermschutzwand-in-einem-Wohngebiet.jpg 1200w, https:\/\/rau.de\/wp-content\/uploads\/Begruente-Laermschutzwand-in-einem-Wohngebiet-300x200.jpg 300w, https:\/\/rau.de\/wp-content\/uploads\/Begruente-Laermschutzwand-in-einem-Wohngebiet-1024x683.jpg 1024w\" sizes=\"auto, (max-width: 1200px) 100vw, 1200px\" \/>\n\t\t<div class=\"figc no-description\">\n\t\t\t<div class=\"figc-inner\">\n\t\t\t\t\t\t\t\t\t\t\t\t\t\t\t<\/div>\n\t\t<\/div>\n\n\t<\/div>\n\n<\/div><div class=\"modula-item effect-\" data-width=\"3\" data-height=\"3\" >\n\t<div class=\"modula-item-overlay\"><\/div>\n\n\t<div class=\"modula-item-content\">\n\n\t\t<a data-image-id=\"28960\" role=\"button\" tabindex=\"0\" rel=\"jtg-16314\" data-caption=\"&lt;span class=&quot;modula-caption-description&quot;&gt;&lt;\/span&gt;\" aria-label=\"Open image in lightbox\" data-thumb=\"https:\/\/rau.de\/wp-content\/uploads\/Begruente-Laermschutzwand-mit-Kletterpflanzen-150x150.jpg\" class=\"tile-inner modula-item-link\"><\/a><img loading=\"lazy\" decoding=\"async\" class=\"pic wp-image-28960\"  data-valign=\"middle\" data-halign=\"center\" alt=\"Begr\u00fcnte L\u00e4rmschutzwand mit Kletterpflanzen entlang eines gepflasterten Gehwegs\" data-full=\"https:\/\/rau.de\/wp-content\/uploads\/Begruente-Laermschutzwand-mit-Kletterpflanzen.jpg\" title=\"Begruente-Laermschutzwand-mit-Kletterpflanzen\" crop=\"\" width=\"1409\" height=\"956\" src=\"https:\/\/rau.de\/wp-content\/uploads\/Begruente-Laermschutzwand-mit-Kletterpflanzen.jpg\" data-src=\"https:\/\/rau.de\/wp-content\/uploads\/Begruente-Laermschutzwand-mit-Kletterpflanzen.jpg\" data-caption=\"\" srcset=\"https:\/\/rau.de\/wp-content\/uploads\/Begruente-Laermschutzwand-mit-Kletterpflanzen.jpg 1409w, https:\/\/rau.de\/wp-content\/uploads\/Begruente-Laermschutzwand-mit-Kletterpflanzen-300x204.jpg 300w, https:\/\/rau.de\/wp-content\/uploads\/Begruente-Laermschutzwand-mit-Kletterpflanzen-1024x695.jpg 1024w\" sizes=\"auto, (max-width: 1409px) 100vw, 1409px\" \/>\n\t\t<div class=\"figc no-description\">\n\t\t\t<div class=\"figc-inner\">\n\t\t\t\t\t\t\t\t\t\t\t\t\t\t\t<\/div>\n\t\t<\/div>\n\n\t<\/div>\n\n<\/div><div class=\"modula-item effect-\" data-width=\"3\" data-height=\"3\" >\n\t<div class=\"modula-item-overlay\"><\/div>\n\n\t<div class=\"modula-item-content\">\n\n\t\t<a data-image-id=\"28973\" role=\"button\" tabindex=\"0\" rel=\"jtg-16314\" data-caption=\"&lt;span class=&quot;modula-caption-description&quot;&gt;&lt;\/span&gt;\" aria-label=\"Open image in lightbox\" data-thumb=\"https:\/\/rau.de\/wp-content\/uploads\/Dicke-begruente-Laermschutzwand-auf-einer-Baustelle-150x150.jpg\" class=\"tile-inner modula-item-link\"><\/a><img loading=\"lazy\" decoding=\"async\" class=\"pic wp-image-28973\"  data-valign=\"middle\" data-halign=\"center\" alt=\"Dicke begr\u00fcnte L\u00e4rmschutzwand auf einer Baustelle\" data-full=\"https:\/\/rau.de\/wp-content\/uploads\/Dicke-begruente-Laermschutzwand-auf-einer-Baustelle.jpg\" title=\"Dicke-begruente-Laermschutzwand-auf-einer-Baustelle\" crop=\"\" width=\"1920\" height=\"1200\" src=\"https:\/\/rau.de\/wp-content\/uploads\/Dicke-begruente-Laermschutzwand-auf-einer-Baustelle.jpg\" data-src=\"https:\/\/rau.de\/wp-content\/uploads\/Dicke-begruente-Laermschutzwand-auf-einer-Baustelle.jpg\" data-caption=\"\" srcset=\"https:\/\/rau.de\/wp-content\/uploads\/Dicke-begruente-Laermschutzwand-auf-einer-Baustelle.jpg 1920w, https:\/\/rau.de\/wp-content\/uploads\/Dicke-begruente-Laermschutzwand-auf-einer-Baustelle-300x188.jpg 300w, https:\/\/rau.de\/wp-content\/uploads\/Dicke-begruente-Laermschutzwand-auf-einer-Baustelle-1024x640.jpg 1024w\" sizes=\"auto, (max-width: 1920px) 100vw, 1920px\" \/>\n\t\t<div class=\"figc no-description\">\n\t\t\t<div class=\"figc-inner\">\n\t\t\t\t\t\t\t\t\t\t\t\t\t\t\t<\/div>\n\t\t<\/div>\n\n\t<\/div>\n\n<\/div><div class=\"modula-item effect-\" data-width=\"3\" data-height=\"3\" >\n\t<div class=\"modula-item-overlay\"><\/div>\n\n\t<div class=\"modula-item-content\">\n\n\t\t<a data-image-id=\"28986\" role=\"button\" tabindex=\"0\" rel=\"jtg-16314\" data-caption=\"&lt;span class=&quot;modula-caption-description&quot;&gt;&lt;\/span&gt;\" aria-label=\"Open image in lightbox\" data-thumb=\"https:\/\/rau.de\/wp-content\/uploads\/Geschwungene-Laermschutzwand-in-einem-Wohngebiet-150x150.jpg\" class=\"tile-inner modula-item-link\"><\/a><img loading=\"lazy\" decoding=\"async\" class=\"pic wp-image-28986\"  data-valign=\"middle\" data-halign=\"center\" alt=\"Geschwungene L\u00e4rmschutzwand entlang einer Strasse in einem Wohngebiet\" data-full=\"https:\/\/rau.de\/wp-content\/uploads\/Geschwungene-Laermschutzwand-in-einem-Wohngebiet.jpg\" title=\"Geschwungene-Laermschutzwand-in-einem-Wohngebiet\" crop=\"\" width=\"1200\" height=\"800\" src=\"https:\/\/rau.de\/wp-content\/uploads\/Geschwungene-Laermschutzwand-in-einem-Wohngebiet.jpg\" data-src=\"https:\/\/rau.de\/wp-content\/uploads\/Geschwungene-Laermschutzwand-in-einem-Wohngebiet.jpg\" data-caption=\"\" srcset=\"https:\/\/rau.de\/wp-content\/uploads\/Geschwungene-Laermschutzwand-in-einem-Wohngebiet.jpg 1200w, https:\/\/rau.de\/wp-content\/uploads\/Geschwungene-Laermschutzwand-in-einem-Wohngebiet-300x200.jpg 300w, https:\/\/rau.de\/wp-content\/uploads\/Geschwungene-Laermschutzwand-in-einem-Wohngebiet-1024x683.jpg 1024w\" sizes=\"auto, (max-width: 1200px) 100vw, 1200px\" \/>\n\t\t<div class=\"figc no-description\">\n\t\t\t<div class=\"figc-inner\">\n\t\t\t\t\t\t\t\t\t\t\t\t\t\t\t<\/div>\n\t\t<\/div>\n\n\t<\/div>\n\n<\/div><div class=\"modula-item effect-\" data-width=\"3\" data-height=\"3\" >\n\t<div class=\"modula-item-overlay\"><\/div>\n\n\t<div class=\"modula-item-content\">\n\n\t\t<a data-image-id=\"28999\" role=\"button\" tabindex=\"0\" rel=\"jtg-16314\" data-caption=\"&lt;span class=&quot;modula-caption-description&quot;&gt;&lt;\/span&gt;\" aria-label=\"Open image in lightbox\" data-thumb=\"https:\/\/rau.de\/wp-content\/uploads\/Geschwungene-Laermschutzwand-in-einem-Wohngebiet-1-150x150.jpg\" class=\"tile-inner modula-item-link\"><\/a><img loading=\"lazy\" decoding=\"async\" class=\"pic wp-image-28999\"  data-valign=\"middle\" data-halign=\"center\" alt=\"Geschwungene L\u00e4rmschutzwand entlang einer Stra\u00dfe in einem Wohngebiet\" data-full=\"https:\/\/rau.de\/wp-content\/uploads\/Geschwungene-Laermschutzwand-in-einem-Wohngebiet-1.jpg\" title=\"Geschwungene-Laermschutzwand-in-einem-Wohngebiet-1\" crop=\"\" width=\"1200\" height=\"800\" src=\"https:\/\/rau.de\/wp-content\/uploads\/Geschwungene-Laermschutzwand-in-einem-Wohngebiet-1.jpg\" data-src=\"https:\/\/rau.de\/wp-content\/uploads\/Geschwungene-Laermschutzwand-in-einem-Wohngebiet-1.jpg\" data-caption=\"\" srcset=\"https:\/\/rau.de\/wp-content\/uploads\/Geschwungene-Laermschutzwand-in-einem-Wohngebiet-1.jpg 1200w, https:\/\/rau.de\/wp-content\/uploads\/Geschwungene-Laermschutzwand-in-einem-Wohngebiet-1-300x200.jpg 300w, https:\/\/rau.de\/wp-content\/uploads\/Geschwungene-Laermschutzwand-in-einem-Wohngebiet-1-1024x683.jpg 1024w\" sizes=\"auto, (max-width: 1200px) 100vw, 1200px\" \/>\n\t\t<div class=\"figc no-description\">\n\t\t\t<div class=\"figc-inner\">\n\t\t\t\t\t\t\t\t\t\t\t\t\t\t\t<\/div>\n\t\t<\/div>\n\n\t<\/div>\n\n<\/div><div class=\"modula-item effect-\" data-width=\"3\" data-height=\"3\" >\n\t<div class=\"modula-item-overlay\"><\/div>\n\n\t<div class=\"modula-item-content\">\n\n\t\t<a data-image-id=\"29012\" role=\"button\" tabindex=\"0\" rel=\"jtg-16314\" data-caption=\"&lt;span class=&quot;modula-caption-description&quot;&gt;&lt;\/span&gt;\" aria-label=\"Open image in lightbox\" data-thumb=\"https:\/\/rau.de\/wp-content\/uploads\/Laermschutzwand-auf-einem-Erdwall-150x150.jpg\" class=\"tile-inner modula-item-link\"><\/a><img loading=\"lazy\" decoding=\"async\" class=\"pic wp-image-29012\"  data-valign=\"middle\" data-halign=\"center\" alt=\"L\u00e4rmschutzwand auf einem Erdwall, umgeben von Gr\u00fcnfl\u00e4chen und einem Baustellenfahrzeug\" data-full=\"https:\/\/rau.de\/wp-content\/uploads\/Laermschutzwand-auf-einem-Erdwall.jpg\" title=\"Laermschutzwand-auf-einem-Erdwall\" crop=\"\" width=\"1600\" height=\"1200\" src=\"https:\/\/rau.de\/wp-content\/uploads\/Laermschutzwand-auf-einem-Erdwall.jpg\" data-src=\"https:\/\/rau.de\/wp-content\/uploads\/Laermschutzwand-auf-einem-Erdwall.jpg\" data-caption=\"\" srcset=\"https:\/\/rau.de\/wp-content\/uploads\/Laermschutzwand-auf-einem-Erdwall.jpg 1600w, https:\/\/rau.de\/wp-content\/uploads\/Laermschutzwand-auf-einem-Erdwall-300x225.jpg 300w, https:\/\/rau.de\/wp-content\/uploads\/Laermschutzwand-auf-einem-Erdwall-1024x768.jpg 1024w\" sizes=\"auto, (max-width: 1600px) 100vw, 1600px\" \/>\n\t\t<div class=\"figc no-description\">\n\t\t\t<div class=\"figc-inner\">\n\t\t\t\t\t\t\t\t\t\t\t\t\t\t\t<\/div>\n\t\t<\/div>\n\n\t<\/div>\n\n<\/div><div class=\"modula-item effect-\" data-width=\"3\" data-height=\"3\" >\n\t<div class=\"modula-item-overlay\"><\/div>\n\n\t<div class=\"modula-item-content\">\n\n\t\t<a data-image-id=\"29025\" role=\"button\" tabindex=\"0\" rel=\"jtg-16314\" data-caption=\"&lt;span class=&quot;modula-caption-description&quot;&gt;&lt;\/span&gt;\" aria-label=\"Open image in lightbox\" data-thumb=\"https:\/\/rau.de\/wp-content\/uploads\/Laermschutzwand-auf-einem-kleinen-Hang-150x150.jpg\" class=\"tile-inner modula-item-link\"><\/a><img loading=\"lazy\" decoding=\"async\" class=\"pic wp-image-29025\"  data-valign=\"middle\" data-halign=\"center\" alt=\"L\u00e4rmschutzwand auf einem kleinen Hang, mit grossen Steinen gest\u00fctzt\" data-full=\"https:\/\/rau.de\/wp-content\/uploads\/Laermschutzwand-auf-einem-kleinen-Hang.jpg\" title=\"Laermschutzwand-auf-einem-kleinen-Hang\" crop=\"\" width=\"1920\" height=\"1080\" src=\"https:\/\/rau.de\/wp-content\/uploads\/Laermschutzwand-auf-einem-kleinen-Hang.jpg\" data-src=\"https:\/\/rau.de\/wp-content\/uploads\/Laermschutzwand-auf-einem-kleinen-Hang.jpg\" data-caption=\"\" srcset=\"https:\/\/rau.de\/wp-content\/uploads\/Laermschutzwand-auf-einem-kleinen-Hang.jpg 1920w, https:\/\/rau.de\/wp-content\/uploads\/Laermschutzwand-auf-einem-kleinen-Hang-300x169.jpg 300w, https:\/\/rau.de\/wp-content\/uploads\/Laermschutzwand-auf-einem-kleinen-Hang-1024x576.jpg 1024w\" sizes=\"auto, (max-width: 1920px) 100vw, 1920px\" \/>\n\t\t<div class=\"figc no-description\">\n\t\t\t<div class=\"figc-inner\">\n\t\t\t\t\t\t\t\t\t\t\t\t\t\t\t<\/div>\n\t\t<\/div>\n\n\t<\/div>\n\n<\/div><div class=\"modula-item effect-\" data-width=\"3\" data-height=\"3\" >\n\t<div class=\"modula-item-overlay\"><\/div>\n\n\t<div class=\"modula-item-content\">\n\n\t\t<a data-image-id=\"29038\" role=\"button\" tabindex=\"0\" rel=\"jtg-16314\" data-caption=\"&lt;span class=&quot;modula-caption-description&quot;&gt;&lt;\/span&gt;\" aria-label=\"Open image in lightbox\" data-thumb=\"https:\/\/rau.de\/wp-content\/uploads\/Laermschutzwand-auf-einer-Baustelle-150x150.jpg\" class=\"tile-inner modula-item-link\"><\/a><img loading=\"lazy\" decoding=\"async\" class=\"pic wp-image-29038\"  data-valign=\"middle\" data-halign=\"center\" alt=\"L\u00e4rmschutzwand auf einer Baustelle mit einem Baustellenfahrzeug im Vordergrund\" data-full=\"https:\/\/rau.de\/wp-content\/uploads\/Laermschutzwand-auf-einer-Baustelle.jpg\" title=\"Laermschutzwand-auf-einer-Baustelle\" crop=\"\" width=\"1600\" height=\"1200\" src=\"https:\/\/rau.de\/wp-content\/uploads\/Laermschutzwand-auf-einer-Baustelle.jpg\" data-src=\"https:\/\/rau.de\/wp-content\/uploads\/Laermschutzwand-auf-einer-Baustelle.jpg\" data-caption=\"\" srcset=\"https:\/\/rau.de\/wp-content\/uploads\/Laermschutzwand-auf-einer-Baustelle.jpg 1600w, https:\/\/rau.de\/wp-content\/uploads\/Laermschutzwand-auf-einer-Baustelle-300x225.jpg 300w, https:\/\/rau.de\/wp-content\/uploads\/Laermschutzwand-auf-einer-Baustelle-1024x768.jpg 1024w\" sizes=\"auto, (max-width: 1600px) 100vw, 1600px\" \/>\n\t\t<div class=\"figc no-description\">\n\t\t\t<div class=\"figc-inner\">\n\t\t\t\t\t\t\t\t\t\t\t\t\t\t\t<\/div>\n\t\t<\/div>\n\n\t<\/div>\n\n<\/div><div class=\"modula-item effect-\" data-width=\"3\" data-height=\"3\" >\n\t<div class=\"modula-item-overlay\"><\/div>\n\n\t<div class=\"modula-item-content\">\n\n\t\t<a data-image-id=\"29051\" role=\"button\" tabindex=\"0\" rel=\"jtg-16314\" data-caption=\"&lt;span class=&quot;modula-caption-description&quot;&gt;&lt;\/span&gt;\" aria-label=\"Open image in lightbox\" data-thumb=\"https:\/\/rau.de\/wp-content\/uploads\/Laermschutzwand-entlang-einer-Bahnstrecke-150x150.jpg\" class=\"tile-inner modula-item-link\"><\/a><img loading=\"lazy\" decoding=\"async\" class=\"pic wp-image-29051\"  data-valign=\"middle\" data-halign=\"center\" alt=\"Begr\u00fcnte L\u00e4rmschutzwand entlang einer Bahnstrecke im Wald\" data-full=\"https:\/\/rau.de\/wp-content\/uploads\/Laermschutzwand-entlang-einer-Bahnstrecke.jpg\" title=\"Laermschutzwand-entlang-einer-Bahnstrecke\" crop=\"\" width=\"1700\" height=\"956\" src=\"https:\/\/rau.de\/wp-content\/uploads\/Laermschutzwand-entlang-einer-Bahnstrecke.jpg\" data-src=\"https:\/\/rau.de\/wp-content\/uploads\/Laermschutzwand-entlang-einer-Bahnstrecke.jpg\" data-caption=\"\" srcset=\"https:\/\/rau.de\/wp-content\/uploads\/Laermschutzwand-entlang-einer-Bahnstrecke.jpg 1700w, https:\/\/rau.de\/wp-content\/uploads\/Laermschutzwand-entlang-einer-Bahnstrecke-300x169.jpg 300w, https:\/\/rau.de\/wp-content\/uploads\/Laermschutzwand-entlang-einer-Bahnstrecke-1024x576.jpg 1024w\" sizes=\"auto, (max-width: 1700px) 100vw, 1700px\" \/>\n\t\t<div class=\"figc no-description\">\n\t\t\t<div class=\"figc-inner\">\n\t\t\t\t\t\t\t\t\t\t\t\t\t\t\t<\/div>\n\t\t<\/div>\n\n\t<\/div>\n\n<\/div><div class=\"modula-item effect-\" data-width=\"3\" data-height=\"3\" >\n\t<div class=\"modula-item-overlay\"><\/div>\n\n\t<div class=\"modula-item-content\">\n\n\t\t<a data-image-id=\"29064\" role=\"button\" tabindex=\"0\" rel=\"jtg-16314\" data-caption=\"&lt;span class=&quot;modula-caption-description&quot;&gt;&lt;\/span&gt;\" aria-label=\"Open image in lightbox\" data-thumb=\"https:\/\/rau.de\/wp-content\/uploads\/Laermschutzwand-entlang-einer-kurvigen-Strasse-150x150.jpg\" class=\"tile-inner modula-item-link\"><\/a><img loading=\"lazy\" decoding=\"async\" class=\"pic wp-image-29064\"  data-valign=\"middle\" data-halign=\"center\" alt=\"L\u00e4rmschutzwand entlang einer kurvigen Strasse\" data-full=\"https:\/\/rau.de\/wp-content\/uploads\/Laermschutzwand-entlang-einer-kurvigen-Strasse.jpg\" title=\"Laermschutzwand-entlang-einer-kurvigen-Strasse\" crop=\"\" width=\"1920\" height=\"1440\" src=\"https:\/\/rau.de\/wp-content\/uploads\/Laermschutzwand-entlang-einer-kurvigen-Strasse.jpg\" data-src=\"https:\/\/rau.de\/wp-content\/uploads\/Laermschutzwand-entlang-einer-kurvigen-Strasse.jpg\" data-caption=\"\" srcset=\"https:\/\/rau.de\/wp-content\/uploads\/Laermschutzwand-entlang-einer-kurvigen-Strasse.jpg 1920w, https:\/\/rau.de\/wp-content\/uploads\/Laermschutzwand-entlang-einer-kurvigen-Strasse-300x225.jpg 300w, https:\/\/rau.de\/wp-content\/uploads\/Laermschutzwand-entlang-einer-kurvigen-Strasse-1024x768.jpg 1024w\" sizes=\"auto, (max-width: 1920px) 100vw, 1920px\" \/>\n\t\t<div class=\"figc no-description\">\n\t\t\t<div class=\"figc-inner\">\n\t\t\t\t\t\t\t\t\t\t\t\t\t\t\t<\/div>\n\t\t<\/div>\n\n\t<\/div>\n\n<\/div><div class=\"modula-item effect-\" data-width=\"3\" data-height=\"3\" >\n\t<div class=\"modula-item-overlay\"><\/div>\n\n\t<div class=\"modula-item-content\">\n\n\t\t<a data-image-id=\"29077\" role=\"button\" tabindex=\"0\" rel=\"jtg-16314\" data-caption=\"&lt;span class=&quot;modula-caption-description&quot;&gt;&lt;\/span&gt;\" aria-label=\"Open image in lightbox\" data-thumb=\"https:\/\/rau.de\/wp-content\/uploads\/Laermschutzwand-entlang-einer-mehrspurigen-Strasse-150x150.jpg\" class=\"tile-inner modula-item-link\"><\/a><img loading=\"lazy\" decoding=\"async\" class=\"pic wp-image-29077\"  data-valign=\"middle\" data-halign=\"center\" alt=\"Begr\u00fcnte L\u00e4rmschutzwand entlang einer mehrspurigen Strasse, umgeben von B\u00e4umen\" data-full=\"https:\/\/rau.de\/wp-content\/uploads\/Laermschutzwand-entlang-einer-mehrspurigen-Strasse.jpg\" title=\"Laermschutzwand-entlang-einer-mehrspurigen-Strasse\" crop=\"\" width=\"1024\" height=\"534\" src=\"https:\/\/rau.de\/wp-content\/uploads\/Laermschutzwand-entlang-einer-mehrspurigen-Strasse.jpg\" data-src=\"https:\/\/rau.de\/wp-content\/uploads\/Laermschutzwand-entlang-einer-mehrspurigen-Strasse.jpg\" data-caption=\"\" srcset=\"https:\/\/rau.de\/wp-content\/uploads\/Laermschutzwand-entlang-einer-mehrspurigen-Strasse.jpg 1024w, https:\/\/rau.de\/wp-content\/uploads\/Laermschutzwand-entlang-einer-mehrspurigen-Strasse-300x156.jpg 300w\" sizes=\"auto, (max-width: 1024px) 100vw, 1024px\" \/>\n\t\t<div class=\"figc no-description\">\n\t\t\t<div class=\"figc-inner\">\n\t\t\t\t\t\t\t\t\t\t\t\t\t\t\t<\/div>\n\t\t<\/div>\n\n\t<\/div>\n\n<\/div><div class=\"modula-item effect-\" data-width=\"3\" data-height=\"3\" >\n\t<div class=\"modula-item-overlay\"><\/div>\n\n\t<div class=\"modula-item-content\">\n\n\t\t<a data-image-id=\"29090\" role=\"button\" tabindex=\"0\" rel=\"jtg-16314\" data-caption=\"&lt;span class=&quot;modula-caption-description&quot;&gt;&lt;\/span&gt;\" aria-label=\"Open image in lightbox\" data-thumb=\"https:\/\/rau.de\/wp-content\/uploads\/Laermschutzwand-entlang-einer-Strasse-und-Baustelle-150x150.jpg\" class=\"tile-inner modula-item-link\"><\/a><img loading=\"lazy\" decoding=\"async\" class=\"pic wp-image-29090\"  data-valign=\"middle\" data-halign=\"center\" alt=\"Kurvige L\u00e4rmschutzwand entlang einer Strasse und Baustelle in einer l\u00e4ndlichen Gegend\" data-full=\"https:\/\/rau.de\/wp-content\/uploads\/Laermschutzwand-entlang-einer-Strasse-und-Baustelle.jpg\" title=\"Laermschutzwand-entlang-einer-Strasse-und-Baustelle\" crop=\"\" width=\"1600\" height=\"900\" src=\"https:\/\/rau.de\/wp-content\/uploads\/Laermschutzwand-entlang-einer-Strasse-und-Baustelle.jpg\" data-src=\"https:\/\/rau.de\/wp-content\/uploads\/Laermschutzwand-entlang-einer-Strasse-und-Baustelle.jpg\" data-caption=\"\" srcset=\"https:\/\/rau.de\/wp-content\/uploads\/Laermschutzwand-entlang-einer-Strasse-und-Baustelle.jpg 1600w, https:\/\/rau.de\/wp-content\/uploads\/Laermschutzwand-entlang-einer-Strasse-und-Baustelle-300x169.jpg 300w, https:\/\/rau.de\/wp-content\/uploads\/Laermschutzwand-entlang-einer-Strasse-und-Baustelle-1024x576.jpg 1024w\" sizes=\"auto, (max-width: 1600px) 100vw, 1600px\" \/>\n\t\t<div class=\"figc no-description\">\n\t\t\t<div class=\"figc-inner\">\n\t\t\t\t\t\t\t\t\t\t\t\t\t\t\t<\/div>\n\t\t<\/div>\n\n\t<\/div>\n\n<\/div><div class=\"modula-item effect-\" data-width=\"3\" data-height=\"3\" >\n\t<div class=\"modula-item-overlay\"><\/div>\n\n\t<div class=\"modula-item-content\">\n\n\t\t<a data-image-id=\"29103\" role=\"button\" tabindex=\"0\" rel=\"jtg-16314\" data-caption=\"&lt;span class=&quot;modula-caption-description&quot;&gt;&lt;\/span&gt;\" aria-label=\"Open image in lightbox\" data-thumb=\"https:\/\/rau.de\/wp-content\/uploads\/Laermschutzwand-entlang-einer-unbefestigten-Baustelle-150x150.jpg\" class=\"tile-inner modula-item-link\"><\/a><img loading=\"lazy\" decoding=\"async\" class=\"pic wp-image-29103\"  data-valign=\"middle\" data-halign=\"center\" alt=\"L\u00e4rmschutzwand entlang einer unbefestigten Baustelle\" data-full=\"https:\/\/rau.de\/wp-content\/uploads\/Laermschutzwand-entlang-einer-unbefestigten-Baustelle.jpg\" title=\"Laermschutzwand-entlang-einer-unbefestigten-Baustelle\" crop=\"\" width=\"1024\" height=\"683\" src=\"https:\/\/rau.de\/wp-content\/uploads\/Laermschutzwand-entlang-einer-unbefestigten-Baustelle.jpg\" data-src=\"https:\/\/rau.de\/wp-content\/uploads\/Laermschutzwand-entlang-einer-unbefestigten-Baustelle.jpg\" data-caption=\"\" srcset=\"https:\/\/rau.de\/wp-content\/uploads\/Laermschutzwand-entlang-einer-unbefestigten-Baustelle.jpg 1024w, https:\/\/rau.de\/wp-content\/uploads\/Laermschutzwand-entlang-einer-unbefestigten-Baustelle-300x200.jpg 300w\" sizes=\"auto, (max-width: 1024px) 100vw, 1024px\" \/>\n\t\t<div class=\"figc no-description\">\n\t\t\t<div class=\"figc-inner\">\n\t\t\t\t\t\t\t\t\t\t\t\t\t\t\t<\/div>\n\t\t<\/div>\n\n\t<\/div>\n\n<\/div><div class=\"modula-item effect-\" data-width=\"3\" data-height=\"3\" >\n\t<div class=\"modula-item-overlay\"><\/div>\n\n\t<div class=\"modula-item-content\">\n\n\t\t<a data-image-id=\"29116\" role=\"button\" tabindex=\"0\" rel=\"jtg-16314\" data-caption=\"&lt;span class=&quot;modula-caption-description&quot;&gt;&lt;\/span&gt;\" aria-label=\"Open image in lightbox\" data-thumb=\"https:\/\/rau.de\/wp-content\/uploads\/Laermschutzwand-entlang-eines-unbefestigten-Pfades-150x150.jpg\" class=\"tile-inner modula-item-link\"><\/a><img loading=\"lazy\" decoding=\"async\" class=\"pic wp-image-29116\"  data-valign=\"middle\" data-halign=\"center\" alt=\"L\u00e4rmschutzwand entlang eines schmalen, unbefestigten Pfades und Str\u00e4uchern\" data-full=\"https:\/\/rau.de\/wp-content\/uploads\/Laermschutzwand-entlang-eines-unbefestigten-Pfades.jpg\" title=\"Laermschutzwand-entlang-eines-unbefestigten-Pfades\" crop=\"\" width=\"780\" height=\"1040\" src=\"https:\/\/rau.de\/wp-content\/uploads\/Laermschutzwand-entlang-eines-unbefestigten-Pfades.jpg\" data-src=\"https:\/\/rau.de\/wp-content\/uploads\/Laermschutzwand-entlang-eines-unbefestigten-Pfades.jpg\" data-caption=\"\" srcset=\"https:\/\/rau.de\/wp-content\/uploads\/Laermschutzwand-entlang-eines-unbefestigten-Pfades.jpg 780w, https:\/\/rau.de\/wp-content\/uploads\/Laermschutzwand-entlang-eines-unbefestigten-Pfades-225x300.jpg 225w, https:\/\/rau.de\/wp-content\/uploads\/Laermschutzwand-entlang-eines-unbefestigten-Pfades-768x1024.jpg 768w\" sizes=\"auto, (max-width: 780px) 100vw, 780px\" \/>\n\t\t<div class=\"figc no-description\">\n\t\t\t<div class=\"figc-inner\">\n\t\t\t\t\t\t\t\t\t\t\t\t\t\t\t<\/div>\n\t\t<\/div>\n\n\t<\/div>\n\n<\/div><div class=\"modula-item effect-\" data-width=\"3\" data-height=\"3\" >\n\t<div class=\"modula-item-overlay\"><\/div>\n\n\t<div class=\"modula-item-content\">\n\n\t\t<a data-image-id=\"29129\" role=\"button\" tabindex=\"0\" rel=\"jtg-16314\" data-caption=\"&lt;span class=&quot;modula-caption-description&quot;&gt;&lt;\/span&gt;\" aria-label=\"Open image in lightbox\" data-thumb=\"https:\/\/rau.de\/wp-content\/uploads\/Laermschutzwand-entlang-von-Eisenbahngleisen-150x150.jpg\" class=\"tile-inner modula-item-link\"><\/a><img loading=\"lazy\" decoding=\"async\" class=\"pic wp-image-29129\"  data-valign=\"middle\" data-halign=\"center\" alt=\"L\u00e4rmschutzwand entlang von Eisenbahngleisen und einer Baustelle\" data-full=\"https:\/\/rau.de\/wp-content\/uploads\/Laermschutzwand-entlang-von-Eisenbahngleisen.jpg\" title=\"Laermschutzwand-entlang-von-Eisenbahngleisen\" crop=\"\" width=\"1600\" height=\"900\" src=\"https:\/\/rau.de\/wp-content\/uploads\/Laermschutzwand-entlang-von-Eisenbahngleisen.jpg\" data-src=\"https:\/\/rau.de\/wp-content\/uploads\/Laermschutzwand-entlang-von-Eisenbahngleisen.jpg\" data-caption=\"\" srcset=\"https:\/\/rau.de\/wp-content\/uploads\/Laermschutzwand-entlang-von-Eisenbahngleisen.jpg 1600w, https:\/\/rau.de\/wp-content\/uploads\/Laermschutzwand-entlang-von-Eisenbahngleisen-300x169.jpg 300w, https:\/\/rau.de\/wp-content\/uploads\/Laermschutzwand-entlang-von-Eisenbahngleisen-1024x576.jpg 1024w\" sizes=\"auto, (max-width: 1600px) 100vw, 1600px\" \/>\n\t\t<div class=\"figc no-description\">\n\t\t\t<div class=\"figc-inner\">\n\t\t\t\t\t\t\t\t\t\t\t\t\t\t\t<\/div>\n\t\t<\/div>\n\n\t<\/div>\n\n<\/div><div class=\"modula-item effect-\" data-width=\"3\" data-height=\"3\" >\n\t<div class=\"modula-item-overlay\"><\/div>\n\n\t<div class=\"modula-item-content\">\n\n\t\t<a data-image-id=\"29142\" role=\"button\" tabindex=\"0\" rel=\"jtg-16314\" data-caption=\"&lt;span class=&quot;modula-caption-description&quot;&gt;&lt;\/span&gt;\" aria-label=\"Open image in lightbox\" data-thumb=\"https:\/\/rau.de\/wp-content\/uploads\/Laermschutzwand-entlang-von-Eisenbahnschienen-150x150.jpg\" class=\"tile-inner modula-item-link\"><\/a><img loading=\"lazy\" decoding=\"async\" class=\"pic wp-image-29142\"  data-valign=\"middle\" data-halign=\"center\" alt=\"L\u00e4rmschutzwand entlang von Eisenbahnschienen und beginnender Vegetation\" data-full=\"https:\/\/rau.de\/wp-content\/uploads\/Laermschutzwand-entlang-von-Eisenbahnschienen.jpg\" title=\"Laermschutzwand-entlang-von-Eisenbahnschienen\" crop=\"\" width=\"1600\" height=\"900\" src=\"https:\/\/rau.de\/wp-content\/uploads\/Laermschutzwand-entlang-von-Eisenbahnschienen.jpg\" data-src=\"https:\/\/rau.de\/wp-content\/uploads\/Laermschutzwand-entlang-von-Eisenbahnschienen.jpg\" data-caption=\"\" srcset=\"https:\/\/rau.de\/wp-content\/uploads\/Laermschutzwand-entlang-von-Eisenbahnschienen.jpg 1600w, https:\/\/rau.de\/wp-content\/uploads\/Laermschutzwand-entlang-von-Eisenbahnschienen-300x169.jpg 300w, https:\/\/rau.de\/wp-content\/uploads\/Laermschutzwand-entlang-von-Eisenbahnschienen-1024x576.jpg 1024w\" sizes=\"auto, (max-width: 1600px) 100vw, 1600px\" \/>\n\t\t<div class=\"figc no-description\">\n\t\t\t<div class=\"figc-inner\">\n\t\t\t\t\t\t\t\t\t\t\t\t\t\t\t<\/div>\n\t\t<\/div>\n\n\t<\/div>\n\n<\/div><div class=\"modula-item effect-\" data-width=\"3\" data-height=\"3\" >\n\t<div class=\"modula-item-overlay\"><\/div>\n\n\t<div class=\"modula-item-content\">\n\n\t\t<a data-image-id=\"29155\" role=\"button\" tabindex=\"0\" rel=\"jtg-16314\" data-caption=\"&lt;span class=&quot;modula-caption-description&quot;&gt;&lt;\/span&gt;\" aria-label=\"Open image in lightbox\" data-thumb=\"https:\/\/rau.de\/wp-content\/uploads\/Laermschutzwand-im-Winter-150x150.jpg\" class=\"tile-inner modula-item-link\"><\/a><img loading=\"lazy\" decoding=\"async\" class=\"pic wp-image-29155\"  data-valign=\"middle\" data-halign=\"center\" alt=\"L\u00e4rmschutzwand im Winter, neben schneebedeckten Bahngleisen, mit einem Firmenschild von RAU\" data-full=\"https:\/\/rau.de\/wp-content\/uploads\/Laermschutzwand-im-Winter.jpg\" title=\"Laermschutzwand-im-Winter\" crop=\"\" width=\"1920\" height=\"1440\" src=\"https:\/\/rau.de\/wp-content\/uploads\/Laermschutzwand-im-Winter.jpg\" data-src=\"https:\/\/rau.de\/wp-content\/uploads\/Laermschutzwand-im-Winter.jpg\" data-caption=\"\" srcset=\"https:\/\/rau.de\/wp-content\/uploads\/Laermschutzwand-im-Winter.jpg 1920w, https:\/\/rau.de\/wp-content\/uploads\/Laermschutzwand-im-Winter-300x225.jpg 300w, https:\/\/rau.de\/wp-content\/uploads\/Laermschutzwand-im-Winter-1024x768.jpg 1024w\" sizes=\"auto, (max-width: 1920px) 100vw, 1920px\" \/>\n\t\t<div class=\"figc no-description\">\n\t\t\t<div class=\"figc-inner\">\n\t\t\t\t\t\t\t\t\t\t\t\t\t\t\t<\/div>\n\t\t<\/div>\n\n\t<\/div>\n\n<\/div><div class=\"modula-item effect-\" data-width=\"3\" data-height=\"3\" >\n\t<div class=\"modula-item-overlay\"><\/div>\n\n\t<div class=\"modula-item-content\">\n\n\t\t<a data-image-id=\"29168\" role=\"button\" tabindex=\"0\" rel=\"jtg-16314\" data-caption=\"&lt;span class=&quot;modula-caption-description&quot;&gt;&lt;\/span&gt;\" aria-label=\"Open image in lightbox\" data-thumb=\"https:\/\/rau.de\/wp-content\/uploads\/Laermschutzwand-mit-beginnender-Vegetation-150x150.jpg\" class=\"tile-inner modula-item-link\"><\/a><img loading=\"lazy\" decoding=\"async\" class=\"pic wp-image-29168\"  data-valign=\"middle\" data-halign=\"center\" alt=\"L\u00e4rmschutzwand mit beginnender Vegetation mit Drahtgitterelementen entlang einer unbefestigten Fl\u00e4che\" data-full=\"https:\/\/rau.de\/wp-content\/uploads\/Laermschutzwand-mit-beginnender-Vegetation.jpg\" title=\"Laermschutzwand-mit-beginnender-Vegetation\" crop=\"\" width=\"1200\" height=\"800\" src=\"https:\/\/rau.de\/wp-content\/uploads\/Laermschutzwand-mit-beginnender-Vegetation.jpg\" data-src=\"https:\/\/rau.de\/wp-content\/uploads\/Laermschutzwand-mit-beginnender-Vegetation.jpg\" data-caption=\"\" srcset=\"https:\/\/rau.de\/wp-content\/uploads\/Laermschutzwand-mit-beginnender-Vegetation.jpg 1200w, https:\/\/rau.de\/wp-content\/uploads\/Laermschutzwand-mit-beginnender-Vegetation-300x200.jpg 300w, https:\/\/rau.de\/wp-content\/uploads\/Laermschutzwand-mit-beginnender-Vegetation-1024x683.jpg 1024w\" sizes=\"auto, (max-width: 1200px) 100vw, 1200px\" \/>\n\t\t<div class=\"figc no-description\">\n\t\t\t<div class=\"figc-inner\">\n\t\t\t\t\t\t\t\t\t\t\t\t\t\t\t<\/div>\n\t\t<\/div>\n\n\t<\/div>\n\n<\/div><div class=\"modula-item effect-\" data-width=\"3\" data-height=\"3\" >\n\t<div class=\"modula-item-overlay\"><\/div>\n\n\t<div class=\"modula-item-content\">\n\n\t\t<a data-image-id=\"29181\" role=\"button\" tabindex=\"0\" rel=\"jtg-16314\" data-caption=\"&lt;span class=&quot;modula-caption-description&quot;&gt;&lt;\/span&gt;\" aria-label=\"Open image in lightbox\" data-thumb=\"https:\/\/rau.de\/wp-content\/uploads\/Laermschutzwand-mit-dichtem-Pflanzenbewuchs-150x150.jpg\" class=\"tile-inner modula-item-link\"><\/a><img loading=\"lazy\" decoding=\"async\" class=\"pic wp-image-29181\"  data-valign=\"middle\" data-halign=\"center\" alt=\"Begr\u00fcnte L\u00e4rmschutzwand mit dichtem Pflanzenbewuchs entlang einer Wiese und B\u00e4umen\" data-full=\"https:\/\/rau.de\/wp-content\/uploads\/Laermschutzwand-mit-dichtem-Pflanzenbewuchs.jpg\" title=\"Laermschutzwand-mit-dichtem-Pflanzenbewuchs\" crop=\"\" width=\"1920\" height=\"1280\" src=\"https:\/\/rau.de\/wp-content\/uploads\/Laermschutzwand-mit-dichtem-Pflanzenbewuchs.jpg\" data-src=\"https:\/\/rau.de\/wp-content\/uploads\/Laermschutzwand-mit-dichtem-Pflanzenbewuchs.jpg\" data-caption=\"\" srcset=\"https:\/\/rau.de\/wp-content\/uploads\/Laermschutzwand-mit-dichtem-Pflanzenbewuchs.jpg 1920w, https:\/\/rau.de\/wp-content\/uploads\/Laermschutzwand-mit-dichtem-Pflanzenbewuchs-300x200.jpg 300w, https:\/\/rau.de\/wp-content\/uploads\/Laermschutzwand-mit-dichtem-Pflanzenbewuchs-1024x683.jpg 1024w\" sizes=\"auto, (max-width: 1920px) 100vw, 1920px\" \/>\n\t\t<div class=\"figc no-description\">\n\t\t\t<div class=\"figc-inner\">\n\t\t\t\t\t\t\t\t\t\t\t\t\t\t\t<\/div>\n\t\t<\/div>\n\n\t<\/div>\n\n<\/div><div class=\"modula-item effect-\" data-width=\"3\" data-height=\"3\" >\n\t<div class=\"modula-item-overlay\"><\/div>\n\n\t<div class=\"modula-item-content\">\n\n\t\t<a data-image-id=\"29194\" role=\"button\" tabindex=\"0\" rel=\"jtg-16314\" data-caption=\"&lt;span class=&quot;modula-caption-description&quot;&gt;&lt;\/span&gt;\" aria-label=\"Open image in lightbox\" data-thumb=\"https:\/\/rau.de\/wp-content\/uploads\/Laermschutzwand-mit-Firmenschild-von-RAU-150x150.jpg\" class=\"tile-inner modula-item-link\"><\/a><img loading=\"lazy\" decoding=\"async\" class=\"pic wp-image-29194\"  data-valign=\"middle\" data-halign=\"center\" alt=\"Leicht begr\u00fcnte L\u00e4rmschutzwand entlang einer unbefestigten Fl\u00e4che mit Firmenschild von RAU\" data-full=\"https:\/\/rau.de\/wp-content\/uploads\/Laermschutzwand-mit-Firmenschild-von-RAU.jpg\" title=\"Laermschutzwand-mit-Firmenschild-von-RAU\" crop=\"\" width=\"1200\" height=\"800\" src=\"https:\/\/rau.de\/wp-content\/uploads\/Laermschutzwand-mit-Firmenschild-von-RAU.jpg\" data-src=\"https:\/\/rau.de\/wp-content\/uploads\/Laermschutzwand-mit-Firmenschild-von-RAU.jpg\" data-caption=\"\" srcset=\"https:\/\/rau.de\/wp-content\/uploads\/Laermschutzwand-mit-Firmenschild-von-RAU.jpg 1200w, https:\/\/rau.de\/wp-content\/uploads\/Laermschutzwand-mit-Firmenschild-von-RAU-300x200.jpg 300w, https:\/\/rau.de\/wp-content\/uploads\/Laermschutzwand-mit-Firmenschild-von-RAU-1024x683.jpg 1024w\" sizes=\"auto, (max-width: 1200px) 100vw, 1200px\" \/>\n\t\t<div class=\"figc no-description\">\n\t\t\t<div class=\"figc-inner\">\n\t\t\t\t\t\t\t\t\t\t\t\t\t\t\t<\/div>\n\t\t<\/div>\n\n\t<\/div>\n\n<\/div><div class=\"modula-item effect-\" data-width=\"3\" data-height=\"3\" >\n\t<div class=\"modula-item-overlay\"><\/div>\n\n\t<div class=\"modula-item-content\">\n\n\t\t<a data-image-id=\"29207\" role=\"button\" tabindex=\"0\" rel=\"jtg-16314\" data-caption=\"&lt;span class=&quot;modula-caption-description&quot;&gt;&lt;\/span&gt;\" aria-label=\"Open image in lightbox\" data-thumb=\"https:\/\/rau.de\/wp-content\/uploads\/Laermschutzwand-mit-Firmenschild-von-RAU-1-150x150.jpg\" class=\"tile-inner modula-item-link\"><\/a><img loading=\"lazy\" decoding=\"async\" class=\"pic wp-image-29207\"  data-valign=\"middle\" data-halign=\"center\" alt=\"Leicht begr\u00fcnte L\u00e4rmschutzwand entlang einer unbefestigten Fl\u00e4che mit Firmenschild von RAU\" data-full=\"https:\/\/rau.de\/wp-content\/uploads\/Laermschutzwand-mit-Firmenschild-von-RAU-1.jpg\" title=\"Laermschutzwand-mit-Firmenschild-von-RAU-1\" crop=\"\" width=\"1200\" height=\"800\" src=\"https:\/\/rau.de\/wp-content\/uploads\/Laermschutzwand-mit-Firmenschild-von-RAU-1.jpg\" data-src=\"https:\/\/rau.de\/wp-content\/uploads\/Laermschutzwand-mit-Firmenschild-von-RAU-1.jpg\" data-caption=\"\" srcset=\"https:\/\/rau.de\/wp-content\/uploads\/Laermschutzwand-mit-Firmenschild-von-RAU-1.jpg 1200w, https:\/\/rau.de\/wp-content\/uploads\/Laermschutzwand-mit-Firmenschild-von-RAU-1-300x200.jpg 300w, https:\/\/rau.de\/wp-content\/uploads\/Laermschutzwand-mit-Firmenschild-von-RAU-1-1024x683.jpg 1024w\" sizes=\"auto, (max-width: 1200px) 100vw, 1200px\" \/>\n\t\t<div class=\"figc no-description\">\n\t\t\t<div class=\"figc-inner\">\n\t\t\t\t\t\t\t\t\t\t\t\t\t\t\t<\/div>\n\t\t<\/div>\n\n\t<\/div>\n\n<\/div><div class=\"modula-item effect-\" data-width=\"3\" data-height=\"3\" >\n\t<div class=\"modula-item-overlay\"><\/div>\n\n\t<div class=\"modula-item-content\">\n\n\t\t<a data-image-id=\"29220\" role=\"button\" tabindex=\"0\" rel=\"jtg-16314\" data-caption=\"&lt;span class=&quot;modula-caption-description&quot;&gt;&lt;\/span&gt;\" aria-label=\"Open image in lightbox\" data-thumb=\"https:\/\/rau.de\/wp-content\/uploads\/Laermschutzwand-mit-neu-gepflanzten-Baeumen-150x150.jpg\" class=\"tile-inner modula-item-link\"><\/a><img loading=\"lazy\" decoding=\"async\" class=\"pic wp-image-29220\"  data-valign=\"middle\" data-halign=\"center\" alt=\"Leicht begr\u00fcnte L\u00e4rmschutzwand entlang einer unbefestigten Fl\u00e4che mit Firmenschild von RAU\" data-full=\"https:\/\/rau.de\/wp-content\/uploads\/Laermschutzwand-mit-neu-gepflanzten-Baeumen.jpg\" title=\"Laermschutzwand-mit-neu-gepflanzten-Baeumen\" crop=\"\" width=\"1920\" height=\"1080\" src=\"https:\/\/rau.de\/wp-content\/uploads\/Laermschutzwand-mit-neu-gepflanzten-Baeumen.jpg\" data-src=\"https:\/\/rau.de\/wp-content\/uploads\/Laermschutzwand-mit-neu-gepflanzten-Baeumen.jpg\" data-caption=\"\" srcset=\"https:\/\/rau.de\/wp-content\/uploads\/Laermschutzwand-mit-neu-gepflanzten-Baeumen.jpg 1920w, https:\/\/rau.de\/wp-content\/uploads\/Laermschutzwand-mit-neu-gepflanzten-Baeumen-300x169.jpg 300w, https:\/\/rau.de\/wp-content\/uploads\/Laermschutzwand-mit-neu-gepflanzten-Baeumen-1024x576.jpg 1024w\" sizes=\"auto, (max-width: 1920px) 100vw, 1920px\" \/>\n\t\t<div class=\"figc no-description\">\n\t\t\t<div class=\"figc-inner\">\n\t\t\t\t\t\t\t\t\t\t\t\t\t\t\t<\/div>\n\t\t<\/div>\n\n\t<\/div>\n\n<\/div><div class=\"modula-item effect-\" data-width=\"3\" data-height=\"3\" >\n\t<div class=\"modula-item-overlay\"><\/div>\n\n\t<div class=\"modula-item-content\">\n\n\t\t<a data-image-id=\"29233\" role=\"button\" tabindex=\"0\" rel=\"jtg-16314\" data-caption=\"&lt;span class=&quot;modula-caption-description&quot;&gt;&lt;\/span&gt;\" aria-label=\"Open image in lightbox\" data-thumb=\"https:\/\/rau.de\/wp-content\/uploads\/Laermschutzwand-neben-Eisenbahnschienen-150x150.jpg\" class=\"tile-inner modula-item-link\"><\/a><img loading=\"lazy\" decoding=\"async\" class=\"pic wp-image-29233\"  data-valign=\"middle\" data-halign=\"center\" alt=\"L\u00e4rmschutzwand mit Drahtgitterelementen neben Eisenbahnschienen und einigen B\u00e4umen\" data-full=\"https:\/\/rau.de\/wp-content\/uploads\/Laermschutzwand-neben-Eisenbahnschienen.jpg\" title=\"Laermschutzwand-neben-Eisenbahnschienen\" crop=\"\" width=\"1920\" height=\"1440\" src=\"https:\/\/rau.de\/wp-content\/uploads\/Laermschutzwand-neben-Eisenbahnschienen.jpg\" data-src=\"https:\/\/rau.de\/wp-content\/uploads\/Laermschutzwand-neben-Eisenbahnschienen.jpg\" data-caption=\"\" srcset=\"https:\/\/rau.de\/wp-content\/uploads\/Laermschutzwand-neben-Eisenbahnschienen.jpg 1920w, https:\/\/rau.de\/wp-content\/uploads\/Laermschutzwand-neben-Eisenbahnschienen-300x225.jpg 300w, https:\/\/rau.de\/wp-content\/uploads\/Laermschutzwand-neben-Eisenbahnschienen-1024x768.jpg 1024w\" sizes=\"auto, (max-width: 1920px) 100vw, 1920px\" \/>\n\t\t<div class=\"figc no-description\">\n\t\t\t<div class=\"figc-inner\">\n\t\t\t\t\t\t\t\t\t\t\t\t\t\t\t<\/div>\n\t\t<\/div>\n\n\t<\/div>\n\n<\/div><div class=\"modula-item effect-\" data-width=\"3\" data-height=\"3\" >\n\t<div class=\"modula-item-overlay\"><\/div>\n\n\t<div class=\"modula-item-content\">\n\n\t\t<a data-image-id=\"29246\" role=\"button\" tabindex=\"0\" rel=\"jtg-16314\" data-caption=\"&lt;span class=&quot;modula-caption-description&quot;&gt;&lt;\/span&gt;\" aria-label=\"Open image in lightbox\" data-thumb=\"https:\/\/rau.de\/wp-content\/uploads\/Laermschutzwand-neben-unbefestigtem-Gelaende-150x150.jpg\" class=\"tile-inner modula-item-link\"><\/a><img loading=\"lazy\" decoding=\"async\" class=\"pic wp-image-29246\"  data-valign=\"middle\" data-halign=\"center\" alt=\"Begr\u00fcnte, trapezf\u00f6rmige L\u00e4rmschutzwand neben unbefestigtem Gel\u00e4nde und B\u00e4umen\" data-full=\"https:\/\/rau.de\/wp-content\/uploads\/Laermschutzwand-neben-unbefestigtem-Gelaende.jpg\" title=\"Laermschutzwand-neben-unbefestigtem-Gelaende\" crop=\"\" width=\"900\" height=\"1200\" src=\"https:\/\/rau.de\/wp-content\/uploads\/Laermschutzwand-neben-unbefestigtem-Gelaende.jpg\" data-src=\"https:\/\/rau.de\/wp-content\/uploads\/Laermschutzwand-neben-unbefestigtem-Gelaende.jpg\" data-caption=\"\" srcset=\"https:\/\/rau.de\/wp-content\/uploads\/Laermschutzwand-neben-unbefestigtem-Gelaende.jpg 900w, https:\/\/rau.de\/wp-content\/uploads\/Laermschutzwand-neben-unbefestigtem-Gelaende-225x300.jpg 225w, https:\/\/rau.de\/wp-content\/uploads\/Laermschutzwand-neben-unbefestigtem-Gelaende-768x1024.jpg 768w\" sizes=\"auto, (max-width: 900px) 100vw, 900px\" \/>\n\t\t<div class=\"figc no-description\">\n\t\t\t<div class=\"figc-inner\">\n\t\t\t\t\t\t\t\t\t\t\t\t\t\t\t<\/div>\n\t\t<\/div>\n\n\t<\/div>\n\n<\/div><div class=\"modula-item effect-\" data-width=\"3\" data-height=\"3\" >\n\t<div class=\"modula-item-overlay\"><\/div>\n\n\t<div class=\"modula-item-content\">\n\n\t\t<a data-image-id=\"29259\" role=\"button\" tabindex=\"0\" rel=\"jtg-16314\" data-caption=\"&lt;span class=&quot;modula-caption-description&quot;&gt;&lt;\/span&gt;\" aria-label=\"Open image in lightbox\" data-thumb=\"https:\/\/rau.de\/wp-content\/uploads\/Stark-bepflanzte-Laermschutzwand-150x150.jpg\" class=\"tile-inner modula-item-link\"><\/a><img loading=\"lazy\" decoding=\"async\" class=\"pic wp-image-29259\"  data-valign=\"middle\" data-halign=\"center\" alt=\"Stark bepflanzte L\u00e4rmschutzwand entlang einer nassen Strasse in einem Wohngebiet, mit herbstlichem Laub\" data-full=\"https:\/\/rau.de\/wp-content\/uploads\/Stark-bepflanzte-Laermschutzwand.jpg\" title=\"Stark-bepflanzte-Laermschutzwand\" crop=\"\" width=\"1600\" height=\"1200\" src=\"https:\/\/rau.de\/wp-content\/uploads\/Stark-bepflanzte-Laermschutzwand.jpg\" data-src=\"https:\/\/rau.de\/wp-content\/uploads\/Stark-bepflanzte-Laermschutzwand.jpg\" data-caption=\"\" srcset=\"https:\/\/rau.de\/wp-content\/uploads\/Stark-bepflanzte-Laermschutzwand.jpg 1600w, https:\/\/rau.de\/wp-content\/uploads\/Stark-bepflanzte-Laermschutzwand-300x225.jpg 300w, https:\/\/rau.de\/wp-content\/uploads\/Stark-bepflanzte-Laermschutzwand-1024x768.jpg 1024w\" sizes=\"auto, (max-width: 1600px) 100vw, 1600px\" \/>\n\t\t<div class=\"figc no-description\">\n\t\t\t<div class=\"figc-inner\">\n\t\t\t\t\t\t\t\t\t\t\t\t\t\t\t<\/div>\n\t\t<\/div>\n\n\t<\/div>\n\n<\/div><div class=\"modula-item effect-\" data-width=\"3\" data-height=\"3\" >\n\t<div class=\"modula-item-overlay\"><\/div>\n\n\t<div class=\"modula-item-content\">\n\n\t\t<a data-image-id=\"29272\" role=\"button\" tabindex=\"0\" rel=\"jtg-16314\" data-caption=\"&lt;span class=&quot;modula-caption-description&quot;&gt;&lt;\/span&gt;\" aria-label=\"Open image in lightbox\" data-thumb=\"https:\/\/rau.de\/wp-content\/uploads\/Trapezfoermige-Laermschutzwand-150x150.jpg\" class=\"tile-inner modula-item-link\"><\/a><img loading=\"lazy\" decoding=\"async\" class=\"pic wp-image-29272\"  data-valign=\"middle\" data-halign=\"center\" alt=\"Trapezf\u00f6rmige L\u00e4rmschutzwand neben einem Kaufland-Geb\u00e4ude\" data-full=\"https:\/\/rau.de\/wp-content\/uploads\/Trapezfoermige-Laermschutzwand.jpg\" title=\"Trapezfoermige-Laermschutzwand\" crop=\"\" width=\"1200\" height=\"1600\" src=\"https:\/\/rau.de\/wp-content\/uploads\/Trapezfoermige-Laermschutzwand.jpg\" data-src=\"https:\/\/rau.de\/wp-content\/uploads\/Trapezfoermige-Laermschutzwand.jpg\" data-caption=\"\" srcset=\"https:\/\/rau.de\/wp-content\/uploads\/Trapezfoermige-Laermschutzwand.jpg 1200w, https:\/\/rau.de\/wp-content\/uploads\/Trapezfoermige-Laermschutzwand-225x300.jpg 225w, https:\/\/rau.de\/wp-content\/uploads\/Trapezfoermige-Laermschutzwand-768x1024.jpg 768w\" sizes=\"auto, (max-width: 1200px) 100vw, 1200px\" \/>\n\t\t<div class=\"figc no-description\">\n\t\t\t<div class=\"figc-inner\">\n\t\t\t\t\t\t\t\t\t\t\t\t\t\t\t<\/div>\n\t\t<\/div>\n\n\t<\/div>\n\n<\/div><div class=\"modula-item effect-\" data-width=\"3\" data-height=\"3\" >\n\t<div class=\"modula-item-overlay\"><\/div>\n\n\t<div class=\"modula-item-content\">\n\n\t\t<a data-image-id=\"28543\" role=\"button\" tabindex=\"0\" rel=\"jtg-16314\" data-caption=\"&lt;span class=&quot;modula-caption-description&quot;&gt;&lt;\/span&gt;\" aria-label=\"Open image in lightbox\" data-thumb=\"https:\/\/rau.de\/wp-content\/uploads\/Luftaufnahme-einer-grossen-Laermschutzwand-auf-freiem-Feld-150x150.jpg\" class=\"tile-inner modula-item-link\"><\/a><img loading=\"lazy\" decoding=\"async\" class=\"pic wp-image-28543\"  data-valign=\"middle\" data-halign=\"center\" alt=\"Luftaufnahme einer grossen L\u00e4rmschutzwand auf freiem Feld, nahe einer Wohnsiedlung\" data-full=\"https:\/\/rau.de\/wp-content\/uploads\/Luftaufnahme-einer-grossen-Laermschutzwand-auf-freiem-Feld.jpg\" title=\"Luftaufnahme-einer-grossen-Laermschutzwand-auf-freiem-Feld\" crop=\"\" width=\"1920\" height=\"1079\" src=\"https:\/\/rau.de\/wp-content\/uploads\/Luftaufnahme-einer-grossen-Laermschutzwand-auf-freiem-Feld.jpg\" data-src=\"https:\/\/rau.de\/wp-content\/uploads\/Luftaufnahme-einer-grossen-Laermschutzwand-auf-freiem-Feld.jpg\" data-caption=\"\" srcset=\"https:\/\/rau.de\/wp-content\/uploads\/Luftaufnahme-einer-grossen-Laermschutzwand-auf-freiem-Feld.jpg 1920w, https:\/\/rau.de\/wp-content\/uploads\/Luftaufnahme-einer-grossen-Laermschutzwand-auf-freiem-Feld-300x169.jpg 300w, https:\/\/rau.de\/wp-content\/uploads\/Luftaufnahme-einer-grossen-Laermschutzwand-auf-freiem-Feld-1024x575.jpg 1024w\" sizes=\"auto, (max-width: 1920px) 100vw, 1920px\" \/>\n\t\t<div class=\"figc no-description\">\n\t\t\t<div class=\"figc-inner\">\n\t\t\t\t\t\t\t\t\t\t\t\t\t\t\t<\/div>\n\t\t<\/div>\n\n\t<\/div>\n\n<\/div><div class=\"modula-item effect-\" data-width=\"3\" data-height=\"3\" >\n\t<div class=\"modula-item-overlay\"><\/div>\n\n\t<div class=\"modula-item-content\">\n\n\t\t<a data-image-id=\"28166\" role=\"button\" tabindex=\"0\" rel=\"jtg-16314\" data-caption=\"&lt;span class=&quot;modula-caption-description&quot;&gt;&lt;\/span&gt;\" aria-label=\"Open image in lightbox\" data-thumb=\"https:\/\/rau.de\/wp-content\/uploads\/Begruente-Laermschutzwand-entlang-einer-Strasse-in-Wohngebiet-150x150.jpg\" class=\"tile-inner modula-item-link\"><\/a><img loading=\"lazy\" decoding=\"async\" class=\"pic wp-image-28166\"  data-valign=\"middle\" data-halign=\"center\" alt=\"Begr\u00fcnte L\u00e4rmschutzwand entlang einer Strasse, angrenzend an Wohnh\u00e4user in Eppertshausen\" data-full=\"https:\/\/rau.de\/wp-content\/uploads\/Begruente-Laermschutzwand-entlang-einer-Strasse-in-Wohngebiet.jpg\" title=\"Begruente-Laermschutzwand-entlang-einer-Strasse-in-Wohngebiet\" crop=\"\" width=\"1024\" height=\"683\" src=\"https:\/\/rau.de\/wp-content\/uploads\/Begruente-Laermschutzwand-entlang-einer-Strasse-in-Wohngebiet.jpg\" data-src=\"https:\/\/rau.de\/wp-content\/uploads\/Begruente-Laermschutzwand-entlang-einer-Strasse-in-Wohngebiet.jpg\" data-caption=\"\" srcset=\"https:\/\/rau.de\/wp-content\/uploads\/Begruente-Laermschutzwand-entlang-einer-Strasse-in-Wohngebiet.jpg 1024w, https:\/\/rau.de\/wp-content\/uploads\/Begruente-Laermschutzwand-entlang-einer-Strasse-in-Wohngebiet-300x200.jpg 300w\" sizes=\"auto, (max-width: 1024px) 100vw, 1024px\" \/>\n\t\t<div class=\"figc no-description\">\n\t\t\t<div class=\"figc-inner\">\n\t\t\t\t\t\t\t\t\t\t\t\t\t\t\t<\/div>\n\t\t<\/div>\n\n\t<\/div>\n\n<\/div><div class=\"modula-item effect-\" data-width=\"3\" data-height=\"3\" >\n\t<div class=\"modula-item-overlay\"><\/div>\n\n\t<div class=\"modula-item-content\">\n\n\t\t<a data-image-id=\"28179\" role=\"button\" tabindex=\"0\" rel=\"jtg-16314\" data-caption=\"&lt;span class=&quot;modula-caption-description&quot;&gt;&lt;\/span&gt;\" aria-label=\"Open image in lightbox\" data-thumb=\"https:\/\/rau.de\/wp-content\/uploads\/Begruente-Laermschutzwand-entlang-eines-Gehwegs-150x150.jpg\" class=\"tile-inner modula-item-link\"><\/a><img loading=\"lazy\" decoding=\"async\" class=\"pic wp-image-28179\"  data-valign=\"middle\" data-halign=\"center\" alt=\"Begr\u00fcnte L\u00e4rmschutzwand entlang eines Gehwegs mit dichtem Pflanzenbewuchs\" data-full=\"https:\/\/rau.de\/wp-content\/uploads\/Begruente-Laermschutzwand-entlang-eines-Gehwegs.jpg\" title=\"Begruente-Laermschutzwand-entlang-eines-Gehwegs\" crop=\"\" width=\"1055\" height=\"799\" src=\"https:\/\/rau.de\/wp-content\/uploads\/Begruente-Laermschutzwand-entlang-eines-Gehwegs.jpg\" data-src=\"https:\/\/rau.de\/wp-content\/uploads\/Begruente-Laermschutzwand-entlang-eines-Gehwegs.jpg\" data-caption=\"\" srcset=\"https:\/\/rau.de\/wp-content\/uploads\/Begruente-Laermschutzwand-entlang-eines-Gehwegs.jpg 1055w, https:\/\/rau.de\/wp-content\/uploads\/Begruente-Laermschutzwand-entlang-eines-Gehwegs-300x227.jpg 300w, https:\/\/rau.de\/wp-content\/uploads\/Begruente-Laermschutzwand-entlang-eines-Gehwegs-1024x776.jpg 1024w\" sizes=\"auto, (max-width: 1055px) 100vw, 1055px\" \/>\n\t\t<div class=\"figc no-description\">\n\t\t\t<div class=\"figc-inner\">\n\t\t\t\t\t\t\t\t\t\t\t\t\t\t\t<\/div>\n\t\t<\/div>\n\n\t<\/div>\n\n<\/div><div class=\"modula-item effect-\" data-width=\"3\" data-height=\"3\" >\n\t<div class=\"modula-item-overlay\"><\/div>\n\n\t<div class=\"modula-item-content\">\n\n\t\t<a data-image-id=\"28192\" role=\"button\" tabindex=\"0\" rel=\"jtg-16314\" data-caption=\"&lt;span class=&quot;modula-caption-description&quot;&gt;&lt;\/span&gt;\" aria-label=\"Open image in lightbox\" data-thumb=\"https:\/\/rau.de\/wp-content\/uploads\/Begruente-Laermschutzwand-entlang-eines-Radwegs-150x150.jpg\" class=\"tile-inner modula-item-link\"><\/a><img loading=\"lazy\" decoding=\"async\" class=\"pic wp-image-28192\"  data-valign=\"middle\" data-halign=\"center\" alt=\"Begr\u00fcnte L\u00e4rmschutzwand entlang eines Radwegs und einer Landstrasse, umgeben von B\u00e4umen und Str\u00e4uchern\" data-full=\"https:\/\/rau.de\/wp-content\/uploads\/Begruente-Laermschutzwand-entlang-eines-Radwegs.jpg\" title=\"Begruente-Laermschutzwand-entlang-eines-Radwegs\" crop=\"\" width=\"1024\" height=\"683\" src=\"https:\/\/rau.de\/wp-content\/uploads\/Begruente-Laermschutzwand-entlang-eines-Radwegs.jpg\" data-src=\"https:\/\/rau.de\/wp-content\/uploads\/Begruente-Laermschutzwand-entlang-eines-Radwegs.jpg\" data-caption=\"\" srcset=\"https:\/\/rau.de\/wp-content\/uploads\/Begruente-Laermschutzwand-entlang-eines-Radwegs.jpg 1024w, https:\/\/rau.de\/wp-content\/uploads\/Begruente-Laermschutzwand-entlang-eines-Radwegs-300x200.jpg 300w\" sizes=\"auto, (max-width: 1024px) 100vw, 1024px\" \/>\n\t\t<div class=\"figc no-description\">\n\t\t\t<div class=\"figc-inner\">\n\t\t\t\t\t\t\t\t\t\t\t\t\t\t\t<\/div>\n\t\t<\/div>\n\n\t<\/div>\n\n<\/div><div class=\"modula-item effect-\" data-width=\"3\" data-height=\"3\" >\n\t<div class=\"modula-item-overlay\"><\/div>\n\n\t<div class=\"modula-item-content\">\n\n\t\t<a data-image-id=\"28231\" role=\"button\" tabindex=\"0\" rel=\"jtg-16314\" data-caption=\"&lt;span class=&quot;modula-caption-description&quot;&gt;&lt;\/span&gt;\" aria-label=\"Open image in lightbox\" data-thumb=\"https:\/\/rau.de\/wp-content\/uploads\/Begruente-Laermschutzwand-neben-Waldweg-150x150.jpg\" class=\"tile-inner modula-item-link\"><\/a><img loading=\"lazy\" decoding=\"async\" class=\"pic wp-image-28231\"  data-valign=\"middle\" data-halign=\"center\" alt=\"Begr\u00fcnte L\u00e4rmschutzwand neben einem Waldweg unter blauem Himmel\" data-full=\"https:\/\/rau.de\/wp-content\/uploads\/Begruente-Laermschutzwand-neben-Waldweg.jpg\" title=\"Begruente-Laermschutzwand-neben-Waldweg\" crop=\"\" width=\"1024\" height=\"768\" src=\"https:\/\/rau.de\/wp-content\/uploads\/Begruente-Laermschutzwand-neben-Waldweg.jpg\" data-src=\"https:\/\/rau.de\/wp-content\/uploads\/Begruente-Laermschutzwand-neben-Waldweg.jpg\" data-caption=\"\" srcset=\"https:\/\/rau.de\/wp-content\/uploads\/Begruente-Laermschutzwand-neben-Waldweg.jpg 1024w, https:\/\/rau.de\/wp-content\/uploads\/Begruente-Laermschutzwand-neben-Waldweg-300x225.jpg 300w\" sizes=\"auto, (max-width: 1024px) 100vw, 1024px\" \/>\n\t\t<div class=\"figc no-description\">\n\t\t\t<div class=\"figc-inner\">\n\t\t\t\t\t\t\t\t\t\t\t\t\t\t\t<\/div>\n\t\t<\/div>\n\n\t<\/div>\n\n<\/div><div class=\"modula-item effect-\" data-width=\"3\" data-height=\"3\" >\n\t<div class=\"modula-item-overlay\"><\/div>\n\n\t<div class=\"modula-item-content\">\n\n\t\t<a data-image-id=\"28218\" role=\"button\" tabindex=\"0\" rel=\"jtg-16314\" data-caption=\"&lt;span class=&quot;modula-caption-description&quot;&gt;&lt;\/span&gt;\" aria-label=\"Open image in lightbox\" data-thumb=\"https:\/\/rau.de\/wp-content\/uploads\/Begruente-Laermschutzwand-hinter-einer-Reihe-von-Baeumen-150x150.jpg\" class=\"tile-inner modula-item-link\"><\/a><img loading=\"lazy\" decoding=\"async\" class=\"pic wp-image-28218\"  data-valign=\"middle\" data-halign=\"center\" alt=\"Begr\u00fcnte L\u00e4rmschutzwand hinter einer Reihe von jungen B\u00e4umen auf einer Wiese\" data-full=\"https:\/\/rau.de\/wp-content\/uploads\/Begruente-Laermschutzwand-hinter-einer-Reihe-von-Baeumen.jpg\" title=\"Begruente-Laermschutzwand-hinter-einer-Reihe-von-Baeumen\" crop=\"\" width=\"1024\" height=\"683\" src=\"https:\/\/rau.de\/wp-content\/uploads\/Begruente-Laermschutzwand-hinter-einer-Reihe-von-Baeumen.jpg\" data-src=\"https:\/\/rau.de\/wp-content\/uploads\/Begruente-Laermschutzwand-hinter-einer-Reihe-von-Baeumen.jpg\" data-caption=\"\" srcset=\"https:\/\/rau.de\/wp-content\/uploads\/Begruente-Laermschutzwand-hinter-einer-Reihe-von-Baeumen.jpg 1024w, https:\/\/rau.de\/wp-content\/uploads\/Begruente-Laermschutzwand-hinter-einer-Reihe-von-Baeumen-300x200.jpg 300w\" sizes=\"auto, (max-width: 1024px) 100vw, 1024px\" \/>\n\t\t<div class=\"figc no-description\">\n\t\t\t<div class=\"figc-inner\">\n\t\t\t\t\t\t\t\t\t\t\t\t\t\t\t<\/div>\n\t\t<\/div>\n\n\t<\/div>\n\n<\/div><div class=\"modula-item effect-\" data-width=\"3\" data-height=\"3\" >\n\t<div class=\"modula-item-overlay\"><\/div>\n\n\t<div class=\"modula-item-content\">\n\n\t\t<a data-image-id=\"28322\" role=\"button\" tabindex=\"0\" rel=\"jtg-16314\" data-caption=\"&lt;span class=&quot;modula-caption-description&quot;&gt;&lt;\/span&gt;\" aria-label=\"Open image in lightbox\" data-thumb=\"https:\/\/rau.de\/wp-content\/uploads\/Laermschutzwand-entlang-einer-Baustelle-150x150.jpg\" class=\"tile-inner modula-item-link\"><\/a><img loading=\"lazy\" decoding=\"async\" class=\"pic wp-image-28322\"  data-valign=\"middle\" data-halign=\"center\" alt=\"L\u00e4rmschutzwand aus begr\u00fcnten Drahtgitterk\u00f6rben entlang einer Baustelle mit Baufahrzeugen im Hintergrund\" data-full=\"https:\/\/rau.de\/wp-content\/uploads\/Laermschutzwand-entlang-einer-Baustelle.jpg\" title=\"Laermschutzwand-entlang-einer-Baustelle\" crop=\"\" width=\"1920\" height=\"1280\" src=\"https:\/\/rau.de\/wp-content\/uploads\/Laermschutzwand-entlang-einer-Baustelle.jpg\" data-src=\"https:\/\/rau.de\/wp-content\/uploads\/Laermschutzwand-entlang-einer-Baustelle.jpg\" data-caption=\"\" srcset=\"https:\/\/rau.de\/wp-content\/uploads\/Laermschutzwand-entlang-einer-Baustelle.jpg 1920w, https:\/\/rau.de\/wp-content\/uploads\/Laermschutzwand-entlang-einer-Baustelle-300x200.jpg 300w, https:\/\/rau.de\/wp-content\/uploads\/Laermschutzwand-entlang-einer-Baustelle-1024x683.jpg 1024w\" sizes=\"auto, (max-width: 1920px) 100vw, 1920px\" \/>\n\t\t<div class=\"figc no-description\">\n\t\t\t<div class=\"figc-inner\">\n\t\t\t\t\t\t\t\t\t\t\t\t\t\t\t<\/div>\n\t\t<\/div>\n\n\t<\/div>\n\n<\/div><div class=\"modula-item effect-\" data-width=\"3\" data-height=\"3\" >\n\t<div class=\"modula-item-overlay\"><\/div>\n\n\t<div class=\"modula-item-content\">\n\n\t\t<a data-image-id=\"28686\" role=\"button\" tabindex=\"0\" rel=\"jtg-16314\" data-caption=\"&lt;span class=&quot;modula-caption-description&quot;&gt;&lt;\/span&gt;\" aria-label=\"Open image in lightbox\" data-thumb=\"https:\/\/rau.de\/wp-content\/uploads\/Stark-begruente-Laermschutzwand-entlang-eines-Gehwegs-150x150.jpg\" class=\"tile-inner modula-item-link\"><\/a><img loading=\"lazy\" decoding=\"async\" class=\"pic wp-image-28686\"  data-valign=\"middle\" data-halign=\"center\" alt=\"Stark begr\u00fcnte L\u00e4rmschutzwand entlang eines Gehwegs mit Rasenfl\u00e4che und B\u00e4umen\" data-full=\"https:\/\/rau.de\/wp-content\/uploads\/Stark-begruente-Laermschutzwand-entlang-eines-Gehwegs.jpg\" title=\"Stark-begruente-Laermschutzwand-entlang-eines-Gehwegs\" crop=\"\" width=\"1920\" height=\"1280\" src=\"https:\/\/rau.de\/wp-content\/uploads\/Stark-begruente-Laermschutzwand-entlang-eines-Gehwegs.jpg\" data-src=\"https:\/\/rau.de\/wp-content\/uploads\/Stark-begruente-Laermschutzwand-entlang-eines-Gehwegs.jpg\" data-caption=\"\" srcset=\"https:\/\/rau.de\/wp-content\/uploads\/Stark-begruente-Laermschutzwand-entlang-eines-Gehwegs.jpg 1920w, https:\/\/rau.de\/wp-content\/uploads\/Stark-begruente-Laermschutzwand-entlang-eines-Gehwegs-300x200.jpg 300w, https:\/\/rau.de\/wp-content\/uploads\/Stark-begruente-Laermschutzwand-entlang-eines-Gehwegs-1024x683.jpg 1024w\" sizes=\"auto, (max-width: 1920px) 100vw, 1920px\" \/>\n\t\t<div class=\"figc no-description\">\n\t\t\t<div class=\"figc-inner\">\n\t\t\t\t\t\t\t\t\t\t\t\t\t\t\t<\/div>\n\t\t<\/div>\n\n\t<\/div>\n\n<\/div><div class=\"modula-item effect-\" data-width=\"3\" data-height=\"3\" >\n\t<div class=\"modula-item-overlay\"><\/div>\n\n\t<div class=\"modula-item-content\">\n\n\t\t<a data-image-id=\"28426\" role=\"button\" tabindex=\"0\" rel=\"jtg-16314\" data-caption=\"&lt;span class=&quot;modula-caption-description&quot;&gt;&lt;\/span&gt;\" aria-label=\"Open image in lightbox\" data-thumb=\"https:\/\/rau.de\/wp-content\/uploads\/Laermschutzwand-mit-leichter-Begruenung-auf-Erdwall-150x150.jpg\" class=\"tile-inner modula-item-link\"><\/a><img loading=\"lazy\" decoding=\"async\" class=\"pic wp-image-28426\"  data-valign=\"middle\" data-halign=\"center\" alt=\"L\u00e4rmschutzwand mit leichter Begr\u00fcnung auf einem Erdwall neben einer unbefestigten Strasse\" data-full=\"https:\/\/rau.de\/wp-content\/uploads\/Laermschutzwand-mit-leichter-Begruenung-auf-Erdwall.jpg\" title=\"Laermschutzwand-mit-leichter-Begruenung-auf-Erdwall\" crop=\"\" width=\"1600\" height=\"1200\" src=\"https:\/\/rau.de\/wp-content\/uploads\/Laermschutzwand-mit-leichter-Begruenung-auf-Erdwall.jpg\" data-src=\"https:\/\/rau.de\/wp-content\/uploads\/Laermschutzwand-mit-leichter-Begruenung-auf-Erdwall.jpg\" data-caption=\"\" srcset=\"https:\/\/rau.de\/wp-content\/uploads\/Laermschutzwand-mit-leichter-Begruenung-auf-Erdwall.jpg 1600w, https:\/\/rau.de\/wp-content\/uploads\/Laermschutzwand-mit-leichter-Begruenung-auf-Erdwall-300x225.jpg 300w, https:\/\/rau.de\/wp-content\/uploads\/Laermschutzwand-mit-leichter-Begruenung-auf-Erdwall-1024x768.jpg 1024w\" sizes=\"auto, (max-width: 1600px) 100vw, 1600px\" \/>\n\t\t<div class=\"figc no-description\">\n\t\t\t<div class=\"figc-inner\">\n\t\t\t\t\t\t\t\t\t\t\t\t\t\t\t<\/div>\n\t\t<\/div>\n\n\t<\/div>\n\n<\/div><div class=\"modula-item effect-\" data-width=\"3\" data-height=\"3\" >\n\t<div class=\"modula-item-overlay\"><\/div>\n\n\t<div class=\"modula-item-content\">\n\n\t\t<a data-image-id=\"28439\" role=\"button\" tabindex=\"0\" rel=\"jtg-16314\" data-caption=\"&lt;span class=&quot;modula-caption-description&quot;&gt;&lt;\/span&gt;\" aria-label=\"Open image in lightbox\" data-thumb=\"https:\/\/rau.de\/wp-content\/uploads\/Laermschutzwand-mit-Pflanzenbewuchs-150x150.jpg\" class=\"tile-inner modula-item-link\"><\/a><img loading=\"lazy\" decoding=\"async\" class=\"pic wp-image-28439\"  data-valign=\"middle\" data-halign=\"center\" alt=\"L\u00e4rmschutzwand aus begr\u00fcnten Drahtgitterk\u00f6rben mit Pflanzenbewuchs\" data-full=\"https:\/\/rau.de\/wp-content\/uploads\/Laermschutzwand-mit-Pflanzenbewuchs.jpg\" title=\"Laermschutzwand-mit-Pflanzenbewuchs\" crop=\"\" width=\"1920\" height=\"1440\" src=\"https:\/\/rau.de\/wp-content\/uploads\/Laermschutzwand-mit-Pflanzenbewuchs.jpg\" data-src=\"https:\/\/rau.de\/wp-content\/uploads\/Laermschutzwand-mit-Pflanzenbewuchs.jpg\" data-caption=\"\" srcset=\"https:\/\/rau.de\/wp-content\/uploads\/Laermschutzwand-mit-Pflanzenbewuchs.jpg 1920w, https:\/\/rau.de\/wp-content\/uploads\/Laermschutzwand-mit-Pflanzenbewuchs-300x225.jpg 300w, https:\/\/rau.de\/wp-content\/uploads\/Laermschutzwand-mit-Pflanzenbewuchs-1024x768.jpg 1024w\" sizes=\"auto, (max-width: 1920px) 100vw, 1920px\" \/>\n\t\t<div class=\"figc no-description\">\n\t\t\t<div class=\"figc-inner\">\n\t\t\t\t\t\t\t\t\t\t\t\t\t\t\t<\/div>\n\t\t<\/div>\n\n\t<\/div>\n\n<\/div><div class=\"modula-item effect-\" data-width=\"3\" data-height=\"3\" >\n\t<div class=\"modula-item-overlay\"><\/div>\n\n\t<div class=\"modula-item-content\">\n\n\t\t<a data-image-id=\"28478\" role=\"button\" tabindex=\"0\" rel=\"jtg-16314\" data-caption=\"&lt;span class=&quot;modula-caption-description&quot;&gt;&lt;\/span&gt;\" aria-label=\"Open image in lightbox\" data-thumb=\"https:\/\/rau.de\/wp-content\/uploads\/Leicht-begruente-Laermschutzwand-150x150.jpg\" class=\"tile-inner modula-item-link\"><\/a><img loading=\"lazy\" decoding=\"async\" class=\"pic wp-image-28478\"  data-valign=\"middle\" data-halign=\"center\" alt=\"Leicht begr\u00fcnte Laermschutzwand entlang einer unbefestigten Strasse\" data-full=\"https:\/\/rau.de\/wp-content\/uploads\/Leicht-begruente-Laermschutzwand.jpg\" title=\"Leicht-begruente-Laermschutzwand\" crop=\"\" width=\"1600\" height=\"1200\" src=\"https:\/\/rau.de\/wp-content\/uploads\/Leicht-begruente-Laermschutzwand.jpg\" data-src=\"https:\/\/rau.de\/wp-content\/uploads\/Leicht-begruente-Laermschutzwand.jpg\" data-caption=\"\" srcset=\"https:\/\/rau.de\/wp-content\/uploads\/Leicht-begruente-Laermschutzwand.jpg 1600w, https:\/\/rau.de\/wp-content\/uploads\/Leicht-begruente-Laermschutzwand-300x225.jpg 300w, https:\/\/rau.de\/wp-content\/uploads\/Leicht-begruente-Laermschutzwand-1024x768.jpg 1024w\" sizes=\"auto, (max-width: 1600px) 100vw, 1600px\" \/>\n\t\t<div class=\"figc no-description\">\n\t\t\t<div class=\"figc-inner\">\n\t\t\t\t\t\t\t\t\t\t\t\t\t\t\t<\/div>\n\t\t<\/div>\n\n\t<\/div>\n\n<\/div><div class=\"modula-item effect-\" data-width=\"3\" data-height=\"3\" >\n\t<div class=\"modula-item-overlay\"><\/div>\n\n\t<div class=\"modula-item-content\">\n\n\t\t<a data-image-id=\"28569\" role=\"button\" tabindex=\"0\" rel=\"jtg-16314\" data-caption=\"&lt;span class=&quot;modula-caption-description&quot;&gt;&lt;\/span&gt;\" aria-label=\"Open image in lightbox\" data-thumb=\"https:\/\/rau.de\/wp-content\/uploads\/Metallgeruest-einer-Laermschutzwand-auf-einer-Baustelle-150x150.jpg\" class=\"tile-inner modula-item-link\"><\/a><img loading=\"lazy\" decoding=\"async\" class=\"pic wp-image-28569\"  data-valign=\"middle\" data-halign=\"center\" alt=\"Metallger\u00fcst einer L\u00e4rmschutzwand auf einer Baustelle unter dunklem Himmel\" data-full=\"https:\/\/rau.de\/wp-content\/uploads\/Metallgeruest-einer-Laermschutzwand-auf-einer-Baustelle.jpg\" title=\"Metallgeruest-einer-Laermschutzwand-auf-einer-Baustelle\" crop=\"\" width=\"1600\" height=\"1200\" src=\"https:\/\/rau.de\/wp-content\/uploads\/Metallgeruest-einer-Laermschutzwand-auf-einer-Baustelle.jpg\" data-src=\"https:\/\/rau.de\/wp-content\/uploads\/Metallgeruest-einer-Laermschutzwand-auf-einer-Baustelle.jpg\" data-caption=\"\" srcset=\"https:\/\/rau.de\/wp-content\/uploads\/Metallgeruest-einer-Laermschutzwand-auf-einer-Baustelle.jpg 1600w, https:\/\/rau.de\/wp-content\/uploads\/Metallgeruest-einer-Laermschutzwand-auf-einer-Baustelle-300x225.jpg 300w, https:\/\/rau.de\/wp-content\/uploads\/Metallgeruest-einer-Laermschutzwand-auf-einer-Baustelle-1024x768.jpg 1024w\" sizes=\"auto, (max-width: 1600px) 100vw, 1600px\" \/>\n\t\t<div class=\"figc no-description\">\n\t\t\t<div class=\"figc-inner\">\n\t\t\t\t\t\t\t\t\t\t\t\t\t\t\t<\/div>\n\t\t<\/div>\n\n\t<\/div>\n\n<\/div><div class=\"modula-item effect-\" data-width=\"3\" data-height=\"3\" >\n\t<div class=\"modula-item-overlay\"><\/div>\n\n\t<div class=\"modula-item-content\">\n\n\t\t<a data-image-id=\"28491\" role=\"button\" tabindex=\"0\" rel=\"jtg-16314\" data-caption=\"&lt;span class=&quot;modula-caption-description&quot;&gt;&lt;\/span&gt;\" aria-label=\"Open image in lightbox\" data-thumb=\"https:\/\/rau.de\/wp-content\/uploads\/Leicht-begruente-Laermschutzwand-entlang-einer-Strasse-150x150.jpg\" class=\"tile-inner modula-item-link\"><\/a><img loading=\"lazy\" decoding=\"async\" class=\"pic wp-image-28491\"  data-valign=\"middle\" data-halign=\"center\" alt=\"Leicht begr\u00fcnte L\u00e4rmschutzwand aus Drahtgitterk\u00f6rben entlang einer Strasse vor Wohngeb\u00e4uden\" data-full=\"https:\/\/rau.de\/wp-content\/uploads\/Leicht-begruente-Laermschutzwand-entlang-einer-Strasse.jpg\" title=\"Leicht-begruente-Laermschutzwand-entlang-einer-Strasse\" crop=\"\" width=\"1920\" height=\"1440\" src=\"https:\/\/rau.de\/wp-content\/uploads\/Leicht-begruente-Laermschutzwand-entlang-einer-Strasse.jpg\" data-src=\"https:\/\/rau.de\/wp-content\/uploads\/Leicht-begruente-Laermschutzwand-entlang-einer-Strasse.jpg\" data-caption=\"\" srcset=\"https:\/\/rau.de\/wp-content\/uploads\/Leicht-begruente-Laermschutzwand-entlang-einer-Strasse.jpg 1920w, https:\/\/rau.de\/wp-content\/uploads\/Leicht-begruente-Laermschutzwand-entlang-einer-Strasse-300x225.jpg 300w, https:\/\/rau.de\/wp-content\/uploads\/Leicht-begruente-Laermschutzwand-entlang-einer-Strasse-1024x768.jpg 1024w\" sizes=\"auto, (max-width: 1920px) 100vw, 1920px\" \/>\n\t\t<div class=\"figc no-description\">\n\t\t\t<div class=\"figc-inner\">\n\t\t\t\t\t\t\t\t\t\t\t\t\t\t\t<\/div>\n\t\t<\/div>\n\n\t<\/div>\n\n<\/div><div class=\"modula-item effect-\" data-width=\"3\" data-height=\"3\" >\n\t<div class=\"modula-item-overlay\"><\/div>\n\n\t<div class=\"modula-item-content\">\n\n\t\t<a data-image-id=\"28504\" role=\"button\" tabindex=\"0\" rel=\"jtg-16314\" data-caption=\"&lt;span class=&quot;modula-caption-description&quot;&gt;&lt;\/span&gt;\" aria-label=\"Open image in lightbox\" data-thumb=\"https:\/\/rau.de\/wp-content\/uploads\/Leicht-begruente-Laermschutzwand-entlang-eines-Gehwegs-150x150.jpg\" class=\"tile-inner modula-item-link\"><\/a><img loading=\"lazy\" decoding=\"async\" class=\"pic wp-image-28504\"  data-valign=\"middle\" data-halign=\"center\" alt=\"Leicht begr\u00fcnte L\u00e4rmschutzwand aus Drahtgitterk\u00f6rben entlang eines Gehwegs\" data-full=\"https:\/\/rau.de\/wp-content\/uploads\/Leicht-begruente-Laermschutzwand-entlang-eines-Gehwegs.jpg\" title=\"Leicht-begruente-Laermschutzwand-entlang-eines-Gehwegs\" crop=\"\" width=\"1000\" height=\"1500\" src=\"https:\/\/rau.de\/wp-content\/uploads\/Leicht-begruente-Laermschutzwand-entlang-eines-Gehwegs.jpg\" data-src=\"https:\/\/rau.de\/wp-content\/uploads\/Leicht-begruente-Laermschutzwand-entlang-eines-Gehwegs.jpg\" data-caption=\"\" srcset=\"https:\/\/rau.de\/wp-content\/uploads\/Leicht-begruente-Laermschutzwand-entlang-eines-Gehwegs.jpg 1000w, https:\/\/rau.de\/wp-content\/uploads\/Leicht-begruente-Laermschutzwand-entlang-eines-Gehwegs-200x300.jpg 200w, https:\/\/rau.de\/wp-content\/uploads\/Leicht-begruente-Laermschutzwand-entlang-eines-Gehwegs-683x1024.jpg 683w\" sizes=\"auto, (max-width: 1000px) 100vw, 1000px\" \/>\n\t\t<div class=\"figc no-description\">\n\t\t\t<div class=\"figc-inner\">\n\t\t\t\t\t\t\t\t\t\t\t\t\t\t\t<\/div>\n\t\t<\/div>\n\n\t<\/div>\n\n<\/div><div class=\"modula-item effect-\" data-width=\"3\" data-height=\"3\" >\n\t<div class=\"modula-item-overlay\"><\/div>\n\n\t<div class=\"modula-item-content\">\n\n\t\t<a data-image-id=\"28556\" role=\"button\" tabindex=\"0\" rel=\"jtg-16314\" data-caption=\"&lt;span class=&quot;modula-caption-description&quot;&gt;&lt;\/span&gt;\" aria-label=\"Open image in lightbox\" data-thumb=\"https:\/\/rau.de\/wp-content\/uploads\/Mann-steht-vor-einer-hohen-Laermschutzwand-150x150.jpg\" class=\"tile-inner modula-item-link\"><\/a><img loading=\"lazy\" decoding=\"async\" class=\"pic wp-image-28556\"  data-valign=\"middle\" data-halign=\"center\" alt=\"Mann steht vor einer hohen L\u00e4rmschutzwand\" data-full=\"https:\/\/rau.de\/wp-content\/uploads\/Mann-steht-vor-einer-hohen-Laermschutzwand.jpg\" title=\"Mann-steht-vor-einer-hohen-Laermschutzwand\" crop=\"\" width=\"900\" height=\"1600\" src=\"https:\/\/rau.de\/wp-content\/uploads\/Mann-steht-vor-einer-hohen-Laermschutzwand.jpg\" data-src=\"https:\/\/rau.de\/wp-content\/uploads\/Mann-steht-vor-einer-hohen-Laermschutzwand.jpg\" data-caption=\"\" srcset=\"https:\/\/rau.de\/wp-content\/uploads\/Mann-steht-vor-einer-hohen-Laermschutzwand.jpg 900w, https:\/\/rau.de\/wp-content\/uploads\/Mann-steht-vor-einer-hohen-Laermschutzwand-169x300.jpg 169w, https:\/\/rau.de\/wp-content\/uploads\/Mann-steht-vor-einer-hohen-Laermschutzwand-576x1024.jpg 576w\" sizes=\"auto, (max-width: 900px) 100vw, 900px\" \/>\n\t\t<div class=\"figc no-description\">\n\t\t\t<div class=\"figc-inner\">\n\t\t\t\t\t\t\t\t\t\t\t\t\t\t\t<\/div>\n\t\t<\/div>\n\n\t<\/div>\n\n<\/div><div class=\"modula-item effect-\" data-width=\"3\" data-height=\"3\" >\n\t<div class=\"modula-item-overlay\"><\/div>\n\n\t<div class=\"modula-item-content\">\n\n\t\t<a data-image-id=\"27947\" role=\"button\" tabindex=\"0\" rel=\"jtg-16314\" data-caption=\"&lt;span class=&quot;modula-caption-description&quot;&gt;&lt;\/span&gt;\" aria-label=\"Open image in lightbox\" data-thumb=\"https:\/\/rau.de\/wp-content\/uploads\/Frau-geht-neben-Laermschutzwand-150x150.jpg\" class=\"tile-inner modula-item-link\"><\/a><img loading=\"lazy\" decoding=\"async\" class=\"pic wp-image-27947\"  data-valign=\"middle\" data-halign=\"center\" alt=\"Frau geht auf Gehweg neben gro\u00dfer, dicht bewachsener L\u00e4rmschutzwand\" data-full=\"https:\/\/rau.de\/wp-content\/uploads\/Frau-geht-neben-Laermschutzwand.jpg\" title=\"Frau-geht-neben-Laermschutzwand\" crop=\"\" width=\"800\" height=\"1024\" src=\"https:\/\/rau.de\/wp-content\/uploads\/Frau-geht-neben-Laermschutzwand.jpg\" data-src=\"https:\/\/rau.de\/wp-content\/uploads\/Frau-geht-neben-Laermschutzwand.jpg\" data-caption=\"\" srcset=\"https:\/\/rau.de\/wp-content\/uploads\/Frau-geht-neben-Laermschutzwand.jpg 800w, https:\/\/rau.de\/wp-content\/uploads\/Frau-geht-neben-Laermschutzwand-234x300.jpg 234w\" sizes=\"auto, (max-width: 800px) 100vw, 800px\" \/>\n\t\t<div class=\"figc no-description\">\n\t\t\t<div class=\"figc-inner\">\n\t\t\t\t\t\t\t\t\t\t\t\t\t\t\t<\/div>\n\t\t<\/div>\n\n\t<\/div>\n\n<\/div><div class=\"modula-item effect-\" data-width=\"3\" data-height=\"3\" >\n\t<div class=\"modula-item-overlay\"><\/div>\n\n\t<div class=\"modula-item-content\">\n\n\t\t<a data-image-id=\"27934\" role=\"button\" tabindex=\"0\" rel=\"jtg-16314\" data-caption=\"&lt;span class=&quot;modula-caption-description&quot;&gt;&lt;\/span&gt;\" aria-label=\"Open image in lightbox\" data-thumb=\"https:\/\/rau.de\/wp-content\/uploads\/Mann-pflegt-gruene-Laermschutzwand-150x150.jpg\" class=\"tile-inner modula-item-link\"><\/a><img loading=\"lazy\" decoding=\"async\" class=\"pic wp-image-27934\"  data-valign=\"middle\" data-halign=\"center\" alt=\"Mann in orangefarbener Weste pflegt gr\u00fcne, dicht bewachsene L\u00e4rmschutzwand neben Gehweg\" data-full=\"https:\/\/rau.de\/wp-content\/uploads\/Mann-pflegt-gruene-Laermschutzwand.jpg\" title=\"Mann-pflegt-gruene-Laermschutzwand\" crop=\"\" width=\"1200\" height=\"800\" src=\"https:\/\/rau.de\/wp-content\/uploads\/Mann-pflegt-gruene-Laermschutzwand.jpg\" data-src=\"https:\/\/rau.de\/wp-content\/uploads\/Mann-pflegt-gruene-Laermschutzwand.jpg\" data-caption=\"\" srcset=\"https:\/\/rau.de\/wp-content\/uploads\/Mann-pflegt-gruene-Laermschutzwand.jpg 1200w, https:\/\/rau.de\/wp-content\/uploads\/Mann-pflegt-gruene-Laermschutzwand-300x200.jpg 300w, https:\/\/rau.de\/wp-content\/uploads\/Mann-pflegt-gruene-Laermschutzwand-1024x683.jpg 1024w\" sizes=\"auto, (max-width: 1200px) 100vw, 1200px\" \/>\n\t\t<div class=\"figc no-description\">\n\t\t\t<div class=\"figc-inner\">\n\t\t\t\t\t\t\t\t\t\t\t\t\t\t\t<\/div>\n\t\t<\/div>\n\n\t<\/div>\n\n<\/div><div class=\"modula-item effect-\" data-width=\"3\" data-height=\"3\" >\n\t<div class=\"modula-item-overlay\"><\/div>\n\n\t<div class=\"modula-item-content\">\n\n\t\t<a data-image-id=\"27921\" role=\"button\" tabindex=\"0\" rel=\"jtg-16314\" data-caption=\"&lt;span class=&quot;modula-caption-description&quot;&gt;&lt;\/span&gt;\" aria-label=\"Open image in lightbox\" data-thumb=\"https:\/\/rau.de\/wp-content\/uploads\/Frau-steht-vor-stark-bewachsener-Laermschutzwand-150x150.jpg\" class=\"tile-inner modula-item-link\"><\/a><img loading=\"lazy\" decoding=\"async\" class=\"pic wp-image-27921\"  data-valign=\"middle\" data-halign=\"center\" alt=\"Frau mit langen Haaren steht vor stark bewachsener L\u00e4rmschutzwand neben modernem Geb\u00e4ude\" data-full=\"https:\/\/rau.de\/wp-content\/uploads\/Frau-steht-vor-stark-bewachsener-Laermschutzwand.jpg\" title=\"Frau-steht-vor-stark-bewachsener-Laermschutzwand\" crop=\"\" width=\"800\" height=\"1200\" src=\"https:\/\/rau.de\/wp-content\/uploads\/Frau-steht-vor-stark-bewachsener-Laermschutzwand.jpg\" data-src=\"https:\/\/rau.de\/wp-content\/uploads\/Frau-steht-vor-stark-bewachsener-Laermschutzwand.jpg\" data-caption=\"\" srcset=\"https:\/\/rau.de\/wp-content\/uploads\/Frau-steht-vor-stark-bewachsener-Laermschutzwand.jpg 800w, https:\/\/rau.de\/wp-content\/uploads\/Frau-steht-vor-stark-bewachsener-Laermschutzwand-200x300.jpg 200w, https:\/\/rau.de\/wp-content\/uploads\/Frau-steht-vor-stark-bewachsener-Laermschutzwand-683x1024.jpg 683w\" sizes=\"auto, (max-width: 800px) 100vw, 800px\" \/>\n\t\t<div class=\"figc no-description\">\n\t\t\t<div class=\"figc-inner\">\n\t\t\t\t\t\t\t\t\t\t\t\t\t\t\t<\/div>\n\t\t<\/div>\n\n\t<\/div>\n\n<\/div><div class=\"modula-item effect-\" data-width=\"3\" data-height=\"3\" >\n\t<div class=\"modula-item-overlay\"><\/div>\n\n\t<div class=\"modula-item-content\">\n\n\t\t<a data-image-id=\"27960\" role=\"button\" tabindex=\"0\" rel=\"jtg-16314\" data-caption=\"&lt;span class=&quot;modula-caption-description&quot;&gt;&lt;\/span&gt;\" aria-label=\"Open image in lightbox\" data-thumb=\"https:\/\/rau.de\/wp-content\/uploads\/Frau-steht-vor-bewachsener-Laermschutzwand-150x150.jpg\" class=\"tile-inner modula-item-link\"><\/a><img loading=\"lazy\" decoding=\"async\" class=\"pic wp-image-27960\"  data-valign=\"middle\" data-halign=\"center\" alt=\"Frau steht vor bewachsener L\u00e4rmschutzwand in modernem, begr\u00fcntem Au\u00dfenbereich\" data-full=\"https:\/\/rau.de\/wp-content\/uploads\/Frau-steht-vor-bewachsener-Laermschutzwand.jpg\" title=\"Frau-steht-vor-bewachsener-Laermschutzwand\" crop=\"\" width=\"800\" height=\"1200\" src=\"https:\/\/rau.de\/wp-content\/uploads\/Frau-steht-vor-bewachsener-Laermschutzwand.jpg\" data-src=\"https:\/\/rau.de\/wp-content\/uploads\/Frau-steht-vor-bewachsener-Laermschutzwand.jpg\" data-caption=\"\" srcset=\"https:\/\/rau.de\/wp-content\/uploads\/Frau-steht-vor-bewachsener-Laermschutzwand.jpg 800w, https:\/\/rau.de\/wp-content\/uploads\/Frau-steht-vor-bewachsener-Laermschutzwand-200x300.jpg 200w, https:\/\/rau.de\/wp-content\/uploads\/Frau-steht-vor-bewachsener-Laermschutzwand-683x1024.jpg 683w\" sizes=\"auto, (max-width: 800px) 100vw, 800px\" \/>\n\t\t<div class=\"figc no-description\">\n\t\t\t<div class=\"figc-inner\">\n\t\t\t\t\t\t\t\t\t\t\t\t\t\t\t<\/div>\n\t\t<\/div>\n\n\t<\/div>\n\n<\/div><div class=\"modula-item effect-\" data-width=\"3\" data-height=\"3\" >\n\t<div class=\"modula-item-overlay\"><\/div>\n\n\t<div class=\"modula-item-content\">\n\n\t\t<a data-image-id=\"21098\" role=\"button\" tabindex=\"0\" rel=\"jtg-16314\" data-caption=\"&lt;span class=&quot;modula-caption-description&quot;&gt;&lt;\/span&gt;\" aria-label=\"Open image in lightbox\" data-thumb=\"https:\/\/rau.de\/wp-content\/uploads\/R3GruenPinneberg1-150x150.jpg\" class=\"tile-inner modula-item-link\"><\/a><img loading=\"lazy\" decoding=\"async\" class=\"pic wp-image-21098\"  data-valign=\"middle\" data-halign=\"center\" alt=\"gr\u00fcne L\u00e4rmschutzwand an einer Stra\u00dfe in Pinneberg\" data-full=\"https:\/\/rau.de\/wp-content\/uploads\/R3GruenPinneberg1.jpg\" title=\"R3Gr\u00fcnPinneberg1\" crop=\"\" width=\"1920\" height=\"2560\" src=\"https:\/\/rau.de\/wp-content\/uploads\/R3GruenPinneberg1.jpg\" data-src=\"https:\/\/rau.de\/wp-content\/uploads\/R3GruenPinneberg1.jpg\" data-caption=\"\" srcset=\"https:\/\/rau.de\/wp-content\/uploads\/R3GruenPinneberg1.jpg 1920w, https:\/\/rau.de\/wp-content\/uploads\/R3GruenPinneberg1-225x300.jpg 225w, https:\/\/rau.de\/wp-content\/uploads\/R3GruenPinneberg1-768x1024.jpg 768w\" sizes=\"auto, (max-width: 1920px) 100vw, 1920px\" \/>\n\t\t<div class=\"figc no-description\">\n\t\t\t<div class=\"figc-inner\">\n\t\t\t\t\t\t\t\t\t\t\t\t\t\t\t<\/div>\n\t\t<\/div>\n\n\t<\/div>\n\n<\/div><div class=\"modula-item effect-\" data-width=\"3\" data-height=\"3\" >\n\t<div class=\"modula-item-overlay\"><\/div>\n\n\t<div class=\"modula-item-content\">\n\n\t\t<a data-image-id=\"21111\" role=\"button\" tabindex=\"0\" rel=\"jtg-16314\" data-caption=\"&lt;span class=&quot;modula-caption-description&quot;&gt;&lt;\/span&gt;\" aria-label=\"Open image in lightbox\" data-thumb=\"https:\/\/rau.de\/wp-content\/uploads\/R3GruenPinneberg3-150x150.jpg\" class=\"tile-inner modula-item-link\"><\/a><img loading=\"lazy\" decoding=\"async\" class=\"pic wp-image-21111\"  data-valign=\"middle\" data-halign=\"center\" alt=\"\u00fcppig bepflanzte L\u00e4rmschutzwand in Pinneberg\" data-full=\"https:\/\/rau.de\/wp-content\/uploads\/R3GruenPinneberg3.jpg\" title=\"R3Gr\u00fcnPinneberg3\" crop=\"\" width=\"1920\" height=\"1440\" src=\"https:\/\/rau.de\/wp-content\/uploads\/R3GruenPinneberg3.jpg\" data-src=\"https:\/\/rau.de\/wp-content\/uploads\/R3GruenPinneberg3.jpg\" data-caption=\"\" srcset=\"https:\/\/rau.de\/wp-content\/uploads\/R3GruenPinneberg3.jpg 1920w, https:\/\/rau.de\/wp-content\/uploads\/R3GruenPinneberg3-300x225.jpg 300w, https:\/\/rau.de\/wp-content\/uploads\/R3GruenPinneberg3-1024x768.jpg 1024w\" sizes=\"auto, (max-width: 1920px) 100vw, 1920px\" \/>\n\t\t<div class=\"figc no-description\">\n\t\t\t<div class=\"figc-inner\">\n\t\t\t\t\t\t\t\t\t\t\t\t\t\t\t<\/div>\n\t\t<\/div>\n\n\t<\/div>\n\n<\/div><div class=\"modula-item effect-\" data-width=\"3\" data-height=\"3\" >\n\t<div class=\"modula-item-overlay\"><\/div>\n\n\t<div class=\"modula-item-content\">\n\n\t\t<a data-image-id=\"21124\" role=\"button\" tabindex=\"0\" rel=\"jtg-16314\" data-caption=\"&lt;span class=&quot;modula-caption-description&quot;&gt;&lt;\/span&gt;\" aria-label=\"Open image in lightbox\" data-thumb=\"https:\/\/rau.de\/wp-content\/uploads\/R3GruenPinneberg5-150x150.jpg\" class=\"tile-inner modula-item-link\"><\/a><img loading=\"lazy\" decoding=\"async\" class=\"pic wp-image-21124\"  data-valign=\"middle\" data-halign=\"center\" alt=\"\u00fcppig begr\u00fcnte L\u00e4rmschutzwand in Pinneberg\" data-full=\"https:\/\/rau.de\/wp-content\/uploads\/R3GruenPinneberg5.jpg\" title=\"R3Gr\u00fcnPinneberg5\" crop=\"\" width=\"1920\" height=\"1440\" src=\"https:\/\/rau.de\/wp-content\/uploads\/R3GruenPinneberg5.jpg\" data-src=\"https:\/\/rau.de\/wp-content\/uploads\/R3GruenPinneberg5.jpg\" data-caption=\"\" srcset=\"https:\/\/rau.de\/wp-content\/uploads\/R3GruenPinneberg5.jpg 1920w, https:\/\/rau.de\/wp-content\/uploads\/R3GruenPinneberg5-300x225.jpg 300w, https:\/\/rau.de\/wp-content\/uploads\/R3GruenPinneberg5-1024x768.jpg 1024w\" sizes=\"auto, (max-width: 1920px) 100vw, 1920px\" \/>\n\t\t<div class=\"figc no-description\">\n\t\t\t<div class=\"figc-inner\">\n\t\t\t\t\t\t\t\t\t\t\t\t\t\t\t<\/div>\n\t\t<\/div>\n\n\t<\/div>\n\n<\/div><div class=\"modula-item effect-\" data-width=\"3\" data-height=\"3\" >\n\t<div class=\"modula-item-overlay\"><\/div>\n\n\t<div class=\"modula-item-content\">\n\n\t\t<a data-image-id=\"27546\" role=\"button\" tabindex=\"0\" rel=\"jtg-16314\" data-caption=\"&lt;span class=&quot;modula-caption-description&quot;&gt;&lt;\/span&gt;\" aria-label=\"Open image in lightbox\" data-thumb=\"https:\/\/rau.de\/wp-content\/uploads\/Laermschutzwand-neben-Zuggleisen-150x150.jpg\" class=\"tile-inner modula-item-link\"><\/a><img loading=\"lazy\" decoding=\"async\" class=\"pic wp-image-27546\"  data-valign=\"middle\" data-halign=\"center\" alt=\"L\u00e4rmschutzwand neben Zuggleisen\" data-full=\"https:\/\/rau.de\/wp-content\/uploads\/Laermschutzwand-neben-Zuggleisen.jpg\" title=\"Laermschutzwand-neben-Zuggleisen\" crop=\"\" width=\"1200\" height=\"900\" src=\"https:\/\/rau.de\/wp-content\/uploads\/Laermschutzwand-neben-Zuggleisen.jpg\" data-src=\"https:\/\/rau.de\/wp-content\/uploads\/Laermschutzwand-neben-Zuggleisen.jpg\" data-caption=\"\" srcset=\"https:\/\/rau.de\/wp-content\/uploads\/Laermschutzwand-neben-Zuggleisen.jpg 1200w, https:\/\/rau.de\/wp-content\/uploads\/Laermschutzwand-neben-Zuggleisen-300x225.jpg 300w, https:\/\/rau.de\/wp-content\/uploads\/Laermschutzwand-neben-Zuggleisen-1024x768.jpg 1024w\" sizes=\"auto, (max-width: 1200px) 100vw, 1200px\" \/>\n\t\t<div class=\"figc no-description\">\n\t\t\t<div class=\"figc-inner\">\n\t\t\t\t\t\t\t\t\t\t\t\t\t\t\t<\/div>\n\t\t<\/div>\n\n\t<\/div>\n\n<\/div><div class=\"modula-item effect-\" data-width=\"3\" data-height=\"3\" >\n\t<div class=\"modula-item-overlay\"><\/div>\n\n\t<div class=\"modula-item-content\">\n\n\t\t<a data-image-id=\"27286\" role=\"button\" tabindex=\"0\" rel=\"jtg-16314\" data-caption=\"&lt;span class=&quot;modula-caption-description&quot;&gt;&lt;\/span&gt;\" aria-label=\"Open image in lightbox\" data-thumb=\"https:\/\/rau.de\/wp-content\/uploads\/Begruente-Laermschutzwand-in-staedtischer-Umgebung-150x150.jpg\" class=\"tile-inner modula-item-link\"><\/a><img loading=\"lazy\" decoding=\"async\" class=\"pic wp-image-27286\"  data-valign=\"middle\" data-halign=\"center\" alt=\"Begr\u00fcnte L\u00e4rmschutzwand in st\u00e4dtischer Umgebung\" data-full=\"https:\/\/rau.de\/wp-content\/uploads\/Begruente-Laermschutzwand-in-staedtischer-Umgebung.jpg\" title=\"Begruente-Laermschutzwand-in-staedtischer-Umgebung\" crop=\"\" width=\"1200\" height=\"583\" src=\"https:\/\/rau.de\/wp-content\/uploads\/Begruente-Laermschutzwand-in-staedtischer-Umgebung.jpg\" data-src=\"https:\/\/rau.de\/wp-content\/uploads\/Begruente-Laermschutzwand-in-staedtischer-Umgebung.jpg\" data-caption=\"\" srcset=\"https:\/\/rau.de\/wp-content\/uploads\/Begruente-Laermschutzwand-in-staedtischer-Umgebung.jpg 1200w, https:\/\/rau.de\/wp-content\/uploads\/Begruente-Laermschutzwand-in-staedtischer-Umgebung-300x146.jpg 300w, https:\/\/rau.de\/wp-content\/uploads\/Begruente-Laermschutzwand-in-staedtischer-Umgebung-1024x497.jpg 1024w\" sizes=\"auto, (max-width: 1200px) 100vw, 1200px\" \/>\n\t\t<div class=\"figc no-description\">\n\t\t\t<div class=\"figc-inner\">\n\t\t\t\t\t\t\t\t\t\t\t\t\t\t\t<\/div>\n\t\t<\/div>\n\n\t<\/div>\n\n<\/div><div class=\"modula-item effect-\" data-width=\"3\" data-height=\"3\" >\n\t<div class=\"modula-item-overlay\"><\/div>\n\n\t<div class=\"modula-item-content\">\n\n\t\t<a data-image-id=\"27247\" role=\"button\" tabindex=\"0\" rel=\"jtg-16314\" data-caption=\"&lt;span class=&quot;modula-caption-description&quot;&gt;&lt;\/span&gt;\" aria-label=\"Open image in lightbox\" data-thumb=\"https:\/\/rau.de\/wp-content\/uploads\/Begruente-Laermschutzwand-150x150.jpg\" class=\"tile-inner modula-item-link\"><\/a><img loading=\"lazy\" decoding=\"async\" class=\"pic wp-image-27247\"  data-valign=\"middle\" data-halign=\"center\" alt=\"Begr\u00fcnte L\u00e4rmschutzwand\" data-full=\"https:\/\/rau.de\/wp-content\/uploads\/Begruente-Laermschutzwand.jpg\" title=\"Begruente-Laermschutzwand\" crop=\"\" width=\"1200\" height=\"900\" src=\"https:\/\/rau.de\/wp-content\/uploads\/Begruente-Laermschutzwand.jpg\" data-src=\"https:\/\/rau.de\/wp-content\/uploads\/Begruente-Laermschutzwand.jpg\" data-caption=\"\" srcset=\"https:\/\/rau.de\/wp-content\/uploads\/Begruente-Laermschutzwand.jpg 1200w, https:\/\/rau.de\/wp-content\/uploads\/Begruente-Laermschutzwand-300x225.jpg 300w, https:\/\/rau.de\/wp-content\/uploads\/Begruente-Laermschutzwand-1024x768.jpg 1024w\" sizes=\"auto, (max-width: 1200px) 100vw, 1200px\" \/>\n\t\t<div class=\"figc no-description\">\n\t\t\t<div class=\"figc-inner\">\n\t\t\t\t\t\t\t\t\t\t\t\t\t\t\t<\/div>\n\t\t<\/div>\n\n\t<\/div>\n\n<\/div><div class=\"modula-item effect-\" data-width=\"3\" data-height=\"3\" >\n\t<div class=\"modula-item-overlay\"><\/div>\n\n\t<div class=\"modula-item-content\">\n\n\t\t<a data-image-id=\"27416\" role=\"button\" tabindex=\"0\" rel=\"jtg-16314\" data-caption=\"&lt;span class=&quot;modula-caption-description&quot;&gt;&lt;\/span&gt;\" aria-label=\"Open image in lightbox\" data-thumb=\"https:\/\/rau.de\/wp-content\/uploads\/Grosse-eckige-Laermschutzwand-in-Cottbus-150x150.jpg\" class=\"tile-inner modula-item-link\"><\/a><img loading=\"lazy\" decoding=\"async\" class=\"pic wp-image-27416\"  data-valign=\"middle\" data-halign=\"center\" alt=\"Grosse eckige L\u00e4rmschutzwand in Cottbus\" data-full=\"https:\/\/rau.de\/wp-content\/uploads\/Grosse-eckige-Laermschutzwand-in-Cottbus.jpg\" title=\"Grosse-eckige-Laermschutzwand-in-Cottbus\" crop=\"\" width=\"1920\" height=\"1079\" src=\"https:\/\/rau.de\/wp-content\/uploads\/Grosse-eckige-Laermschutzwand-in-Cottbus.jpg\" data-src=\"https:\/\/rau.de\/wp-content\/uploads\/Grosse-eckige-Laermschutzwand-in-Cottbus.jpg\" data-caption=\"\" srcset=\"https:\/\/rau.de\/wp-content\/uploads\/Grosse-eckige-Laermschutzwand-in-Cottbus.jpg 1920w, https:\/\/rau.de\/wp-content\/uploads\/Grosse-eckige-Laermschutzwand-in-Cottbus-300x169.jpg 300w, https:\/\/rau.de\/wp-content\/uploads\/Grosse-eckige-Laermschutzwand-in-Cottbus-1024x575.jpg 1024w\" sizes=\"auto, (max-width: 1920px) 100vw, 1920px\" \/>\n\t\t<div class=\"figc no-description\">\n\t\t\t<div class=\"figc-inner\">\n\t\t\t\t\t\t\t\t\t\t\t\t\t\t\t<\/div>\n\t\t<\/div>\n\n\t<\/div>\n\n<\/div><div class=\"modula-item effect-\" data-width=\"3\" data-height=\"3\" >\n\t<div class=\"modula-item-overlay\"><\/div>\n\n\t<div class=\"modula-item-content\">\n\n\t\t<a data-image-id=\"27481\" role=\"button\" tabindex=\"0\" rel=\"jtg-16314\" data-caption=\"&lt;span class=&quot;modula-caption-description&quot;&gt;&lt;\/span&gt;\" aria-label=\"Open image in lightbox\" data-thumb=\"https:\/\/rau.de\/wp-content\/uploads\/Laermschutzwand-in-Philippsburg-am-Bahngleis-150x150.jpg\" class=\"tile-inner modula-item-link\"><\/a><img loading=\"lazy\" decoding=\"async\" class=\"pic wp-image-27481\"  data-valign=\"middle\" data-halign=\"center\" alt=\"L\u00e4rmschutzwand in Philippsburg am Bahngleis\" data-full=\"https:\/\/rau.de\/wp-content\/uploads\/Laermschutzwand-in-Philippsburg-am-Bahngleis.jpg\" title=\"Laermschutzwand-in-Philippsburg-am-Bahngleis\" crop=\"\" width=\"1200\" height=\"675\" src=\"https:\/\/rau.de\/wp-content\/uploads\/Laermschutzwand-in-Philippsburg-am-Bahngleis.jpg\" data-src=\"https:\/\/rau.de\/wp-content\/uploads\/Laermschutzwand-in-Philippsburg-am-Bahngleis.jpg\" data-caption=\"\" srcset=\"https:\/\/rau.de\/wp-content\/uploads\/Laermschutzwand-in-Philippsburg-am-Bahngleis.jpg 1200w, https:\/\/rau.de\/wp-content\/uploads\/Laermschutzwand-in-Philippsburg-am-Bahngleis-300x169.jpg 300w, https:\/\/rau.de\/wp-content\/uploads\/Laermschutzwand-in-Philippsburg-am-Bahngleis-1024x576.jpg 1024w\" sizes=\"auto, (max-width: 1200px) 100vw, 1200px\" \/>\n\t\t<div class=\"figc no-description\">\n\t\t\t<div class=\"figc-inner\">\n\t\t\t\t\t\t\t\t\t\t\t\t\t\t\t<\/div>\n\t\t<\/div>\n\n\t<\/div>\n\n<\/div><div class=\"modula-item effect-\" data-width=\"3\" data-height=\"3\" >\n\t<div class=\"modula-item-overlay\"><\/div>\n\n\t<div class=\"modula-item-content\">\n\n\t\t<a data-image-id=\"27559\" role=\"button\" tabindex=\"0\" rel=\"jtg-16314\" data-caption=\"&lt;span class=&quot;modula-caption-description&quot;&gt;&lt;\/span&gt;\" aria-label=\"Open image in lightbox\" data-thumb=\"https:\/\/rau.de\/wp-content\/uploads\/Laermschutzwand-um-eine-Baustelle-in-Sonthofen-150x150.jpg\" class=\"tile-inner modula-item-link\"><\/a><img loading=\"lazy\" decoding=\"async\" class=\"pic wp-image-27559\"  data-valign=\"middle\" data-halign=\"center\" alt=\"L\u00e4rmschutzwand um eine Baustelle in Sonthofen\" data-full=\"https:\/\/rau.de\/wp-content\/uploads\/Laermschutzwand-um-eine-Baustelle-in-Sonthofen.jpg\" title=\"Laermschutzwand-um-eine-Baustelle-in-Sonthofen\" crop=\"\" width=\"1920\" height=\"1440\" src=\"https:\/\/rau.de\/wp-content\/uploads\/Laermschutzwand-um-eine-Baustelle-in-Sonthofen.jpg\" data-src=\"https:\/\/rau.de\/wp-content\/uploads\/Laermschutzwand-um-eine-Baustelle-in-Sonthofen.jpg\" data-caption=\"\" srcset=\"https:\/\/rau.de\/wp-content\/uploads\/Laermschutzwand-um-eine-Baustelle-in-Sonthofen.jpg 1920w, https:\/\/rau.de\/wp-content\/uploads\/Laermschutzwand-um-eine-Baustelle-in-Sonthofen-300x225.jpg 300w, https:\/\/rau.de\/wp-content\/uploads\/Laermschutzwand-um-eine-Baustelle-in-Sonthofen-1024x768.jpg 1024w\" sizes=\"auto, (max-width: 1920px) 100vw, 1920px\" \/>\n\t\t<div class=\"figc no-description\">\n\t\t\t<div class=\"figc-inner\">\n\t\t\t\t\t\t\t\t\t\t\t\t\t\t\t<\/div>\n\t\t<\/div>\n\n\t<\/div>\n\n<\/div><div class=\"modula-item effect-\" data-width=\"3\" data-height=\"3\" >\n\t<div class=\"modula-item-overlay\"><\/div>\n\n\t<div class=\"modula-item-content\">\n\n\t\t<a data-image-id=\"27520\" role=\"button\" tabindex=\"0\" rel=\"jtg-16314\" data-caption=\"&lt;span class=&quot;modula-caption-description&quot;&gt;&lt;\/span&gt;\" aria-label=\"Open image in lightbox\" data-thumb=\"https:\/\/rau.de\/wp-content\/uploads\/Laermschutzwand-mit-Gittern-vor-einem-Busch-150x150.jpg\" class=\"tile-inner modula-item-link\"><\/a><img loading=\"lazy\" decoding=\"async\" class=\"pic wp-image-27520\"  data-valign=\"middle\" data-halign=\"center\" alt=\"L\u00e4rmschutzwand mit Gittern vor einem Busch\" data-full=\"https:\/\/rau.de\/wp-content\/uploads\/Laermschutzwand-mit-Gittern-vor-einem-Busch.jpg\" title=\"Laermschutzwand-mit-Gittern-vor-einem-Busch\" crop=\"\" width=\"1200\" height=\"675\" src=\"https:\/\/rau.de\/wp-content\/uploads\/Laermschutzwand-mit-Gittern-vor-einem-Busch.jpg\" data-src=\"https:\/\/rau.de\/wp-content\/uploads\/Laermschutzwand-mit-Gittern-vor-einem-Busch.jpg\" data-caption=\"\" srcset=\"https:\/\/rau.de\/wp-content\/uploads\/Laermschutzwand-mit-Gittern-vor-einem-Busch.jpg 1200w, https:\/\/rau.de\/wp-content\/uploads\/Laermschutzwand-mit-Gittern-vor-einem-Busch-300x169.jpg 300w, https:\/\/rau.de\/wp-content\/uploads\/Laermschutzwand-mit-Gittern-vor-einem-Busch-1024x576.jpg 1024w\" sizes=\"auto, (max-width: 1200px) 100vw, 1200px\" \/>\n\t\t<div class=\"figc no-description\">\n\t\t\t<div class=\"figc-inner\">\n\t\t\t\t\t\t\t\t\t\t\t\t\t\t\t<\/div>\n\t\t<\/div>\n\n\t<\/div>\n\n<\/div><div class=\"modula-item effect-\" data-width=\"3\" data-height=\"3\" >\n\t<div class=\"modula-item-overlay\"><\/div>\n\n\t<div class=\"modula-item-content\">\n\n\t\t<a data-image-id=\"27598\" role=\"button\" tabindex=\"0\" rel=\"jtg-16314\" data-caption=\"&lt;span class=&quot;modula-caption-description&quot;&gt;&lt;\/span&gt;\" aria-label=\"Open image in lightbox\" data-thumb=\"https:\/\/rau.de\/wp-content\/uploads\/Leicht-gruenbewachsene-Laermschutzwand-150x150.jpg\" class=\"tile-inner modula-item-link\"><\/a><img loading=\"lazy\" decoding=\"async\" class=\"pic wp-image-27598\"  data-valign=\"middle\" data-halign=\"center\" alt=\"Leicht gr\u00fcnbewachsene L\u00e4rmschutzwand\" data-full=\"https:\/\/rau.de\/wp-content\/uploads\/Leicht-gruenbewachsene-Laermschutzwand.jpg\" title=\"Leicht-gruenbewachsene-Laermschutzwand\" crop=\"\" width=\"1200\" height=\"800\" src=\"https:\/\/rau.de\/wp-content\/uploads\/Leicht-gruenbewachsene-Laermschutzwand.jpg\" data-src=\"https:\/\/rau.de\/wp-content\/uploads\/Leicht-gruenbewachsene-Laermschutzwand.jpg\" data-caption=\"\" srcset=\"https:\/\/rau.de\/wp-content\/uploads\/Leicht-gruenbewachsene-Laermschutzwand.jpg 1200w, https:\/\/rau.de\/wp-content\/uploads\/Leicht-gruenbewachsene-Laermschutzwand-300x200.jpg 300w, https:\/\/rau.de\/wp-content\/uploads\/Leicht-gruenbewachsene-Laermschutzwand-1024x683.jpg 1024w\" sizes=\"auto, (max-width: 1200px) 100vw, 1200px\" \/>\n\t\t<div class=\"figc no-description\">\n\t\t\t<div class=\"figc-inner\">\n\t\t\t\t\t\t\t\t\t\t\t\t\t\t\t<\/div>\n\t\t<\/div>\n\n\t<\/div>\n\n<\/div><div class=\"modula-item effect-\" data-width=\"3\" data-height=\"3\" >\n\t<div class=\"modula-item-overlay\"><\/div>\n\n\t<div class=\"modula-item-content\">\n\n\t\t<a data-image-id=\"27390\" role=\"button\" tabindex=\"0\" rel=\"jtg-16314\" data-caption=\"&lt;span class=&quot;modula-caption-description&quot;&gt;&lt;\/span&gt;\" aria-label=\"Open image in lightbox\" data-thumb=\"https:\/\/rau.de\/wp-content\/uploads\/Braune-Laermschutzwand-in-Dortmund-150x150.jpg\" class=\"tile-inner modula-item-link\"><\/a><img loading=\"lazy\" decoding=\"async\" class=\"pic wp-image-27390\"  data-valign=\"middle\" data-halign=\"center\" alt=\"Braune L\u00e4rmschutzwand in Dortmund\" data-full=\"https:\/\/rau.de\/wp-content\/uploads\/Braune-Laermschutzwand-in-Dortmund.jpg\" title=\"Braune-Laermschutzwand-in-Dortmund\" crop=\"\" width=\"1376\" height=\"774\" src=\"https:\/\/rau.de\/wp-content\/uploads\/Braune-Laermschutzwand-in-Dortmund.jpg\" data-src=\"https:\/\/rau.de\/wp-content\/uploads\/Braune-Laermschutzwand-in-Dortmund.jpg\" data-caption=\"\" srcset=\"https:\/\/rau.de\/wp-content\/uploads\/Braune-Laermschutzwand-in-Dortmund.jpg 1376w, https:\/\/rau.de\/wp-content\/uploads\/Braune-Laermschutzwand-in-Dortmund-300x169.jpg 300w, https:\/\/rau.de\/wp-content\/uploads\/Braune-Laermschutzwand-in-Dortmund-1024x576.jpg 1024w\" sizes=\"auto, (max-width: 1376px) 100vw, 1376px\" \/>\n\t\t<div class=\"figc no-description\">\n\t\t\t<div class=\"figc-inner\">\n\t\t\t\t\t\t\t\t\t\t\t\t\t\t\t<\/div>\n\t\t<\/div>\n\n\t<\/div>\n\n<\/div><div class=\"modula-item effect-\" data-width=\"4\" data-height=\"3\" >\n\t<div class=\"modula-item-overlay\"><\/div>\n\n\t<div class=\"modula-item-content\">\n\n\t\t<a data-image-id=\"27585\" role=\"button\" tabindex=\"0\" rel=\"jtg-16314\" data-caption=\"&lt;span class=&quot;modula-caption-description&quot;&gt;&lt;\/span&gt;\" aria-label=\"Open image in lightbox\" data-thumb=\"https:\/\/rau.de\/wp-content\/uploads\/Lange-eckige-Laermschutzwand-in-Waghaeusel-150x150.jpg\" class=\"tile-inner modula-item-link\"><\/a><img loading=\"lazy\" decoding=\"async\" class=\"pic wp-image-27585\"  data-valign=\"middle\" data-halign=\"center\" alt=\"Lange eckige L\u00e4rmschutzwand in Waghaeusel\" data-full=\"https:\/\/rau.de\/wp-content\/uploads\/Lange-eckige-Laermschutzwand-in-Waghaeusel.jpg\" title=\"Lange-eckige-Laermschutzwand-in-Waghaeusel\" crop=\"\" width=\"1920\" height=\"1079\" src=\"https:\/\/rau.de\/wp-content\/uploads\/Lange-eckige-Laermschutzwand-in-Waghaeusel.jpg\" data-src=\"https:\/\/rau.de\/wp-content\/uploads\/Lange-eckige-Laermschutzwand-in-Waghaeusel.jpg\" data-caption=\"\" srcset=\"https:\/\/rau.de\/wp-content\/uploads\/Lange-eckige-Laermschutzwand-in-Waghaeusel.jpg 1920w, https:\/\/rau.de\/wp-content\/uploads\/Lange-eckige-Laermschutzwand-in-Waghaeusel-300x169.jpg 300w, https:\/\/rau.de\/wp-content\/uploads\/Lange-eckige-Laermschutzwand-in-Waghaeusel-1024x575.jpg 1024w\" sizes=\"auto, (max-width: 1920px) 100vw, 1920px\" \/>\n\t\t<div class=\"figc no-description\">\n\t\t\t<div class=\"figc-inner\">\n\t\t\t\t\t\t\t\t\t\t\t\t\t\t\t<\/div>\n\t\t<\/div>\n\n\t<\/div>\n\n<\/div><div class=\"modula-item effect-\" data-width=\"5\" data-height=\"3\" >\n\t<div class=\"modula-item-overlay\"><\/div>\n\n\t<div class=\"modula-item-content\">\n\n\t\t<a data-image-id=\"27857\" role=\"button\" tabindex=\"0\" rel=\"jtg-16314\" data-caption=\"&lt;span class=&quot;modula-caption-description&quot;&gt;&lt;\/span&gt;\" aria-label=\"Open image in lightbox\" data-thumb=\"https:\/\/rau.de\/wp-content\/uploads\/RAU-Klimawand-R3-150x150.jpg\" class=\"tile-inner modula-item-link\"><\/a><img loading=\"lazy\" decoding=\"async\" class=\"pic wp-image-27857\"  data-valign=\"middle\" data-halign=\"center\" alt=\"RAU Klimawand R3\" data-full=\"https:\/\/rau.de\/wp-content\/uploads\/RAU-Klimawand-R3.jpg\" title=\"RAU-Klimawand-R3\" crop=\"\" width=\"800\" height=\"1067\" src=\"https:\/\/rau.de\/wp-content\/uploads\/RAU-Klimawand-R3.jpg\" data-src=\"https:\/\/rau.de\/wp-content\/uploads\/RAU-Klimawand-R3.jpg\" data-caption=\"\" srcset=\"https:\/\/rau.de\/wp-content\/uploads\/RAU-Klimawand-R3.jpg 800w, https:\/\/rau.de\/wp-content\/uploads\/RAU-Klimawand-R3-225x300.jpg 225w, https:\/\/rau.de\/wp-content\/uploads\/RAU-Klimawand-R3-768x1024.jpg 768w\" sizes=\"auto, (max-width: 800px) 100vw, 800px\" \/>\n\t\t<div class=\"figc no-description\">\n\t\t\t<div class=\"figc-inner\">\n\t\t\t\t\t\t\t\t\t\t\t\t\t\t\t<\/div>\n\t\t<\/div>\n\n\t<\/div>\n\n<\/div><div class=\"modula-item effect-\" data-width=\"4\" data-height=\"4\" >\n\t<div class=\"modula-item-overlay\"><\/div>\n\n\t<div class=\"modula-item-content\">\n\n\t\t<a data-image-id=\"27754\" role=\"button\" tabindex=\"0\" rel=\"jtg-16314\" data-caption=\"&lt;span class=&quot;modula-caption-description&quot;&gt;&lt;\/span&gt;\" aria-label=\"Open image in lightbox\" data-thumb=\"https:\/\/rau.de\/wp-content\/uploads\/Urban-begruente-Laermschutzwand-150x150.jpg\" class=\"tile-inner modula-item-link\"><\/a><img loading=\"lazy\" decoding=\"async\" class=\"pic wp-image-27754\"  data-valign=\"middle\" data-halign=\"center\" alt=\"Urban begr\u00fcnte L\u00e4rmschutzwand\" data-full=\"https:\/\/rau.de\/wp-content\/uploads\/Urban-begruente-Laermschutzwand.jpg\" title=\"Urban-begruente-Laermschutzwand\" crop=\"\" width=\"1024\" height=\"683\" src=\"https:\/\/rau.de\/wp-content\/uploads\/Urban-begruente-Laermschutzwand.jpg\" data-src=\"https:\/\/rau.de\/wp-content\/uploads\/Urban-begruente-Laermschutzwand.jpg\" data-caption=\"\" srcset=\"https:\/\/rau.de\/wp-content\/uploads\/Urban-begruente-Laermschutzwand.jpg 1024w, https:\/\/rau.de\/wp-content\/uploads\/Urban-begruente-Laermschutzwand-300x200.jpg 300w\" sizes=\"auto, (max-width: 1024px) 100vw, 1024px\" \/>\n\t\t<div class=\"figc no-description\">\n\t\t\t<div class=\"figc-inner\">\n\t\t\t\t\t\t\t\t\t\t\t\t\t\t\t<\/div>\n\t\t<\/div>\n\n\t<\/div>\n\n<\/div><div class=\"modula-item effect-\" data-width=\"4\" data-height=\"4\" >\n\t<div class=\"modula-item-overlay\"><\/div>\n\n\t<div class=\"modula-item-content\">\n\n\t\t<a data-image-id=\"27728\" role=\"button\" tabindex=\"0\" rel=\"jtg-16314\" data-caption=\"&lt;span class=&quot;modula-caption-description&quot;&gt;&lt;\/span&gt;\" aria-label=\"Open image in lightbox\" data-thumb=\"https:\/\/rau.de\/wp-content\/uploads\/Stark-begruente-Laermschutzwand-150x150.jpg\" class=\"tile-inner modula-item-link\"><\/a><img loading=\"lazy\" decoding=\"async\" class=\"pic wp-image-27728\"  data-valign=\"middle\" data-halign=\"center\" alt=\"Stark begr\u00fcnte L\u00e4rmschutzwand\" data-full=\"https:\/\/rau.de\/wp-content\/uploads\/Stark-begruente-Laermschutzwand.jpg\" title=\"Stark-begruente-Laermschutzwand\" crop=\"\" width=\"1200\" height=\"800\" src=\"https:\/\/rau.de\/wp-content\/uploads\/Stark-begruente-Laermschutzwand.jpg\" data-src=\"https:\/\/rau.de\/wp-content\/uploads\/Stark-begruente-Laermschutzwand.jpg\" data-caption=\"\" srcset=\"https:\/\/rau.de\/wp-content\/uploads\/Stark-begruente-Laermschutzwand.jpg 1200w, https:\/\/rau.de\/wp-content\/uploads\/Stark-begruente-Laermschutzwand-300x200.jpg 300w, https:\/\/rau.de\/wp-content\/uploads\/Stark-begruente-Laermschutzwand-1024x683.jpg 1024w\" sizes=\"auto, (max-width: 1200px) 100vw, 1200px\" \/>\n\t\t<div class=\"figc no-description\">\n\t\t\t<div class=\"figc-inner\">\n\t\t\t\t\t\t\t\t\t\t\t\t\t\t\t<\/div>\n\t\t<\/div>\n\n\t<\/div>\n\n<\/div><div class=\"modula-item effect-\" data-width=\"4\" data-height=\"4\" >\n\t<div class=\"modula-item-overlay\"><\/div>\n\n\t<div class=\"modula-item-content\">\n\n\t\t<a data-image-id=\"27767\" role=\"button\" tabindex=\"0\" rel=\"jtg-16314\" data-caption=\"&lt;span class=&quot;modula-caption-description&quot;&gt;&lt;\/span&gt;\" aria-label=\"Open image in lightbox\" data-thumb=\"https:\/\/rau.de\/wp-content\/uploads\/Urban-begruente-Laermschutzwand-in-Frankfurt-am-Main-150x150.jpg\" class=\"tile-inner modula-item-link\"><\/a><img loading=\"lazy\" decoding=\"async\" class=\"pic wp-image-27767\"  data-valign=\"middle\" data-halign=\"center\" alt=\"Urban begr\u00fcnte L\u00e4rmschutzwand in Frankfurt am Main\" data-full=\"https:\/\/rau.de\/wp-content\/uploads\/Urban-begruente-Laermschutzwand-in-Frankfurt-am-Main.jpg\" title=\"Urban-begruente-Laermschutzwand-in-Frankfurt-am-Main\" crop=\"\" width=\"1200\" height=\"800\" src=\"https:\/\/rau.de\/wp-content\/uploads\/Urban-begruente-Laermschutzwand-in-Frankfurt-am-Main.jpg\" data-src=\"https:\/\/rau.de\/wp-content\/uploads\/Urban-begruente-Laermschutzwand-in-Frankfurt-am-Main.jpg\" data-caption=\"\" srcset=\"https:\/\/rau.de\/wp-content\/uploads\/Urban-begruente-Laermschutzwand-in-Frankfurt-am-Main.jpg 1200w, https:\/\/rau.de\/wp-content\/uploads\/Urban-begruente-Laermschutzwand-in-Frankfurt-am-Main-300x200.jpg 300w, https:\/\/rau.de\/wp-content\/uploads\/Urban-begruente-Laermschutzwand-in-Frankfurt-am-Main-1024x683.jpg 1024w\" sizes=\"auto, (max-width: 1200px) 100vw, 1200px\" \/>\n\t\t<div class=\"figc no-description\">\n\t\t\t<div class=\"figc-inner\">\n\t\t\t\t\t\t\t\t\t\t\t\t\t\t\t<\/div>\n\t\t<\/div>\n\n\t<\/div>\n\n<\/div>\t\t\n\t<\/div>\n\n\t\n\t\n\t<script type=\"application\/ld+json\">\n\t{\n\t\t\"@context\": \"http:\/\/schema.org\",\n\t\t\"@type\"   : \"ImageGallery\",\n\t\t\"id\"      : \"https:\/\/rau.de\/cs\/galerie\/r3-extensiv\/\",\n\t\t\"url\"     : \"https:\/\/rau.de\/cs\/galerie\/r3-extensiv\/\"\n\t}\n\n\t<\/script>\n\n\t\n<\/div>\n\n<\/div><\/div><\/div><\/div><\/div><\/div><\/div><\/div><\/div><\/div><\/div><\/section>\n","protected":false},"excerpt":{"rendered":"RAU R3 Extensiv protihlukov\u00e1 st\u011bna \u2013 konstruk\u010dn\u00ed v\u00fd\u0161ka do 12 metr\u016fOptim\u00e1ln\u00ed pom\u011br cena \u2013 u\u017eitek Tento jednodu\u0161e smontovateln\u00fd, enormn\u011b stabiln\u00ed ko\u0161 se skl\u00e1d\u00e1 v\u00fdlu\u010dn\u011b z\u00a0nosn\u00fdch profil\u016f, vertik\u00e1ln\u00edch dr\u00e1t\u016f a\u00a0vn\u011bj\u0161\u00edch roho\u017e\u00ed. Vysta\u010d\u00ed si bez n\u00e1kladn\u00fdch z\u00e1klad\u016f, a\u00a0proto se lehce a\u00a0levn\u011b instaluje. K\u00a0pln\u011bn\u00ed se hod\u00ed v\u0161echny sypk\u00e9 druhy zeminy. U\u00a0RAU R3 EXTENSIV protihlukov\u00e9 st\u011bny je mo\u017en\u00e9 realizovat...","protected":false},"author":1,"featured_media":0,"parent":760,"menu_order":0,"comment_status":"closed","ping_status":"closed","template":"","meta":{"footnotes":""},"class_list":["post-6221","page","type-page","status-publish","hentry"],"yoast_head":"<!-- This site is optimized with the Yoast SEO plugin v27.5 - https:\/\/yoast.com\/product\/yoast-seo-wordpress\/ -->\n<title>RAU R3 Extensiv protihlukov\u00e1 st\u011bna \u2013 konstruk\u010dn\u00ed v\u00fd\u0161ka do 12 metr\u016f \ud83c\udf33<\/title>\n<meta name=\"description\" content=\"\ud83c\udfc6U RAU R3 EXTENSIV protihlukov\u00e9 st\u011bny je mo\u017en\u00e9 realizovat dokonce zat\u00e1\u010dky, v\u00fd\u0161kov\u00e9 skoky na nejmen\u0161\u00edm prostoru a bez velk\u00e9ho \u00fasil\u00ed. \ud83c\udf43\" \/>\n<meta name=\"robots\" content=\"index, follow, max-snippet:-1, max-image-preview:large, max-video-preview:-1\" \/>\n<link rel=\"canonical\" href=\"https:\/\/rau.de\/cs\/galerie\/r3-extensiv\/\" \/>\n<meta property=\"og:locale\" content=\"cs_CZ\" \/>\n<meta property=\"og:type\" content=\"article\" \/>\n<meta property=\"og:title\" content=\"RAU R3 Extensiv protihlukov\u00e1 st\u011bna \u2013 konstruk\u010dn\u00ed v\u00fd\u0161ka do 12 metr\u016f \ud83c\udf33\" \/>\n<meta property=\"og:description\" content=\"\ud83c\udfc6U RAU R3 EXTENSIV protihlukov\u00e9 st\u011bny je mo\u017en\u00e9 realizovat dokonce zat\u00e1\u010dky, v\u00fd\u0161kov\u00e9 skoky na nejmen\u0161\u00edm prostoru a bez velk\u00e9ho \u00fasil\u00ed. \ud83c\udf43\" \/>\n<meta property=\"og:url\" content=\"https:\/\/rau.de\/cs\/galerie\/r3-extensiv\/\" \/>\n<meta property=\"og:site_name\" content=\"Rau | L\u00e4rmschutzw\u00e4nde\" \/>\n<meta property=\"article:modified_time\" content=\"2021-09-09T09:51:52+00:00\" \/>\n<meta property=\"og:image\" content=\"https:\/\/rau.de\/wp-content\/uploads\/rau.de-begruente-laermschutzwand-2015-08-23-sonderteile-2.jpg\" \/>\n\t<meta property=\"og:image:width\" content=\"1920\" \/>\n\t<meta property=\"og:image:height\" content=\"1146\" \/>\n\t<meta property=\"og:image:type\" content=\"image\/jpeg\" \/>\n<meta name=\"twitter:card\" content=\"summary_large_image\" \/>\n<meta name=\"twitter:label1\" content=\"Odhadovan\u00e1 doba \u010dten\u00ed\" \/>\n\t<meta name=\"twitter:data1\" content=\"1 minuta\" \/>\n<script type=\"application\/ld+json\" class=\"yoast-schema-graph\">{\"@context\":\"https:\\\/\\\/schema.org\",\"@graph\":[{\"@type\":\"WebPage\",\"@id\":\"https:\\\/\\\/rau.de\\\/cs\\\/galerie\\\/r3-extensiv\\\/\",\"url\":\"https:\\\/\\\/rau.de\\\/cs\\\/galerie\\\/r3-extensiv\\\/\",\"name\":\"RAU R3 Extensiv protihlukov\u00e1 st\u011bna \u2013 konstruk\u010dn\u00ed v\u00fd\u0161ka do 12 metr\u016f \ud83c\udf33\",\"isPartOf\":{\"@id\":\"https:\\\/\\\/rau.de\\\/cs\\\/#website\"},\"datePublished\":\"2015-05-19T10:00:29+00:00\",\"dateModified\":\"2021-09-09T09:51:52+00:00\",\"description\":\"\ud83c\udfc6U RAU R3 EXTENSIV protihlukov\u00e9 st\u011bny je mo\u017en\u00e9 realizovat dokonce zat\u00e1\u010dky, v\u00fd\u0161kov\u00e9 skoky na nejmen\u0161\u00edm prostoru a bez velk\u00e9ho \u00fasil\u00ed. \ud83c\udf43\",\"breadcrumb\":{\"@id\":\"https:\\\/\\\/rau.de\\\/cs\\\/galerie\\\/r3-extensiv\\\/#breadcrumb\"},\"inLanguage\":\"cs\",\"potentialAction\":[{\"@type\":\"ReadAction\",\"target\":[\"https:\\\/\\\/rau.de\\\/cs\\\/galerie\\\/r3-extensiv\\\/\"]}]},{\"@type\":\"BreadcrumbList\",\"@id\":\"https:\\\/\\\/rau.de\\\/cs\\\/galerie\\\/r3-extensiv\\\/#breadcrumb\",\"itemListElement\":[{\"@type\":\"ListItem\",\"position\":1,\"name\":\"Startseite\",\"item\":\"https:\\\/\\\/rau.de\\\/cs\\\/\"},{\"@type\":\"ListItem\",\"position\":2,\"name\":\"Galerie\",\"item\":\"https:\\\/\\\/rau.de\\\/cs\\\/galerie\\\/\"},{\"@type\":\"ListItem\",\"position\":3,\"name\":\"RAU R3 Extensiv protihlukov\u00e1 st\u011bna \u2013 konstruk\u010dn\u00ed v\u00fd\u0161ka do 12 metr\u016f\"}]},{\"@type\":\"WebSite\",\"@id\":\"https:\\\/\\\/rau.de\\\/cs\\\/#website\",\"url\":\"https:\\\/\\\/rau.de\\\/cs\\\/\",\"name\":\"Rau | L\u00e4rmschutzw\u00e4nde\",\"description\":\"Entwicklung und Umsetzung von L\u00e4rmschutzwand und Schallschutzwand\",\"publisher\":{\"@id\":\"https:\\\/\\\/rau.de\\\/cs\\\/#organization\"},\"potentialAction\":[{\"@type\":\"SearchAction\",\"target\":{\"@type\":\"EntryPoint\",\"urlTemplate\":\"https:\\\/\\\/rau.de\\\/cs\\\/?s={search_term_string}\"},\"query-input\":{\"@type\":\"PropertyValueSpecification\",\"valueRequired\":true,\"valueName\":\"search_term_string\"}}],\"inLanguage\":\"cs\"},{\"@type\":\"Organization\",\"@id\":\"https:\\\/\\\/rau.de\\\/cs\\\/#organization\",\"name\":\"RAU L\u00e4rmschutzw\u00e4nde \u2013 Geosystem GBK GmbH\",\"url\":\"https:\\\/\\\/rau.de\\\/cs\\\/\",\"logo\":{\"@type\":\"ImageObject\",\"inLanguage\":\"cs\",\"@id\":\"https:\\\/\\\/rau.de\\\/cs\\\/#\\\/schema\\\/logo\\\/image\\\/\",\"url\":\"https:\\\/\\\/rau.de\\\/wp-content\\\/uploads\\\/web_logo.png\",\"contentUrl\":\"https:\\\/\\\/rau.de\\\/wp-content\\\/uploads\\\/web_logo.png\",\"width\":249,\"height\":127,\"caption\":\"RAU L\u00e4rmschutzw\u00e4nde \u2013 Geosystem GBK GmbH\"},\"image\":{\"@id\":\"https:\\\/\\\/rau.de\\\/cs\\\/#\\\/schema\\\/logo\\\/image\\\/\"}}]}<\/script>\n<!-- \/ Yoast SEO plugin. -->","yoast_head_json":{"title":"RAU R3 Extensiv protihlukov\u00e1 st\u011bna \u2013 konstruk\u010dn\u00ed v\u00fd\u0161ka do 12 metr\u016f \ud83c\udf33","description":"\ud83c\udfc6U RAU R3 EXTENSIV protihlukov\u00e9 st\u011bny je mo\u017en\u00e9 realizovat dokonce zat\u00e1\u010dky, v\u00fd\u0161kov\u00e9 skoky na nejmen\u0161\u00edm prostoru a bez velk\u00e9ho \u00fasil\u00ed. \ud83c\udf43","robots":{"index":"index","follow":"follow","max-snippet":"max-snippet:-1","max-image-preview":"max-image-preview:large","max-video-preview":"max-video-preview:-1"},"canonical":"https:\/\/rau.de\/cs\/galerie\/r3-extensiv\/","og_locale":"cs_CZ","og_type":"article","og_title":"RAU R3 Extensiv protihlukov\u00e1 st\u011bna \u2013 konstruk\u010dn\u00ed v\u00fd\u0161ka do 12 metr\u016f \ud83c\udf33","og_description":"\ud83c\udfc6U RAU R3 EXTENSIV protihlukov\u00e9 st\u011bny je mo\u017en\u00e9 realizovat dokonce zat\u00e1\u010dky, v\u00fd\u0161kov\u00e9 skoky na nejmen\u0161\u00edm prostoru a bez velk\u00e9ho \u00fasil\u00ed. \ud83c\udf43","og_url":"https:\/\/rau.de\/cs\/galerie\/r3-extensiv\/","og_site_name":"Rau | L\u00e4rmschutzw\u00e4nde","article_modified_time":"2021-09-09T09:51:52+00:00","og_image":[{"width":1920,"height":1146,"url":"https:\/\/rau.de\/wp-content\/uploads\/rau.de-begruente-laermschutzwand-2015-08-23-sonderteile-2.jpg","type":"image\/jpeg"}],"twitter_card":"summary_large_image","twitter_misc":{"Odhadovan\u00e1 doba \u010dten\u00ed":"1 minuta"},"schema":{"@context":"https:\/\/schema.org","@graph":[{"@type":"WebPage","@id":"https:\/\/rau.de\/cs\/galerie\/r3-extensiv\/","url":"https:\/\/rau.de\/cs\/galerie\/r3-extensiv\/","name":"RAU R3 Extensiv protihlukov\u00e1 st\u011bna \u2013 konstruk\u010dn\u00ed v\u00fd\u0161ka do 12 metr\u016f \ud83c\udf33","isPartOf":{"@id":"https:\/\/rau.de\/cs\/#website"},"datePublished":"2015-05-19T10:00:29+00:00","dateModified":"2021-09-09T09:51:52+00:00","description":"\ud83c\udfc6U RAU R3 EXTENSIV protihlukov\u00e9 st\u011bny je mo\u017en\u00e9 realizovat dokonce zat\u00e1\u010dky, v\u00fd\u0161kov\u00e9 skoky na nejmen\u0161\u00edm prostoru a bez velk\u00e9ho \u00fasil\u00ed. \ud83c\udf43","breadcrumb":{"@id":"https:\/\/rau.de\/cs\/galerie\/r3-extensiv\/#breadcrumb"},"inLanguage":"cs","potentialAction":[{"@type":"ReadAction","target":["https:\/\/rau.de\/cs\/galerie\/r3-extensiv\/"]}]},{"@type":"BreadcrumbList","@id":"https:\/\/rau.de\/cs\/galerie\/r3-extensiv\/#breadcrumb","itemListElement":[{"@type":"ListItem","position":1,"name":"Startseite","item":"https:\/\/rau.de\/cs\/"},{"@type":"ListItem","position":2,"name":"Galerie","item":"https:\/\/rau.de\/cs\/galerie\/"},{"@type":"ListItem","position":3,"name":"RAU R3 Extensiv protihlukov\u00e1 st\u011bna \u2013 konstruk\u010dn\u00ed v\u00fd\u0161ka do 12 metr\u016f"}]},{"@type":"WebSite","@id":"https:\/\/rau.de\/cs\/#website","url":"https:\/\/rau.de\/cs\/","name":"Rau | L\u00e4rmschutzw\u00e4nde","description":"Entwicklung und Umsetzung von L\u00e4rmschutzwand und Schallschutzwand","publisher":{"@id":"https:\/\/rau.de\/cs\/#organization"},"potentialAction":[{"@type":"SearchAction","target":{"@type":"EntryPoint","urlTemplate":"https:\/\/rau.de\/cs\/?s={search_term_string}"},"query-input":{"@type":"PropertyValueSpecification","valueRequired":true,"valueName":"search_term_string"}}],"inLanguage":"cs"},{"@type":"Organization","@id":"https:\/\/rau.de\/cs\/#organization","name":"RAU L\u00e4rmschutzw\u00e4nde \u2013 Geosystem GBK GmbH","url":"https:\/\/rau.de\/cs\/","logo":{"@type":"ImageObject","inLanguage":"cs","@id":"https:\/\/rau.de\/cs\/#\/schema\/logo\/image\/","url":"https:\/\/rau.de\/wp-content\/uploads\/web_logo.png","contentUrl":"https:\/\/rau.de\/wp-content\/uploads\/web_logo.png","width":249,"height":127,"caption":"RAU L\u00e4rmschutzw\u00e4nde \u2013 Geosystem GBK GmbH"},"image":{"@id":"https:\/\/rau.de\/cs\/#\/schema\/logo\/image\/"}}]}},"_links":{"self":[{"href":"https:\/\/rau.de\/cs\/wp-json\/wp\/v2\/pages\/6221","targetHints":{"allow":["GET"]}}],"collection":[{"href":"https:\/\/rau.de\/cs\/wp-json\/wp\/v2\/pages"}],"about":[{"href":"https:\/\/rau.de\/cs\/wp-json\/wp\/v2\/types\/page"}],"author":[{"embeddable":true,"href":"https:\/\/rau.de\/cs\/wp-json\/wp\/v2\/users\/1"}],"replies":[{"embeddable":true,"href":"https:\/\/rau.de\/cs\/wp-json\/wp\/v2\/comments?post=6221"}],"version-history":[{"count":15,"href":"https:\/\/rau.de\/cs\/wp-json\/wp\/v2\/pages\/6221\/revisions"}],"predecessor-version":[{"id":21239,"href":"https:\/\/rau.de\/cs\/wp-json\/wp\/v2\/pages\/6221\/revisions\/21239"}],"up":[{"embeddable":true,"href":"https:\/\/rau.de\/cs\/wp-json\/wp\/v2\/pages\/760"}],"wp:attachment":[{"href":"https:\/\/rau.de\/cs\/wp-json\/wp\/v2\/media?parent=6221"}],"curies":[{"name":"wp","href":"https:\/\/api.w.org\/{rel}","templated":true}]}}