{"id":6213,"date":"2020-06-09T16:44:45","date_gmt":"2020-06-09T14:44:45","guid":{"rendered":"http:\/\/rau.kundendemo.com\/?page_id=6213"},"modified":"2021-10-25T16:20:10","modified_gmt":"2021-10-25T14:20:10","slug":"photovoltaik","status":"publish","type":"page","link":"https:\/\/rau.de\/cs\/galerie\/photovoltaik\/","title":{"rendered":"Photovoltaik"},"content":{"rendered":"<section class=\"l-section wpb_row height_medium full_height valign_center with_img parallax_fixed\" id=\"kontakt\"><div class=\"l-section-img\" role=\"img\" data-img-width=\"2000\" data-img-height=\"1122\" style=\"background-image: url(https:\/\/rau.de\/wp-content\/uploads\/bg.jpg);\"><\/div><div class=\"l-section-h i-cf\"><div class=\"g-cols vc_row via_flex valign_top type_default stacking_default\"><div class=\"vc_col-sm-12 wpb_column vc_column_container\"><div class=\"vc_column-inner\"><div class=\"wpb_wrapper\"><div class=\"g-cols wpb_row content_top via_flex valign_top type_default stacking_default\"><div class=\"vc_col-sm-12 wpb_column vc_column_container\"><div class=\"vc_column-inner\"><div class=\"wpb_wrapper\"><h1 class=\"w-post-elm post_title entry-title color_link_inherit\">Photovoltaik<\/h1><\/div><\/div><\/div><\/div><div class=\"g-cols wpb_row us_custom_4fb9e5a3 content_text via_flex valign_top type_default stacking_default\"><div class=\"vc_col-sm-12 wpb_column vc_column_container\"><div class=\"vc_column-inner\"><div class=\"wpb_wrapper\"><div class=\"wpb_text_column mb-30\"><div class=\"wpb_wrapper\"><p>Jako spole\u010dnost, kter\u00e1 m\u00e1 v\u017edy z\u00e1jem b\u00fdt o krok nap\u0159ed z hlediska ekologie a ekonomiky, hled\u00e1me nov\u00e9 zp\u016fsoby ochrany proti hluku na silnic\u00edch. Kdy\u017e se spoj\u00ed dohromady zelen\u00e1 ochrana proti hluku a obnoviteln\u00e9 energie, je to dvakr\u00e1t ekologi\u010dt\u011bj\u0161\u00ed \u2013 a z toho je tvo\u0159ena fotovoltaick\u00e1 bari\u00e9ra proti hluku RAU.<\/p>\n<p>Spolu s na\u0161imi partnery ze sol\u00e1rn\u00edho pr\u016fmyslu jsme dok\u00e1zali realizovat revolu\u010dn\u00ed my\u0161lenku: Pro\u010d nepou\u017e\u00edvat oblasti protihlukov\u00fdch bari\u00e9r k v\u00fdrob\u011b elekt\u0159iny? Takto byla v Bavorsku vytvo\u0159ena prvn\u00ed zelen\u00e1 st\u011bna na ochranu proti hluku s fotovoltaickou technologi\u00ed \u2013 postaven\u00e1 spole\u010dnost\u00ed RAU. Ji\u017e 10 let vyr\u00e1b\u00ed elekt\u0159inu a kysl\u00edk a v\u00e1\u017ee jemn\u00fd prach a CO2.<\/p>\n<p>I zde je z\u00e1kladn\u00ed strukturou vyzkou\u0161en\u00e1 a ov\u011b\u0159en\u00e1 konstrukce RAU R3, kter\u00e1 je upravena \u00fachyty pro fotovoltaick\u00fd syst\u00e9m.<\/p>\n<\/div><\/div><div class=\"w-btn-wrapper align_right\"><a class=\"w-btn us-btn-style_1 icon_atleft\" title=\"Photovoltaik bei Rau.de\" href=\"\/cs\/produkt\/rau-photovoltaik-konstrukcni-vyska-10-metruc\/\"><i class=\"fas fa-external-link\"><\/i><span class=\"w-btn-label\">RAU Photovoltaik \u2013 konstruk\u010dn\u00ed v\u00fd\u0161ka do 10 metr\u016fc<\/span><\/a><\/div><div class=\"w-separator size_small\"><\/div><div class=\"wpb_text_column\"><div class=\"wpb_wrapper\"><div  id=\"jtg-19152\" class=\"modula modula-gallery modula-custom-grid\" data-config=\"{&quot;height&quot;:800,&quot;tabletHeight&quot;:800,&quot;mobileHeight&quot;:800,&quot;desktopHeight&quot;:800,&quot;enableTwitter&quot;:false,&quot;enableWhatsapp&quot;:false,&quot;enableFacebook&quot;:false,&quot;enablePinterest&quot;:false,&quot;enableLinkedin&quot;:false,&quot;enableEmail&quot;:false,&quot;randomFactor&quot;:0.5,&quot;type&quot;:&quot;custom-grid&quot;,&quot;columns&quot;:12,&quot;gutter&quot;:10,&quot;mobileGutter&quot;:10,&quot;tabletGutter&quot;:10,&quot;desktopGutter&quot;:10,&quot;enableResponsive&quot;:true,&quot;tabletColumns&quot;:3,&quot;mobileColumns&quot;:2,&quot;lazyLoad&quot;:0,&quot;lightboxOpts&quot;:{&quot;animated&quot;:true,&quot;Thumbs&quot;:{&quot;type&quot;:&quot;modern&quot;,&quot;showOnStart&quot;:false},&quot;Toolbar&quot;:{&quot;display&quot;:{&quot;right&quot;:[&quot;close&quot;],&quot;left&quot;:[&quot;infobar&quot;]},&quot;enabled&quot;:true},&quot;Carousel&quot;:{&quot;Panzoom&quot;:{&quot;touch&quot;:false},&quot;infinite&quot;:false,&quot;transition&quot;:&quot;fade&quot;},&quot;keyboard&quot;:{&quot;Escape&quot;:&quot;close&quot;,&quot;Delete&quot;:&quot;close&quot;,&quot;Backspace&quot;:&quot;close&quot;,&quot;PageUp&quot;:&quot;next&quot;,&quot;PageDown&quot;:&quot;prev&quot;,&quot;ArrowUp&quot;:&quot;prev&quot;,&quot;ArrowDown&quot;:&quot;next&quot;,&quot;ArrowRight&quot;:&quot;next&quot;,&quot;ArrowLeft&quot;:&quot;prev&quot;},&quot;touch&quot;:false,&quot;backdropClick&quot;:false,&quot;l10n&quot;:{&quot;CLOSE&quot;:&quot;Close&quot;,&quot;NEXT&quot;:&quot;Next&quot;,&quot;PREV&quot;:&quot;Previous&quot;,&quot;Error&quot;:&quot;The requested content cannot be loaded. Please try again later.&quot;,&quot;PLAY_START&quot;:&quot;Start slideshow&quot;,&quot;PLAY_STOP&quot;:&quot;Pause slideshow&quot;,&quot;FULL_SCREEN&quot;:&quot;Full screen&quot;,&quot;THUMBS&quot;:&quot;Thumbnails&quot;,&quot;DOWNLOAD&quot;:&quot;Download&quot;,&quot;SHARE&quot;:&quot;Share&quot;,&quot;ZOOM&quot;:&quot;Zoom&quot;,&quot;EMAIL&quot;:&quot;Here is the link to the image : %%image_link%% and this is the link to the gallery : %%gallery_link%%&quot;,&quot;MODAL&quot;:&quot;You can close this modal content with the ESC key&quot;,&quot;ERROR&quot;:&quot;Something Went Wrong, Please Try Again Later&quot;,&quot;IMAGE_ERROR&quot;:&quot;Image Not Found&quot;,&quot;ELEMENT_NOT_FOUND&quot;:&quot;HTML Element Not Found&quot;,&quot;AJAX_NOT_FOUND&quot;:&quot;Error Loading AJAX : Not Found&quot;,&quot;AJAX_FORBIDDEN&quot;:&quot;Error Loading AJAX : Forbidden&quot;,&quot;IFRAME_ERROR&quot;:&quot;Error Loading Page&quot;,&quot;TOGGLE_ZOOM&quot;:&quot;Toggle zoom level&quot;,&quot;TOGGLE_THUMBS&quot;:&quot;Toggle thumbnails&quot;,&quot;TOGGLE_SLIDESHOW&quot;:&quot;Toggle slideshow&quot;,&quot;TOGGLE_FULLSCREEN&quot;:&quot;Toggle full-screen mode&quot;},&quot;Images&quot;:{&quot;Panzoom&quot;:{&quot;maxScale&quot;:2}},&quot;toolbar&quot;:true,&quot;wheel&quot;:false,&quot;animationEffect&quot;:&quot;false&quot;,&quot;animationDuration&quot;:366,&quot;transitionEffect&quot;:&quot;false&quot;,&quot;mainClass&quot;:&quot;modula-fancybox-container modula-lightbox-jtg-19152&quot;,&quot;Html&quot;:{&quot;videoAutoplay&quot;:0,&quot;videoTpl&quot;:&quot;&lt;video class=\\&quot;fancybox__html5video\\&quot; controls muted playsinline controlsList controlsList=\\&quot;nodownload\\&quot; poster=\\&quot;{{poster}}\\&quot; src=\\&quot;{{src}}\\&quot; type=\\&quot;{{format}}\\&quot; &gt;  Sorry, your browser doesn&#039;t support embedded videos, &lt;a href=\\&quot;{{src}}\\&quot;&gt; download &lt;\\\/a&gt; and watch with your favorite video player! &lt;\\\/video&gt;&quot;}},&quot;inView&quot;:false,&quot;email_subject&quot;:&quot;Check out this awesome image !!&quot;,&quot;email_message&quot;:&quot;Here is the link to the image : %%image_link%% and this is the link to the gallery : %%gallery_link%%&quot;,&quot;lightbox&quot;:&quot;fancybox&quot;,&quot;filterClick&quot;:&quot;0&quot;,&quot;dropdownFilters&quot;:&quot;0&quot;,&quot;defaultActiveFilter&quot;:&quot;all&quot;,&quot;initLightbox&quot;:&quot;modula_pro_init_lightbox&quot;,&quot;haveFilters&quot;:0,&quot;lightbox_devices&quot;:&quot;both&quot;}\">\n\n\t\n\t<div  class=\"modula-items\">\n\t\t<div class=\"modula-item effect-lens jtg-filter-all jtg-filter-\" data-width=\"4\" data-height=\"4\" >\n\t<div class=\"modula-item-overlay\"><\/div>\n\n\t<div class=\"modula-item-content\">\n\n\t\t<a data-image-id=\"19257\" role=\"button\" tabindex=\"0\" rel=\"jtg-19152\" data-caption=\"&lt;span class=&quot;modula-caption-description&quot;&gt;&lt;\/span&gt;\" aria-label=\"Open image in lightbox\" data-thumb=\"https:\/\/rau.de\/wp-content\/uploads\/PhotovoltaikSonthofen1-150x150.jpg\" class=\"tile-inner modula-item-link\"><\/a><img loading=\"lazy\" decoding=\"async\" class=\"pic wp-image-19257\"  data-valign=\"middle\" data-halign=\"center\" alt=\"\" data-full=\"https:\/\/rau.de\/wp-content\/uploads\/PhotovoltaikSonthofen1.jpg\" title=\"PhotovoltaikSonthofen1\" crop=\"\" width=\"1920\" height=\"1440\" src=\"https:\/\/rau.de\/wp-content\/uploads\/PhotovoltaikSonthofen1.jpg\" data-src=\"https:\/\/rau.de\/wp-content\/uploads\/PhotovoltaikSonthofen1.jpg\" data-caption=\"\" srcset=\"https:\/\/rau.de\/wp-content\/uploads\/PhotovoltaikSonthofen1.jpg 1920w, https:\/\/rau.de\/wp-content\/uploads\/PhotovoltaikSonthofen1-300x225.jpg 300w, https:\/\/rau.de\/wp-content\/uploads\/PhotovoltaikSonthofen1-1024x768.jpg 1024w\" sizes=\"auto, (max-width: 1920px) 100vw, 1920px\" \/>\n\t\t<div class=\"figc no-description\">\n\t\t\t<div class=\"figc-inner\">\n\t\t\t\t\t\t\t\t\t<div class='jtg-title'>PhotovoltaikSonthofen1<\/div>\n\t\t\t\t\t\t\t\t\t\t\t\t\t\t\t<\/div>\n\t\t<\/div>\n\n\t<\/div>\n\n<\/div><div class=\"modula-item effect-lens jtg-filter-all jtg-filter-\" data-width=\"8\" data-height=\"4\" >\n\t<div class=\"modula-item-overlay\"><\/div>\n\n\t<div class=\"modula-item-content\">\n\n\t\t<a data-image-id=\"19270\" role=\"button\" tabindex=\"0\" rel=\"jtg-19152\" data-caption=\"&lt;span class=&quot;modula-caption-description&quot;&gt;&lt;\/span&gt;\" aria-label=\"Open image in lightbox\" data-thumb=\"https:\/\/rau.de\/wp-content\/uploads\/PhotovoltaikSonthofen2-150x150.jpg\" class=\"tile-inner modula-item-link\"><\/a><img loading=\"lazy\" decoding=\"async\" class=\"pic wp-image-19270\"  data-valign=\"middle\" data-halign=\"center\" alt=\"\" data-full=\"https:\/\/rau.de\/wp-content\/uploads\/PhotovoltaikSonthofen2.jpg\" title=\"PhotovoltaikSonthofen2\" crop=\"\" width=\"1920\" height=\"1440\" src=\"https:\/\/rau.de\/wp-content\/uploads\/PhotovoltaikSonthofen2.jpg\" data-src=\"https:\/\/rau.de\/wp-content\/uploads\/PhotovoltaikSonthofen2.jpg\" data-caption=\"\" srcset=\"https:\/\/rau.de\/wp-content\/uploads\/PhotovoltaikSonthofen2.jpg 1920w, https:\/\/rau.de\/wp-content\/uploads\/PhotovoltaikSonthofen2-300x225.jpg 300w, https:\/\/rau.de\/wp-content\/uploads\/PhotovoltaikSonthofen2-1024x768.jpg 1024w\" sizes=\"auto, (max-width: 1920px) 100vw, 1920px\" \/>\n\t\t<div class=\"figc no-description\">\n\t\t\t<div class=\"figc-inner\">\n\t\t\t\t\t\t\t\t\t<div class='jtg-title'>PhotovoltaikSonthofen2<\/div>\n\t\t\t\t\t\t\t\t\t\t\t\t\t\t\t<\/div>\n\t\t<\/div>\n\n\t<\/div>\n\n<\/div><div class=\"modula-item effect-lens jtg-filter-all jtg-filter-\" data-width=\"4\" data-height=\"3\" >\n\t<div class=\"modula-item-overlay\"><\/div>\n\n\t<div class=\"modula-item-content\">\n\n\t\t<a data-image-id=\"19166\" role=\"button\" tabindex=\"0\" rel=\"jtg-19152\" data-caption=\"&lt;span class=&quot;modula-caption-description&quot;&gt;&lt;\/span&gt;\" aria-label=\"Open image in lightbox\" data-thumb=\"https:\/\/rau.de\/wp-content\/uploads\/PhotovoltaikBiessenhofen2-150x150.jpg\" class=\"tile-inner modula-item-link\"><\/a><img loading=\"lazy\" decoding=\"async\" class=\"pic wp-image-19166\"  data-valign=\"middle\" data-halign=\"center\" alt=\"\" data-full=\"https:\/\/rau.de\/wp-content\/uploads\/PhotovoltaikBiessenhofen2.jpg\" title=\"PhotovoltaikBiessenhofen2\" crop=\"\" width=\"1200\" height=\"900\" src=\"https:\/\/rau.de\/wp-content\/uploads\/PhotovoltaikBiessenhofen2.jpg\" data-src=\"https:\/\/rau.de\/wp-content\/uploads\/PhotovoltaikBiessenhofen2.jpg\" data-caption=\"\" srcset=\"https:\/\/rau.de\/wp-content\/uploads\/PhotovoltaikBiessenhofen2.jpg 1200w, https:\/\/rau.de\/wp-content\/uploads\/PhotovoltaikBiessenhofen2-300x225.jpg 300w, https:\/\/rau.de\/wp-content\/uploads\/PhotovoltaikBiessenhofen2-1024x768.jpg 1024w\" sizes=\"auto, (max-width: 1200px) 100vw, 1200px\" \/>\n\t\t<div class=\"figc no-description\">\n\t\t\t<div class=\"figc-inner\">\n\t\t\t\t\t\t\t\t\t<div class='jtg-title'>PhotovoltaikBiessenhofen2<\/div>\n\t\t\t\t\t\t\t\t\t\t\t\t\t\t\t<\/div>\n\t\t<\/div>\n\n\t<\/div>\n\n<\/div><div class=\"modula-item effect-lens jtg-filter-all jtg-filter-\" data-width=\"4\" data-height=\"3\" >\n\t<div class=\"modula-item-overlay\"><\/div>\n\n\t<div class=\"modula-item-content\">\n\n\t\t<a data-image-id=\"27650\" role=\"button\" tabindex=\"0\" rel=\"jtg-19152\" data-caption=\"&lt;span class=&quot;modula-caption-description&quot;&gt;&lt;\/span&gt;\" aria-label=\"Open image in lightbox\" data-thumb=\"https:\/\/rau.de\/wp-content\/uploads\/Photovoltaikanlage-bei-einer-Gruenflaeche-in-Biessenhofen-150x150.jpg\" class=\"tile-inner modula-item-link\"><\/a><img loading=\"lazy\" decoding=\"async\" class=\"pic wp-image-27650\"  data-valign=\"middle\" data-halign=\"center\" alt=\"Photovoltaikanlage bei einer Gr\u00fcnfl\u00e4che in Biessenhofen\" data-full=\"https:\/\/rau.de\/wp-content\/uploads\/Photovoltaikanlage-bei-einer-Gruenflaeche-in-Biessenhofen.jpg\" title=\"Photovoltaikanlage-bei-einer-Gruenflaeche-in-Biessenhofen\" crop=\"\" width=\"1200\" height=\"900\" src=\"https:\/\/rau.de\/wp-content\/uploads\/Photovoltaikanlage-bei-einer-Gruenflaeche-in-Biessenhofen.jpg\" data-src=\"https:\/\/rau.de\/wp-content\/uploads\/Photovoltaikanlage-bei-einer-Gruenflaeche-in-Biessenhofen.jpg\" data-caption=\"\" srcset=\"https:\/\/rau.de\/wp-content\/uploads\/Photovoltaikanlage-bei-einer-Gruenflaeche-in-Biessenhofen.jpg 1200w, https:\/\/rau.de\/wp-content\/uploads\/Photovoltaikanlage-bei-einer-Gruenflaeche-in-Biessenhofen-300x225.jpg 300w, https:\/\/rau.de\/wp-content\/uploads\/Photovoltaikanlage-bei-einer-Gruenflaeche-in-Biessenhofen-1024x768.jpg 1024w\" sizes=\"auto, (max-width: 1200px) 100vw, 1200px\" \/>\n\t\t<div class=\"figc no-description\">\n\t\t\t<div class=\"figc-inner\">\n\t\t\t\t\t\t\t\t\t<div class='jtg-title'>Photovoltaikanlage-bei-einer-Gruenflaeche-in-Biessenhofen<\/div>\n\t\t\t\t\t\t\t\t\t\t\t\t\t\t\t<\/div>\n\t\t<\/div>\n\n\t<\/div>\n\n<\/div><div class=\"modula-item effect-lens jtg-filter-all jtg-filter-\" data-width=\"4\" data-height=\"3\" >\n\t<div class=\"modula-item-overlay\"><\/div>\n\n\t<div class=\"modula-item-content\">\n\n\t\t<a data-image-id=\"28660\" role=\"button\" tabindex=\"0\" rel=\"jtg-19152\" data-caption=\"&lt;span class=&quot;modula-caption-description&quot;&gt;&lt;\/span&gt;\" aria-label=\"Open image in lightbox\" data-thumb=\"https:\/\/rau.de\/wp-content\/uploads\/Solaranlage-vor-grossem-Industriegebaeude-150x150.jpg\" class=\"tile-inner modula-item-link\"><\/a><img loading=\"lazy\" decoding=\"async\" class=\"pic wp-image-28660\"  data-valign=\"middle\" data-halign=\"center\" alt=\"Solaranlage auf einer Wiese vor einem grossen Industriegeb\u00e4ude bei klarem Himmel\" data-full=\"https:\/\/rau.de\/wp-content\/uploads\/Solaranlage-vor-grossem-Industriegebaeude.jpg\" title=\"Solaranlage-vor-grossem-Industriegebaeude\" crop=\"\" width=\"1200\" height=\"900\" src=\"https:\/\/rau.de\/wp-content\/uploads\/Solaranlage-vor-grossem-Industriegebaeude.jpg\" data-src=\"https:\/\/rau.de\/wp-content\/uploads\/Solaranlage-vor-grossem-Industriegebaeude.jpg\" data-caption=\"\" srcset=\"https:\/\/rau.de\/wp-content\/uploads\/Solaranlage-vor-grossem-Industriegebaeude.jpg 1200w, https:\/\/rau.de\/wp-content\/uploads\/Solaranlage-vor-grossem-Industriegebaeude-300x225.jpg 300w, https:\/\/rau.de\/wp-content\/uploads\/Solaranlage-vor-grossem-Industriegebaeude-1024x768.jpg 1024w\" sizes=\"auto, (max-width: 1200px) 100vw, 1200px\" \/>\n\t\t<div class=\"figc no-description\">\n\t\t\t<div class=\"figc-inner\">\n\t\t\t\t\t\t\t\t\t<div class='jtg-title'>Solaranlage-vor-grossem-Industriegebaeude<\/div>\n\t\t\t\t\t\t\t\t\t\t\t\t\t\t\t<\/div>\n\t\t<\/div>\n\n\t<\/div>\n\n<\/div><div class=\"modula-item effect-lens jtg-filter-all jtg-filter-\" data-width=\"6\" data-height=\"3\" >\n\t<div class=\"modula-item-overlay\"><\/div>\n\n\t<div class=\"modula-item-content\">\n\n\t\t<a data-image-id=\"27637\" role=\"button\" tabindex=\"0\" rel=\"jtg-19152\" data-caption=\"&lt;span class=&quot;modula-caption-description&quot;&gt;&lt;\/span&gt;\" aria-label=\"Open image in lightbox\" data-thumb=\"https:\/\/rau.de\/wp-content\/uploads\/Photovoltaikanlage-auf-einer-Gruenflaeche-in-Biessenhofen-150x150.jpg\" class=\"tile-inner modula-item-link\"><\/a><img loading=\"lazy\" decoding=\"async\" class=\"pic wp-image-27637\"  data-valign=\"middle\" data-halign=\"center\" alt=\"Photovoltaikanlage auf einer Gr\u00fcnfl\u00e4che in Biessenhofen\" data-full=\"https:\/\/rau.de\/wp-content\/uploads\/Photovoltaikanlage-auf-einer-Gruenflaeche-in-Biessenhofen.jpg\" title=\"Photovoltaikanlage-auf-einer-Gruenflaeche-in-Biessenhofen\" crop=\"\" width=\"1200\" height=\"900\" src=\"https:\/\/rau.de\/wp-content\/uploads\/Photovoltaikanlage-auf-einer-Gruenflaeche-in-Biessenhofen.jpg\" data-src=\"https:\/\/rau.de\/wp-content\/uploads\/Photovoltaikanlage-auf-einer-Gruenflaeche-in-Biessenhofen.jpg\" data-caption=\"\" srcset=\"https:\/\/rau.de\/wp-content\/uploads\/Photovoltaikanlage-auf-einer-Gruenflaeche-in-Biessenhofen.jpg 1200w, https:\/\/rau.de\/wp-content\/uploads\/Photovoltaikanlage-auf-einer-Gruenflaeche-in-Biessenhofen-300x225.jpg 300w, https:\/\/rau.de\/wp-content\/uploads\/Photovoltaikanlage-auf-einer-Gruenflaeche-in-Biessenhofen-1024x768.jpg 1024w\" sizes=\"auto, (max-width: 1200px) 100vw, 1200px\" \/>\n\t\t<div class=\"figc no-description\">\n\t\t\t<div class=\"figc-inner\">\n\t\t\t\t\t\t\t\t\t<div class='jtg-title'>Photovoltaikanlage-auf-einer-Gruenflaeche-in-Biessenhofen<\/div>\n\t\t\t\t\t\t\t\t\t\t\t\t\t\t\t<\/div>\n\t\t<\/div>\n\n\t<\/div>\n\n<\/div><div class=\"modula-item effect-lens jtg-filter-all jtg-filter-\" data-width=\"6\" data-height=\"3\" >\n\t<div class=\"modula-item-overlay\"><\/div>\n\n\t<div class=\"modula-item-content\">\n\n\t\t<a data-image-id=\"19205\" role=\"button\" tabindex=\"0\" rel=\"jtg-19152\" data-caption=\"&lt;span class=&quot;modula-caption-description&quot;&gt;&lt;\/span&gt;\" aria-label=\"Open image in lightbox\" data-thumb=\"https:\/\/rau.de\/wp-content\/uploads\/PhotovoltaikBiessenhofen5-150x150.jpg\" class=\"tile-inner modula-item-link\"><\/a><img loading=\"lazy\" decoding=\"async\" class=\"pic wp-image-19205\"  data-valign=\"middle\" data-halign=\"center\" alt=\"\" data-full=\"https:\/\/rau.de\/wp-content\/uploads\/PhotovoltaikBiessenhofen5.jpg\" title=\"PhotovoltaikBiessenhofen5\" crop=\"\" width=\"1920\" height=\"1440\" src=\"https:\/\/rau.de\/wp-content\/uploads\/PhotovoltaikBiessenhofen5.jpg\" data-src=\"https:\/\/rau.de\/wp-content\/uploads\/PhotovoltaikBiessenhofen5.jpg\" data-caption=\"\" srcset=\"https:\/\/rau.de\/wp-content\/uploads\/PhotovoltaikBiessenhofen5.jpg 1920w, https:\/\/rau.de\/wp-content\/uploads\/PhotovoltaikBiessenhofen5-300x225.jpg 300w, https:\/\/rau.de\/wp-content\/uploads\/PhotovoltaikBiessenhofen5-1024x768.jpg 1024w\" sizes=\"auto, (max-width: 1920px) 100vw, 1920px\" \/>\n\t\t<div class=\"figc no-description\">\n\t\t\t<div class=\"figc-inner\">\n\t\t\t\t\t\t\t\t\t<div class='jtg-title'>PhotovoltaikBiessenhofen5<\/div>\n\t\t\t\t\t\t\t\t\t\t\t\t\t\t\t<\/div>\n\t\t<\/div>\n\n\t<\/div>\n\n<\/div><div class=\"modula-item effect-lens jtg-filter-all jtg-filter-\" data-width=\"5\" data-height=\"3\" >\n\t<div class=\"modula-item-overlay\"><\/div>\n\n\t<div class=\"modula-item-content\">\n\n\t\t<a data-image-id=\"27663\" role=\"button\" tabindex=\"0\" rel=\"jtg-19152\" data-caption=\"&lt;span class=&quot;modula-caption-description&quot;&gt;&lt;\/span&gt;\" aria-label=\"Open image in lightbox\" data-thumb=\"https:\/\/rau.de\/wp-content\/uploads\/Photovoltaikanlagen-in-Schneelandschaft-in-Heiden-150x150.jpg\" class=\"tile-inner modula-item-link\"><\/a><img loading=\"lazy\" decoding=\"async\" class=\"pic wp-image-27663\"  data-valign=\"middle\" data-halign=\"center\" alt=\"Photovoltaikanlagen in Schneelandschaft in Heiden\" data-full=\"https:\/\/rau.de\/wp-content\/uploads\/Photovoltaikanlagen-in-Schneelandschaft-in-Heiden.jpg\" title=\"Photovoltaikanlagen-in-Schneelandschaft-in-Heiden\" crop=\"\" width=\"1024\" height=\"768\" src=\"https:\/\/rau.de\/wp-content\/uploads\/Photovoltaikanlagen-in-Schneelandschaft-in-Heiden.jpg\" data-src=\"https:\/\/rau.de\/wp-content\/uploads\/Photovoltaikanlagen-in-Schneelandschaft-in-Heiden.jpg\" data-caption=\"\" srcset=\"https:\/\/rau.de\/wp-content\/uploads\/Photovoltaikanlagen-in-Schneelandschaft-in-Heiden.jpg 1024w, https:\/\/rau.de\/wp-content\/uploads\/Photovoltaikanlagen-in-Schneelandschaft-in-Heiden-300x225.jpg 300w\" sizes=\"auto, (max-width: 1024px) 100vw, 1024px\" \/>\n\t\t<div class=\"figc no-description\">\n\t\t\t<div class=\"figc-inner\">\n\t\t\t\t\t\t\t\t\t<div class='jtg-title'>Photovoltaikanlagen-in-Schneelandschaft-in-Heiden<\/div>\n\t\t\t\t\t\t\t\t\t\t\t\t\t\t\t<\/div>\n\t\t<\/div>\n\n\t<\/div>\n\n<\/div><div class=\"modula-item effect-lens jtg-filter-all jtg-filter-\" data-width=\"2\" data-height=\"3\" >\n\t<div class=\"modula-item-overlay\"><\/div>\n\n\t<div class=\"modula-item-content\">\n\n\t\t<a data-image-id=\"19244\" role=\"button\" tabindex=\"0\" rel=\"jtg-19152\" data-caption=\"&lt;span class=&quot;modula-caption-description&quot;&gt;&lt;\/span&gt;\" aria-label=\"Open image in lightbox\" data-thumb=\"https:\/\/rau.de\/wp-content\/uploads\/PhotovoltaikBiessenhofen8-150x150.jpg\" class=\"tile-inner modula-item-link\"><\/a><img loading=\"lazy\" decoding=\"async\" class=\"pic wp-image-19244\"  data-valign=\"middle\" data-halign=\"center\" alt=\"\" data-full=\"https:\/\/rau.de\/wp-content\/uploads\/PhotovoltaikBiessenhofen8.jpg\" title=\"PhotovoltaikBiessenhofen8\" crop=\"\" width=\"1920\" height=\"1440\" src=\"https:\/\/rau.de\/wp-content\/uploads\/PhotovoltaikBiessenhofen8.jpg\" data-src=\"https:\/\/rau.de\/wp-content\/uploads\/PhotovoltaikBiessenhofen8.jpg\" data-caption=\"\" srcset=\"https:\/\/rau.de\/wp-content\/uploads\/PhotovoltaikBiessenhofen8.jpg 1920w, https:\/\/rau.de\/wp-content\/uploads\/PhotovoltaikBiessenhofen8-300x225.jpg 300w, https:\/\/rau.de\/wp-content\/uploads\/PhotovoltaikBiessenhofen8-1024x768.jpg 1024w\" sizes=\"auto, (max-width: 1920px) 100vw, 1920px\" \/>\n\t\t<div class=\"figc no-description\">\n\t\t\t<div class=\"figc-inner\">\n\t\t\t\t\t\t\t\t\t<div class='jtg-title'>PhotovoltaikBiessenhofen8<\/div>\n\t\t\t\t\t\t\t\t\t\t\t\t\t\t\t<\/div>\n\t\t<\/div>\n\n\t<\/div>\n\n<\/div><div class=\"modula-item effect-lens jtg-filter-all jtg-filter-\" data-width=\"3\" data-height=\"3\" >\n\t<div class=\"modula-item-overlay\"><\/div>\n\n\t<div class=\"modula-item-content\">\n\n\t\t<a data-image-id=\"19218\" role=\"button\" tabindex=\"0\" rel=\"jtg-19152\" data-caption=\"&lt;span class=&quot;modula-caption-description&quot;&gt;&lt;\/span&gt;\" aria-label=\"Open image in lightbox\" data-thumb=\"https:\/\/rau.de\/wp-content\/uploads\/PhotovoltaikBiessenhofen6-150x150.jpg\" class=\"tile-inner modula-item-link\"><\/a><img loading=\"lazy\" decoding=\"async\" class=\"pic wp-image-19218\"  data-valign=\"middle\" data-halign=\"center\" alt=\"\" data-full=\"https:\/\/rau.de\/wp-content\/uploads\/PhotovoltaikBiessenhofen6.jpg\" title=\"PhotovoltaikBiessenhofen6\" crop=\"\" width=\"1920\" height=\"1440\" src=\"https:\/\/rau.de\/wp-content\/uploads\/PhotovoltaikBiessenhofen6.jpg\" data-src=\"https:\/\/rau.de\/wp-content\/uploads\/PhotovoltaikBiessenhofen6.jpg\" data-caption=\"\" srcset=\"https:\/\/rau.de\/wp-content\/uploads\/PhotovoltaikBiessenhofen6.jpg 1920w, https:\/\/rau.de\/wp-content\/uploads\/PhotovoltaikBiessenhofen6-300x225.jpg 300w, https:\/\/rau.de\/wp-content\/uploads\/PhotovoltaikBiessenhofen6-1024x768.jpg 1024w\" sizes=\"auto, (max-width: 1920px) 100vw, 1920px\" \/>\n\t\t<div class=\"figc no-description\">\n\t\t\t<div class=\"figc-inner\">\n\t\t\t\t\t\t\t\t\t<div class='jtg-title'>PhotovoltaikBiessenhofen6<\/div>\n\t\t\t\t\t\t\t\t\t\t\t\t\t\t\t<\/div>\n\t\t<\/div>\n\n\t<\/div>\n\n<\/div><div class=\"modula-item effect-lens jtg-filter-all jtg-filter-\" data-width=\"2\" data-height=\"3\" >\n\t<div class=\"modula-item-overlay\"><\/div>\n\n\t<div class=\"modula-item-content\">\n\n\t\t<a data-image-id=\"19231\" role=\"button\" tabindex=\"0\" rel=\"jtg-19152\" data-caption=\"&lt;span class=&quot;modula-caption-description&quot;&gt;&lt;\/span&gt;\" aria-label=\"Open image in lightbox\" data-thumb=\"https:\/\/rau.de\/wp-content\/uploads\/PhotovoltaikBiessenhofen7-150x150.jpg\" class=\"tile-inner modula-item-link\"><\/a><img loading=\"lazy\" decoding=\"async\" class=\"pic wp-image-19231\"  data-valign=\"middle\" data-halign=\"center\" alt=\"\" data-full=\"https:\/\/rau.de\/wp-content\/uploads\/PhotovoltaikBiessenhofen7.jpg\" title=\"PhotovoltaikBiessenhofen7\" crop=\"\" width=\"1920\" height=\"1440\" src=\"https:\/\/rau.de\/wp-content\/uploads\/PhotovoltaikBiessenhofen7.jpg\" data-src=\"https:\/\/rau.de\/wp-content\/uploads\/PhotovoltaikBiessenhofen7.jpg\" data-caption=\"\" srcset=\"https:\/\/rau.de\/wp-content\/uploads\/PhotovoltaikBiessenhofen7.jpg 1920w, https:\/\/rau.de\/wp-content\/uploads\/PhotovoltaikBiessenhofen7-300x225.jpg 300w, https:\/\/rau.de\/wp-content\/uploads\/PhotovoltaikBiessenhofen7-1024x768.jpg 1024w\" sizes=\"auto, (max-width: 1920px) 100vw, 1920px\" \/>\n\t\t<div class=\"figc no-description\">\n\t\t\t<div class=\"figc-inner\">\n\t\t\t\t\t\t\t\t\t<div class='jtg-title'>PhotovoltaikBiessenhofen7<\/div>\n\t\t\t\t\t\t\t\t\t\t\t\t\t\t\t<\/div>\n\t\t<\/div>\n\n\t<\/div>\n\n<\/div>\t\t\n\t<\/div>\n\n\t\n\t\n\t<script type=\"application\/ld+json\">\n\t{\n\t\t\"@context\": \"http:\/\/schema.org\",\n\t\t\"@type\"   : \"ImageGallery\",\n\t\t\"id\"      : \"https:\/\/rau.de\/cs\/galerie\/photovoltaik\/\",\n\t\t\"url\"     : \"https:\/\/rau.de\/cs\/galerie\/photovoltaik\/\"\n\t}\n\n\t<\/script>\n\n\t\n<\/div>\n\n<\/div><\/div><\/div><\/div><\/div><\/div><\/div><\/div><\/div><\/div><\/div><\/section>\n","protected":false},"excerpt":{"rendered":"PhotovoltaikJako spole\u010dnost, kter\u00e1 m\u00e1 v\u017edy z\u00e1jem b\u00fdt o krok nap\u0159ed z hlediska ekologie a ekonomiky, hled\u00e1me nov\u00e9 zp\u016fsoby ochrany proti hluku na silnic\u00edch. Kdy\u017e se spoj\u00ed dohromady zelen\u00e1 ochrana proti hluku a obnoviteln\u00e9 energie, je to dvakr\u00e1t ekologi\u010dt\u011bj\u0161\u00ed \u2013 a z toho je tvo\u0159ena fotovoltaick\u00e1 bari\u00e9ra proti hluku RAU. Spolu s na\u0161imi partnery ze sol\u00e1rn\u00edho...","protected":false},"author":2,"featured_media":0,"parent":760,"menu_order":0,"comment_status":"closed","ping_status":"closed","template":"","meta":{"footnotes":""},"class_list":["post-6213","page","type-page","status-publish","hentry"],"yoast_head":"<!-- This site is optimized with the Yoast SEO plugin v27.5 - https:\/\/yoast.com\/product\/yoast-seo-wordpress\/ -->\n<title>RAU Photovoltaik \u2013 konstruk\u010dn\u00ed v\u00fd\u0161ka do 10 metr\u016fc \ud83c\udfc6<\/title>\n<meta name=\"description\" content=\"Jako spole\u010dnost, kter\u00e1 m\u00e1 v\u017edy z\u00e1jem b\u00fdt o krok nap\u0159ed z hlediska ekologie a ekonomiky, hled\u00e1me nov\u00e9 zp\u016fsoby ochrany proti hluku na silnic\u00edch.\" \/>\n<meta name=\"robots\" content=\"index, follow, max-snippet:-1, max-image-preview:large, max-video-preview:-1\" \/>\n<link rel=\"canonical\" href=\"https:\/\/rau.de\/cs\/galerie\/photovoltaik\/\" \/>\n<meta property=\"og:locale\" content=\"cs_CZ\" \/>\n<meta property=\"og:type\" content=\"article\" \/>\n<meta property=\"og:title\" content=\"RAU Photovoltaik \u2013 konstruk\u010dn\u00ed v\u00fd\u0161ka do 10 metr\u016fc \ud83c\udfc6\" \/>\n<meta property=\"og:description\" content=\"Jako spole\u010dnost, kter\u00e1 m\u00e1 v\u017edy z\u00e1jem b\u00fdt o krok nap\u0159ed z hlediska ekologie a ekonomiky, hled\u00e1me nov\u00e9 zp\u016fsoby ochrany proti hluku na silnic\u00edch.\" \/>\n<meta property=\"og:url\" content=\"https:\/\/rau.de\/cs\/galerie\/photovoltaik\/\" \/>\n<meta property=\"og:site_name\" content=\"Rau | L\u00e4rmschutzw\u00e4nde\" \/>\n<meta property=\"article:modified_time\" content=\"2021-10-25T14:20:10+00:00\" \/>\n<meta property=\"og:image\" content=\"https:\/\/rau.de\/wp-content\/uploads\/rau.de-begruente-laermschutzwand-2015-08-23-sonderteile-2.jpg\" \/>\n\t<meta property=\"og:image:width\" content=\"1920\" \/>\n\t<meta property=\"og:image:height\" content=\"1146\" \/>\n\t<meta property=\"og:image:type\" content=\"image\/jpeg\" \/>\n<meta name=\"twitter:card\" content=\"summary_large_image\" \/>\n<meta name=\"twitter:label1\" content=\"Odhadovan\u00e1 doba \u010dten\u00ed\" \/>\n\t<meta name=\"twitter:data1\" content=\"1 minuta\" \/>\n<script type=\"application\/ld+json\" class=\"yoast-schema-graph\">{\"@context\":\"https:\\\/\\\/schema.org\",\"@graph\":[{\"@type\":\"WebPage\",\"@id\":\"https:\\\/\\\/rau.de\\\/cs\\\/galerie\\\/photovoltaik\\\/\",\"url\":\"https:\\\/\\\/rau.de\\\/cs\\\/galerie\\\/photovoltaik\\\/\",\"name\":\"RAU Photovoltaik \u2013 konstruk\u010dn\u00ed v\u00fd\u0161ka do 10 metr\u016fc \ud83c\udfc6\",\"isPartOf\":{\"@id\":\"https:\\\/\\\/rau.de\\\/cs\\\/#website\"},\"datePublished\":\"2020-06-09T14:44:45+00:00\",\"dateModified\":\"2021-10-25T14:20:10+00:00\",\"description\":\"Jako spole\u010dnost, kter\u00e1 m\u00e1 v\u017edy z\u00e1jem b\u00fdt o krok nap\u0159ed z hlediska ekologie a ekonomiky, hled\u00e1me nov\u00e9 zp\u016fsoby ochrany proti hluku na silnic\u00edch.\",\"breadcrumb\":{\"@id\":\"https:\\\/\\\/rau.de\\\/cs\\\/galerie\\\/photovoltaik\\\/#breadcrumb\"},\"inLanguage\":\"cs\",\"potentialAction\":[{\"@type\":\"ReadAction\",\"target\":[\"https:\\\/\\\/rau.de\\\/cs\\\/galerie\\\/photovoltaik\\\/\"]}]},{\"@type\":\"BreadcrumbList\",\"@id\":\"https:\\\/\\\/rau.de\\\/cs\\\/galerie\\\/photovoltaik\\\/#breadcrumb\",\"itemListElement\":[{\"@type\":\"ListItem\",\"position\":1,\"name\":\"Startseite\",\"item\":\"https:\\\/\\\/rau.de\\\/cs\\\/\"},{\"@type\":\"ListItem\",\"position\":2,\"name\":\"Galerie\",\"item\":\"https:\\\/\\\/rau.de\\\/cs\\\/galerie\\\/\"},{\"@type\":\"ListItem\",\"position\":3,\"name\":\"Photovoltaik\"}]},{\"@type\":\"WebSite\",\"@id\":\"https:\\\/\\\/rau.de\\\/cs\\\/#website\",\"url\":\"https:\\\/\\\/rau.de\\\/cs\\\/\",\"name\":\"Rau | L\u00e4rmschutzw\u00e4nde\",\"description\":\"Entwicklung und Umsetzung von L\u00e4rmschutzwand und Schallschutzwand\",\"publisher\":{\"@id\":\"https:\\\/\\\/rau.de\\\/cs\\\/#organization\"},\"potentialAction\":[{\"@type\":\"SearchAction\",\"target\":{\"@type\":\"EntryPoint\",\"urlTemplate\":\"https:\\\/\\\/rau.de\\\/cs\\\/?s={search_term_string}\"},\"query-input\":{\"@type\":\"PropertyValueSpecification\",\"valueRequired\":true,\"valueName\":\"search_term_string\"}}],\"inLanguage\":\"cs\"},{\"@type\":\"Organization\",\"@id\":\"https:\\\/\\\/rau.de\\\/cs\\\/#organization\",\"name\":\"RAU L\u00e4rmschutzw\u00e4nde \u2013 Geosystem GBK GmbH\",\"url\":\"https:\\\/\\\/rau.de\\\/cs\\\/\",\"logo\":{\"@type\":\"ImageObject\",\"inLanguage\":\"cs\",\"@id\":\"https:\\\/\\\/rau.de\\\/cs\\\/#\\\/schema\\\/logo\\\/image\\\/\",\"url\":\"https:\\\/\\\/rau.de\\\/wp-content\\\/uploads\\\/web_logo.png\",\"contentUrl\":\"https:\\\/\\\/rau.de\\\/wp-content\\\/uploads\\\/web_logo.png\",\"width\":249,\"height\":127,\"caption\":\"RAU L\u00e4rmschutzw\u00e4nde \u2013 Geosystem GBK GmbH\"},\"image\":{\"@id\":\"https:\\\/\\\/rau.de\\\/cs\\\/#\\\/schema\\\/logo\\\/image\\\/\"}}]}<\/script>\n<!-- \/ Yoast SEO plugin. -->","yoast_head_json":{"title":"RAU Photovoltaik \u2013 konstruk\u010dn\u00ed v\u00fd\u0161ka do 10 metr\u016fc \ud83c\udfc6","description":"Jako spole\u010dnost, kter\u00e1 m\u00e1 v\u017edy z\u00e1jem b\u00fdt o krok nap\u0159ed z hlediska ekologie a ekonomiky, hled\u00e1me nov\u00e9 zp\u016fsoby ochrany proti hluku na silnic\u00edch.","robots":{"index":"index","follow":"follow","max-snippet":"max-snippet:-1","max-image-preview":"max-image-preview:large","max-video-preview":"max-video-preview:-1"},"canonical":"https:\/\/rau.de\/cs\/galerie\/photovoltaik\/","og_locale":"cs_CZ","og_type":"article","og_title":"RAU Photovoltaik \u2013 konstruk\u010dn\u00ed v\u00fd\u0161ka do 10 metr\u016fc \ud83c\udfc6","og_description":"Jako spole\u010dnost, kter\u00e1 m\u00e1 v\u017edy z\u00e1jem b\u00fdt o krok nap\u0159ed z hlediska ekologie a ekonomiky, hled\u00e1me nov\u00e9 zp\u016fsoby ochrany proti hluku na silnic\u00edch.","og_url":"https:\/\/rau.de\/cs\/galerie\/photovoltaik\/","og_site_name":"Rau | L\u00e4rmschutzw\u00e4nde","article_modified_time":"2021-10-25T14:20:10+00:00","og_image":[{"width":1920,"height":1146,"url":"https:\/\/rau.de\/wp-content\/uploads\/rau.de-begruente-laermschutzwand-2015-08-23-sonderteile-2.jpg","type":"image\/jpeg"}],"twitter_card":"summary_large_image","twitter_misc":{"Odhadovan\u00e1 doba \u010dten\u00ed":"1 minuta"},"schema":{"@context":"https:\/\/schema.org","@graph":[{"@type":"WebPage","@id":"https:\/\/rau.de\/cs\/galerie\/photovoltaik\/","url":"https:\/\/rau.de\/cs\/galerie\/photovoltaik\/","name":"RAU Photovoltaik \u2013 konstruk\u010dn\u00ed v\u00fd\u0161ka do 10 metr\u016fc \ud83c\udfc6","isPartOf":{"@id":"https:\/\/rau.de\/cs\/#website"},"datePublished":"2020-06-09T14:44:45+00:00","dateModified":"2021-10-25T14:20:10+00:00","description":"Jako spole\u010dnost, kter\u00e1 m\u00e1 v\u017edy z\u00e1jem b\u00fdt o krok nap\u0159ed z hlediska ekologie a ekonomiky, hled\u00e1me nov\u00e9 zp\u016fsoby ochrany proti hluku na silnic\u00edch.","breadcrumb":{"@id":"https:\/\/rau.de\/cs\/galerie\/photovoltaik\/#breadcrumb"},"inLanguage":"cs","potentialAction":[{"@type":"ReadAction","target":["https:\/\/rau.de\/cs\/galerie\/photovoltaik\/"]}]},{"@type":"BreadcrumbList","@id":"https:\/\/rau.de\/cs\/galerie\/photovoltaik\/#breadcrumb","itemListElement":[{"@type":"ListItem","position":1,"name":"Startseite","item":"https:\/\/rau.de\/cs\/"},{"@type":"ListItem","position":2,"name":"Galerie","item":"https:\/\/rau.de\/cs\/galerie\/"},{"@type":"ListItem","position":3,"name":"Photovoltaik"}]},{"@type":"WebSite","@id":"https:\/\/rau.de\/cs\/#website","url":"https:\/\/rau.de\/cs\/","name":"Rau | L\u00e4rmschutzw\u00e4nde","description":"Entwicklung und Umsetzung von L\u00e4rmschutzwand und Schallschutzwand","publisher":{"@id":"https:\/\/rau.de\/cs\/#organization"},"potentialAction":[{"@type":"SearchAction","target":{"@type":"EntryPoint","urlTemplate":"https:\/\/rau.de\/cs\/?s={search_term_string}"},"query-input":{"@type":"PropertyValueSpecification","valueRequired":true,"valueName":"search_term_string"}}],"inLanguage":"cs"},{"@type":"Organization","@id":"https:\/\/rau.de\/cs\/#organization","name":"RAU L\u00e4rmschutzw\u00e4nde \u2013 Geosystem GBK GmbH","url":"https:\/\/rau.de\/cs\/","logo":{"@type":"ImageObject","inLanguage":"cs","@id":"https:\/\/rau.de\/cs\/#\/schema\/logo\/image\/","url":"https:\/\/rau.de\/wp-content\/uploads\/web_logo.png","contentUrl":"https:\/\/rau.de\/wp-content\/uploads\/web_logo.png","width":249,"height":127,"caption":"RAU L\u00e4rmschutzw\u00e4nde \u2013 Geosystem GBK GmbH"},"image":{"@id":"https:\/\/rau.de\/cs\/#\/schema\/logo\/image\/"}}]}},"_links":{"self":[{"href":"https:\/\/rau.de\/cs\/wp-json\/wp\/v2\/pages\/6213","targetHints":{"allow":["GET"]}}],"collection":[{"href":"https:\/\/rau.de\/cs\/wp-json\/wp\/v2\/pages"}],"about":[{"href":"https:\/\/rau.de\/cs\/wp-json\/wp\/v2\/types\/page"}],"author":[{"embeddable":true,"href":"https:\/\/rau.de\/cs\/wp-json\/wp\/v2\/users\/2"}],"replies":[{"embeddable":true,"href":"https:\/\/rau.de\/cs\/wp-json\/wp\/v2\/comments?post=6213"}],"version-history":[{"count":9,"href":"https:\/\/rau.de\/cs\/wp-json\/wp\/v2\/pages\/6213\/revisions"}],"predecessor-version":[{"id":22527,"href":"https:\/\/rau.de\/cs\/wp-json\/wp\/v2\/pages\/6213\/revisions\/22527"}],"up":[{"embeddable":true,"href":"https:\/\/rau.de\/cs\/wp-json\/wp\/v2\/pages\/760"}],"wp:attachment":[{"href":"https:\/\/rau.de\/cs\/wp-json\/wp\/v2\/media?parent=6213"}],"curies":[{"name":"wp","href":"https:\/\/api.w.org\/{rel}","templated":true}]}}